  {"id":4019,"date":"2023-07-14T11:04:17","date_gmt":"2023-07-14T11:04:17","guid":{"rendered":"https:\/\/somcomunitats.coop\/quienes-somos-2\/"},"modified":"2025-08-13T08:03:22","modified_gmt":"2025-08-13T08:03:22","slug":"quienes-somos","status":"publish","type":"page","link":"https:\/\/somcomunitats.coop\/es\/quienes-somos\/","title":{"rendered":"Qui\u00e9nes Somos"},"content":{"rendered":"\n<div class=\"wp-block-group alignfull is-style-no-padding is-layout-flow wp-block-group-is-layout-flow\" id=\"qui-som\">\n<section class=\"wp-block-group is-style-no-padding has-base-color has-main-background-color has-text-color has-background is-layout-flow wp-block-group-is-layout-flow\" style=\"margin-top:0;margin-bottom:0\">\n<div class=\"wp-block-group is-style-horizontal-padded is-layout-constrained wp-container-core-group-is-layout-5fb0786f wp-block-group-is-layout-constrained\">\n<div style=\"height:6rem\" aria-hidden=\"true\" class=\"wp-block-spacer is-style-show-tablet-desktop\"><\/div>\n\n\n\n<div style=\"height:3rem\" aria-hidden=\"true\" class=\"wp-block-spacer is-style-show-mobile\"><\/div>\n\n\n\n<h2 class=\"wp-block-heading has-text-align-center has-base-color has-text-color\">Trabajamos para multiplicar las Comunidades Energ\u00e9ticas<\/h2>\n\n\n\n<div style=\"height:1rem\" aria-hidden=\"true\" class=\"wp-block-spacer\"><\/div>\n\n\n\n<div class=\"wp-block-group is-style-show-tablet-desktop is-layout-constrained wp-block-group-is-layout-constrained\">\n<p class=\"has-text-align-center has-medium-font-size\">Desde Som Comunitats sumamos nuestro conocimiento y experiencia para multiplicar las Comunidades Energ\u00e9ticas desde la econom\u00eda social y solidaria y para garantizar su sostenibilidad y la de su ecosistema.<\/p>\n<\/div>\n\n\n\n<div class=\"wp-block-group is-style-show-mobile is-layout-constrained wp-block-group-is-layout-constrained\">\n<p class=\"has-text-align-center has-medium-font-size\">Desde Som Comunitats sumamos nuestro conocimiento y experiencia para multiplicar las Comunidades Energ\u00e9ticas desde la econom\u00eda social y solidaria y para garantizar su sostenibilidad y la de su ecosistema.<\/p>\n<\/div>\n\n\n\n<div style=\"height:1rem\" aria-hidden=\"true\" class=\"wp-block-spacer\"><\/div>\n\n\n\n<div class=\"wp-block-group is-content-justification-center is-nowrap is-layout-flex wp-container-core-group-is-layout-d6b38c01 wp-block-group-is-layout-flex\" style=\"margin-bottom:var(--wp--preset--spacing--70)\">\n<div class=\"wp-block-group is-layout-constrained wp-block-group-is-layout-constrained\">\n<figure class=\"wp-block-image size-full is-resized\"><img loading=\"lazy\" decoding=\"async\" width=\"800\" height=\"134\" src=\"https:\/\/somcomunitats.coop\/wp-content\/uploads\/2025\/07\/logoo-quisom-2025.png\" alt=\"\" class=\"wp-image-11226\" style=\"width:800px\" srcset=\"https:\/\/somcomunitats.coop\/wp-content\/uploads\/2025\/07\/logoo-quisom-2025.png 800w, https:\/\/somcomunitats.coop\/wp-content\/uploads\/2025\/07\/logoo-quisom-2025-300x50.png 300w, https:\/\/somcomunitats.coop\/wp-content\/uploads\/2025\/07\/logoo-quisom-2025-768x129.png 768w\" sizes=\"auto, (max-width: 800px) 100vw, 800px\" \/><\/figure>\n<\/div>\n<\/div>\n\n\n\n<div style=\"height:7rem\" aria-hidden=\"true\" class=\"wp-block-spacer is-style-show-tablet-desktop\"><\/div>\n\n\n\n<div style=\"height:4rem\" aria-hidden=\"true\" class=\"wp-block-spacer is-style-show-mobile\"><\/div>\n<\/div>\n<\/section>\n\n\n\n<section class=\"wp-block-group is-style-no-padding is-layout-flow wp-block-group-is-layout-flow\">\n<div class=\"wp-block-group is-style-show-mobile-tablet is-layout-flow wp-block-group-is-layout-flow\">\n<div class=\"wp-block-group is-style-no-padding wp-container-content-2441299f is-layout-flow wp-block-group-is-layout-flow\">\n<figure class=\"wp-block-embed is-type-video is-provider-youtube wp-block-embed-youtube wp-embed-aspect-16-9 wp-has-aspect-ratio\"><div class=\"wp-block-embed__wrapper\">\nhttps:\/\/youtu.be\/99sQpBVUO4c\n<\/div><\/figure>\n<\/div>\n\n\n\n<div class=\"wp-block-group is-style-horizontal-padded is-layout-constrained wp-block-group-is-layout-constrained\" style=\"margin-top:var(--wp--preset--spacing--40);margin-bottom:var(--wp--preset--spacing--40)\">\n<div style=\"height:3rem\" aria-hidden=\"true\" class=\"wp-block-spacer\"><\/div>\n\n\n\n<h3 class=\"wp-block-heading\">Somos una alianza que suma<\/h3>\n\n\n\n<p class=\"has-section-texts-font-size\">Somos 10 entidades de la econom\u00eda social que nos hemos unido para impulsar Comunidades Energ\u00e9ticas y seguir avanzando en la transici\u00f3n energ\u00e9tica transformadora. Somos un proyecto abierto a la incorporaci\u00f3n de nuevas entidades que compartan los objetivos y valores de Som Comunitats.<\/p>\n\n\n\n<div style=\"height:4rem\" aria-hidden=\"true\" class=\"wp-block-spacer\"><\/div>\n<\/div>\n<\/div>\n\n\n\n<div class=\"wp-block-group is-style-show-desktop is-nowrap is-layout-flex wp-container-core-group-is-layout-bd3f9bef wp-block-group-is-layout-flex\">\n<div class=\"wp-block-group is-style-no-padding wp-container-content-9e2f13cb is-content-justification-center is-layout-constrained wp-container-core-group-is-layout-91bde7bd wp-block-group-is-layout-constrained\">\n<figure class=\"wp-block-embed aligncenter is-type-video is-provider-youtube wp-block-embed-youtube wp-embed-aspect-16-9 wp-has-aspect-ratio\"><div class=\"wp-block-embed__wrapper\">\n<iframe loading=\"lazy\" title=\"S\u00famate a Som Comunitats\" width=\"500\" height=\"281\" src=\"https:\/\/www.youtube.com\/embed\/Phq9aQETlLg?feature=oembed\" frameborder=\"0\" allow=\"accelerometer; autoplay; clipboard-write; encrypted-media; gyroscope; picture-in-picture; web-share\" referrerpolicy=\"strict-origin-when-cross-origin\" allowfullscreen><\/iframe>\n<\/div><\/figure>\n<\/div>\n\n\n\n<div class=\"wp-block-group is-style-horizontal-padded wp-container-content-dc435e0d is-vertical is-layout-flex wp-container-core-group-is-layout-e7aab617 wp-block-group-is-layout-flex\" style=\"padding-top:0;padding-bottom:0\">\n<div style=\"height:0px\" aria-hidden=\"true\" class=\"wp-block-spacer wp-container-content-14cb15c4\"><\/div>\n\n\n\n<h3 class=\"wp-block-heading has-main-color has-text-color\">Somos una alianza que suma<\/h3>\n\n\n\n<p class=\"has-typography-color has-text-color has-section-texts-font-size\">Somos 10 entidades de la econom\u00eda social que nos hemos unido para impulsar Comunidades Energ\u00e9ticas y seguir avanzando en la transici\u00f3n energ\u00e9tica transformadora. Somos un proyecto abierto a la incorporaci\u00f3n de nuevas entidades que compartan los objetivos y valores de Som Comunitats.<\/p>\n\n\n\n<div style=\"height:0px\" aria-hidden=\"true\" class=\"wp-block-spacer wp-container-content-6eb5cac7\"><\/div>\n<\/div>\n<\/div>\n<\/section>\n\n\n\n<section class=\"wp-block-group is-style-no-padding is-layout-flow wp-block-group-is-layout-flow\">\n<div class=\"wp-block-group is-style-show-mobile-tablet is-layout-flow wp-block-group-is-layout-flow\">\n<div class=\"wp-block-group wp-container-content-dc435e0d is-layout-flow wp-block-group-is-layout-flow\">\n<div class=\"wp-block-cover is-light\" style=\"min-height:460px;aspect-ratio:unset;\"><img loading=\"lazy\" decoding=\"async\" width=\"648\" height=\"700\" class=\"wp-block-cover__image-background wp-image-3213\" alt=\"\" src=\"\/wp-content\/uploads\/2023\/07\/Frame-148.png\" data-object-fit=\"cover\" srcset=\"https:\/\/somcomunitats.coop\/wp-content\/uploads\/2023\/07\/Frame-148.png 648w, https:\/\/somcomunitats.coop\/wp-content\/uploads\/2023\/07\/Frame-148-278x300.png 278w\" sizes=\"auto, (max-width: 648px) 100vw, 648px\" \/><span aria-hidden=\"true\" class=\"wp-block-cover__background has-background-dim-0 has-background-dim\"><\/span><div class=\"wp-block-cover__inner-container is-layout-flow wp-block-cover-is-layout-flow\">\n<p class=\"has-text-align-center has-large-font-size\"><\/p>\n<\/div><\/div>\n<\/div>\n\n\n\n<div class=\"wp-block-group is-style-horizontal-padded is-layout-constrained wp-block-group-is-layout-constrained\" style=\"margin-top:var(--wp--preset--spacing--40);margin-bottom:var(--wp--preset--spacing--40)\">\n<div style=\"height:3rem\" aria-hidden=\"true\" class=\"wp-block-spacer\"><\/div>\n\n\n\n<h3 class=\"wp-block-heading\">Entidades que compartimos las herramientas de Som Comunitats<\/h3>\n\n\n\n<p class=\"has-section-texts-font-size\">Las 10 entidades que formamos parte de una gran alianza somos: Som Energia, Som Mobilitat, Tandem Social, ePlural, Goiener, Ecooo, Energ\u00e9tica, AeioLuz, Cooperase y EnVerde.<\/p>\n\n\n\n<p class=\"has-typography-color has-text-color has-small-font-size\">Con esta alianza sumamos conocimiento y experiencia para desarrollar distintos modelos de Comunidades Energ\u00e9ticas en funci\u00f3n de las caracter\u00edsticas del territorio y los agentes participantes.<br><br>Ofrecemos una <a href=\"https:\/\/somcomunitats.coop\/es\/plataforma\/\">Plataforma<\/a> digital para facilitar la activaci\u00f3n y gesti\u00f3n de las Comunidades Energ\u00e9ticas que incluye herramientas de c\u00f3digo libre como son una <a href=\"https:\/\/somcomunitats.coop\/es\/area-de-gestion\/\">\u00e1rea de gesti\u00f3n<\/a> para las coordinadoras y administradoras de la Comunidad, una <a href=\"https:\/\/somcomunitats.coop\/es\/app\/\">aplicaci\u00f3n m\u00f3vil<\/a> para las personas socias, un <a href=\"https:\/\/somcomunitats.coop\/es\/mapa-y-web\/\">mapa y espacio web<\/a> para visibilizar las Comunidades y facilitar la adhesi\u00f3n de nuevas socias y uno <a href=\"https:\/\/somcomunitats.coop\/es\/forum\/\">foro<\/a> para fomentar la ayuda mutua.<\/p>\n\n\n\n<p class=\"has-small-font-size\">Estamos convencidas de que la transici\u00f3n energ\u00e9tica no es s\u00f3lo la descarbonizaci\u00f3n del sistema actual, sino que debemos descentralizar la generaci\u00f3n energ\u00e9tica, democratizar el acceso y uso energ\u00e9tico, apostar por una propiedad colectiva y no dejar a nadie fuera. Uno de los prop\u00f3sitos es tambi\u00e9n que estas Comunidades puedan compartir la organizaci\u00f3n y producci\u00f3n de diferentes servicios energ\u00e9ticos (autoconsumo colectivo, movilidad sostenible, servicios de energ\u00eda t\u00e9rmica y clima, eficiencia energ\u00e9tica y compras colectivas entre otros) consiguiendo ampliar su impacto positivo a escala local en todo el territorio.<\/p>\n\n\n\n<div style=\"height:4rem\" aria-hidden=\"true\" class=\"wp-block-spacer\"><\/div>\n<\/div>\n<\/div>\n\n\n\n<div class=\"wp-block-group is-style-show-desktop is-content-justification-left is-nowrap is-layout-flex wp-container-core-group-is-layout-1eddf1c6 wp-block-group-is-layout-flex\">\n<div class=\"wp-block-group is-style-horizontal-padded wp-container-content-9e2f13cb is-layout-flow wp-block-group-is-layout-flow\">\n<div style=\"height:6rem\" aria-hidden=\"true\" class=\"wp-block-spacer\"><\/div>\n\n\n\n<h3 class=\"wp-block-heading has-main-color has-text-color\">Entidades que compartimos las herramientas de Som Comunitats<\/h3>\n\n\n\n<p class=\"has-text-align-left wp-embed-aspect-16-9 wp-has-aspect-ratio has-typography-color has-text-color has-section-texts-font-size\">Las 10 entidades que formamos parte de una gran alianza somos: Som Energia, Som Mobilitat, Tandem Social, ePlural, Goiener, Ecooo, Energ\u00e9tica, AeioLuz, Cooperase y EnVerde.<\/p>\n\n\n\n<p class=\"has-text-align-left wp-embed-aspect-16-9 wp-has-aspect-ratio has-typography-color has-text-color has-small-font-size\">Con esta alianza sumamos conocimiento y experiencia para desarrollar distintos modelos de Comunidades Energ\u00e9ticas en funci\u00f3n de las caracter\u00edsticas del territorio y los agentes participantes.<br><br>Ofrecemos una <a href=\"https:\/\/somcomunitats.coop\/es\/plataforma\/\">Plataforma<\/a> digital para facilitar la activaci\u00f3n y gesti\u00f3n de las Comunidades Energ\u00e9ticas que incluye herramientas de c\u00f3digo libre como son una <a href=\"https:\/\/somcomunitats.coop\/es\/area-de-gestion\/\">\u00e1rea de gesti\u00f3n<\/a> para las coordinadoras y administradoras de la Comunidad, una <a href=\"https:\/\/somcomunitats.coop\/es\/app\/\">aplicaci\u00f3n m\u00f3vil<\/a> para las personas socias, un <a href=\"https:\/\/somcomunitats.coop\/es\/mapa-y-web\/\">mapa y espacio web<\/a> para visibilizar las Comunidades y facilitar la adhesi\u00f3n de nuevas socias y uno <a href=\"https:\/\/somcomunitats.coop\/es\/forum\/\">foro<\/a> para fomentar la ayuda mutua.<\/p>\n\n\n\n<p class=\"has-text-align-left wp-embed-aspect-16-9 wp-has-aspect-ratio has-typography-color has-text-color has-small-font-size\">Estamos convencidas de que la transici\u00f3n energ\u00e9tica no es s\u00f3lo la descarbonizaci\u00f3n del sistema actual, sino que debemos descentralizar la generaci\u00f3n energ\u00e9tica, democratizar el acceso y uso energ\u00e9tico, apostar por una propiedad colectiva y no dejar a nadie fuera. Uno de los prop\u00f3sitos es tambi\u00e9n que estas Comunidades puedan compartir la organizaci\u00f3n y producci\u00f3n de diferentes servicios energ\u00e9ticos (autoconsumo colectivo, movilidad sostenible, servicios de energ\u00eda t\u00e9rmica y clima, eficiencia energ\u00e9tica y compras colectivas entre otros) consiguiendo ampliar su impacto positivo a escala local en todo el territorio.<\/p>\n\n\n\n<div style=\"height:7rem\" aria-hidden=\"true\" class=\"wp-block-spacer\"><\/div>\n<\/div>\n\n\n\n<div class=\"wp-block-group is-style-no-padding wp-container-content-dc435e0d is-layout-flow wp-block-group-is-layout-flow\">\n<div class=\"wp-block-cover is-light is-style-default\" style=\"margin-top:0;margin-bottom:0;min-height:100%;aspect-ratio:unset;\"><img loading=\"lazy\" decoding=\"async\" width=\"648\" height=\"700\" class=\"wp-block-cover__image-background wp-image-3213\" alt=\"\" src=\"\/wp-content\/uploads\/2023\/07\/Frame-148.png\" data-object-fit=\"cover\" srcset=\"https:\/\/somcomunitats.coop\/wp-content\/uploads\/2023\/07\/Frame-148.png 648w, https:\/\/somcomunitats.coop\/wp-content\/uploads\/2023\/07\/Frame-148-278x300.png 278w\" sizes=\"auto, (max-width: 648px) 100vw, 648px\" \/><span aria-hidden=\"true\" class=\"wp-block-cover__background has-background-dim-0 has-background-dim\"><\/span><div class=\"wp-block-cover__inner-container is-layout-flow wp-block-cover-is-layout-flow\">\n<p class=\"has-text-align-center has-large-font-size\"><\/p>\n<\/div><\/div>\n<\/div>\n<\/div>\n<\/section>\n\n\n\n<div class=\"wp-block-group is-style-no-padding has-second-base-light-background-color has-background is-layout-constrained wp-block-group-is-layout-constrained\">\n<div class=\"wp-block-group is-style-horizontal-padded is-layout-flow wp-block-group-is-layout-flow\">\n<div style=\"height:6rem\" aria-hidden=\"true\" class=\"wp-block-spacer\"><\/div>\n\n\n\n<div class=\"wp-block-columns is-layout-flex wp-container-core-columns-is-layout-92515837 wp-block-columns-is-layout-flex\">\n<div class=\"wp-block-column is-vertically-aligned-stretch has-base-background-color has-background is-layout-flow wp-container-core-column-is-layout-da246df3 wp-block-column-is-layout-flow\" style=\"padding-top:30px;padding-bottom:30px\">\n<div class=\"wp-block-group is-vertical is-content-justification-center is-layout-flex wp-container-core-group-is-layout-73867b6b wp-block-group-is-layout-flex\">\n<div class=\"wp-block-group is-layout-constrained wp-container-core-group-is-layout-4897f5cc wp-block-group-is-layout-constrained\" style=\"margin-top:0;margin-bottom:0;padding-top:0;padding-bottom:0\">\n<figure class=\"wp-block-image aligncenter size-full is-resized is-style-image-center\"><img decoding=\"async\" src=\"https:\/\/web-testing.somcomunitats.coop\/wp-content\/uploads\/2025\/07\/SomEnergia_Logo_Verd-scaled.jpg\" alt=\"\" class=\"wp-image-10808\" style=\"object-fit:contain;width:150px;height:120px\"\/><\/figure>\n<\/div>\n\n\n\n<div class=\"wp-block-group is-layout-constrained wp-container-core-group-is-layout-b7a5be2f wp-block-group-is-layout-constrained\" style=\"margin-top:0;margin-bottom:0;padding-top:20px;padding-right:20px;padding-bottom:20px;padding-left:20px\">\n<h5 class=\"wp-block-heading\">Som Energia<\/h5>\n\n\n\n<p>Somos una cooperativa de consumo de energ\u00eda verde sin \u00e1nimo de lucro y nos dedicamos a la comercializaci\u00f3n y la producci\u00f3n de energ\u00eda de origen renovable, para impulsar un cambio del modelo energ\u00e9tico actual para alcanzar otro de 100% renovable.<\/p>\n<\/div>\n\n\n\n<div class=\"wp-block-group is-layout-constrained wp-block-group-is-layout-constrained\">\n<div class=\"wp-block-buttons is-content-justification-center is-layout-flex wp-container-core-buttons-is-layout-c3d5205c wp-block-buttons-is-layout-flex\" style=\"margin-top:0;margin-bottom:0\">\n<div class=\"wp-block-button\"><a class=\"wp-block-button__link has-base-color has-brand-background-color has-text-color has-background wp-element-button\" href=\"https:\/\/www.somenergia.coop\/es\/\" target=\"_blank\" rel=\"noopener\">M\u00e1s informaci\u00f3n<\/a><\/div>\n<\/div>\n<\/div>\n<\/div>\n<\/div>\n\n\n\n<div class=\"wp-block-column is-vertically-aligned-stretch has-base-background-color has-background is-layout-flow wp-container-core-column-is-layout-da246df3 wp-block-column-is-layout-flow\" style=\"padding-top:30px;padding-bottom:30px\">\n<div class=\"wp-block-group is-vertical is-content-justification-center is-layout-flex wp-container-core-group-is-layout-b6c228df wp-block-group-is-layout-flex\">\n<div class=\"wp-block-group is-layout-constrained wp-container-core-group-is-layout-4897f5cc wp-block-group-is-layout-constrained\" style=\"margin-top:0;margin-bottom:0;padding-top:0;padding-bottom:0\">\n<figure class=\"wp-block-image aligncenter size-full is-resized is-style-image-center\"><img loading=\"lazy\" decoding=\"async\" width=\"800\" height=\"800\" src=\"https:\/\/web-testing.somcomunitats.coop\/wp-content\/uploads\/2023\/10\/logo_sommobilitat_01principal_vectorial.png\" alt=\"\" class=\"wp-image-5116\" style=\"width:auto;height:120px\" srcset=\"https:\/\/somcomunitats.coop\/wp-content\/uploads\/2023\/10\/logo_sommobilitat_01principal_vectorial.png 800w, https:\/\/somcomunitats.coop\/wp-content\/uploads\/2023\/10\/logo_sommobilitat_01principal_vectorial-300x300.png 300w, https:\/\/somcomunitats.coop\/wp-content\/uploads\/2023\/10\/logo_sommobilitat_01principal_vectorial-150x150.png 150w, https:\/\/somcomunitats.coop\/wp-content\/uploads\/2023\/10\/logo_sommobilitat_01principal_vectorial-768x768.png 768w\" sizes=\"auto, (max-width: 800px) 100vw, 800px\" \/><\/figure>\n<\/div>\n\n\n\n<div class=\"wp-block-group is-layout-constrained wp-container-core-group-is-layout-b7a5be2f wp-block-group-is-layout-constrained\" style=\"margin-top:0;margin-bottom:0;padding-top:20px;padding-right:20px;padding-bottom:20px;padding-left:20px\">\n<h5 class=\"wp-block-heading\">Som Mobilitat<\/h5>\n\n\n\n<p>Somos una cooperativa de consumo sin \u00e1nimo de lucro y ofrecemos servicios y productos de movilidad para acelerar la transici\u00f3n hacia una movilidad m\u00e1s sostenible.<\/p>\n<\/div>\n\n\n\n<div class=\"wp-block-group is-layout-constrained wp-block-group-is-layout-constrained\">\n<div class=\"wp-block-buttons is-content-justification-center is-layout-flex wp-container-core-buttons-is-layout-c3d5205c wp-block-buttons-is-layout-flex\" style=\"margin-top:0;margin-bottom:0\">\n<div class=\"wp-block-button\"><a class=\"wp-block-button__link has-base-color has-brand-background-color has-text-color has-background wp-element-button\" href=\"https:\/\/www.sommobilitat.coop\/\" target=\"_blank\" rel=\"noopener\">M\u00e1s informaci\u00f3n<\/a><\/div>\n<\/div>\n<\/div>\n<\/div>\n<\/div>\n\n\n\n<div class=\"wp-block-column has-base-background-color has-background is-layout-flow wp-container-core-column-is-layout-625f82ba wp-block-column-is-layout-flow\" style=\"padding-top:30px;padding-bottom:30px\">\n<div class=\"wp-block-group is-vertical is-content-justification-center is-layout-flex wp-container-core-group-is-layout-ce155fab wp-block-group-is-layout-flex\">\n<div class=\"wp-block-group is-layout-constrained wp-block-group-is-layout-constrained\">\n<figure class=\"wp-block-image aligncenter size-full is-style-image-center\"><img loading=\"lazy\" decoding=\"async\" width=\"1001\" height=\"171\" src=\"https:\/\/web-testing.somcomunitats.coop\/wp-content\/uploads\/2023\/10\/Tandem-social.png\" alt=\"\" class=\"wp-image-5110\" style=\"object-fit:cover\" srcset=\"https:\/\/somcomunitats.coop\/wp-content\/uploads\/2023\/10\/Tandem-social.png 1001w, https:\/\/somcomunitats.coop\/wp-content\/uploads\/2023\/10\/Tandem-social-300x51.png 300w, https:\/\/somcomunitats.coop\/wp-content\/uploads\/2023\/10\/Tandem-social-768x131.png 768w\" sizes=\"auto, (max-width: 1001px) 100vw, 1001px\" \/><\/figure>\n<\/div>\n\n\n\n<div class=\"wp-block-group is-layout-constrained wp-container-core-group-is-layout-bf816c8d wp-block-group-is-layout-constrained\" style=\"padding-top:20px;padding-right:20px;padding-bottom:20px;padding-left:20px\">\n<h5 class=\"wp-block-heading\">T\u00e0ndem Social<\/h5>\n\n\n\n<p>Cooperativa de trabajo sin \u00e1nimo de lucro que forma parte del grupo cooperativo Tandem M\u00e9s. Ofrecemos soluciones innovadoras para ampliar la eficiencia en la gesti\u00f3n de producciones, recursos, equipos y ventas.<\/p>\n<\/div>\n\n\n\n<div class=\"wp-block-group is-layout-constrained wp-block-group-is-layout-constrained\">\n<div class=\"wp-block-buttons is-content-justification-center is-layout-flex wp-container-core-buttons-is-layout-c3d5205c wp-block-buttons-is-layout-flex\" style=\"margin-top:0;margin-bottom:0\">\n<div class=\"wp-block-button\"><a class=\"wp-block-button__link has-base-color has-brand-background-color has-text-color has-background wp-element-button\" href=\"https:\/\/www.tandemsocial.coop\/\" target=\"_blank\" rel=\"noopener\">M\u00e1s informaci\u00f3n<\/a><\/div>\n<\/div>\n<\/div>\n<\/div>\n<\/div>\n<\/div>\n\n\n\n<div style=\"height:49px\" aria-hidden=\"true\" class=\"wp-block-spacer\"><\/div>\n\n\n\n<div class=\"wp-block-columns is-layout-flex wp-container-core-columns-is-layout-92515837 wp-block-columns-is-layout-flex\">\n<div class=\"wp-block-column is-vertically-aligned-stretch has-base-background-color has-background is-layout-flow wp-container-core-column-is-layout-da246df3 wp-block-column-is-layout-flow\" style=\"padding-top:30px;padding-bottom:30px\">\n<div class=\"wp-block-group is-vertical is-content-justification-center is-layout-flex wp-container-core-group-is-layout-73867b6b wp-block-group-is-layout-flex\">\n<div class=\"wp-block-group is-layout-constrained wp-container-core-group-is-layout-4897f5cc wp-block-group-is-layout-constrained\" style=\"margin-top:0;margin-bottom:0;padding-top:0;padding-bottom:0\">\n<figure class=\"wp-block-image aligncenter size-full is-resized is-style-image-center\"><img loading=\"lazy\" decoding=\"async\" width=\"642\" height=\"283\" src=\"https:\/\/web-testing.somcomunitats.coop\/wp-content\/uploads\/2023\/10\/e-plural-2.png\" alt=\"\" class=\"wp-image-5159\" style=\"width:auto;height:120px\" srcset=\"https:\/\/somcomunitats.coop\/wp-content\/uploads\/2023\/10\/e-plural-2.png 642w, https:\/\/somcomunitats.coop\/wp-content\/uploads\/2023\/10\/e-plural-2-300x132.png 300w\" sizes=\"auto, (max-width: 642px) 100vw, 642px\" \/><\/figure>\n<\/div>\n\n\n\n<div class=\"wp-block-group is-layout-constrained wp-container-core-group-is-layout-b7a5be2f wp-block-group-is-layout-constrained\" style=\"margin-top:0;margin-bottom:0;padding-top:20px;padding-right:20px;padding-bottom:20px;padding-left:20px\">\n<h5 class=\"wp-block-heading\">ePlural<\/h5>\n\n\n\n<p>Cooperativa de segundo grado formada por EPI, SUNO, Arkenova, Som Mobilitat y Tandem Social que ofrece servicios relacionados con la transici\u00f3n energ\u00e9tica, la movilidad sostenible y el desarrollo de la econom\u00eda social y solidaria.<\/p>\n<\/div>\n\n\n\n<div class=\"wp-block-group is-layout-constrained wp-block-group-is-layout-constrained\">\n<div class=\"wp-block-buttons is-content-justification-center is-layout-flex wp-container-core-buttons-is-layout-c3d5205c wp-block-buttons-is-layout-flex\" style=\"margin-top:0;margin-bottom:0\">\n<div class=\"wp-block-button\"><a class=\"wp-block-button__link has-base-color has-brand-background-color has-text-color has-background wp-element-button\" href=\"https:\/\/eplural.coop\/\" target=\"_blank\" rel=\"noopener\">M\u00e1s informaci\u00f3n<\/a><\/div>\n<\/div>\n<\/div>\n<\/div>\n<\/div>\n\n\n\n<div class=\"wp-block-column is-vertically-aligned-stretch has-base-background-color has-background is-layout-flow wp-container-core-column-is-layout-da246df3 wp-block-column-is-layout-flow\" style=\"padding-top:30px;padding-bottom:30px\">\n<div class=\"wp-block-group is-vertical is-content-justification-center is-layout-flex wp-container-core-group-is-layout-b6c228df wp-block-group-is-layout-flex\">\n<div class=\"wp-block-group is-layout-constrained wp-container-core-group-is-layout-4897f5cc wp-block-group-is-layout-constrained\" style=\"margin-top:0;margin-bottom:0;padding-top:0;padding-bottom:0\">\n<figure class=\"wp-block-image aligncenter size-full is-resized is-style-image-center\"><img decoding=\"async\" src=\"https:\/\/web-testing.somcomunitats.coop\/wp-content\/uploads\/2025\/07\/logo_646x289.png\" alt=\"\" class=\"wp-image-10815\" style=\"width:auto;height:100px\"\/><\/figure>\n<\/div>\n\n\n\n<div class=\"wp-block-group is-layout-constrained wp-container-core-group-is-layout-b7a5be2f wp-block-group-is-layout-constrained\" style=\"margin-top:0;margin-bottom:0;padding-top:20px;padding-right:20px;padding-bottom:20px;padding-left:20px\">\n<h5 class=\"wp-block-heading\">Goiener<\/h5>\n\n\n\n<p>Cooperativa energ\u00e9tica ciudadana sin \u00e1nimo de lucro. Vende energ\u00eda el\u00e9ctrica 100% renovable a personas y entidades socias y genera su energ\u00eda renovable. Est\u00e1 especializada en la gesti\u00f3n y soporte administrativo en Comunidades Energ\u00e9ticas en el Pa\u00eds Vasco y Navarra.<\/p>\n<\/div>\n\n\n\n<div class=\"wp-block-group is-layout-constrained wp-block-group-is-layout-constrained\">\n<div class=\"wp-block-buttons is-content-justification-center is-layout-flex wp-container-core-buttons-is-layout-c3d5205c wp-block-buttons-is-layout-flex\" style=\"margin-top:0;margin-bottom:0\">\n<div class=\"wp-block-button\"><a class=\"wp-block-button__link has-base-color has-brand-background-color has-text-color has-background wp-element-button\" href=\"https:\/\/www.goiener.com\/es\/\" target=\"_blank\" rel=\"noopener\">M\u00e1s informaci\u00f3n<\/a><\/div>\n<\/div>\n<\/div>\n<\/div>\n<\/div>\n\n\n\n<div class=\"wp-block-column has-base-background-color has-background is-layout-flow wp-container-core-column-is-layout-625f82ba wp-block-column-is-layout-flow\" style=\"padding-top:30px;padding-bottom:30px\">\n<div class=\"wp-block-group is-vertical is-content-justification-center is-layout-flex wp-container-core-group-is-layout-ce155fab wp-block-group-is-layout-flex\">\n<div class=\"wp-block-group is-layout-constrained wp-block-group-is-layout-constrained\">\n<figure class=\"wp-block-image aligncenter size-full is-resized is-style-image-center\"><img decoding=\"async\" src=\"https:\/\/web-testing.somcomunitats.coop\/wp-content\/uploads\/2025\/07\/DACFgx6WAAMPWiE_-crop2.jpg\" alt=\"\" class=\"wp-image-10821\" style=\"width:auto;height:120px\"\/><\/figure>\n<\/div>\n\n\n\n<div class=\"wp-block-group is-layout-constrained wp-container-core-group-is-layout-bf816c8d wp-block-group-is-layout-constrained\" style=\"padding-top:20px;padding-right:20px;padding-bottom:20px;padding-left:20px\">\n<h5 class=\"wp-block-heading\">Ecooo<\/h5>\n\n\n\n<p>Cooperativa de trabajo asociado que impulsa proyectos de autoconsumo, inversi\u00f3n, consultor\u00eda, innovaci\u00f3n y participaci\u00f3n ciudadana en energ\u00eda renovable. Est\u00e1 especializada en el apoyo a Comunidades Energ\u00e9ticas en Madrid y Castilla-La Mancha.<\/p>\n<\/div>\n\n\n\n<div class=\"wp-block-group is-layout-constrained wp-block-group-is-layout-constrained\">\n<div class=\"wp-block-buttons is-content-justification-center is-layout-flex wp-container-core-buttons-is-layout-c3d5205c wp-block-buttons-is-layout-flex\" style=\"margin-top:0;margin-bottom:0\">\n<div class=\"wp-block-button\"><a class=\"wp-block-button__link has-base-color has-brand-background-color has-text-color has-background wp-element-button\" href=\"https:\/\/ecooo.es\/\" target=\"_blank\" rel=\"noopener\">M\u00e1s informaci\u00f3n<\/a><\/div>\n<\/div>\n<\/div>\n<\/div>\n<\/div>\n<\/div>\n\n\n\n<div style=\"height:49px\" aria-hidden=\"true\" class=\"wp-block-spacer\"><\/div>\n\n\n\n<div class=\"wp-block-columns is-layout-flex wp-container-core-columns-is-layout-92515837 wp-block-columns-is-layout-flex\">\n<div class=\"wp-block-column is-vertically-aligned-stretch has-base-background-color has-background is-layout-flow wp-container-core-column-is-layout-da246df3 wp-block-column-is-layout-flow\" style=\"padding-top:30px;padding-bottom:30px\">\n<div class=\"wp-block-group is-vertical is-content-justification-center is-layout-flex wp-container-core-group-is-layout-73867b6b wp-block-group-is-layout-flex\">\n<div class=\"wp-block-group is-layout-constrained wp-container-core-group-is-layout-4897f5cc wp-block-group-is-layout-constrained\" style=\"margin-top:0;margin-bottom:0;padding-top:0;padding-bottom:0\">\n<figure class=\"wp-block-image aligncenter size-full is-resized is-style-image-center\"><img decoding=\"async\" src=\"https:\/\/web-testing.somcomunitats.coop\/wp-content\/uploads\/2025\/07\/Logo-web.png\" alt=\"\" class=\"wp-image-10824\" style=\"width:auto;height:120px\"\/><\/figure>\n<\/div>\n\n\n\n<div class=\"wp-block-group is-layout-constrained wp-container-core-group-is-layout-b7a5be2f wp-block-group-is-layout-constrained\" style=\"margin-top:0;margin-bottom:0;padding-top:20px;padding-right:20px;padding-bottom:20px;padding-left:20px\">\n<h5 class=\"wp-block-heading\">Energ\u00e9tica<\/h5>\n\n\n\n<p>Cooperativa de consumo y producci\u00f3n de energ\u00edas renovables sin \u00e1nimo de lucro, democr\u00e1tica, transparente y horizontal. Con sede en Castilla y Le\u00f3n y amplia experiencia en autoconsumo y Comunidades Energ\u00e9ticas.<\/p>\n<\/div>\n\n\n\n<div class=\"wp-block-group is-layout-constrained wp-block-group-is-layout-constrained\">\n<div class=\"wp-block-buttons is-content-justification-center is-layout-flex wp-container-core-buttons-is-layout-c3d5205c wp-block-buttons-is-layout-flex\" style=\"margin-top:0;margin-bottom:0\">\n<div class=\"wp-block-button\"><a class=\"wp-block-button__link has-base-color has-brand-background-color has-text-color has-background wp-element-button\" href=\"https:\/\/www.energetica.coop\/\" target=\"_blank\" rel=\"noopener\">M\u00e1s informaci\u00f3n<\/a><\/div>\n<\/div>\n<\/div>\n<\/div>\n<\/div>\n\n\n\n<div class=\"wp-block-column is-vertically-aligned-stretch has-base-background-color has-background is-layout-flow wp-container-core-column-is-layout-da246df3 wp-block-column-is-layout-flow\" style=\"padding-top:30px;padding-bottom:30px\">\n<div class=\"wp-block-group is-vertical is-content-justification-center is-layout-flex wp-container-core-group-is-layout-b6c228df wp-block-group-is-layout-flex\">\n<div class=\"wp-block-group is-layout-constrained wp-container-core-group-is-layout-4897f5cc wp-block-group-is-layout-constrained\" style=\"margin-top:0;margin-bottom:0;padding-top:0;padding-bottom:0\">\n<figure class=\"wp-block-image aligncenter size-full is-resized is-style-image-center\"><img decoding=\"async\" src=\"https:\/\/web-testing.somcomunitats.coop\/wp-content\/uploads\/2025\/07\/logo-color-ok.png\" alt=\"\" class=\"wp-image-10827\" style=\"width:250px\"\/><\/figure>\n<\/div>\n\n\n\n<div class=\"wp-block-group is-layout-constrained wp-container-core-group-is-layout-b7a5be2f wp-block-group-is-layout-constrained\" style=\"margin-top:0;margin-bottom:0;padding-top:20px;padding-right:20px;padding-bottom:20px;padding-left:20px\">\n<h5 class=\"wp-block-heading\">AeioLuz<\/h5>\n\n\n\n<p>Cooperativa de trabajo valenciana que opera como facilitadores del cambio energ\u00e9tico. Con nuestro trabajo conseguimos que ayuntamientos, empresas o comunidades educativas hagan un uso m\u00e1s consciente, sostenible y responsable de la energ\u00eda.<\/p>\n<\/div>\n\n\n\n<div class=\"wp-block-group is-layout-constrained wp-block-group-is-layout-constrained\">\n<div class=\"wp-block-buttons is-content-justification-center is-layout-flex wp-container-core-buttons-is-layout-c3d5205c wp-block-buttons-is-layout-flex\" style=\"margin-top:0;margin-bottom:0\">\n<div class=\"wp-block-button\"><a class=\"wp-block-button__link has-base-color has-brand-background-color has-text-color has-background wp-element-button\" href=\"https:\/\/aeioluz.com\/\" target=\"_blank\" rel=\"noopener\">M\u00e1s informaci\u00f3n<\/a><\/div>\n<\/div>\n<\/div>\n<\/div>\n<\/div>\n\n\n\n<div class=\"wp-block-column has-base-background-color has-background is-layout-flow wp-container-core-column-is-layout-625f82ba wp-block-column-is-layout-flow\" style=\"padding-top:30px;padding-bottom:30px\">\n<div class=\"wp-block-group is-vertical is-content-justification-center is-layout-flex wp-container-core-group-is-layout-ce155fab wp-block-group-is-layout-flex\">\n<div class=\"wp-block-group is-layout-constrained wp-block-group-is-layout-constrained\">\n<figure class=\"wp-block-image aligncenter size-full is-resized is-style-image-center\"><img decoding=\"async\" src=\"https:\/\/web-testing.somcomunitats.coop\/wp-content\/uploads\/2025\/07\/Logo-color-2023-1024x231-1.png\" alt=\"\" class=\"wp-image-10830\" style=\"width:275px\"\/><\/figure>\n<\/div>\n\n\n\n<div class=\"wp-block-group is-layout-constrained wp-container-core-group-is-layout-bf816c8d wp-block-group-is-layout-constrained\" style=\"padding-top:20px;padding-right:20px;padding-bottom:20px;padding-left:20px\">\n<h5 class=\"wp-block-heading\">Cooperase<\/h5>\n\n\n\n<p>Cooperativa de trabajo granadina que desde 2017 realiza proyectos de consultor\u00eda, ingenier\u00eda y arquitectura relacionados con el ahorro energ\u00e9tico, las energ\u00edas renovables, el medio ambiente, el urbanismo sostenible y la transici\u00f3n energ\u00e9tica.<\/p>\n<\/div>\n\n\n\n<div class=\"wp-block-group is-layout-constrained wp-block-group-is-layout-constrained\">\n<div class=\"wp-block-buttons is-content-justification-center is-layout-flex wp-container-core-buttons-is-layout-c3d5205c wp-block-buttons-is-layout-flex\" style=\"margin-top:0;margin-bottom:0\">\n<div class=\"wp-block-button\"><a class=\"wp-block-button__link has-base-color has-brand-background-color has-text-color has-background wp-element-button\" href=\"https:\/\/cooperase.org\/\" target=\"_blank\" rel=\"noopener\">M\u00e1s informaci\u00f3n<\/a><\/div>\n<\/div>\n<\/div>\n<\/div>\n<\/div>\n<\/div>\n\n\n\n<div style=\"height:49px\" aria-hidden=\"true\" class=\"wp-block-spacer\"><\/div>\n\n\n\n<div class=\"wp-block-columns is-layout-flex wp-container-core-columns-is-layout-92515837 wp-block-columns-is-layout-flex\">\n<div class=\"wp-block-column is-vertically-aligned-stretch has-base-background-color has-background is-layout-flow wp-container-core-column-is-layout-da246df3 wp-block-column-is-layout-flow\" style=\"padding-top:30px;padding-bottom:30px\">\n<div class=\"wp-block-group is-vertical is-content-justification-center is-layout-flex wp-container-core-group-is-layout-73867b6b wp-block-group-is-layout-flex\">\n<div class=\"wp-block-group is-layout-constrained wp-container-core-group-is-layout-4897f5cc wp-block-group-is-layout-constrained\" style=\"margin-top:0;margin-bottom:0;padding-top:0;padding-bottom:0\">\n<figure class=\"wp-block-image aligncenter size-full is-resized is-style-image-center\"><img decoding=\"async\" src=\"https:\/\/web-testing.somcomunitats.coop\/wp-content\/uploads\/2025\/07\/png_logo_EnVErde_slogan_Mesa-de-trabajo-1.webp\" alt=\"\" class=\"wp-image-10839\" style=\"width:275px\"\/><\/figure>\n<\/div>\n\n\n\n<div class=\"wp-block-group is-layout-constrained wp-container-core-group-is-layout-b7a5be2f wp-block-group-is-layout-constrained\" style=\"margin-top:0;margin-bottom:0;padding-top:20px;padding-right:20px;padding-bottom:20px;padding-left:20px\">\n<h5 class=\"wp-block-heading\">Enverde<\/h5>\n\n\n\n<p>Cooperativa de consumo que surge de la uni\u00f3n de personas que viven por todo el territorio de Extremadura y que est\u00e1n unidas por la convicci\u00f3n de que otro modelo energ\u00e9tico es posible: un modelo distribuido, horizontal y en manos de las personas.<\/p>\n<\/div>\n\n\n\n<div class=\"wp-block-group is-layout-constrained wp-block-group-is-layout-constrained\">\n<div class=\"wp-block-buttons is-content-justification-center is-layout-flex wp-container-core-buttons-is-layout-c3d5205c wp-block-buttons-is-layout-flex\" style=\"margin-top:0;margin-bottom:0\">\n<div class=\"wp-block-button\"><a class=\"wp-block-button__link has-base-color has-brand-background-color has-text-color has-background wp-element-button\" href=\"https:\/\/www.energiaenverde.com\/\" target=\"_blank\" rel=\"noopener\">M\u00e1s informaci\u00f3n<\/a><\/div>\n<\/div>\n<\/div>\n<\/div>\n<\/div>\n\n\n\n<div class=\"wp-block-column is-vertically-aligned-stretch is-layout-flow wp-container-core-column-is-layout-da246df3 wp-block-column-is-layout-flow\" style=\"padding-top:30px;padding-bottom:30px\"><\/div>\n\n\n\n<div class=\"wp-block-column is-layout-flow wp-container-core-column-is-layout-625f82ba wp-block-column-is-layout-flow\" style=\"padding-top:30px;padding-bottom:30px\"><\/div>\n<\/div>\n\n\n\n<div style=\"height:7rem\" aria-hidden=\"true\" class=\"wp-block-spacer\"><\/div>\n<\/div>\n<\/div>\n\n\n\n<section class=\"wp-block-group alignfull is-style-no-padding has-primary-background-color has-background is-layout-constrained wp-block-group-is-layout-constrained\">\n<div class=\"wp-block-group is-style-horizontal-padded is-layout-flow wp-block-group-is-layout-flow\">\n<div style=\"height:3rem\" aria-hidden=\"true\" class=\"wp-block-spacer is-style-show-mobile\"><\/div>\n\n\n\n<div style=\"height:6rem\" aria-hidden=\"true\" class=\"wp-block-spacer is-style-show-tablet-desktop\"><\/div>\n\n\n\n<h3 class=\"wp-block-heading has-text-align-center has-main-color has-text-color has-link-color wp-elements-bd096c32ff1a31ae4c2e79dca479a695\">S\u00famate a la Comunidad Energ\u00e9tica de tu municipio<\/h3>\n\n\n\n<p class=\"has-text-align-center has-section-texts-font-size\">Organic\u00e9monos para la transformaci\u00f3n energ\u00e9tica y social<\/p>\n\n\n\n<div style=\"height:1rem\" aria-hidden=\"true\" class=\"wp-block-spacer\"><\/div>\n\n\n\n<div class=\"wp-block-buttons is-content-justification-center is-layout-flex wp-container-core-buttons-is-layout-a89b3969 wp-block-buttons-is-layout-flex\">\n<div class=\"wp-block-button has-custom-font-size has-small-font-size\"><a class=\"wp-block-button__link has-primary-color has-main-background-color has-text-color has-background has-text-align-center wp-element-button\" href=\"\/eu\/#encuentra-tu-comunidad\">Encuentra tu Comunidad Energ\u00e9tica<\/a><\/div>\n<\/div>\n\n\n\n<div style=\"height:7rem\" aria-hidden=\"true\" class=\"wp-block-spacer is-style-show-tablet-desktop\"><\/div>\n\n\n\n<div style=\"height:4rem\" aria-hidden=\"true\" class=\"wp-block-spacer is-style-show-mobile\"><\/div>\n<\/div>\n<\/section>\n<\/div>\n","protected":false},"excerpt":{"rendered":"<p>Trabajamos para multiplicar las Comunidades Energ\u00e9ticas Desde Som Comunitats sumamos nuestro conocimiento y experiencia para multiplicar las Comunidades Energ\u00e9ticas desde la econom\u00eda social y solidaria y para garantizar su sostenibilidad y la de su ecosistema. Desde Som Comunitats sumamos nuestro conocimiento y experiencia para multiplicar las Comunidades Energ\u00e9ticas desde la econom\u00eda social y solidaria y [&hellip;]<\/p>\n","protected":false},"author":5,"featured_media":9705,"parent":0,"menu_order":6,"comment_status":"closed","ping_status":"closed","template":"","meta":{"footnotes":""},"class_list":["post-4019","page","type-page","status-publish","has-post-thumbnail","hentry"],"_links":{"self":[{"href":"https:\/\/somcomunitats.coop\/es\/wp-json\/wp\/v2\/pages\/4019","targetHints":{"allow":["GET"]}}],"collection":[{"href":"https:\/\/somcomunitats.coop\/es\/wp-json\/wp\/v2\/pages"}],"about":[{"href":"https:\/\/somcomunitats.coop\/es\/wp-json\/wp\/v2\/types\/page"}],"author":[{"embeddable":true,"href":"https:\/\/somcomunitats.coop\/es\/wp-json\/wp\/v2\/users\/5"}],"replies":[{"embeddable":true,"href":"https:\/\/somcomunitats.coop\/es\/wp-json\/wp\/v2\/comments?post=4019"}],"version-history":[{"count":42,"href":"https:\/\/somcomunitats.coop\/es\/wp-json\/wp\/v2\/pages\/4019\/revisions"}],"predecessor-version":[{"id":11292,"href":"https:\/\/somcomunitats.coop\/es\/wp-json\/wp\/v2\/pages\/4019\/revisions\/11292"}],"wp:featuredmedia":[{"embeddable":true,"href":"https:\/\/somcomunitats.coop\/es\/wp-json\/wp\/v2\/media\/9705"}],"wp:attachment":[{"href":"https:\/\/somcomunitats.coop\/es\/wp-json\/wp\/v2\/media?parent=4019"}],"curies":[{"name":"wp","href":"https:\/\/api.w.org\/{rel}","templated":true}]}}