  {"id":6250,"date":"2024-04-25T09:42:15","date_gmt":"2024-04-25T09:42:15","guid":{"rendered":"https:\/\/somcomunitats.coop\/que-son-las-coordinadoras\/"},"modified":"2026-07-14T14:07:25","modified_gmt":"2026-07-14T14:07:25","slug":"que-son-las-coordinadoras","status":"publish","type":"page","link":"https:\/\/somcomunitats.coop\/es\/que-son-las-coordinadoras\/","title":{"rendered":"Qu\u00e9 son las coordinadoras"},"content":{"rendered":"\n<section class=\"wp-block-group alignfull is-style-no-padding has-white-background-color has-background is-layout-flow wp-block-group-is-layout-flow\">\n<div class=\"wp-block-group is-style-show-desktop is-nowrap is-layout-flex wp-container-core-group-is-layout-84f20f13 wp-block-group-is-layout-flex\">\n<div class=\"wp-block-group is-style-no-padding wp-container-content-dc435e0d is-layout-flow wp-block-group-is-layout-flow\">\n<div class=\"wp-block-cover is-light\" style=\"min-height:100%;aspect-ratio:unset;\"><img decoding=\"async\" class=\"wp-block-cover__image-background wp-image-5504\" alt=\"\" src=\"https:\/\/web-testing.somcomunitats.coop\/wp-content\/uploads\/2024\/04\/SOM_DSC06826-resized.jpg\" data-object-fit=\"cover\"\/><span aria-hidden=\"true\" class=\"wp-block-cover__background has-background-dim-0 has-background-dim\"><\/span><div class=\"wp-block-cover__inner-container is-layout-constrained wp-block-cover-is-layout-constrained\">\n<p class=\"has-text-align-center has-large-font-size wp-block-paragraph\"><\/p>\n<\/div><\/div>\n<\/div>\n\n\n\n<div class=\"wp-block-group is-style-horizontal-padded wp-container-content-9e2f13cb is-layout-flow wp-block-group-is-layout-flow\">\n<div style=\"height:6rem\" aria-hidden=\"true\" class=\"wp-block-spacer\"><\/div>\n\n\n\n<h3 class=\"wp-block-heading has-main-color has-text-color\">\u00bfQu\u00e9 son las Coordinadoras?<\/h3>\n\n\n\n<p class=\"has-section-texts-font-size wp-block-paragraph\">Las Coordinadoras son entidades de la Econom\u00eda Social que mediante la plataforma de Som Comunitats apoyan la creaci\u00f3n, gesti\u00f3n y coordinaci\u00f3n de un conjunto de Comunidades Energ\u00e9ticas.<br><br>\u00bfEres una Comunidad Energ\u00e9tica y quieres contactar con una Coordinadora?<\/p>\n\n\n\n<div style=\"height:1rem\" aria-hidden=\"true\" class=\"wp-block-spacer\"><\/div>\n\n\n\n<div class=\"wp-block-buttons is-layout-flex wp-block-buttons-is-layout-flex\">\n<div class=\"wp-block-button is-style-rounded\"><a class=\"wp-block-button__link has-main-color has-primary-background-color has-text-color has-background has-small-font-size has-custom-font-size wp-element-button\" href=\"#ce-coordinadores-contact\">Ponte en contacto<\/a><\/div>\n<\/div>\n\n\n\n<div style=\"height:7rem\" aria-hidden=\"true\" class=\"wp-block-spacer\"><\/div>\n<\/div>\n<\/div>\n\n\n\n<div class=\"wp-block-group is-style-show-mobile-tablet is-layout-constrained wp-block-group-is-layout-constrained\">\n<div class=\"wp-block-group is-style-no-padding wp-container-content-0733e5d0 is-layout-flow wp-block-group-is-layout-flow\">\n<div class=\"wp-block-cover is-light\" style=\"min-height:460px;aspect-ratio:unset;\"><img decoding=\"async\" class=\"wp-block-cover__image-background wp-image-5504\" alt=\"\" src=\"https:\/\/web-testing.somcomunitats.coop\/wp-content\/uploads\/2024\/04\/SOM_DSC06826-resized.jpg\" data-object-fit=\"cover\"\/><span aria-hidden=\"true\" class=\"wp-block-cover__background has-background-dim-0 has-background-dim\"><\/span><div class=\"wp-block-cover__inner-container is-layout-constrained wp-block-cover-is-layout-constrained\">\n<p class=\"has-text-align-center has-large-font-size wp-block-paragraph\"><\/p>\n<\/div><\/div>\n<\/div>\n\n\n\n<div class=\"wp-block-group is-style-horizontal-padded wp-container-content-0733e5d0 is-layout-flow wp-block-group-is-layout-flow\">\n<div style=\"height:3rem\" aria-hidden=\"true\" class=\"wp-block-spacer\"><\/div>\n\n\n\n<h3 class=\"wp-block-heading\">\u00bfQu\u00e9 son las coordinadoras?<\/h3>\n\n\n\n<p class=\"has-section-texts-font-size wp-block-paragraph\">Las Coordinadoras son entidades de la Econom\u00eda Social que mediante la plataforma de Som Comunitats apoyan la creaci\u00f3n, gesti\u00f3n y coordinaci\u00f3n de un conjunto de Comunidades Energ\u00e9ticas.<br><br>\u00bfEres una Comunidad Energ\u00e9tica y quieres contactar con una Coordinadora?<\/p>\n\n\n\n<div class=\"wp-block-buttons is-layout-flex wp-block-buttons-is-layout-flex\">\n<div class=\"wp-block-button is-style-rounded\"><a class=\"wp-block-button__link has-main-color has-primary-background-color has-text-color has-background has-small-font-size has-custom-font-size wp-element-button\" href=\"https:\/\/somcomunitats.coop\/noticies\/fem-xarxa\/\">Ponte en contacto<\/a><\/div>\n<\/div>\n\n\n\n<div style=\"height:4rem\" aria-hidden=\"true\" class=\"wp-block-spacer\"><\/div>\n<\/div>\n<\/div>\n<\/section>\n\n\n\n<section class=\"wp-block-group alignfull is-style-horizontal-padded has-second-base-light-background-color has-background is-layout-constrained wp-block-group-is-layout-constrained\" id=\"ce-coordinadores-serveis\">\n<div class=\"wp-block-group is-layout-flow wp-block-group-is-layout-flow\">\n<div style=\"height:6rem\" aria-hidden=\"true\" class=\"wp-block-spacer is-style-show-tablet-desktop\"><\/div>\n\n\n\n<div style=\"height:3rem\" aria-hidden=\"true\" class=\"wp-block-spacer is-style-show-mobile\"><\/div>\n\n\n\n<div class=\"wp-block-group is-layout-constrained wp-container-core-group-is-layout-a7589b43 wp-block-group-is-layout-constrained\">\n<h3 class=\"wp-block-heading has-text-align-center has-main-color has-text-color\">Motivos para contratar<br>una Coordinadora<\/h3>\n\n\n\n<p class=\"has-text-align-center has-typography-color has-text-color has-section-texts-font-size wp-block-paragraph\">Te explicamos qu\u00e9 puede hacer para tu Comunidad Energ\u00e9tica una Coordinadora<\/p>\n\n\n\n<div style=\"height:2rem\" aria-hidden=\"true\" class=\"wp-block-spacer\"><\/div>\n<\/div>\n\n\n\n<div class=\"wp-block-columns is-style-default is-layout-flex wp-container-core-columns-is-layout-b2e659ba wp-block-columns-is-layout-flex\">\n<div class=\"wp-block-column is-layout-flow wp-block-column-is-layout-flow\">\n<div id=\"more-info-group\" class=\"wp-block-group is-layout-constrained wp-block-group-is-layout-constrained\">\n<figure class=\"wp-block-image aligncenter size-full is-resized\"><img decoding=\"async\" src=\"https:\/\/web-testing.somcomunitats.coop\/wp-content\/uploads\/2024\/04\/coordinacio-icona.png\" alt=\"\" class=\"wp-image-5488\" style=\"object-fit:contain;width:undefinedpx;height:120px\"\/><\/figure>\n\n\n\n<div style=\"height:2rem\" aria-hidden=\"true\" class=\"wp-block-spacer\"><\/div>\n\n\n\n<h5 class=\"wp-block-heading has-text-align-center has-main-color has-text-color\">Coordinaci\u00f3n con otras Comunidades<\/h5>\n\n\n\n<p class=\"has-text-align-center has-typography-color has-text-color wp-block-paragraph\">Os ayuda a estar en coordinaci\u00f3n con otras Comunidades Energ\u00e9ticas y crear sinergias entre ellas (provocando proyectos conjuntos, optimizando los servicios energ\u00e9ticos).<\/p>\n<\/div>\n<\/div>\n\n\n\n<div class=\"wp-block-column is-layout-flow wp-block-column-is-layout-flow\">\n<div class=\"wp-block-group is-layout-constrained wp-block-group-is-layout-constrained\">\n<figure class=\"wp-block-image aligncenter size-full is-resized\"><img decoding=\"async\" src=\"https:\/\/web-testing.somcomunitats.coop\/wp-content\/uploads\/2024\/04\/facilitacio-icona.png\" alt=\"\" class=\"wp-image-5491\" style=\"object-fit:contain;width:undefinedpx;height:120px\"\/><\/figure>\n\n\n\n<div style=\"height:2rem\" aria-hidden=\"true\" class=\"wp-block-spacer\"><\/div>\n\n\n\n<h5 class=\"wp-block-heading has-text-align-center has-main-color has-text-color\">Facilitaci\u00f3n de los tr\u00e1mites<\/h5>\n\n\n\n<p class=\"has-text-align-center has-typography-color has-text-color wp-block-paragraph\">Os facilita los tr\u00e1mites del d\u00eda a d\u00eda de la Comunidad como la contabilidad, las facturas, la gesti\u00f3n de proveedores&#8230; Tiene experiencia y personas dedicadas a ello. Os ahorra tiempo y dinero.<\/p>\n<\/div>\n<\/div>\n\n\n\n<div class=\"wp-block-column is-layout-flow wp-block-column-is-layout-flow\">\n<div id=\"more-info-group\" class=\"wp-block-group is-layout-constrained wp-block-group-is-layout-constrained\">\n<figure class=\"wp-block-image aligncenter size-full is-resized\"><img decoding=\"async\" src=\"https:\/\/web-testing.somcomunitats.coop\/wp-content\/uploads\/2024\/04\/representacio-icona.png\" alt=\"\" class=\"wp-image-5493\" style=\"object-fit:contain;width:undefinedpx;height:120px\"\/><\/figure>\n\n\n\n<div style=\"height:2rem\" aria-hidden=\"true\" class=\"wp-block-spacer\"><\/div>\n\n\n\n<h5 class=\"wp-block-heading has-text-align-center has-main-color has-text-color\">Representaci\u00f3n frente al ecosistema<\/h5>\n\n\n\n<p class=\"has-text-align-center has-typography-color has-text-color wp-block-paragraph\">Puede conseguir un mejor posicionamiento y servicios por las Comunidades Energ\u00e9ticas que est\u00e1n bajo la coordinadora (acceso a financiaci\u00f3n, contrataci\u00f3n de servicios, otros).<\/p>\n<\/div>\n<\/div>\n\n\n\n<div class=\"wp-block-column is-layout-flow wp-block-column-is-layout-flow\">\n<div class=\"wp-block-group is-layout-constrained wp-block-group-is-layout-constrained\">\n<figure class=\"wp-block-image aligncenter size-full is-resized\"><img decoding=\"async\" src=\"https:\/\/web-testing.somcomunitats.coop\/wp-content\/uploads\/2024\/04\/acompanyament-icona.png\" alt=\"\" class=\"wp-image-5495\" style=\"object-fit:contain;width:undefinedpx;height:120px\"\/><\/figure>\n\n\n\n<div style=\"height:2rem\" aria-hidden=\"true\" class=\"wp-block-spacer\"><\/div>\n\n\n\n<h5 class=\"wp-block-heading has-text-align-center has-main-color has-text-color\">Acompa\u00f1amiento<\/h5>\n\n\n\n<p class=\"has-text-align-center has-typography-color has-text-color wp-block-paragraph\">Os acompa\u00f1a en las necesidades que tenga su Comunidad Energ\u00e9tica desde el inicio y la evoluci\u00f3n de \u00e9sta, Le ayuda a desarrollar su Comunidad Energ\u00e9tica.<\/p>\n<\/div>\n<\/div>\n<\/div>\n\n\n\n<div style=\"height:7rem\" aria-hidden=\"true\" class=\"wp-block-spacer is-style-show-tablet-desktop\"><\/div>\n\n\n\n<div style=\"height:3rem\" aria-hidden=\"true\" class=\"wp-block-spacer is-style-show-mobile\"><\/div>\n<\/div>\n<\/section>\n\n\n\n<section class=\"wp-block-group alignfull is-style-show-tablet-desktop is-style-no-padding is-layout-flow wp-block-group-is-layout-flow\">\n<div class=\"wp-block-group is-nowrap is-layout-flex wp-container-core-group-is-layout-84f20f13 wp-block-group-is-layout-flex\">\n<div class=\"wp-block-group is-style-show-desktop wp-container-content-663c14dd is-layout-flow wp-block-group-is-layout-flow\">\n<div class=\"wp-block-cover is-light has-custom-content-position is-position-center-left is-style-default\" style=\"margin-top:0;margin-bottom:0;min-height:100%;aspect-ratio:unset;\"><img decoding=\"async\" class=\"wp-block-cover__image-background wp-image-5508\" alt=\"\" src=\"https:\/\/web-testing.somcomunitats.coop\/wp-content\/uploads\/2024\/04\/possibles-vies-resized-1.jpg\" style=\"object-position:23% 51%\" data-object-fit=\"cover\" data-object-position=\"23% 51%\"\/><span aria-hidden=\"true\" class=\"wp-block-cover__background has-background-dim-0 has-background-dim\"><\/span><div class=\"wp-block-cover__inner-container is-layout-flow wp-block-cover-is-layout-flow\">\n<p class=\"has-text-align-center has-large-font-size wp-block-paragraph\"><\/p>\n<\/div><\/div>\n<\/div>\n\n\n\n<div class=\"wp-block-group is-style-horizontal-padded wp-container-content-958eb9dc is-layout-flow wp-block-group-is-layout-flow\">\n<div style=\"height:6rem\" aria-hidden=\"true\" class=\"wp-block-spacer is-style-show-tablet-desktop\"><\/div>\n\n\n\n<div style=\"height:3rem\" aria-hidden=\"true\" class=\"wp-block-spacer is-style-show-mobile\"><\/div>\n\n\n\n<h3 class=\"wp-block-heading has-main-color has-text-color\">Posibles v\u00edas de especializaci\u00f3n y diferenciaci\u00f3n de Coordinadoras<\/h3>\n\n\n\n<div style=\"height:2em;width:0px\" aria-hidden=\"true\" class=\"wp-block-spacer\"><\/div>\n\n\n\n<div class=\"wp-block-columns is-not-stacked-on-mobile is-layout-flex wp-container-core-columns-is-layout-b2e659ba wp-block-columns-is-layout-flex\">\n<div class=\"wp-block-column is-vertically-aligned-center is-layout-flow wp-block-column-is-layout-flow\" style=\"flex-basis:150px\">\n<figure class=\"wp-block-image size-large is-resized\"><img loading=\"lazy\" decoding=\"async\" width=\"1024\" height=\"1024\" src=\"https:\/\/web-testing.somcomunitats.coop\/wp-content\/uploads\/2023\/09\/Motius6-1024x1024.png\" alt=\"comunidades-energ\u00e9ticas\" class=\"wp-image-3557\" style=\"object-fit:contain;width:100px;height:100px\" srcset=\"https:\/\/somcomunitats.coop\/wp-content\/uploads\/2023\/09\/Motius6-1024x1024.png 1024w, https:\/\/somcomunitats.coop\/wp-content\/uploads\/2023\/09\/Motius6-300x300.png 300w, https:\/\/somcomunitats.coop\/wp-content\/uploads\/2023\/09\/Motius6-150x150.png 150w, https:\/\/somcomunitats.coop\/wp-content\/uploads\/2023\/09\/Motius6-768x768.png 768w, https:\/\/somcomunitats.coop\/wp-content\/uploads\/2023\/09\/Motius6.png 1080w\" sizes=\"auto, (max-width: 1024px) 100vw, 1024px\" \/><\/figure>\n<\/div>\n\n\n\n<div class=\"wp-block-column is-layout-flow wp-block-column-is-layout-flow\" style=\"flex-basis:100%\">\n<div class=\"wp-block-group is-vertical is-layout-flex wp-container-core-group-is-layout-1bbac977 wp-block-group-is-layout-flex\">\n<h5 class=\"wp-block-heading has-main-color has-text-color\">\u00c1mbito geogr\u00e1fico de los servicios que ofrece<\/h5>\n\n\n\n<p class=\"has-small-font-size wp-block-paragraph\">En caso de que la Coordinadora sea de \u00e1mbito local, auton\u00f3mico o nacional<\/p>\n<\/div>\n<\/div>\n<\/div>\n\n\n\n<div style=\"height:2em;width:0px\" aria-hidden=\"true\" class=\"wp-block-spacer\"><\/div>\n\n\n\n<div class=\"wp-block-columns is-not-stacked-on-mobile is-layout-flex wp-container-core-columns-is-layout-b2e659ba wp-block-columns-is-layout-flex\">\n<div class=\"wp-block-column is-vertically-aligned-center is-layout-flow wp-block-column-is-layout-flow\" style=\"flex-basis:150px\">\n<figure class=\"wp-block-image size-large is-resized is-style-image-center\"><img loading=\"lazy\" decoding=\"async\" width=\"1024\" height=\"1024\" src=\"https:\/\/web-testing.somcomunitats.coop\/wp-content\/uploads\/2023\/09\/Motius5-1024x1024.png\" alt=\"comunidades-energ\u00e9ticas\" class=\"wp-image-3568\" style=\"object-fit:contain;width:100px;height:100px\" srcset=\"https:\/\/somcomunitats.coop\/wp-content\/uploads\/2023\/09\/Motius5-1024x1024.png 1024w, https:\/\/somcomunitats.coop\/wp-content\/uploads\/2023\/09\/Motius5-300x300.png 300w, https:\/\/somcomunitats.coop\/wp-content\/uploads\/2023\/09\/Motius5-150x150.png 150w, https:\/\/somcomunitats.coop\/wp-content\/uploads\/2023\/09\/Motius5-768x768.png 768w, https:\/\/somcomunitats.coop\/wp-content\/uploads\/2023\/09\/Motius5.png 1080w\" sizes=\"auto, (max-width: 1024px) 100vw, 1024px\" \/><\/figure>\n<\/div>\n\n\n\n<div class=\"wp-block-column is-layout-flow wp-block-column-is-layout-flow\" style=\"flex-basis:100%\">\n<div class=\"wp-block-group is-vertical is-layout-flex wp-container-core-group-is-layout-1bbac977 wp-block-group-is-layout-flex\">\n<h5 class=\"wp-block-heading has-main-color has-text-color\">Perfiles de Comunidades Energ\u00e9ticas<\/h5>\n\n\n\n<p class=\"has-small-font-size wp-block-paragraph\">Seg\u00fan sean impulsadas por la ciudadan\u00eda, la administraci\u00f3n p\u00fablica o la industria<\/p>\n<\/div>\n<\/div>\n<\/div>\n\n\n\n<div style=\"height:2em;width:0px\" aria-hidden=\"true\" class=\"wp-block-spacer\"><\/div>\n\n\n\n<div class=\"wp-block-columns is-not-stacked-on-mobile is-layout-flex wp-container-core-columns-is-layout-b2e659ba wp-block-columns-is-layout-flex\">\n<div class=\"wp-block-column is-vertically-aligned-center is-layout-flow wp-block-column-is-layout-flow\" style=\"flex-basis:150px\">\n<figure class=\"wp-block-image size-large is-resized\"><img loading=\"lazy\" decoding=\"async\" width=\"1024\" height=\"1024\" src=\"https:\/\/web-testing.somcomunitats.coop\/wp-content\/uploads\/2023\/09\/Motius3-1024x1024.png\" alt=\"comunidades-energ\u00e9ticas\" class=\"wp-image-3562\" style=\"object-fit:contain;width:100px;height:100px\" srcset=\"https:\/\/somcomunitats.coop\/wp-content\/uploads\/2023\/09\/Motius3-1024x1024.png 1024w, https:\/\/somcomunitats.coop\/wp-content\/uploads\/2023\/09\/Motius3-300x300.png 300w, https:\/\/somcomunitats.coop\/wp-content\/uploads\/2023\/09\/Motius3-150x150.png 150w, https:\/\/somcomunitats.coop\/wp-content\/uploads\/2023\/09\/Motius3-768x768.png 768w, https:\/\/somcomunitats.coop\/wp-content\/uploads\/2023\/09\/Motius3.png 1080w\" sizes=\"auto, (max-width: 1024px) 100vw, 1024px\" \/><\/figure>\n<\/div>\n\n\n\n<div class=\"wp-block-column is-layout-flow wp-block-column-is-layout-flow\" style=\"flex-basis:100%\">\n<div class=\"wp-block-group is-vertical is-layout-flex wp-container-core-group-is-layout-1bbac977 wp-block-group-is-layout-flex\">\n<h5 class=\"wp-block-heading has-main-color has-text-color\">Servicios energ\u00e9ticos de la Comunidad Energ\u00e9tica<\/h5>\n\n\n\n<p class=\"wp-block-paragraph\">Energ\u00eda fotovoltaica, energ\u00eda t\u00e9rmica o movilidad compartida, entre otros muchos<\/p>\n<\/div>\n<\/div>\n<\/div>\n\n\n\n<div style=\"height:2em;width:0px\" aria-hidden=\"true\" class=\"wp-block-spacer\"><\/div>\n\n\n\n<div class=\"wp-block-columns is-not-stacked-on-mobile is-layout-flex wp-container-core-columns-is-layout-b2e659ba wp-block-columns-is-layout-flex\">\n<div class=\"wp-block-column is-vertically-aligned-center is-layout-flow wp-block-column-is-layout-flow\" style=\"flex-basis:150px\">\n<figure class=\"wp-block-image size-large is-resized\"><img loading=\"lazy\" decoding=\"async\" width=\"1024\" height=\"1024\" src=\"https:\/\/web-testing.somcomunitats.coop\/wp-content\/uploads\/2023\/09\/Motius1-1024x1024.png\" alt=\"comunidades-energ\u00e9ticas\" class=\"wp-image-3566\" style=\"object-fit:contain;width:100px;height:100px\" srcset=\"https:\/\/somcomunitats.coop\/wp-content\/uploads\/2023\/09\/Motius1-1024x1024.png 1024w, https:\/\/somcomunitats.coop\/wp-content\/uploads\/2023\/09\/Motius1-300x300.png 300w, https:\/\/somcomunitats.coop\/wp-content\/uploads\/2023\/09\/Motius1-150x150.png 150w, https:\/\/somcomunitats.coop\/wp-content\/uploads\/2023\/09\/Motius1-768x768.png 768w, https:\/\/somcomunitats.coop\/wp-content\/uploads\/2023\/09\/Motius1.png 1080w\" sizes=\"auto, (max-width: 1024px) 100vw, 1024px\" \/><\/figure>\n<\/div>\n\n\n\n<div class=\"wp-block-column is-layout-flow wp-block-column-is-layout-flow\" style=\"flex-basis:100%\">\n<div class=\"wp-block-group is-vertical is-layout-flex wp-container-core-group-is-layout-1bbac977 wp-block-group-is-layout-flex\">\n<h5 class=\"wp-block-heading has-main-color has-text-color\">Sector de operaci\u00f3n<\/h5>\n\n\n\n<p class=\"wp-block-paragraph\">Puede estar orientada por ejemplo al sector agr\u00edcola o al industrial<\/p>\n<\/div>\n<\/div>\n<\/div>\n\n\n\n<div style=\"height:7rem\" aria-hidden=\"true\" class=\"wp-block-spacer is-style-show-tablet-desktop\"><\/div>\n\n\n\n<div style=\"height:4rem\" aria-hidden=\"true\" class=\"wp-block-spacer is-style-show-mobile\"><\/div>\n<\/div>\n<\/div>\n<\/section>\n\n\n\n<section class=\"wp-block-group alignfull is-style-show-mobile is-style-no-padding is-layout-flow wp-block-group-is-layout-flow\">\n<div class=\"wp-block-group is-style-show-mobile is-style-no-padding is-layout-constrained wp-block-group-is-layout-constrained\">\n<div class=\"wp-block-cover aligncenter is-light is-style-default\" style=\"margin-top:0;margin-bottom:0;min-height:450px;aspect-ratio:unset;\"><img decoding=\"async\" class=\"wp-block-cover__image-background wp-image-5508\" alt=\"\" src=\"https:\/\/web-testing.somcomunitats.coop\/wp-content\/uploads\/2024\/04\/possibles-vies-resized-1.jpg\" style=\"object-position:19% 48%\" data-object-fit=\"cover\" data-object-position=\"19% 48%\"\/><span aria-hidden=\"true\" class=\"wp-block-cover__background has-background-dim-0 has-background-dim\"><\/span><div class=\"wp-block-cover__inner-container is-layout-constrained wp-block-cover-is-layout-constrained\">\n<p class=\"has-text-align-center has-large-font-size wp-block-paragraph\"><\/p>\n<\/div><\/div>\n<\/div>\n\n\n\n<div class=\"wp-block-group is-style-no-padding is-vertical is-content-justification-center is-layout-flex wp-container-core-group-is-layout-b8841e07 wp-block-group-is-layout-flex\">\n<div class=\"wp-block-group is-style-horizontal-padded wp-container-content-958eb9dc is-layout-flow wp-block-group-is-layout-flow\">\n<div style=\"height:6rem\" aria-hidden=\"true\" class=\"wp-block-spacer is-style-show-tablet-desktop\"><\/div>\n\n\n\n<div style=\"height:3rem\" aria-hidden=\"true\" class=\"wp-block-spacer is-style-show-mobile\"><\/div>\n\n\n\n<h3 class=\"wp-block-heading has-main-color has-text-color\">Posibles v\u00edas de especializaci\u00f3n y diferenciaci\u00f3n de Coordinadoras<\/h3>\n\n\n\n<div style=\"height:2em;width:0px\" aria-hidden=\"true\" class=\"wp-block-spacer\"><\/div>\n\n\n\n<div class=\"wp-block-group is-vertical is-content-justification-center is-layout-flex wp-container-core-group-is-layout-b8841e07 wp-block-group-is-layout-flex\">\n<div class=\"wp-block-group is-style-default is-vertical is-content-justification-center is-layout-flex wp-container-core-group-is-layout-b8841e07 wp-block-group-is-layout-flex\">\n<figure class=\"wp-block-image size-large is-resized\"><img loading=\"lazy\" decoding=\"async\" width=\"1024\" height=\"1024\" src=\"https:\/\/web-testing.somcomunitats.coop\/wp-content\/uploads\/2023\/09\/Motius6-1024x1024.png\" alt=\"comunidades-energ\u00e9ticas\" class=\"wp-image-3557\" style=\"object-fit:contain;width:100px;height:100px\" srcset=\"https:\/\/somcomunitats.coop\/wp-content\/uploads\/2023\/09\/Motius6-1024x1024.png 1024w, https:\/\/somcomunitats.coop\/wp-content\/uploads\/2023\/09\/Motius6-300x300.png 300w, https:\/\/somcomunitats.coop\/wp-content\/uploads\/2023\/09\/Motius6-150x150.png 150w, https:\/\/somcomunitats.coop\/wp-content\/uploads\/2023\/09\/Motius6-768x768.png 768w, https:\/\/somcomunitats.coop\/wp-content\/uploads\/2023\/09\/Motius6.png 1080w\" sizes=\"auto, (max-width: 1024px) 100vw, 1024px\" \/><\/figure>\n<\/div>\n\n\n\n<div style=\"height:0px\" aria-hidden=\"true\" class=\"wp-block-spacer wp-container-content-42fb7c7f\"><\/div>\n\n\n\n<div class=\"wp-block-group is-vertical is-content-justification-center is-layout-flex wp-container-core-group-is-layout-b8841e07 wp-block-group-is-layout-flex\">\n<h5 class=\"wp-block-heading has-text-align-center has-main-color has-text-color\">\u00c1mbito geogr\u00e1fico de los servicios que ofrece<\/h5>\n\n\n\n<p class=\"has-text-align-center has-small-font-size wp-block-paragraph\">En caso de que la Coordinadora sea de \u00e1mbito local, auton\u00f3mico o nacional<\/p>\n<\/div>\n<\/div>\n\n\n\n<div style=\"height:2em;width:0px\" aria-hidden=\"true\" class=\"wp-block-spacer\"><\/div>\n\n\n\n<div class=\"wp-block-group is-vertical is-content-justification-center is-layout-flex wp-container-core-group-is-layout-b8841e07 wp-block-group-is-layout-flex\">\n<div class=\"wp-block-group is-style-default is-vertical is-content-justification-center is-layout-flex wp-container-core-group-is-layout-b8841e07 wp-block-group-is-layout-flex\">\n<figure class=\"wp-block-image size-large is-resized is-style-image-center\"><img loading=\"lazy\" decoding=\"async\" width=\"1024\" height=\"1024\" src=\"https:\/\/web-testing.somcomunitats.coop\/wp-content\/uploads\/2023\/09\/Motius5-1024x1024.png\" alt=\"comunidades-energ\u00e9ticas\" class=\"wp-image-3568\" style=\"object-fit:contain;width:100px;height:100px\" srcset=\"https:\/\/somcomunitats.coop\/wp-content\/uploads\/2023\/09\/Motius5-1024x1024.png 1024w, https:\/\/somcomunitats.coop\/wp-content\/uploads\/2023\/09\/Motius5-300x300.png 300w, https:\/\/somcomunitats.coop\/wp-content\/uploads\/2023\/09\/Motius5-150x150.png 150w, https:\/\/somcomunitats.coop\/wp-content\/uploads\/2023\/09\/Motius5-768x768.png 768w, https:\/\/somcomunitats.coop\/wp-content\/uploads\/2023\/09\/Motius5.png 1080w\" sizes=\"auto, (max-width: 1024px) 100vw, 1024px\" \/><\/figure>\n<\/div>\n\n\n\n<div style=\"height:0px\" aria-hidden=\"true\" class=\"wp-block-spacer wp-container-content-cf2db169\"><\/div>\n\n\n\n<div class=\"wp-block-group is-vertical is-content-justification-center is-layout-flex wp-container-core-group-is-layout-b8841e07 wp-block-group-is-layout-flex\">\n<h5 class=\"wp-block-heading has-text-align-center has-main-color has-text-color\">Perfiles de Comunidades Energ\u00e9ticas<\/h5>\n\n\n\n<p class=\"has-text-align-center has-small-font-size wp-block-paragraph\">Seg\u00fan sean impulsadas por la ciudadan\u00eda, la administraci\u00f3n p\u00fablica o la industria<\/p>\n<\/div>\n<\/div>\n\n\n\n<div style=\"height:2em;width:0px\" aria-hidden=\"true\" class=\"wp-block-spacer\"><\/div>\n\n\n\n<div class=\"wp-block-group is-vertical is-content-justification-center is-layout-flex wp-container-core-group-is-layout-b8841e07 wp-block-group-is-layout-flex\">\n<div class=\"wp-block-group is-style-default is-vertical is-content-justification-center is-layout-flex wp-container-core-group-is-layout-b8841e07 wp-block-group-is-layout-flex\">\n<figure class=\"wp-block-image size-large is-resized\"><img loading=\"lazy\" decoding=\"async\" width=\"1024\" height=\"1024\" src=\"https:\/\/web-testing.somcomunitats.coop\/wp-content\/uploads\/2023\/09\/Motius3-1024x1024.png\" alt=\"comunidades-energ\u00e9ticas\" class=\"wp-image-3562\" style=\"object-fit:cover;width:100px;height:100px\" srcset=\"https:\/\/somcomunitats.coop\/wp-content\/uploads\/2023\/09\/Motius3-1024x1024.png 1024w, https:\/\/somcomunitats.coop\/wp-content\/uploads\/2023\/09\/Motius3-300x300.png 300w, https:\/\/somcomunitats.coop\/wp-content\/uploads\/2023\/09\/Motius3-150x150.png 150w, https:\/\/somcomunitats.coop\/wp-content\/uploads\/2023\/09\/Motius3-768x768.png 768w, https:\/\/somcomunitats.coop\/wp-content\/uploads\/2023\/09\/Motius3.png 1080w\" sizes=\"auto, (max-width: 1024px) 100vw, 1024px\" \/><\/figure>\n<\/div>\n\n\n\n<div style=\"height:0px\" aria-hidden=\"true\" class=\"wp-block-spacer wp-container-content-cf2db169\"><\/div>\n\n\n\n<div class=\"wp-block-group is-vertical is-content-justification-center is-layout-flex wp-container-core-group-is-layout-b8841e07 wp-block-group-is-layout-flex\">\n<h5 class=\"wp-block-heading has-text-align-center has-main-color has-text-color\">Servicios energ\u00e9ticos de la Comunidad Energ\u00e9tica<\/h5>\n\n\n\n<p class=\"has-text-align-center has-small-font-size wp-block-paragraph\">Energ\u00eda fotovoltaica, energ\u00eda t\u00e9rmica o movilidad compartida, entre otros muchos<\/p>\n<\/div>\n<\/div>\n\n\n\n<div style=\"height:2em;width:0px\" aria-hidden=\"true\" class=\"wp-block-spacer\"><\/div>\n\n\n\n<div class=\"wp-block-group is-vertical is-content-justification-center is-layout-flex wp-container-core-group-is-layout-b8841e07 wp-block-group-is-layout-flex\">\n<div class=\"wp-block-group is-style-default is-vertical is-content-justification-center is-layout-flex wp-container-core-group-is-layout-b8841e07 wp-block-group-is-layout-flex\">\n<figure class=\"wp-block-image size-large is-resized\"><img loading=\"lazy\" decoding=\"async\" width=\"1024\" height=\"1024\" src=\"https:\/\/web-testing.somcomunitats.coop\/wp-content\/uploads\/2023\/09\/Motius2-e1696320717379-1024x1024.png\" alt=\"comunidades-energ\u00e9ticas\" class=\"wp-image-3560\" style=\"object-fit:contain;width:100px;height:100px\" srcset=\"https:\/\/somcomunitats.coop\/wp-content\/uploads\/2023\/09\/Motius2-e1696320717379-1024x1024.png 1024w, https:\/\/somcomunitats.coop\/wp-content\/uploads\/2023\/09\/Motius2-e1696320717379-300x300.png 300w, https:\/\/somcomunitats.coop\/wp-content\/uploads\/2023\/09\/Motius2-e1696320717379-150x150.png 150w, https:\/\/somcomunitats.coop\/wp-content\/uploads\/2023\/09\/Motius2-e1696320717379-768x768.png 768w, https:\/\/somcomunitats.coop\/wp-content\/uploads\/2023\/09\/Motius2-e1696320717379.png 1080w\" sizes=\"auto, (max-width: 1024px) 100vw, 1024px\" \/><\/figure>\n<\/div>\n\n\n\n<div style=\"height:0px\" aria-hidden=\"true\" class=\"wp-block-spacer wp-container-content-cf2db169\"><\/div>\n\n\n\n<div class=\"wp-block-group is-vertical is-content-justification-center is-layout-flex wp-container-core-group-is-layout-b8841e07 wp-block-group-is-layout-flex\">\n<h5 class=\"wp-block-heading has-text-align-center has-main-color has-text-color\">Sector de operaci\u00f3n<\/h5>\n\n\n\n<p class=\"has-text-align-center wp-block-paragraph\">Puede estar orientada por ejemplo al sector agr\u00edcola o al industrial<\/p>\n<\/div>\n<\/div>\n\n\n\n<div style=\"height:2em;width:0px\" aria-hidden=\"true\" class=\"wp-block-spacer\"><\/div>\n\n\n\n<div style=\"height:4rem\" aria-hidden=\"true\" class=\"wp-block-spacer is-style-show-mobile\"><\/div>\n<\/div>\n<\/div>\n<\/section>\n\n\n\n<div class=\"wp-block-group alignfull is-style-no-padding has-main-background-color has-background is-layout-constrained wp-block-group-is-layout-constrained\" id=\"ce-coordinadores-members\">\n<div class=\"wp-block-group is-style-horizontal-padded is-layout-flow wp-block-group-is-layout-flow\">\n<div style=\"height:6rem\" aria-hidden=\"true\" class=\"wp-block-spacer\"><\/div>\n\n\n\n<h3 class=\"wp-block-heading has-text-align-center has-base-color has-text-color\" id=\"coordinadoras\">Entidades Coordinadoras<\/h3>\n\n\n\n<div style=\"height:45px\" aria-hidden=\"true\" class=\"wp-block-spacer\"><\/div>\n\n\n\n<div class=\"wp-block-columns is-layout-flex wp-container-core-columns-is-layout-20330d8c wp-block-columns-is-layout-flex\">\n<div class=\"wp-block-column is-vertically-aligned-stretch has-base-background-color has-background is-layout-flow wp-block-column-is-layout-flow\" style=\"padding-top:40px;padding-right:0;padding-bottom:40px;padding-left:0\">\n<article class=\"wp-block-group is-style-no-padding ce-card has-base-background-color has-background wp-container-content-2f62e668 is-vertical is-content-justification-stretch is-layout-flex wp-container-core-group-is-layout-d7423ed0 wp-block-group-is-layout-flex\">\n<div class=\"wp-block-group ce-card-header wp-container-content-c0740251 is-vertical is-content-justification-right is-layout-flex wp-container-core-group-is-layout-642ff1e7 wp-block-group-is-layout-flex\" style=\"margin-top:var(--wp--preset--spacing--20);margin-bottom:var(--wp--preset--spacing--20)\">\n<div class=\"wp-block-buttons wp-container-content-e1bb55cb is-vertical is-content-justification-right is-layout-flex wp-container-core-buttons-is-layout-95085397 wp-block-buttons-is-layout-flex\">\n<div class=\"wp-block-button is-style-rounded\"><a class=\"wp-block-button__link has-base-color has-brand-background-color has-text-color has-background has-xx-small-font-size has-custom-font-size wp-element-button\" style=\"padding-top:0.44rem;padding-right:var(--wp--preset--spacing--40);padding-bottom:0.44rem;padding-left:var(--wp--preset--spacing--40)\">Comunidades ciudadanas<\/a><\/div>\n\n\n\n<div class=\"wp-block-button is-style-rounded\"><a class=\"wp-block-button__link has-base-color has-main-background-color has-text-color has-background has-xx-small-font-size has-custom-font-size wp-element-button\" style=\"padding-top:0.44rem;padding-right:var(--wp--preset--spacing--40);padding-bottom:0.44rem;padding-left:var(--wp--preset--spacing--40)\">Madrid<\/a><\/div>\n<\/div>\n<\/div>\n\n\n\n<div class=\"wp-block-group wp-container-content-d50df0bc is-content-justification-center is-nowrap is-layout-flex wp-container-core-group-is-layout-60fd53d7 wp-block-group-is-layout-flex\">\n<figure class=\"wp-block-image size-full is-resized is-style-image-center\"><img decoding=\"async\" src=\"https:\/\/web-testing.somcomunitats.coop\/wp-content\/uploads\/2024\/04\/logo-ecooo.png\" alt=\"\" class=\"wp-image-5449\" style=\"object-fit:contain;width:250px;height:100px\"\/><\/figure>\n<\/div>\n\n\n\n<div style=\"height:0px\" aria-hidden=\"true\" class=\"wp-block-spacer wp-container-content-5cee9cb3\"><\/div>\n\n\n\n<div class=\"wp-block-group is-style-horizontal-padded ce-card-body wp-container-content-9cfa9a5a is-layout-flow wp-block-group-is-layout-flow\">\n<div style=\"height:1em;width:0px\" aria-hidden=\"true\" class=\"wp-block-spacer\"><\/div>\n\n\n\n<h5 class=\"wp-block-heading\">Ecooo<\/h5>\n\n\n\n<p class=\"wp-block-paragraph\">Cooperativa de Econom\u00eda Social y Solidaria.<br>Modelo de empresa en el que se toman decisiones de forma colectiva y asumen responsabilidades tambi\u00e9n de forma colectiva.<\/p>\n\n\n\n<div style=\"height:1rem\" aria-hidden=\"true\" class=\"wp-block-spacer\"><\/div>\n<\/div>\n\n\n\n<div class=\"wp-block-group ce-card-footer is-style-horizontal-padded is-layout-constrained wp-block-group-is-layout-constrained\">\n<div class=\"wp-block-buttons is-layout-flex wp-block-buttons-is-layout-flex\" style=\"margin-top:0;margin-bottom:0\">\n<div class=\"wp-block-button\"><a class=\"wp-block-button__link has-main-color has-primary-background-color has-text-color has-background wp-element-button\" href=\"https:\/\/somcomunitats.coop\/coord\/ecooo-energia-ciudadana\/\">M\u00e1s informaci\u00f3n<\/a><\/div>\n<\/div>\n<\/div>\n<\/article>\n<\/div>\n\n\n\n<div class=\"wp-block-column is-vertically-aligned-stretch has-base-background-color has-background is-layout-flow wp-container-core-column-is-layout-64180f48 wp-block-column-is-layout-flow\" style=\"padding-top:40px;padding-bottom:40px\">\n<article class=\"wp-block-group is-style-no-padding ce-card has-base-background-color has-background wp-container-content-2f62e668 is-vertical is-content-justification-stretch is-layout-flex wp-container-core-group-is-layout-068d57a5 wp-block-group-is-layout-flex\">\n<div class=\"wp-block-group ce-card-header wp-container-content-c0740251 is-vertical is-content-justification-right is-layout-flex wp-container-core-group-is-layout-642ff1e7 wp-block-group-is-layout-flex\" style=\"margin-top:var(--wp--preset--spacing--20);margin-bottom:var(--wp--preset--spacing--20)\">\n<div class=\"wp-block-buttons wp-container-content-e1bb55cb is-vertical is-content-justification-right is-layout-flex wp-container-core-buttons-is-layout-2a60ae35 wp-block-buttons-is-layout-flex\">\n<div class=\"wp-block-button is-style-rounded\"><a class=\"wp-block-button__link has-base-color has-brand-background-color has-text-color has-background has-xx-small-font-size has-custom-font-size wp-element-button\" style=\"padding-top:0.44rem;padding-right:var(--wp--preset--spacing--40);padding-bottom:0.44rem;padding-left:var(--wp--preset--spacing--40)\">Comunidades Industrales<\/a><\/div>\n\n\n\n<div class=\"wp-block-button is-style-rounded\"><a class=\"wp-block-button__link has-base-color has-main-background-color has-text-color has-background has-xx-small-font-size has-custom-font-size wp-element-button\" style=\"padding-top:0.44rem;padding-right:var(--wp--preset--spacing--40);padding-bottom:0.44rem;padding-left:var(--wp--preset--spacing--40)\">Catalu\u00f1a<\/a><\/div>\n<\/div>\n<\/div>\n\n\n\n<div class=\"wp-block-group wp-container-content-d50df0bc is-content-justification-center is-nowrap is-layout-flex wp-container-core-group-is-layout-60fd53d7 wp-block-group-is-layout-flex\">\n<figure class=\"wp-block-image size-full is-resized is-style-image-center\"><img loading=\"lazy\" decoding=\"async\" width=\"642\" height=\"283\" src=\"https:\/\/web-testing.somcomunitats.coop\/wp-content\/uploads\/2023\/10\/e-plural-2.png\" alt=\"\" class=\"wp-image-5159\" style=\"width:auto;height:100px\" srcset=\"https:\/\/somcomunitats.coop\/wp-content\/uploads\/2023\/10\/e-plural-2.png 642w, https:\/\/somcomunitats.coop\/wp-content\/uploads\/2023\/10\/e-plural-2-300x132.png 300w\" sizes=\"auto, (max-width: 642px) 100vw, 642px\" \/><\/figure>\n<\/div>\n\n\n\n<div style=\"height:0px\" aria-hidden=\"true\" class=\"wp-block-spacer wp-container-content-5cee9cb3\"><\/div>\n\n\n\n<div class=\"wp-block-group is-style-horizontal-padded ce-card-body wp-container-content-9cfa9a5a is-layout-flow wp-block-group-is-layout-flow\">\n<div style=\"height:1em;width:0px\" aria-hidden=\"true\" class=\"wp-block-spacer\"><\/div>\n\n\n\n<h5 class=\"wp-block-heading\">ePlural<\/h5>\n\n\n\n<p class=\"wp-block-paragraph\">Surge de la colaboraci\u00f3n en proyectos relacionados con la transici\u00f3n energ\u00e9tica, la movilidad sostenible y el desarrollo de la econom\u00eda social y solidaria.<\/p>\n\n\n\n<div style=\"height:1rem\" aria-hidden=\"true\" class=\"wp-block-spacer\"><\/div>\n<\/div>\n\n\n\n<div class=\"wp-block-group ce-card-footer is-style-horizontal-padded is-layout-constrained wp-block-group-is-layout-constrained\">\n<div class=\"wp-block-buttons is-layout-flex wp-block-buttons-is-layout-flex\" style=\"margin-top:0;margin-bottom:0\">\n<div class=\"wp-block-button\"><a class=\"wp-block-button__link has-main-color has-primary-background-color has-text-color has-background wp-element-button\" href=\"https:\/\/somcomunitats.coop\/coord\/eplural\/\">M\u00e1s informaci\u00f3n<\/a><\/div>\n<\/div>\n<\/div>\n<\/article>\n<\/div>\n\n\n\n<div class=\"wp-block-column is-vertically-aligned-stretch has-base-background-color has-background is-layout-flow wp-block-column-is-layout-flow\" style=\"padding-top:40px;padding-right:0;padding-bottom:40px;padding-left:0\">\n<article class=\"wp-block-group is-style-no-padding ce-card has-base-background-color has-background wp-container-content-2f62e668 is-vertical is-content-justification-stretch is-layout-flex wp-container-core-group-is-layout-d7423ed0 wp-block-group-is-layout-flex\">\n<div class=\"wp-block-group ce-card-header wp-container-content-c0740251 is-vertical is-content-justification-right is-layout-flex wp-container-core-group-is-layout-642ff1e7 wp-block-group-is-layout-flex\" style=\"margin-top:var(--wp--preset--spacing--20);margin-bottom:var(--wp--preset--spacing--20)\">\n<div class=\"wp-block-buttons wp-container-content-e1bb55cb is-vertical is-content-justification-right is-layout-flex wp-container-core-buttons-is-layout-2a60ae35 wp-block-buttons-is-layout-flex\">\n<div class=\"wp-block-button is-style-rounded\"><a class=\"wp-block-button__link has-base-color has-brand-background-color has-text-color has-background has-xx-small-font-size has-custom-font-size wp-element-button\" style=\"padding-top:0.44rem;padding-right:var(--wp--preset--spacing--40);padding-bottom:0.44rem;padding-left:var(--wp--preset--spacing--40)\">Comunidades ciudadanas<\/a><\/div>\n\n\n\n<div class=\"wp-block-button is-style-rounded\"><a class=\"wp-block-button__link has-base-color has-main-background-color has-text-color has-background has-xx-small-font-size has-custom-font-size wp-element-button\" style=\"padding-top:0.44rem;padding-right:var(--wp--preset--spacing--40);padding-bottom:0.44rem;padding-left:var(--wp--preset--spacing--40)\">Comunidad Valenciana<\/a><\/div>\n<\/div>\n<\/div>\n\n\n\n<div class=\"wp-block-group wp-container-content-d50df0bc is-content-justification-center is-nowrap is-layout-flex wp-container-core-group-is-layout-60fd53d7 wp-block-group-is-layout-flex\">\n<figure class=\"wp-block-image size-full is-resized is-style-image-center\"><img decoding=\"async\" src=\"https:\/\/web-testing.somcomunitats.coop\/wp-content\/uploads\/2024\/04\/aeioluz-logo.png\" alt=\"\" class=\"wp-image-5445\" style=\"object-fit:contain;width:250px;height:100px\"\/><\/figure>\n<\/div>\n\n\n\n<div style=\"height:0px\" aria-hidden=\"true\" class=\"wp-block-spacer wp-container-content-5cee9cb3\"><\/div>\n\n\n\n<div class=\"wp-block-group is-style-horizontal-padded ce-card-body wp-container-content-9cfa9a5a is-layout-flow wp-block-group-is-layout-flow\">\n<div style=\"height:1em;width:0px\" aria-hidden=\"true\" class=\"wp-block-spacer\"><\/div>\n\n\n\n<h5 class=\"wp-block-heading\">Aeioluz<\/h5>\n\n\n\n<p class=\"wp-block-paragraph\">Quieren un mundo en el que la energ\u00eda sea un derecho, y su uso sostenible iguale la vida de las personas para siempre. Un Planeta sano y con toda su biodiversidad gracias a hacer el mejor uso de las energ\u00edas renovables<\/p>\n\n\n\n<div style=\"height:1rem\" aria-hidden=\"true\" class=\"wp-block-spacer\"><\/div>\n<\/div>\n\n\n\n<div class=\"wp-block-group ce-card-footer is-style-horizontal-padded is-layout-constrained wp-block-group-is-layout-constrained\">\n<div class=\"wp-block-buttons is-layout-flex wp-block-buttons-is-layout-flex\" style=\"margin-top:0;margin-bottom:0\">\n<div class=\"wp-block-button\"><a class=\"wp-block-button__link has-main-color has-primary-background-color has-text-color has-background wp-element-button\" href=\"https:\/\/somcomunitats.coop\/coord\/aeioluz\/\">M\u00e1s informaci\u00f3n<\/a><\/div>\n<\/div>\n<\/div>\n<\/article>\n<\/div>\n<\/div>\n\n\n\n<div style=\"height:3rem\" aria-hidden=\"true\" class=\"wp-block-spacer\"><\/div>\n\n\n\n<div class=\"wp-block-columns is-layout-flex wp-container-core-columns-is-layout-20330d8c wp-block-columns-is-layout-flex\">\n<div class=\"wp-block-column is-vertically-aligned-stretch has-base-background-color has-background is-layout-flow wp-block-column-is-layout-flow\" style=\"padding-top:40px;padding-right:0;padding-bottom:40px;padding-left:0\">\n<article class=\"wp-block-group is-style-no-padding ce-card has-base-background-color has-background wp-container-content-2f62e668 is-vertical is-content-justification-stretch is-layout-flex wp-container-core-group-is-layout-7879b453 wp-block-group-is-layout-flex\">\n<div class=\"wp-block-group ce-card-header wp-container-content-c0740251 is-vertical is-content-justification-right is-layout-flex wp-container-core-group-is-layout-642ff1e7 wp-block-group-is-layout-flex\" style=\"margin-top:var(--wp--preset--spacing--20);margin-bottom:var(--wp--preset--spacing--20)\">\n<div class=\"wp-block-buttons wp-container-content-e1bb55cb is-vertical is-content-justification-right is-layout-flex wp-container-core-buttons-is-layout-2a60ae35 wp-block-buttons-is-layout-flex\">\n<div class=\"wp-block-button is-style-rounded\"><a class=\"wp-block-button__link has-base-color has-brand-background-color has-text-color has-background has-xx-small-font-size has-custom-font-size wp-element-button\" style=\"padding-top:0.44rem;padding-right:var(--wp--preset--spacing--40);padding-bottom:0.44rem;padding-left:var(--wp--preset--spacing--40)\">Comunidades ciudadanas<\/a><\/div>\n\n\n\n<div class=\"wp-block-button is-style-rounded\"><a class=\"wp-block-button__link has-base-color has-main-background-color has-text-color has-background has-xx-small-font-size has-custom-font-size wp-element-button\" style=\"padding-top:0.44rem;padding-right:var(--wp--preset--spacing--40);padding-bottom:0.44rem;padding-left:var(--wp--preset--spacing--40)\">Euskal Herria<\/a><\/div>\n<\/div>\n<\/div>\n\n\n\n<div class=\"wp-block-group wp-container-content-d50df0bc is-content-justification-center is-nowrap is-layout-flex wp-container-core-group-is-layout-60fd53d7 wp-block-group-is-layout-flex\">\n<figure class=\"wp-block-image size-full is-resized is-style-image-center\"><img loading=\"lazy\" decoding=\"async\" width=\"1348\" height=\"323\" src=\"https:\/\/somcomunitats.coop\/wp-content\/uploads\/2025\/09\/goiener-logo.png\" alt=\"\" class=\"wp-image-11422\" style=\"object-fit:contain;width:250px;height:100px\" srcset=\"https:\/\/somcomunitats.coop\/wp-content\/uploads\/2025\/09\/goiener-logo.png 1348w, https:\/\/somcomunitats.coop\/wp-content\/uploads\/2025\/09\/goiener-logo-300x72.png 300w, https:\/\/somcomunitats.coop\/wp-content\/uploads\/2025\/09\/goiener-logo-1024x245.png 1024w, https:\/\/somcomunitats.coop\/wp-content\/uploads\/2025\/09\/goiener-logo-768x184.png 768w\" sizes=\"auto, (max-width: 1348px) 100vw, 1348px\" \/><\/figure>\n<\/div>\n\n\n\n<div style=\"height:0px\" aria-hidden=\"true\" class=\"wp-block-spacer wp-container-content-5cee9cb3\"><\/div>\n\n\n\n<div class=\"wp-block-group is-style-horizontal-padded ce-card-body is-layout-flow wp-block-group-is-layout-flow\">\n<div style=\"height:1em;width:0px\" aria-hidden=\"true\" class=\"wp-block-spacer\"><\/div>\n\n\n\n<h5 class=\"wp-block-heading\">GoiEner<\/h5>\n\n\n\n<p class=\"wp-block-paragraph\">GoiEner es un proyecto cooperativo de generaci\u00f3n y consumo de energ\u00eda renovable con el que se quiere recuperar la soberan\u00eda energ\u00e9tica.<\/p>\n\n\n\n<div style=\"height:1rem\" aria-hidden=\"true\" class=\"wp-block-spacer\"><\/div>\n<\/div>\n\n\n\n<div class=\"wp-block-group ce-card-footer is-style-horizontal-padded is-layout-constrained wp-block-group-is-layout-constrained\">\n<div class=\"wp-block-buttons is-layout-flex wp-block-buttons-is-layout-flex\" style=\"margin-top:0;margin-bottom:0\">\n<div class=\"wp-block-button\"><a class=\"wp-block-button__link has-main-color has-primary-background-color has-text-color has-background wp-element-button\" href=\"https:\/\/somcomunitats.coop\/coord\/energiarekin-s-coop\/\">M\u00e1s informaci\u00f3n<\/a><\/div>\n<\/div>\n<\/div>\n<\/article>\n<\/div>\n\n\n\n<div class=\"wp-block-column is-vertically-aligned-stretch has-base-background-color has-background is-layout-flow wp-container-core-column-is-layout-64180f48 wp-block-column-is-layout-flow\" style=\"padding-top:40px;padding-bottom:40px\">\n<article class=\"wp-block-group ce-card is-style-no-padding has-base-background-color has-background wp-container-content-2f62e668 is-vertical is-content-justification-stretch is-layout-flex wp-container-core-group-is-layout-7879b453 wp-block-group-is-layout-flex\">\n<div class=\"wp-block-group ce-card-header wp-container-content-c0740251 is-vertical is-content-justification-right is-layout-flex wp-container-core-group-is-layout-642ff1e7 wp-block-group-is-layout-flex\" style=\"margin-top:var(--wp--preset--spacing--20);margin-bottom:var(--wp--preset--spacing--20)\">\n<div class=\"wp-block-buttons wp-container-content-e1bb55cb is-vertical is-content-justification-right is-layout-flex wp-container-core-buttons-is-layout-2a60ae35 wp-block-buttons-is-layout-flex\">\n<div class=\"wp-block-button is-style-rounded\"><a class=\"wp-block-button__link has-base-color has-brand-background-color has-text-color has-background has-xx-small-font-size has-custom-font-size wp-element-button\" style=\"padding-top:0.44rem;padding-right:var(--wp--preset--spacing--40);padding-bottom:0.44rem;padding-left:var(--wp--preset--spacing--40)\">Comunidades ciudadanas<\/a><\/div>\n\n\n\n<div class=\"wp-block-button is-style-rounded\"><a class=\"wp-block-button__link has-base-color has-main-background-color has-text-color has-background has-xx-small-font-size has-custom-font-size wp-element-button\" style=\"padding-top:0.44rem;padding-right:var(--wp--preset--spacing--40);padding-bottom:0.44rem;padding-left:var(--wp--preset--spacing--40)\">Castilla y Le\u00f3n<\/a><\/div>\n<\/div>\n<\/div>\n\n\n\n<div class=\"wp-block-group wp-container-content-d50df0bc is-content-justification-center is-nowrap is-layout-flex wp-container-core-group-is-layout-60fd53d7 wp-block-group-is-layout-flex\">\n<figure class=\"wp-block-image size-full is-resized is-style-image-center\"><a href=\"https:\/\/somcomunitats.coop\/coord\/energetica-coop\/\"><img loading=\"lazy\" decoding=\"async\" width=\"360\" height=\"160\" src=\"https:\/\/somcomunitats.coop\/wp-content\/uploads\/2025\/04\/Logo-we-Energe\u0301tica.png\" alt=\"\" class=\"wp-image-10189\" style=\"width:auto;height:100px\" srcset=\"https:\/\/somcomunitats.coop\/wp-content\/uploads\/2025\/04\/Logo-we-Energe\u0301tica.png 360w, https:\/\/somcomunitats.coop\/wp-content\/uploads\/2025\/04\/Logo-we-Energe\u0301tica-300x133.png 300w\" sizes=\"auto, (max-width: 360px) 100vw, 360px\" \/><\/a><\/figure>\n<\/div>\n\n\n\n<div style=\"height:16px\" aria-hidden=\"true\" class=\"wp-block-spacer wp-container-content-f9bd05ee\"><\/div>\n\n\n\n<div class=\"wp-block-group is-style-horizontal-padded ce-card-body is-layout-flow wp-block-group-is-layout-flow\">\n<div style=\"height:1em;width:0px\" aria-hidden=\"true\" class=\"wp-block-spacer\"><\/div>\n\n\n\n<h5 class=\"wp-block-heading\">Energ\u00e9tica Coop<\/h5>\n\n\n\n<p class=\"wp-block-paragraph\">Cooperativa sin \u00e1nimo de lucro que provee servicios de suministro el\u00e9ctrico, instalaciones fotovoltaicas, climatizaci\u00f3n renovable e I+D+i, con amplia trayectoria en consultor\u00eda, fomento, acompa\u00f1amiento e instalaci\u00f3n de Comunidades Energ\u00e9ticas en Castilla y Le\u00f3n.<\/p>\n\n\n\n<div style=\"height:1rem\" aria-hidden=\"true\" class=\"wp-block-spacer\"><\/div>\n<\/div>\n\n\n\n<div class=\"wp-block-group ce-card-footer is-style-horizontal-padded is-layout-constrained wp-block-group-is-layout-constrained\">\n<div class=\"wp-block-buttons is-layout-flex wp-block-buttons-is-layout-flex\" style=\"margin-top:0;margin-bottom:0\">\n<div class=\"wp-block-button\"><a class=\"wp-block-button__link has-main-color has-primary-background-color has-text-color has-background wp-element-button\" href=\"https:\/\/somcomunitats.coop\/coord\/energetica-coop\/\">M\u00e1s informaci\u00f3n<\/a><\/div>\n<\/div>\n<\/div>\n<\/article>\n<\/div>\n\n\n\n<div class=\"wp-block-column is-vertically-aligned-stretch has-base-background-color has-background is-layout-flow wp-block-column-is-layout-flow\" style=\"padding-top:40px;padding-right:0;padding-bottom:40px;padding-left:0\">\n<article class=\"wp-block-group ce-card is-style-no-padding has-base-background-color has-background wp-container-content-2f62e668 is-vertical is-content-justification-stretch is-layout-flex wp-container-core-group-is-layout-7879b453 wp-block-group-is-layout-flex\">\n<div class=\"wp-block-group ce-card-header wp-container-content-c0740251 is-vertical is-content-justification-right is-layout-flex wp-container-core-group-is-layout-642ff1e7 wp-block-group-is-layout-flex\" style=\"margin-top:var(--wp--preset--spacing--20);margin-bottom:var(--wp--preset--spacing--20)\">\n<div class=\"wp-block-buttons wp-container-content-e1bb55cb is-vertical is-content-justification-right is-layout-flex wp-container-core-buttons-is-layout-2a60ae35 wp-block-buttons-is-layout-flex\">\n<div class=\"wp-block-button is-style-rounded\"><a class=\"wp-block-button__link has-base-color has-brand-background-color has-text-color has-background has-xx-small-font-size has-custom-font-size wp-element-button\" style=\"padding-top:0.44rem;padding-right:var(--wp--preset--spacing--40);padding-bottom:0.44rem;padding-left:var(--wp--preset--spacing--40)\">Comunidades ciudadanas<\/a><\/div>\n\n\n\n<div class=\"wp-block-button is-style-rounded\"><a class=\"wp-block-button__link has-base-color has-main-background-color has-text-color has-background has-xx-small-font-size has-custom-font-size wp-element-button\" style=\"padding-top:0.44rem;padding-right:var(--wp--preset--spacing--40);padding-bottom:0.44rem;padding-left:var(--wp--preset--spacing--40)\">Estatal<\/a><\/div>\n<\/div>\n<\/div>\n\n\n\n<div class=\"wp-block-group wp-container-content-d50df0bc is-content-justification-center is-nowrap is-layout-flex wp-container-core-group-is-layout-60fd53d7 wp-block-group-is-layout-flex\">\n<figure class=\"wp-block-image size-full is-resized is-style-image-center\"><img loading=\"lazy\" decoding=\"async\" width=\"2560\" height=\"1585\" src=\"https:\/\/somcomunitats.coop\/wp-content\/uploads\/2025\/09\/SomEnergia_Logo_Verd-scaled-1.jpg\" alt=\"\" class=\"wp-image-11547\" style=\"width:auto;height:100px\" srcset=\"https:\/\/somcomunitats.coop\/wp-content\/uploads\/2025\/09\/SomEnergia_Logo_Verd-scaled-1.jpg 2560w, https:\/\/somcomunitats.coop\/wp-content\/uploads\/2025\/09\/SomEnergia_Logo_Verd-scaled-1-300x186.jpg 300w, https:\/\/somcomunitats.coop\/wp-content\/uploads\/2025\/09\/SomEnergia_Logo_Verd-scaled-1-1024x634.jpg 1024w, https:\/\/somcomunitats.coop\/wp-content\/uploads\/2025\/09\/SomEnergia_Logo_Verd-scaled-1-768x476.jpg 768w, https:\/\/somcomunitats.coop\/wp-content\/uploads\/2025\/09\/SomEnergia_Logo_Verd-scaled-1-1536x951.jpg 1536w, https:\/\/somcomunitats.coop\/wp-content\/uploads\/2025\/09\/SomEnergia_Logo_Verd-scaled-1-2048x1268.jpg 2048w\" sizes=\"auto, (max-width: 2560px) 100vw, 2560px\" \/><\/figure>\n<\/div>\n\n\n\n<div style=\"height:16px\" aria-hidden=\"true\" class=\"wp-block-spacer wp-container-content-f9bd05ee\"><\/div>\n\n\n\n<div class=\"wp-block-group is-style-horizontal-padded ce-card-body is-layout-flow wp-block-group-is-layout-flow\">\n<div style=\"height:1em;width:0px\" aria-hidden=\"true\" class=\"wp-block-spacer\"><\/div>\n\n\n\n<h5 class=\"wp-block-heading\">Som Energia<\/h5>\n\n\n\n<p class=\"wp-block-paragraph\">Impulsamos y gestionamos proyectos colectivos en torno a la energ\u00eda renovable. Gestionados democr\u00e1ticamente por la ciudadan\u00eda. Ofrecemos soporte t\u00e9cnico, legal y organizativo para facilitar la creaci\u00f3n y gesti\u00f3n de estas comunidades energ\u00e9ticas. Todo esto con mirada hacia un modelo energ\u00e9tico m\u00e1s democr\u00e1tico, sostenible y arraigado en el territorio.<\/p>\n\n\n\n<div style=\"height:1rem\" aria-hidden=\"true\" class=\"wp-block-spacer\"><\/div>\n<\/div>\n\n\n\n<div class=\"wp-block-group ce-card-footer is-style-horizontal-padded is-layout-constrained wp-block-group-is-layout-constrained\">\n<div class=\"wp-block-buttons is-layout-flex wp-block-buttons-is-layout-flex\" style=\"margin-top:0;margin-bottom:0\">\n<div class=\"wp-block-button\"><a class=\"wp-block-button__link has-main-color has-primary-background-color has-text-color has-background wp-element-button\" href=\"https:\/\/somcomunitats.coop\/coord\/som-energia\/\">M\u00e1s informaci\u00f3n<\/a><\/div>\n<\/div>\n<\/div>\n<\/article>\n<\/div>\n<\/div>\n\n\n\n<div style=\"height:3rem\" aria-hidden=\"true\" class=\"wp-block-spacer\"><\/div>\n\n\n\n<div class=\"wp-block-columns is-layout-flex wp-container-core-columns-is-layout-20330d8c wp-block-columns-is-layout-flex\">\n<div class=\"wp-block-column is-vertically-aligned-stretch has-base-background-color has-background is-layout-flow wp-block-column-is-layout-flow\" style=\"padding-top:40px;padding-right:0;padding-bottom:40px;padding-left:0\">\n<article class=\"wp-block-group is-style-no-padding ce-card has-base-background-color has-background wp-container-content-2f62e668 is-vertical is-content-justification-stretch is-layout-flex wp-container-core-group-is-layout-7879b453 wp-block-group-is-layout-flex\">\n<div class=\"wp-block-group ce-card-header wp-container-content-c0740251 is-vertical is-content-justification-right is-layout-flex wp-container-core-group-is-layout-642ff1e7 wp-block-group-is-layout-flex\" style=\"margin-top:var(--wp--preset--spacing--20);margin-bottom:var(--wp--preset--spacing--20)\">\n<div class=\"wp-block-buttons wp-container-content-e1bb55cb is-vertical is-content-justification-right is-layout-flex wp-container-core-buttons-is-layout-2a60ae35 wp-block-buttons-is-layout-flex\">\n<div class=\"wp-block-button is-style-rounded\"><a class=\"wp-block-button__link has-base-color has-brand-background-color has-text-color has-background has-xx-small-font-size has-custom-font-size wp-element-button\" style=\"padding-top:0.44rem;padding-right:var(--wp--preset--spacing--40);padding-bottom:0.44rem;padding-left:var(--wp--preset--spacing--40)\">Comunidades ciudadanas<\/a><\/div>\n\n\n\n<div class=\"wp-block-button is-style-rounded\"><a class=\"wp-block-button__link has-base-color has-main-background-color has-text-color has-background has-xx-small-font-size has-custom-font-size wp-element-button\" style=\"padding-top:0.44rem;padding-right:var(--wp--preset--spacing--40);padding-bottom:0.44rem;padding-left:var(--wp--preset--spacing--40)\">Extremadura<\/a><\/div>\n<\/div>\n<\/div>\n\n\n\n<div class=\"wp-block-group wp-container-content-d50df0bc is-content-justification-center is-nowrap is-layout-flex wp-container-core-group-is-layout-60fd53d7 wp-block-group-is-layout-flex\">\n<figure class=\"wp-block-image size-full is-resized is-style-image-center\"><img loading=\"lazy\" decoding=\"async\" width=\"897\" height=\"296\" src=\"https:\/\/somcomunitats.coop\/wp-content\/uploads\/2025\/06\/153-primary_image_file.jpeg\" alt=\"\" class=\"wp-image-10752\" style=\"object-fit:contain;width:250px;height:100px\" srcset=\"https:\/\/somcomunitats.coop\/wp-content\/uploads\/2025\/06\/153-primary_image_file.jpeg 897w, https:\/\/somcomunitats.coop\/wp-content\/uploads\/2025\/06\/153-primary_image_file-300x99.jpeg 300w, https:\/\/somcomunitats.coop\/wp-content\/uploads\/2025\/06\/153-primary_image_file-768x253.jpeg 768w\" sizes=\"auto, (max-width: 897px) 100vw, 897px\" \/><\/figure>\n<\/div>\n\n\n\n<div style=\"height:0px\" aria-hidden=\"true\" class=\"wp-block-spacer wp-container-content-5cee9cb3\"><\/div>\n\n\n\n<div class=\"wp-block-group is-style-horizontal-padded ce-card-body is-layout-flow wp-block-group-is-layout-flow\">\n<div style=\"height:1em;width:0px\" aria-hidden=\"true\" class=\"wp-block-spacer\"><\/div>\n\n\n\n<h5 class=\"wp-block-heading\">EnVerde<\/h5>\n\n\n\n<p class=\"wp-block-paragraph\">Un proyecto ciudadano cooperativo que surge de la uni\u00f3n de personas que viven por todo el territorio de Extremadura y que est\u00e1n unidas por la convicci\u00f3n de que otro modelo energ\u00e9tico es posible: un modelo distribuido, horizontal y en manos de las personas.<\/p>\n\n\n\n<div style=\"height:1rem\" aria-hidden=\"true\" class=\"wp-block-spacer\"><\/div>\n<\/div>\n\n\n\n<div class=\"wp-block-group ce-card-footer is-style-horizontal-padded is-layout-constrained wp-block-group-is-layout-constrained\">\n<div class=\"wp-block-buttons is-layout-flex wp-block-buttons-is-layout-flex\" style=\"margin-top:0;margin-bottom:0\">\n<div class=\"wp-block-button\"><a class=\"wp-block-button__link has-main-color has-primary-background-color has-text-color has-background wp-element-button\" href=\"https:\/\/somcomunitats.coop\/coord\/energia-en-verde\/\">M\u00e1s informaci\u00f3n<\/a><\/div>\n<\/div>\n<\/div>\n<\/article>\n<\/div>\n\n\n\n<div class=\"wp-block-column is-vertically-aligned-stretch has-base-background-color has-background is-layout-flow wp-container-core-column-is-layout-64180f48 wp-block-column-is-layout-flow\" style=\"padding-top:40px;padding-bottom:40px\">\n<article class=\"wp-block-group ce-card is-style-no-padding has-base-background-color has-background wp-container-content-2f62e668 is-vertical is-content-justification-stretch is-layout-flex wp-container-core-group-is-layout-7879b453 wp-block-group-is-layout-flex\">\n<div class=\"wp-block-group ce-card-header wp-container-content-c0740251 is-vertical is-content-justification-right is-layout-flex wp-container-core-group-is-layout-642ff1e7 wp-block-group-is-layout-flex\" style=\"margin-top:var(--wp--preset--spacing--20);margin-bottom:var(--wp--preset--spacing--20)\">\n<div class=\"wp-block-buttons wp-container-content-e1bb55cb is-vertical is-content-justification-right is-layout-flex wp-container-core-buttons-is-layout-2a60ae35 wp-block-buttons-is-layout-flex\">\n<div class=\"wp-block-button is-style-rounded\"><a class=\"wp-block-button__link has-base-color has-brand-background-color has-text-color has-background has-xx-small-font-size has-custom-font-size wp-element-button\" style=\"padding-top:0.44rem;padding-right:var(--wp--preset--spacing--40);padding-bottom:0.44rem;padding-left:var(--wp--preset--spacing--40)\">Comunidades ciudadanas<\/a><\/div>\n\n\n\n<div class=\"wp-block-button is-style-rounded\"><a class=\"wp-block-button__link has-base-color has-main-background-color has-text-color has-background has-xx-small-font-size has-custom-font-size wp-element-button\" style=\"padding-top:0.44rem;padding-right:var(--wp--preset--spacing--40);padding-bottom:0.44rem;padding-left:var(--wp--preset--spacing--40)\">Granada<\/a><\/div>\n<\/div>\n<\/div>\n\n\n\n<div class=\"wp-block-group wp-container-content-d50df0bc is-content-justification-center is-nowrap is-layout-flex wp-container-core-group-is-layout-60fd53d7 wp-block-group-is-layout-flex\">\n<figure class=\"wp-block-image size-full is-resized is-style-image-center\"><img loading=\"lazy\" decoding=\"async\" width=\"1920\" height=\"432\" src=\"https:\/\/somcomunitats.coop\/wp-content\/uploads\/2025\/06\/Cooperase.png\" alt=\"\" class=\"wp-image-10772\" style=\"width:282px;height:auto\" srcset=\"https:\/\/somcomunitats.coop\/wp-content\/uploads\/2025\/06\/Cooperase.png 1920w, https:\/\/somcomunitats.coop\/wp-content\/uploads\/2025\/06\/Cooperase-300x68.png 300w, https:\/\/somcomunitats.coop\/wp-content\/uploads\/2025\/06\/Cooperase-1024x230.png 1024w, https:\/\/somcomunitats.coop\/wp-content\/uploads\/2025\/06\/Cooperase-768x173.png 768w, https:\/\/somcomunitats.coop\/wp-content\/uploads\/2025\/06\/Cooperase-1536x346.png 1536w\" sizes=\"auto, (max-width: 1920px) 100vw, 1920px\" \/><\/figure>\n<\/div>\n\n\n\n<div style=\"height:16px\" aria-hidden=\"true\" class=\"wp-block-spacer wp-container-content-f9bd05ee\"><\/div>\n\n\n\n<div class=\"wp-block-group is-style-horizontal-padded ce-card-body is-layout-flow wp-block-group-is-layout-flow\">\n<div style=\"height:1em;width:0px\" aria-hidden=\"true\" class=\"wp-block-spacer\"><\/div>\n\n\n\n<h5 class=\"wp-block-heading\">Cooperase<\/h5>\n\n\n\n<p class=\"wp-block-paragraph\">Cooperativa de trabajo granadina que desde el a\u00f1o 2017 realiza proyectos de consultor\u00eda, ingenier\u00eda y arquitectura relacionados con el ahorro energ\u00e9tico, las energ\u00edas renovables, el medioambiente, el urbanismo sostenible y la transici\u00f3n energ\u00e9tica.<\/p>\n\n\n\n<div style=\"height:1rem\" aria-hidden=\"true\" class=\"wp-block-spacer\"><\/div>\n<\/div>\n\n\n\n<div class=\"wp-block-group ce-card-footer is-style-horizontal-padded is-layout-constrained wp-block-group-is-layout-constrained\">\n<div class=\"wp-block-buttons is-layout-flex wp-block-buttons-is-layout-flex\" style=\"margin-top:0;margin-bottom:0\">\n<div class=\"wp-block-button\"><a class=\"wp-block-button__link has-main-color has-primary-background-color has-text-color has-background wp-element-button\" href=\"https:\/\/somcomunitats.coop\/coord\/cooperase\/\">M\u00e1s informaci\u00f3n<\/a><\/div>\n<\/div>\n<\/div>\n<\/article>\n<\/div>\n\n\n\n<div class=\"wp-block-column is-vertically-aligned-stretch has-base-background-color has-background is-layout-flow wp-block-column-is-layout-flow\" style=\"padding-top:40px;padding-right:0;padding-bottom:40px;padding-left:0\">\n<article class=\"wp-block-group ce-card is-style-no-padding has-base-background-color has-background wp-container-content-2f62e668 is-vertical is-content-justification-stretch is-layout-flex wp-container-core-group-is-layout-7879b453 wp-block-group-is-layout-flex\">\n<div class=\"wp-block-group ce-card-header wp-container-content-c0740251 is-vertical is-content-justification-right is-layout-flex wp-container-core-group-is-layout-642ff1e7 wp-block-group-is-layout-flex\" style=\"margin-top:var(--wp--preset--spacing--20);margin-bottom:var(--wp--preset--spacing--20)\">\n<div class=\"wp-block-buttons wp-container-content-e1bb55cb is-vertical is-content-justification-right is-layout-flex wp-container-core-buttons-is-layout-2a60ae35 wp-block-buttons-is-layout-flex\">\n<div class=\"wp-block-button is-style-rounded\"><a class=\"wp-block-button__link has-base-color has-brand-background-color has-text-color has-background has-xx-small-font-size has-custom-font-size wp-element-button\" style=\"padding-top:0.44rem;padding-right:var(--wp--preset--spacing--40);padding-bottom:0.44rem;padding-left:var(--wp--preset--spacing--40)\">Comunidades ciudadanas<\/a><\/div>\n\n\n\n<div class=\"wp-block-button is-style-rounded\"><a class=\"wp-block-button__link has-base-color has-main-background-color has-text-color has-background has-xx-small-font-size has-custom-font-size wp-element-button\" style=\"padding-top:0.44rem;padding-right:var(--wp--preset--spacing--40);padding-bottom:0.44rem;padding-left:var(--wp--preset--spacing--40)\">Canarias<\/a><\/div>\n<\/div>\n<\/div>\n\n\n\n<div class=\"wp-block-group wp-container-content-d50df0bc is-content-justification-center is-nowrap is-layout-flex wp-container-core-group-is-layout-60fd53d7 wp-block-group-is-layout-flex\">\n<figure class=\"wp-block-image size-full is-resized is-style-image-center\"><a href=\"https:\/\/somcomunitats.coop\/coord\/tamaran-educa-coordinadora\/\"><img loading=\"lazy\" decoding=\"async\" width=\"222\" height=\"213\" src=\"https:\/\/somcomunitats.coop\/wp-content\/uploads\/2025\/11\/171-company_logo.jpg\" alt=\"\" class=\"wp-image-11701\" style=\"width:124px;height:auto\"\/><\/a><\/figure>\n<\/div>\n\n\n\n<div style=\"height:16px\" aria-hidden=\"true\" class=\"wp-block-spacer wp-container-content-f9bd05ee\"><\/div>\n\n\n\n<div class=\"wp-block-group is-style-horizontal-padded ce-card-body is-layout-flow wp-block-group-is-layout-flow\">\n<div style=\"height:1em;width:0px\" aria-hidden=\"true\" class=\"wp-block-spacer\"><\/div>\n\n\n\n<h5 class=\"wp-block-heading\">Tamar\u00e1n Educa<\/h5>\n\n\n\n<p class=\"wp-block-paragraph\">Somos una Comunidad Energ\u00e9tica ubicada en el municipio de Ag\u00fcimes, con tres comunidades filiales m\u00e1s en proyecto de creaci\u00f3n, para poder abastecer los municipios de la isla de Gran Canaria y la isla de Hierro.<\/p>\n\n\n\n<div style=\"height:1rem\" aria-hidden=\"true\" class=\"wp-block-spacer\"><\/div>\n<\/div>\n\n\n\n<div class=\"wp-block-group ce-card-footer is-style-horizontal-padded is-layout-constrained wp-block-group-is-layout-constrained\">\n<div class=\"wp-block-buttons is-layout-flex wp-block-buttons-is-layout-flex\" style=\"margin-top:0;margin-bottom:0\">\n<div class=\"wp-block-button\"><a class=\"wp-block-button__link has-main-color has-primary-background-color has-text-color has-background wp-element-button\" href=\"https:\/\/somcomunitats.coop\/coord\/tamaran-educa-coordinadora\/\">M\u00e1s informaci\u00f3n<\/a><\/div>\n<\/div>\n<\/div>\n<\/article>\n<\/div>\n<\/div>\n\n\n\n<div style=\"height:3rem\" aria-hidden=\"true\" class=\"wp-block-spacer\"><\/div>\n\n\n\n<div class=\"wp-block-columns is-layout-flex wp-container-core-columns-is-layout-20330d8c wp-block-columns-is-layout-flex\">\n<div class=\"wp-block-column is-vertically-aligned-stretch has-base-background-color has-background is-layout-flow wp-block-column-is-layout-flow\" style=\"padding-top:40px;padding-right:0;padding-bottom:40px;padding-left:0\">\n<article class=\"wp-block-group is-style-no-padding ce-card has-base-background-color has-background wp-container-content-2f62e668 is-vertical is-content-justification-stretch is-layout-flex wp-container-core-group-is-layout-7879b453 wp-block-group-is-layout-flex\">\n<div class=\"wp-block-group ce-card-header wp-container-content-c0740251 is-vertical is-content-justification-right is-layout-flex wp-container-core-group-is-layout-642ff1e7 wp-block-group-is-layout-flex\" style=\"margin-top:var(--wp--preset--spacing--20);margin-bottom:var(--wp--preset--spacing--20)\">\n<div class=\"wp-block-buttons wp-container-content-e1bb55cb is-vertical is-content-justification-right is-layout-flex wp-container-core-buttons-is-layout-2a60ae35 wp-block-buttons-is-layout-flex\">\n<div class=\"wp-block-button is-style-rounded\"><a class=\"wp-block-button__link has-base-color has-brand-background-color has-text-color has-background has-xx-small-font-size has-custom-font-size wp-element-button\" style=\"padding-top:0.44rem;padding-right:var(--wp--preset--spacing--40);padding-bottom:0.44rem;padding-left:var(--wp--preset--spacing--40)\">Comunidades ciudadanas<\/a><\/div>\n\n\n\n<div class=\"wp-block-button is-style-rounded\"><a class=\"wp-block-button__link has-base-color has-main-background-color has-text-color has-background has-xx-small-font-size has-custom-font-size wp-element-button\" style=\"padding-top:0.44rem;padding-right:var(--wp--preset--spacing--40);padding-bottom:0.44rem;padding-left:var(--wp--preset--spacing--40)\">Catalu\u00f1a<\/a><\/div>\n<\/div>\n<\/div>\n\n\n\n<div class=\"wp-block-group wp-container-content-d50df0bc is-content-justification-center is-nowrap is-layout-flex wp-container-core-group-is-layout-60fd53d7 wp-block-group-is-layout-flex\">\n<figure class=\"wp-block-image size-full is-resized is-style-image-center\"><img loading=\"lazy\" decoding=\"async\" width=\"1007\" height=\"432\" src=\"https:\/\/somcomunitats.coop\/wp-content\/uploads\/2026\/07\/Fundacio-Europace.jpg\" alt=\"\" class=\"wp-image-12481\" style=\"object-fit:contain;width:250px;height:100px\" srcset=\"https:\/\/somcomunitats.coop\/wp-content\/uploads\/2026\/07\/Fundacio-Europace.jpg 1007w, https:\/\/somcomunitats.coop\/wp-content\/uploads\/2026\/07\/Fundacio-Europace-300x129.jpg 300w, https:\/\/somcomunitats.coop\/wp-content\/uploads\/2026\/07\/Fundacio-Europace-768x329.jpg 768w\" sizes=\"auto, (max-width: 1007px) 100vw, 1007px\" \/><\/figure>\n<\/div>\n\n\n\n<div style=\"height:0px\" aria-hidden=\"true\" class=\"wp-block-spacer wp-container-content-5cee9cb3\"><\/div>\n\n\n\n<div class=\"wp-block-group is-style-horizontal-padded ce-card-body is-layout-flow wp-block-group-is-layout-flow\">\n<div style=\"height:1em;width:0px\" aria-hidden=\"true\" class=\"wp-block-spacer\"><\/div>\n\n\n\n<h5 class=\"wp-block-heading\">Fundaci\u00f3 Europace<\/h5>\n\n\n\n<p class=\"wp-block-paragraph\">La Fundaci\u00f3n Europace es una entidad sin \u00e1nimo de lucro que acompa\u00f1a a personas, administraciones, empresas y comunidades en el impulso de proyectos de eficiencia energ\u00e9tica, energ\u00edas renovables y descarbonizaci\u00f3n de edificios. Trabajamos para que las comunidades sean protagonistas de un modelo energ\u00e9tico m\u00e1s eficiente, justo, descentralizado y democr\u00e1tico.<\/p>\n\n\n\n<div style=\"height:1rem\" aria-hidden=\"true\" class=\"wp-block-spacer\"><\/div>\n<\/div>\n\n\n\n<div class=\"wp-block-group ce-card-footer is-style-horizontal-padded is-layout-constrained wp-block-group-is-layout-constrained\">\n<div class=\"wp-block-buttons is-layout-flex wp-block-buttons-is-layout-flex\" style=\"margin-top:0;margin-bottom:0\">\n<div class=\"wp-block-button\"><a class=\"wp-block-button__link has-main-color has-primary-background-color has-text-color has-background wp-element-button\" href=\"https:\/\/somcomunitats.coop\/es\/coord\/fundacio-europace\/\">M\u00e1s informaci\u00f3n<\/a><\/div>\n<\/div>\n<\/div>\n<\/article>\n<\/div>\n\n\n\n<div class=\"wp-block-column is-vertically-aligned-stretch has-base-background-color has-background is-layout-flow wp-container-core-column-is-layout-64180f48 wp-block-column-is-layout-flow\" style=\"padding-top:40px;padding-bottom:40px\">\n<article class=\"wp-block-group ce-card is-style-no-padding has-base-background-color has-background wp-container-content-2f62e668 is-vertical is-content-justification-stretch is-layout-flex wp-container-core-group-is-layout-7879b453 wp-block-group-is-layout-flex\">\n<div class=\"wp-block-group ce-card-header wp-container-content-c0740251 is-vertical is-content-justification-right is-layout-flex wp-container-core-group-is-layout-642ff1e7 wp-block-group-is-layout-flex\" style=\"margin-top:var(--wp--preset--spacing--20);margin-bottom:var(--wp--preset--spacing--20)\">\n<div class=\"wp-block-buttons wp-container-content-e1bb55cb is-vertical is-content-justification-right is-layout-flex wp-container-core-buttons-is-layout-2a60ae35 wp-block-buttons-is-layout-flex\">\n<div class=\"wp-block-button is-style-rounded\"><a class=\"wp-block-button__link has-base-color has-brand-background-color has-text-color has-background has-xx-small-font-size has-custom-font-size wp-element-button\" style=\"padding-top:0.44rem;padding-right:var(--wp--preset--spacing--40);padding-bottom:0.44rem;padding-left:var(--wp--preset--spacing--40)\">Comunidades ciudadanas<\/a><\/div>\n\n\n\n<div class=\"wp-block-button is-style-rounded\"><a class=\"wp-block-button__link has-base-color has-main-background-color has-text-color has-background has-xx-small-font-size has-custom-font-size wp-element-button\" style=\"padding-top:0.44rem;padding-right:var(--wp--preset--spacing--40);padding-bottom:0.44rem;padding-left:var(--wp--preset--spacing--40)\">Estatal<\/a><\/div>\n<\/div>\n<\/div>\n\n\n\n<div class=\"wp-block-group wp-container-content-d50df0bc is-content-justification-center is-nowrap is-layout-flex wp-container-core-group-is-layout-60fd53d7 wp-block-group-is-layout-flex\">\n<figure class=\"wp-block-image size-full is-resized is-style-image-center\"><img loading=\"lazy\" decoding=\"async\" width=\"1850\" height=\"395\" src=\"https:\/\/somcomunitats.coop\/wp-content\/uploads\/2026\/07\/UnergicaLogo_Color-Gabriel-Bernardez-Exposito.png\" alt=\"\" class=\"wp-image-12482\" style=\"width:282px;height:auto\" srcset=\"https:\/\/somcomunitats.coop\/wp-content\/uploads\/2026\/07\/UnergicaLogo_Color-Gabriel-Bernardez-Exposito.png 1850w, https:\/\/somcomunitats.coop\/wp-content\/uploads\/2026\/07\/UnergicaLogo_Color-Gabriel-Bernardez-Exposito-300x64.png 300w, https:\/\/somcomunitats.coop\/wp-content\/uploads\/2026\/07\/UnergicaLogo_Color-Gabriel-Bernardez-Exposito-1024x219.png 1024w, https:\/\/somcomunitats.coop\/wp-content\/uploads\/2026\/07\/UnergicaLogo_Color-Gabriel-Bernardez-Exposito-768x164.png 768w, https:\/\/somcomunitats.coop\/wp-content\/uploads\/2026\/07\/UnergicaLogo_Color-Gabriel-Bernardez-Exposito-1536x328.png 1536w\" sizes=\"auto, (max-width: 1850px) 100vw, 1850px\" \/><\/figure>\n<\/div>\n\n\n\n<div style=\"height:16px\" aria-hidden=\"true\" class=\"wp-block-spacer wp-container-content-f9bd05ee\"><\/div>\n\n\n\n<div class=\"wp-block-group is-style-horizontal-padded ce-card-body is-layout-flow wp-block-group-is-layout-flow\">\n<div style=\"height:1em;width:0px\" aria-hidden=\"true\" class=\"wp-block-spacer\"><\/div>\n\n\n\n<h5 class=\"wp-block-heading\">Un\u00e9rgica<\/h5>\n\n\n\n<p class=\"wp-block-paragraph\">Desde Un\u0113rgica ofrecemos un acompa\u00f1amiento integral a las comunidades energ\u00e9ticas, desde su concepci\u00f3n inicial hasta la gesti\u00f3n del d\u00eda a d\u00eda. Lo hacemos combinando el asesoramiento jur\u00eddico, econ\u00f3mico y estrat\u00e9gico con el apoyo en gobernanza democr\u00e1tica, participaci\u00f3n y comunicaci\u00f3n, para que cada proyecto sea viable, transparente y arraigado al territorio. Impulsamos modelos que incorporan la lucha contra la vulnerabilidad energ\u00e9tica y la conexi\u00f3n con la econom\u00eda social y solidaria, y dise\u00f1amos itinerarios formativos para que los equipos locales ganen autonom\u00eda, capacidad t\u00e9cnica y fuerza colectiva para consolidar y escalar sus comunidades energ\u00e9ticas.<\/p>\n\n\n\n<div style=\"height:1rem\" aria-hidden=\"true\" class=\"wp-block-spacer\"><\/div>\n<\/div>\n\n\n\n<div class=\"wp-block-group ce-card-footer is-style-horizontal-padded is-layout-constrained wp-block-group-is-layout-constrained\">\n<div class=\"wp-block-buttons is-layout-flex wp-block-buttons-is-layout-flex\" style=\"margin-top:0;margin-bottom:0\">\n<div class=\"wp-block-button\"><a class=\"wp-block-button__link has-main-color has-primary-background-color has-text-color has-background wp-element-button\" href=\"https:\/\/somcomunitats.coop\/es\/coord\/unergica\/\">M\u00e1s informaci\u00f3n<\/a><\/div>\n<\/div>\n<\/div>\n<\/article>\n<\/div>\n\n\n\n<div class=\"wp-block-column is-vertically-aligned-stretch has-base-background-color has-background is-layout-flow wp-block-column-is-layout-flow\" style=\"padding-top:40px;padding-right:0;padding-bottom:40px;padding-left:0\">\n<article class=\"wp-block-group ce-card is-style-no-padding has-base-background-color has-background wp-container-content-2f62e668 is-vertical is-content-justification-stretch is-layout-flex wp-container-core-group-is-layout-7879b453 wp-block-group-is-layout-flex\">\n<div class=\"wp-block-group ce-card-header wp-container-content-c0740251 is-vertical is-content-justification-right is-layout-flex wp-container-core-group-is-layout-642ff1e7 wp-block-group-is-layout-flex\" style=\"margin-top:var(--wp--preset--spacing--20);margin-bottom:var(--wp--preset--spacing--20)\">\n<div class=\"wp-block-buttons wp-container-content-e1bb55cb is-vertical is-content-justification-right is-layout-flex wp-container-core-buttons-is-layout-2a60ae35 wp-block-buttons-is-layout-flex\">\n<div class=\"wp-block-button is-style-rounded\"><a class=\"wp-block-button__link has-base-color has-brand-background-color has-text-color has-background has-xx-small-font-size has-custom-font-size wp-element-button\" style=\"padding-top:0.44rem;padding-right:var(--wp--preset--spacing--40);padding-bottom:0.44rem;padding-left:var(--wp--preset--spacing--40)\">Comunidades ciudadanas<\/a><\/div>\n\n\n\n<div class=\"wp-block-button is-style-rounded\"><a class=\"wp-block-button__link has-base-color has-main-background-color has-text-color has-background has-xx-small-font-size has-custom-font-size wp-element-button\" style=\"padding-top:0.44rem;padding-right:var(--wp--preset--spacing--40);padding-bottom:0.44rem;padding-left:var(--wp--preset--spacing--40)\">Islas Baleares<\/a><\/div>\n<\/div>\n<\/div>\n\n\n\n<div class=\"wp-block-group wp-container-content-d50df0bc is-content-justification-center is-nowrap is-layout-flex wp-container-core-group-is-layout-60fd53d7 wp-block-group-is-layout-flex\">\n<div class=\"wp-block-group is-layout-constrained wp-block-group-is-layout-constrained\">\n<figure class=\"wp-block-image size-full is-resized is-style-image-center\"><img loading=\"lazy\" decoding=\"async\" width=\"2437\" height=\"520\" src=\"https:\/\/somcomunitats.coop\/wp-content\/uploads\/2026\/07\/logo_altrallum-Pedro-Ferriol.png\" alt=\"\" class=\"wp-image-12483\" style=\"width:228px\" srcset=\"https:\/\/somcomunitats.coop\/wp-content\/uploads\/2026\/07\/logo_altrallum-Pedro-Ferriol.png 2437w, https:\/\/somcomunitats.coop\/wp-content\/uploads\/2026\/07\/logo_altrallum-Pedro-Ferriol-300x64.png 300w, https:\/\/somcomunitats.coop\/wp-content\/uploads\/2026\/07\/logo_altrallum-Pedro-Ferriol-1024x218.png 1024w, https:\/\/somcomunitats.coop\/wp-content\/uploads\/2026\/07\/logo_altrallum-Pedro-Ferriol-768x164.png 768w, https:\/\/somcomunitats.coop\/wp-content\/uploads\/2026\/07\/logo_altrallum-Pedro-Ferriol-1536x328.png 1536w, https:\/\/somcomunitats.coop\/wp-content\/uploads\/2026\/07\/logo_altrallum-Pedro-Ferriol-2048x437.png 2048w\" sizes=\"auto, (max-width: 2437px) 100vw, 2437px\" \/><\/figure>\n<\/div>\n<\/div>\n\n\n\n<div style=\"height:16px\" aria-hidden=\"true\" class=\"wp-block-spacer wp-container-content-f9bd05ee\"><\/div>\n\n\n\n<div class=\"wp-block-group is-style-horizontal-padded ce-card-body is-layout-flow wp-block-group-is-layout-flow\">\n<div style=\"height:1em;width:0px\" aria-hidden=\"true\" class=\"wp-block-spacer\"><\/div>\n\n\n\n<h5 class=\"wp-block-heading\">Altrallum<\/h5>\n\n\n\n<p class=\"wp-block-paragraph\">Somos una comunidad energ\u00e9tica con m\u00e1s de cinco a\u00f1os de experiencia en instalaciones individuales y colectivas. Promovemos un modelo democr\u00e1tico de gesti\u00f3n energ\u00e9tica que genera beneficios sociales, ambientales y econ\u00f3micos, y que permite a hogares, empresas y administraciones recuperar el control de su energ\u00eda.<\/p>\n\n\n\n<div style=\"height:1rem\" aria-hidden=\"true\" class=\"wp-block-spacer\"><\/div>\n<\/div>\n\n\n\n<div class=\"wp-block-group ce-card-footer is-style-horizontal-padded is-layout-constrained wp-block-group-is-layout-constrained\">\n<div class=\"wp-block-buttons is-layout-flex wp-block-buttons-is-layout-flex\" style=\"margin-top:0;margin-bottom:0\">\n<div class=\"wp-block-button\"><a class=\"wp-block-button__link has-main-color has-primary-background-color has-text-color has-background wp-element-button\" href=\"https:\/\/somcomunitats.coop\/es\/coord\/altrallum\/\">M\u00e1s informaci\u00f3n<\/a><\/div>\n<\/div>\n<\/div>\n<\/article>\n<\/div>\n<\/div>\n\n\n\n<div style=\"height:6rem\" aria-hidden=\"true\" class=\"wp-block-spacer\"><\/div>\n<\/div>\n<\/div>\n\n\n\n<section class=\"wp-block-group alignfull is-style-no-padding is-layout-flow wp-block-group-is-layout-flow\">\n<div class=\"wp-block-group alignfull is-style-show-tablet-desktop is-nowrap is-layout-flex wp-container-core-group-is-layout-166fbcbf wp-block-group-is-layout-flex\">\n<div class=\"wp-block-group wp-container-content-2f62e668 is-layout-constrained wp-block-group-is-layout-constrained\">\n<div class=\"wp-block-cover is-light\" style=\"min-height:100%;aspect-ratio:unset;\"><img loading=\"lazy\" decoding=\"async\" width=\"1400\" height=\"1400\" class=\"wp-block-cover__image-background wp-image-5088\" alt=\"\" src=\"https:\/\/web-testing.somcomunitats.coop\/wp-content\/uploads\/2023\/10\/FAQS.jpg\" data-object-fit=\"cover\" srcset=\"https:\/\/somcomunitats.coop\/wp-content\/uploads\/2023\/10\/FAQS.jpg 1400w, https:\/\/somcomunitats.coop\/wp-content\/uploads\/2023\/10\/FAQS-300x300.jpg 300w, https:\/\/somcomunitats.coop\/wp-content\/uploads\/2023\/10\/FAQS-1024x1024.jpg 1024w, https:\/\/somcomunitats.coop\/wp-content\/uploads\/2023\/10\/FAQS-150x150.jpg 150w, https:\/\/somcomunitats.coop\/wp-content\/uploads\/2023\/10\/FAQS-768x768.jpg 768w\" sizes=\"auto, (max-width: 1400px) 100vw, 1400px\" \/><span aria-hidden=\"true\" class=\"wp-block-cover__background has-background-dim-0 has-background-dim\"><\/span><div class=\"wp-block-cover__inner-container is-layout-constrained wp-block-cover-is-layout-constrained\">\n<p class=\"has-text-align-center has-large-font-size wp-block-paragraph\"><\/p>\n<\/div><\/div>\n<\/div>\n\n\n\n<div class=\"wp-block-group is-style-horizontal-padded has-second-base-ultra-light-background-color has-background wp-container-content-663c14dd is-layout-flow wp-block-group-is-layout-flow\">\n<div style=\"height:6rem\" aria-hidden=\"true\" class=\"wp-block-spacer\"><\/div>\n\n\n\n<h3 class=\"wp-block-heading has-main-color has-text-color\">Preguntas frecuentes<\/h3>\n\n\n\n<p class=\"has-typography-color has-text-color has-section-texts-font-size wp-block-paragraph\">Hemos recogido las preguntas m\u00e1s habituales que nos llegan por parte de las comunidades energ\u00e9ticas sobre la contrataci\u00f3n de una Coordinadora<\/p>\n\n\n\n<div style=\"height:1rem\" aria-hidden=\"true\" class=\"wp-block-spacer\"><\/div>\n\n\n\n<div class=\"wp-block-getwid-accordion alignwide ce-faqs alignwide\" data-active-element=\"0\">\n<div class=\"wp-block-getwid-accordion__header-wrapper\"><h6 class=\"wp-block-getwid-accordion__header\"><a href=\"#\"><span class=\"wp-block-getwid-accordion__header-title\">\u00bfEs imprescindible tener una Coordinadora?<\/span><span class=\"wp-block-getwid-accordion__icon is-active\"><i class=\"fas fa-chevron-down\"><\/i><\/span><span class=\"wp-block-getwid-accordion__icon is-passive\"><i class=\"fas fa-chevron-up\"><\/i><\/span><\/a><\/h6><\/div><div class=\"wp-block-getwid-accordion__content-wrapper\"><div class=\"wp-block-getwid-accordion__content\">\n<p class=\"has-typography-color has-text-color wp-block-paragraph\">Las Coordinadoras apoyan a las Comunidades Energ\u00e9ticas para desarrollarse y crecer, y por tanto son agentes imprescindibles para la sostenibilidad de una Comunidad Energ\u00e9tica. Recomendamos que cada Comunidad est\u00e9 asociada con una Coordinadora. Para utilizar algunas de las herramientas de Som Comunitats como puede ser el \u00c1rea de Gesti\u00f3n para las personas administradoras o la aplicaci\u00f3n m\u00f3vil (app) para las personas socias es necesario tener una Coordinadora de referencia.<\/p>\n<\/div><\/div>\n\n\n\n<div class=\"wp-block-getwid-accordion__header-wrapper\"><h6 class=\"wp-block-getwid-accordion__header\"><a href=\"#\"><span class=\"wp-block-getwid-accordion__header-title\">A\u00fan no estamos constituidas como Comunidad, \u00bfvale la pena tener una Coordinadora?<\/span><span class=\"wp-block-getwid-accordion__icon is-active\"><i class=\"fas fa-chevron-down\"><\/i><\/span><span class=\"wp-block-getwid-accordion__icon is-passive\"><i class=\"fas fa-chevron-up\"><\/i><\/span><\/a><\/h6><\/div><div class=\"wp-block-getwid-accordion__content-wrapper\"><div class=\"wp-block-getwid-accordion__content\">\n<p class=\"wp-block-paragraph\">Las Coordinadoras apoyan a las Comunidades Energ\u00e9ticas a desarrollarse y crecer, por ello son agentes imprescindibles para la sostenibilidad de las Comunidades y recomendamos que cada Comunidad est\u00e9 asociada con una Coordinadora<\/p>\n<\/div><\/div>\n\n\n\n<div class=\"wp-block-getwid-accordion__header-wrapper\"><h6 class=\"wp-block-getwid-accordion__header\"><a href=\"#\"><span class=\"wp-block-getwid-accordion__header-title\">\u00bfC\u00f3mo puedo saber que Coordinadora es la mejor para nuestra Comunidad?<\/span><span class=\"wp-block-getwid-accordion__icon is-active\"><i class=\"fas fa-chevron-down\"><\/i><\/span><span class=\"wp-block-getwid-accordion__icon is-passive\"><i class=\"fas fa-chevron-up\"><\/i><\/span><\/a><\/h6><\/div><div class=\"wp-block-getwid-accordion__content-wrapper\"><div class=\"wp-block-getwid-accordion__content\">\n<p class=\"wp-block-paragraph\">Cada Coordinadora tiene una cartera de servicios distintos en funci\u00f3n del territorio, servicios energ\u00e9ticos o tipolog\u00eda de agentes. Te recomendamos ver la informaci\u00f3n disponible de las diferentes Coordinadoras para escoger la que mejor se adapte a sus necesidades. Para cualquier duda, puedes <a href=\"https:\/\/www.somcomunitats.coop\/contacte\/\" data-type=\"link\" data-id=\"https:\/\/www.somcomunitats.coop\/contacte\/\">ponerte en contacto<\/a> con nosotros.<\/p>\n<\/div><\/div>\n\n\n\n<div class=\"wp-block-getwid-accordion__header-wrapper\"><h6 class=\"wp-block-getwid-accordion__header\"><a href=\"#\"><span class=\"wp-block-getwid-accordion__header-title\">\u00bfQu\u00e9 coste tiene contratar una Coordinadora?<\/span><span class=\"wp-block-getwid-accordion__icon is-active\"><i class=\"fas fa-chevron-down\"><\/i><\/span><span class=\"wp-block-getwid-accordion__icon is-passive\"><i class=\"fas fa-chevron-up\"><\/i><\/span><\/a><\/h6><\/div><div class=\"wp-block-getwid-accordion__content-wrapper\"><div class=\"wp-block-getwid-accordion__content\">\n<p class=\"wp-block-paragraph\">Para contratar los servicios de Som Comunitats, el coste es el mismo independientemente de la Coordinadora que tengas. Despu\u00e9s, en funci\u00f3n de la cartera de servicios de cada Coordinadora, cada una establecer\u00e1 los precios del resto de servicios a ofrecer. Puede contactar con Som Comunitats o con las distintas Coordinadoras existentes para m\u00e1s informaci\u00f3n.<\/p>\n<\/div><\/div>\n<\/div>\n\n\n\n<div style=\"height:32px\" aria-hidden=\"true\" class=\"wp-block-spacer\"><\/div>\n\n\n\n<div style=\"height:7rem\" aria-hidden=\"true\" class=\"wp-block-spacer\"><\/div>\n<\/div>\n<\/div>\n\n\n\n<section class=\"wp-block-group alignfull is-style-show-mobile is-layout-flow wp-block-group-is-layout-flow\">\n<div class=\"wp-block-group alignfull is-vertical is-content-justification-stretch is-layout-flex wp-container-core-group-is-layout-10dd94be wp-block-group-is-layout-flex\">\n<div class=\"wp-block-group is-style-no-padding wp-container-content-dc435e0d is-layout-constrained wp-block-group-is-layout-constrained\">\n<div class=\"wp-block-cover is-light is-style-default\" style=\"min-height:430px;aspect-ratio:unset;\"><img loading=\"lazy\" decoding=\"async\" width=\"1400\" height=\"1400\" class=\"wp-block-cover__image-background wp-image-5088\" alt=\"\" src=\"https:\/\/web-testing.somcomunitats.coop\/wp-content\/uploads\/2023\/10\/FAQS.jpg\" data-object-fit=\"cover\" srcset=\"https:\/\/somcomunitats.coop\/wp-content\/uploads\/2023\/10\/FAQS.jpg 1400w, https:\/\/somcomunitats.coop\/wp-content\/uploads\/2023\/10\/FAQS-300x300.jpg 300w, https:\/\/somcomunitats.coop\/wp-content\/uploads\/2023\/10\/FAQS-1024x1024.jpg 1024w, https:\/\/somcomunitats.coop\/wp-content\/uploads\/2023\/10\/FAQS-150x150.jpg 150w, https:\/\/somcomunitats.coop\/wp-content\/uploads\/2023\/10\/FAQS-768x768.jpg 768w\" sizes=\"auto, (max-width: 1400px) 100vw, 1400px\" \/><span aria-hidden=\"true\" class=\"wp-block-cover__background has-background-dim-0 has-background-dim\"><\/span><div class=\"wp-block-cover__inner-container is-layout-flow wp-block-cover-is-layout-flow\">\n<p class=\"has-text-align-center has-large-font-size wp-block-paragraph\"><\/p>\n<\/div><\/div>\n<\/div>\n\n\n\n<div class=\"wp-block-group is-style-horizontal-padded has-second-base-ultra-light-background-color has-background wp-container-content-663c14dd is-layout-flow wp-block-group-is-layout-flow\">\n<div style=\"height:3rem\" aria-hidden=\"true\" class=\"wp-block-spacer\"><\/div>\n\n\n\n<h3 class=\"wp-block-heading has-main-color has-text-color\">Preguntas frecuentes<\/h3>\n\n\n\n<p class=\"has-section-texts-font-size wp-block-paragraph\">Hemos recogido las preguntas m\u00e1s habituales que nos llegan de las personas particulares que quieren formar parte de Comunidades Energ\u00e9ticas<\/p>\n\n\n\n<div style=\"height:1rem\" aria-hidden=\"true\" class=\"wp-block-spacer\"><\/div>\n\n\n\n<div class=\"wp-block-getwid-accordion alignwide ce-faqs alignwide\" data-active-element=\"0\">\n<div class=\"wp-block-getwid-accordion__header-wrapper\"><h6 class=\"wp-block-getwid-accordion__header\"><a href=\"#\"><span class=\"wp-block-getwid-accordion__header-title\">\u00bfEs imprescindible tener una Coordinadora?<\/span><span class=\"wp-block-getwid-accordion__icon is-active\"><i class=\"fas fa-chevron-down\"><\/i><\/span><span class=\"wp-block-getwid-accordion__icon is-passive\"><i class=\"fas fa-chevron-up\"><\/i><\/span><\/a><\/h6><\/div><div class=\"wp-block-getwid-accordion__content-wrapper\"><div class=\"wp-block-getwid-accordion__content\">\n<p class=\"has-typography-color has-text-color wp-block-paragraph\">Las Coordinadoras apoyan a las Comunidades Energ\u00e9ticas para desarrollarse y crecer, y por tanto son agentes imprescindibles para la sostenibilidad de una Comunidad Energ\u00e9tica. Recomendamos que cada Comunidad est\u00e9 asociada con una Coordinadora. Para utilizar algunas de las herramientas de Som Comunitats como puede ser el \u00c1rea de Gesti\u00f3n para las personas administradoras o la aplicaci\u00f3n m\u00f3vil (app) para las personas socias es necesario tener una Coordinadora de referencia.<\/p>\n<\/div><\/div>\n\n\n\n<div class=\"wp-block-getwid-accordion__header-wrapper\"><h6 class=\"wp-block-getwid-accordion__header\"><a href=\"#\"><span class=\"wp-block-getwid-accordion__header-title\">A\u00fan no estamos constituidas como Comunidad, \u00bfvale la pena tener una Coordinadora?<\/span><span class=\"wp-block-getwid-accordion__icon is-active\"><i class=\"fas fa-chevron-down\"><\/i><\/span><span class=\"wp-block-getwid-accordion__icon is-passive\"><i class=\"fas fa-chevron-up\"><\/i><\/span><\/a><\/h6><\/div><div class=\"wp-block-getwid-accordion__content-wrapper\"><div class=\"wp-block-getwid-accordion__content\">\n<p class=\"wp-block-paragraph\">Las Coordinadoras apoyan a las Comunidades Energ\u00e9ticas a desarrollarse y crecer, por ello son agentes imprescindibles para la sostenibilidad de las Comunidades y recomendamos que cada Comunidad est\u00e9 asociada con una Coordinadora<\/p>\n<\/div><\/div>\n\n\n\n<div class=\"wp-block-getwid-accordion__header-wrapper\"><h6 class=\"wp-block-getwid-accordion__header\"><a href=\"#\"><span class=\"wp-block-getwid-accordion__header-title\">\u00bfC\u00f3mo puedo saber que Coordinadora es la mejor para nuestra Comunidad?<\/span><span class=\"wp-block-getwid-accordion__icon is-active\"><i class=\"fas fa-chevron-down\"><\/i><\/span><span class=\"wp-block-getwid-accordion__icon is-passive\"><i class=\"fas fa-chevron-up\"><\/i><\/span><\/a><\/h6><\/div><div class=\"wp-block-getwid-accordion__content-wrapper\"><div class=\"wp-block-getwid-accordion__content\">\n<p class=\"wp-block-paragraph\">Cada Coordinadora tiene una cartera de servicios distintos en funci\u00f3n del territorio, servicios energ\u00e9ticos o tipolog\u00eda de agentes. Te recomendamos ver la informaci\u00f3n disponible de las diferentes Coordinadoras para escoger la que mejor se adapte a sus necesidades. Para cualquier duda, puedes <a href=\"https:\/\/www.somcomunitats.coop\/contacte\/\" data-type=\"link\" data-id=\"https:\/\/www.somcomunitats.coop\/contacte\/\">ponerte en contacto<\/a> con nosotros.<\/p>\n<\/div><\/div>\n\n\n\n<div class=\"wp-block-getwid-accordion__header-wrapper\"><h6 class=\"wp-block-getwid-accordion__header\"><a href=\"#\"><span class=\"wp-block-getwid-accordion__header-title\">\u00bfQu\u00e9 coste tiene contratar una Coordinadora?<\/span><span class=\"wp-block-getwid-accordion__icon is-active\"><i class=\"fas fa-chevron-down\"><\/i><\/span><span class=\"wp-block-getwid-accordion__icon is-passive\"><i class=\"fas fa-chevron-up\"><\/i><\/span><\/a><\/h6><\/div><div class=\"wp-block-getwid-accordion__content-wrapper\"><div class=\"wp-block-getwid-accordion__content\">\n<p class=\"wp-block-paragraph\">Para contratar los servicios de Som Comunitats, el coste es el mismo independientemente de la Coordinadora que tengas. Despu\u00e9s, en funci\u00f3n de la cartera de servicios de cada Coordinadora, cada una establecer\u00e1 los precios del resto de servicios a ofrecer. Puede contactar con Som Comunitats o con las distintas Coordinadoras existentes para m\u00e1s informaci\u00f3n.<\/p>\n<\/div><\/div>\n<\/div>\n\n\n\n<div style=\"height:32px\" aria-hidden=\"true\" class=\"wp-block-spacer\"><\/div>\n\n\n\n<div style=\"height:4rem\" aria-hidden=\"true\" class=\"wp-block-spacer\"><\/div>\n<\/div>\n<\/div>\n<\/section>\n<\/section>\n\n\n\n<div class=\"wp-block-group alignfull is-style-no-padding has-primary-background-color has-background is-layout-constrained wp-block-group-is-layout-constrained\" id=\"ce-coordinadores-contact\">\n<div style=\"height:6rem\" aria-hidden=\"true\" class=\"wp-block-spacer\"><\/div>\n\n\n\n<div class=\"wp-block-group is-style-show-tablet-desktop is-style-horizontal-padded is-content-justification-space-between is-layout-flex wp-container-core-group-is-layout-d41214a1 wp-block-group-is-layout-flex\">\n<div class=\"wp-block-group wp-container-content-a5fc19f1 is-vertical is-layout-flex wp-container-core-group-is-layout-23deb817 wp-block-group-is-layout-flex\"><h3 class=\"has-link-color wp-elements-7d6a2fce8d3881995dd7aa61a1611674 wp-block-post-title has-text-color has-main-color\">Qu\u00e9 son las coordinadoras<\/h3>\n\n\n<p class=\"has-main-color has-text-color has-link-color has-medium-font-size wp-elements-4f938a974f791c56f19721893a235c2a wp-block-paragraph\">Informaci\u00f3n sobre coordinadoras<\/p>\n\n\n\n<p class=\"has-main-color has-text-color has-link-color wp-elements-c59ea8825dc8312438d6fa22388f9567 wp-block-paragraph\">Utiliza el formulario para resolver dudas sobre las Coordinadoras o m\u00e1s informaci\u00f3n para contratar una. Si quieres ponerte en contacto con una Coordinadora en concreto, puedes hacerlo accediendo a la ficha de cada una que encontrar\u00e1s en el apartado de Entidades Coordinadoras que est\u00e1 m\u00e1s arriba en esta p\u00e1gina.<\/p>\n<\/div>\n\n\n\n<div id=\"ce-form\" class=\"wp-block-group wp-container-content-a5fc19f1 is-layout-constrained wp-block-group-is-layout-constrained\"><script>\n\/\/----------------------------------------------------------\n\/\/------ JAVASCRIPT HOOK FUNCTIONS FOR GRAVITY FORMS -------\n\/\/----------------------------------------------------------\n\nif ( ! gform ) {\n\tdocument.addEventListener( 'gform_main_scripts_loaded', function() { gform.scriptsLoaded = true; } );\n\tdocument.addEventListener( 'gform\/theme\/scripts_loaded', function() { gform.themeScriptsLoaded = true; } );\n\twindow.addEventListener( 'DOMContentLoaded', function() { gform.domLoaded = true; } );\n\n\tvar gform = {\n\t\tdomLoaded: false,\n\t\tscriptsLoaded: false,\n\t\tthemeScriptsLoaded: false,\n\t\tisFormEditor: () => typeof InitializeEditor === 'function',\n\n\t\t\/**\n\t\t * @deprecated 2.9 the use of initializeOnLoaded in the form editor context is deprecated.\n\t\t * @remove-in 4.0 this function will not check for gform.isFormEditor().\n\t\t *\/\n\t\tcallIfLoaded: function ( fn ) {\n\t\t\tif ( gform.domLoaded && gform.scriptsLoaded && ( gform.themeScriptsLoaded || gform.isFormEditor() ) ) {\n\t\t\t\tif ( gform.isFormEditor() ) {\n\t\t\t\t\tconsole.warn( 'The use of gform.initializeOnLoaded() is deprecated in the form editor context and will be removed in Gravity Forms 3.1.' );\n\t\t\t\t}\n\t\t\t\tfn();\n\t\t\t\treturn true;\n\t\t\t}\n\t\t\treturn false;\n\t\t},\n\n\t\t\/**\n\t\t * Call a function when all scripts are loaded\n\t\t *\n\t\t * @param function fn the callback function to call when all scripts are loaded\n\t\t *\n\t\t * @returns void\n\t\t *\/\n\t\tinitializeOnLoaded: function( fn ) {\n\t\t\tif ( ! gform.callIfLoaded( fn ) ) {\n\t\t\t\tdocument.addEventListener( 'gform_main_scripts_loaded', () => { gform.scriptsLoaded = true; gform.callIfLoaded( fn ); } );\n\t\t\t\tdocument.addEventListener( 'gform\/theme\/scripts_loaded', () => { gform.themeScriptsLoaded = true; gform.callIfLoaded( fn ); } );\n\t\t\t\twindow.addEventListener( 'DOMContentLoaded', () => { gform.domLoaded = true; gform.callIfLoaded( fn ); } );\n\t\t\t}\n\t\t},\n\n\t\thooks: { action: {}, filter: {} },\n\t\taddAction: function( action, callable, priority, tag ) {\n\t\t\tgform.addHook( 'action', action, callable, priority, tag );\n\t\t},\n\t\taddFilter: function( action, callable, priority, tag ) {\n\t\t\tgform.addHook( 'filter', action, callable, priority, tag );\n\t\t},\n\t\tdoAction: function( action ) {\n\t\t\tgform.doHook( 'action', action, arguments );\n\t\t},\n\t\tapplyFilters: function( action ) {\n\t\t\treturn gform.doHook( 'filter', action, arguments );\n\t\t},\n\t\tremoveAction: function( action, tag ) {\n\t\t\tgform.removeHook( 'action', action, tag );\n\t\t},\n\t\tremoveFilter: function( action, priority, tag ) {\n\t\t\tgform.removeHook( 'filter', action, priority, tag );\n\t\t},\n\t\taddHook: function( hookType, action, callable, priority, tag ) {\n\t\t\tif ( undefined == gform.hooks[hookType][action] ) {\n\t\t\t\tgform.hooks[hookType][action] = [];\n\t\t\t}\n\t\t\tvar hooks = gform.hooks[hookType][action];\n\t\t\tif ( undefined == tag ) {\n\t\t\t\ttag = action + '_' + hooks.length;\n\t\t\t}\n\t\t\tif( priority == undefined ){\n\t\t\t\tpriority = 10;\n\t\t\t}\n\n\t\t\tgform.hooks[hookType][action].push( { tag:tag, callable:callable, priority:priority } );\n\t\t},\n\t\tdoHook: function( hookType, action, args ) {\n\n\t\t\t\/\/ splice args from object into array and remove first index which is the hook name\n\t\t\targs = Array.prototype.slice.call(args, 1);\n\n\t\t\tif ( undefined != gform.hooks[hookType][action] ) {\n\t\t\t\tvar hooks = gform.hooks[hookType][action], hook;\n\t\t\t\t\/\/sort by priority\n\t\t\t\thooks.sort(function(a,b){return a[\"priority\"]-b[\"priority\"]});\n\n\t\t\t\thooks.forEach( function( hookItem ) {\n\t\t\t\t\thook = hookItem.callable;\n\n\t\t\t\t\tif(typeof hook != 'function')\n\t\t\t\t\t\thook = window[hook];\n\t\t\t\t\tif ( 'action' == hookType ) {\n\t\t\t\t\t\thook.apply(null, args);\n\t\t\t\t\t} else {\n\t\t\t\t\t\targs[0] = hook.apply(null, args);\n\t\t\t\t\t}\n\t\t\t\t} );\n\t\t\t}\n\t\t\tif ( 'filter'==hookType ) {\n\t\t\t\treturn args[0];\n\t\t\t}\n\t\t},\n\t\tremoveHook: function( hookType, action, priority, tag ) {\n\t\t\tif ( undefined != gform.hooks[hookType][action] ) {\n\t\t\t\tvar hooks = gform.hooks[hookType][action];\n\t\t\t\thooks = hooks.filter( function(hook, index, arr) {\n\t\t\t\t\tvar removeHook = (undefined==tag||tag==hook.tag) && (undefined==priority||priority==hook.priority);\n\t\t\t\t\treturn !removeHook;\n\t\t\t\t} );\n\t\t\t\tgform.hooks[hookType][action] = hooks;\n\t\t\t}\n\t\t}\n\t};\n}\n<\/script>\n\n                <div class='gf_browser_gecko gform_wrapper gravity-theme gform-theme--no-framework' data-form-theme='gravity-theme' data-form-index='0' id='gform_wrapper_10' ><div id='gf_10' class='gform_anchor' tabindex='-1'><\/div>\n                        <div class='gform_heading'>\n\t\t\t\t\t\t\t<p class='gform_required_legend'>&quot;<span class=\"gfield_required gfield_required_asterisk\">*<\/span>&quot; se\u00f1ala los campos obligatorios<\/p>\n                        <\/div><form method='post' enctype='multipart\/form-data' target='gform_ajax_frame_10' id='gform_10'  action='\/es\/wp-json\/wp\/v2\/pages\/6250#gf_10' data-formid='10' novalidate>\n                        <div class='gform-body gform_body'><div id='gform_fields_10' class='gform_fields top_label form_sublabel_below description_below validation_below'><div id=\"field_10_34\" class=\"gfield gfield--type-honeypot gform_validation_container field_sublabel_below gfield--has-description field_description_below field_validation_below gfield_visibility_visible\"  ><label class='gfield_label gform-field-label' for='input_10_34'><span class='gform-field-label__text'>URL<\/span><\/label><div class='ginput_container'><input name='input_34' id='input_10_34' type='text' value='' autocomplete='new-password'\/><\/div><div class='gfield_description' id='gfield_description_10_34'>Este campo es un campo de validaci\u00f3n y debe quedar sin cambios.<\/div><\/div><div id=\"field_10_18\" class=\"gfield gfield--type-hidden gfield--width-full gform_hidden field_sublabel_below gfield--no-description field_description_below field_validation_below gfield_visibility_visible\"  ><div class='ginput_container ginput_container_text'><input name='input_18' id='input_10_18' type='hidden' class='gform_hidden'  aria-invalid=\"false\" value='' \/><\/div><\/div><div id=\"field_10_16\" class=\"gfield gfield--type-hidden gfield--width-full gform_hidden field_sublabel_below gfield--no-description field_description_below field_validation_below gfield_visibility_visible\"  ><div class='ginput_container ginput_container_text'><input name='input_16' id='input_10_16' type='hidden' class='gform_hidden'  aria-invalid=\"false\" value='' \/><\/div><\/div><div id=\"field_10_26\" class=\"gfield gfield--type-text gfield--width-half gfield_contains_required field_sublabel_below gfield--no-description field_description_below hidden_label field_validation_below gfield_visibility_visible\"  ><label class='gfield_label gform-field-label' for='input_10_26'><span class='gform-field-label__text'>Nombre<\/span><span class=\"gfield_required\"><span class=\"gfield_required gfield_required_asterisk\">*<\/span><\/span><\/label><div class='ginput_container ginput_container_text'><input name='input_26' id='input_10_26' type='text' value='' class='large'    placeholder='Nombre' aria-required=\"true\" aria-invalid=\"false\"  autocomplete=\"name\" \/><\/div><\/div><div id=\"field_10_30\" class=\"gfield gfield--type-email gfield--width-half gfield_contains_required field_sublabel_below gfield--no-description field_description_below hidden_label field_validation_below gfield_visibility_visible\"  ><label class='gfield_label gform-field-label' for='input_10_30'><span class='gform-field-label__text'>Email<\/span><span class=\"gfield_required\"><span class=\"gfield_required gfield_required_asterisk\">*<\/span><\/span><\/label><div class='ginput_container ginput_container_email'>\n                            <input name='input_30' id='input_10_30' type='email' value='' class='large'   placeholder='correo electr\u00f3nico' aria-required=\"true\" aria-invalid=\"false\"  autocomplete=\"email\"\/>\n                        <\/div><\/div><div id=\"field_10_24\" class=\"gfield gfield--type-phone gfield--phone-format-international gfield--width-half field_sublabel_below gfield--no-description field_description_below hidden_label field_validation_below gfield_visibility_visible\"  ><label class='gfield_label gform-field-label' for='input_10_24'><span class='gform-field-label__text'>Tel\u00e9fono<\/span><\/label><div class='ginput_container ginput_container_phone'><input name='input_24' id='input_10_24' type='tel' value='' class='large'  placeholder='Tel\u00e9fono'  aria-invalid=\"false\"  autocomplete=\"tel\"  \/><\/div><\/div><div id=\"field_10_28\" class=\"gfield gfield--type-text gfield--width-half gfield_contains_required field_sublabel_below gfield--no-description field_description_below hidden_label field_validation_below gfield_visibility_visible\"  ><label class='gfield_label gform-field-label' for='input_10_28'><span class='gform-field-label__text'>Municipio<\/span><span class=\"gfield_required\"><span class=\"gfield_required gfield_required_asterisk\">*<\/span><\/span><\/label><div class='ginput_container ginput_container_text'><input name='input_28' id='input_10_28' type='text' value='' class='large'    placeholder='Municipio' aria-required=\"true\" aria-invalid=\"false\"   \/><\/div><\/div><div id=\"field_10_32\" class=\"gfield gfield--type-select gfield--width-full gfield_contains_required field_sublabel_below gfield--no-description field_description_below hidden_label field_validation_below gfield_visibility_visible\"  ><label class='gfield_label gform-field-label' for='input_10_32'><span class='gform-field-label__text'>Untitled<\/span><span class=\"gfield_required\"><span class=\"gfield_required gfield_required_asterisk\">*<\/span><\/span><\/label><div class='ginput_container ginput_container_select'><select name='input_32' id='input_10_32' class='large gfield_select'    aria-required=\"true\" aria-invalid=\"false\" ><option value='' selected='selected' class='gf_placeholder'>Motivo de contacto<\/option><option value='ce_source_coord_web_hiring' >Quiero contratar a una coordinadora<\/option><option value='ce_source_coord_web_other' >Otros<\/option><\/select><\/div><\/div><div id=\"field_10_7\" class=\"gfield gfield--type-textarea gfield_contains_required field_sublabel_below gfield--no-description field_description_below hidden_label field_validation_below gfield_visibility_visible\"  ><label class='gfield_label gform-field-label' for='input_10_7'><span class='gform-field-label__text'>Mensaje<\/span><span class=\"gfield_required\"><span class=\"gfield_required gfield_required_asterisk\">*<\/span><\/span><\/label><div class='ginput_container ginput_container_textarea' data-text-counter-max='1000' data-text-counter-template='{current} of {max} max characters'><textarea name='input_7' id='input_10_7' class='textarea large'   maxlength='1000' placeholder='Mensaje' aria-required=\"true\" aria-invalid=\"false\"   rows='10' cols='50'><\/textarea><\/div><\/div><fieldset id=\"field_10_14\" class=\"gfield gfield--type-consent gfield--type-choice gfield--width-full gfield_contains_required field_sublabel_below gfield--has-description field_description_below hidden_label field_validation_below gfield_visibility_visible gfield--choice-align-vertical\"  ><legend class='gfield_label gform-field-label gfield_label_before_complex' ><span class='gform-field-label__text'>Consiento<\/span><span class=\"gfield_required\"><span class=\"gfield_required gfield_required_asterisk\">*<\/span><\/span><\/legend><div class='ginput_container ginput_container_consent'><input name='input_14.1' id='input_10_14_1' type='checkbox' value='1'  aria-describedby=\"gfield_consent_description_10_14\" aria-required=\"true\" aria-invalid=\"false\"   \/> <label class=\"gform-field-label gform-field-label--type-inline gfield_consent_label\" for='input_10_14_1' ><span class='gform-field-label__text'>He le\u00eddo y acepto la <a href=\"https:\/\/somcomunitats.coop\/es\/politica-de-privacidad\/\" target=\"_blank\">pol\u00edtica de privacidad<\/a>.<\/span><span class=\"gfield_required gfield_required_asterisk\">*<\/span><\/label><input type='hidden' name='input_14.2' value='He le\u00eddo y acepto la &lt;a href=&quot;https:\/\/somcomunitats.coop\/es\/politica-de-privacidad\/&quot; target=&quot;_blank&quot;&gt;pol\u00edtica de privacidad&lt;\/a&gt;.' class='gform_hidden' \/><input type='hidden' name='input_14.3' value='25' class='gform_hidden' \/><\/div><div class='gfield_description gfield_consent_description' id='gfield_consent_description_10_14'><div class='gfield_consent_description_text' tabindex='0'>INFORMACI\u00d3N SOBRE PROTECCI\u00d3N DE DATOS. Finalidades: responder tus solicitudes. Derechos: puedes retirar tu consentimiento en cualquier momento, adem\u00e1s de acceder, rectificar y suprimir tus datos y otros derechos en somenergia@delegado-datos.com. Informaci\u00f3n adicional: <a href=\"https:\/\/somcomunitats.coop\/es\/politica-de-privacidad\/\" target=\"_blank\">Pol\u00edtica de privacidad<\/a>.<\/div><\/div><\/fieldset><div id=\"field_10_33\" class=\"gfield gfield--type-altcha field_sublabel_below gfield--no-description field_description_below hidden_label field_validation_below gfield_visibility_visible\"  ><label class='gfield_label gform-field-label' for='input_10_33'><span class='gform-field-label__text'>captcha<\/span><\/label><\/div><\/div><\/div>\n        <div class='gform-footer gform_footer top_label'> <button type='submit' id='gform_submit_button_10' class='gform_button button' onclick='gform.submission.handleButtonClick(this);' data-submission-type='submit' >Enviar<\/button> <input type='hidden' name='gform_ajax' value='form_id=10&amp;title=&amp;description=&amp;tabindex=0&amp;theme=gravity-theme&amp;styles=[]&amp;hash=4a69090cd291ceee6ac00c37d4d456c8' \/>\n            <input type='hidden' class='gform_hidden' name='gform_submission_method' data-js='gform_submission_method_10' value='iframe' \/>\n            <input type='hidden' class='gform_hidden' name='gform_theme' data-js='gform_theme_10' id='gform_theme_10' value='gravity-theme' \/>\n            <input type='hidden' class='gform_hidden' name='gform_style_settings' data-js='gform_style_settings_10' id='gform_style_settings_10' value='[]' \/>\n            <input type='hidden' class='gform_hidden' name='is_submit_10' value='1' \/>\n            <input type='hidden' class='gform_hidden' name='gform_submit' value='10' \/>\n            \n            <input type='hidden' class='gform_hidden' name='gform_currency' data-currency='EUR' value='wYyAHdKCeh\/15xVBNF\/wKFlvSAzLu8GoMd30EXsWdYInufu4q09aOnEqKznWyw0D37XbTgS1++oY00KX+MwdZNtEb0nYNneA5t\/J8L2MPIxFulg=' \/>\n            <input type='hidden' class='gform_hidden' name='gform_unique_id' value='' \/>\n            <input type='hidden' class='gform_hidden' name='state_10' value='WyJ7XCIxNC4xXCI6XCJiODU1YmIxY2VhZjM3NGZlNDQxMzAxMzEyNzQwNGM3ZFwiLFwiMTQuMlwiOlwiODRkZTNkMDliY2U0NGUxY2Y2ZTFlOTJkYzkzNzQ4MzlcIixcIjE0LjNcIjpcImEzNzMzOThlMjNlNzczYjI3YWQ2MTBlNjA5Y2NmZWM4XCIsXCJnZm9ybV9zdWJtaXNzaW9uX21ldGhvZFwiOltcImQxZWYwNGI0MDM5Y2M3MmRlZmQ1ZDQ5YjRiOGI1ODMyXCIsXCI0NTg3NzMyYWFhYzI0ZDFkZmQ3MzQ5NTk0YWQ2M2ViM1wiLFwiZDY2NWY2NTVmNDQwMzg4YTU3OTMzMDg5ODM1MjhjZWNcIl0sXCJnZm9ybV90aGVtZVwiOlwiNmE4MjFmNTcyNDlhMDVjNjBlNmM0MzZmNTE0YmJhMThcIixcImdmb3JtX3N0eWxlX3NldHRpbmdzXCI6XCJkZDM0MWRjMjk4YzgzY2M0ODJmNGFmNWU2YTc5Nzk1MVwiLFwiZm9ybV9pZFwiOlwiOGY2YjRiZWNjNWIwZDNlYTllMGYyZThlZTk0MDU2ODRcIixcInVybFwiOlwiYWQ3NmRjOGFmN2E1MjE3NzgxNTIyY2I5ZDU3NmFkYTdcIixcInN0YXRlX3RpbWVzdGFtcFwiOlwiZGY3NWJhMzk1MzIzMmNjY2ExOGQ2MWMyZjY1ZGIzM2RcIn0iLCJkOWUwZDRiMzliMmY2MGVjZDlhMzY0ZWQzMjliYzYxNSIsMTc4ODIzNzY3M10=' \/>\n            <input type='hidden' autocomplete='off' class='gform_hidden' name='gform_target_page_number_10' id='gform_target_page_number_10' value='0' \/>\n            <input type='hidden' autocomplete='off' class='gform_hidden' name='gform_source_page_number_10' id='gform_source_page_number_10' value='1' \/>\n            <input type='hidden' name='gform_field_values' value='' \/>\n            \n        <\/div>\n                        <\/form>\n                        <\/div>\n\t\t                <iframe style='display:none;width:0px;height:0px;' src='about:blank' name='gform_ajax_frame_10' id='gform_ajax_frame_10' title='Este iframe contiene la l\u00f3gica necesaria para gestionar formularios con ajax activado.'><\/iframe>\n\t\t                <script>\ngform.initializeOnLoaded( function() {jQuery('#gform_ajax_frame_10').on('load',function(){var contents = jQuery(this).contents().find('*').html();var is_postback = contents.indexOf('GF_AJAX_POSTBACK') >= 0;if(!is_postback){return;}var form_content = jQuery(this).contents().find('#gform_wrapper_10');var is_confirmation = jQuery(this).contents().find('#gform_confirmation_wrapper_10').length > 0;var is_redirect = contents.indexOf('gformRedirect(){') >= 0;var is_form = form_content.length > 0 && ! is_redirect && ! is_confirmation;var mt = parseInt(jQuery('html').css('margin-top'), 10) + parseInt(jQuery('body').css('margin-top'), 10) + 100;if(is_form){jQuery('#gform_wrapper_10').html(form_content.html());if(form_content.hasClass('gform_validation_error')){jQuery('#gform_wrapper_10').addClass('gform_validation_error');} else {jQuery('#gform_wrapper_10').removeClass('gform_validation_error');}setTimeout( function() { \/* delay the scroll by 50 milliseconds to fix a bug in chrome *\/ jQuery(document).scrollTop(jQuery('#gform_wrapper_10').offset().top - mt); }, 50 );var current_page = jQuery('#gform_source_page_number_10').val();jQuery(document).trigger('gform_page_loaded', [10, current_page]);window['gf_submitting_10'] = false;}else if(!is_redirect){var confirmation_content = jQuery(this).contents().find('.GF_AJAX_POSTBACK').html();if(!confirmation_content){confirmation_content = contents;}jQuery('#gform_wrapper_10').replaceWith(confirmation_content);jQuery(document).scrollTop(jQuery('#gf_10').offset().top - mt);jQuery(document).trigger('gform_confirmation_loaded', [10]);window['gf_submitting_10'] = false;wp.a11y.speak(jQuery('#gform_confirmation_message_10').text());}else{jQuery('#gform_10').append(contents);if(window['gformRedirect']) {gformRedirect();}}jQuery(document).trigger(\"gform_pre_post_render\", [{ formId: \"10\", currentPage: \"current_page\", abort: function() { this.preventDefault(); } }]);        if (event && event.defaultPrevented) {                return;        }        const gformWrapperDiv = document.getElementById( \"gform_wrapper_10\" );        if ( gformWrapperDiv ) {            const visibilitySpan = document.createElement( \"span\" );            visibilitySpan.id = \"gform_visibility_test_10\";            gformWrapperDiv.insertAdjacentElement( \"afterend\", visibilitySpan );        }        const visibilityTestDiv = document.getElementById( \"gform_visibility_test_10\" );        let postRenderFired = false;        function triggerPostRender() {            if ( postRenderFired ) {                return;            }            postRenderFired = true;            gform.core.triggerPostRenderEvents( 10, current_page );            if ( visibilityTestDiv ) {                visibilityTestDiv.parentNode.removeChild( visibilityTestDiv );            }        }        function debounce( func, wait, immediate ) {            var timeout;            return function() {                var context = this, args = arguments;                var later = function() {                    timeout = null;                    if ( !immediate ) func.apply( context, args );                };                var callNow = immediate && !timeout;                clearTimeout( timeout );                timeout = setTimeout( later, wait );                if ( callNow ) func.apply( context, args );            };        }        const debouncedTriggerPostRender = debounce( function() {            triggerPostRender();        }, 200 );        if ( visibilityTestDiv && visibilityTestDiv.offsetParent === null ) {            const observer = new MutationObserver( ( mutations ) => {                mutations.forEach( ( mutation ) => {                    if ( mutation.type === 'attributes' && visibilityTestDiv.offsetParent !== null ) {                        debouncedTriggerPostRender();                        observer.disconnect();                    }                });            });            observer.observe( document.body, {                attributes: true,                childList: false,                subtree: true,                attributeFilter: [ 'style', 'class' ],            });        } else {            triggerPostRender();        }    } );} );\n<\/script>\n\n<\/div>\n<\/div>\n\n\n\n<div class=\"wp-block-group is-style-show-mobile is-style-horizontal-padded is-vertical is-layout-flex wp-container-core-group-is-layout-1bbac977 wp-block-group-is-layout-flex\">\n<div class=\"wp-block-group wp-container-content-0733e5d0 is-vertical is-layout-flex wp-container-core-group-is-layout-23deb817 wp-block-group-is-layout-flex\"><h3 class=\"has-link-color wp-elements-7d6a2fce8d3881995dd7aa61a1611674 wp-block-post-title has-text-color has-main-color\">Qu\u00e9 son las coordinadoras<\/h3>\n\n\n<p class=\"has-medium-font-size wp-block-paragraph\">Informaci\u00f3n sobre coordinadoras<\/p>\n\n\n\n<p class=\"wp-block-paragraph\">Utiliza el formulario para resolver dudas sobre las Coordinadoras o m\u00e1s informaci\u00f3n para contratar una. Si quieres ponerte en contacto con una Coordinadora en concreto, puedes hacerlo accediendo a la ficha de cada una que encontrar\u00e1s en el apartado de Entidades Coordinadoras que est\u00e1 m\u00e1s arriba en esta p\u00e1gina.<\/p>\n<\/div>\n\n\n\n<div style=\"height:0px\" aria-hidden=\"true\" class=\"wp-block-spacer wp-container-content-f7b87a2a\"><\/div>\n\n\n\n<div id=\"ce-form\" class=\"wp-block-group wp-container-content-0733e5d0 is-layout-constrained wp-block-group-is-layout-constrained\">\n                <div class='gf_browser_gecko gform_wrapper gravity-theme gform-theme--no-framework' data-form-theme='gravity-theme' data-form-index='0' id='gform_wrapper_10' ><div id='gf_10' class='gform_anchor' tabindex='-1'><\/div>\n                        <div class='gform_heading'>\n\t\t\t\t\t\t\t<p class='gform_required_legend'>&quot;<span class=\"gfield_required gfield_required_asterisk\">*<\/span>&quot; se\u00f1ala los campos obligatorios<\/p>\n                        <\/div><form method='post' enctype='multipart\/form-data' target='gform_ajax_frame_10' id='gform_10'  action='\/es\/wp-json\/wp\/v2\/pages\/6250#gf_10' data-formid='10' novalidate>\n                        <div class='gform-body gform_body'><div id='gform_fields_10' class='gform_fields top_label form_sublabel_below description_below validation_below'><div id=\"field_10_34\" class=\"gfield gfield--type-honeypot gform_validation_container field_sublabel_below gfield--has-description field_description_below field_validation_below gfield_visibility_visible\"  ><label class='gfield_label gform-field-label' for='input_10_34'><span class='gform-field-label__text'>LinkedIn<\/span><\/label><div class='ginput_container'><input name='input_34' id='input_10_34' type='text' value='' autocomplete='new-password'\/><\/div><div class='gfield_description' id='gfield_description_10_34'>Este campo es un campo de validaci\u00f3n y debe quedar sin cambios.<\/div><\/div><div id=\"field_10_18\" class=\"gfield gfield--type-hidden gfield--width-full gform_hidden field_sublabel_below gfield--no-description field_description_below field_validation_below gfield_visibility_visible\"  ><div class='ginput_container ginput_container_text'><input name='input_18' id='input_10_18' type='hidden' class='gform_hidden'  aria-invalid=\"false\" value='' \/><\/div><\/div><div id=\"field_10_16\" class=\"gfield gfield--type-hidden gfield--width-full gform_hidden field_sublabel_below gfield--no-description field_description_below field_validation_below gfield_visibility_visible\"  ><div class='ginput_container ginput_container_text'><input name='input_16' id='input_10_16' type='hidden' class='gform_hidden'  aria-invalid=\"false\" value='' \/><\/div><\/div><div id=\"field_10_26\" class=\"gfield gfield--type-text gfield--width-half gfield_contains_required field_sublabel_below gfield--no-description field_description_below hidden_label field_validation_below gfield_visibility_visible\"  ><label class='gfield_label gform-field-label' for='input_10_26'><span class='gform-field-label__text'>Nombre<\/span><span class=\"gfield_required\"><span class=\"gfield_required gfield_required_asterisk\">*<\/span><\/span><\/label><div class='ginput_container ginput_container_text'><input name='input_26' id='input_10_26' type='text' value='' class='large'    placeholder='Nombre' aria-required=\"true\" aria-invalid=\"false\"  autocomplete=\"name\" \/><\/div><\/div><div id=\"field_10_30\" class=\"gfield gfield--type-email gfield--width-half gfield_contains_required field_sublabel_below gfield--no-description field_description_below hidden_label field_validation_below gfield_visibility_visible\"  ><label class='gfield_label gform-field-label' for='input_10_30'><span class='gform-field-label__text'>Email<\/span><span class=\"gfield_required\"><span class=\"gfield_required gfield_required_asterisk\">*<\/span><\/span><\/label><div class='ginput_container ginput_container_email'>\n                            <input name='input_30' id='input_10_30' type='email' value='' class='large'   placeholder='correo electr\u00f3nico' aria-required=\"true\" aria-invalid=\"false\"  autocomplete=\"email\"\/>\n                        <\/div><\/div><div id=\"field_10_24\" class=\"gfield gfield--type-phone gfield--phone-format-international gfield--width-half field_sublabel_below gfield--no-description field_description_below hidden_label field_validation_below gfield_visibility_visible\"  ><label class='gfield_label gform-field-label' for='input_10_24'><span class='gform-field-label__text'>Tel\u00e9fono<\/span><\/label><div class='ginput_container ginput_container_phone'><input name='input_24' id='input_10_24' type='tel' value='' class='large'  placeholder='Tel\u00e9fono'  aria-invalid=\"false\"  autocomplete=\"tel\"  \/><\/div><\/div><div id=\"field_10_28\" class=\"gfield gfield--type-text gfield--width-half gfield_contains_required field_sublabel_below gfield--no-description field_description_below hidden_label field_validation_below gfield_visibility_visible\"  ><label class='gfield_label gform-field-label' for='input_10_28'><span class='gform-field-label__text'>Municipio<\/span><span class=\"gfield_required\"><span class=\"gfield_required gfield_required_asterisk\">*<\/span><\/span><\/label><div class='ginput_container ginput_container_text'><input name='input_28' id='input_10_28' type='text' value='' class='large'    placeholder='Municipio' aria-required=\"true\" aria-invalid=\"false\"   \/><\/div><\/div><div id=\"field_10_32\" class=\"gfield gfield--type-select gfield--width-full gfield_contains_required field_sublabel_below gfield--no-description field_description_below hidden_label field_validation_below gfield_visibility_visible\"  ><label class='gfield_label gform-field-label' for='input_10_32'><span class='gform-field-label__text'>Untitled<\/span><span class=\"gfield_required\"><span class=\"gfield_required gfield_required_asterisk\">*<\/span><\/span><\/label><div class='ginput_container ginput_container_select'><select name='input_32' id='input_10_32' class='large gfield_select'    aria-required=\"true\" aria-invalid=\"false\" ><option value='' selected='selected' class='gf_placeholder'>Motivo de contacto<\/option><option value='ce_source_coord_web_hiring' >Quiero contratar a una coordinadora<\/option><option value='ce_source_coord_web_other' >Otros<\/option><\/select><\/div><\/div><div id=\"field_10_7\" class=\"gfield gfield--type-textarea gfield_contains_required field_sublabel_below gfield--no-description field_description_below hidden_label field_validation_below gfield_visibility_visible\"  ><label class='gfield_label gform-field-label' for='input_10_7'><span class='gform-field-label__text'>Mensaje<\/span><span class=\"gfield_required\"><span class=\"gfield_required gfield_required_asterisk\">*<\/span><\/span><\/label><div class='ginput_container ginput_container_textarea' data-text-counter-max='1000' data-text-counter-template='{current} of {max} max characters'><textarea name='input_7' id='input_10_7' class='textarea large'   maxlength='1000' placeholder='Mensaje' aria-required=\"true\" aria-invalid=\"false\"   rows='10' cols='50'><\/textarea><\/div><\/div><fieldset id=\"field_10_14\" class=\"gfield gfield--type-consent gfield--type-choice gfield--width-full gfield_contains_required field_sublabel_below gfield--has-description field_description_below hidden_label field_validation_below gfield_visibility_visible gfield--choice-align-vertical\"  ><legend class='gfield_label gform-field-label gfield_label_before_complex' ><span class='gform-field-label__text'>Consiento<\/span><span class=\"gfield_required\"><span class=\"gfield_required gfield_required_asterisk\">*<\/span><\/span><\/legend><div class='ginput_container ginput_container_consent'><input name='input_14.1' id='input_10_14_1' type='checkbox' value='1'  aria-describedby=\"gfield_consent_description_10_14\" aria-required=\"true\" aria-invalid=\"false\"   \/> <label class=\"gform-field-label gform-field-label--type-inline gfield_consent_label\" for='input_10_14_1' ><span class='gform-field-label__text'>He le\u00eddo y acepto la <a href=\"https:\/\/somcomunitats.coop\/es\/politica-de-privacidad\/\" target=\"_blank\">pol\u00edtica de privacidad<\/a>.<\/span><span class=\"gfield_required gfield_required_asterisk\">*<\/span><\/label><input type='hidden' name='input_14.2' value='He le\u00eddo y acepto la &lt;a href=&quot;https:\/\/somcomunitats.coop\/es\/politica-de-privacidad\/&quot; target=&quot;_blank&quot;&gt;pol\u00edtica de privacidad&lt;\/a&gt;.' class='gform_hidden' \/><input type='hidden' name='input_14.3' value='25' class='gform_hidden' \/><\/div><div class='gfield_description gfield_consent_description' id='gfield_consent_description_10_14'><div class='gfield_consent_description_text' tabindex='0'>INFORMACI\u00d3N SOBRE PROTECCI\u00d3N DE DATOS. Finalidades: responder tus solicitudes. Derechos: puedes retirar tu consentimiento en cualquier momento, adem\u00e1s de acceder, rectificar y suprimir tus datos y otros derechos en somenergia@delegado-datos.com. Informaci\u00f3n adicional: <a href=\"https:\/\/somcomunitats.coop\/es\/politica-de-privacidad\/\" target=\"_blank\">Pol\u00edtica de privacidad<\/a>.<\/div><\/div><\/fieldset><div id=\"field_10_33\" class=\"gfield gfield--type-altcha field_sublabel_below gfield--no-description field_description_below hidden_label field_validation_below gfield_visibility_visible\"  ><label class='gfield_label gform-field-label' for='input_10_33'><span class='gform-field-label__text'>captcha<\/span><\/label><\/div><\/div><\/div>\n        <div class='gform-footer gform_footer top_label'> <button type='submit' id='gform_submit_button_10' class='gform_button button' onclick='gform.submission.handleButtonClick(this);' data-submission-type='submit' >Enviar<\/button> <input type='hidden' name='gform_ajax' value='form_id=10&amp;title=&amp;description=&amp;tabindex=0&amp;theme=gravity-theme&amp;styles=[]&amp;hash=4a69090cd291ceee6ac00c37d4d456c8' \/>\n            <input type='hidden' class='gform_hidden' name='gform_submission_method' data-js='gform_submission_method_10' value='iframe' \/>\n            <input type='hidden' class='gform_hidden' name='gform_theme' data-js='gform_theme_10' id='gform_theme_10' value='gravity-theme' \/>\n            <input type='hidden' class='gform_hidden' name='gform_style_settings' data-js='gform_style_settings_10' id='gform_style_settings_10' value='[]' \/>\n            <input type='hidden' class='gform_hidden' name='is_submit_10' value='1' \/>\n            <input type='hidden' class='gform_hidden' name='gform_submit' value='10' \/>\n            \n            <input type='hidden' class='gform_hidden' name='gform_currency' data-currency='EUR' value='uLFb7pKZz2p2WW2vcqYAfhiI6imyUXw5y5\/WvzW09P5NQFaZJMO0gdrMLKw9HLGb2Z6qXiyz44Z6d6GAPQ3Ci1nFqWw6eZ4CO09hBmoHW2N6k6g=' \/>\n            <input type='hidden' class='gform_hidden' name='gform_unique_id' value='' \/>\n            <input type='hidden' class='gform_hidden' name='state_10' value='WyJ7XCIxNC4xXCI6XCJiODU1YmIxY2VhZjM3NGZlNDQxMzAxMzEyNzQwNGM3ZFwiLFwiMTQuMlwiOlwiODRkZTNkMDliY2U0NGUxY2Y2ZTFlOTJkYzkzNzQ4MzlcIixcIjE0LjNcIjpcImEzNzMzOThlMjNlNzczYjI3YWQ2MTBlNjA5Y2NmZWM4XCIsXCJnZm9ybV9zdWJtaXNzaW9uX21ldGhvZFwiOltcImQxZWYwNGI0MDM5Y2M3MmRlZmQ1ZDQ5YjRiOGI1ODMyXCIsXCI0NTg3NzMyYWFhYzI0ZDFkZmQ3MzQ5NTk0YWQ2M2ViM1wiLFwiZDY2NWY2NTVmNDQwMzg4YTU3OTMzMDg5ODM1MjhjZWNcIl0sXCJnZm9ybV90aGVtZVwiOlwiNmE4MjFmNTcyNDlhMDVjNjBlNmM0MzZmNTE0YmJhMThcIixcImdmb3JtX3N0eWxlX3NldHRpbmdzXCI6XCJkZDM0MWRjMjk4YzgzY2M0ODJmNGFmNWU2YTc5Nzk1MVwiLFwiZm9ybV9pZFwiOlwiOGY2YjRiZWNjNWIwZDNlYTllMGYyZThlZTk0MDU2ODRcIixcInVybFwiOlwiYWQ3NmRjOGFmN2E1MjE3NzgxNTIyY2I5ZDU3NmFkYTdcIixcInN0YXRlX3RpbWVzdGFtcFwiOlwiZGY3NWJhMzk1MzIzMmNjY2ExOGQ2MWMyZjY1ZGIzM2RcIn0iLCJkOWUwZDRiMzliMmY2MGVjZDlhMzY0ZWQzMjliYzYxNSIsMTc4ODIzNzY3M10=' \/>\n            <input type='hidden' autocomplete='off' class='gform_hidden' name='gform_target_page_number_10' id='gform_target_page_number_10' value='0' \/>\n            <input type='hidden' autocomplete='off' class='gform_hidden' name='gform_source_page_number_10' id='gform_source_page_number_10' value='1' \/>\n            <input type='hidden' name='gform_field_values' value='' \/>\n            \n        <\/div>\n                        <\/form>\n                        <\/div>\n\t\t                <iframe style='display:none;width:0px;height:0px;' src='about:blank' name='gform_ajax_frame_10' id='gform_ajax_frame_10' title='Este iframe contiene la l\u00f3gica necesaria para gestionar formularios con ajax activado.'><\/iframe>\n\t\t                <script>\ngform.initializeOnLoaded( function() {jQuery('#gform_ajax_frame_10').on('load',function(){var contents = jQuery(this).contents().find('*').html();var is_postback = contents.indexOf('GF_AJAX_POSTBACK') >= 0;if(!is_postback){return;}var form_content = jQuery(this).contents().find('#gform_wrapper_10');var is_confirmation = jQuery(this).contents().find('#gform_confirmation_wrapper_10').length > 0;var is_redirect = contents.indexOf('gformRedirect(){') >= 0;var is_form = form_content.length > 0 && ! is_redirect && ! is_confirmation;var mt = parseInt(jQuery('html').css('margin-top'), 10) + parseInt(jQuery('body').css('margin-top'), 10) + 100;if(is_form){jQuery('#gform_wrapper_10').html(form_content.html());if(form_content.hasClass('gform_validation_error')){jQuery('#gform_wrapper_10').addClass('gform_validation_error');} else {jQuery('#gform_wrapper_10').removeClass('gform_validation_error');}setTimeout( function() { \/* delay the scroll by 50 milliseconds to fix a bug in chrome *\/ jQuery(document).scrollTop(jQuery('#gform_wrapper_10').offset().top - mt); }, 50 );var current_page = jQuery('#gform_source_page_number_10').val();jQuery(document).trigger('gform_page_loaded', [10, current_page]);window['gf_submitting_10'] = false;}else if(!is_redirect){var confirmation_content = jQuery(this).contents().find('.GF_AJAX_POSTBACK').html();if(!confirmation_content){confirmation_content = contents;}jQuery('#gform_wrapper_10').replaceWith(confirmation_content);jQuery(document).scrollTop(jQuery('#gf_10').offset().top - mt);jQuery(document).trigger('gform_confirmation_loaded', [10]);window['gf_submitting_10'] = false;wp.a11y.speak(jQuery('#gform_confirmation_message_10').text());}else{jQuery('#gform_10').append(contents);if(window['gformRedirect']) {gformRedirect();}}jQuery(document).trigger(\"gform_pre_post_render\", [{ formId: \"10\", currentPage: \"current_page\", abort: function() { this.preventDefault(); } }]);        if (event && event.defaultPrevented) {                return;        }        const gformWrapperDiv = document.getElementById( \"gform_wrapper_10\" );        if ( gformWrapperDiv ) {            const visibilitySpan = document.createElement( \"span\" );            visibilitySpan.id = \"gform_visibility_test_10\";            gformWrapperDiv.insertAdjacentElement( \"afterend\", visibilitySpan );        }        const visibilityTestDiv = document.getElementById( \"gform_visibility_test_10\" );        let postRenderFired = false;        function triggerPostRender() {            if ( postRenderFired ) {                return;            }            postRenderFired = true;            gform.core.triggerPostRenderEvents( 10, current_page );            if ( visibilityTestDiv ) {                visibilityTestDiv.parentNode.removeChild( visibilityTestDiv );            }        }        function debounce( func, wait, immediate ) {            var timeout;            return function() {                var context = this, args = arguments;                var later = function() {                    timeout = null;                    if ( !immediate ) func.apply( context, args );                };                var callNow = immediate && !timeout;                clearTimeout( timeout );                timeout = setTimeout( later, wait );                if ( callNow ) func.apply( context, args );            };        }        const debouncedTriggerPostRender = debounce( function() {            triggerPostRender();        }, 200 );        if ( visibilityTestDiv && visibilityTestDiv.offsetParent === null ) {            const observer = new MutationObserver( ( mutations ) => {                mutations.forEach( ( mutation ) => {                    if ( mutation.type === 'attributes' && visibilityTestDiv.offsetParent !== null ) {                        debouncedTriggerPostRender();                        observer.disconnect();                    }                });            });            observer.observe( document.body, {                attributes: true,                childList: false,                subtree: true,                attributeFilter: [ 'style', 'class' ],            });        } else {            triggerPostRender();        }    } );} );\n<\/script>\n\n<\/div>\n<\/div>\n\n\n\n<div style=\"height:6rem\" aria-hidden=\"true\" class=\"wp-block-spacer\"><\/div>\n<\/div>\n","protected":false},"excerpt":{"rendered":"<p>\u00bfQu\u00e9 son las Coordinadoras? Las Coordinadoras son entidades de la Econom\u00eda Social que mediante la plataforma de Som Comunitats apoyan la creaci\u00f3n, gesti\u00f3n y coordinaci\u00f3n de un conjunto de Comunidades Energ\u00e9ticas. \u00bfEres una Comunidad Energ\u00e9tica y quieres contactar con una Coordinadora? \u00bfQu\u00e9 son las coordinadoras? Las Coordinadoras son entidades de la Econom\u00eda Social que mediante [&hellip;]<\/p>\n","protected":false},"author":5,"featured_media":0,"parent":0,"menu_order":0,"comment_status":"closed","ping_status":"closed","template":"","meta":{"footnotes":""},"class_list":["post-6250","page","type-page","status-publish","hentry"],"_links":{"self":[{"href":"https:\/\/somcomunitats.coop\/es\/wp-json\/wp\/v2\/pages\/6250","targetHints":{"allow":["GET"]}}],"collection":[{"href":"https:\/\/somcomunitats.coop\/es\/wp-json\/wp\/v2\/pages"}],"about":[{"href":"https:\/\/somcomunitats.coop\/es\/wp-json\/wp\/v2\/types\/page"}],"author":[{"embeddable":true,"href":"https:\/\/somcomunitats.coop\/es\/wp-json\/wp\/v2\/users\/5"}],"replies":[{"embeddable":true,"href":"https:\/\/somcomunitats.coop\/es\/wp-json\/wp\/v2\/comments?post=6250"}],"version-history":[{"count":29,"href":"https:\/\/somcomunitats.coop\/es\/wp-json\/wp\/v2\/pages\/6250\/revisions"}],"predecessor-version":[{"id":12513,"href":"https:\/\/somcomunitats.coop\/es\/wp-json\/wp\/v2\/pages\/6250\/revisions\/12513"}],"wp:attachment":[{"href":"https:\/\/somcomunitats.coop\/es\/wp-json\/wp\/v2\/media?parent=6250"}],"curies":[{"name":"wp","href":"https:\/\/api.w.org\/{rel}","templated":true}]}}