  {"id":7019,"date":"2024-09-19T15:06:21","date_gmt":"2024-09-19T15:06:21","guid":{"rendered":"https:\/\/somcomunitats.coop\/?page_id=7019"},"modified":"2026-03-17T09:13:24","modified_gmt":"2026-03-17T09:13:24","slug":"tarifas-de-la-plataforma","status":"publish","type":"page","link":"https:\/\/somcomunitats.coop\/es\/tarifas-de-la-plataforma\/","title":{"rendered":"Tarifas de la Plataforma"},"content":{"rendered":"\n<div class=\"wp-block-group alignwide is-style-no-padding is-layout-constrained wp-block-group-is-layout-constrained\" id=\"tarifes\" style=\"padding-top:0;padding-bottom:0\">\n<div class=\"wp-block-group alignfull is-style-horizontal-padded has-second-base-light-background-color has-background is-layout-constrained wp-block-group-is-layout-constrained\">\n<div class=\"wp-block-group is-style-horizontal-padded is-layout-constrained wp-container-core-group-is-layout-d38dcf18 wp-block-group-is-layout-constrained\">\n<div style=\"height:35px\" aria-hidden=\"true\" class=\"wp-block-spacer\"><\/div>\n\n\n<h2 class=\"has-text-align-center has-link-color wp-elements-09188fd16715e39b3b0634c2d2737c31 wp-block-post-title has-text-color has-main-color\">Tarifas de la Plataforma<\/h2>\n\n\n<div style=\"height:14px\" aria-hidden=\"true\" class=\"wp-block-spacer\"><\/div>\n\n\n\n<p class=\"has-text-align-center has-medium-font-size wp-block-paragraph\">Estas tarifas son vigentes desde el 1 de enero de 2026<\/p>\n<\/div>\n<\/div>\n\n\n\n<div class=\"wp-block-group alignfull has-second-base-light-background-color has-background is-layout-constrained wp-container-core-group-is-layout-96c8c7d8 wp-block-group-is-layout-constrained\" style=\"padding-bottom:56px\">\n<div class=\"wp-block-columns is-layout-flex wp-container-core-columns-is-layout-a82de3fd wp-block-columns-is-layout-flex\" style=\"padding-top:var(--wp--preset--spacing--40);padding-bottom:var(--wp--preset--spacing--40)\">\n<div class=\"wp-block-column is-vertically-aligned-stretch has-base-background-color has-background is-layout-flow wp-container-core-column-is-layout-6713bf8e wp-block-column-is-layout-flow\" style=\"padding-right:0;padding-left:0\" id=\"tariff-column\">\n<div id=\"box-header\" class=\"wp-block-group has-brand-background-color has-background is-layout-constrained wp-container-core-group-is-layout-576ea087 wp-block-group-is-layout-constrained\">\n<h5 class=\"wp-block-heading has-text-align-center has-base-color has-text-color has-link-color wp-elements-3723c57b823097b5d6d29ef5d701671b\" style=\"margin-bottom:var(--wp--preset--spacing--20);font-style:normal;font-weight:1000\">VISUALIZACI\u00d3N Y ALTA<\/h5>\n\n\n\n<p class=\"has-text-align-center has-base-color has-text-color has-link-color has-buttons-font-size wp-elements-23da0a09cb179b0e6d9a0116c256e34d wp-block-paragraph\">D\u00e9 a conocer su Comunidad y gestione el alta de miembros<\/p>\n\n\n\n<div class=\"wp-block-buttons is-content-justification-center is-layout-flex wp-container-core-buttons-is-layout-bd4cefba wp-block-buttons-is-layout-flex\" style=\"margin-bottom:40px\">\n<div class=\"wp-block-button\"><a class=\"wp-block-button__link has-text-align-center wp-element-button\" href=\"https:\/\/somcomunitats.coop\/es\/alta-nueva-comunidad\/\">D\u00e9se de alta<\/a><\/div>\n<\/div>\n<\/div>\n\n\n\n<div id=\"box-content\" class=\"wp-block-group is-style-default has-base-background-color has-background wp-container-content-9cfa9a5a is-layout-constrained wp-block-group-is-layout-constrained\">\n<div style=\"height:15px\" aria-hidden=\"true\" class=\"wp-block-spacer\"><\/div>\n\n\n\n<h4 class=\"wp-block-heading has-text-align-center has-main-color has-text-color has-link-color has-xx-large-font-size wp-elements-3f1d6dd4c1f6636eb555c518f76e46d3\" style=\"font-style:normal;font-weight:800\">Gratuito<\/h4>\n\n\n\n<div style=\"height:10px\" aria-hidden=\"true\" class=\"wp-block-spacer\"><\/div>\n\n\n\n<p class=\"has-text-align-center has-main-color has-text-color has-link-color wp-elements-9c1dcdec1474c80225032723f347333a wp-block-paragraph\" style=\"margin-bottom:40px;font-style:normal;font-weight:700\">IDEAL SI ESTE EN EL MOMENTO INICIAL<\/p>\n\n\n\n<hr class=\"wp-block-separator has-text-color has-second-base-color has-alpha-channel-opacity has-second-base-background-color has-background is-style-wide\"\/>\n\n\n\n<div style=\"height:40px\" aria-hidden=\"true\" class=\"wp-block-spacer\"><\/div>\n\n\n\n<p class=\"has-text-align-left has-main-color has-text-color has-link-color has-x-small-font-size wp-elements-7fd1f9685741bdede6748b825e3225c4 wp-block-paragraph\" style=\"margin-top:0;margin-bottom:0;font-style:normal;font-weight:700\">INCLUIDO EN EL PLAN \u00abVISUALIZACI\u00d3N Y ALTA\u00bb:<\/p>\n\n\n\n<div class=\"wp-block-group is-style-default is-vertical is-layout-flex wp-container-core-group-is-layout-5f0e58bb wp-block-group-is-layout-flex\" style=\"padding-right:var(--wp--preset--spacing--20);padding-left:var(--wp--preset--spacing--20)\">\n<div class=\"wp-block-columns is-not-stacked-on-mobile is-layout-flex wp-container-core-columns-is-layout-264e809f wp-block-columns-is-layout-flex\" style=\"margin-top:24px;margin-bottom:8px\">\n<div class=\"wp-block-column is-layout-flow wp-container-core-column-is-layout-564ec382 wp-block-column-is-layout-flow\" style=\"padding-top:0;padding-right:0;padding-bottom:0;padding-left:0;flex-basis:23px\">\n<figure class=\"wp-block-image size-full is-resized wp-container-content-32f399ae\"><img decoding=\"async\" src=\"https:\/\/web-testing.somcomunitats.coop\/wp-content\/uploads\/2026\/01\/checkbox_verd.png\" alt=\"\" class=\"wp-image-11283\" style=\"width:23px\"\/><\/figure>\n<\/div>\n\n\n\n<div class=\"wp-block-column is-layout-flow wp-container-core-column-is-layout-2900424e wp-block-column-is-layout-flow\" style=\"padding-top:0;padding-right:0;padding-bottom:0;padding-left:0\">\n<p class=\"wp-container-content-3cf5a658 wp-block-paragraph\">Activar y visibilizar la Comunidad en el mapa<\/p>\n<\/div>\n<\/div>\n\n\n\n<div class=\"wp-block-columns is-not-stacked-on-mobile is-layout-flex wp-container-core-columns-is-layout-3ae83b32 wp-block-columns-is-layout-flex\" style=\"margin-top:8px;margin-bottom:8px\">\n<div class=\"wp-block-column is-layout-flow wp-container-core-column-is-layout-564ec382 wp-block-column-is-layout-flow\" style=\"padding-top:0;padding-right:0;padding-bottom:0;padding-left:0;flex-basis:23px\">\n<figure class=\"wp-block-image size-full is-resized wp-container-content-32f399ae\"><img decoding=\"async\" src=\"https:\/\/web-testing.somcomunitats.coop\/wp-content\/uploads\/2026\/01\/checkbox_verd.png\" alt=\"\" class=\"wp-image-11283\" style=\"width:23px\"\/><\/figure>\n<\/div>\n\n\n\n<div class=\"wp-block-column is-layout-flow wp-container-core-column-is-layout-2900424e wp-block-column-is-layout-flow\" style=\"padding-top:0;padding-right:0;padding-bottom:0;padding-left:0\">\n<p class=\"wp-container-content-3cf5a658 wp-block-paragraph\">P\u00e1gina web propia para la Comunidad<\/p>\n<\/div>\n<\/div>\n\n\n\n<div class=\"wp-block-columns is-not-stacked-on-mobile is-layout-flex wp-container-core-columns-is-layout-3ae83b32 wp-block-columns-is-layout-flex\" style=\"margin-top:8px;margin-bottom:8px\">\n<div class=\"wp-block-column is-layout-flow wp-container-core-column-is-layout-564ec382 wp-block-column-is-layout-flow\" style=\"padding-top:0;padding-right:0;padding-bottom:0;padding-left:0;flex-basis:23px\">\n<figure class=\"wp-block-image size-full is-resized wp-container-content-32f399ae\"><img decoding=\"async\" src=\"https:\/\/web-testing.somcomunitats.coop\/wp-content\/uploads\/2026\/01\/checkbox_verd.png\" alt=\"\" class=\"wp-image-11283\" style=\"width:23px\"\/><\/figure>\n<\/div>\n\n\n\n<div class=\"wp-block-column is-layout-flow wp-container-core-column-is-layout-2900424e wp-block-column-is-layout-flow\" style=\"padding-top:0;padding-right:0;padding-bottom:0;padding-left:0\">\n<p class=\"wp-container-content-3cf5a658 wp-block-paragraph\">Enviar correos a los contactos de la Comunidad<\/p>\n<\/div>\n<\/div>\n\n\n\n<div class=\"wp-block-columns is-not-stacked-on-mobile is-layout-flex wp-container-core-columns-is-layout-d65fed5b wp-block-columns-is-layout-flex\" style=\"margin-top:8px;margin-bottom:0px\">\n<div class=\"wp-block-column is-layout-flow wp-container-core-column-is-layout-564ec382 wp-block-column-is-layout-flow\" style=\"padding-top:0;padding-right:0;padding-bottom:0;padding-left:0;flex-basis:23px\">\n<figure class=\"wp-block-image size-full is-resized wp-container-content-32f399ae\"><img decoding=\"async\" src=\"https:\/\/web-testing.somcomunitats.coop\/wp-content\/uploads\/2026\/01\/checkbox_verd.png\" alt=\"\" class=\"wp-image-11283\" style=\"width:23px\"\/><\/figure>\n<\/div>\n\n\n\n<div class=\"wp-block-column is-layout-flow wp-container-core-column-is-layout-2900424e wp-block-column-is-layout-flow\" style=\"padding-top:0;padding-right:0;padding-bottom:0;padding-left:0\">\n<p class=\"wp-container-content-3cf5a658 wp-block-paragraph\">Gestionar las altas y bajas de miembros de la Comunidad<\/p>\n<\/div>\n<\/div>\n\n\n\n<div class=\"wp-block-columns is-not-stacked-on-mobile is-layout-flex wp-container-core-columns-is-layout-d65fed5b wp-block-columns-is-layout-flex\" style=\"margin-top:8px;margin-bottom:0px\">\n<div class=\"wp-block-column is-layout-flow wp-container-core-column-is-layout-564ec382 wp-block-column-is-layout-flow\" style=\"padding-top:0;padding-right:0;padding-bottom:0;padding-left:0;flex-basis:23px\">\n<figure class=\"wp-block-image size-full is-resized wp-container-content-32f399ae\"><img decoding=\"async\" src=\"https:\/\/web-testing.somcomunitats.coop\/wp-content\/uploads\/2026\/01\/checkbox_verd.png\" alt=\"\" class=\"wp-image-11283\" style=\"width:23px\"\/><\/figure>\n<\/div>\n\n\n\n<div class=\"wp-block-column is-layout-flow wp-container-core-column-is-layout-2900424e wp-block-column-is-layout-flow\" style=\"padding-top:0;padding-right:0;padding-bottom:0;padding-left:0\">\n<p class=\"wp-container-content-3cf5a658 wp-block-paragraph\">Gestionar el cobro de cuotas y aportaciones de los miembros<\/p>\n<\/div>\n<\/div>\n\n\n\n<div class=\"wp-block-columns is-not-stacked-on-mobile is-layout-flex wp-container-core-columns-is-layout-3ae83b32 wp-block-columns-is-layout-flex\" style=\"margin-top:8px;margin-bottom:8px\">\n<div class=\"wp-block-column is-layout-flow wp-container-core-column-is-layout-564ec382 wp-block-column-is-layout-flow\" style=\"padding-top:0;padding-right:0;padding-bottom:0;padding-left:0;flex-basis:23px\">\n<figure class=\"wp-block-image size-full is-resized wp-container-content-32f399ae\"><img decoding=\"async\" src=\"https:\/\/web-testing.somcomunitats.coop\/wp-content\/uploads\/2026\/01\/checkbox_verd.png\" alt=\"\" class=\"wp-image-11283\" style=\"width:23px\"\/><\/figure>\n<\/div>\n\n\n\n<div class=\"wp-block-column is-layout-flow wp-container-core-column-is-layout-2900424e wp-block-column-is-layout-flow\" style=\"padding-top:0;padding-right:0;padding-bottom:0;padding-left:0\">\n<p class=\"wp-container-content-3cf5a658 wp-block-paragraph\">Acceso al Foro<\/p>\n<\/div>\n<\/div>\n<\/div>\n\n\n\n<div style=\"height:40px\" aria-hidden=\"true\" class=\"wp-block-spacer\"><\/div>\n\n\n\n<hr class=\"wp-block-separator has-text-color has-second-base-color has-alpha-channel-opacity has-second-base-background-color has-background is-style-wide\"\/>\n\n\n\n<div style=\"height:40px\" aria-hidden=\"true\" class=\"wp-block-spacer\"><\/div>\n\n\n\n<p class=\"has-main-color has-text-color has-link-color has-x-small-font-size wp-elements-c8e406f7cd192e6e20aa98d50380b57b wp-block-paragraph\" style=\"font-style:normal;font-weight:700\">SERVICIOS EXTRAS: <\/p>\n\n\n\n<p class=\"has-main-color has-text-color has-link-color has-x-small-font-size wp-elements-32cd143d09b22d3c540220ff4108f5a2 wp-block-paragraph\" style=\"font-style:normal;font-weight:700\">GESTI\u00d3N CONTABLE INTEGRAL:<\/p>\n\n\n\n<div class=\"wp-block-columns is-not-stacked-on-mobile is-layout-flex wp-container-core-columns-is-layout-8f02071c wp-block-columns-is-layout-flex\">\n<div class=\"wp-block-column is-layout-flow wp-container-core-column-is-layout-564ec382 wp-block-column-is-layout-flow\" style=\"padding-top:0;padding-right:0;padding-bottom:0;padding-left:0;flex-basis:23px\">\n<figure class=\"wp-block-image size-full is-resized wp-container-content-32f399ae\"><img decoding=\"async\" src=\"https:\/\/web-testing.somcomunitats.coop\/wp-content\/uploads\/2026\/01\/checkbox_gris.png\" alt=\"\" class=\"wp-image-11294\" style=\"width:23px\"\/><\/figure>\n<\/div>\n\n\n\n<div class=\"wp-block-column is-layout-flow wp-container-core-column-is-layout-2900424e wp-block-column-is-layout-flow\" style=\"padding-top:0;padding-right:0;padding-bottom:0;padding-left:0\">\n<div class=\"wp-block-group is-layout-constrained wp-container-core-group-is-layout-49cb02a7 wp-block-group-is-layout-constrained\">\n<p class=\"wp-container-content-3cf5a658 wp-block-paragraph\" style=\"margin-top:0;margin-bottom:0;padding-top:0;padding-bottom:0\"><strong>Llevar la gesti\u00f3n contable, fiscal y tributaria de la Comunidad.<\/strong> Servicio disponible en la fase de visualizaci\u00f3n y alta (gratuito) y en la fase de gesti\u00f3n de servicios.<\/p>\n\n\n\n<ul style=\"padding-top:0;padding-bottom:0;padding-left:20px\" class=\"wp-block-list\">\n<li>Cuota anual: <strong>120\u20ac<\/strong> + IVA por Comunidad Energ\u00e9tica con hasta 100 miembros<\/li>\n\n\n\n<li>Quota anual: <strong>240\u20ac<\/strong> + IVA por Comunidad Energ\u00e9tica con mas de 100 miembros<\/li>\n<\/ul>\n<\/div>\n<\/div>\n<\/div>\n<\/div>\n\n\n\n<div class=\"wp-block-buttons is-content-justification-center is-layout-flex wp-container-core-buttons-is-layout-bd4cefba wp-block-buttons-is-layout-flex\" style=\"margin-bottom:40px\">\n<div class=\"wp-block-button\"><a class=\"wp-block-button__link has-text-align-center wp-element-button\" href=\"https:\/\/somcomunitats.coop\/es\/alta-nueva-comunidad\/\">D\u00e9se de alta<\/a><\/div>\n<\/div>\n<\/div>\n\n\n\n<div class=\"wp-block-column is-vertically-aligned-stretch has-base-background-color has-background is-layout-flow wp-container-core-column-is-layout-615e52eb wp-block-column-is-layout-flow\" style=\"padding-right:0;padding-left:0\" id=\"tariff-column\">\n<div id=\"box-header\" class=\"wp-block-group has-brand-background-color has-background is-layout-constrained wp-container-core-group-is-layout-576ea087 wp-block-group-is-layout-constrained\">\n<h5 class=\"wp-block-heading has-text-align-center has-base-color has-text-color has-link-color wp-elements-098232b8270fde9d0000b8cf97db6151\" style=\"margin-bottom:var(--wp--preset--spacing--20);font-style:normal;font-weight:1000\">GESTI\u00d3N DE SERVICIOS<\/h5>\n\n\n\n<p class=\"has-text-align-center has-base-color has-text-color has-link-color has-buttons-font-size wp-elements-793004c3a7b27d512477303c1f3492f0 wp-block-paragraph\">Gestionad la Comunidad y activad servicios energ\u00e9ticos<\/p>\n\n\n\n<div class=\"wp-block-buttons is-content-justification-center is-layout-flex wp-container-core-buttons-is-layout-bd4cefba wp-block-buttons-is-layout-flex\" style=\"margin-bottom:40px\">\n<div class=\"wp-block-button\"><a class=\"wp-block-button__link has-text-align-center wp-element-button\" href=\"https:\/\/somcomunitats.coop\/es\/alta-nueva-comunidad\/\">Contacta<\/a><\/div>\n<\/div>\n<\/div>\n\n\n\n<div id=\"box-content\" class=\"wp-block-group is-style-default has-base-background-color has-background wp-container-content-9cfa9a5a is-layout-constrained wp-block-group-is-layout-constrained\">\n<div style=\"height:35px\" aria-hidden=\"true\" class=\"wp-block-spacer\"><\/div>\n\n\n\n<div class=\"wp-block-group is-vertical is-content-justification-center is-layout-flex wp-container-core-group-is-layout-048de307 wp-block-group-is-layout-flex\">\n<h5 class=\"wp-block-heading has-text-align-center has-typography-color has-text-color has-link-color has-buttons-font-size wp-elements-6b8a3b18c0d7fd33c16e7228b6e70797\" style=\"font-style:normal;font-weight:400\">POR COMUNIDAD ENERG\u00c9TICA CON<\/h5>\n\n\n\n<h5 class=\"wp-block-heading has-text-align-center has-typography-color has-text-color has-link-color has-buttons-font-size wp-elements-3a5326240723c62c03cb44b6b1481284\" style=\"font-style:normal;font-weight:700\">HASTA 100 miembros<\/h5>\n<\/div>\n\n\n\n<div style=\"height:10px\" aria-hidden=\"true\" class=\"wp-block-spacer\"><\/div>\n\n\n\n<div class=\"wp-block-group is-content-justification-center is-nowrap is-layout-flex wp-container-core-group-is-layout-03110bfc wp-block-group-is-layout-flex\">\n<h4 class=\"wp-block-heading has-text-align-center has-main-color has-text-color has-link-color wp-elements-80115a2fa26d7e2e78230146bf086d8e\">120 \u20ac<\/h4>\n\n\n\n<h4 class=\"wp-block-heading has-main-color has-text-color has-link-color has-small-font-size wp-elements-85668e647a43e4a987eeec7ba1420736\">\/a\u00f1o<\/h4>\n\n\n\n<h4 class=\"wp-block-heading has-main-color has-text-color has-link-color has-xx-small-font-size wp-elements-2cee96435639a6050255c29cae86cd72\">+iva<\/h4>\n<\/div>\n\n\n\n<div style=\"height:30px\" aria-hidden=\"true\" class=\"wp-block-spacer\"><\/div>\n\n\n\n<p class=\"has-text-align-center wp-block-paragraph\" style=\"margin-top:0;margin-bottom:0\">-O-<\/p>\n\n\n\n<div style=\"height:30px\" aria-hidden=\"true\" class=\"wp-block-spacer\"><\/div>\n\n\n\n<div class=\"wp-block-group is-vertical is-content-justification-center is-layout-flex wp-container-core-group-is-layout-048de307 wp-block-group-is-layout-flex\">\n<h5 class=\"wp-block-heading has-text-align-center has-typography-color has-text-color has-link-color has-buttons-font-size wp-elements-6b8a3b18c0d7fd33c16e7228b6e70797\" style=\"font-style:normal;font-weight:400\">POR COMUNIDAD ENERG\u00c9TICA CON<\/h5>\n\n\n\n<h5 class=\"wp-block-heading has-text-align-center has-typography-color has-text-color has-link-color has-buttons-font-size wp-elements-af80c03f7640ca8516278f35d35d56d9\" style=\"font-style:normal;font-weight:700\">M\u00c1S DE 100 miembros<\/h5>\n<\/div>\n\n\n\n<div style=\"height:15px\" aria-hidden=\"true\" class=\"wp-block-spacer\"><\/div>\n\n\n\n<div class=\"wp-block-group is-content-justification-center is-nowrap is-layout-flex wp-container-core-group-is-layout-03110bfc wp-block-group-is-layout-flex\">\n<h4 class=\"wp-block-heading has-text-align-center has-main-color has-text-color has-link-color wp-elements-afd31888cb17d892d8f933b546b12e0d\">240 \u20ac<\/h4>\n\n\n\n<h4 class=\"wp-block-heading has-main-color has-text-color has-link-color has-small-font-size wp-elements-85668e647a43e4a987eeec7ba1420736\">\/a\u00f1o<\/h4>\n\n\n\n<h4 class=\"wp-block-heading has-main-color has-text-color has-link-color has-xx-small-font-size wp-elements-2cee96435639a6050255c29cae86cd72\">+iva<\/h4>\n<\/div>\n\n\n\n<div style=\"height:30px\" aria-hidden=\"true\" class=\"wp-block-spacer\"><\/div>\n\n\n\n<p class=\"has-text-align-center has-main-color has-text-color has-link-color has-primary-font-family wp-elements-61425d0bb437a130ea71dc40473f3fa7 wp-block-paragraph\" style=\"font-size:12px\">Para hacer posible la sostenibilidad econ\u00f3mica de vuestra Comunidad, este precio no se cobrar\u00e1 hasta el momento que empez\u00e1is a tener ingresos mediante la emisi\u00f3n de facturas o aportaciones voluntarias en el capital social.<\/p>\n\n\n\n<div style=\"height:40px\" aria-hidden=\"true\" class=\"wp-block-spacer\"><\/div>\n\n\n\n<p class=\"has-text-align-left has-main-color has-text-color has-link-color has-x-small-font-size wp-elements-33e872a01f8252e78e4044e710d1dd66 wp-block-paragraph\" style=\"margin-top:0;margin-bottom:0;font-style:normal;font-weight:700\">TODO LO INCLUIDO EN \u00abVISUALIZACI\u00d3N Y ALTA\u00bb M\u00c1S:<\/p>\n\n\n\n<div class=\"wp-block-group is-style-default is-vertical is-layout-flex wp-container-core-group-is-layout-5f0e58bb wp-block-group-is-layout-flex\" style=\"padding-right:var(--wp--preset--spacing--20);padding-left:var(--wp--preset--spacing--20)\">\n<div class=\"wp-block-columns is-not-stacked-on-mobile is-layout-flex wp-container-core-columns-is-layout-264e809f wp-block-columns-is-layout-flex\" style=\"margin-top:24px;margin-bottom:8px\">\n<div class=\"wp-block-column is-layout-flow wp-container-core-column-is-layout-564ec382 wp-block-column-is-layout-flow\" style=\"padding-top:0;padding-right:0;padding-bottom:0;padding-left:0;flex-basis:23px\">\n<figure class=\"wp-block-image size-full is-resized wp-container-content-32f399ae\"><img decoding=\"async\" src=\"https:\/\/web-testing.somcomunitats.coop\/wp-content\/uploads\/2026\/01\/checkbox_verd.png\" alt=\"\" class=\"wp-image-11283\" style=\"width:23px\"\/><\/figure>\n<\/div>\n\n\n\n<div class=\"wp-block-column is-layout-flow wp-container-core-column-is-layout-2900424e wp-block-column-is-layout-flow\" style=\"padding-top:0;padding-right:0;padding-bottom:0;padding-left:0\">\n<p class=\"wp-container-content-3cf5a658 wp-block-paragraph\">Gestionar aportaciones voluntarias para la Comunidad<\/p>\n<\/div>\n<\/div>\n\n\n\n<div class=\"wp-block-columns is-not-stacked-on-mobile is-layout-flex wp-container-core-columns-is-layout-d65fed5b wp-block-columns-is-layout-flex\" style=\"margin-top:8px;margin-bottom:0px\">\n<div class=\"wp-block-column is-layout-flow wp-container-core-column-is-layout-564ec382 wp-block-column-is-layout-flow\" style=\"padding-top:0;padding-right:0;padding-bottom:0;padding-left:0;flex-basis:23px\">\n<figure class=\"wp-block-image size-full is-resized wp-container-content-32f399ae\"><img decoding=\"async\" src=\"https:\/\/web-testing.somcomunitats.coop\/wp-content\/uploads\/2026\/01\/checkbox_verd.png\" alt=\"\" class=\"wp-image-11283\" style=\"width:23px\"\/><\/figure>\n<\/div>\n\n\n\n<div class=\"wp-block-column is-layout-flow wp-container-core-column-is-layout-2900424e wp-block-column-is-layout-flow\" style=\"padding-top:0;padding-right:0;padding-bottom:0;padding-left:0\">\n<p class=\"wp-container-content-3cf5a658 wp-block-paragraph\">App para las usuarias de la Comunidad Energ\u00e9tica<\/p>\n<\/div>\n<\/div>\n<\/div>\n\n\n\n<div style=\"height:40px\" aria-hidden=\"true\" class=\"wp-block-spacer\"><\/div>\n\n\n\n<hr class=\"wp-block-separator has-text-color has-second-base-color has-alpha-channel-opacity has-second-base-background-color has-background is-style-wide\"\/>\n\n\n\n<div style=\"height:40px\" aria-hidden=\"true\" class=\"wp-block-spacer\"><\/div>\n\n\n\n<p class=\"has-main-color has-text-color has-link-color has-x-small-font-size wp-elements-c8e406f7cd192e6e20aa98d50380b57b wp-block-paragraph\" style=\"font-style:normal;font-weight:700\">SERVICIOS EXTRAS: <\/p>\n\n\n\n<p class=\"has-main-color has-text-color has-link-color has-x-small-font-size wp-elements-4a4cfa68420b421fb3de9105b1c91e27 wp-block-paragraph\" style=\"font-style:normal;font-weight:700\">GESTI\u00d3N CONTABLE INTEGRAL<\/p>\n\n\n\n<p class=\"has-main-color has-text-color has-link-color has-x-small-font-size wp-elements-d7873027eaf69f05b9c8439f0fbed37e wp-block-paragraph\" style=\"font-style:normal;font-weight:700\">GESTI\u00d3N AUTOCONSUMO FOTOVOLTAICO:<\/p>\n\n\n\n<div class=\"wp-block-columns is-not-stacked-on-mobile is-layout-flex wp-container-core-columns-is-layout-b2e659ba wp-block-columns-is-layout-flex\">\n<div class=\"wp-block-column is-layout-flow wp-container-core-column-is-layout-564ec382 wp-block-column-is-layout-flow\" style=\"padding-top:0;padding-right:0;padding-bottom:0;padding-left:0;flex-basis:8%\">\n<figure class=\"wp-block-image size-full is-resized wp-container-content-32f399ae\"><img decoding=\"async\" src=\"https:\/\/web-testing.somcomunitats.coop\/wp-content\/uploads\/2026\/01\/checkbox_gris.png\" alt=\"\" class=\"wp-image-11294\" style=\"width:23px\"\/><\/figure>\n<\/div>\n\n\n\n<div class=\"wp-block-column is-layout-flow wp-container-core-column-is-layout-2900424e wp-block-column-is-layout-flow\" style=\"padding-top:0;padding-right:0;padding-bottom:0;padding-left:0\">\n<div class=\"wp-block-group is-layout-constrained wp-container-core-group-is-layout-49cb02a7 wp-block-group-is-layout-constrained\">\n<p class=\"wp-container-content-3cf5a658 wp-block-paragraph\" style=\"margin-top:0;margin-bottom:0;padding-top:0;padding-bottom:0\"><strong>Servicio de gesti\u00f3n de autoconsumo fotovoltaico:<\/strong> Incluye el reparto de la energ\u00eda de un autoconsumo colectivo, la documentaci\u00f3n necesaria para su legalizaci\u00f3n, formulario p\u00fablico de inscripciones y la programaci\u00f3n de las facturaciones asociadas. <\/p>\n\n\n\n<p class=\"wp-block-paragraph\"><strong>+5,5\u20ac<\/strong>\/CUPS ACTIVO\/a\u00f1o + IVA<\/p>\n<\/div>\n<\/div>\n<\/div>\n\n\n\n<div class=\"wp-block-columns is-not-stacked-on-mobile is-layout-flex wp-container-core-columns-is-layout-b2e659ba wp-block-columns-is-layout-flex\">\n<div class=\"wp-block-column is-layout-flow wp-container-core-column-is-layout-564ec382 wp-block-column-is-layout-flow\" style=\"padding-top:0;padding-right:0;padding-bottom:0;padding-left:0;flex-basis:8%\">\n<figure class=\"wp-block-image size-full is-resized wp-container-content-32f399ae\"><img decoding=\"async\" src=\"https:\/\/web-testing.somcomunitats.coop\/wp-content\/uploads\/2026\/01\/checkbox_gris.png\" alt=\"\" class=\"wp-image-11294\" style=\"width:23px\"\/><\/figure>\n<\/div>\n\n\n\n<div class=\"wp-block-column is-layout-flow wp-container-core-column-is-layout-2900424e wp-block-column-is-layout-flow\" style=\"padding-top:0;padding-right:0;padding-bottom:0;padding-left:0\">\n<div class=\"wp-block-group is-layout-constrained wp-container-core-group-is-layout-49cb02a7 wp-block-group-is-layout-constrained\">\n<p class=\"wp-container-content-3cf5a658 wp-block-paragraph\" style=\"margin-top:0;margin-bottom:0;padding-top:0;padding-bottom:0\"><strong>Servicio de monitorizaci\u00f3n de autoconsumo fotovoltaico:<\/strong> Requiere tener el servicio de gesti\u00f3n de autoconsumo fotovoltaico contratado. Incluye visualizar datos de producci\u00f3n y consumo de la instalaci\u00f3n. Servicio ofrecido por una proveedora externa.  <\/p>\n\n\n\n<p class=\"wp-block-paragraph\"><strong>+4,5\u20ac<\/strong>\/CUPS MONITORIZADO\/a\u00f1o + IVA<\/p>\n<\/div>\n<\/div>\n<\/div>\n<\/div>\n\n\n\n<div class=\"wp-block-buttons is-content-justification-center is-layout-flex wp-container-core-buttons-is-layout-43dc94ec wp-block-buttons-is-layout-flex\" style=\"margin-top:40px;margin-bottom:40px\">\n<div class=\"wp-block-button\"><a class=\"wp-block-button__link has-text-align-center wp-element-button\" href=\"https:\/\/somcomunitats.coop\/es\/alta-nueva-comunidad\/\">Contacta<\/a><\/div>\n<\/div>\n<\/div>\n<\/div>\n<\/div>\n\n\n\n<div id=\"table\" class=\"wp-block-group is-style-show-desktop is-style-horizontal-padded is-layout-constrained wp-block-group-is-layout-constrained\">\n<div style=\"height:10rem\" aria-hidden=\"true\" class=\"wp-block-spacer\"><\/div>\n\n\n\n<h2 class=\"wp-block-heading has-text-align-center has-main-color has-text-color has-link-color wp-elements-008dd9153cdac0633a3d4be5f3b77e0c\">Compara las tarifas<\/h2>\n\n\n\n<div style=\"height:100px\" aria-hidden=\"true\" class=\"wp-block-spacer\"><\/div>\n\n\n\n<figure class=\"wp-block-table is-style-regular has-xx-small-font-size\" style=\"font-style:normal;font-weight:700\"><table class=\"has-base-background-color has-background\"><thead><tr><th class=\"has-text-align-left\" data-align=\"left\"><\/th><th class=\"has-text-align-center\" data-align=\"center\">VISUALIZACI\u00d3N<br> Y ALTA<\/th><th class=\"has-text-align-center\" data-align=\"center\">GESTI\u00d3N DE SERVICIOS<\/th><\/tr><\/thead><tbody><tr><td class=\"has-text-align-left\" data-align=\"left\"><br>Visualizaci\u00f3n y alta de miembros<\/td><td class=\"has-text-align-center\" data-align=\"center\"><\/td><td class=\"has-text-align-center\" data-align=\"center\"><\/td><\/tr><tr><td class=\"has-text-align-left\" data-align=\"left\"><strong>Activar y visibilizar la Comunidad <a href=\"https:\/\/somcomunitats.coop\/mapa-web\/\" target=\"_blank\" rel=\"noreferrer noopener\">en el mapa<\/a><\/strong><\/td><td class=\"has-text-align-center\" data-align=\"center\"><img decoding=\"async\" style=\"width: 20px;\" src=\"https:\/\/web-testing.somcomunitats.coop\/wp-content\/uploads\/2024\/06\/check-solid-113.png\" alt=\"\"><\/td><td class=\"has-text-align-center\" data-align=\"center\"><img decoding=\"async\" style=\"width: 20px;\" src=\"https:\/\/web-testing.somcomunitats.coop\/wp-content\/uploads\/2024\/06\/check-solid-113.png\" alt=\"\"><img decoding=\"async\" src=\"https:\/\/web-testing.web-testing.somcomunitats.coop\/wp-content\/uploads\/2024\/06\/check-solid-113.png\" alt=\"\"><\/td><\/tr><tr><td class=\"has-text-align-left\" data-align=\"left\"><strong><strong>P\u00e1gina web propia para la Comunidad<\/strong><\/strong><br><strong><sub><em><a href=\"https:\/\/web-testing.somcomunitats.coop\/es\/landing\/garesbide-s-coop-de-iniciativa-social\/\">Exemple de p\u00e0gina<\/a>. Podr\u00e9is personalizar los contenidos de la web<\/em><\/sub><\/strong><\/td><td class=\"has-text-align-center\" data-align=\"center\"><img decoding=\"async\" style=\"width: 20px;\" src=\"https:\/\/web-testing.somcomunitats.coop\/wp-content\/uploads\/2024\/06\/check-solid-113.png\" alt=\"\"><img decoding=\"async\" src=\"https:\/\/web-testing.web-testing.somcomunitats.coop\/wp-content\/uploads\/2024\/06\/check-solid-113.png\" alt=\"\"><\/td><td class=\"has-text-align-center\" data-align=\"center\"><img decoding=\"async\" style=\"width: 20px;\" src=\"https:\/\/web-testing.somcomunitats.coop\/wp-content\/uploads\/2024\/06\/check-solid-113.png\" alt=\"\"><img decoding=\"async\" src=\"https:\/\/web-testing.web-testing.somcomunitats.coop\/wp-content\/uploads\/2024\/06\/check-solid-113.png\" alt=\"\"><\/td><\/tr><tr><td class=\"has-text-align-left\" data-align=\"left\"><strong>Enviar correos a los contactos de la Comunidad<\/strong><\/td><td class=\"has-text-align-center\" data-align=\"center\"><img decoding=\"async\" src=\"https:\/\/web-testing.web-testing.somcomunitats.coop\/wp-content\/uploads\/2024\/06\/check-solid-113.png\" alt=\"\"><img decoding=\"async\" src=\"https:\/\/web-testing.somcomunitats.coop\/wp-content\/uploads\/2024\/06\/check-solid-113.png\" alt=\"\"><\/td><td class=\"has-text-align-center\" data-align=\"center\"><img decoding=\"async\" src=\"https:\/\/web-testing.somcomunitats.coop\/wp-content\/uploads\/2024\/06\/check-solid-113.png\" alt=\"\"><img decoding=\"async\" src=\"https:\/\/web-testing.web-testing.somcomunitats.coop\/wp-content\/uploads\/2024\/06\/check-solid-113.png\" alt=\"\"><\/td><\/tr><tr><td class=\"has-text-align-left\" data-align=\"left\"><strong>Formulario p\u00fablico que permite inscripci\u00f3n de nuevas socias<\/strong><\/td><td class=\"has-text-align-center\" data-align=\"center\"><img decoding=\"async\" src=\"https:\/\/web-testing.somcomunitats.coop\/wp-content\/uploads\/2024\/06\/check-solid-113.png\" alt=\"\"><img decoding=\"async\" src=\"https:\/\/web-testing.web-testing.somcomunitats.coop\/wp-content\/uploads\/2024\/06\/check-solid-113.png\" alt=\"\"><\/td><td class=\"has-text-align-center\" data-align=\"center\"><img decoding=\"async\" src=\"https:\/\/web-testing.somcomunitats.coop\/wp-content\/uploads\/2024\/06\/check-solid-113.png\" alt=\"\"><img decoding=\"async\" src=\"https:\/\/web-testing.web-testing.somcomunitats.coop\/wp-content\/uploads\/2024\/06\/check-solid-113.png\" alt=\"\"><\/td><\/tr><tr><td class=\"has-text-align-left\" data-align=\"left\"><strong>Formulario p\u00fablico de contacto con la Comunidad<\/strong><\/td><td class=\"has-text-align-center\" data-align=\"center\"><img decoding=\"async\" src=\"https:\/\/web-testing.somcomunitats.coop\/wp-content\/uploads\/2024\/06\/check-solid-113.png\" alt=\"\"><img decoding=\"async\" src=\"https:\/\/web-testing.web-testing.somcomunitats.coop\/wp-content\/uploads\/2024\/06\/check-solid-113.png\" alt=\"\"><\/td><td class=\"has-text-align-center\" data-align=\"center\"><img decoding=\"async\" src=\"https:\/\/web-testing.somcomunitats.coop\/wp-content\/uploads\/2024\/06\/check-solid-113.png\" alt=\"\"><img decoding=\"async\" src=\"https:\/\/web-testing.web-testing.somcomunitats.coop\/wp-content\/uploads\/2024\/06\/check-solid-113.png\" alt=\"\"><\/td><\/tr><tr><td class=\"has-text-align-left\" data-align=\"left\"><strong>Formulario p\u00fablico de suscripci\u00f3n en el bolet\u00edn de la Comunidad<\/strong><\/td><td class=\"has-text-align-center\" data-align=\"center\"><img decoding=\"async\" src=\"https:\/\/web-testing.somcomunitats.coop\/wp-content\/uploads\/2024\/06\/check-solid-113.png\" alt=\"\"><img decoding=\"async\" src=\"https:\/\/web-testing.web-testing.somcomunitats.coop\/wp-content\/uploads\/2024\/06\/check-solid-113.png\" alt=\"\"><\/td><td class=\"has-text-align-center\" data-align=\"center\"><img decoding=\"async\" src=\"https:\/\/web-testing.web-testing.somcomunitats.coop\/wp-content\/uploads\/2024\/06\/check-solid-113.png\" alt=\"\"><img decoding=\"async\" src=\"https:\/\/web-testing.somcomunitats.coop\/wp-content\/uploads\/2024\/06\/check-solid-113.png\" alt=\"\"><\/td><\/tr><tr><td class=\"has-text-align-left\" data-align=\"left\"><br>Foro, soporte y enredamiento  <\/td><td class=\"has-text-align-center\" data-align=\"center\"><\/td><td class=\"has-text-align-center\" data-align=\"center\"><\/td><\/tr><tr><td class=\"has-text-align-left\" data-align=\"left\"><strong>Acceso al <a href=\"https:\/\/forum.web-testing.somcomunitats.coop\/\">Foro de Somos Comunidades<\/a><\/strong><\/td><td class=\"has-text-align-center\" data-align=\"center\"><img decoding=\"async\" src=\"https:\/\/web-testing.somcomunitats.coop\/wp-content\/uploads\/2024\/06\/check-solid-113.png\" alt=\"\"><img decoding=\"async\" src=\"https:\/\/web-testing.web-testing.somcomunitats.coop\/wp-content\/uploads\/2024\/06\/check-solid-113.png\" alt=\"\"><\/td><td class=\"has-text-align-center\" data-align=\"center\"><img decoding=\"async\" src=\"https:\/\/web-testing.web-testing.somcomunitats.coop\/wp-content\/uploads\/2024\/06\/check-solid-113.png\" alt=\"\"><img decoding=\"async\" src=\"https:\/\/web-testing.somcomunitats.coop\/wp-content\/uploads\/2024\/06\/check-solid-113.png\" alt=\"\"><\/td><\/tr><tr><td class=\"has-text-align-left\" data-align=\"left\"><strong>Formar parte de la Red de Comunidades de la Econom\u00eda Social<\/strong><\/td><td class=\"has-text-align-center\" data-align=\"center\"><img decoding=\"async\" src=\"https:\/\/web-testing.somcomunitats.coop\/wp-content\/uploads\/2024\/06\/check-solid-113.png\" alt=\"\"><img decoding=\"async\" src=\"https:\/\/web-testing.web-testing.somcomunitats.coop\/wp-content\/uploads\/2024\/06\/check-solid-113.png\" alt=\"\"><\/td><td class=\"has-text-align-center\" data-align=\"center\"><img decoding=\"async\" src=\"https:\/\/web-testing.somcomunitats.coop\/wp-content\/uploads\/2024\/06\/check-solid-113.png\" alt=\"\"><img decoding=\"async\" src=\"https:\/\/web-testing.web-testing.somcomunitats.coop\/wp-content\/uploads\/2024\/06\/check-solid-113.png\" alt=\"\"><\/td><\/tr><tr><td class=\"has-text-align-left\" data-align=\"left\"><strong>Vinculaci\u00f3n con entidad Coordinadora por soporte y acompa\u00f1amiento<\/strong><\/td><td class=\"has-text-align-center\" data-align=\"center\"><img decoding=\"async\" src=\"https:\/\/web-testing.somcomunitats.coop\/wp-content\/uploads\/2024\/06\/check-solid-113.png\" alt=\"\"><img decoding=\"async\" src=\"https:\/\/web-testing.web-testing.somcomunitats.coop\/wp-content\/uploads\/2024\/06\/check-solid-113.png\" alt=\"\"><\/td><td class=\"has-text-align-center\" data-align=\"center\"><img decoding=\"async\" src=\"https:\/\/web-testing.somcomunitats.coop\/wp-content\/uploads\/2024\/06\/check-solid-113.png\" alt=\"\"><img decoding=\"async\" src=\"https:\/\/web-testing.web-testing.somcomunitats.coop\/wp-content\/uploads\/2024\/06\/check-solid-113.png\" alt=\"\"><\/td><\/tr><tr><td class=\"has-text-align-left\" data-align=\"left\"><br>App<\/td><td class=\"has-text-align-center\" data-align=\"center\"><\/td><td class=\"has-text-align-center\" data-align=\"center\"><\/td><\/tr><tr><td class=\"has-text-align-left\" data-align=\"left\"><strong><a href=\"https:\/\/web-testing.somcomunitats.coop\/es\/app\/\">App para las usuarias<\/a> de la Comunidad Energ\u00e9tica<\/strong><\/td><td class=\"has-text-align-center\" data-align=\"center\"><\/td><td class=\"has-text-align-center\" data-align=\"center\"><img decoding=\"async\" src=\"https:\/\/web-testing.somcomunitats.coop\/wp-content\/uploads\/2024\/06\/check-solid-113.png\" alt=\"\"><img decoding=\"async\" src=\"https:\/\/web-testing.web-testing.somcomunitats.coop\/wp-content\/uploads\/2024\/06\/check-solid-113.png\" alt=\"\"><\/td><\/tr><tr><td class=\"has-text-align-left\" data-align=\"left\"><strong>Contrataci\u00f3n de servicios de la Comunidad<\/strong><\/td><td class=\"has-text-align-center\" data-align=\"center\"><\/td><td class=\"has-text-align-center\" data-align=\"center\"><img decoding=\"async\" src=\"https:\/\/web-testing.somcomunitats.coop\/wp-content\/uploads\/2024\/06\/check-solid-113.png\" alt=\"\"><img decoding=\"async\" src=\"https:\/\/web-testing.web-testing.somcomunitats.coop\/wp-content\/uploads\/2024\/06\/check-solid-113.png\" alt=\"\"><\/td><\/tr><tr><td class=\"has-text-align-left\" data-align=\"left\"><strong>Informaci\u00f3n sobre los servicios contratados<\/strong><\/td><td class=\"has-text-align-center\" data-align=\"center\"><\/td><td class=\"has-text-align-center\" data-align=\"center\"><img decoding=\"async\" src=\"https:\/\/web-testing.web-testing.somcomunitats.coop\/wp-content\/uploads\/2024\/06\/check-solid-113.png\" alt=\"\"><img decoding=\"async\" src=\"https:\/\/web-testing.somcomunitats.coop\/wp-content\/uploads\/2024\/06\/check-solid-113.png\" alt=\"\"><\/td><\/tr><tr><td class=\"has-text-align-left\" data-align=\"left\">Descarga de documentos (facturas)<\/td><td class=\"has-text-align-center\" data-align=\"center\"><\/td><td class=\"has-text-align-center\" data-align=\"center\"><img decoding=\"async\" src=\"https:\/\/web-testing.web-testing.somcomunitats.coop\/wp-content\/uploads\/2024\/06\/check-solid-113.png\" alt=\"\"><img decoding=\"async\" src=\"https:\/\/web-testing.somcomunitats.coop\/wp-content\/uploads\/2024\/06\/check-solid-113.png\" alt=\"\"><\/td><\/tr><tr><td class=\"has-text-align-left\" data-align=\"left\"><strong>Acceso a los formularios p\u00fablicos de inscripci\u00f3n a los proyectos de autoconsumo<\/strong><\/td><td class=\"has-text-align-center\" data-align=\"center\"><\/td><td class=\"has-text-align-center\" data-align=\"center\"><img decoding=\"async\" src=\"https:\/\/web-testing.somcomunitats.coop\/wp-content\/uploads\/2024\/06\/check-solid-113.png\" alt=\"\"><\/td><\/tr><tr><td class=\"has-text-align-left\" data-align=\"left\"><br>Gesti\u00f3n Societaria<br> <strong><sub><em>por Administradores de la Comunidad<\/em><\/sub><\/strong><\/td><td class=\"has-text-align-center\" data-align=\"center\"><\/td><td class=\"has-text-align-center\" data-align=\"center\"><\/td><\/tr><tr><td class=\"has-text-align-left\" data-align=\"left\"><strong>Acceso al m\u00f3dulo de gesti\u00f3n societaria de la Comunitat<\/strong><\/td><td class=\"has-text-align-center\" data-align=\"center\"><img decoding=\"async\" src=\"https:\/\/web-testing.web-testing.somcomunitats.coop\/wp-content\/uploads\/2024\/06\/check-solid-113.png\" alt=\"\"><img decoding=\"async\" src=\"https:\/\/web-testing.somcomunitats.coop\/wp-content\/uploads\/2024\/06\/check-solid-113.png\" alt=\"\"><\/td><td class=\"has-text-align-center\" data-align=\"center\"><img decoding=\"async\" src=\"https:\/\/web-testing.somcomunitats.coop\/wp-content\/uploads\/2024\/06\/check-solid-113.png\" alt=\"\"><img decoding=\"async\" src=\"https:\/\/web-testing.web-testing.somcomunitats.coop\/wp-content\/uploads\/2024\/06\/check-solid-113.png\" alt=\"\"><\/td><\/tr><tr><td class=\"has-text-align-left\" data-align=\"left\"><strong>Gestionar las altas y bajas de las usuarias de la Comunidad<\/strong><\/td><td class=\"has-text-align-center\" data-align=\"center\"><img decoding=\"async\" src=\"https:\/\/web-testing.somcomunitats.coop\/wp-content\/uploads\/2024\/06\/check-solid-113.png\" alt=\"\"><img decoding=\"async\" src=\"https:\/\/web-testing.web-testing.somcomunitats.coop\/wp-content\/uploads\/2024\/06\/check-solid-113.png\" alt=\"\"><\/td><td class=\"has-text-align-center\" data-align=\"center\"><img decoding=\"async\" src=\"https:\/\/web-testing.somcomunitats.coop\/wp-content\/uploads\/2024\/06\/check-solid-113.png\" alt=\"\"><img decoding=\"async\" src=\"https:\/\/web-testing.web-testing.somcomunitats.coop\/wp-content\/uploads\/2024\/06\/check-solid-113.png\" alt=\"\"><\/td><\/tr><tr><td class=\"has-text-align-left\" data-align=\"left\"><strong>Libro de socias<\/strong><\/td><td class=\"has-text-align-center\" data-align=\"center\"><img decoding=\"async\" src=\"https:\/\/web-testing.somcomunitats.coop\/wp-content\/uploads\/2024\/06\/check-solid-113.png\" alt=\"\"><img decoding=\"async\" src=\"https:\/\/web-testing.web-testing.somcomunitats.coop\/wp-content\/uploads\/2024\/06\/check-solid-113.png\" alt=\"\"><\/td><td class=\"has-text-align-center\" data-align=\"center\"><img decoding=\"async\" src=\"https:\/\/web-testing.web-testing.somcomunitats.coop\/wp-content\/uploads\/2024\/06\/check-solid-113.png\" alt=\"\"><img decoding=\"async\" src=\"https:\/\/web-testing.somcomunitats.coop\/wp-content\/uploads\/2024\/06\/check-solid-113.png\" alt=\"\"><\/td><\/tr><tr><td class=\"has-text-align-left\" data-align=\"left\"><strong>Registro de movimientos societarios<\/strong><\/td><td class=\"has-text-align-center\" data-align=\"center\"><img decoding=\"async\" src=\"https:\/\/web-testing.somcomunitats.coop\/wp-content\/uploads\/2024\/06\/check-solid-113.png\" alt=\"\"><img decoding=\"async\" src=\"https:\/\/web-testing.web-testing.somcomunitats.coop\/wp-content\/uploads\/2024\/06\/check-solid-113.png\" alt=\"\"><\/td><td class=\"has-text-align-center\" data-align=\"center\"><img decoding=\"async\" src=\"https:\/\/web-testing.somcomunitats.coop\/wp-content\/uploads\/2024\/06\/check-solid-113.png\" alt=\"\"><img decoding=\"async\" src=\"https:\/\/web-testing.web-testing.somcomunitats.coop\/wp-content\/uploads\/2024\/06\/check-solid-113.png\" alt=\"\"><\/td><\/tr><tr><td class=\"has-text-align-left\" data-align=\"left\"><strong>Exportar los documentos de aportaciones de las socias para llevar a la gestor\u00eda<\/strong><\/td><td class=\"has-text-align-center\" data-align=\"center\"><img decoding=\"async\" src=\"https:\/\/web-testing.somcomunitats.coop\/wp-content\/uploads\/2024\/06\/check-solid-113.png\" alt=\"\"><img decoding=\"async\" src=\"https:\/\/web-testing.web-testing.somcomunitats.coop\/wp-content\/uploads\/2024\/06\/check-solid-113.png\" alt=\"\"><\/td><td class=\"has-text-align-center\" data-align=\"center\"><img decoding=\"async\" src=\"https:\/\/web-testing.somcomunitats.coop\/wp-content\/uploads\/2024\/06\/check-solid-113.png\" alt=\"\"><img decoding=\"async\" src=\"https:\/\/web-testing.web-testing.somcomunitats.coop\/wp-content\/uploads\/2024\/06\/check-solid-113.png\" alt=\"\"><\/td><\/tr><tr><td class=\"has-text-align-left\" data-align=\"left\">Gestionar cobro de cuotas de afiliaci\u00f3n (asociaciones) y de aportaciones obligatorias (cooperativas)<br>Recibir transferencias o generar remitidas de cobro de aportaciones\/cuotas<\/td><td class=\"has-text-align-center\" data-align=\"center\"><img decoding=\"async\" src=\"https:\/\/web-testing.somcomunitats.coop\/wp-content\/uploads\/2024\/06\/check-solid-113.png\" alt=\"\"><img decoding=\"async\" src=\"https:\/\/web-testing.web-testing.somcomunitats.coop\/wp-content\/uploads\/2024\/06\/check-solid-113.png\" alt=\"\"><\/td><td class=\"has-text-align-center\" data-align=\"center\"><img decoding=\"async\" src=\"https:\/\/web-testing.web-testing.somcomunitats.coop\/wp-content\/uploads\/2024\/06\/check-solid-113.png\" alt=\"\"><img decoding=\"async\" src=\"https:\/\/web-testing.somcomunitats.coop\/wp-content\/uploads\/2024\/06\/check-solid-113.png\" alt=\"\"><\/td><\/tr><tr><td class=\"has-text-align-left\" data-align=\"left\"><strong>Formaci\u00f3n en el uso del software de gesti\u00f3n societaria<\/strong><\/td><td class=\"has-text-align-center\" data-align=\"center\"><\/td><td class=\"has-text-align-center\" data-align=\"center\"><img decoding=\"async\" src=\"https:\/\/web-testing.somcomunitats.coop\/wp-content\/uploads\/2024\/06\/check-solid-113.png\" alt=\"\"><img decoding=\"async\" src=\"https:\/\/web-testing.web-testing.somcomunitats.coop\/wp-content\/uploads\/2024\/06\/check-solid-113.png\" alt=\"\"><\/td><\/tr><tr><td class=\"has-text-align-left\" data-align=\"left\"><strong>Gestionar Aportaciones Voluntarias por la Comunidad<\/strong><\/td><td class=\"has-text-align-center\" data-align=\"center\"><\/td><td class=\"has-text-align-center\" data-align=\"center\"><img decoding=\"async\" src=\"https:\/\/web-testing.somcomunitats.coop\/wp-content\/uploads\/2024\/06\/check-solid-113.png\" alt=\"\"><img decoding=\"async\" src=\"https:\/\/web-testing.web-testing.somcomunitats.coop\/wp-content\/uploads\/2024\/06\/check-solid-113.png\" alt=\"\"><\/td><\/tr><tr><td class=\"has-text-align-left\" data-align=\"left\"><strong>Gestionar y devolver intereses anuales de Aportaciones Voluntarias<\/strong><\/td><td class=\"has-text-align-center\" data-align=\"center\"><\/td><td class=\"has-text-align-center\" data-align=\"center\"><img decoding=\"async\" src=\"https:\/\/web-testing.web-testing.somcomunitats.coop\/wp-content\/uploads\/2024\/06\/check-solid-113.png\" alt=\"\"><img decoding=\"async\" src=\"https:\/\/web-testing.somcomunitats.coop\/wp-content\/uploads\/2024\/06\/check-solid-113.png\" alt=\"\"><\/td><\/tr><tr><td class=\"has-text-align-left\" data-align=\"left\"><span style=\"white-space:pre-wrap;\"><br><\/span>Gesti\u00f3n comunicativa\/comercial <span style=\"white-space:pre-wrap;\"><br><strong><sub><em>por Administradores de la Comunidad<\/em><\/sub><\/strong><\/span><\/td><td class=\"has-text-align-center\" data-align=\"center\"><\/td><td class=\"has-text-align-center\" data-align=\"center\"><\/td><\/tr><tr><td class=\"has-text-align-left\" data-align=\"left\"><strong>Registro datos de contacto de personas, empresas y entidades vinculadas a la Comunidad<\/strong><\/td><td class=\"has-text-align-center\" data-align=\"center\"><img decoding=\"async\" src=\"https:\/\/web-testing.somcomunitats.coop\/wp-content\/uploads\/2024\/06\/check-solid-113.png\" alt=\"\"><img decoding=\"async\" src=\"https:\/\/web-testing.web-testing.somcomunitats.coop\/wp-content\/uploads\/2024\/06\/check-solid-113.png\" alt=\"\"><\/td><td class=\"has-text-align-center\" data-align=\"center\"><img decoding=\"async\" src=\"https:\/\/web-testing.somcomunitats.coop\/wp-content\/uploads\/2024\/06\/check-solid-113.png\" alt=\"\"><img decoding=\"async\" src=\"https:\/\/web-testing.web-testing.somcomunitats.coop\/wp-content\/uploads\/2024\/06\/check-solid-113.png\" alt=\"\"><\/td><\/tr><tr><td class=\"has-text-align-left\" data-align=\"left\"><strong>Enviar correos a los contactos de la Comunidad<\/strong><\/td><td class=\"has-text-align-center\" data-align=\"center\"><img decoding=\"async\" src=\"https:\/\/web-testing.somcomunitats.coop\/wp-content\/uploads\/2024\/06\/check-solid-113.png\" alt=\"\"><img decoding=\"async\" src=\"https:\/\/web-testing.web-testing.somcomunitats.coop\/wp-content\/uploads\/2024\/06\/check-solid-113.png\" alt=\"\"><\/td><td class=\"has-text-align-center\" data-align=\"center\"><img decoding=\"async\" src=\"https:\/\/web-testing.somcomunitats.coop\/wp-content\/uploads\/2024\/06\/check-solid-113.png\" alt=\"\"><img decoding=\"async\" src=\"https:\/\/web-testing.web-testing.somcomunitats.coop\/wp-content\/uploads\/2024\/06\/check-solid-113.png\" alt=\"\"><\/td><\/tr><tr><td class=\"has-text-align-left\" data-align=\"left\"><strong>Acceso al m\u00f3dulo de env\u00edo de correos masivos y bolet\u00edn<\/strong><\/td><td class=\"has-text-align-center\" data-align=\"center\"><\/td><td class=\"has-text-align-center\" data-align=\"center\"><img decoding=\"async\" src=\"https:\/\/web-testing.somcomunitats.coop\/wp-content\/uploads\/2024\/06\/check-solid-113.png\" alt=\"\"><img decoding=\"async\" src=\"https:\/\/web-testing.web-testing.somcomunitats.coop\/wp-content\/uploads\/2024\/06\/check-solid-113.png\" alt=\"\"><\/td><\/tr><tr><td class=\"has-text-align-left\" data-align=\"left\"><strong>Gestor de oportunidades (CRM)<\/strong><\/td><td class=\"has-text-align-center\" data-align=\"center\"><\/td><td class=\"has-text-align-center\" data-align=\"center\"><img decoding=\"async\" src=\"https:\/\/web-testing.web-testing.somcomunitats.coop\/wp-content\/uploads\/2024\/06\/check-solid-113.png\" alt=\"\"><img decoding=\"async\" src=\"https:\/\/web-testing.somcomunitats.coop\/wp-content\/uploads\/2024\/06\/check-solid-113.png\" alt=\"\"><\/td><\/tr><tr><td class=\"has-text-align-left\" data-align=\"left\"><sub><mark style=\"background-color:rgba(0, 0, 0, 0)\" class=\"has-inline-color has-brand-color\">Servicio extra<\/mark><\/sub><br>Gesti\u00f3n de Autoconsumo Fotovoltaico <br><strong>La activaci\u00f3n de este servicio implica un coste adicional:<br>+5,5\u20ac\/CUPS ACTIVO\/a\u00f1o + IVA<\/strong><\/td><td class=\"has-text-align-center\" data-align=\"center\"><\/td><td class=\"has-text-align-center\" data-align=\"center\">Servicio extra<\/td><\/tr><tr><td class=\"has-text-align-left\" data-align=\"left\"><strong>Acceso al m\u00f3dulo de gesti\u00f3n del Autoconsumo Colectivo<\/strong><\/td><td class=\"has-text-align-center\" data-align=\"center\"><\/td><td class=\"has-text-align-center\" data-align=\"center\"><img decoding=\"async\" src=\"https:\/\/web-testing.web-testing.somcomunitats.coop\/wp-content\/uploads\/2024\/06\/check-solid-113.png\" alt=\"\"><img decoding=\"async\" src=\"https:\/\/web-testing.somcomunitats.coop\/wp-content\/uploads\/2026\/01\/check-solid-125.png\" alt=\"\"><img decoding=\"async\" src=\"https:\/\/web-testing.web-testing.somcomunitats.coop\/wp-content\/uploads\/2024\/06\/check-solid-113.png\" alt=\"\"><\/td><\/tr><tr><td class=\"has-text-align-left\" data-align=\"left\"><strong>Formaci\u00f3n en el uso del software de gesti\u00f3n Autoconsumo<\/strong> <\/td><td class=\"has-text-align-center\" data-align=\"center\"><\/td><td class=\"has-text-align-center\" data-align=\"center\"><img decoding=\"async\" src=\"https:\/\/web-testing.web-testing.somcomunitats.coop\/wp-content\/uploads\/2024\/06\/check-solid-113.png\" alt=\"\"><img decoding=\"async\" src=\"https:\/\/web-testing.somcomunitats.coop\/wp-content\/uploads\/2026\/01\/check-solid-125.png\" alt=\"\"><img decoding=\"async\" src=\"https:\/\/web-testing.web-testing.somcomunitats.coop\/wp-content\/uploads\/2024\/06\/check-solid-113.png\" alt=\"\"><\/td><\/tr><tr><td class=\"has-text-align-left\" data-align=\"left\"><strong>Alta y activaci\u00f3n de diferentes proyectos de autoconsumo<\/strong><\/td><td class=\"has-text-align-center\" data-align=\"center\"><\/td><td class=\"has-text-align-center\" data-align=\"center\"><img decoding=\"async\" src=\"https:\/\/web-testing.web-testing.somcomunitats.coop\/wp-content\/uploads\/2024\/06\/check-solid-113.png\" alt=\"\"><img decoding=\"async\" src=\"https:\/\/web-testing.web-testing.somcomunitats.coop\/wp-content\/uploads\/2024\/06\/check-solid-113.png\" alt=\"\"><img decoding=\"async\" src=\"https:\/\/web-testing.somcomunitats.coop\/wp-content\/uploads\/2026\/01\/check-solid-125.png\" alt=\"\"><\/td><\/tr><tr><td class=\"has-text-align-left\" data-align=\"left\"><strong>Formularios p\u00fablicos de inscripci\u00f3n a los proyectos de autoconsumo<\/strong><\/td><td class=\"has-text-align-center\" data-align=\"center\"><\/td><td class=\"has-text-align-center\" data-align=\"center\"><img decoding=\"async\" src=\"https:\/\/web-testing.web-testing.somcomunitats.coop\/wp-content\/uploads\/2024\/06\/check-solid-113.png\" alt=\"\"><img decoding=\"async\" src=\"https:\/\/web-testing.somcomunitats.coop\/wp-content\/uploads\/2026\/01\/check-solid-125.png\" alt=\"\"><img decoding=\"async\" src=\"https:\/\/web-testing.web-testing.somcomunitats.coop\/wp-content\/uploads\/2024\/06\/check-solid-113.png\" alt=\"\"><\/td><\/tr><tr><td class=\"has-text-align-left\" data-align=\"left\"><strong>Gesti\u00f3n de tablas de reparto<br> <em><sub>Coeficientes fijos y variables<\/sub><\/em><\/strong><\/td><td class=\"has-text-align-center\" data-align=\"center\"><\/td><td class=\"has-text-align-center\" data-align=\"center\"><img decoding=\"async\" src=\"https:\/\/web-testing.web-testing.somcomunitats.coop\/wp-content\/uploads\/2024\/06\/check-solid-113.png\" alt=\"\"><img decoding=\"async\" src=\"https:\/\/web-testing.somcomunitats.coop\/wp-content\/uploads\/2026\/01\/check-solid-125.png\" alt=\"\"><img decoding=\"async\" src=\"https:\/\/web-testing.web-testing.somcomunitats.coop\/wp-content\/uploads\/2024\/06\/check-solid-113.png\" alt=\"\"><\/td><\/tr><tr><td class=\"has-text-align-left\" data-align=\"left\"><strong>Generaci\u00f3n documentos necesarios para legalizaci\u00f3n proyectos autoconsumo<br> <em><sub>Acuerdo de reparto, documento de texto de coeficientes, autorizaci\u00f3n representante<\/sub><\/em><\/strong><\/td><td class=\"has-text-align-center\" data-align=\"center\"><\/td><td class=\"has-text-align-center\" data-align=\"center\"><img decoding=\"async\" src=\"https:\/\/web-testing.web-testing.somcomunitats.coop\/wp-content\/uploads\/2024\/06\/check-solid-113.png\" alt=\"\"><img decoding=\"async\" src=\"https:\/\/web-testing.somcomunitats.coop\/wp-content\/uploads\/2026\/01\/check-solid-125.png\" alt=\"\"><img decoding=\"async\" src=\"https:\/\/web-testing.web-testing.somcomunitats.coop\/wp-content\/uploads\/2024\/06\/check-solid-113.png\" alt=\"\"><\/td><\/tr><tr><td class=\"has-text-align-left\" data-align=\"left\"><strong>Generaci\u00f3n facturas recurrentes cuotas de mantenimiento proyectos<br><\/strong> <em><sub><strong>Varias modalidades de facturaci\u00f3n<\/strong><\/sub><\/em><\/td><td class=\"has-text-align-center\" data-align=\"center\"><\/td><td class=\"has-text-align-center\" data-align=\"center\"><img decoding=\"async\" src=\"https:\/\/web-testing.web-testing.somcomunitats.coop\/wp-content\/uploads\/2024\/06\/check-solid-113.png\" alt=\"\"><img decoding=\"async\" src=\"https:\/\/web-testing.somcomunitats.coop\/wp-content\/uploads\/2026\/01\/check-solid-125.png\" alt=\"\"><img decoding=\"async\" src=\"https:\/\/web-testing.web-testing.somcomunitats.coop\/wp-content\/uploads\/2024\/06\/check-solid-113.png\" alt=\"\"><\/td><\/tr><tr><td class=\"has-text-align-left\" data-align=\"left\"><sub><mark style=\"background-color:rgba(0, 0, 0, 0)\" class=\"has-inline-color has-brand-color\">Servicio extra<\/mark><\/sub><br>Monitorizaci\u00f3n de una instalaci\u00f3n de autoconsumo fotovoltaico<br><strong>La activaci\u00f3n de este servicio implica un coste adicional:<\/strong><br><strong>+4,5\u20ac\/CUPS MONITORIZADO\/a\u00f1o + IVA<\/strong><\/td><td class=\"has-text-align-center\" data-align=\"center\"><\/td><td class=\"has-text-align-center\" data-align=\"center\">Servicio extra<\/td><\/tr><tr><td class=\"has-text-align-left\" data-align=\"left\"><strong>Visualizar en la app los principales indicadores y gr\u00e1ficos de la instalaci\u00f3n: generaci\u00f3n y consumo energ\u00e9tico individual y comunitario y aprovechamiento del autoconsumo<\/strong><\/td><td class=\"has-text-align-center\" data-align=\"center\"><\/td><td class=\"has-text-align-center\" data-align=\"center\"><img decoding=\"async\" src=\"https:\/\/web-testing.somcomunitats.coop\/wp-content\/uploads\/2026\/01\/check-solid-125.png\" alt=\"\"><\/td><\/tr><tr><td class=\"has-text-align-left\" data-align=\"left\"><br>Gesti\u00f3n otros servicios energ\u00e9ticos<\/td><td class=\"has-text-align-center\" data-align=\"center\"><\/td><td class=\"has-text-align-center\" data-align=\"center\"><\/td><\/tr><tr><td class=\"has-text-align-left\" data-align=\"left\"><strong>Gesti\u00f3n administrativa Movilidad el\u00e9ctrica compartida<\/strong> <mark style=\"background-color:rgba(0, 0, 0, 0)\" class=\"has-inline-color has-brand-color\">(pr\u00f3ximamente)<\/mark><\/td><td class=\"has-text-align-center\" data-align=\"center\"><\/td><td class=\"has-text-align-center\" data-align=\"center\"><img decoding=\"async\" src=\"https:\/\/web-testing.somcomunitats.coop\/wp-content\/uploads\/2026\/01\/check-solid-125.png\" alt=\"\"><\/td><\/tr><tr><td class=\"has-text-align-left\" data-align=\"left\"><strong>Gesti\u00f3n administrativa Servicios t\u00e9rmicos ACS y clima<\/strong> <mark style=\"background-color:rgba(0, 0, 0, 0)\" class=\"has-inline-color has-brand-color\">(pr\u00f3ximamente)<\/mark><\/td><td class=\"has-text-align-center\" data-align=\"center\"><\/td><td class=\"has-text-align-center\" data-align=\"center\"><img decoding=\"async\" src=\"https:\/\/web-testing.somcomunitats.coop\/wp-content\/uploads\/2026\/01\/check-solid-125.png\" alt=\"\"><img decoding=\"async\" src=\"https:\/\/web-testing.web-testing.somcomunitats.coop\/wp-content\/uploads\/2024\/06\/check-solid-113.png\" alt=\"\"><\/td><\/tr><tr><td class=\"has-text-align-left\" data-align=\"left\"><strong>Gesti\u00f3n administrativa Compras colectivas<\/strong> <mark style=\"background-color:rgba(0, 0, 0, 0)\" class=\"has-inline-color has-brand-color\">(pr\u00f3ximamente)<\/mark><\/td><td class=\"has-text-align-center\" data-align=\"center\"><\/td><td class=\"has-text-align-center\" data-align=\"center\"><img decoding=\"async\" src=\"https:\/\/web-testing.somcomunitats.coop\/wp-content\/uploads\/2026\/01\/check-solid-125.png\" alt=\"\"><img decoding=\"async\" src=\"https:\/\/web-testing.web-testing.somcomunitats.coop\/wp-content\/uploads\/2024\/06\/check-solid-113.png\" alt=\"\"><\/td><\/tr><tr><td class=\"has-text-align-left\" data-align=\"left\"><sub><mark style=\"background-color:rgba(0, 0, 0, 0)\" class=\"has-inline-color has-brand-color\">Servicio extra<\/mark><\/sub><br>Gesti\u00f3n contabilidad integral (contable, fiscal y tributaria de la Comunidad)<br><sub><strong>La activaci\u00f3n de este servicio implica un coste adicional:<\/strong><\/sub><br>Cuota anual: <strong>120\u20ac<\/strong> + IVA por Comunidad Energ\u00e9tica con hasta 100 miembros<br>Cuota anual: <strong>240\u20ac<\/strong> + IVA por Comunidad Energ\u00e9tica con m\u00e1s de 100 miembros<\/td><td class=\"has-text-align-center\" data-align=\"center\">Servicio extra<\/td><td class=\"has-text-align-center\" data-align=\"center\">Servicio extra<\/td><\/tr><tr><td class=\"has-text-align-left\" data-align=\"left\"><strong>Acceso al software de gesti\u00f3n contable, fiscal, tributario<\/strong><\/td><td class=\"has-text-align-center\" data-align=\"center\"><img decoding=\"async\" src=\"https:\/\/web-testing.somcomunitats.coop\/wp-content\/uploads\/2026\/01\/check-solid-125.png\" alt=\"\"><\/td><td class=\"has-text-align-center\" data-align=\"center\"><img decoding=\"async\" src=\"https:\/\/web-testing.somcomunitats.coop\/wp-content\/uploads\/2026\/01\/check-solid-125.png\" alt=\"\"><img decoding=\"async\" src=\"https:\/\/web-testing.web-testing.somcomunitats.coop\/wp-content\/uploads\/2024\/06\/check-solid-113.png\" alt=\"\"><\/td><\/tr><tr><td class=\"has-text-align-left\" data-align=\"left\"><strong>Formaci\u00f3n inicial en el uso del software contable<\/strong><\/td><td class=\"has-text-align-center\" data-align=\"center\"><img decoding=\"async\" src=\"https:\/\/web-testing.somcomunitats.coop\/wp-content\/uploads\/2026\/01\/check-solid-125.png\" alt=\"\"><\/td><td class=\"has-text-align-center\" data-align=\"center\"><img decoding=\"async\" src=\"https:\/\/web-testing.web-testing.somcomunitats.coop\/wp-content\/uploads\/2024\/06\/check-solid-113.png\" alt=\"\"><img decoding=\"async\" src=\"https:\/\/web-testing.somcomunitats.coop\/wp-content\/uploads\/2026\/01\/check-solid-125.png\" alt=\"\"><\/td><\/tr><tr><td class=\"has-text-align-left\" data-align=\"left\"><strong>Llevar la facturaci\u00f3n de ventas y compras de la Comunidad<\/strong><\/td><td class=\"has-text-align-center\" data-align=\"center\"><img decoding=\"async\" src=\"https:\/\/web-testing.somcomunitats.coop\/wp-content\/uploads\/2026\/01\/check-solid-125.png\" alt=\"\"><\/td><td class=\"has-text-align-center\" data-align=\"center\"><img decoding=\"async\" src=\"https:\/\/web-testing.web-testing.somcomunitats.coop\/wp-content\/uploads\/2024\/06\/check-solid-113.png\" alt=\"\"><img decoding=\"async\" src=\"https:\/\/web-testing.somcomunitats.coop\/wp-content\/uploads\/2026\/01\/check-solid-125.png\" alt=\"\"><\/td><\/tr><tr><td class=\"has-text-align-left\" data-align=\"left\"><strong>Llevar la contabilidad integral de la Comunidad<\/strong><\/td><td class=\"has-text-align-center\" data-align=\"center\"><img decoding=\"async\" src=\"https:\/\/web-testing.somcomunitats.coop\/wp-content\/uploads\/2026\/01\/check-solid-125.png\" alt=\"\"><\/td><td class=\"has-text-align-center\" data-align=\"center\"><img decoding=\"async\" src=\"https:\/\/web-testing.web-testing.somcomunitats.coop\/wp-content\/uploads\/2024\/06\/check-solid-113.png\" alt=\"\"><img decoding=\"async\" src=\"https:\/\/web-testing.somcomunitats.coop\/wp-content\/uploads\/2026\/01\/check-solid-125.png\" alt=\"\"><\/td><\/tr><tr><td class=\"has-text-align-left\" data-align=\"left\"><strong>Importar extractos bancarios para conciliar apuntes contables<\/strong><\/td><td class=\"has-text-align-center\" data-align=\"center\"><img decoding=\"async\" src=\"https:\/\/web-testing.somcomunitats.coop\/wp-content\/uploads\/2026\/01\/check-solid-125.png\" alt=\"\"><\/td><td class=\"has-text-align-center\" data-align=\"center\"><img decoding=\"async\" src=\"https:\/\/web-testing.somcomunitats.coop\/wp-content\/uploads\/2026\/01\/check-solid-125.png\" alt=\"\"><img decoding=\"async\" src=\"https:\/\/web-testing.web-testing.somcomunitats.coop\/wp-content\/uploads\/2024\/06\/check-solid-113.png\" alt=\"\"><\/td><\/tr><tr><td class=\"has-text-align-left\" data-align=\"left\"><strong>Llevar la amortizaci\u00f3n de inversiones<\/strong><\/td><td class=\"has-text-align-center\" data-align=\"center\"><img decoding=\"async\" src=\"https:\/\/web-testing.somcomunitats.coop\/wp-content\/uploads\/2026\/01\/check-solid-125.png\" alt=\"\"><\/td><td class=\"has-text-align-center\" data-align=\"center\"><img decoding=\"async\" src=\"https:\/\/web-testing.somcomunitats.coop\/wp-content\/uploads\/2026\/01\/check-solid-125.png\" alt=\"\"><img decoding=\"async\" src=\"https:\/\/web-testing.web-testing.somcomunitats.coop\/wp-content\/uploads\/2024\/06\/check-solid-113.png\" alt=\"\"><\/td><\/tr><tr><td class=\"has-text-align-left\" data-align=\"left\"><strong>Generar informes fiscales\/financieros de la Comunidad<\/strong><br> <em><strong><sub>(PyG, Balance, Mayor, &#8230; )<\/sub><\/strong><\/em><\/td><td class=\"has-text-align-center\" data-align=\"center\"><img decoding=\"async\" src=\"https:\/\/web-testing.somcomunitats.coop\/wp-content\/uploads\/2026\/01\/check-solid-125.png\" alt=\"\"><\/td><td class=\"has-text-align-center\" data-align=\"center\"><img decoding=\"async\" src=\"https:\/\/web-testing.somcomunitats.coop\/wp-content\/uploads\/2026\/01\/check-solid-125.png\" alt=\"\"><img decoding=\"async\" src=\"https:\/\/web-testing.web-testing.somcomunitats.coop\/wp-content\/uploads\/2024\/06\/check-solid-113.png\" alt=\"\"><\/td><\/tr><tr><td class=\"has-text-align-left\" data-align=\"left\"><strong>Llevar la gesti\u00f3n tributaria de la Comunidad<br> <em><sub>(Libro de IVA, 347,390,111,115,123,190,303)<\/sub><\/em><\/strong><\/td><td class=\"has-text-align-center\" data-align=\"center\"><img decoding=\"async\" src=\"https:\/\/web-testing.somcomunitats.coop\/wp-content\/uploads\/2026\/01\/check-solid-125.png\" alt=\"\"><\/td><td class=\"has-text-align-center\" data-align=\"center\"><img decoding=\"async\" src=\"https:\/\/web-testing.somcomunitats.coop\/wp-content\/uploads\/2026\/01\/check-solid-125.png\" alt=\"\"><img decoding=\"async\" src=\"https:\/\/web-testing.web-testing.somcomunitats.coop\/wp-content\/uploads\/2024\/06\/check-solid-113.png\" alt=\"\"><\/td><\/tr><\/tbody><\/table><\/figure>\n\n\n\n<div style=\"height:100px\" aria-hidden=\"true\" class=\"wp-block-spacer\"><\/div>\n<\/div>\n\n\n\n<div id=\"table-mobile\" class=\"wp-block-group is-style-show-mobile-tablet is-layout-constrained wp-block-group-is-layout-constrained\">\n<div style=\"height:4rem\" aria-hidden=\"true\" class=\"wp-block-spacer\"><\/div>\n\n\n\n<h2 class=\"wp-block-heading has-text-align-center has-main-color has-text-color has-link-color wp-elements-008dd9153cdac0633a3d4be5f3b77e0c\">Compara las tarifas<\/h2>\n\n\n\n<div style=\"height:2rem\" aria-hidden=\"true\" class=\"wp-block-spacer\"><\/div>\n\n\n\n<figure class=\"wp-block-table is-style-regular has-footer-font-size\" style=\"font-style:normal;font-weight:700\"><table class=\"has-base-background-color has-background\"><thead><tr><th class=\"has-text-align-left\" data-align=\"left\">VISUALIZACI\u00d3N Y ALTA<\/th><th class=\"has-text-align-center\" data-align=\"center\"><\/th><\/tr><\/thead><tbody><tr><td class=\"has-text-align-left\" data-align=\"left\"><br>Visualizaci\u00f3n y alta de miembros<\/td><td class=\"has-text-align-center\" data-align=\"center\"><\/td><\/tr><tr><td class=\"has-text-align-left\" data-align=\"left\"><strong><strong>Activar y visibilizar la Comunidad <a href=\"https:\/\/somcomunitats.coop\/mapa-web\/\" target=\"_blank\" rel=\"noreferrer noopener\">en el mapa<\/a><\/strong><\/strong><\/td><td class=\"has-text-align-center\" data-align=\"center\"><img decoding=\"async\" src=\"https:\/\/web-testing.somcomunitats.coop\/wp-content\/uploads\/2024\/06\/check-solid-113.png\" alt=\"\"><\/td><\/tr><tr><td class=\"has-text-align-left\" data-align=\"left\"><strong><strong><strong>P\u00e1gina web propia para la Comunidad<\/strong><\/strong><br><sub><em><a href=\"https:\/\/web-testing.somcomunitats.coop\/es\/landing\/garesbide-s-coop-de-iniciativa-social\/\">Ejemplo de p\u00e1gina<\/a>. Podr\u00e9is personalizar los contenidos de la web<\/em><\/sub><\/strong><\/td><td class=\"has-text-align-center\" data-align=\"center\"><img decoding=\"async\" src=\"https:\/\/web-testing.somcomunitats.coop\/wp-content\/uploads\/2024\/06\/check-solid-113.png\" alt=\"\"><\/td><\/tr><tr><td class=\"has-text-align-left\" data-align=\"left\"><strong><strong>Enviar correos a los contactos de la Comunidad<\/strong><\/strong><\/td><td class=\"has-text-align-center\" data-align=\"center\"><img decoding=\"async\" src=\"https:\/\/web-testing.somcomunitats.coop\/wp-content\/uploads\/2024\/06\/check-solid-113.png\" alt=\"\"><\/td><\/tr><tr><td class=\"has-text-align-left\" data-align=\"left\"><strong><strong>Formulario p\u00fablico que permite inscripci\u00f3n de nuevas socias<\/strong><\/strong><\/td><td class=\"has-text-align-center\" data-align=\"center\"><img decoding=\"async\" src=\"https:\/\/web-testing.somcomunitats.coop\/wp-content\/uploads\/2024\/06\/check-solid-113.png\" alt=\"\"><\/td><\/tr><tr><td class=\"has-text-align-left\" data-align=\"left\"><strong>Formulario p\u00fablico de contacto con la Comunidad<\/strong><\/td><td class=\"has-text-align-center\" data-align=\"center\"><img decoding=\"async\" src=\"https:\/\/web-testing.somcomunitats.coop\/wp-content\/uploads\/2024\/06\/check-solid-113.png\" alt=\"\"><\/td><\/tr><tr><td class=\"has-text-align-left\" data-align=\"left\"><strong>Formulario p\u00fablico de suscripci\u00f3n en el bolet\u00edn de la Comunidad<\/strong><\/td><td class=\"has-text-align-center\" data-align=\"center\"><img decoding=\"async\" src=\"https:\/\/web-testing.somcomunitats.coop\/wp-content\/uploads\/2024\/06\/check-solid-113.png\" alt=\"\"><\/td><\/tr><tr><td class=\"has-text-align-left\" data-align=\"left\"><br>Foro, soporte y enredamiento<\/td><td class=\"has-text-align-center\" data-align=\"center\"><\/td><\/tr><tr><td class=\"has-text-align-left\" data-align=\"left\"><strong>Acceso al <a href=\"https:\/\/forum.web-testing.somcomunitats.coop\/\">Foro de Somos Comunidades<\/a><\/strong><\/td><td class=\"has-text-align-center\" data-align=\"center\"><img decoding=\"async\" src=\"https:\/\/web-testing.somcomunitats.coop\/wp-content\/uploads\/2024\/06\/check-solid-113.png\" alt=\"\"><\/td><\/tr><tr><td class=\"has-text-align-left\" data-align=\"left\"><strong>Formar parte de la Red de Comunidades de la Econom\u00eda Social<\/strong><\/td><td class=\"has-text-align-center\" data-align=\"center\"><img decoding=\"async\" src=\"https:\/\/web-testing.somcomunitats.coop\/wp-content\/uploads\/2024\/06\/check-solid-113.png\" alt=\"\"><\/td><\/tr><tr><td class=\"has-text-align-left\" data-align=\"left\"><strong>Vinculaci\u00f3n con entidad Coordinadora por soporte y acompa\u00f1amiento<\/strong><\/td><td class=\"has-text-align-center\" data-align=\"center\"><img decoding=\"async\" src=\"https:\/\/web-testing.somcomunitats.coop\/wp-content\/uploads\/2024\/06\/check-solid-113.png\" alt=\"\"><\/td><\/tr><tr><td class=\"has-text-align-left\" data-align=\"left\"><br>Gesti\u00f3n Societaria<br> <strong><em>por Administradores de la Comunidad<\/em><\/strong><\/td><td class=\"has-text-align-center\" data-align=\"center\"><\/td><\/tr><tr><td class=\"has-text-align-left\" data-align=\"left\"><strong>Acceso al m\u00f3dulo de gesti\u00f3n societaria de la Comunitat<\/strong><\/td><td class=\"has-text-align-center\" data-align=\"center\"><img decoding=\"async\" src=\"https:\/\/web-testing.somcomunitats.coop\/wp-content\/uploads\/2024\/06\/check-solid-113.png\" alt=\"\"><\/td><\/tr><tr><td class=\"has-text-align-left\" data-align=\"left\"><strong>Gestionar las altas y bajas de las usuarias de la Comunidad<\/strong><\/td><td class=\"has-text-align-center\" data-align=\"center\"><img decoding=\"async\" src=\"https:\/\/web-testing.somcomunitats.coop\/wp-content\/uploads\/2024\/06\/check-solid-113.png\" alt=\"\"><\/td><\/tr><tr><td class=\"has-text-align-left\" data-align=\"left\"><strong>Libro de socias<\/strong><\/td><td class=\"has-text-align-center\" data-align=\"center\"><img decoding=\"async\" src=\"https:\/\/web-testing.somcomunitats.coop\/wp-content\/uploads\/2024\/06\/check-solid-113.png\" alt=\"\"><\/td><\/tr><tr><td class=\"has-text-align-left\" data-align=\"left\"><strong>Registro de movimientos societarios<\/strong><\/td><td class=\"has-text-align-center\" data-align=\"center\"><img decoding=\"async\" src=\"https:\/\/web-testing.somcomunitats.coop\/wp-content\/uploads\/2024\/06\/check-solid-113.png\" alt=\"\"><\/td><\/tr><tr><td class=\"has-text-align-left\" data-align=\"left\"><strong>Exportar los documentos de aportaciones de las socias para llevar a la gestor\u00eda<\/strong><\/td><td class=\"has-text-align-center\" data-align=\"center\"><img decoding=\"async\" src=\"https:\/\/web-testing.somcomunitats.coop\/wp-content\/uploads\/2024\/06\/check-solid-113.png\" alt=\"\"><\/td><\/tr><tr><td class=\"has-text-align-left\" data-align=\"left\">Gestionar cobro de cuotas de afiliaci\u00f3n (asociaciones) y de aportaciones obligatorias (cooperativas)<br>Recibir transferencias o generar remitidas de cobro de Aportaciones de las socias<\/td><td class=\"has-text-align-center\" data-align=\"center\"><img decoding=\"async\" src=\"https:\/\/web-testing.somcomunitats.coop\/wp-content\/uploads\/2024\/06\/check-solid-113.png\" alt=\"\"><\/td><\/tr><tr><td class=\"has-text-align-left\" data-align=\"left\">Gesti\u00f3n comunicativa\/comercial<br> <strong><sub><em>por Administradores de la Comunidad<\/em><\/sub><\/strong><\/td><td class=\"has-text-align-center\" data-align=\"center\"><\/td><\/tr><tr><td class=\"has-text-align-left\" data-align=\"left\"><strong>Registro datos de contacto de personas, empresas y entidades vinculadas a la Comunidad<\/strong><\/td><td class=\"has-text-align-center\" data-align=\"center\"><img decoding=\"async\" src=\"https:\/\/web-testing.somcomunitats.coop\/wp-content\/uploads\/2024\/06\/check-solid-113.png\" alt=\"\"><\/td><\/tr><tr><td class=\"has-text-align-left\" data-align=\"left\"><strong>Enviar correos a los contactos de la Comunidad<\/strong><\/td><td class=\"has-text-align-center\" data-align=\"center\"><img decoding=\"async\" src=\"https:\/\/web-testing.somcomunitats.coop\/wp-content\/uploads\/2024\/06\/check-solid-113.png\" alt=\"\"><\/td><\/tr><tr><td class=\"has-text-align-left\" data-align=\"left\"><mark style=\"background-color:rgba(0, 0, 0, 0)\" class=\"has-inline-color has-brand-color\"><sub>Servicio extra<\/sub><\/mark><br>Gesti\u00f3n contabilidad integral (contable, fiscal y tributaria de la Comunidad)<br><strong>La activaci\u00f3n de este servicio implica un coste adicional:<\/strong><br>Cuota anual: <strong>120\u20ac <\/strong>+ IVA por Comunidad Energ\u00e9tica con hasta 100 miembros<br>Cuota anual: <strong>240\u20ac<\/strong> + IVA por Comunidad Energ\u00e9tica con m\u00e1s de 100 miembro<\/td><td class=\"has-text-align-center\" data-align=\"center\">Servicio extra<\/td><\/tr><tr><td class=\"has-text-align-left\" data-align=\"left\"><strong>Acceso al software de gesti\u00f3n contable, fiscal, tributario<\/strong><\/td><td class=\"has-text-align-center\" data-align=\"center\"><img decoding=\"async\" src=\"https:\/\/web-testing.somcomunitats.coop\/wp-content\/uploads\/2026\/01\/check-solid-125.png\" alt=\"\"><\/td><\/tr><tr><td class=\"has-text-align-left\" data-align=\"left\"><strong>Formaci\u00f3n inicial en el uso del software contable<\/strong><\/td><td class=\"has-text-align-center\" data-align=\"center\"><img decoding=\"async\" src=\"https:\/\/web-testing.somcomunitats.coop\/wp-content\/uploads\/2026\/01\/check-solid-125.png\" alt=\"\"><\/td><\/tr><tr><td class=\"has-text-align-left\" data-align=\"left\"><strong>Llevar la facturaci\u00f3n de ventas y compras de la Comunidad<\/strong><\/td><td class=\"has-text-align-center\" data-align=\"center\"><img decoding=\"async\" src=\"https:\/\/web-testing.somcomunitats.coop\/wp-content\/uploads\/2026\/01\/check-solid-125.png\" alt=\"\"><\/td><\/tr><tr><td class=\"has-text-align-left\" data-align=\"left\"><strong>Llevar la contabilidad integral de la Comunidad<\/strong><\/td><td class=\"has-text-align-center\" data-align=\"center\"><img decoding=\"async\" src=\"https:\/\/web-testing.somcomunitats.coop\/wp-content\/uploads\/2026\/01\/check-solid-125.png\" alt=\"\"><\/td><\/tr><tr><td class=\"has-text-align-left\" data-align=\"left\"><strong>Importar extractos bancarios para conciliar apuntes contables<\/strong><\/td><td class=\"has-text-align-center\" data-align=\"center\"><img decoding=\"async\" src=\"https:\/\/web-testing.somcomunitats.coop\/wp-content\/uploads\/2026\/01\/check-solid-125.png\" alt=\"\"><\/td><\/tr><tr><td class=\"has-text-align-left\" data-align=\"left\"><strong>Llevar la amortizaci\u00f3n de inversiones<\/strong><\/td><td class=\"has-text-align-center\" data-align=\"center\"><img decoding=\"async\" src=\"https:\/\/web-testing.somcomunitats.coop\/wp-content\/uploads\/2026\/01\/check-solid-125.png\" alt=\"\"><\/td><\/tr><tr><td class=\"has-text-align-left\" data-align=\"left\"><strong>Generar informes fiscales\/financieros de la Comunidad<\/strong><br> <em><strong><sub>(PyG, Balance, Mayor, &#8230; )<\/sub><\/strong><\/em><\/td><td class=\"has-text-align-center\" data-align=\"center\"><img decoding=\"async\" src=\"https:\/\/web-testing.somcomunitats.coop\/wp-content\/uploads\/2026\/01\/check-solid-125.png\" alt=\"\"><\/td><\/tr><tr><td class=\"has-text-align-left\" data-align=\"left\"><strong>Llevar la gesti\u00f3n tributaria de la Comunidad<br> <em><sub>(Libro de IVA, 347,390,111,115,123,190,303)<\/sub><\/em><\/strong><\/td><td class=\"has-text-align-center\" data-align=\"center\"><img decoding=\"async\" src=\"https:\/\/web-testing.somcomunitats.coop\/wp-content\/uploads\/2026\/01\/check-solid-125.png\" alt=\"\"><\/td><\/tr><\/tbody><\/table><\/figure>\n\n\n\n<div style=\"height:30px\" aria-hidden=\"true\" class=\"wp-block-spacer\"><\/div>\n\n\n\n<figure class=\"wp-block-table is-style-regular has-footer-font-size\" style=\"font-style:normal;font-weight:700\"><table class=\"has-base-background-color has-background\"><thead><tr><th class=\"has-text-align-left\" data-align=\"left\">GESTI\u00d3N DE SERVICIOS<\/th><th class=\"has-text-align-center\" data-align=\"center\"><\/th><\/tr><\/thead><tbody><tr><td class=\"has-text-align-left\" data-align=\"left\"><br>Visualizaci\u00f3n y alta de miembros<\/td><td class=\"has-text-align-center\" data-align=\"center\"><\/td><\/tr><tr><td class=\"has-text-align-left\" data-align=\"left\"><strong><strong><strong>Activar y visibilizar la Comunidad <a href=\"https:\/\/somcomunitats.coop\/mapa-web\/\" target=\"_blank\" rel=\"noreferrer noopener\">en el mapa<\/a><\/strong><\/strong><\/strong><\/td><td class=\"has-text-align-center\" data-align=\"center\"><img decoding=\"async\" style=\"width: 14px;\" src=\"https:\/\/web-testing.web-testing.somcomunitats.coop\/wp-content\/uploads\/2024\/06\/check-solid-113.png\" alt=\"\"><img decoding=\"async\" src=\"https:\/\/web-testing.somcomunitats.coop\/wp-content\/uploads\/2024\/06\/check-solid-113.png\" alt=\"\"><\/td><\/tr><tr><td class=\"has-text-align-left\" data-align=\"left\"><strong><strong><strong><strong>P\u00e1gina web propia para la Comunidad<\/strong><\/strong><br><sub><em><a href=\"https:\/\/web-testing.somcomunitats.coop\/es\/landing\/garesbide-s-coop-de-iniciativa-social\/\">Ejemplo de p\u00e1gina<\/a>. Podr\u00e9is personalizar los contenidos de la web<\/em><\/sub><\/strong><\/strong><\/td><td class=\"has-text-align-center\" data-align=\"center\"><img decoding=\"async\" style=\"width: 14px;\" src=\"https:\/\/web-testing.web-testing.somcomunitats.coop\/wp-content\/uploads\/2024\/06\/check-solid-113.png\" alt=\"\"><img decoding=\"async\" src=\"https:\/\/web-testing.somcomunitats.coop\/wp-content\/uploads\/2024\/06\/check-solid-113.png\" alt=\"\"><\/td><\/tr><tr><td class=\"has-text-align-left\" data-align=\"left\"><strong><strong><strong>Enviar correos a los contactos de la Comunidad<\/strong><\/strong><\/strong><\/td><td class=\"has-text-align-center\" data-align=\"center\"><img decoding=\"async\" style=\"width: 14px;\" src=\"https:\/\/web-testing.web-testing.somcomunitats.coop\/wp-content\/uploads\/2024\/06\/check-solid-113.png\" alt=\"\"><img decoding=\"async\" src=\"https:\/\/web-testing.somcomunitats.coop\/wp-content\/uploads\/2024\/06\/check-solid-113.png\" alt=\"\"><\/td><\/tr><tr><td class=\"has-text-align-left\" data-align=\"left\"><strong><strong>Formulario p\u00fablico que permite inscripci\u00f3n de nuevas socias<\/strong><\/strong><\/td><td class=\"has-text-align-center\" data-align=\"center\"><img decoding=\"async\" style=\"width: 14px;\" src=\"https:\/\/web-testing.web-testing.somcomunitats.coop\/wp-content\/uploads\/2024\/06\/check-solid-113.png\" alt=\"\"><img decoding=\"async\" src=\"https:\/\/web-testing.somcomunitats.coop\/wp-content\/uploads\/2024\/06\/check-solid-113.png\" alt=\"\"><\/td><\/tr><tr><td class=\"has-text-align-left\" data-align=\"left\"><strong>Formulario p\u00fablico de contacto con la Comunidad<\/strong><\/td><td class=\"has-text-align-center\" data-align=\"center\"><img decoding=\"async\" style=\"width: 14px;\" src=\"https:\/\/web-testing.web-testing.somcomunitats.coop\/wp-content\/uploads\/2024\/06\/check-solid-113.png\" alt=\"\"><img decoding=\"async\" src=\"https:\/\/web-testing.somcomunitats.coop\/wp-content\/uploads\/2024\/06\/check-solid-113.png\" alt=\"\"><\/td><\/tr><tr><td class=\"has-text-align-left\" data-align=\"left\"><strong>Formulario p\u00fablico de suscripci\u00f3n en el bolet\u00edn de la Comunidad<\/strong><\/td><td class=\"has-text-align-center\" data-align=\"center\"><img decoding=\"async\" style=\"width: 14px;\" src=\"https:\/\/web-testing.web-testing.somcomunitats.coop\/wp-content\/uploads\/2024\/06\/check-solid-113.png\" alt=\"\"><img decoding=\"async\" src=\"https:\/\/web-testing.somcomunitats.coop\/wp-content\/uploads\/2024\/06\/check-solid-113.png\" alt=\"\"><\/td><\/tr><tr><td class=\"has-text-align-left\" data-align=\"left\"><br>Foro, soporte y enredamiento<\/td><td class=\"has-text-align-center\" data-align=\"center\"><\/td><\/tr><tr><td class=\"has-text-align-left\" data-align=\"left\"><strong>Acceso al <a href=\"https:\/\/forum.web-testing.somcomunitats.coop\/\">Foro de Somos Comunidades<\/a><\/strong><\/td><td class=\"has-text-align-center\" data-align=\"center\"><img decoding=\"async\" style=\"width: 14px;\" src=\"https:\/\/web-testing.web-testing.somcomunitats.coop\/wp-content\/uploads\/2024\/06\/check-solid-113.png\" alt=\"\"><img decoding=\"async\" src=\"https:\/\/web-testing.somcomunitats.coop\/wp-content\/uploads\/2024\/06\/check-solid-113.png\" alt=\"\"><\/td><\/tr><tr><td class=\"has-text-align-left\" data-align=\"left\"><strong>Formar parte de la Red de Comunidades de la Econom\u00eda Social<\/strong><\/td><td class=\"has-text-align-center\" data-align=\"center\"><img decoding=\"async\" style=\"width: 14px;\" src=\"https:\/\/web-testing.web-testing.somcomunitats.coop\/wp-content\/uploads\/2024\/06\/check-solid-113.png\" alt=\"\"><img decoding=\"async\" src=\"https:\/\/web-testing.somcomunitats.coop\/wp-content\/uploads\/2024\/06\/check-solid-113.png\" alt=\"\"><\/td><\/tr><tr><td class=\"has-text-align-left\" data-align=\"left\"><strong>Vinculaci\u00f3n con entidad Coordinadora por soporte y acompa\u00f1amiento<\/strong><\/td><td class=\"has-text-align-center\" data-align=\"center\"><img decoding=\"async\" style=\"width: 14px;\" src=\"https:\/\/web-testing.web-testing.somcomunitats.coop\/wp-content\/uploads\/2024\/06\/check-solid-113.png\" alt=\"\"><img decoding=\"async\" src=\"https:\/\/web-testing.somcomunitats.coop\/wp-content\/uploads\/2024\/06\/check-solid-113.png\" alt=\"\"><\/td><\/tr><tr><td class=\"has-text-align-left\" data-align=\"left\"><br>App<\/td><td class=\"has-text-align-center\" data-align=\"center\"><\/td><\/tr><tr><td class=\"has-text-align-left\" data-align=\"left\"><strong><a href=\"https:\/\/web-testing.somcomunitats.coop\/es\/app\/\">App para las usuarias<\/a> de la Comunidad Energ\u00e9tica<\/strong><\/td><td class=\"has-text-align-center\" data-align=\"center\"><img decoding=\"async\" style=\"width: 14px;\" src=\"https:\/\/web-testing.web-testing.somcomunitats.coop\/wp-content\/uploads\/2024\/06\/check-solid-113.png\" alt=\"\"><img decoding=\"async\" src=\"https:\/\/web-testing.somcomunitats.coop\/wp-content\/uploads\/2024\/06\/check-solid-113.png\" alt=\"\"><\/td><\/tr><tr><td class=\"has-text-align-left\" data-align=\"left\"><strong>Contrataci\u00f3n de servicios de la Comunidad<\/strong><\/td><td class=\"has-text-align-center\" data-align=\"center\"><img decoding=\"async\" style=\"width: 14px;\" src=\"https:\/\/web-testing.web-testing.somcomunitats.coop\/wp-content\/uploads\/2024\/06\/check-solid-113.png\" alt=\"\"><img decoding=\"async\" src=\"https:\/\/web-testing.somcomunitats.coop\/wp-content\/uploads\/2024\/06\/check-solid-113.png\" alt=\"\"><\/td><\/tr><tr><td class=\"has-text-align-left\" data-align=\"left\"><strong>Informaci\u00f3n sobre los servicios contratados<\/strong><\/td><td class=\"has-text-align-center\" data-align=\"center\"><img decoding=\"async\" style=\"width: 14px;\" src=\"https:\/\/web-testing.web-testing.somcomunitats.coop\/wp-content\/uploads\/2024\/06\/check-solid-113.png\" alt=\"\"><img decoding=\"async\" src=\"https:\/\/web-testing.somcomunitats.coop\/wp-content\/uploads\/2024\/06\/check-solid-113.png\" alt=\"\"><\/td><\/tr><tr><td class=\"has-text-align-left\" data-align=\"left\">Descarga de documentos (facturas)<\/td><td class=\"has-text-align-center\" data-align=\"center\"><img decoding=\"async\" style=\"width: 14px;\" src=\"https:\/\/web-testing.web-testing.somcomunitats.coop\/wp-content\/uploads\/2024\/06\/check-solid-113.png\" alt=\"\"><img decoding=\"async\" src=\"https:\/\/web-testing.somcomunitats.coop\/wp-content\/uploads\/2024\/06\/check-solid-113.png\" alt=\"\"><\/td><\/tr><tr><td class=\"has-text-align-left\" data-align=\"left\"><strong>Acceso a los formularios p\u00fablicos de inscripci\u00f3n a los proyectos de autoconsumo<\/strong><\/td><td class=\"has-text-align-center\" data-align=\"center\"><img decoding=\"async\" style=\"width: 14px;\" src=\"https:\/\/web-testing.web-testing.somcomunitats.coop\/wp-content\/uploads\/2024\/06\/check-solid-113.png\" alt=\"\"><img decoding=\"async\" src=\"https:\/\/web-testing.somcomunitats.coop\/wp-content\/uploads\/2024\/06\/check-solid-113.png\" alt=\"\"><\/td><\/tr><tr><td class=\"has-text-align-left\" data-align=\"left\"><sub><mark style=\"background-color:rgba(0, 0, 0, 0)\" class=\"has-inline-color has-brand-color\">Servicio extra<\/mark><\/sub><br>Gesti\u00f3n de Autoconsumo Fotovoltaico <br><strong>La activaci\u00f3n de este servicio implica un coste adicional:<br>+5,5\u20ac\/CUPS ACTIVO\/a\u00f1o + IVA<\/strong><\/td><td class=\"has-text-align-center\" data-align=\"center\">Servicio extra<\/td><\/tr><tr><td class=\"has-text-align-left\" data-align=\"left\"><strong><strong><strong><strong>Acceso al m\u00f3dulo de gesti\u00f3n del Autoconsumo Colectivo<\/strong><\/strong><\/strong><\/strong><\/td><td class=\"has-text-align-center\" data-align=\"center\"><img decoding=\"async\" src=\"https:\/\/web-testing.somcomunitats.coop\/wp-content\/uploads\/2026\/01\/check-solid-125.png\" alt=\"\"><\/td><\/tr><tr><td class=\"has-text-align-left\" data-align=\"left\"><strong><strong><strong><strong>Formaci\u00f3n en el uso del software de gesti\u00f3n Autoconsumo<\/strong><\/strong><\/strong><\/strong><\/td><td class=\"has-text-align-center\" data-align=\"center\"><img decoding=\"async\" style=\"width: 14px;\" src=\"https:\/\/web-testing.web-testing.somcomunitats.coop\/wp-content\/uploads\/2024\/06\/check-solid-113.png\" alt=\"\"><img decoding=\"async\" src=\"https:\/\/web-testing.somcomunitats.coop\/wp-content\/uploads\/2026\/01\/check-solid-125.png\" alt=\"\"><img decoding=\"async\" style=\"width: 14px;\" src=\"https:\/\/web-testing.web-testing.somcomunitats.coop\/wp-content\/uploads\/2024\/06\/check-solid-113.png\" alt=\"\"><\/td><\/tr><tr><td class=\"has-text-align-left\" data-align=\"left\"><strong><strong><strong><strong>Alta y activaci\u00f3n de diferentes proyectos de autoconsumo<\/strong><\/strong><\/strong><\/strong><\/td><td class=\"has-text-align-center\" data-align=\"center\"><img decoding=\"async\" style=\"width: 14px;\" src=\"https:\/\/web-testing.web-testing.somcomunitats.coop\/wp-content\/uploads\/2024\/06\/check-solid-113.png\" alt=\"\"><img decoding=\"async\" src=\"https:\/\/web-testing.somcomunitats.coop\/wp-content\/uploads\/2026\/01\/check-solid-125.png\" alt=\"\"><img decoding=\"async\" style=\"width: 14px;\" src=\"https:\/\/web-testing.web-testing.somcomunitats.coop\/wp-content\/uploads\/2024\/06\/check-solid-113.png\" alt=\"\"><\/td><\/tr><tr><td class=\"has-text-align-left\" data-align=\"left\"><strong><strong><strong><strong><strong><strong>Formularios p\u00fablicos de inscripci\u00f3n a los proyectos de autoconsumo<\/strong><\/strong><\/strong><\/strong><\/strong><\/strong><\/td><td class=\"has-text-align-center\" data-align=\"center\"><img decoding=\"async\" style=\"width: 14px;\" src=\"https:\/\/web-testing.web-testing.somcomunitats.coop\/wp-content\/uploads\/2024\/06\/check-solid-113.png\" alt=\"\"><img decoding=\"async\" src=\"https:\/\/web-testing.somcomunitats.coop\/wp-content\/uploads\/2026\/01\/check-solid-125.png\" alt=\"\"><img decoding=\"async\" style=\"width: 14px;\" src=\"https:\/\/web-testing.web-testing.somcomunitats.coop\/wp-content\/uploads\/2024\/06\/check-solid-113.png\" alt=\"\"><\/td><\/tr><tr><td class=\"has-text-align-left\" data-align=\"left\"><strong>Gesti\u00f3n de tablas de reparto<br> <em><sub>Coeficientes fijos y variables<\/sub><\/em><\/strong><\/td><td class=\"has-text-align-center\" data-align=\"center\"><img decoding=\"async\" style=\"width: 14px;\" src=\"https:\/\/web-testing.web-testing.somcomunitats.coop\/wp-content\/uploads\/2024\/06\/check-solid-113.png\" alt=\"\"><img decoding=\"async\" src=\"https:\/\/web-testing.somcomunitats.coop\/wp-content\/uploads\/2026\/01\/check-solid-125.png\" alt=\"\"><img decoding=\"async\" style=\"width: 14px;\" src=\"https:\/\/web-testing.web-testing.somcomunitats.coop\/wp-content\/uploads\/2024\/06\/check-solid-113.png\" alt=\"\"><\/td><\/tr><tr><td class=\"has-text-align-left\" data-align=\"left\"><strong>Generaci\u00f3n documentos necesarios para legalizaci\u00f3n proyectos autoconsumo<br> <em><sub>Acuerdo de reparto, documento de texto de coeficientes, autorizaci\u00f3n representante<\/sub><\/em><\/strong><\/td><td class=\"has-text-align-center\" data-align=\"center\"><img decoding=\"async\" style=\"width: 14px;\" src=\"https:\/\/web-testing.web-testing.somcomunitats.coop\/wp-content\/uploads\/2024\/06\/check-solid-113.png\" alt=\"\"><img decoding=\"async\" src=\"https:\/\/web-testing.somcomunitats.coop\/wp-content\/uploads\/2026\/01\/check-solid-125.png\" alt=\"\"><img decoding=\"async\" style=\"width: 14px;\" src=\"https:\/\/web-testing.web-testing.somcomunitats.coop\/wp-content\/uploads\/2024\/06\/check-solid-113.png\" alt=\"\"><\/td><\/tr><tr><td class=\"has-text-align-left\" data-align=\"left\"><strong>Generaci\u00f3n facturas recurrentes cuotas de mantenimiento proyectos<br><\/strong> <em><sub><strong>Varias modalidades de facturaci\u00f3n<\/strong><\/sub><\/em><\/td><td class=\"has-text-align-center\" data-align=\"center\"><img decoding=\"async\" style=\"width: 14px;\" src=\"https:\/\/web-testing.web-testing.somcomunitats.coop\/wp-content\/uploads\/2024\/06\/check-solid-113.png\" alt=\"\"><img decoding=\"async\" src=\"https:\/\/web-testing.somcomunitats.coop\/wp-content\/uploads\/2026\/01\/check-solid-125.png\" alt=\"\"><img decoding=\"async\" style=\"width: 14px;\" src=\"https:\/\/web-testing.web-testing.somcomunitats.coop\/wp-content\/uploads\/2024\/06\/check-solid-113.png\" alt=\"\"><\/td><\/tr><tr><td class=\"has-text-align-left\" data-align=\"left\"><sub><mark style=\"background-color:rgba(0, 0, 0, 0)\" class=\"has-inline-color has-brand-color\">Servicio extra<\/mark><\/sub><br>Monitorizaci\u00f3n de una instalaci\u00f3n de autoconsumo fotovoltaico<br><strong>La activaci\u00f3n de este servicio implica un coste adicional:<\/strong><br><strong>+4,5\u20ac\/CUPS MONITORIZADO\/a\u00f1o + IVA<\/strong><\/td><td class=\"has-text-align-center\" data-align=\"center\">Servicio extra<\/td><\/tr><tr><td class=\"has-text-align-left\" data-align=\"left\"><strong>Visualizar en la app los principales indicadores y gr\u00e1ficos de la instalaci\u00f3n: generaci\u00f3n y consumo energ\u00e9tico individual y comunitario y aprovechamiento del autoconsumo<\/strong><\/td><td class=\"has-text-align-center\" data-align=\"center\"><img decoding=\"async\" src=\"https:\/\/web-testing.somcomunitats.coop\/wp-content\/uploads\/2026\/01\/check-solid-125.png\" alt=\"\"><\/td><\/tr><tr><td class=\"has-text-align-left\" data-align=\"left\"><br>Gesti\u00f3n otros servicios energ\u00e9ticos<\/td><td class=\"has-text-align-center\" data-align=\"center\"><\/td><\/tr><tr><td class=\"has-text-align-left\" data-align=\"left\"><strong><strong><strong>Gesti\u00f3n administrativa Movilidad el\u00e9ctrica compartida<\/strong><\/strong><\/strong> <mark style=\"background-color:rgba(0, 0, 0, 0)\" class=\"has-inline-color has-brand-color\">(pr\u00f3ximamente)<\/mark><\/td><td class=\"has-text-align-center\" data-align=\"center\"><img decoding=\"async\" style=\"width: 14px;\" src=\"https:\/\/web-testing.web-testing.somcomunitats.coop\/wp-content\/uploads\/2024\/06\/check-solid-113.png\" alt=\"\"><img decoding=\"async\" src=\"https:\/\/web-testing.somcomunitats.coop\/wp-content\/uploads\/2026\/01\/check-solid-125.png\" alt=\"\"><img decoding=\"async\" style=\"width: 14px;\" src=\"https:\/\/web-testing.web-testing.somcomunitats.coop\/wp-content\/uploads\/2024\/06\/check-solid-113.png\" alt=\"\"><\/td><\/tr><tr><td class=\"has-text-align-left\" data-align=\"left\"><strong>Gesti\u00f3n administrativa Servicios t\u00e9rmicos ACS y clima<\/strong> <mark style=\"background-color:rgba(0, 0, 0, 0)\" class=\"has-inline-color has-brand-color\">(pr\u00f3ximamente)<\/mark><\/td><td class=\"has-text-align-center\" data-align=\"center\"><img decoding=\"async\" style=\"width: 14px;\" src=\"https:\/\/web-testing.web-testing.somcomunitats.coop\/wp-content\/uploads\/2024\/06\/check-solid-113.png\" alt=\"\"><img decoding=\"async\" src=\"https:\/\/web-testing.somcomunitats.coop\/wp-content\/uploads\/2026\/01\/check-solid-125.png\" alt=\"\"><img decoding=\"async\" style=\"width: 14px;\" src=\"https:\/\/web-testing.web-testing.somcomunitats.coop\/wp-content\/uploads\/2024\/06\/check-solid-113.png\" alt=\"\"><\/td><\/tr><tr><td class=\"has-text-align-left\" data-align=\"left\"><strong><strong>Gesti\u00f3n administrativa Compras colectivas<\/strong><\/strong> <mark style=\"background-color:rgba(0, 0, 0, 0)\" class=\"has-inline-color has-brand-color\">(pr\u00f3ximamente)<\/mark><\/td><td class=\"has-text-align-center\" data-align=\"center\"><img decoding=\"async\" style=\"width: 14px;\" src=\"https:\/\/web-testing.web-testing.somcomunitats.coop\/wp-content\/uploads\/2024\/06\/check-solid-113.png\" alt=\"\"><img decoding=\"async\" src=\"https:\/\/web-testing.somcomunitats.coop\/wp-content\/uploads\/2026\/01\/check-solid-125.png\" alt=\"\"><img decoding=\"async\" style=\"width: 14px;\" src=\"https:\/\/web-testing.web-testing.somcomunitats.coop\/wp-content\/uploads\/2024\/06\/check-solid-113.png\" alt=\"\"><\/td><\/tr><tr><td class=\"has-text-align-left\" data-align=\"left\"><sub><mark style=\"background-color:rgba(0, 0, 0, 0)\" class=\"has-inline-color has-brand-color\">Servicio extra<\/mark><\/sub><br>Gesti\u00f3n contabilidad integral (contable, fiscal y tributaria de la Comunidad)<br><sub><strong>La activaci\u00f3n de este servicio implica un coste adicional:<\/strong><\/sub><br>Cuota anual: <strong>120\u20ac<\/strong> + IVA por Comunidad Energ\u00e9tica con hasta 100 miembros<br>Cuota anual: <strong>240\u20ac<\/strong> + IVA por Comunidad Energ\u00e9tica con m\u00e1s de 100 miembros<\/td><td class=\"has-text-align-center\" data-align=\"center\">Servicio extra<\/td><\/tr><tr><td class=\"has-text-align-left\" data-align=\"left\"><strong><strong>Acceso al software de gesti\u00f3n contable, fiscal, tributario<\/strong><\/strong><\/td><td class=\"has-text-align-center\" data-align=\"center\"><img decoding=\"async\" style=\"width: 14px;\" src=\"https:\/\/web-testing.web-testing.somcomunitats.coop\/wp-content\/uploads\/2024\/06\/check-solid-113.png\" alt=\"\"><img decoding=\"async\" src=\"https:\/\/web-testing.somcomunitats.coop\/wp-content\/uploads\/2026\/01\/check-solid-125.png\" alt=\"\"><img decoding=\"async\" style=\"width: 14px;\" src=\"https:\/\/web-testing.web-testing.somcomunitats.coop\/wp-content\/uploads\/2024\/06\/check-solid-113.png\" alt=\"\"><\/td><\/tr><tr><td class=\"has-text-align-left\" data-align=\"left\"><strong><strong>Formaci\u00f3n inicial en el uso del software contable<\/strong><\/strong><\/td><td class=\"has-text-align-center\" data-align=\"center\"><img decoding=\"async\" style=\"width: 14px;\" src=\"https:\/\/web-testing.web-testing.somcomunitats.coop\/wp-content\/uploads\/2024\/06\/check-solid-113.png\" alt=\"\"><img decoding=\"async\" src=\"https:\/\/web-testing.somcomunitats.coop\/wp-content\/uploads\/2026\/01\/check-solid-125.png\" alt=\"\"><img decoding=\"async\" style=\"width: 14px;\" src=\"https:\/\/web-testing.web-testing.somcomunitats.coop\/wp-content\/uploads\/2024\/06\/check-solid-113.png\" alt=\"\"><\/td><\/tr><tr><td class=\"has-text-align-left\" data-align=\"left\"><strong><strong>Llevar la facturaci\u00f3n de ventas y compras de la Comunidad<\/strong><\/strong><\/td><td class=\"has-text-align-center\" data-align=\"center\"><img decoding=\"async\" style=\"width: 14px;\" src=\"https:\/\/web-testing.web-testing.somcomunitats.coop\/wp-content\/uploads\/2024\/06\/check-solid-113.png\" alt=\"\"><img decoding=\"async\" src=\"https:\/\/web-testing.somcomunitats.coop\/wp-content\/uploads\/2026\/01\/check-solid-125.png\" alt=\"\"><img decoding=\"async\" style=\"width: 14px;\" src=\"https:\/\/web-testing.web-testing.somcomunitats.coop\/wp-content\/uploads\/2024\/06\/check-solid-113.png\" alt=\"\"><\/td><\/tr><tr><td class=\"has-text-align-left\" data-align=\"left\"><strong>Llevar la contabilidad integral de la Comunidad<\/strong><\/td><td class=\"has-text-align-center\" data-align=\"center\"><img decoding=\"async\" style=\"width: 14px;\" src=\"https:\/\/web-testing.web-testing.somcomunitats.coop\/wp-content\/uploads\/2024\/06\/check-solid-113.png\" alt=\"\"><img decoding=\"async\" src=\"https:\/\/web-testing.somcomunitats.coop\/wp-content\/uploads\/2026\/01\/check-solid-125.png\" alt=\"\"><img decoding=\"async\" style=\"width: 14px;\" src=\"https:\/\/web-testing.web-testing.somcomunitats.coop\/wp-content\/uploads\/2024\/06\/check-solid-113.png\" alt=\"\"><\/td><\/tr><tr><td class=\"has-text-align-left\" data-align=\"left\"><strong>Importar extractos bancarios para conciliar apuntes contables<\/strong><\/td><td class=\"has-text-align-center\" data-align=\"center\"><img decoding=\"async\" style=\"width: 14px;\" src=\"https:\/\/web-testing.web-testing.somcomunitats.coop\/wp-content\/uploads\/2024\/06\/check-solid-113.png\" alt=\"\"><img decoding=\"async\" src=\"https:\/\/web-testing.somcomunitats.coop\/wp-content\/uploads\/2026\/01\/check-solid-125.png\" alt=\"\"><img decoding=\"async\" style=\"width: 14px;\" src=\"https:\/\/web-testing.web-testing.somcomunitats.coop\/wp-content\/uploads\/2024\/06\/check-solid-113.png\" alt=\"\"><\/td><\/tr><tr><td class=\"has-text-align-left\" data-align=\"left\"><strong>Llevar la amortizaci\u00f3n de inversiones<\/strong><\/td><td class=\"has-text-align-center\" data-align=\"center\"><img decoding=\"async\" style=\"width: 14px;\" src=\"https:\/\/web-testing.web-testing.somcomunitats.coop\/wp-content\/uploads\/2024\/06\/check-solid-113.png\" alt=\"\"><img decoding=\"async\" src=\"https:\/\/web-testing.somcomunitats.coop\/wp-content\/uploads\/2026\/01\/check-solid-125.png\" alt=\"\"><img decoding=\"async\" style=\"width: 14px;\" src=\"https:\/\/web-testing.web-testing.somcomunitats.coop\/wp-content\/uploads\/2024\/06\/check-solid-113.png\" alt=\"\"><\/td><\/tr><tr><td class=\"has-text-align-left\" data-align=\"left\"><strong>Generar informes fiscales\/financieros de la Comunidad<\/strong><br> <em><strong><sub>(PyG, Balance, Mayor, \u2026 )<\/sub><\/strong><\/em><\/td><td class=\"has-text-align-center\" data-align=\"center\"><img decoding=\"async\" style=\"width: 14px;\" src=\"https:\/\/web-testing.web-testing.somcomunitats.coop\/wp-content\/uploads\/2024\/06\/check-solid-113.png\" alt=\"\"><img decoding=\"async\" src=\"https:\/\/web-testing.somcomunitats.coop\/wp-content\/uploads\/2026\/01\/check-solid-125.png\" alt=\"\"><img decoding=\"async\" style=\"width: 14px;\" src=\"https:\/\/web-testing.web-testing.somcomunitats.coop\/wp-content\/uploads\/2024\/06\/check-solid-113.png\" alt=\"\"><\/td><\/tr><tr><td class=\"has-text-align-left\" data-align=\"left\"><strong>Llevar la gesti\u00f3n tributaria de la Comunidad<br> <em><sub>(Libro de IVA, 347,390,111,115,123,190,303)<\/sub><\/em><\/strong><\/td><td class=\"has-text-align-center\" data-align=\"center\"><img decoding=\"async\" style=\"width: 14px;\" src=\"https:\/\/web-testing.web-testing.somcomunitats.coop\/wp-content\/uploads\/2024\/06\/check-solid-113.png\" alt=\"\"><img decoding=\"async\" src=\"https:\/\/web-testing.somcomunitats.coop\/wp-content\/uploads\/2026\/01\/check-solid-125.png\" alt=\"\"><img decoding=\"async\" style=\"width: 14px;\" src=\"https:\/\/web-testing.web-testing.somcomunitats.coop\/wp-content\/uploads\/2024\/06\/check-solid-113.png\" alt=\"\"><\/td><\/tr><\/tbody><\/table><\/figure>\n\n\n\n<div style=\"height:30px\" aria-hidden=\"true\" class=\"wp-block-spacer\"><\/div>\n\n\n\n<div style=\"height:4rem\" aria-hidden=\"true\" class=\"wp-block-spacer\"><\/div>\n<\/div>\n\n\n\n<div class=\"wp-block-group alignfull is-layout-constrained wp-block-group-is-layout-constrained\">\n<section class=\"wp-block-group alignfull is-layout-flow wp-block-group-is-layout-flow\">\n<div class=\"wp-block-group alignfull is-style-show-desktop is-style-no-padding is-nowrap is-layout-flex wp-container-core-group-is-layout-84f20f13 wp-block-group-is-layout-flex\">\n<div class=\"wp-block-group wp-container-content-2f62e668 is-layout-constrained wp-block-group-is-layout-constrained\">\n<div class=\"wp-block-cover is-light\" style=\"min-height:100%;aspect-ratio:unset;\"><img loading=\"lazy\" decoding=\"async\" width=\"1400\" height=\"1400\" class=\"wp-block-cover__image-background wp-image-5088\" alt=\"\" src=\"https:\/\/web-testing.web-testing.somcomunitats.coop\/wp-content\/uploads\/2023\/10\/FAQS.jpg\" data-object-fit=\"cover\" srcset=\"https:\/\/somcomunitats.coop\/wp-content\/uploads\/2023\/10\/FAQS.jpg 1400w, https:\/\/somcomunitats.coop\/wp-content\/uploads\/2023\/10\/FAQS-300x300.jpg 300w, https:\/\/somcomunitats.coop\/wp-content\/uploads\/2023\/10\/FAQS-1024x1024.jpg 1024w, https:\/\/somcomunitats.coop\/wp-content\/uploads\/2023\/10\/FAQS-150x150.jpg 150w, https:\/\/somcomunitats.coop\/wp-content\/uploads\/2023\/10\/FAQS-768x768.jpg 768w\" sizes=\"auto, (max-width: 1400px) 100vw, 1400px\" \/><span aria-hidden=\"true\" class=\"wp-block-cover__background has-background-dim-0 has-background-dim\"><\/span><div class=\"wp-block-cover__inner-container is-layout-flow wp-block-cover-is-layout-flow\">\n<p class=\"has-text-align-center has-large-font-size wp-block-paragraph\"><\/p>\n<\/div><\/div>\n<\/div>\n\n\n\n<div class=\"wp-block-group is-style-horizontal-padded wp-container-content-663c14dd is-layout-constrained wp-block-group-is-layout-constrained\">\n<div style=\"height:6rem\" aria-hidden=\"true\" class=\"wp-block-spacer\"><\/div>\n\n\n\n<h2 class=\"wp-block-heading has-main-color has-text-color\">Preguntas frecuentes<\/h2>\n\n\n\n<p class=\"has-typography-color has-text-color has-medium-font-size wp-block-paragraph\">Vamos recogiendo las respuestas a las preguntas m\u00e1s habituales que nos llegan por parte de las Comunidades Energ\u00e9ticas que quieren darse de alta en la Plataforma<\/p>\n\n\n\n<div style=\"height:1rem\" aria-hidden=\"true\" class=\"wp-block-spacer\"><\/div>\n\n\n\n<div class=\"wp-block-getwid-accordion alignwide ce-faqs alignwide\" data-active-element=\"0\">\n<div class=\"wp-block-getwid-accordion__header-wrapper\"><h6 class=\"wp-block-getwid-accordion__header\"><a href=\"#\"><span class=\"wp-block-getwid-accordion__header-title\">\u00bfTiene un coste econ\u00f3mico utilizar la plataforma?<\/span><span class=\"wp-block-getwid-accordion__icon is-active\"><i class=\"fas fa-chevron-down\"><\/i><\/span><span class=\"wp-block-getwid-accordion__icon is-passive\"><i class=\"fas fa-chevron-up\"><\/i><\/span><\/a><\/h6><\/div><div class=\"wp-block-getwid-accordion__content-wrapper\"><div class=\"wp-block-getwid-accordion__content\">\n<p class=\"has-typography-color has-text-color wp-block-paragraph\">Las modalidades de pago est\u00e1n pensadas por una vez ha conseguido constituir su Comunidad Energ\u00e9tica con una forma jur\u00eddica y desea empezar a facturar por los servicios energ\u00e9ticos que ofrece. La modalidad de pago de la Plataforma entrar\u00e1 en funcionamiento a partir del 1 de enero de 2025 <\/p>\n<\/div><\/div>\n\n\n\n<div class=\"wp-block-getwid-accordion__header-wrapper\"><h6 class=\"wp-block-getwid-accordion__header\"><a href=\"#\"><span class=\"wp-block-getwid-accordion__header-title\">\u00bfOfrec\u00e9is servicio de asesoramiento contable, financiero y tributario?<\/span><span class=\"wp-block-getwid-accordion__icon is-active\"><i class=\"fas fa-chevron-down\"><\/i><\/span><span class=\"wp-block-getwid-accordion__icon is-passive\"><i class=\"fas fa-chevron-up\"><\/i><\/span><\/a><\/h6><\/div><div class=\"wp-block-getwid-accordion__content-wrapper\"><div class=\"wp-block-getwid-accordion__content\">\n<p class=\"wp-block-paragraph\">Si la Comunidad lo solicita, la Plataforma ofrece el acceso a un software para poder llevar la contabilidad, fiscalidad y tributos de la Comunidad (consultar coste en la tabla de comparaci\u00f3n de servicios). Esto incluye tambi\u00e9n una formaci\u00f3n inicial en el uso de este software para las personas administradoras de la Comunitat y un acompa\u00f1amiento inicial en la configuraci\u00f3n del software, pero no ofrece ning\u00fan servicio de asesoramiento contable, financiero, tributario. La Comunidad debe disponer, v\u00eda recursos propios o v\u00eda de la contrataci\u00f3n de recursos externos (gestor\u00eda externa o apoyo de una Coordinadora a la Plataforma con capacidad de gestor\u00eda) de personas con suficiente experiencia contable\/fiscal\/trubutaria para disfrutar de este asesoramiento . Si desea m\u00e1s informaci\u00f3n, puede rellenar el formulario de contacto que encontrar\u00e1 al final de esta p\u00e1gina.   <\/p>\n<\/div><\/div>\n\n\n\n<div class=\"wp-block-getwid-accordion__header-wrapper\"><h6 class=\"wp-block-getwid-accordion__header\"><a href=\"#\"><span class=\"wp-block-getwid-accordion__header-title\">\u00bfQu\u00e9 quiere decir ser una \u201cPersona administradora de la Comunidad\u201d?<\/span><span class=\"wp-block-getwid-accordion__icon is-active\"><i class=\"fas fa-chevron-down\"><\/i><\/span><span class=\"wp-block-getwid-accordion__icon is-passive\"><i class=\"fas fa-chevron-up\"><\/i><\/span><\/a><\/h6><\/div><div class=\"wp-block-getwid-accordion__content-wrapper\"><div class=\"wp-block-getwid-accordion__content\">\n<p class=\"wp-block-paragraph\">Las personas administradoras son aquellas que cada comunidad energ\u00e9tica haya decidido que puedan entrar en el \u00e1rea de gesti\u00f3n interna de la comunidad desde donde podr\u00e1n configurar por ejemplo los formularios de alta de nuevas personas socias, gestionar su diversidad de necesidades y dar alta servicios energ\u00e9ticos como el autoconsumo compartido y ajustarlo seg\u00fan el acuerdo de reparto de energ\u00eda que hayan establecido.<\/p>\n<\/div><\/div>\n<\/div>\n\n\n\n<div style=\"height:5rem\" aria-hidden=\"true\" class=\"wp-block-spacer\"><\/div>\n<\/div>\n<\/div>\n\n\n\n<div class=\"wp-block-group alignfull is-style-no-padding is-style-show-mobile-tablet is-vertical is-content-justification-stretch is-layout-flex wp-container-core-group-is-layout-10dd94be wp-block-group-is-layout-flex\">\n<div class=\"wp-block-group wp-container-content-2f62e668 is-layout-constrained wp-block-group-is-layout-constrained\">\n<div class=\"wp-block-cover is-light\" style=\"min-height:430px;aspect-ratio:unset;\"><img loading=\"lazy\" decoding=\"async\" width=\"599\" height=\"763\" class=\"wp-block-cover__image-background wp-image-2686\" alt=\"\" src=\"https:\/\/web-testing.web-testing.somcomunitats.coop\/wp-content\/uploads\/2023\/07\/faqs.png\" data-object-fit=\"cover\" srcset=\"https:\/\/somcomunitats.coop\/wp-content\/uploads\/2023\/07\/faqs.png 599w, https:\/\/somcomunitats.coop\/wp-content\/uploads\/2023\/07\/faqs-236x300.png 236w\" sizes=\"auto, (max-width: 599px) 100vw, 599px\" \/><span aria-hidden=\"true\" class=\"wp-block-cover__background has-background-dim-0 has-background-dim\"><\/span><div class=\"wp-block-cover__inner-container is-layout-flow wp-block-cover-is-layout-flow\">\n<p class=\"has-text-align-center has-large-font-size wp-block-paragraph\"><\/p>\n<\/div><\/div>\n<\/div>\n\n\n\n<div class=\"wp-block-group is-style-horizontal-padded wp-container-content-663c14dd is-layout-flow wp-block-group-is-layout-flow\">\n<div style=\"height:3rem\" aria-hidden=\"true\" class=\"wp-block-spacer\"><\/div>\n\n\n\n<h2 class=\"wp-block-heading has-main-color has-text-color\">Preguntas frecuentes<\/h2>\n\n\n\n<p class=\"has-typography-color has-text-color has-medium-font-size wp-block-paragraph\">Vamos recogiendo las respuestas a las preguntas m\u00e1s habituales que nos llegan por parte de las Comunidades Energ\u00e9ticas que quieren darse de alta en la Plataforma<\/p>\n\n\n\n<div style=\"height:1rem\" aria-hidden=\"true\" class=\"wp-block-spacer\"><\/div>\n\n\n\n<div class=\"wp-block-getwid-accordion alignwide ce-faqs alignwide\" data-active-element=\"0\">\n<div class=\"wp-block-getwid-accordion__header-wrapper\"><h6 class=\"wp-block-getwid-accordion__header\"><a href=\"#\"><span class=\"wp-block-getwid-accordion__header-title\">T\u00e9 un cost econ\u00f2mic utilitzar la plataforma?<\/span><span class=\"wp-block-getwid-accordion__icon is-active\"><i class=\"fas fa-chevron-down\"><\/i><\/span><span class=\"wp-block-getwid-accordion__icon is-passive\"><i class=\"fas fa-chevron-up\"><\/i><\/span><\/a><\/h6><\/div><div class=\"wp-block-getwid-accordion__content-wrapper\"><div class=\"wp-block-getwid-accordion__content\">\n<p class=\"wp-block-paragraph\">Las modalidades de pago est\u00e1n pensadas por una vez ha conseguido constituir su Comunidad Energ\u00e9tica con una forma jur\u00eddica y desea empezar a facturar por los servicios energ\u00e9ticos que ofrece. La modalidad de pago de la Plataforma entrar\u00e1 en funcionamiento a partir del 1 de enero de 2025 <\/p>\n<\/div><\/div>\n\n\n\n<div class=\"wp-block-getwid-accordion__header-wrapper\"><h6 class=\"wp-block-getwid-accordion__header\"><a href=\"#\"><span class=\"wp-block-getwid-accordion__header-title\">Oferiu servei d\u2019assessorament comptable, financer i tributari?<\/span><span class=\"wp-block-getwid-accordion__icon is-active\"><i class=\"fas fa-chevron-down\"><\/i><\/span><span class=\"wp-block-getwid-accordion__icon is-passive\"><i class=\"fas fa-chevron-up\"><\/i><\/span><\/a><\/h6><\/div><div class=\"wp-block-getwid-accordion__content-wrapper\"><div class=\"wp-block-getwid-accordion__content\">\n<p class=\"wp-block-paragraph\">Si la Comunidad lo solicita, la Plataforma ofrece el acceso a un software para poder llevar la contabilidad, fiscalidad y tributos de la Comunidad (consultar coste en la tabla de comparaci\u00f3n de servicios). Esto incluye tambi\u00e9n una formaci\u00f3n inicial en el uso de este software para las personas administradoras de la Comunitat y un acompa\u00f1amiento inicial en la configuraci\u00f3n del software, pero no ofrece ning\u00fan servicio de asesoramiento contable, financiero, tributario. La Comunidad debe disponer, v\u00eda recursos propios o v\u00eda de la contrataci\u00f3n de recursos externos (gestor\u00eda externa o apoyo de una Coordinadora a la Plataforma con capacidad de gestor\u00eda) de personas con suficiente experiencia contable\/fiscal\/trubutaria para disfrutar de este asesoramiento . Si desea m\u00e1s informaci\u00f3n, puede rellenar el formulario de contacto que encontrar\u00e1 al final de esta p\u00e1gina.   <\/p>\n<\/div><\/div>\n\n\n\n<div class=\"wp-block-getwid-accordion__header-wrapper\"><h6 class=\"wp-block-getwid-accordion__header\"><a href=\"#\"><span class=\"wp-block-getwid-accordion__header-title\">Qu\u00e8 vol dir ser una \u201cPersona administradora de la Comunitat\u201d?<\/span><span class=\"wp-block-getwid-accordion__icon is-active\"><i class=\"fas fa-chevron-down\"><\/i><\/span><span class=\"wp-block-getwid-accordion__icon is-passive\"><i class=\"fas fa-chevron-up\"><\/i><\/span><\/a><\/h6><\/div><div class=\"wp-block-getwid-accordion__content-wrapper\"><div class=\"wp-block-getwid-accordion__content\">\n<p class=\"wp-block-paragraph\">Las personas administradoras son aquellas que cada comunidad energ\u00e9tica haya decidido que puedan entrar en el \u00e1rea de gesti\u00f3n interna de la comunidad desde donde podr\u00e1n configurar por ejemplo los formularios de alta de nuevas personas socias, gestionar su diversidad de necesidades y dar alta servicios energ\u00e9ticos como el autoconsumo compartido y ajustarlo seg\u00fan el acuerdo de reparto de energ\u00eda que hayan establecido.<\/p>\n<\/div><\/div>\n<\/div>\n\n\n\n<div style=\"height:4rem\" aria-hidden=\"true\" class=\"wp-block-spacer\"><\/div>\n<\/div>\n<\/div>\n<\/section>\n<\/div>\n\n\n\n<div class=\"wp-block-group alignfull is-style-no-padding has-primary-background-color has-background is-layout-constrained wp-block-group-is-layout-constrained\" id=\"ce-tariffs-contact\" style=\"padding-top:0;padding-bottom:0\">\n<div style=\"height:6rem\" aria-hidden=\"true\" class=\"wp-block-spacer\"><\/div>\n\n\n\n<div class=\"wp-block-group is-style-show-tablet-desktop is-style-horizontal-padded is-content-justification-space-between is-layout-flex wp-container-core-group-is-layout-d41214a1 wp-block-group-is-layout-flex\">\n<div class=\"wp-block-group wp-container-content-a5fc19f1 is-vertical is-layout-flex wp-container-core-group-is-layout-23deb817 wp-block-group-is-layout-flex\"><h3 class=\"has-link-color wp-elements-7d6a2fce8d3881995dd7aa61a1611674 wp-block-post-title has-text-color has-main-color\">Tarifas de la Plataforma<\/h3>\n\n\n<p class=\"has-main-color has-text-color has-link-color has-medium-font-size wp-elements-ed29d094a6fdb7c1d6d7b8e36fba937b wp-block-paragraph\">De momento en Somos Comunidades no disponemos de atenci\u00f3n telef\u00f3nica ni puntos de atenci\u00f3n directa al p\u00fablico. Nuestra atenci\u00f3n preferente es v\u00eda correo electr\u00f3nico.<\/p>\n\n\n\n<p class=\"wp-block-paragraph\">Si quiere ponerse en contacto con otras Comunidades Energ\u00e9ticas, le recomendamos <strong><a href=\"https:\/\/forum.web-testing.somcomunitats.coop\/c\/ajuda\/10\/l\/top\">entrar en el FORUM<\/a><\/strong> donde encontrar\u00e1 m\u00faltiples recursos y experiencias y se puede registrar gratuitamente para participar.<\/p>\n<\/div>\n\n\n\n<div id=\"ce-form\" class=\"wp-block-group wp-container-content-a5fc19f1 is-layout-constrained wp-block-group-is-layout-constrained\"><script>\n\/\/----------------------------------------------------------\n\/\/------ JAVASCRIPT HOOK FUNCTIONS FOR GRAVITY FORMS -------\n\/\/----------------------------------------------------------\n\nif ( ! gform ) {\n\tdocument.addEventListener( 'gform_main_scripts_loaded', function() { gform.scriptsLoaded = true; } );\n\tdocument.addEventListener( 'gform\/theme\/scripts_loaded', function() { gform.themeScriptsLoaded = true; } );\n\twindow.addEventListener( 'DOMContentLoaded', function() { gform.domLoaded = true; } );\n\n\tvar gform = {\n\t\tdomLoaded: false,\n\t\tscriptsLoaded: false,\n\t\tthemeScriptsLoaded: false,\n\t\tisFormEditor: () => typeof InitializeEditor === 'function',\n\n\t\t\/**\n\t\t * @deprecated 2.9 the use of initializeOnLoaded in the form editor context is deprecated.\n\t\t * @remove-in 4.0 this function will not check for gform.isFormEditor().\n\t\t *\/\n\t\tcallIfLoaded: function ( fn ) {\n\t\t\tif ( gform.domLoaded && gform.scriptsLoaded && ( gform.themeScriptsLoaded || gform.isFormEditor() ) ) {\n\t\t\t\tif ( gform.isFormEditor() ) {\n\t\t\t\t\tconsole.warn( 'The use of gform.initializeOnLoaded() is deprecated in the form editor context and will be removed in Gravity Forms 3.1.' );\n\t\t\t\t}\n\t\t\t\tfn();\n\t\t\t\treturn true;\n\t\t\t}\n\t\t\treturn false;\n\t\t},\n\n\t\t\/**\n\t\t * Call a function when all scripts are loaded\n\t\t *\n\t\t * @param function fn the callback function to call when all scripts are loaded\n\t\t *\n\t\t * @returns void\n\t\t *\/\n\t\tinitializeOnLoaded: function( fn ) {\n\t\t\tif ( ! gform.callIfLoaded( fn ) ) {\n\t\t\t\tdocument.addEventListener( 'gform_main_scripts_loaded', () => { gform.scriptsLoaded = true; gform.callIfLoaded( fn ); } );\n\t\t\t\tdocument.addEventListener( 'gform\/theme\/scripts_loaded', () => { gform.themeScriptsLoaded = true; gform.callIfLoaded( fn ); } );\n\t\t\t\twindow.addEventListener( 'DOMContentLoaded', () => { gform.domLoaded = true; gform.callIfLoaded( fn ); } );\n\t\t\t}\n\t\t},\n\n\t\thooks: { action: {}, filter: {} },\n\t\taddAction: function( action, callable, priority, tag ) {\n\t\t\tgform.addHook( 'action', action, callable, priority, tag );\n\t\t},\n\t\taddFilter: function( action, callable, priority, tag ) {\n\t\t\tgform.addHook( 'filter', action, callable, priority, tag );\n\t\t},\n\t\tdoAction: function( action ) {\n\t\t\tgform.doHook( 'action', action, arguments );\n\t\t},\n\t\tapplyFilters: function( action ) {\n\t\t\treturn gform.doHook( 'filter', action, arguments );\n\t\t},\n\t\tremoveAction: function( action, tag ) {\n\t\t\tgform.removeHook( 'action', action, tag );\n\t\t},\n\t\tremoveFilter: function( action, priority, tag ) {\n\t\t\tgform.removeHook( 'filter', action, priority, tag );\n\t\t},\n\t\taddHook: function( hookType, action, callable, priority, tag ) {\n\t\t\tif ( undefined == gform.hooks[hookType][action] ) {\n\t\t\t\tgform.hooks[hookType][action] = [];\n\t\t\t}\n\t\t\tvar hooks = gform.hooks[hookType][action];\n\t\t\tif ( undefined == tag ) {\n\t\t\t\ttag = action + '_' + hooks.length;\n\t\t\t}\n\t\t\tif( priority == undefined ){\n\t\t\t\tpriority = 10;\n\t\t\t}\n\n\t\t\tgform.hooks[hookType][action].push( { tag:tag, callable:callable, priority:priority } );\n\t\t},\n\t\tdoHook: function( hookType, action, args ) {\n\n\t\t\t\/\/ splice args from object into array and remove first index which is the hook name\n\t\t\targs = Array.prototype.slice.call(args, 1);\n\n\t\t\tif ( undefined != gform.hooks[hookType][action] ) {\n\t\t\t\tvar hooks = gform.hooks[hookType][action], hook;\n\t\t\t\t\/\/sort by priority\n\t\t\t\thooks.sort(function(a,b){return a[\"priority\"]-b[\"priority\"]});\n\n\t\t\t\thooks.forEach( function( hookItem ) {\n\t\t\t\t\thook = hookItem.callable;\n\n\t\t\t\t\tif(typeof hook != 'function')\n\t\t\t\t\t\thook = window[hook];\n\t\t\t\t\tif ( 'action' == hookType ) {\n\t\t\t\t\t\thook.apply(null, args);\n\t\t\t\t\t} else {\n\t\t\t\t\t\targs[0] = hook.apply(null, args);\n\t\t\t\t\t}\n\t\t\t\t} );\n\t\t\t}\n\t\t\tif ( 'filter'==hookType ) {\n\t\t\t\treturn args[0];\n\t\t\t}\n\t\t},\n\t\tremoveHook: function( hookType, action, priority, tag ) {\n\t\t\tif ( undefined != gform.hooks[hookType][action] ) {\n\t\t\t\tvar hooks = gform.hooks[hookType][action];\n\t\t\t\thooks = hooks.filter( function(hook, index, arr) {\n\t\t\t\t\tvar removeHook = (undefined==tag||tag==hook.tag) && (undefined==priority||priority==hook.priority);\n\t\t\t\t\treturn !removeHook;\n\t\t\t\t} );\n\t\t\t\tgform.hooks[hookType][action] = hooks;\n\t\t\t}\n\t\t}\n\t};\n}\n<\/script>\n\n                <div class='gf_browser_gecko gform_wrapper gravity-theme gform-theme--no-framework' data-form-theme='gravity-theme' data-form-index='0' id='gform_wrapper_14' ><div id='gf_14' class='gform_anchor' tabindex='-1'><\/div>\n                        <div class='gform_heading'>\n\t\t\t\t\t\t\t<p class='gform_required_legend'>&quot;<span class=\"gfield_required gfield_required_asterisk\">*<\/span>&quot; se\u00f1ala los campos obligatorios<\/p>\n                        <\/div><form method='post' enctype='multipart\/form-data' target='gform_ajax_frame_14' id='gform_14'  action='\/es\/wp-json\/wp\/v2\/pages\/7019#gf_14' data-formid='14' novalidate>\n                        <div class='gform-body gform_body'><div id='gform_fields_14' class='gform_fields top_label form_sublabel_below description_below validation_below'><div id=\"field_14_38\" class=\"gfield gfield--type-honeypot gform_validation_container field_sublabel_below gfield--has-description field_description_below field_validation_below gfield_visibility_visible\"  ><label class='gfield_label gform-field-label' for='input_14_38'><span class='gform-field-label__text'>Comments<\/span><\/label><div class='ginput_container'><input name='input_38' id='input_14_38' type='text' value='' autocomplete='new-password'\/><\/div><div class='gfield_description' id='gfield_description_14_38'>Este campo es un campo de validaci\u00f3n y debe quedar sin cambios.<\/div><\/div><div id=\"field_14_18\" class=\"gfield gfield--type-hidden gfield--width-full gform_hidden field_sublabel_below gfield--no-description field_description_below field_validation_below gfield_visibility_visible\"  ><div class='ginput_container ginput_container_text'><input name='input_18' id='input_14_18' type='hidden' class='gform_hidden'  aria-invalid=\"false\" value='' \/><\/div><\/div><div id=\"field_14_22\" class=\"gfield gfield--type-hidden gfield--width-full gform_hidden field_sublabel_below gfield--no-description field_description_below field_validation_below gfield_visibility_visible\"  ><div class='ginput_container ginput_container_text'><input name='input_22' id='input_14_22' type='hidden' class='gform_hidden'  aria-invalid=\"false\" value='ce_source_tariffs_page_contact' \/><\/div><\/div><div id=\"field_14_34\" class=\"gfield gfield--type-hidden gfield--width-full gform_hidden field_sublabel_below gfield--no-description field_description_below field_validation_below gfield_visibility_visible\"  ><div class='ginput_container ginput_container_text'><input name='input_34' id='input_14_34' type='hidden' class='gform_hidden'  aria-invalid=\"false\" value='undefined' \/><\/div><\/div><div id=\"field_14_36\" class=\"gfield gfield--type-text gfield--width-half gfield_contains_required field_sublabel_below gfield--no-description field_description_below hidden_label field_validation_below gfield_visibility_visible\"  ><label class='gfield_label gform-field-label' for='input_14_36'><span class='gform-field-label__text'>Nombre y Apellidos<\/span><span class=\"gfield_required\"><span class=\"gfield_required gfield_required_asterisk\">*<\/span><\/span><\/label><div class='ginput_container ginput_container_text'><input name='input_36' id='input_14_36' type='text' value='' class='large'    placeholder='Nombre y Apellidos' aria-required=\"true\" aria-invalid=\"false\"   \/><\/div><\/div><div id=\"field_14_28\" class=\"gfield gfield--type-email gfield--width-half gfield_contains_required field_sublabel_below gfield--no-description field_description_below hidden_label field_validation_below gfield_visibility_visible\"  ><label class='gfield_label gform-field-label' for='input_14_28'><span class='gform-field-label__text'>Correo electr\u00f3nico<\/span><span class=\"gfield_required\"><span class=\"gfield_required gfield_required_asterisk\">*<\/span><\/span><\/label><div class='ginput_container ginput_container_email'>\n                            <input name='input_28' id='input_14_28' type='email' value='' class='large'   placeholder='Correo electr\u00f3nico' aria-required=\"true\" aria-invalid=\"false\"  autocomplete=\"email\"\/>\n                        <\/div><\/div><div id=\"field_14_24\" class=\"gfield gfield--type-phone gfield--phone-format-international gfield--width-half gfield_contains_required field_sublabel_below gfield--no-description field_description_below hidden_label field_validation_below gfield_visibility_visible\"  ><label class='gfield_label gform-field-label' for='input_14_24'><span class='gform-field-label__text'>Tel\u00e9fono<\/span><span class=\"gfield_required\"><span class=\"gfield_required gfield_required_asterisk\">*<\/span><\/span><\/label><div class='ginput_container ginput_container_phone'><input name='input_24' id='input_14_24' type='tel' value='' class='large'  placeholder='Tel\u00e9fono' aria-required=\"true\" aria-invalid=\"false\"  autocomplete=\"tel\"  \/><\/div><\/div><div id=\"field_14_31\" class=\"gfield gfield--type-text gfield--width-half gfield_contains_required field_sublabel_below gfield--no-description field_description_below hidden_label field_validation_below gfield_visibility_visible\"  ><label class='gfield_label gform-field-label' for='input_14_31'><span class='gform-field-label__text'>Municipio<\/span><span class=\"gfield_required\"><span class=\"gfield_required gfield_required_asterisk\">*<\/span><\/span><\/label><div class='ginput_container ginput_container_text'><input name='input_31' id='input_14_31' type='text' value='' class='large'    placeholder='Municipio' aria-required=\"true\" aria-invalid=\"false\"   \/><\/div><\/div><div id=\"field_14_25\" class=\"gfield gfield--type-text gfield--width-half field_sublabel_below gfield--no-description field_description_below hidden_label field_validation_below gfield_visibility_visible\"  ><label class='gfield_label gform-field-label' for='input_14_25'><span class='gform-field-label__text'>Nombre de la Comunidad<\/span><\/label><div class='ginput_container ginput_container_text'><input name='input_25' id='input_14_25' type='text' value='' class='large'    placeholder='Nombre de la Comunidad'  aria-invalid=\"false\"  autocomplete=\"address-level2\" \/><\/div><\/div><div id=\"field_14_32\" class=\"gfield gfield--type-text gfield--width-half field_sublabel_below gfield--no-description field_description_below hidden_label field_validation_below gfield_visibility_visible\"  ><label class='gfield_label gform-field-label' for='input_14_32'><span class='gform-field-label__text'>NIF<\/span><\/label><div class='ginput_container ginput_container_text'><input name='input_32' id='input_14_32' type='text' value='' class='large'    placeholder='NIF'  aria-invalid=\"false\"   \/><\/div><\/div><div id=\"field_14_7\" class=\"gfield gfield--type-textarea gfield_contains_required field_sublabel_below gfield--no-description field_description_below hidden_label field_validation_below gfield_visibility_visible\"  ><label class='gfield_label gform-field-label' for='input_14_7'><span class='gform-field-label__text'>Mensaje<\/span><span class=\"gfield_required\"><span class=\"gfield_required gfield_required_asterisk\">*<\/span><\/span><\/label><div class='ginput_container ginput_container_textarea' data-text-counter-max='1000' data-text-counter-template='{current} of {max} max characters'><textarea name='input_7' id='input_14_7' class='textarea large'   maxlength='1000' placeholder='Mensaje' aria-required=\"true\" aria-invalid=\"false\"   rows='10' cols='50'><\/textarea><\/div><\/div><fieldset id=\"field_14_14\" class=\"gfield gfield--type-consent gfield--type-choice gfield--width-full gfield_contains_required field_sublabel_below gfield--has-description field_description_below hidden_label field_validation_below gfield_visibility_visible gfield--choice-align-vertical\"  ><legend class='gfield_label gform-field-label gfield_label_before_complex' ><span class='gform-field-label__text'>Consiento<\/span><span class=\"gfield_required\"><span class=\"gfield_required gfield_required_asterisk\">*<\/span><\/span><\/legend><div class='ginput_container ginput_container_consent'><input name='input_14.1' id='input_14_14_1' type='checkbox' value='1'  aria-describedby=\"gfield_consent_description_14_14\" aria-required=\"true\" aria-invalid=\"false\"   \/> <label class=\"gform-field-label gform-field-label--type-inline gfield_consent_label\" for='input_14_14_1' ><span class='gform-field-label__text'>He le\u00eddo y acepto la <a href=\"https:\/\/somcomunitats.coop\/es\/politica-de-privacidad\/\" target=\"_blank\">pol\u00edtica de privacidad<\/a>.<\/span><span class=\"gfield_required gfield_required_asterisk\">*<\/span><\/label><input type='hidden' name='input_14.2' value='He le\u00eddo y acepto la &lt;a href=&quot;https:\/\/somcomunitats.coop\/es\/politica-de-privacidad\/&quot; target=&quot;_blank&quot;&gt;pol\u00edtica de privacidad&lt;\/a&gt;.' class='gform_hidden' \/><input type='hidden' name='input_14.3' value='29' class='gform_hidden' \/><\/div><div class='gfield_description gfield_consent_description' id='gfield_consent_description_14_14'><div class='gfield_consent_description_text' tabindex='0'>INFORMACI\u00d3N SOBRE PROTECCI\u00d3N DE DATOS. Finalidades: responder tus solicitudes. Derechos: puedes retirar tu consentimiento en cualquier momento, adem\u00e1s de acceder, rectificar y suprimir tus datos y otros derechos en somenergia@delegado-datos.com. Informaci\u00f3n adicional: <a href=\"https:\/\/somcomunitats.coop\/es\/politica-de-privacidad\/\" target=\"_blank\">Pol\u00edtica de privacidad<\/a>.<\/div><\/div><\/fieldset><div id=\"field_14_37\" class=\"gfield gfield--type-altcha field_sublabel_below gfield--no-description field_description_below hidden_label field_validation_below gfield_visibility_visible\"  ><label class='gfield_label gform-field-label' for='input_14_37'><span class='gform-field-label__text'>captcha<\/span><\/label><\/div><\/div><\/div>\n        <div class='gform-footer gform_footer top_label'> <button type='submit' id='gform_submit_button_14' class='gform_button button' onclick='gform.submission.handleButtonClick(this);' data-submission-type='submit' >Enviar<\/button> <input type='hidden' name='gform_ajax' value='form_id=14&amp;title=&amp;description=&amp;tabindex=0&amp;theme=gravity-theme&amp;styles=[]&amp;hash=68292ca93b51303055db62ea0dc16c86' \/>\n            <input type='hidden' class='gform_hidden' name='gform_submission_method' data-js='gform_submission_method_14' value='iframe' \/>\n            <input type='hidden' class='gform_hidden' name='gform_theme' data-js='gform_theme_14' id='gform_theme_14' value='gravity-theme' \/>\n            <input type='hidden' class='gform_hidden' name='gform_style_settings' data-js='gform_style_settings_14' id='gform_style_settings_14' value='[]' \/>\n            <input type='hidden' class='gform_hidden' name='is_submit_14' value='1' \/>\n            <input type='hidden' class='gform_hidden' name='gform_submit' value='14' \/>\n            \n            <input type='hidden' class='gform_hidden' name='gform_currency' data-currency='EUR' value='jorL961csfPtsWuoDBeKeiZNQfoBq69gpSsxg8M3WOiI7owt85LixhZ3XKxCjQ+MOnw\/7T7+3reKG79ACT95qQXdwws96mvM5DtXu1L8r71CYgc=' \/>\n            <input type='hidden' class='gform_hidden' name='gform_unique_id' value='' \/>\n            <input type='hidden' class='gform_hidden' name='state_14' value='WyJ7XCIxNC4xXCI6XCJiODU1YmIxY2VhZjM3NGZlNDQxMzAxMzEyNzQwNGM3ZFwiLFwiMTQuMlwiOlwiODRkZTNkMDliY2U0NGUxY2Y2ZTFlOTJkYzkzNzQ4MzlcIixcIjE0LjNcIjpcIjMyYmU3MWQzNzEyMmRlOWU2ZmYyMDhkZjdmMGM4NjFjXCIsXCJnZm9ybV9zdWJtaXNzaW9uX21ldGhvZFwiOltcImQxZWYwNGI0MDM5Y2M3MmRlZmQ1ZDQ5YjRiOGI1ODMyXCIsXCI0NTg3NzMyYWFhYzI0ZDFkZmQ3MzQ5NTk0YWQ2M2ViM1wiLFwiZDY2NWY2NTVmNDQwMzg4YTU3OTMzMDg5ODM1MjhjZWNcIl0sXCJnZm9ybV90aGVtZVwiOlwiNmE4MjFmNTcyNDlhMDVjNjBlNmM0MzZmNTE0YmJhMThcIixcImdmb3JtX3N0eWxlX3NldHRpbmdzXCI6XCJkZDM0MWRjMjk4YzgzY2M0ODJmNGFmNWU2YTc5Nzk1MVwiLFwiZm9ybV9pZFwiOlwiZjRhZWQ2NjhlYjI1ZjBiMzc1NTEzZTA5OGZiMWYyNGJcIixcInVybFwiOlwiNzA3YjU5NjUwN2U0Y2YwZjliZmJmN2I3NDRjZjcwOWNcIixcInN0YXRlX3RpbWVzdGFtcFwiOlwiOWFjYWVkYWIwY2NlMjJhMzczYTQ0NDQ5M2YzY2ExMWNcIn0iLCJhOTJkNGNjOWM4NzBlOTRkMDJkYzE1NjE0Y2UzMWIwYiIsMTc4ODQzNTE5M10=' \/>\n            <input type='hidden' autocomplete='off' class='gform_hidden' name='gform_target_page_number_14' id='gform_target_page_number_14' value='0' \/>\n            <input type='hidden' autocomplete='off' class='gform_hidden' name='gform_source_page_number_14' id='gform_source_page_number_14' value='1' \/>\n            <input type='hidden' name='gform_field_values' value='' \/>\n            \n        <\/div>\n                        <\/form>\n                        <\/div>\n\t\t                <iframe style='display:none;width:0px;height:0px;' src='about:blank' name='gform_ajax_frame_14' id='gform_ajax_frame_14' title='Este iframe contiene la l\u00f3gica necesaria para gestionar formularios con ajax activado.'><\/iframe>\n\t\t                <script>\ngform.initializeOnLoaded( function() {jQuery('#gform_ajax_frame_14').on('load',function(){var contents = jQuery(this).contents().find('*').html();var is_postback = contents.indexOf('GF_AJAX_POSTBACK') >= 0;if(!is_postback){return;}var form_content = jQuery(this).contents().find('#gform_wrapper_14');var is_confirmation = jQuery(this).contents().find('#gform_confirmation_wrapper_14').length > 0;var is_redirect = contents.indexOf('gformRedirect(){') >= 0;var is_form = form_content.length > 0 && ! is_redirect && ! is_confirmation;var mt = parseInt(jQuery('html').css('margin-top'), 10) + parseInt(jQuery('body').css('margin-top'), 10) + 100;if(is_form){jQuery('#gform_wrapper_14').html(form_content.html());if(form_content.hasClass('gform_validation_error')){jQuery('#gform_wrapper_14').addClass('gform_validation_error');} else {jQuery('#gform_wrapper_14').removeClass('gform_validation_error');}setTimeout( function() { \/* delay the scroll by 50 milliseconds to fix a bug in chrome *\/ jQuery(document).scrollTop(jQuery('#gform_wrapper_14').offset().top - mt); }, 50 );var current_page = jQuery('#gform_source_page_number_14').val();jQuery(document).trigger('gform_page_loaded', [14, current_page]);window['gf_submitting_14'] = false;}else if(!is_redirect){var confirmation_content = jQuery(this).contents().find('.GF_AJAX_POSTBACK').html();if(!confirmation_content){confirmation_content = contents;}jQuery('#gform_wrapper_14').replaceWith(confirmation_content);jQuery(document).scrollTop(jQuery('#gf_14').offset().top - mt);jQuery(document).trigger('gform_confirmation_loaded', [14]);window['gf_submitting_14'] = false;wp.a11y.speak(jQuery('#gform_confirmation_message_14').text());}else{jQuery('#gform_14').append(contents);if(window['gformRedirect']) {gformRedirect();}}jQuery(document).trigger(\"gform_pre_post_render\", [{ formId: \"14\", currentPage: \"current_page\", abort: function() { this.preventDefault(); } }]);        if (event && event.defaultPrevented) {                return;        }        const gformWrapperDiv = document.getElementById( \"gform_wrapper_14\" );        if ( gformWrapperDiv ) {            const visibilitySpan = document.createElement( \"span\" );            visibilitySpan.id = \"gform_visibility_test_14\";            gformWrapperDiv.insertAdjacentElement( \"afterend\", visibilitySpan );        }        const visibilityTestDiv = document.getElementById( \"gform_visibility_test_14\" );        let postRenderFired = false;        function triggerPostRender() {            if ( postRenderFired ) {                return;            }            postRenderFired = true;            gform.core.triggerPostRenderEvents( 14, current_page );            if ( visibilityTestDiv ) {                visibilityTestDiv.parentNode.removeChild( visibilityTestDiv );            }        }        function debounce( func, wait, immediate ) {            var timeout;            return function() {                var context = this, args = arguments;                var later = function() {                    timeout = null;                    if ( !immediate ) func.apply( context, args );                };                var callNow = immediate && !timeout;                clearTimeout( timeout );                timeout = setTimeout( later, wait );                if ( callNow ) func.apply( context, args );            };        }        const debouncedTriggerPostRender = debounce( function() {            triggerPostRender();        }, 200 );        if ( visibilityTestDiv && visibilityTestDiv.offsetParent === null ) {            const observer = new MutationObserver( ( mutations ) => {                mutations.forEach( ( mutation ) => {                    if ( mutation.type === 'attributes' && visibilityTestDiv.offsetParent !== null ) {                        debouncedTriggerPostRender();                        observer.disconnect();                    }                });            });            observer.observe( document.body, {                attributes: true,                childList: false,                subtree: true,                attributeFilter: [ 'style', 'class' ],            });        } else {            triggerPostRender();        }    } );} );\n<\/script>\n\n<\/div>\n<\/div>\n\n\n\n<div class=\"wp-block-group is-style-show-mobile is-style-horizontal-padded is-vertical is-layout-flex wp-container-core-group-is-layout-1bbac977 wp-block-group-is-layout-flex\">\n<div class=\"wp-block-group wp-container-content-0733e5d0 is-vertical is-layout-flex wp-container-core-group-is-layout-23deb817 wp-block-group-is-layout-flex\"><h3 class=\"has-link-color wp-elements-7d6a2fce8d3881995dd7aa61a1611674 wp-block-post-title has-text-color has-main-color\">Tarifas de la Plataforma<\/h3>\n\n\n<p class=\"has-medium-font-size wp-block-paragraph\">Informaci\u00f3n sobre coordinadoras<\/p>\n\n\n\n<p class=\"wp-block-paragraph\">Utiliza el formulario para resolver dudas sobre las Coordinadoras o m\u00e1s informaci\u00f3n para contratar una. Si quieres ponerte en contacto con una Coordinadora en concreto, puedes hacerlo accediendo a la ficha de cada una que encontrar\u00e1s en el apartado de Entidades Coordinadoras que est\u00e1 m\u00e1s arriba en esta p\u00e1gina.<\/p>\n<\/div>\n\n\n\n<div style=\"height:0px\" aria-hidden=\"true\" class=\"wp-block-spacer wp-container-content-f7b87a2a\"><\/div>\n\n\n\n<div id=\"ce-form\" class=\"wp-block-group wp-container-content-0733e5d0 is-layout-constrained wp-block-group-is-layout-constrained\">\n                <div class='gf_browser_gecko gform_wrapper gravity-theme gform-theme--no-framework' data-form-theme='gravity-theme' data-form-index='0' id='gform_wrapper_10' ><div id='gf_10' class='gform_anchor' tabindex='-1'><\/div>\n                        <div class='gform_heading'>\n\t\t\t\t\t\t\t<p class='gform_required_legend'>&quot;<span class=\"gfield_required gfield_required_asterisk\">*<\/span>&quot; se\u00f1ala los campos obligatorios<\/p>\n                        <\/div><form method='post' enctype='multipart\/form-data' target='gform_ajax_frame_10' id='gform_10'  action='\/es\/wp-json\/wp\/v2\/pages\/7019#gf_10' data-formid='10' novalidate>\n                        <div class='gform-body gform_body'><div id='gform_fields_10' class='gform_fields top_label form_sublabel_below description_below validation_below'><div id=\"field_10_34\" class=\"gfield gfield--type-honeypot gform_validation_container field_sublabel_below gfield--has-description field_description_below field_validation_below gfield_visibility_visible\"  ><label class='gfield_label gform-field-label' for='input_10_34'><span class='gform-field-label__text'>Instagram<\/span><\/label><div class='ginput_container'><input name='input_34' id='input_10_34' type='text' value='' autocomplete='new-password'\/><\/div><div class='gfield_description' id='gfield_description_10_34'>Este campo es un campo de validaci\u00f3n y debe quedar sin cambios.<\/div><\/div><div id=\"field_10_18\" class=\"gfield gfield--type-hidden gfield--width-full gform_hidden field_sublabel_below gfield--no-description field_description_below field_validation_below gfield_visibility_visible\"  ><div class='ginput_container ginput_container_text'><input name='input_18' id='input_10_18' type='hidden' class='gform_hidden'  aria-invalid=\"false\" value='' \/><\/div><\/div><div id=\"field_10_16\" class=\"gfield gfield--type-hidden gfield--width-full gform_hidden field_sublabel_below gfield--no-description field_description_below field_validation_below gfield_visibility_visible\"  ><div class='ginput_container ginput_container_text'><input name='input_16' id='input_10_16' type='hidden' class='gform_hidden'  aria-invalid=\"false\" value='' \/><\/div><\/div><div id=\"field_10_26\" class=\"gfield gfield--type-text gfield--width-half gfield_contains_required field_sublabel_below gfield--no-description field_description_below hidden_label field_validation_below gfield_visibility_visible\"  ><label class='gfield_label gform-field-label' for='input_10_26'><span class='gform-field-label__text'>Nombre<\/span><span class=\"gfield_required\"><span class=\"gfield_required gfield_required_asterisk\">*<\/span><\/span><\/label><div class='ginput_container ginput_container_text'><input name='input_26' id='input_10_26' type='text' value='' class='large'    placeholder='Nombre' aria-required=\"true\" aria-invalid=\"false\"  autocomplete=\"name\" \/><\/div><\/div><div id=\"field_10_30\" class=\"gfield gfield--type-email gfield--width-half gfield_contains_required field_sublabel_below gfield--no-description field_description_below hidden_label field_validation_below gfield_visibility_visible\"  ><label class='gfield_label gform-field-label' for='input_10_30'><span class='gform-field-label__text'>Email<\/span><span class=\"gfield_required\"><span class=\"gfield_required gfield_required_asterisk\">*<\/span><\/span><\/label><div class='ginput_container ginput_container_email'>\n                            <input name='input_30' id='input_10_30' type='email' value='' class='large'   placeholder='correo electr\u00f3nico' aria-required=\"true\" aria-invalid=\"false\"  autocomplete=\"email\"\/>\n                        <\/div><\/div><div id=\"field_10_24\" class=\"gfield gfield--type-phone gfield--phone-format-international gfield--width-half field_sublabel_below gfield--no-description field_description_below hidden_label field_validation_below gfield_visibility_visible\"  ><label class='gfield_label gform-field-label' for='input_10_24'><span class='gform-field-label__text'>Tel\u00e9fono<\/span><\/label><div class='ginput_container ginput_container_phone'><input name='input_24' id='input_10_24' type='tel' value='' class='large'  placeholder='Tel\u00e9fono'  aria-invalid=\"false\"  autocomplete=\"tel\"  \/><\/div><\/div><div id=\"field_10_28\" class=\"gfield gfield--type-text gfield--width-half gfield_contains_required field_sublabel_below gfield--no-description field_description_below hidden_label field_validation_below gfield_visibility_visible\"  ><label class='gfield_label gform-field-label' for='input_10_28'><span class='gform-field-label__text'>Municipio<\/span><span class=\"gfield_required\"><span class=\"gfield_required gfield_required_asterisk\">*<\/span><\/span><\/label><div class='ginput_container ginput_container_text'><input name='input_28' id='input_10_28' type='text' value='' class='large'    placeholder='Municipio' aria-required=\"true\" aria-invalid=\"false\"   \/><\/div><\/div><div id=\"field_10_32\" class=\"gfield gfield--type-select gfield--width-full gfield_contains_required field_sublabel_below gfield--no-description field_description_below hidden_label field_validation_below gfield_visibility_visible\"  ><label class='gfield_label gform-field-label' for='input_10_32'><span class='gform-field-label__text'>Untitled<\/span><span class=\"gfield_required\"><span class=\"gfield_required gfield_required_asterisk\">*<\/span><\/span><\/label><div class='ginput_container ginput_container_select'><select name='input_32' id='input_10_32' class='large gfield_select'    aria-required=\"true\" aria-invalid=\"false\" ><option value='' selected='selected' class='gf_placeholder'>Motivo de contacto<\/option><option value='ce_source_coord_web_hiring' >Quiero contratar a una coordinadora<\/option><option value='ce_source_coord_web_other' >Otros<\/option><\/select><\/div><\/div><div id=\"field_10_7\" class=\"gfield gfield--type-textarea gfield_contains_required field_sublabel_below gfield--no-description field_description_below hidden_label field_validation_below gfield_visibility_visible\"  ><label class='gfield_label gform-field-label' for='input_10_7'><span class='gform-field-label__text'>Mensaje<\/span><span class=\"gfield_required\"><span class=\"gfield_required gfield_required_asterisk\">*<\/span><\/span><\/label><div class='ginput_container ginput_container_textarea' data-text-counter-max='1000' data-text-counter-template='{current} of {max} max characters'><textarea name='input_7' id='input_10_7' class='textarea large'   maxlength='1000' placeholder='Mensaje' aria-required=\"true\" aria-invalid=\"false\"   rows='10' cols='50'><\/textarea><\/div><\/div><fieldset id=\"field_10_14\" class=\"gfield gfield--type-consent gfield--type-choice gfield--width-full gfield_contains_required field_sublabel_below gfield--has-description field_description_below hidden_label field_validation_below gfield_visibility_visible gfield--choice-align-vertical\"  ><legend class='gfield_label gform-field-label gfield_label_before_complex' ><span class='gform-field-label__text'>Consiento<\/span><span class=\"gfield_required\"><span class=\"gfield_required gfield_required_asterisk\">*<\/span><\/span><\/legend><div class='ginput_container ginput_container_consent'><input name='input_14.1' id='input_10_14_1' type='checkbox' value='1'  aria-describedby=\"gfield_consent_description_10_14\" aria-required=\"true\" aria-invalid=\"false\"   \/> <label class=\"gform-field-label gform-field-label--type-inline gfield_consent_label\" for='input_10_14_1' ><span class='gform-field-label__text'>He le\u00eddo y acepto la <a href=\"https:\/\/somcomunitats.coop\/es\/politica-de-privacidad\/\" target=\"_blank\">pol\u00edtica de privacidad<\/a>.<\/span><span class=\"gfield_required gfield_required_asterisk\">*<\/span><\/label><input type='hidden' name='input_14.2' value='He le\u00eddo y acepto la &lt;a href=&quot;https:\/\/somcomunitats.coop\/es\/politica-de-privacidad\/&quot; target=&quot;_blank&quot;&gt;pol\u00edtica de privacidad&lt;\/a&gt;.' class='gform_hidden' \/><input type='hidden' name='input_14.3' value='25' class='gform_hidden' \/><\/div><div class='gfield_description gfield_consent_description' id='gfield_consent_description_10_14'><div class='gfield_consent_description_text' tabindex='0'>INFORMACI\u00d3N SOBRE PROTECCI\u00d3N DE DATOS. Finalidades: responder tus solicitudes. Derechos: puedes retirar tu consentimiento en cualquier momento, adem\u00e1s de acceder, rectificar y suprimir tus datos y otros derechos en somenergia@delegado-datos.com. Informaci\u00f3n adicional: <a href=\"https:\/\/somcomunitats.coop\/es\/politica-de-privacidad\/\" target=\"_blank\">Pol\u00edtica de privacidad<\/a>.<\/div><\/div><\/fieldset><div id=\"field_10_33\" class=\"gfield gfield--type-altcha field_sublabel_below gfield--no-description field_description_below hidden_label field_validation_below gfield_visibility_visible\"  ><label class='gfield_label gform-field-label' for='input_10_33'><span class='gform-field-label__text'>captcha<\/span><\/label><\/div><\/div><\/div>\n        <div class='gform-footer gform_footer top_label'> <button type='submit' id='gform_submit_button_10' class='gform_button button' onclick='gform.submission.handleButtonClick(this);' data-submission-type='submit' >Enviar<\/button> <input type='hidden' name='gform_ajax' value='form_id=10&amp;title=&amp;description=&amp;tabindex=0&amp;theme=gravity-theme&amp;styles=[]&amp;hash=4a69090cd291ceee6ac00c37d4d456c8' \/>\n            <input type='hidden' class='gform_hidden' name='gform_submission_method' data-js='gform_submission_method_10' value='iframe' \/>\n            <input type='hidden' class='gform_hidden' name='gform_theme' data-js='gform_theme_10' id='gform_theme_10' value='gravity-theme' \/>\n            <input type='hidden' class='gform_hidden' name='gform_style_settings' data-js='gform_style_settings_10' id='gform_style_settings_10' value='[]' \/>\n            <input type='hidden' class='gform_hidden' name='is_submit_10' value='1' \/>\n            <input type='hidden' class='gform_hidden' name='gform_submit' value='10' \/>\n            \n            <input type='hidden' class='gform_hidden' name='gform_currency' data-currency='EUR' value='IBxHKzRqSXLKZKwh+fjpsIjdfoz7jSdkmWr1aIykZ1up0200zSFBRN3Fn0djFs9MCLj9OxSpiIP1Zj+yvM4c8dgn9keqhpC8uBiR9mN4w0co1y8=' \/>\n            <input type='hidden' class='gform_hidden' name='gform_unique_id' value='' \/>\n            <input type='hidden' class='gform_hidden' name='state_10' value='WyJ7XCIxNC4xXCI6XCJiODU1YmIxY2VhZjM3NGZlNDQxMzAxMzEyNzQwNGM3ZFwiLFwiMTQuMlwiOlwiODRkZTNkMDliY2U0NGUxY2Y2ZTFlOTJkYzkzNzQ4MzlcIixcIjE0LjNcIjpcImEzNzMzOThlMjNlNzczYjI3YWQ2MTBlNjA5Y2NmZWM4XCIsXCJnZm9ybV9zdWJtaXNzaW9uX21ldGhvZFwiOltcImQxZWYwNGI0MDM5Y2M3MmRlZmQ1ZDQ5YjRiOGI1ODMyXCIsXCI0NTg3NzMyYWFhYzI0ZDFkZmQ3MzQ5NTk0YWQ2M2ViM1wiLFwiZDY2NWY2NTVmNDQwMzg4YTU3OTMzMDg5ODM1MjhjZWNcIl0sXCJnZm9ybV90aGVtZVwiOlwiNmE4MjFmNTcyNDlhMDVjNjBlNmM0MzZmNTE0YmJhMThcIixcImdmb3JtX3N0eWxlX3NldHRpbmdzXCI6XCJkZDM0MWRjMjk4YzgzY2M0ODJmNGFmNWU2YTc5Nzk1MVwiLFwiZm9ybV9pZFwiOlwiOGY2YjRiZWNjNWIwZDNlYTllMGYyZThlZTk0MDU2ODRcIixcInVybFwiOlwiNzA3YjU5NjUwN2U0Y2YwZjliZmJmN2I3NDRjZjcwOWNcIixcInN0YXRlX3RpbWVzdGFtcFwiOlwiOWFjYWVkYWIwY2NlMjJhMzczYTQ0NDQ5M2YzY2ExMWNcIn0iLCI3OGViZTNkYjAxNTBiYmJjYzE2ZTQ1MzllNWFhMmNmNyIsMTc4ODQzNTE5M10=' \/>\n            <input type='hidden' autocomplete='off' class='gform_hidden' name='gform_target_page_number_10' id='gform_target_page_number_10' value='0' \/>\n            <input type='hidden' autocomplete='off' class='gform_hidden' name='gform_source_page_number_10' id='gform_source_page_number_10' value='1' \/>\n            <input type='hidden' name='gform_field_values' value='' \/>\n            \n        <\/div>\n                        <\/form>\n                        <\/div>\n\t\t                <iframe style='display:none;width:0px;height:0px;' src='about:blank' name='gform_ajax_frame_10' id='gform_ajax_frame_10' title='Este iframe contiene la l\u00f3gica necesaria para gestionar formularios con ajax activado.'><\/iframe>\n\t\t                <script>\ngform.initializeOnLoaded( function() {jQuery('#gform_ajax_frame_10').on('load',function(){var contents = jQuery(this).contents().find('*').html();var is_postback = contents.indexOf('GF_AJAX_POSTBACK') >= 0;if(!is_postback){return;}var form_content = jQuery(this).contents().find('#gform_wrapper_10');var is_confirmation = jQuery(this).contents().find('#gform_confirmation_wrapper_10').length > 0;var is_redirect = contents.indexOf('gformRedirect(){') >= 0;var is_form = form_content.length > 0 && ! is_redirect && ! is_confirmation;var mt = parseInt(jQuery('html').css('margin-top'), 10) + parseInt(jQuery('body').css('margin-top'), 10) + 100;if(is_form){jQuery('#gform_wrapper_10').html(form_content.html());if(form_content.hasClass('gform_validation_error')){jQuery('#gform_wrapper_10').addClass('gform_validation_error');} else {jQuery('#gform_wrapper_10').removeClass('gform_validation_error');}setTimeout( function() { \/* delay the scroll by 50 milliseconds to fix a bug in chrome *\/ jQuery(document).scrollTop(jQuery('#gform_wrapper_10').offset().top - mt); }, 50 );var current_page = jQuery('#gform_source_page_number_10').val();jQuery(document).trigger('gform_page_loaded', [10, current_page]);window['gf_submitting_10'] = false;}else if(!is_redirect){var confirmation_content = jQuery(this).contents().find('.GF_AJAX_POSTBACK').html();if(!confirmation_content){confirmation_content = contents;}jQuery('#gform_wrapper_10').replaceWith(confirmation_content);jQuery(document).scrollTop(jQuery('#gf_10').offset().top - mt);jQuery(document).trigger('gform_confirmation_loaded', [10]);window['gf_submitting_10'] = false;wp.a11y.speak(jQuery('#gform_confirmation_message_10').text());}else{jQuery('#gform_10').append(contents);if(window['gformRedirect']) {gformRedirect();}}jQuery(document).trigger(\"gform_pre_post_render\", [{ formId: \"10\", currentPage: \"current_page\", abort: function() { this.preventDefault(); } }]);        if (event && event.defaultPrevented) {                return;        }        const gformWrapperDiv = document.getElementById( \"gform_wrapper_10\" );        if ( gformWrapperDiv ) {            const visibilitySpan = document.createElement( \"span\" );            visibilitySpan.id = \"gform_visibility_test_10\";            gformWrapperDiv.insertAdjacentElement( \"afterend\", visibilitySpan );        }        const visibilityTestDiv = document.getElementById( \"gform_visibility_test_10\" );        let postRenderFired = false;        function triggerPostRender() {            if ( postRenderFired ) {                return;            }            postRenderFired = true;            gform.core.triggerPostRenderEvents( 10, current_page );            if ( visibilityTestDiv ) {                visibilityTestDiv.parentNode.removeChild( visibilityTestDiv );            }        }        function debounce( func, wait, immediate ) {            var timeout;            return function() {                var context = this, args = arguments;                var later = function() {                    timeout = null;                    if ( !immediate ) func.apply( context, args );                };                var callNow = immediate && !timeout;                clearTimeout( timeout );                timeout = setTimeout( later, wait );                if ( callNow ) func.apply( context, args );            };        }        const debouncedTriggerPostRender = debounce( function() {            triggerPostRender();        }, 200 );        if ( visibilityTestDiv && visibilityTestDiv.offsetParent === null ) {            const observer = new MutationObserver( ( mutations ) => {                mutations.forEach( ( mutation ) => {                    if ( mutation.type === 'attributes' && visibilityTestDiv.offsetParent !== null ) {                        debouncedTriggerPostRender();                        observer.disconnect();                    }                });            });            observer.observe( document.body, {                attributes: true,                childList: false,                subtree: true,                attributeFilter: [ 'style', 'class' ],            });        } else {            triggerPostRender();        }    } );} );\n<\/script>\n\n<\/div>\n<\/div>\n\n\n\n<div style=\"height:6rem\" aria-hidden=\"true\" class=\"wp-block-spacer\"><\/div>\n<\/div>\n<\/div>\n\n\n\n<div class=\"wp-block-group is-layout-constrained wp-block-group-is-layout-constrained\" style=\"padding-top:0;padding-bottom:0\">    <div>        <script>            document.addEventListener('DOMContentLoaded', function() {                document.getElementsByTagName(\"body\")[0].classList.add(\"overflow-visible\");            });        <\/script>    <\/div>\n<\/div>\n","protected":false},"excerpt":{"rendered":"<p>Estas tarifas son vigentes desde el 1 de enero de 2026 VISUALIZACI\u00d3N Y ALTA D\u00e9 a conocer su Comunidad y gestione el alta de miembros Gratuito IDEAL SI ESTE EN EL MOMENTO INICIAL INCLUIDO EN EL PLAN \u00abVISUALIZACI\u00d3N Y ALTA\u00bb: Activar y visibilizar la Comunidad en el mapa P\u00e1gina web propia para la Comunidad Enviar [&hellip;]<\/p>\n","protected":false},"author":5,"featured_media":0,"parent":0,"menu_order":0,"comment_status":"closed","ping_status":"closed","template":"","meta":{"footnotes":""},"class_list":["post-7019","page","type-page","status-publish","hentry"],"_links":{"self":[{"href":"https:\/\/somcomunitats.coop\/es\/wp-json\/wp\/v2\/pages\/7019","targetHints":{"allow":["GET"]}}],"collection":[{"href":"https:\/\/somcomunitats.coop\/es\/wp-json\/wp\/v2\/pages"}],"about":[{"href":"https:\/\/somcomunitats.coop\/es\/wp-json\/wp\/v2\/types\/page"}],"author":[{"embeddable":true,"href":"https:\/\/somcomunitats.coop\/es\/wp-json\/wp\/v2\/users\/5"}],"replies":[{"embeddable":true,"href":"https:\/\/somcomunitats.coop\/es\/wp-json\/wp\/v2\/comments?post=7019"}],"version-history":[{"count":51,"href":"https:\/\/somcomunitats.coop\/es\/wp-json\/wp\/v2\/pages\/7019\/revisions"}],"predecessor-version":[{"id":12267,"href":"https:\/\/somcomunitats.coop\/es\/wp-json\/wp\/v2\/pages\/7019\/revisions\/12267"}],"wp:attachment":[{"href":"https:\/\/somcomunitats.coop\/es\/wp-json\/wp\/v2\/media?parent=7019"}],"curies":[{"name":"wp","href":"https:\/\/api.w.org\/{rel}","templated":true}]}}