  {"id":7777,"date":"2024-12-02T18:16:11","date_gmt":"2024-12-02T18:16:11","guid":{"rendered":"https:\/\/somcomunitats.coop\/plataforma-2024\/"},"modified":"2026-04-07T07:40:27","modified_gmt":"2026-04-07T07:40:27","slug":"plataforma","status":"publish","type":"page","link":"https:\/\/somcomunitats.coop\/es\/plataforma\/","title":{"rendered":"Plataforma"},"content":{"rendered":"\n<section class=\"wp-block-group alignfull is-style-no-padding is-style-show-desktop has-base-background-color has-background is-layout-flow wp-block-group-is-layout-flow\">\n<div class=\"wp-block-group is-style-default is-nowrap is-layout-flex wp-container-core-group-is-layout-6c531013 wp-block-group-is-layout-flex\">\n<div class=\"wp-block-group is-style-horizontal-padded wp-container-content-0733e5d0 is-layout-flow wp-block-group-is-layout-flow\">\n<div style=\"height:6rem\" aria-hidden=\"true\" class=\"wp-block-spacer\"><\/div>\n\n\n\n<h2 class=\"wp-block-heading has-main-color has-text-color\">Plataforma para Comunidades Energ\u00e9ticas<\/h2>\n\n\n\n<div style=\"height:1rem\" aria-hidden=\"true\" class=\"wp-block-spacer\"><\/div>\n\n\n\n<div class=\"wp-block-group is-style-show-tablet-desktop is-layout-constrained wp-block-group-is-layout-constrained\">\n<p class=\"has-typography-color has-text-color\" style=\"font-size:clamp(18.959px, 1.185rem + ((1vw - 3.2px) * 0.863), 30px);\">Cread y gestionad m\u00e1s f\u00e1cilmente vuestra Comunidad.<\/p>\n\n\n\n<div style=\"height:46px\" aria-hidden=\"true\" class=\"wp-block-spacer\"><\/div>\n\n\n\n<div class=\"wp-block-buttons is-layout-flex wp-container-core-buttons-is-layout-15e81e10 wp-block-buttons-is-layout-flex\">\n<div class=\"wp-block-button\"><a class=\"wp-block-button__link wp-element-button\" href=\"https:\/\/somcomunitats.coop\/tarifes-de-la-plataforma\/\">Ver tarifas<\/a><\/div>\n\n\n\n<div class=\"wp-block-button\"><a class=\"wp-block-button__link wp-element-button\" href=\"#contacte\">Cont\u00e1ctanos!<\/a><\/div>\n<\/div>\n<\/div>\n\n\n\n<div style=\"height:7rem\" aria-hidden=\"true\" class=\"wp-block-spacer\"><\/div>\n<\/div>\n\n\n\n<div class=\"wp-block-group is-style-default wp-container-content-0733e5d0 is-layout-flow wp-block-group-is-layout-flow\">\n<div style=\"height:75px\" aria-hidden=\"true\" class=\"wp-block-spacer\"><\/div>\n\n\n\n<figure class=\"wp-block-image aligncenter size-full is-resized\"><img loading=\"lazy\" decoding=\"async\" width=\"1590\" height=\"1538\" src=\"https:\/\/somcomunitats.coop\/wp-content\/uploads\/2024\/12\/plataforma-es.png\" alt=\"\" class=\"wp-image-7910\" style=\"width:652px;height:auto\" srcset=\"https:\/\/somcomunitats.coop\/wp-content\/uploads\/2024\/12\/plataforma-es.png 1590w, https:\/\/somcomunitats.coop\/wp-content\/uploads\/2024\/12\/plataforma-es-300x290.png 300w, https:\/\/somcomunitats.coop\/wp-content\/uploads\/2024\/12\/plataforma-es-1024x991.png 1024w, https:\/\/somcomunitats.coop\/wp-content\/uploads\/2024\/12\/plataforma-es-768x743.png 768w, https:\/\/somcomunitats.coop\/wp-content\/uploads\/2024\/12\/plataforma-es-1536x1486.png 1536w\" sizes=\"auto, (max-width: 1590px) 100vw, 1590px\" \/><\/figure>\n\n\n\n<div style=\"height:75px\" aria-hidden=\"true\" class=\"wp-block-spacer\"><\/div>\n<\/div>\n<\/div>\n<\/section>\n\n\n\n<section class=\"wp-block-group alignfull is-style-no-padding is-style-show-mobile-tablet has-base-background-color has-background is-layout-constrained wp-block-group-is-layout-constrained\">\n<div class=\"wp-block-group is-style-default is-vertical is-content-justification-center is-layout-flex wp-container-core-group-is-layout-ce155fab wp-block-group-is-layout-flex\">\n<div class=\"wp-block-group is-style-default wp-container-content-0733e5d0 is-layout-flow wp-block-group-is-layout-flow\">\n<div style=\"height:50px\" aria-hidden=\"true\" class=\"wp-block-spacer\"><\/div>\n\n\n\n<figure class=\"wp-block-image aligncenter size-full is-resized is-style-default\"><img loading=\"lazy\" decoding=\"async\" width=\"1590\" height=\"1538\" src=\"https:\/\/somcomunitats.coop\/wp-content\/uploads\/2024\/12\/plataforma-es.png\" alt=\"\" class=\"wp-image-7910\" style=\"width:300px\" srcset=\"https:\/\/somcomunitats.coop\/wp-content\/uploads\/2024\/12\/plataforma-es.png 1590w, https:\/\/somcomunitats.coop\/wp-content\/uploads\/2024\/12\/plataforma-es-300x290.png 300w, https:\/\/somcomunitats.coop\/wp-content\/uploads\/2024\/12\/plataforma-es-1024x991.png 1024w, https:\/\/somcomunitats.coop\/wp-content\/uploads\/2024\/12\/plataforma-es-768x743.png 768w, https:\/\/somcomunitats.coop\/wp-content\/uploads\/2024\/12\/plataforma-es-1536x1486.png 1536w\" sizes=\"auto, (max-width: 1590px) 100vw, 1590px\" \/><\/figure>\n\n\n\n<div style=\"height:10px\" aria-hidden=\"true\" class=\"wp-block-spacer\"><\/div>\n<\/div>\n\n\n\n<div class=\"wp-block-group is-style-horizontal-padded wp-container-content-0733e5d0 is-layout-flow wp-block-group-is-layout-flow\">\n<div style=\"height:15px\" aria-hidden=\"true\" class=\"wp-block-spacer\"><\/div>\n\n\n\n<h2 class=\"wp-block-heading has-text-align-left has-main-color has-text-color\">Plataforma para Comunidades Energ\u00e9ticas<\/h2>\n\n\n\n<div style=\"height:1rem\" aria-hidden=\"true\" class=\"wp-block-spacer\"><\/div>\n\n\n\n<div class=\"wp-block-group is-style-default is-layout-constrained wp-block-group-is-layout-constrained\">\n<p class=\"has-text-align-left has-typography-color has-text-color\" style=\"font-size:clamp(16.834px, 1.052rem + ((1vw - 3.2px) * 0.716), 26px);\">Cread y gestionad m\u00e1s f\u00e1cilmente vuestra Comunidad.<\/p>\n\n\n\n<div class=\"wp-block-buttons is-content-justification-left is-layout-flex wp-container-core-buttons-is-layout-fc4fd283 wp-block-buttons-is-layout-flex\">\n<div class=\"wp-block-button\"><a class=\"wp-block-button__link wp-element-button\" href=\"https:\/\/somcomunitats.coop\/tarifes-de-la-plataforma\/\">Ver tarifas<\/a><\/div>\n<\/div>\n\n\n\n<div style=\"height:17px\" aria-hidden=\"true\" class=\"wp-block-spacer\"><\/div>\n\n\n\n<div class=\"wp-block-buttons is-content-justification-left is-layout-flex wp-container-core-buttons-is-layout-fc4fd283 wp-block-buttons-is-layout-flex\">\n<div class=\"wp-block-button\"><a class=\"wp-block-button__link wp-element-button\" href=\"#contacte\">Cont\u00e1ctanos!<\/a><\/div>\n<\/div>\n<\/div>\n\n\n\n<div style=\"height:88px\" aria-hidden=\"true\" class=\"wp-block-spacer\"><\/div>\n<\/div>\n<\/div>\n<\/section>\n\n\n\n<section class=\"wp-block-group alignfull is-style-default has-base-background-color has-background is-layout-constrained wp-block-group-is-layout-constrained\">\n<div class=\"wp-block-group alignfull is-style-show-mobile-tablet is-style-no-padding is-content-justification-center is-layout-constrained wp-block-group-is-layout-constrained\">\n<div style=\"height:6rem\" aria-hidden=\"true\" class=\"wp-block-spacer is-style-show-tablet-desktop\"><\/div>\n\n\n\n<h3 class=\"wp-block-heading has-text-align-center has-main-color has-text-color\">Herramientas de la plataforma<\/h3>\n\n\n\n<div class=\"wp-block-group is-content-justification-center is-nowrap is-layout-flex wp-container-core-group-is-layout-b93cabc5 wp-block-group-is-layout-flex\">\n<div class=\"wp-block-group is-style-default has-white-background-color has-background wp-container-content-0733e5d0 is-vertical is-content-justification-center is-nowrap is-layout-flex wp-container-core-group-is-layout-671c4991 wp-block-group-is-layout-flex\">\n<figure class=\"wp-block-image aligncenter size-large is-resized\"><a href=\"https:\/\/somcomunitats.coop\/es\/app\/\"><img loading=\"lazy\" decoding=\"async\" width=\"1024\" height=\"998\" src=\"https:\/\/somcomunitats.coop\/wp-content\/uploads\/2024\/06\/icona-app-1024x998.png\" alt=\"\" class=\"wp-image-6595\" style=\"aspect-ratio:1;object-fit:contain;width:100px;height:auto\" srcset=\"https:\/\/somcomunitats.coop\/wp-content\/uploads\/2024\/06\/icona-app-1024x998.png 1024w, https:\/\/somcomunitats.coop\/wp-content\/uploads\/2024\/06\/icona-app-300x292.png 300w, https:\/\/somcomunitats.coop\/wp-content\/uploads\/2024\/06\/icona-app-768x748.png 768w, https:\/\/somcomunitats.coop\/wp-content\/uploads\/2024\/06\/icona-app.png 1082w\" sizes=\"auto, (max-width: 1024px) 100vw, 1024px\" \/><\/a><\/figure>\n\n\n\n<div style=\"height:12px\" aria-hidden=\"true\" class=\"wp-block-spacer wp-container-content-cc4259ba\"><\/div>\n\n\n\n<div class=\"wp-block-group wp-container-content-9cfa9a5a is-layout-constrained wp-block-group-is-layout-constrained\">\n<h5 class=\"wp-block-heading has-text-align-center has-main-color has-text-color\"><a href=\"https:\/\/somcomunitats.coop\/es\/app\/\">App<\/a><\/h5>\n<\/div>\n<\/div>\n\n\n\n<div class=\"wp-block-group has-base-background-color has-background wp-container-content-0733e5d0 is-vertical is-content-justification-center is-nowrap is-layout-flex wp-container-core-group-is-layout-c45408f9 wp-block-group-is-layout-flex\">\n<figure class=\"wp-block-image aligncenter size-medium is-resized\"><a href=\"#areagestion\"><img loading=\"lazy\" decoding=\"async\" width=\"300\" height=\"292\" src=\"https:\/\/somcomunitats.coop\/wp-content\/uploads\/2024\/06\/icona-area-gestio-300x292.png\" alt=\"\" class=\"wp-image-6597\" style=\"object-fit:contain;width:100px;height:100px\" srcset=\"https:\/\/somcomunitats.coop\/wp-content\/uploads\/2024\/06\/icona-area-gestio-300x292.png 300w, https:\/\/somcomunitats.coop\/wp-content\/uploads\/2024\/06\/icona-area-gestio-1024x998.png 1024w, https:\/\/somcomunitats.coop\/wp-content\/uploads\/2024\/06\/icona-area-gestio-768x748.png 768w, https:\/\/somcomunitats.coop\/wp-content\/uploads\/2024\/06\/icona-area-gestio.png 1082w\" sizes=\"auto, (max-width: 300px) 100vw, 300px\" \/><\/a><\/figure>\n\n\n\n<div style=\"height:0px\" aria-hidden=\"true\" class=\"wp-block-spacer wp-container-content-cc4259ba\"><\/div>\n\n\n\n<h5 class=\"wp-block-heading has-text-align-center has-main-color has-text-color\"><a href=\"#areagestion\">\u00c1rea<br> de gesti\u00f3n<\/a><\/h5>\n<\/div>\n<\/div>\n\n\n\n<div class=\"wp-block-group is-content-justification-center is-nowrap is-layout-flex wp-container-core-group-is-layout-b93cabc5 wp-block-group-is-layout-flex\">\n<div class=\"wp-block-group is-style-horizontal-padded has-white-background-color has-background wp-container-content-0733e5d0 is-vertical is-content-justification-center is-nowrap is-layout-flex wp-container-core-group-is-layout-c45408f9 wp-block-group-is-layout-flex\">\n<figure class=\"wp-block-image aligncenter size-large is-resized size-full\"><a href=\"#web\"><img loading=\"lazy\" decoding=\"async\" width=\"1024\" height=\"998\" src=\"https:\/\/somcomunitats.coop\/wp-content\/uploads\/2024\/06\/icona-web-mapa-1024x998.png\" alt=\"\" class=\"wp-image-6601\" style=\"object-fit:contain;width:100px;height:100px\" srcset=\"https:\/\/somcomunitats.coop\/wp-content\/uploads\/2024\/06\/icona-web-mapa-1024x998.png 1024w, https:\/\/somcomunitats.coop\/wp-content\/uploads\/2024\/06\/icona-web-mapa-300x292.png 300w, https:\/\/somcomunitats.coop\/wp-content\/uploads\/2024\/06\/icona-web-mapa-768x748.png 768w, https:\/\/somcomunitats.coop\/wp-content\/uploads\/2024\/06\/icona-web-mapa.png 1082w\" sizes=\"auto, (max-width: 1024px) 100vw, 1024px\" \/><\/a><\/figure>\n\n\n\n<div style=\"height:11px\" aria-hidden=\"true\" class=\"wp-block-spacer wp-container-content-2fc37c9d\"><\/div>\n\n\n\n<div class=\"wp-block-group wp-container-content-9cfa9a5a is-layout-constrained wp-block-group-is-layout-constrained\">\n<h5 class=\"wp-block-heading has-text-align-center has-main-color has-text-color\"><a href=\"#web\">Web y difusi\u00f3n<\/a><\/h5>\n\n\n\n<div style=\"height:13px\" aria-hidden=\"true\" class=\"wp-block-spacer\"><\/div>\n<\/div>\n<\/div>\n\n\n\n<div class=\"wp-block-group has-white-background-color has-background wp-container-content-0733e5d0 is-vertical is-content-justification-center is-layout-flex wp-container-core-group-is-layout-ce155fab wp-block-group-is-layout-flex\">\n<figure class=\"wp-block-image aligncenter size-large is-resized size-full\"><a href=\"#forum\"><img loading=\"lazy\" decoding=\"async\" width=\"1024\" height=\"998\" src=\"https:\/\/somcomunitats.coop\/wp-content\/uploads\/2024\/06\/icona-forum-1024x998.png\" alt=\"\" class=\"wp-image-6599\" style=\"object-fit:contain;width:100px;height:100px\" srcset=\"https:\/\/somcomunitats.coop\/wp-content\/uploads\/2024\/06\/icona-forum-1024x998.png 1024w, https:\/\/somcomunitats.coop\/wp-content\/uploads\/2024\/06\/icona-forum-300x292.png 300w, https:\/\/somcomunitats.coop\/wp-content\/uploads\/2024\/06\/icona-forum-768x748.png 768w, https:\/\/somcomunitats.coop\/wp-content\/uploads\/2024\/06\/icona-forum.png 1082w\" sizes=\"auto, (max-width: 1024px) 100vw, 1024px\" \/><\/a><\/figure>\n\n\n\n<div style=\"height:9px;width:0px\" aria-hidden=\"true\" class=\"wp-block-spacer wp-container-content-579443fb\"><\/div>\n\n\n\n<div class=\"wp-block-group wp-container-content-9cfa9a5a is-layout-constrained wp-block-group-is-layout-constrained\">\n<h5 class=\"wp-block-heading has-main-color has-text-color\">  <a href=\"#forum\">Forum<\/a><\/h5>\n\n\n\n<div style=\"height:10px\" aria-hidden=\"true\" class=\"wp-block-spacer\"><\/div>\n<\/div>\n<\/div>\n<\/div>\n\n\n\n<div style=\"height:2rem\" aria-hidden=\"true\" class=\"wp-block-spacer\"><\/div>\n<\/div>\n\n\n\n<div class=\"wp-block-group alignfull is-style-show-desktop is-layout-flow wp-block-group-is-layout-flow\">\n<div style=\"height:3rem\" aria-hidden=\"true\" class=\"wp-block-spacer is-style-show-mobile\"><\/div>\n\n\n\n<div style=\"height:3rem\" aria-hidden=\"true\" class=\"wp-block-spacer\"><\/div>\n\n\n\n<h3 class=\"wp-block-heading has-text-align-center has-main-color has-text-color has-primary-font-family\" style=\"font-style:normal;font-weight:500\">Herramientas de la Plataforma<\/h3>\n\n\n\n<div style=\"height:2rem\" aria-hidden=\"true\" class=\"wp-block-spacer\"><\/div>\n\n\n\n<div id=\"four-columns-row\" class=\"wp-block-group is-layout-constrained wp-block-group-is-layout-constrained\">\n<div class=\"wp-block-group is-content-justification-space-between is-nowrap is-layout-flex wp-container-core-group-is-layout-fbce6640 wp-block-group-is-layout-flex\">\n<div class=\"wp-block-group is-style-horizontal-padded has-white-background-color has-background wp-container-content-4c954563 is-vertical is-content-justification-center is-layout-flex wp-container-core-group-is-layout-b6c228df wp-block-group-is-layout-flex\">\n<div style=\"height:0px\" aria-hidden=\"true\" class=\"wp-block-spacer wp-container-content-f7b87a2a\"><\/div>\n\n\n\n<div class=\"wp-block-group is-content-justification-center is-nowrap is-layout-flex wp-container-core-group-is-layout-23441af8 wp-block-group-is-layout-flex\">\n<figure class=\"wp-block-image aligncenter size-medium is-resized size-full\"><a href=\"https:\/\/somcomunitats.coop\/es\/app\/\"><img loading=\"lazy\" decoding=\"async\" width=\"300\" height=\"292\" src=\"https:\/\/somcomunitats.coop\/wp-content\/uploads\/2024\/06\/icona-app-300x292.png\" alt=\"\" class=\"wp-image-6595\" style=\"aspect-ratio:1;object-fit:cover;width:102px;height:auto\" srcset=\"https:\/\/somcomunitats.coop\/wp-content\/uploads\/2024\/06\/icona-app-300x292.png 300w, https:\/\/somcomunitats.coop\/wp-content\/uploads\/2024\/06\/icona-app-1024x998.png 1024w, https:\/\/somcomunitats.coop\/wp-content\/uploads\/2024\/06\/icona-app-768x748.png 768w, https:\/\/somcomunitats.coop\/wp-content\/uploads\/2024\/06\/icona-app.png 1082w\" sizes=\"auto, (max-width: 300px) 100vw, 300px\" \/><\/a><\/figure>\n<\/div>\n\n\n\n<div style=\"height:0px\" aria-hidden=\"true\" class=\"wp-block-spacer wp-container-content-dee2fb34\"><\/div>\n\n\n\n<div class=\"wp-block-group wp-container-content-9cfa9a5a is-layout-constrained wp-block-group-is-layout-constrained\">\n<h5 class=\"wp-block-heading has-text-align-center has-main-color has-text-color\"><a href=\"https:\/\/somcomunitats.coop\/es\/app\/\">App<\/a><\/h5>\n<\/div>\n<\/div>\n\n\n\n<div class=\"wp-block-group has-white-background-color has-background wp-container-content-4c954563 is-vertical is-content-justification-center is-layout-flex wp-container-core-group-is-layout-ce155fab wp-block-group-is-layout-flex\">\n<div style=\"height:0px\" aria-hidden=\"true\" class=\"wp-block-spacer wp-container-content-f7b87a2a\"><\/div>\n\n\n\n<figure class=\"wp-block-image aligncenter size-medium is-resized size-full\"><a href=\"https:\/\/somcomunitats.coop\/es\/mapa-y-web\/\"><img loading=\"lazy\" decoding=\"async\" width=\"300\" height=\"292\" src=\"https:\/\/somcomunitats.coop\/wp-content\/uploads\/2024\/06\/icona-web-mapa-300x292.png\" alt=\"\" class=\"wp-image-6601\" style=\"object-fit:cover;width:100px;height:100px\" srcset=\"https:\/\/somcomunitats.coop\/wp-content\/uploads\/2024\/06\/icona-web-mapa-300x292.png 300w, https:\/\/somcomunitats.coop\/wp-content\/uploads\/2024\/06\/icona-web-mapa-1024x998.png 1024w, https:\/\/somcomunitats.coop\/wp-content\/uploads\/2024\/06\/icona-web-mapa-768x748.png 768w, https:\/\/somcomunitats.coop\/wp-content\/uploads\/2024\/06\/icona-web-mapa.png 1082w\" sizes=\"auto, (max-width: 300px) 100vw, 300px\" \/><\/a><\/figure>\n\n\n\n<div style=\"height:0px;width:0px\" aria-hidden=\"true\" class=\"wp-block-spacer wp-container-content-f7b87a2a\"><\/div>\n\n\n\n<div class=\"wp-block-group wp-container-content-9cfa9a5a is-layout-constrained wp-block-group-is-layout-constrained\">\n<h5 class=\"wp-block-heading has-text-align-center has-main-color has-text-color\"><a href=\"https:\/\/somcomunitats.coop\/es\/mapa-y-web\/\" data-type=\"link\" data-id=\"https:\/\/somcomunitats.coop\/es\/mapa-y-web\/\">Mapa y Web<\/a><\/h5>\n<\/div>\n<\/div>\n\n\n\n<div class=\"wp-block-group has-base-background-color has-background wp-container-content-4c954563 is-vertical is-content-justification-center is-layout-flex wp-container-core-group-is-layout-ce155fab wp-block-group-is-layout-flex\">\n<div style=\"height:0px\" aria-hidden=\"true\" class=\"wp-block-spacer wp-container-content-f7b87a2a\"><\/div>\n\n\n\n<figure class=\"wp-block-image aligncenter size-medium is-resized\"><a href=\"https:\/\/somcomunitats.coop\/es\/forum\/\"><img loading=\"lazy\" decoding=\"async\" width=\"300\" height=\"292\" src=\"https:\/\/somcomunitats.coop\/wp-content\/uploads\/2024\/06\/icona-forum-300x292.png\" alt=\"\" class=\"wp-image-6599\" style=\"object-fit:cover;width:100px;height:100px\" srcset=\"https:\/\/somcomunitats.coop\/wp-content\/uploads\/2024\/06\/icona-forum-300x292.png 300w, https:\/\/somcomunitats.coop\/wp-content\/uploads\/2024\/06\/icona-forum-1024x998.png 1024w, https:\/\/somcomunitats.coop\/wp-content\/uploads\/2024\/06\/icona-forum-768x748.png 768w, https:\/\/somcomunitats.coop\/wp-content\/uploads\/2024\/06\/icona-forum.png 1082w\" sizes=\"auto, (max-width: 300px) 100vw, 300px\" \/><\/a><\/figure>\n\n\n\n<div style=\"height:0px\" aria-hidden=\"true\" class=\"wp-block-spacer wp-container-content-f7b87a2a\"><\/div>\n\n\n\n<div class=\"wp-block-group wp-container-content-9cfa9a5a is-layout-constrained wp-block-group-is-layout-constrained\">\n<h5 class=\"wp-block-heading has-text-align-center has-main-color has-text-color\"><a href=\"https:\/\/somcomunitats.coop\/es\/forum\/\" data-type=\"link\" data-id=\"https:\/\/somcomunitats.coop\/es\/forum\/\">Forum<\/a><\/h5>\n<\/div>\n<\/div>\n\n\n\n<div class=\"wp-block-group is-style-default has-white-background-color has-background wp-container-content-4c954563 is-vertical is-content-justification-center is-layout-flex wp-container-core-group-is-layout-ce155fab wp-block-group-is-layout-flex\">\n<div style=\"height:0px\" aria-hidden=\"true\" class=\"wp-block-spacer wp-container-content-f7b87a2a\"><\/div>\n\n\n\n<figure class=\"wp-block-image aligncenter size-large is-resized\"><a href=\"https:\/\/somcomunitats.coop\/es\/area-de-gestion\/\"><img loading=\"lazy\" decoding=\"async\" width=\"1024\" height=\"998\" src=\"https:\/\/somcomunitats.coop\/wp-content\/uploads\/2024\/06\/icona-area-gestio-1024x998.png\" alt=\"\" class=\"wp-image-6597\" style=\"object-fit:cover;width:100px;height:100px\" srcset=\"https:\/\/somcomunitats.coop\/wp-content\/uploads\/2024\/06\/icona-area-gestio-1024x998.png 1024w, https:\/\/somcomunitats.coop\/wp-content\/uploads\/2024\/06\/icona-area-gestio-300x292.png 300w, https:\/\/somcomunitats.coop\/wp-content\/uploads\/2024\/06\/icona-area-gestio-768x748.png 768w, https:\/\/somcomunitats.coop\/wp-content\/uploads\/2024\/06\/icona-area-gestio.png 1082w\" sizes=\"auto, (max-width: 1024px) 100vw, 1024px\" \/><\/a><\/figure>\n\n\n\n<div style=\"height:0px\" aria-hidden=\"true\" class=\"wp-block-spacer wp-container-content-f7b87a2a\"><\/div>\n\n\n\n<div class=\"wp-block-group wp-container-content-9cfa9a5a is-layout-constrained wp-block-group-is-layout-constrained\">\n<h5 class=\"wp-block-heading has-text-align-center has-main-color has-text-color\"><a href=\"#areagestion\">\u00c1rea <\/a><a href=\"https:\/\/somcomunitats.coop\/es\/area-de-gestion\/\" data-type=\"link\" data-id=\"https:\/\/somcomunitats.coop\/es\/area-de-gestion\/\">de<\/a><a href=\"#areagestion\"> gesti\u00f3n<\/a><\/h5>\n<\/div>\n<\/div>\n<\/div>\n<\/div>\n\n\n\n<div style=\"height:4rem\" aria-hidden=\"true\" class=\"wp-block-spacer\"><\/div>\n<\/div>\n<\/section>\n\n\n\n<section class=\"wp-block-group alignfull is-style-default has-second-base-ultra-light-background-color has-background is-layout-constrained wp-block-group-is-layout-constrained\" id=\"web\">\n<div style=\"height:5rem\" aria-hidden=\"true\" class=\"wp-block-spacer is-style-show-tablet-desktop\"><\/div>\n\n\n\n<div style=\"height:40px\" aria-hidden=\"true\" class=\"wp-block-spacer is-style-show-mobile\"><\/div>\n\n\n\n<h3 class=\"wp-block-heading has-text-align-center has-main-color has-text-color\">La Plataforma de Som Comunitats hace que el trabajo sea m\u00e1s f\u00e1cil<\/h3>\n\n\n\n<div style=\"height:20px\" aria-hidden=\"true\" class=\"wp-block-spacer\"><\/div>\n\n\n\n<section class=\"wp-block-group alignfull is-style-no-padding is-layout-flow wp-block-group-is-layout-flow\">\n<div class=\"wp-block-group is-style-show-desktop is-nowrap is-layout-flex wp-container-core-group-is-layout-6c531013 wp-block-group-is-layout-flex\">\n<div class=\"wp-block-group is-style-horizontal-padded wp-container-content-0733e5d0 is-layout-flow wp-block-group-is-layout-flow\">\n<div style=\"height:5rem\" aria-hidden=\"true\" class=\"wp-block-spacer\"><\/div>\n\n\n\n<h3 class=\"wp-block-heading has-main-color has-text-color has-primary-font-family\" style=\"font-style:normal;font-weight:700\">Dad a conocer vuestra Comunidad y sumad f\u00e1cilmente nuevos miembros<\/h3>\n\n\n\n<p class=\"has-section-texts-font-size\">Permitid que las personas os encuentren f\u00e1cilmente teniendo una <a href=\"https:\/\/somcomunitats.coop\/es\/#mapa\" data-type=\"link\" data-id=\"https:\/\/somcomunitats.coop\/#troba-la-teva-comunitat\"><strong>ficha en el mapa<\/strong><\/a> de Som Comunitats.<br><br>Con la <a href=\"https:\/\/somcomunitats.coop\/es\/#comunities\"><strong>p\u00e1gina web<\/strong><\/a> de vuestra comunidad podr\u00e9is recibir alta de personas interesadas o de nuevas personas y entidades socias si ya est\u00e1 constituidas como Comunidad. <\/p>\n\n\n\n<div style=\"height:1rem\" aria-hidden=\"true\" class=\"wp-block-spacer\"><\/div>\n\n\n\n<div class=\"wp-block-buttons is-layout-flex wp-block-buttons-is-layout-flex\">\n<div class=\"wp-block-button is-style-rounded\"><a class=\"wp-block-button__link has-main-color has-primary-background-color has-text-color has-background has-small-font-size has-custom-font-size wp-element-button\" href=\"https:\/\/somcomunitats.coop\/es\/alta-nueva-comunidad\/\">Da de alta tu comunidad<\/a><\/div>\n<\/div>\n\n\n\n<div style=\"height:5rem\" aria-hidden=\"true\" class=\"wp-block-spacer\"><\/div>\n<\/div>\n\n\n\n<div class=\"wp-block-group is-style-default wp-container-content-0733e5d0 is-layout-flow wp-block-group-is-layout-flow\">\n<figure class=\"wp-block-image aligncenter size-full is-resized\"><img loading=\"lazy\" decoding=\"async\" width=\"1984\" height=\"1232\" src=\"https:\/\/somcomunitats.coop\/wp-content\/uploads\/2024\/12\/plataforma-comunidad-alta-es.png\" alt=\"\" class=\"wp-image-7914\" style=\"width:635px;height:auto\" srcset=\"https:\/\/somcomunitats.coop\/wp-content\/uploads\/2024\/12\/plataforma-comunidad-alta-es.png 1984w, https:\/\/somcomunitats.coop\/wp-content\/uploads\/2024\/12\/plataforma-comunidad-alta-es-300x186.png 300w, https:\/\/somcomunitats.coop\/wp-content\/uploads\/2024\/12\/plataforma-comunidad-alta-es-1024x636.png 1024w, https:\/\/somcomunitats.coop\/wp-content\/uploads\/2024\/12\/plataforma-comunidad-alta-es-768x477.png 768w, https:\/\/somcomunitats.coop\/wp-content\/uploads\/2024\/12\/plataforma-comunidad-alta-es-1536x954.png 1536w\" sizes=\"auto, (max-width: 1984px) 100vw, 1984px\" \/><\/figure>\n<\/div>\n<\/div>\n\n\n\n<div class=\"wp-block-group is-style-show-mobile-tablet is-vertical is-content-justification-center is-layout-flex wp-container-core-group-is-layout-ce155fab wp-block-group-is-layout-flex\">\n<div class=\"wp-block-group is-style-default wp-container-content-0733e5d0 is-layout-flow wp-block-group-is-layout-flow\">\n<figure class=\"wp-block-image aligncenter size-full is-resized\"><img loading=\"lazy\" decoding=\"async\" width=\"1984\" height=\"1232\" src=\"https:\/\/somcomunitats.coop\/wp-content\/uploads\/2024\/12\/plataforma-comunidad-alta-es.png\" alt=\"\" class=\"wp-image-7914\" style=\"width:330px\" srcset=\"https:\/\/somcomunitats.coop\/wp-content\/uploads\/2024\/12\/plataforma-comunidad-alta-es.png 1984w, https:\/\/somcomunitats.coop\/wp-content\/uploads\/2024\/12\/plataforma-comunidad-alta-es-300x186.png 300w, https:\/\/somcomunitats.coop\/wp-content\/uploads\/2024\/12\/plataforma-comunidad-alta-es-1024x636.png 1024w, https:\/\/somcomunitats.coop\/wp-content\/uploads\/2024\/12\/plataforma-comunidad-alta-es-768x477.png 768w, https:\/\/somcomunitats.coop\/wp-content\/uploads\/2024\/12\/plataforma-comunidad-alta-es-1536x954.png 1536w\" sizes=\"auto, (max-width: 1984px) 100vw, 1984px\" \/><\/figure>\n<\/div>\n\n\n\n<div class=\"wp-block-group is-style-horizontal-padded wp-container-content-0733e5d0 is-layout-flow wp-block-group-is-layout-flow\">\n<div style=\"height:31px\" aria-hidden=\"true\" class=\"wp-block-spacer\"><\/div>\n\n\n\n<h3 class=\"wp-block-heading has-main-color has-text-color has-primary-font-family\" style=\"font-size:clamp(16.293px, 1.018rem + ((1vw - 3.2px) * 0.68), 25px);font-style:normal;font-weight:700\">Dad a conocer vuestra Comunidad y sumad f\u00e1cilmente nuevos miembros<\/h3>\n\n\n\n<p class=\"has-section-texts-font-size\">Permitid que las personas os encuentren f\u00e1cilmente teniendo una <a href=\"https:\/\/somcomunitats.coop\/es\/#mapa\" data-type=\"link\" data-id=\"https:\/\/somcomunitats.coop\/#troba-la-teva-comunitat\"><strong>ficha en el mapa<\/strong><\/a> de Som Comunitats.<br><br>Con la <a href=\"https:\/\/somcomunitats.coop\/es\/#comunities\"><strong>p\u00e1gina web<\/strong><\/a> de vuestra comunidad podr\u00e9is recibir alta de personas interesadas o de nuevas personas y entidades socias si ya est\u00e1 constituidas como Comunidad. <\/p>\n\n\n\n<div style=\"height:1rem\" aria-hidden=\"true\" class=\"wp-block-spacer\"><\/div>\n\n\n\n<div class=\"wp-block-buttons is-layout-flex wp-block-buttons-is-layout-flex\">\n<div class=\"wp-block-button is-style-rounded\"><a class=\"wp-block-button__link has-main-color has-primary-background-color has-text-color has-background has-small-font-size has-custom-font-size wp-element-button\" href=\"https:\/\/somcomunitats.coop\/es\/alta-nueva-comunidad\/\">Da de alta tu comunidad<\/a><\/div>\n<\/div>\n\n\n\n<div style=\"height:80px\" aria-hidden=\"true\" class=\"wp-block-spacer\"><\/div>\n<\/div>\n<\/div>\n<\/section>\n<\/section>\n\n\n\n<section class=\"wp-block-group alignfull is-style-no-padding has-second-base-ultra-light-background-color has-background is-layout-flow wp-block-group-is-layout-flow\">\n<div class=\"wp-block-group is-style-show-desktop is-horizontal is-content-justification-center is-nowrap is-layout-flex wp-container-core-group-is-layout-4bda3a8f wp-block-group-is-layout-flex\">\n<div class=\"wp-block-group is-style-default wp-container-content-0733e5d0 is-layout-flow wp-block-group-is-layout-flow\">\n<figure class=\"wp-block-image aligncenter size-full is-resized\"><img loading=\"lazy\" decoding=\"async\" width=\"1149\" height=\"1717\" src=\"https:\/\/somcomunitats.coop\/wp-content\/uploads\/2024\/12\/portada-plataforma-es-1.png\" alt=\"\" class=\"wp-image-7961\" style=\"width:441px;height:auto\" srcset=\"https:\/\/somcomunitats.coop\/wp-content\/uploads\/2024\/12\/portada-plataforma-es-1.png 1149w, https:\/\/somcomunitats.coop\/wp-content\/uploads\/2024\/12\/portada-plataforma-es-1-201x300.png 201w, https:\/\/somcomunitats.coop\/wp-content\/uploads\/2024\/12\/portada-plataforma-es-1-685x1024.png 685w, https:\/\/somcomunitats.coop\/wp-content\/uploads\/2024\/12\/portada-plataforma-es-1-768x1148.png 768w, https:\/\/somcomunitats.coop\/wp-content\/uploads\/2024\/12\/portada-plataforma-es-1-1028x1536.png 1028w\" sizes=\"auto, (max-width: 1149px) 100vw, 1149px\" \/><\/figure>\n<\/div>\n\n\n\n<div class=\"wp-block-group is-style-horizontal-padded wp-container-content-0733e5d0 is-layout-flow wp-block-group-is-layout-flow\">\n<div style=\"height:5rem\" aria-hidden=\"true\" class=\"wp-block-spacer\"><\/div>\n\n\n\n<h3 class=\"wp-block-heading has-main-color has-text-color has-primary-font-family\" style=\"font-style:normal;font-weight:700\">Facilitad la comunicaci\u00f3n con las personas socias<\/h3>\n\n\n\n<p class=\"has-section-texts-font-size\">Las socias pueden estar conectadas a la Comunitat con la app y ver los principales <a href=\"https:\/\/somcomunitats.coop\/es\/app\/#indicadores\"><strong>indicadores<\/strong><\/a> de sus servicios contratados y el impacto ambiental.<br><br>Gracias a la app, pr\u00f3ximamente las socias podr\u00e1n:<\/p>\n\n\n\n<ul class=\"wp-block-list is-style-default\">\n<li class=\"has-medium-font-size\">Contratar y gestionar servicios f\u00e1cilmente<\/li>\n\n\n\n<li class=\"has-medium-font-size\">Comunicarse con la Comunidad<\/li>\n\n\n\n<li class=\"has-medium-font-size\">Actualizar informaci\u00f3n relativa a los servicios contratados<\/li>\n\n\n\n<li class=\"has-medium-font-size\">Descargar facturas<\/li>\n<\/ul>\n\n\n\n<p class=\"has-section-texts-font-size\">Si ya te has hecho socio\/a de tu Comunidad Energ\u00e9tica y \u00e9sta tiene servicios energ\u00e9ticos activos ya puedes descargarte la app:<\/p>\n\n\n\n<div style=\"height:3px\" aria-hidden=\"true\" class=\"wp-block-spacer\"><\/div>\n\n\n\n<div style=\"height:1rem\" aria-hidden=\"true\" class=\"wp-block-spacer\"><\/div>\n\n\n\n<div class=\"wp-block-group is-content-justification-left is-nowrap is-layout-flex wp-container-core-group-is-layout-fc9f69e7 wp-block-group-is-layout-flex\">\n<figure class=\"wp-block-image size-full is-resized\"><a href=\"https:\/\/apps.apple.com\/es\/app\/som-comunitats\/id6748384288\" target=\"_blank\" rel=\"noreferrer noopener\"><img loading=\"lazy\" decoding=\"async\" width=\"360\" height=\"104\" src=\"https:\/\/somcomunitats.coop\/wp-content\/uploads\/2024\/12\/appstore.png\" alt=\"\" class=\"wp-image-7611\" style=\"width:177px;height:auto\" srcset=\"https:\/\/somcomunitats.coop\/wp-content\/uploads\/2024\/12\/appstore.png 360w, https:\/\/somcomunitats.coop\/wp-content\/uploads\/2024\/12\/appstore-300x87.png 300w, https:\/\/somcomunitats.coop\/wp-content\/uploads\/2024\/12\/appstore-350x100.png 350w\" sizes=\"auto, (max-width: 360px) 100vw, 360px\" \/><\/a><\/figure>\n\n\n\n<figure class=\"wp-block-image size-full\"><a href=\"https:\/\/play.google.com\/store\/apps\/details?id=com.appsomcomunitats&amp;hl=ca\" target=\"_blank\" rel=\"noreferrer noopener\"><img loading=\"lazy\" decoding=\"async\" width=\"180\" height=\"52\" src=\"https:\/\/somcomunitats.coop\/wp-content\/uploads\/2024\/12\/googleplay.png\" alt=\"\" class=\"wp-image-7613\"\/><\/a><\/figure>\n<\/div>\n\n\n\n<div style=\"height:5rem\" aria-hidden=\"true\" class=\"wp-block-spacer\"><\/div>\n<\/div>\n<\/div>\n\n\n\n<div class=\"wp-block-group is-style-show-mobile-tablet is-vertical is-content-justification-center is-layout-flex wp-container-core-group-is-layout-ce155fab wp-block-group-is-layout-flex\">\n<div class=\"wp-block-group is-style-default wp-container-content-0733e5d0 is-layout-flow wp-block-group-is-layout-flow\">\n<figure class=\"wp-block-image alignleft size-full is-resized\"><img loading=\"lazy\" decoding=\"async\" width=\"1149\" height=\"1717\" src=\"https:\/\/somcomunitats.coop\/wp-content\/uploads\/2024\/12\/portada-plataforma-es-1.png\" alt=\"\" class=\"wp-image-7961\" style=\"width:402px\" srcset=\"https:\/\/somcomunitats.coop\/wp-content\/uploads\/2024\/12\/portada-plataforma-es-1.png 1149w, https:\/\/somcomunitats.coop\/wp-content\/uploads\/2024\/12\/portada-plataforma-es-1-201x300.png 201w, https:\/\/somcomunitats.coop\/wp-content\/uploads\/2024\/12\/portada-plataforma-es-1-685x1024.png 685w, https:\/\/somcomunitats.coop\/wp-content\/uploads\/2024\/12\/portada-plataforma-es-1-768x1148.png 768w, https:\/\/somcomunitats.coop\/wp-content\/uploads\/2024\/12\/portada-plataforma-es-1-1028x1536.png 1028w\" sizes=\"auto, (max-width: 1149px) 100vw, 1149px\" \/><\/figure>\n<\/div>\n\n\n\n<div class=\"wp-block-group is-style-horizontal-padded wp-container-content-0733e5d0 is-layout-flow wp-block-group-is-layout-flow\">\n<div style=\"height:8px\" aria-hidden=\"true\" class=\"wp-block-spacer\"><\/div>\n\n\n\n<h3 class=\"wp-block-heading has-main-color has-text-color has-primary-font-family\" style=\"font-style:normal;font-weight:700\">Facilitad la comunicaci\u00f3n con las personas socias<\/h3>\n\n\n\n<p class=\"has-section-texts-font-size\">Las socias pueden conectarse a la Comunidad con la app y ver los principales <a href=\"https:\/\/somcomunitats.coop\/es\/app\/#indicadores\"><strong>indicadores<\/strong><\/a> de sus servicios contratados y el impacto ambiental.<br><br>Gracias a la app, pr\u00f3ximamente las socias podr\u00e1n:<\/p>\n\n\n\n<ul class=\"wp-block-list is-style-default\">\n<li class=\"has-section-texts-font-size\">Contratar y gestionar servicios f\u00e1cilmente<\/li>\n\n\n\n<li class=\"has-section-texts-font-size\">Comunicarse con la Comunidad<\/li>\n\n\n\n<li class=\"has-section-texts-font-size\">Actualizar informaci\u00f3n relativa a los servicios contratados<\/li>\n<\/ul>\n\n\n\n<p class=\"has-section-texts-font-size\">Si ya te has hecho socio\/a de tu Comunidad Energ\u00e9tica y \u00e9sta tiene servicios energ\u00e9ticos activos ya puedes descargarte la app:<\/p>\n\n\n\n<div class=\"wp-block-group is-vertical is-content-justification-left is-nowrap is-layout-flex wp-container-core-group-is-layout-c40e90e9 wp-block-group-is-layout-flex\" style=\"padding-top:var(--wp--preset--spacing--40);padding-bottom:var(--wp--preset--spacing--40)\">\n<figure class=\"wp-block-image size-full is-resized\"><a href=\"https:\/\/apps.apple.com\/es\/app\/som-comunitats\/id6748384288\" target=\"_blank\" rel=\"noreferrer noopener\"><img loading=\"lazy\" decoding=\"async\" width=\"360\" height=\"104\" src=\"https:\/\/somcomunitats.coop\/wp-content\/uploads\/2024\/12\/appstore.png\" alt=\"\" class=\"wp-image-7611\" style=\"width:177px;height:auto\" srcset=\"https:\/\/somcomunitats.coop\/wp-content\/uploads\/2024\/12\/appstore.png 360w, https:\/\/somcomunitats.coop\/wp-content\/uploads\/2024\/12\/appstore-300x87.png 300w, https:\/\/somcomunitats.coop\/wp-content\/uploads\/2024\/12\/appstore-350x100.png 350w\" sizes=\"auto, (max-width: 360px) 100vw, 360px\" \/><\/a><\/figure>\n\n\n\n<figure class=\"wp-block-image size-full is-resized\"><a href=\"https:\/\/play.google.com\/store\/apps\/details?id=com.appsomcomunitats&amp;hl=ca\" target=\"_blank\" rel=\"noreferrer noopener\"><img loading=\"lazy\" decoding=\"async\" width=\"180\" height=\"52\" src=\"https:\/\/somcomunitats.coop\/wp-content\/uploads\/2024\/12\/googleplay.png\" alt=\"\" class=\"wp-image-7613\" style=\"width:177px;height:auto\"\/><\/a><\/figure>\n<\/div>\n\n\n\n<div style=\"height:200px\" aria-hidden=\"true\" class=\"wp-block-spacer\"><\/div>\n\n\n\n<div class=\"wp-block-group wp-container-content-62aae154 is-nowrap is-layout-flex wp-container-core-group-is-layout-6c531013 wp-block-group-is-layout-flex\">\n<div class=\"wp-block-group is-style-default wp-container-content-0733e5d0 is-vertical is-content-justification-center is-nowrap is-layout-flex wp-container-core-group-is-layout-671c4991 wp-block-group-is-layout-flex\">\n<figure class=\"wp-block-image aligncenter size-full is-resized\"><img loading=\"lazy\" decoding=\"async\" width=\"318\" height=\"318\" src=\"https:\/\/somcomunitats.coop\/wp-content\/uploads\/2024\/12\/Xarxa.png\" alt=\"\" class=\"wp-image-8112\" style=\"object-fit:contain;width:80px;height:80px\" srcset=\"https:\/\/somcomunitats.coop\/wp-content\/uploads\/2024\/12\/Xarxa.png 318w, https:\/\/somcomunitats.coop\/wp-content\/uploads\/2024\/12\/Xarxa-300x300.png 300w, https:\/\/somcomunitats.coop\/wp-content\/uploads\/2024\/12\/Xarxa-150x150.png 150w\" sizes=\"auto, (max-width: 318px) 100vw, 318px\" \/><\/figure>\n\n\n\n<div style=\"height:12px\" aria-hidden=\"true\" class=\"wp-block-spacer wp-container-content-cc4259ba\"><\/div>\n\n\n\n<p>Web<\/p>\n<\/div>\n\n\n\n<div class=\"wp-block-group wp-container-content-0733e5d0 is-vertical is-content-justification-center is-nowrap is-layout-flex wp-container-core-group-is-layout-c45408f9 wp-block-group-is-layout-flex\">\n<figure class=\"wp-block-image aligncenter size-full is-resized\"><img loading=\"lazy\" decoding=\"async\" width=\"318\" height=\"318\" src=\"https:\/\/somcomunitats.coop\/wp-content\/uploads\/2024\/12\/Mapa.png\" alt=\"\" class=\"wp-image-8110\" style=\"object-fit:contain;width:80px;height:80px\" srcset=\"https:\/\/somcomunitats.coop\/wp-content\/uploads\/2024\/12\/Mapa.png 318w, https:\/\/somcomunitats.coop\/wp-content\/uploads\/2024\/12\/Mapa-300x300.png 300w, https:\/\/somcomunitats.coop\/wp-content\/uploads\/2024\/12\/Mapa-150x150.png 150w\" sizes=\"auto, (max-width: 318px) 100vw, 318px\" \/><\/figure>\n\n\n\n<div style=\"height:0px\" aria-hidden=\"true\" class=\"wp-block-spacer wp-container-content-cc4259ba\"><\/div>\n\n\n\n<p>Mapa<\/p>\n<\/div>\n\n\n\n<div class=\"wp-block-group wp-container-content-0733e5d0 is-vertical is-content-justification-center is-nowrap is-layout-flex wp-container-core-group-is-layout-c45408f9 wp-block-group-is-layout-flex\">\n<figure class=\"wp-block-image aligncenter size-full is-resized\"><img loading=\"lazy\" decoding=\"async\" width=\"318\" height=\"318\" src=\"https:\/\/somcomunitats.coop\/wp-content\/uploads\/2024\/12\/Butlletins.png\" alt=\"\" class=\"wp-image-8114\" style=\"object-fit:contain;width:80px;height:80px\" srcset=\"https:\/\/somcomunitats.coop\/wp-content\/uploads\/2024\/12\/Butlletins.png 318w, https:\/\/somcomunitats.coop\/wp-content\/uploads\/2024\/12\/Butlletins-300x300.png 300w, https:\/\/somcomunitats.coop\/wp-content\/uploads\/2024\/12\/Butlletins-150x150.png 150w\" sizes=\"auto, (max-width: 318px) 100vw, 318px\" \/><\/figure>\n\n\n\n<div style=\"height:0px\" aria-hidden=\"true\" class=\"wp-block-spacer wp-container-content-cc4259ba\"><\/div>\n\n\n\n<p>Boletines<\/p>\n<\/div>\n<\/div>\n\n\n\n<div style=\"height:20px;width:0px\" aria-hidden=\"true\" class=\"wp-block-spacer\"><\/div>\n\n\n\n<div class=\"wp-block-group wp-container-content-62aae154 is-nowrap is-layout-flex wp-container-core-group-is-layout-6c531013 wp-block-group-is-layout-flex\">\n<div class=\"wp-block-group is-style-default wp-container-content-0733e5d0 is-vertical is-content-justification-center is-nowrap is-layout-flex wp-container-core-group-is-layout-671c4991 wp-block-group-is-layout-flex\">\n<figure class=\"wp-block-image aligncenter size-full is-resized\"><img loading=\"lazy\" decoding=\"async\" width=\"318\" height=\"318\" src=\"https:\/\/somcomunitats.coop\/wp-content\/uploads\/2024\/12\/Gestio\u0301-so\u0300cies.png\" alt=\"\" class=\"wp-image-8117\" style=\"object-fit:contain;width:80px;height:80px\" srcset=\"https:\/\/somcomunitats.coop\/wp-content\/uploads\/2024\/12\/Gestio\u0301-so\u0300cies.png 318w, https:\/\/somcomunitats.coop\/wp-content\/uploads\/2024\/12\/Gestio\u0301-so\u0300cies-300x300.png 300w, https:\/\/somcomunitats.coop\/wp-content\/uploads\/2024\/12\/Gestio\u0301-so\u0300cies-150x150.png 150w\" sizes=\"auto, (max-width: 318px) 100vw, 318px\" \/><\/figure>\n\n\n\n<div style=\"height:12px\" aria-hidden=\"true\" class=\"wp-block-spacer wp-container-content-cc4259ba\"><\/div>\n\n\n\n<p>Gesti\u00f3n socias<\/p>\n<\/div>\n\n\n\n<div class=\"wp-block-group wp-container-content-0733e5d0 is-vertical is-content-justification-center is-nowrap is-layout-flex wp-container-core-group-is-layout-c45408f9 wp-block-group-is-layout-flex\">\n<figure class=\"wp-block-image aligncenter size-full is-resized\"><img loading=\"lazy\" decoding=\"async\" width=\"318\" height=\"318\" src=\"https:\/\/somcomunitats.coop\/wp-content\/uploads\/2024\/12\/Autoconsum.png\" alt=\"\" class=\"wp-image-8125\" style=\"object-fit:contain;width:80px;height:80px\" srcset=\"https:\/\/somcomunitats.coop\/wp-content\/uploads\/2024\/12\/Autoconsum.png 318w, https:\/\/somcomunitats.coop\/wp-content\/uploads\/2024\/12\/Autoconsum-300x300.png 300w, https:\/\/somcomunitats.coop\/wp-content\/uploads\/2024\/12\/Autoconsum-150x150.png 150w\" sizes=\"auto, (max-width: 318px) 100vw, 318px\" \/><\/figure>\n\n\n\n<div style=\"height:0px\" aria-hidden=\"true\" class=\"wp-block-spacer wp-container-content-cc4259ba\"><\/div>\n\n\n\n<p>Consumo<\/p>\n<\/div>\n\n\n\n<div class=\"wp-block-group wp-container-content-0733e5d0 is-vertical is-content-justification-center is-nowrap is-layout-flex wp-container-core-group-is-layout-c45408f9 wp-block-group-is-layout-flex\">\n<figure class=\"wp-block-image aligncenter size-full is-resized\"><img loading=\"lazy\" decoding=\"async\" width=\"318\" height=\"318\" src=\"https:\/\/somcomunitats.coop\/wp-content\/uploads\/2024\/12\/Facturacio\u0301.png\" alt=\"\" class=\"wp-image-8127\" style=\"object-fit:contain;width:80px;height:80px\" srcset=\"https:\/\/somcomunitats.coop\/wp-content\/uploads\/2024\/12\/Facturacio\u0301.png 318w, https:\/\/somcomunitats.coop\/wp-content\/uploads\/2024\/12\/Facturacio\u0301-300x300.png 300w, https:\/\/somcomunitats.coop\/wp-content\/uploads\/2024\/12\/Facturacio\u0301-150x150.png 150w\" sizes=\"auto, (max-width: 318px) 100vw, 318px\" \/><\/figure>\n\n\n\n<div style=\"height:0px\" aria-hidden=\"true\" class=\"wp-block-spacer wp-container-content-cc4259ba\"><\/div>\n\n\n\n<p>Facturaci\u00f3n<\/p>\n<\/div>\n<\/div>\n\n\n\n<div style=\"height:20px;width:0px\" aria-hidden=\"true\" class=\"wp-block-spacer\"><\/div>\n\n\n\n<div class=\"wp-block-group wp-container-content-62aae154 is-nowrap is-layout-flex wp-container-core-group-is-layout-6c531013 wp-block-group-is-layout-flex\">\n<div class=\"wp-block-group is-style-default wp-container-content-0733e5d0 is-vertical is-content-justification-center is-nowrap is-layout-flex wp-container-core-group-is-layout-671c4991 wp-block-group-is-layout-flex\">\n<figure class=\"wp-block-image aligncenter size-full is-resized\"><img loading=\"lazy\" decoding=\"async\" width=\"318\" height=\"318\" src=\"https:\/\/somcomunitats.coop\/wp-content\/uploads\/2024\/12\/CRM.png\" alt=\"\" class=\"wp-image-8119\" style=\"object-fit:contain;width:80px;height:80px\" srcset=\"https:\/\/somcomunitats.coop\/wp-content\/uploads\/2024\/12\/CRM.png 318w, https:\/\/somcomunitats.coop\/wp-content\/uploads\/2024\/12\/CRM-300x300.png 300w, https:\/\/somcomunitats.coop\/wp-content\/uploads\/2024\/12\/CRM-150x150.png 150w\" sizes=\"auto, (max-width: 318px) 100vw, 318px\" \/><\/figure>\n\n\n\n<div style=\"height:12px\" aria-hidden=\"true\" class=\"wp-block-spacer wp-container-content-cc4259ba\"><\/div>\n\n\n\n<p>CRM<\/p>\n<\/div>\n\n\n\n<div class=\"wp-block-group wp-container-content-0733e5d0 is-vertical is-content-justification-center is-nowrap is-layout-flex wp-container-core-group-is-layout-c45408f9 wp-block-group-is-layout-flex\">\n<figure class=\"wp-block-image aligncenter size-full is-resized\"><img loading=\"lazy\" decoding=\"async\" width=\"318\" height=\"318\" src=\"https:\/\/somcomunitats.coop\/wp-content\/uploads\/2024\/12\/Contactes.png\" alt=\"\" class=\"wp-image-8123\" style=\"object-fit:contain;width:80px;height:80px\" srcset=\"https:\/\/somcomunitats.coop\/wp-content\/uploads\/2024\/12\/Contactes.png 318w, https:\/\/somcomunitats.coop\/wp-content\/uploads\/2024\/12\/Contactes-300x300.png 300w, https:\/\/somcomunitats.coop\/wp-content\/uploads\/2024\/12\/Contactes-150x150.png 150w\" sizes=\"auto, (max-width: 318px) 100vw, 318px\" \/><\/figure>\n\n\n\n<div style=\"height:0px\" aria-hidden=\"true\" class=\"wp-block-spacer wp-container-content-cc4259ba\"><\/div>\n\n\n\n<p>Contactos<\/p>\n<\/div>\n\n\n\n<div class=\"wp-block-group wp-container-content-0733e5d0 is-vertical is-content-justification-center is-nowrap is-layout-flex wp-container-core-group-is-layout-c45408f9 wp-block-group-is-layout-flex\">\n<figure class=\"wp-block-image aligncenter size-full is-resized\"><img loading=\"lazy\" decoding=\"async\" width=\"318\" height=\"318\" src=\"https:\/\/somcomunitats.coop\/wp-content\/uploads\/2024\/12\/Esdeveniments.png\" alt=\"\" class=\"wp-image-8121\" style=\"object-fit:contain;width:80px;height:80px\" srcset=\"https:\/\/somcomunitats.coop\/wp-content\/uploads\/2024\/12\/Esdeveniments.png 318w, https:\/\/somcomunitats.coop\/wp-content\/uploads\/2024\/12\/Esdeveniments-300x300.png 300w, https:\/\/somcomunitats.coop\/wp-content\/uploads\/2024\/12\/Esdeveniments-150x150.png 150w\" sizes=\"auto, (max-width: 318px) 100vw, 318px\" \/><\/figure>\n\n\n\n<div style=\"height:0px\" aria-hidden=\"true\" class=\"wp-block-spacer wp-container-content-cc4259ba\"><\/div>\n\n\n\n<p>Eventos<\/p>\n<\/div>\n<\/div>\n\n\n\n<div style=\"height:23px\" aria-hidden=\"true\" class=\"wp-block-spacer\"><\/div>\n<\/div>\n<\/div>\n<\/section>\n\n\n\n<section class=\"wp-block-group alignfull is-style-no-padding has-second-base-ultra-light-background-color has-background is-layout-flow wp-block-group-is-layout-flow\" id=\"areagestion\">\n<div class=\"wp-block-group is-style-show-desktop is-nowrap is-layout-flex wp-container-core-group-is-layout-6c531013 wp-block-group-is-layout-flex\">\n<div class=\"wp-block-group is-style-horizontal-padded wp-container-content-0733e5d0 is-layout-flow wp-block-group-is-layout-flow\">\n<div style=\"height:5rem\" aria-hidden=\"true\" class=\"wp-block-spacer\"><\/div>\n\n\n\n<h3 class=\"wp-block-heading has-main-color has-text-color has-primary-font-family\" style=\"font-style:normal;font-weight:700\">Simplificad la gesti\u00f3n de la Comunidad<\/h3>\n\n\n\n<p>Como persona administradora ten\u00e9is todas las herramientas centralizadas en el <strong>\u00c1rea de Gesti\u00f3n<\/strong> de vuestra Comunidad Energ\u00e9tica.<br><br>Los miembros pueden gestionar los servicios f\u00e1cilmente con la <strong>app<\/strong> de la Comunidad.<br><br>El apoyo de una entidad <strong>Coordinadora<\/strong> os facilitar\u00e1 los tr\u00e1mites del d\u00eda a d\u00eda relacionados con la gesti\u00f3n energ\u00e9tica, administrativa y societaria de vuestra Comunidad. <\/p>\n\n\n\n<div style=\"height:1rem\" aria-hidden=\"true\" class=\"wp-block-spacer\"><\/div>\n\n\n\n<div class=\"wp-block-buttons is-layout-flex wp-block-buttons-is-layout-flex\">\n<div class=\"wp-block-button is-style-rounded\"><a class=\"wp-block-button__link has-main-color has-primary-background-color has-text-color has-background has-small-font-size has-custom-font-size wp-element-button\" href=\"https:\/\/somcomunitats.coop\/es\/tarifas-de-la-plataforma\/\">Consulta las tarifas<\/a><\/div>\n<\/div>\n\n\n\n<div style=\"height:128px\" aria-hidden=\"true\" class=\"wp-block-spacer\"><\/div>\n<\/div>\n\n\n\n<div class=\"wp-block-group is-style-default wp-container-content-0733e5d0 is-layout-flow wp-block-group-is-layout-flow\">\n<div class=\"wp-block-group is-style-default wp-container-content-0733e5d0 is-layout-flow wp-block-group-is-layout-flow\">\n<div class=\"wp-block-columns is-layout-flex wp-container-core-columns-is-layout-28f84493 wp-block-columns-is-layout-flex\">\n<div class=\"wp-block-column is-layout-flow wp-block-column-is-layout-flow\" style=\"flex-basis:200px\">\n<figure class=\"wp-block-image aligncenter size-full is-resized\"><img loading=\"lazy\" decoding=\"async\" width=\"318\" height=\"318\" src=\"https:\/\/somcomunitats.coop\/wp-content\/uploads\/2024\/12\/Xarxa.png\" alt=\"\" class=\"wp-image-8112\" style=\"width:100px\" srcset=\"https:\/\/somcomunitats.coop\/wp-content\/uploads\/2024\/12\/Xarxa.png 318w, https:\/\/somcomunitats.coop\/wp-content\/uploads\/2024\/12\/Xarxa-300x300.png 300w, https:\/\/somcomunitats.coop\/wp-content\/uploads\/2024\/12\/Xarxa-150x150.png 150w\" sizes=\"auto, (max-width: 318px) 100vw, 318px\" \/><\/figure>\n\n\n\n<div style=\"height:20px\" aria-hidden=\"true\" class=\"wp-block-spacer\"><\/div>\n\n\n\n<p class=\"has-text-align-center\">Web<\/p>\n<\/div>\n\n\n\n<div class=\"wp-block-column is-layout-flow wp-block-column-is-layout-flow\" style=\"flex-basis:200px\">\n<figure class=\"wp-block-image aligncenter size-full is-resized\"><img loading=\"lazy\" decoding=\"async\" width=\"318\" height=\"318\" src=\"https:\/\/somcomunitats.coop\/wp-content\/uploads\/2024\/12\/Mapa.png\" alt=\"\" class=\"wp-image-8110\" style=\"width:100px\" srcset=\"https:\/\/somcomunitats.coop\/wp-content\/uploads\/2024\/12\/Mapa.png 318w, https:\/\/somcomunitats.coop\/wp-content\/uploads\/2024\/12\/Mapa-300x300.png 300w, https:\/\/somcomunitats.coop\/wp-content\/uploads\/2024\/12\/Mapa-150x150.png 150w\" sizes=\"auto, (max-width: 318px) 100vw, 318px\" \/><\/figure>\n\n\n\n<div style=\"height:20px\" aria-hidden=\"true\" class=\"wp-block-spacer\"><\/div>\n\n\n\n<p class=\"has-text-align-center\">Mapa<\/p>\n<\/div>\n\n\n\n<div class=\"wp-block-column is-layout-flow wp-block-column-is-layout-flow\" style=\"flex-basis:198px\">\n<figure class=\"wp-block-image aligncenter size-full is-resized\"><img loading=\"lazy\" decoding=\"async\" width=\"318\" height=\"318\" src=\"https:\/\/somcomunitats.coop\/wp-content\/uploads\/2024\/12\/Butlletins.png\" alt=\"\" class=\"wp-image-8114\" style=\"width:100px\" srcset=\"https:\/\/somcomunitats.coop\/wp-content\/uploads\/2024\/12\/Butlletins.png 318w, https:\/\/somcomunitats.coop\/wp-content\/uploads\/2024\/12\/Butlletins-300x300.png 300w, https:\/\/somcomunitats.coop\/wp-content\/uploads\/2024\/12\/Butlletins-150x150.png 150w\" sizes=\"auto, (max-width: 318px) 100vw, 318px\" \/><\/figure>\n\n\n\n<div style=\"height:20px\" aria-hidden=\"true\" class=\"wp-block-spacer\"><\/div>\n\n\n\n<p class=\"has-text-align-center\">Boletines<\/p>\n<\/div>\n<\/div>\n\n\n\n<div class=\"wp-block-columns is-layout-flex wp-container-core-columns-is-layout-28f84493 wp-block-columns-is-layout-flex\">\n<div class=\"wp-block-column is-layout-flow wp-block-column-is-layout-flow\" style=\"flex-basis:200px\">\n<figure class=\"wp-block-image aligncenter size-full is-resized\"><img loading=\"lazy\" decoding=\"async\" width=\"318\" height=\"318\" src=\"https:\/\/somcomunitats.coop\/wp-content\/uploads\/2024\/12\/Gestio\u0301-so\u0300cies.png\" alt=\"\" class=\"wp-image-8116\" style=\"width:100px\" srcset=\"https:\/\/somcomunitats.coop\/wp-content\/uploads\/2024\/12\/Gestio\u0301-so\u0300cies.png 318w, https:\/\/somcomunitats.coop\/wp-content\/uploads\/2024\/12\/Gestio\u0301-so\u0300cies-300x300.png 300w, https:\/\/somcomunitats.coop\/wp-content\/uploads\/2024\/12\/Gestio\u0301-so\u0300cies-150x150.png 150w\" sizes=\"auto, (max-width: 318px) 100vw, 318px\" \/><\/figure>\n\n\n\n<div style=\"height:20px\" aria-hidden=\"true\" class=\"wp-block-spacer\"><\/div>\n\n\n\n<p class=\"has-text-align-center\">Gesti\u00f3n socias<\/p>\n<\/div>\n\n\n\n<div class=\"wp-block-column is-layout-flow wp-block-column-is-layout-flow\" style=\"flex-basis:200px\">\n<figure class=\"wp-block-image aligncenter size-full is-resized\"><img loading=\"lazy\" decoding=\"async\" width=\"318\" height=\"318\" src=\"https:\/\/somcomunitats.coop\/wp-content\/uploads\/2024\/12\/Autoconsum.png\" alt=\"\" class=\"wp-image-8124\" style=\"width:100px\" srcset=\"https:\/\/somcomunitats.coop\/wp-content\/uploads\/2024\/12\/Autoconsum.png 318w, https:\/\/somcomunitats.coop\/wp-content\/uploads\/2024\/12\/Autoconsum-300x300.png 300w, https:\/\/somcomunitats.coop\/wp-content\/uploads\/2024\/12\/Autoconsum-150x150.png 150w\" sizes=\"auto, (max-width: 318px) 100vw, 318px\" \/><\/figure>\n\n\n\n<div style=\"height:20px\" aria-hidden=\"true\" class=\"wp-block-spacer\"><\/div>\n\n\n\n<p class=\"has-text-align-center\">Autoconsumo<\/p>\n<\/div>\n\n\n\n<div class=\"wp-block-column is-layout-flow wp-block-column-is-layout-flow\" style=\"flex-basis:200px\">\n<figure class=\"wp-block-image aligncenter size-full is-resized\"><img loading=\"lazy\" decoding=\"async\" width=\"318\" height=\"318\" src=\"https:\/\/somcomunitats.coop\/wp-content\/uploads\/2024\/12\/Facturacio\u0301.png\" alt=\"\" class=\"wp-image-8126\" style=\"width:100px\" srcset=\"https:\/\/somcomunitats.coop\/wp-content\/uploads\/2024\/12\/Facturacio\u0301.png 318w, https:\/\/somcomunitats.coop\/wp-content\/uploads\/2024\/12\/Facturacio\u0301-300x300.png 300w, https:\/\/somcomunitats.coop\/wp-content\/uploads\/2024\/12\/Facturacio\u0301-150x150.png 150w\" sizes=\"auto, (max-width: 318px) 100vw, 318px\" \/><\/figure>\n\n\n\n<div style=\"height:20px\" aria-hidden=\"true\" class=\"wp-block-spacer\"><\/div>\n\n\n\n<p class=\"has-text-align-center\">Faturaci\u00f3n<\/p>\n<\/div>\n<\/div>\n\n\n\n<div class=\"wp-block-columns is-layout-flex wp-container-core-columns-is-layout-28f84493 wp-block-columns-is-layout-flex\">\n<div class=\"wp-block-column is-layout-flow wp-block-column-is-layout-flow\" style=\"flex-basis:200px\">\n<figure class=\"wp-block-image aligncenter size-full is-resized\"><img loading=\"lazy\" decoding=\"async\" width=\"318\" height=\"318\" src=\"https:\/\/somcomunitats.coop\/wp-content\/uploads\/2024\/12\/CRM.png\" alt=\"\" class=\"wp-image-8118\" style=\"width:100px\" srcset=\"https:\/\/somcomunitats.coop\/wp-content\/uploads\/2024\/12\/CRM.png 318w, https:\/\/somcomunitats.coop\/wp-content\/uploads\/2024\/12\/CRM-300x300.png 300w, https:\/\/somcomunitats.coop\/wp-content\/uploads\/2024\/12\/CRM-150x150.png 150w\" sizes=\"auto, (max-width: 318px) 100vw, 318px\" \/><\/figure>\n\n\n\n<div style=\"height:20px\" aria-hidden=\"true\" class=\"wp-block-spacer\"><\/div>\n\n\n\n<p class=\"has-text-align-center\">CRM<\/p>\n<\/div>\n\n\n\n<div class=\"wp-block-column is-layout-flow wp-block-column-is-layout-flow\" style=\"flex-basis:200px\">\n<figure class=\"wp-block-image aligncenter size-full is-resized\"><img loading=\"lazy\" decoding=\"async\" width=\"318\" height=\"318\" src=\"https:\/\/somcomunitats.coop\/wp-content\/uploads\/2024\/12\/Contactes.png\" alt=\"\" class=\"wp-image-8122\" style=\"width:100px\" srcset=\"https:\/\/somcomunitats.coop\/wp-content\/uploads\/2024\/12\/Contactes.png 318w, https:\/\/somcomunitats.coop\/wp-content\/uploads\/2024\/12\/Contactes-300x300.png 300w, https:\/\/somcomunitats.coop\/wp-content\/uploads\/2024\/12\/Contactes-150x150.png 150w\" sizes=\"auto, (max-width: 318px) 100vw, 318px\" \/><\/figure>\n\n\n\n<div style=\"height:20px\" aria-hidden=\"true\" class=\"wp-block-spacer\"><\/div>\n\n\n\n<p class=\"has-text-align-center\">Contactos<\/p>\n<\/div>\n\n\n\n<div class=\"wp-block-column is-layout-flow wp-block-column-is-layout-flow\" style=\"flex-basis:200px\">\n<figure class=\"wp-block-image aligncenter size-full is-resized\"><img loading=\"lazy\" decoding=\"async\" width=\"318\" height=\"318\" src=\"https:\/\/somcomunitats.coop\/wp-content\/uploads\/2024\/12\/Esdeveniments.png\" alt=\"\" class=\"wp-image-8120\" style=\"width:100px\" srcset=\"https:\/\/somcomunitats.coop\/wp-content\/uploads\/2024\/12\/Esdeveniments.png 318w, https:\/\/somcomunitats.coop\/wp-content\/uploads\/2024\/12\/Esdeveniments-300x300.png 300w, https:\/\/somcomunitats.coop\/wp-content\/uploads\/2024\/12\/Esdeveniments-150x150.png 150w\" sizes=\"auto, (max-width: 318px) 100vw, 318px\" \/><\/figure>\n\n\n\n<div style=\"height:20px\" aria-hidden=\"true\" class=\"wp-block-spacer\"><\/div>\n\n\n\n<p class=\"has-text-align-center\">Eventos<\/p>\n<\/div>\n<\/div>\n<\/div>\n<\/div>\n<\/div>\n\n\n\n<div class=\"wp-block-group is-style-show-mobile-tablet is-vertical is-content-justification-center is-layout-flex wp-container-core-group-is-layout-ce155fab wp-block-group-is-layout-flex\">\n<div class=\"wp-block-group is-style-horizontal-padded wp-container-content-0733e5d0 is-layout-flow wp-block-group-is-layout-flow\">\n<div style=\"height:13px;width:0px\" aria-hidden=\"true\" class=\"wp-block-spacer\"><\/div>\n\n\n\n<h3 class=\"wp-block-heading has-main-color has-text-color has-primary-font-family\" style=\"font-style:normal;font-weight:700\">Simplificad la gesti\u00f3n de la Comunidad<\/h3>\n\n\n\n<p class=\"has-section-texts-font-size\">Como persona administradora ten\u00e9is todas las herramientas centralizadas en el <strong>\u00c1rea de Gesti\u00f3n<\/strong> de vuestra Comunidad Energ\u00e9tica.<br><br>Los miembros pueden gestionar los servicios energ\u00e9ticos f\u00e1cilmente con la <strong>app<\/strong> de la Comunidad. <br><br>El apoyo de una entidad <strong>Coordinadora<\/strong> os facilitar\u00e1 los tr\u00e1mites del d\u00eda a d\u00eda relacionados con la gesti\u00f3n energ\u00e9tica, administrativa y societaria de vuestra Comunidad. <\/p>\n\n\n\n<div style=\"height:1rem\" aria-hidden=\"true\" class=\"wp-block-spacer\"><\/div>\n\n\n\n<div class=\"wp-block-buttons is-layout-flex wp-block-buttons-is-layout-flex\">\n<div class=\"wp-block-button is-style-rounded\"><a class=\"wp-block-button__link has-main-color has-primary-background-color has-text-color has-background has-small-font-size has-custom-font-size wp-element-button\" href=\"https:\/\/somcomunitats.coop\/es\/tarifas-de-la-plataforma\/\">Consulta las tarifas<\/a><\/div>\n<\/div>\n\n\n\n<div style=\"height:80px\" aria-hidden=\"true\" class=\"wp-block-spacer\"><\/div>\n<\/div>\n<\/div>\n<\/section>\n\n\n\n<section class=\"wp-block-group alignfull is-style-no-padding has-second-base-ultra-light-background-color has-background is-layout-flow wp-block-group-is-layout-flow\">\n<div class=\"wp-block-group is-style-show-desktop is-horizontal is-content-justification-center is-nowrap is-layout-flex wp-container-core-group-is-layout-4bda3a8f wp-block-group-is-layout-flex\">\n<div class=\"wp-block-group is-style-default wp-container-content-0733e5d0 is-layout-flow wp-block-group-is-layout-flow\">\n<figure class=\"wp-block-image aligncenter size-full is-resized\"><img loading=\"lazy\" decoding=\"async\" width=\"1179\" height=\"1663\" src=\"https:\/\/somcomunitats.coop\/wp-content\/uploads\/2025\/04\/personal-servei-2025.png\" alt=\"\" class=\"wp-image-9996\" style=\"width:427px;height:auto\" srcset=\"https:\/\/somcomunitats.coop\/wp-content\/uploads\/2025\/04\/personal-servei-2025.png 1179w, https:\/\/somcomunitats.coop\/wp-content\/uploads\/2025\/04\/personal-servei-2025-213x300.png 213w, https:\/\/somcomunitats.coop\/wp-content\/uploads\/2025\/04\/personal-servei-2025-726x1024.png 726w, https:\/\/somcomunitats.coop\/wp-content\/uploads\/2025\/04\/personal-servei-2025-768x1083.png 768w, https:\/\/somcomunitats.coop\/wp-content\/uploads\/2025\/04\/personal-servei-2025-1089x1536.png 1089w\" sizes=\"auto, (max-width: 1179px) 100vw, 1179px\" \/><\/figure>\n<\/div>\n\n\n\n<div class=\"wp-block-group is-style-horizontal-padded wp-container-content-0733e5d0 is-layout-flow wp-block-group-is-layout-flow\">\n<div style=\"height:53px\" aria-hidden=\"true\" class=\"wp-block-spacer\"><\/div>\n\n\n\n<h3 class=\"wp-block-heading has-main-color has-text-color has-primary-font-family\" style=\"font-style:normal;font-weight:700\">Gestionad los autoconsumos colectivos<\/h3>\n\n\n\n<p class=\"has-section-texts-font-size\">Introducid y gestionad los <strong>coeficientes de reparto del autoconsumo colectivo<\/strong> desde el panel de administraci\u00f3n y descargad toda la documentaci\u00f3n necesaria para poner en marcha el servicio con la distribuidora.<br><br>Desde la <strong><a href=\"https:\/\/somcomunitats.coop\/es\/app\/\" data-type=\"page\" data-id=\"8061\">app<\/a><\/strong>, las personas socias de la Comunidad podr\u00e1n visualizar su consumo y producci\u00f3n energ\u00e9tica y el rendimiento de las instalaciones.<\/p>\n\n\n\n<div style=\"height:5rem\" aria-hidden=\"true\" class=\"wp-block-spacer\"><\/div>\n<\/div>\n<\/div>\n\n\n\n<div class=\"wp-block-group is-style-show-mobile-tablet is-vertical is-content-justification-center is-layout-flex wp-container-core-group-is-layout-ce155fab wp-block-group-is-layout-flex\">\n<div class=\"wp-block-group is-style-default wp-container-content-0733e5d0 is-layout-flow wp-block-group-is-layout-flow\">\n<figure class=\"wp-block-image alignleft size-full is-resized\"><img loading=\"lazy\" decoding=\"async\" width=\"1179\" height=\"1663\" src=\"https:\/\/somcomunitats.coop\/wp-content\/uploads\/2024\/12\/personal-servei-es-1.png\" alt=\"\" class=\"wp-image-7963\" style=\"width:402px\" srcset=\"https:\/\/somcomunitats.coop\/wp-content\/uploads\/2024\/12\/personal-servei-es-1.png 1179w, https:\/\/somcomunitats.coop\/wp-content\/uploads\/2024\/12\/personal-servei-es-1-213x300.png 213w, https:\/\/somcomunitats.coop\/wp-content\/uploads\/2024\/12\/personal-servei-es-1-726x1024.png 726w, https:\/\/somcomunitats.coop\/wp-content\/uploads\/2024\/12\/personal-servei-es-1-768x1083.png 768w, https:\/\/somcomunitats.coop\/wp-content\/uploads\/2024\/12\/personal-servei-es-1-1089x1536.png 1089w\" sizes=\"auto, (max-width: 1179px) 100vw, 1179px\" \/><\/figure>\n<\/div>\n\n\n\n<div class=\"wp-block-group is-style-horizontal-padded wp-container-content-0733e5d0 is-layout-flow wp-block-group-is-layout-flow\">\n<h3 class=\"wp-block-heading has-main-color has-text-color has-primary-font-family\" style=\"font-style:normal;font-weight:700\">Gestionad los autoconsumos colectivos<\/h3>\n\n\n\n<p class=\"has-section-texts-font-size\">Introducid y gestionad los <strong>coeficientes de reparto del autoconsumo colectivo<\/strong> desde el panel de administraci\u00f3n y descargad toda la documentaci\u00f3n necesaria para poner en marcha el servicio con la distribuidora.<br><br>Desde la <strong><a href=\"https:\/\/somcomunitats.coop\/es\/app\/\" data-type=\"page\" data-id=\"8061\">app<\/a><\/strong>, las personas socias de la Comunidad podr\u00e1n visualizar su consumo y producci\u00f3n energ\u00e9tica y el rendimiento de las instalaciones.<\/p>\n\n\n\n<div style=\"height:80px\" aria-hidden=\"true\" class=\"wp-block-spacer\"><\/div>\n<\/div>\n<\/div>\n<\/section>\n\n\n\n<section class=\"wp-block-group alignfull is-style-no-padding has-second-base-ultra-light-background-color has-background is-layout-flow wp-block-group-is-layout-flow\">\n<div class=\"wp-block-group is-style-show-desktop is-nowrap is-layout-flex wp-container-core-group-is-layout-6c531013 wp-block-group-is-layout-flex\">\n<div class=\"wp-block-group is-style-horizontal-padded wp-container-content-0733e5d0 is-layout-flow wp-block-group-is-layout-flow\">\n<div style=\"height:160px\" aria-hidden=\"true\" class=\"wp-block-spacer\"><\/div>\n\n\n\n<h3 class=\"wp-block-heading has-main-color has-text-color has-primary-font-family\" style=\"font-style:normal;font-weight:700\">Activad m\u00e1s servicios energ\u00e9ticos y llevad a vuestra Comunidad m\u00e1s all\u00e1<\/h3>\n\n\n\n<p class=\"has-section-texts-font-size\">Impulsad servicios m\u00e1s all\u00e1 del autoconsumo colectivo: <\/p>\n\n\n\n<ol class=\"wp-block-list\">\n<li>Contratad <a href=\"https:\/\/www.somenergia.coop\/es\/\" target=\"_blank\" rel=\"noopener\"><strong>Som Energia<\/strong><\/a> como comercializadora 100% renovable y disfrutad de sus servicios para Comunidades Energ\u00e9ticas.<\/li>\n\n\n\n<li>Ofreced f\u00e1cilmente servicios de movilidad el\u00e9ctrica compartida de <a href=\"https:\/\/www.sommobilitat.coop\/es\/\" target=\"_blank\" rel=\"noopener\"><strong>Som Mobilitat<\/strong><\/a>.<\/li>\n\n\n\n<li>Gestionad los consumos y cobros de un sistema de servicios t\u00e9rmicos, ACS y clima.<\/li>\n<\/ol>\n\n\n\n<div style=\"height:23px\" aria-hidden=\"true\" class=\"wp-block-spacer\"><\/div>\n\n\n\n<p class=\"has-section-texts-font-size\"><strong>Plataforma en constante evoluci\u00f3n<\/strong><\/p>\n\n\n\n<p>A\u00f1adiremos nuevas herramientas y servicios en la Plataforma para dar respuesta a futuras necesidades, como por ejemplo:<\/p>\n\n\n\n<ul class=\"wp-block-list\">\n<li>Organizar f\u00e1cilmente compras colectivas de autoconsumo individual, puntos de recarga o sistemas de aerotermia. <\/li>\n\n\n\n<li>Acceder a instrumentos de financiaci\u00f3n y seguros dise\u00f1ados para Comunidades Energ\u00e9ticas desde la banca \u00e9tica y cooperativa.<\/li>\n<\/ul>\n\n\n\n<div style=\"height:192px\" aria-hidden=\"true\" class=\"wp-block-spacer\"><\/div>\n<\/div>\n\n\n\n<div class=\"wp-block-group is-style-default wp-container-content-0733e5d0 is-layout-flow wp-block-group-is-layout-flow\">\n<figure class=\"wp-block-image aligncenter size-large is-resized\"><img loading=\"lazy\" decoding=\"async\" width=\"1024\" height=\"872\" src=\"https:\/\/somcomunitats.coop\/wp-content\/uploads\/2024\/12\/Activeu-1024x872.png\" alt=\"\" class=\"wp-image-7624\" style=\"width:669px;height:auto\" srcset=\"https:\/\/somcomunitats.coop\/wp-content\/uploads\/2024\/12\/Activeu-1024x872.png 1024w, https:\/\/somcomunitats.coop\/wp-content\/uploads\/2024\/12\/Activeu-300x256.png 300w, https:\/\/somcomunitats.coop\/wp-content\/uploads\/2024\/12\/Activeu-768x654.png 768w, https:\/\/somcomunitats.coop\/wp-content\/uploads\/2024\/12\/Activeu.png 1106w\" sizes=\"auto, (max-width: 1024px) 100vw, 1024px\" \/><\/figure>\n<\/div>\n<\/div>\n\n\n\n<div class=\"wp-block-group is-style-show-mobile-tablet is-vertical is-content-justification-center is-layout-flex wp-container-core-group-is-layout-ce155fab wp-block-group-is-layout-flex\">\n<div class=\"wp-block-group is-style-default wp-container-content-0733e5d0 is-layout-flow wp-block-group-is-layout-flow\">\n<figure class=\"wp-block-image aligncenter size-large is-resized\"><img loading=\"lazy\" decoding=\"async\" width=\"1024\" height=\"872\" src=\"https:\/\/somcomunitats.coop\/wp-content\/uploads\/2024\/12\/Activeu-1024x872.png\" alt=\"\" class=\"wp-image-7624\" style=\"width:669px;height:auto\" srcset=\"https:\/\/somcomunitats.coop\/wp-content\/uploads\/2024\/12\/Activeu-1024x872.png 1024w, https:\/\/somcomunitats.coop\/wp-content\/uploads\/2024\/12\/Activeu-300x256.png 300w, https:\/\/somcomunitats.coop\/wp-content\/uploads\/2024\/12\/Activeu-768x654.png 768w, https:\/\/somcomunitats.coop\/wp-content\/uploads\/2024\/12\/Activeu.png 1106w\" sizes=\"auto, (max-width: 1024px) 100vw, 1024px\" \/><\/figure>\n<\/div>\n\n\n\n<div class=\"wp-block-group is-style-horizontal-padded wp-container-content-0733e5d0 is-layout-flow wp-block-group-is-layout-flow\">\n<h3 class=\"wp-block-heading has-main-color has-text-color has-primary-font-family\" style=\"font-style:normal;font-weight:700\">Activad m\u00e1s servicios energ\u00e9ticos y llevad vuestra Comunidad m\u00e1s all\u00e1<\/h3>\n\n\n\n<p class=\"has-section-texts-font-size\">Impulsad servicios m\u00e1s all\u00e1 del autoconsumo colectivo: <\/p>\n\n\n\n<ol class=\"wp-block-list\">\n<li>Contratad <a href=\"https:\/\/www.somenergia.coop\/es\/\" target=\"_blank\" rel=\"noopener\"><strong>Som Energia<\/strong><\/a> como comercializadora 100% renovable y disfrutad de sus servicios para Comunidades Energ\u00e9ticas.<\/li>\n\n\n\n<li>Ofreced f\u00e1cilmente servicios de movilidad el\u00e9ctrica compartida de <a href=\"https:\/\/www.sommobilitat.coop\/es\/\" target=\"_blank\" rel=\"noopener\"><strong>Som Mobilitat<\/strong><\/a>.<\/li>\n\n\n\n<li>Gestionad los consumos y cobros de un sistema de servicios t\u00e9rmicos, ACS y clima.<\/li>\n<\/ol>\n\n\n\n<div style=\"height:23px\" aria-hidden=\"true\" class=\"wp-block-spacer\"><\/div>\n\n\n\n<p class=\"has-section-texts-font-size\"><strong>Plataforma en constante evoluci\u00f3n: <\/strong><\/p>\n\n\n\n<p>A\u00f1adiremos nuevas herramientas y servicios en la Plataforma para dar respuesta a futuras necesidades, como por ejemplo:<\/p>\n\n\n\n<ul class=\"wp-block-list\">\n<li>Organizar f\u00e1cilmente compras colectivas de autoconsumo individual, puntos de recarga o sistemas de aerotermia. <\/li>\n\n\n\n<li>Acceder a instrumentos de financiaci\u00f3n y seguros dise\u00f1ados para Comunidades Energ\u00e9ticas desde la banca \u00e9tica y cooperativa.<\/li>\n<\/ul>\n\n\n\n<div style=\"height:80px\" aria-hidden=\"true\" class=\"wp-block-spacer\"><\/div>\n<\/div>\n<\/div>\n<\/section>\n\n\n\n<section class=\"wp-block-group alignfull is-style-no-padding has-second-base-ultra-light-background-color has-background is-layout-flow wp-block-group-is-layout-flow\" id=\"forum\">\n<div class=\"wp-block-group is-style-show-desktop is-horizontal is-content-justification-center is-nowrap is-layout-flex wp-container-core-group-is-layout-4bda3a8f wp-block-group-is-layout-flex\">\n<div class=\"wp-block-group is-style-default wp-container-content-0733e5d0 is-layout-flow wp-block-group-is-layout-flow\">\n<figure class=\"wp-block-image aligncenter size-full is-resized\"><img loading=\"lazy\" decoding=\"async\" width=\"950\" height=\"1200\" src=\"https:\/\/somcomunitats.coop\/wp-content\/uploads\/2024\/12\/compartiu.png\" alt=\"\" class=\"wp-image-7626\" style=\"width:545px;height:auto\" srcset=\"https:\/\/somcomunitats.coop\/wp-content\/uploads\/2024\/12\/compartiu.png 950w, https:\/\/somcomunitats.coop\/wp-content\/uploads\/2024\/12\/compartiu-238x300.png 238w, https:\/\/somcomunitats.coop\/wp-content\/uploads\/2024\/12\/compartiu-811x1024.png 811w, https:\/\/somcomunitats.coop\/wp-content\/uploads\/2024\/12\/compartiu-768x970.png 768w\" sizes=\"auto, (max-width: 950px) 100vw, 950px\" \/><\/figure>\n<\/div>\n\n\n\n<div class=\"wp-block-group is-style-horizontal-padded wp-container-content-0733e5d0 is-layout-flow wp-block-group-is-layout-flow\">\n<div style=\"height:41px\" aria-hidden=\"true\" class=\"wp-block-spacer\"><\/div>\n\n\n\n<h3 class=\"wp-block-heading has-main-color has-text-color has-primary-font-family\" style=\"font-style:normal;font-weight:700\">Compartid con otros agentes del ecosistema<\/h3>\n\n\n\n<p class=\"has-section-texts-font-size\">Encontrad f\u00e1cilmente <a href=\"https:\/\/somcomunitats.coop\/es\/recursos\/\" data-type=\"page\" data-id=\"213\"><strong>recursos<\/strong><\/a> de inter\u00e9s para el desarrollo de la Comunidad. Presentaros en el Forum y compartid <a href=\"https:\/\/forum.somcomunitats.coop\/c\/presentacions\/9\"><strong>experiencias<\/strong><\/a> y <a href=\"https:\/\/forum.somcomunitats.coop\/c\/ajuda\/10\"><strong>ayuda m\u00fatua<\/strong><\/a> con otros agentes del ecosistema. Encontrad <a href=\"https:\/\/somcomunitats.coop\/es\/que-son-las-coordinadoras\/\"><strong>Coordinadoras<\/strong><\/a> que puedan acompa\u00f1aros a desplegar todo el potencial de la Comunidad.<\/p>\n\n\n\n<div style=\"height:5rem\" aria-hidden=\"true\" class=\"wp-block-spacer\"><\/div>\n<\/div>\n<\/div>\n\n\n\n<div class=\"wp-block-group is-style-show-mobile-tablet is-vertical is-content-justification-center is-layout-flex wp-container-core-group-is-layout-ce155fab wp-block-group-is-layout-flex\">\n<figure class=\"wp-block-image size-full is-resized\"><img loading=\"lazy\" decoding=\"async\" width=\"950\" height=\"1200\" src=\"https:\/\/somcomunitats.coop\/wp-content\/uploads\/2024\/12\/compartiu.png\" alt=\"\" class=\"wp-image-7626\" style=\"width:350px\" srcset=\"https:\/\/somcomunitats.coop\/wp-content\/uploads\/2024\/12\/compartiu.png 950w, https:\/\/somcomunitats.coop\/wp-content\/uploads\/2024\/12\/compartiu-238x300.png 238w, https:\/\/somcomunitats.coop\/wp-content\/uploads\/2024\/12\/compartiu-811x1024.png 811w, https:\/\/somcomunitats.coop\/wp-content\/uploads\/2024\/12\/compartiu-768x970.png 768w\" sizes=\"auto, (max-width: 950px) 100vw, 950px\" \/><\/figure>\n\n\n\n<div class=\"wp-block-group is-style-horizontal-padded wp-container-content-0733e5d0 is-layout-flow wp-block-group-is-layout-flow\">\n<h3 class=\"wp-block-heading has-main-color has-text-color has-primary-font-family\" style=\"font-style:normal;font-weight:700\">Compartid con otros agentes del ecosistema<\/h3>\n\n\n\n<p class=\"has-section-texts-font-size\">Encontrad f\u00e1cilmente <a href=\"https:\/\/somcomunitats.coop\/es\/recursos\/\" data-type=\"page\" data-id=\"213\"><strong>recursos<\/strong><\/a> de inter\u00e9s para el desarrollo de la Comunidad. Presentaros en el Forum y compartid <strong><a href=\"https:\/\/forum.somcomunitats.coop\/c\/presentacions\/9\">experiencias<\/a><\/strong> y <strong><a href=\"https:\/\/forum.somcomunitats.coop\/c\/ajuda\/10\">ayuda m\u00fatua<\/a><\/strong> con otros agentes del ecosistema. Encontrad <a href=\"https:\/\/somcomunitats.coop\/es\/que-son-las-coordinadoras\/\"><strong>Coordinadoras<\/strong><\/a> que puedan acompa\u00f1aros a desplegar todo el potencial de la Comunidad.<\/p>\n\n\n\n<div style=\"height:5rem\" aria-hidden=\"true\" class=\"wp-block-spacer\"><\/div>\n<\/div>\n<\/div>\n<\/section>\n\n\n\n<section class=\"wp-block-group alignfull is-style-no-padding has-second-base-ultra-light-background-color has-background is-layout-flow wp-block-group-is-layout-flow\">\n<div class=\"wp-block-group is-style-show-desktop is-nowrap is-layout-flex wp-container-core-group-is-layout-6c531013 wp-block-group-is-layout-flex\">\n<div class=\"wp-block-group is-style-horizontal-padded wp-container-content-0733e5d0 is-layout-flow wp-block-group-is-layout-flow\">\n<div style=\"height:5rem\" aria-hidden=\"true\" class=\"wp-block-spacer\"><\/div>\n\n\n\n<h3 class=\"wp-block-heading has-main-color has-text-color has-primary-font-family\" style=\"font-style:normal;font-weight:700\">Formad parte de Som Comunitats, de la econom\u00eda social y sin \u00e1nimo de lucro <\/h3>\n\n\n\n<p class=\"has-section-texts-font-size\">Sumaos a la <a href=\"https:\/\/somcomunitats.coop\/es\/tag\/red\/\"><strong>Red de Comunidades Energ\u00e9ticas<\/strong><\/a> de la Econom\u00eda Social y Solidaria y compartid conocimientos y experiencias.<\/p>\n\n\n\n<p class=\"has-section-texts-font-size\">Participad de un proyecto basado en el trabajo colaborativo y la propiedad colectiva. <br><br>Formad parte de un proyecto de intercooperaci\u00f3n conjuntamente con referentes de la transici\u00f3n energ\u00e9tica y de las Comunidades Energ\u00e9ticas como <a href=\"https:\/\/www.somenergia.coop\/es\/\" target=\"_blank\" rel=\"noopener\"><strong>Som Energia<\/strong><\/a>, <strong><a href=\"https:\/\/eplural.coop\/\" target=\"_blank\" rel=\"noopener\">ePlural<\/a><\/strong>, <strong><a href=\"https:\/\/www.sommobilitat.coop\/es\/\" target=\"_blank\" rel=\"noopener\">Som Mobilitat<\/a><\/strong>, <strong><a href=\"https:\/\/www.goiener.com\/es\/\" target=\"_blank\" rel=\"noopener\">Goiener<\/a><\/strong>, <strong><a href=\"https:\/\/ecooo.es\/\" target=\"_blank\" rel=\"noopener\">Ecooo<\/a><\/strong> y <a href=\"https:\/\/aeioluz.com\/\" target=\"_blank\" rel=\"noopener\"><strong>Aeioluz<\/strong><\/a>.<\/p>\n\n\n\n<div style=\"height:5rem\" aria-hidden=\"true\" class=\"wp-block-spacer\"><\/div>\n<\/div>\n\n\n\n<div class=\"wp-block-group is-style-default wp-container-content-0733e5d0 is-layout-flow wp-block-group-is-layout-flow\">\n<figure class=\"wp-block-image aligncenter size-full is-resized\"><img loading=\"lazy\" decoding=\"async\" width=\"896\" height=\"822\" src=\"https:\/\/somcomunitats.coop\/wp-content\/uploads\/2024\/12\/formeu.png\" alt=\"\" class=\"wp-image-7628\" style=\"width:461px;height:auto\" srcset=\"https:\/\/somcomunitats.coop\/wp-content\/uploads\/2024\/12\/formeu.png 896w, https:\/\/somcomunitats.coop\/wp-content\/uploads\/2024\/12\/formeu-300x275.png 300w, https:\/\/somcomunitats.coop\/wp-content\/uploads\/2024\/12\/formeu-768x705.png 768w\" sizes=\"auto, (max-width: 896px) 100vw, 896px\" \/><\/figure>\n<\/div>\n<\/div>\n\n\n\n<div class=\"wp-block-group is-style-show-mobile-tablet is-vertical is-content-justification-center is-layout-flex wp-container-core-group-is-layout-ce155fab wp-block-group-is-layout-flex\">\n<div class=\"wp-block-group is-style-default wp-container-content-0733e5d0 is-layout-flow wp-block-group-is-layout-flow\">\n<figure class=\"wp-block-image aligncenter size-full is-resized\"><img loading=\"lazy\" decoding=\"async\" width=\"896\" height=\"822\" src=\"https:\/\/somcomunitats.coop\/wp-content\/uploads\/2024\/12\/formeu.png\" alt=\"\" class=\"wp-image-7628\" style=\"width:300px\" srcset=\"https:\/\/somcomunitats.coop\/wp-content\/uploads\/2024\/12\/formeu.png 896w, https:\/\/somcomunitats.coop\/wp-content\/uploads\/2024\/12\/formeu-300x275.png 300w, https:\/\/somcomunitats.coop\/wp-content\/uploads\/2024\/12\/formeu-768x705.png 768w\" sizes=\"auto, (max-width: 896px) 100vw, 896px\" \/><\/figure>\n<\/div>\n\n\n\n<div class=\"wp-block-group is-style-horizontal-padded wp-container-content-0733e5d0 is-layout-flow wp-block-group-is-layout-flow\">\n<h3 class=\"wp-block-heading has-main-color has-text-color has-primary-font-family\" style=\"font-style:normal;font-weight:700\">Formad parte de Som Comunitats, de la econom\u00eda social y sin \u00e1nimo de lucro <\/h3>\n\n\n\n<p class=\"has-section-texts-font-size\">Sumaos a la <a href=\"https:\/\/somcomunitats.coop\/es\/tag\/red\/\"><strong>Red de Comunidades Energ\u00e9ticas<\/strong><\/a> de la econom\u00eda Social y Solidaria y compartid conocimientos y experiencias.<\/p>\n\n\n\n<p class=\"has-section-texts-font-size\">Participad de un proyecto basado en el trabajo colaborativo y la propiedad colectiva. <br><br>Formad parte de un proyecto de intercooperaci\u00f3n conjuntamente con referentes de la transici\u00f3n energ\u00e9tica y de las Comunidades Energ\u00e9ticas como <strong><a href=\"https:\/\/www.somenergia.coop\/es\/\" target=\"_blank\" rel=\"noopener\">Som Energia<\/a><\/strong>, <strong><a href=\"https:\/\/eplural.coop\/\" target=\"_blank\" rel=\"noopener\">ePlural<\/a><\/strong>, <strong><a href=\"https:\/\/www.sommobilitat.coop\/es\/\" target=\"_blank\" rel=\"noopener\">Som Mobilitat<\/a><\/strong>, <strong><a href=\"https:\/\/www.goiener.com\/es\/\" target=\"_blank\" rel=\"noopener\">Goiener<\/a><\/strong>, <strong><a href=\"https:\/\/ecooo.es\/\" target=\"_blank\" rel=\"noopener\">Ecooo<\/a><\/strong> y <strong><a href=\"https:\/\/aeioluz.com\/\" target=\"_blank\" rel=\"noopener\">Aeioluz<\/a><\/strong>.<\/p>\n\n\n\n<div style=\"height:49px\" aria-hidden=\"true\" class=\"wp-block-spacer\"><\/div>\n<\/div>\n<\/div>\n<\/section>\n\n\n\n<section class=\"wp-block-group alignfull is-style-no-padding has-base-background-color has-background is-layout-constrained wp-block-group-is-layout-constrained\">\n<div class=\"wp-block-group is-style-horizontal-padded is-layout-flow wp-block-group-is-layout-flow\">\n<div style=\"height:7rem\" aria-hidden=\"true\" class=\"wp-block-spacer is-style-show-tablet-desktop\"><\/div>\n\n\n\n<div style=\"height:65px\" aria-hidden=\"true\" class=\"wp-block-spacer is-style-show-mobile\"><\/div>\n\n\n\n<div class=\"wp-block-group is-layout-flow wp-block-group-is-layout-flow\">\n<h3 class=\"wp-block-heading has-text-align-center has-typography-color has-text-color\">Un futuro energ\u00e9tico m\u00e1s justo y sostenible<\/h3>\n\n\n\n<p class=\"has-text-align-center has-typography-color has-text-color has-section-texts-font-size\">Con la Plataforma de Som Comunitats y la ayuda de una Coordinadora podr\u00e9is promover la transici\u00f3n energ\u00e9tica desde una perspectiva comunitaria, ofreciendo soluciones digitales para la gesti\u00f3n energ\u00e9tica descentralizada y democr\u00e1tica, contribuyendo a un futuro energ\u00e9tico m\u00e1s justo y sostenible.<\/p>\n\n\n\n<div style=\"height:1rem\" aria-hidden=\"true\" class=\"wp-block-spacer\"><\/div>\n\n\n\n<div class=\"wp-block-buttons is-content-justification-center is-layout-flex wp-container-core-buttons-is-layout-a89b3969 wp-block-buttons-is-layout-flex\">\n<div class=\"wp-block-button\"><a class=\"wp-block-button__link wp-element-button\" href=\"https:\/\/somcomunitats.coop\/es\/tarifas-de-la-plataforma\/\">Ver tarifas<\/a><\/div>\n<\/div>\n\n\n\n<div style=\"height:1rem\" aria-hidden=\"true\" class=\"wp-block-spacer\"><\/div>\n<\/div>\n\n\n\n<div class=\"wp-block-buttons is-content-justification-center is-layout-flex wp-container-core-buttons-is-layout-a89b3969 wp-block-buttons-is-layout-flex\">\n<div class=\"wp-block-button\"><a class=\"wp-block-button__link wp-element-button\" href=\"https:\/\/somcomunitats.coop\/es\/que-son-las-coordinadoras\/\" target=\"_blank\" rel=\"noreferrer noopener\">Ver coordinadoras<\/a><\/div>\n<\/div>\n\n\n\n<div style=\"height:51px\" aria-hidden=\"true\" class=\"wp-block-spacer\"><\/div>\n<\/div>\n<\/section>\n\n\n\n<section class=\"wp-block-group alignfull is-style-default has-second-base-ultra-light-background-color has-background is-layout-constrained wp-block-group-is-layout-constrained\">\n<div class=\"wp-block-group alignfull is-style-horizontal-padded is-style-show-mobile-tablet is-layout-flow wp-block-group-is-layout-flow\">\n<div style=\"height:6rem\" aria-hidden=\"true\" class=\"wp-block-spacer is-style-show-tablet-desktop\"><\/div>\n\n\n\n<div style=\"height:2rem\" aria-hidden=\"true\" class=\"wp-block-spacer\"><\/div>\n\n\n\n<h3 class=\"wp-block-heading has-text-align-center has-main-color has-text-color\">Herramientas de la plataforma<\/h3>\n\n\n\n<div style=\"height:2rem\" aria-hidden=\"true\" class=\"wp-block-spacer\"><\/div>\n\n\n\n<div class=\"wp-block-group is-style-no-padding is-vertical is-content-justification-stretch is-layout-flex wp-container-core-group-is-layout-353c4f5a wp-block-group-is-layout-flex\">\n<div class=\"wp-block-group is-style-horizontal-padded has-white-background-color has-background wp-container-content-4c954563 is-vertical is-content-justification-center is-layout-flex wp-container-core-group-is-layout-f9a93ed8 wp-block-group-is-layout-flex\">\n<div style=\"height:0px\" aria-hidden=\"true\" class=\"wp-block-spacer wp-container-content-f7b87a2a\"><\/div>\n\n\n\n<div class=\"wp-block-group is-content-justification-center is-nowrap is-layout-flex wp-container-core-group-is-layout-23441af8 wp-block-group-is-layout-flex\">\n<figure class=\"wp-block-image aligncenter size-medium is-resized size-full\"><img loading=\"lazy\" decoding=\"async\" width=\"300\" height=\"292\" src=\"https:\/\/somcomunitats.coop\/wp-content\/uploads\/2024\/06\/icona-web-mapa-300x292.png\" alt=\"\" class=\"wp-image-6601\" style=\"object-fit:cover;width:100px;height:100px\" srcset=\"https:\/\/somcomunitats.coop\/wp-content\/uploads\/2024\/06\/icona-web-mapa-300x292.png 300w, https:\/\/somcomunitats.coop\/wp-content\/uploads\/2024\/06\/icona-web-mapa-1024x998.png 1024w, https:\/\/somcomunitats.coop\/wp-content\/uploads\/2024\/06\/icona-web-mapa-768x748.png 768w, https:\/\/somcomunitats.coop\/wp-content\/uploads\/2024\/06\/icona-web-mapa.png 1082w\" sizes=\"auto, (max-width: 300px) 100vw, 300px\" \/><\/figure>\n<\/div>\n\n\n\n<div style=\"height:0px\" aria-hidden=\"true\" class=\"wp-block-spacer wp-container-content-f7b87a2a\"><\/div>\n\n\n\n<div class=\"wp-block-group wp-container-content-9cfa9a5a is-layout-constrained wp-block-group-is-layout-constrained\">\n<h5 class=\"wp-block-heading has-text-align-center has-main-color has-text-color\">Web y Difusi\u00f3n<\/h5>\n\n\n\n<h6 class=\"wp-block-heading has-text-align-center has-main-color has-text-color\">Visibilidad, difusi\u00f3n y alta de socias<\/h6>\n\n\n\n<ul class=\"wp-block-list\">\n<li>P\u00e1gina web para su Comunidad<\/li>\n\n\n\n<li>Compartid f\u00e1cilmente la web de la Comunidad en redes sociales<\/li>\n\n\n\n<li>Recursos, gu\u00edas y respuesta de preguntas frecuentes<\/li>\n\n\n\n<li>Contactad con las personas de su Comunidad<\/li>\n\n\n\n<li>Formad parte de la Red de Comunidades<\/li>\n<\/ul>\n\n\n\n<div style=\"height:2rem\" aria-hidden=\"true\" class=\"wp-block-spacer\"><\/div>\n\n\n\n<hr class=\"wp-block-separator has-alpha-channel-opacity is-style-wide\"\/>\n<\/div>\n\n\n\n<div style=\"height:0px\" aria-hidden=\"true\" class=\"wp-block-spacer wp-container-content-f7b87a2a\"><\/div>\n\n\n\n<div class=\"wp-block-buttons is-content-justification-center is-layout-flex wp-container-core-buttons-is-layout-5b5683f2 wp-block-buttons-is-layout-flex\">\n<div class=\"wp-block-button\"><a class=\"wp-block-button__link wp-element-button\" href=\"https:\/\/somcomunitats.coop\/es\/#troba-la-teva-comunitat\">Acceded a Som Comunitats<\/a><\/div>\n<\/div>\n\n\n\n<div style=\"height:0px\" aria-hidden=\"true\" class=\"wp-block-spacer wp-container-content-f7b87a2a\"><\/div>\n<\/div>\n\n\n\n<div style=\"height:0px\" aria-hidden=\"true\" class=\"wp-block-spacer wp-container-content-f7b87a2a\"><\/div>\n\n\n\n<div class=\"wp-block-group has-white-background-color has-background wp-container-content-4c954563 is-vertical is-content-justification-center is-layout-flex wp-container-core-group-is-layout-ce155fab wp-block-group-is-layout-flex\">\n<div style=\"height:0px\" aria-hidden=\"true\" class=\"wp-block-spacer wp-container-content-f7b87a2a\"><\/div>\n\n\n\n<figure class=\"wp-block-image aligncenter size-medium is-resized size-full\"><img loading=\"lazy\" decoding=\"async\" width=\"300\" height=\"292\" src=\"https:\/\/somcomunitats.coop\/wp-content\/uploads\/2024\/06\/icona-forum-300x292.png\" alt=\"\" class=\"wp-image-6599\" style=\"object-fit:cover;width:100px;height:100px\" srcset=\"https:\/\/somcomunitats.coop\/wp-content\/uploads\/2024\/06\/icona-forum-300x292.png 300w, https:\/\/somcomunitats.coop\/wp-content\/uploads\/2024\/06\/icona-forum-1024x998.png 1024w, https:\/\/somcomunitats.coop\/wp-content\/uploads\/2024\/06\/icona-forum-768x748.png 768w, https:\/\/somcomunitats.coop\/wp-content\/uploads\/2024\/06\/icona-forum.png 1082w\" sizes=\"auto, (max-width: 300px) 100vw, 300px\" \/><\/figure>\n\n\n\n<div style=\"height:0px;width:0px\" aria-hidden=\"true\" class=\"wp-block-spacer wp-container-content-f7b87a2a\"><\/div>\n\n\n\n<div class=\"wp-block-group wp-container-content-9cfa9a5a is-layout-constrained wp-block-group-is-layout-constrained\">\n<h5 class=\"wp-block-heading has-text-align-center has-main-color has-text-color\">Foro<\/h5>\n\n\n\n<h6 class=\"wp-block-heading has-text-align-center has-main-color has-text-color\">Recursos y enredamiento<\/h6>\n\n\n\n<ul class=\"wp-block-list\">\n<li>Descubrid recursos y experiencias del ecosistema<\/li>\n\n\n\n<li>Compartid conocimiento y solucione dudas de forma colectiva<\/li>\n\n\n\n<li>Adquirid conocimiento tanto en el \u00e1mbito comunitario como energ\u00e9tico<\/li>\n\n\n\n<li>Poneos en contacto con otras personas y Comunidades<\/li>\n\n\n\n<li>Celebrad con la red cada peque\u00f1o paso hacia la transici\u00f3n energ\u00e9tica<\/li>\n<\/ul>\n\n\n\n<hr class=\"wp-block-separator has-alpha-channel-opacity is-style-wide\"\/>\n<\/div>\n\n\n\n<div style=\"height:0px\" aria-hidden=\"true\" class=\"wp-block-spacer wp-container-content-f7b87a2a\"><\/div>\n\n\n\n<div class=\"wp-block-buttons is-content-justification-center is-layout-flex wp-container-core-buttons-is-layout-a89b3969 wp-block-buttons-is-layout-flex\">\n<div class=\"wp-block-button\"><a class=\"wp-block-button__link wp-element-button\" href=\"https:\/\/forum.somcomunitats.coop\">Accede al Foro<\/a><\/div>\n<\/div>\n\n\n\n<div style=\"height:0px\" aria-hidden=\"true\" class=\"wp-block-spacer wp-container-content-f7b87a2a\"><\/div>\n<\/div>\n\n\n\n<div style=\"height:0px\" aria-hidden=\"true\" class=\"wp-block-spacer wp-container-content-f7b87a2a\"><\/div>\n\n\n\n<div class=\"wp-block-group has-base-background-color has-background wp-container-content-4c954563 is-vertical is-content-justification-center is-layout-flex wp-container-core-group-is-layout-ce155fab wp-block-group-is-layout-flex\">\n<div style=\"height:0px\" aria-hidden=\"true\" class=\"wp-block-spacer wp-container-content-f7b87a2a\"><\/div>\n\n\n\n<figure class=\"wp-block-image aligncenter size-medium is-resized\"><img loading=\"lazy\" decoding=\"async\" width=\"300\" height=\"292\" src=\"https:\/\/somcomunitats.coop\/wp-content\/uploads\/2024\/06\/icona-area-gestio-300x292.png\" alt=\"\" class=\"wp-image-6597\" style=\"object-fit:cover;width:100px;height:100px\" srcset=\"https:\/\/somcomunitats.coop\/wp-content\/uploads\/2024\/06\/icona-area-gestio-300x292.png 300w, https:\/\/somcomunitats.coop\/wp-content\/uploads\/2024\/06\/icona-area-gestio-1024x998.png 1024w, https:\/\/somcomunitats.coop\/wp-content\/uploads\/2024\/06\/icona-area-gestio-768x748.png 768w, https:\/\/somcomunitats.coop\/wp-content\/uploads\/2024\/06\/icona-area-gestio.png 1082w\" sizes=\"auto, (max-width: 300px) 100vw, 300px\" \/><\/figure>\n\n\n\n<div style=\"height:0px\" aria-hidden=\"true\" class=\"wp-block-spacer wp-container-content-f7b87a2a\"><\/div>\n\n\n\n<div class=\"wp-block-group wp-container-content-9cfa9a5a is-layout-constrained wp-block-group-is-layout-constrained\">\n<h5 class=\"wp-block-heading has-text-align-center has-main-color has-text-color\">\u00c1rea de Gesti\u00f3n<\/h5>\n\n\n\n<h6 class=\"wp-block-heading has-text-align-center has-main-color has-text-color\">Oficina gesti\u00f3n por administradores<\/h6>\n\n\n\n<ul class=\"wp-block-list\">\n<li>Gestionad las altas y cambios de socias de la Comunidad<\/li>\n\n\n\n<li>Coordinad las aportaciones de capital de forma integral<\/li>\n\n\n\n<li>Enviad mensajes a vuestra Comunidad de forma sencilla<\/li>\n\n\n\n<li>Gestionad las facturas y pagos de los servicios de la Comunidad<\/li>\n\n\n\n<li>Gestionad los autoconsumos colectivos<\/li>\n\n\n\n<li>Gestionad la movilidad el\u00e9ctrica compartida ( <em>pr\u00f3ximamente<\/em> )<\/li>\n\n\n\n<li>Incorporad otros servicios a gestionar de forma integral en una \u00fanica plataforma ( <em>pr\u00f3ximamente<\/em> )<\/li>\n<\/ul>\n\n\n\n<hr class=\"wp-block-separator has-alpha-channel-opacity is-style-wide\"\/>\n<\/div>\n\n\n\n<div style=\"height:0px\" aria-hidden=\"true\" class=\"wp-block-spacer wp-container-content-f7b87a2a\"><\/div>\n\n\n\n<div class=\"wp-block-buttons is-content-justification-center is-nowrap is-layout-flex wp-container-core-buttons-is-layout-12a27398 wp-block-buttons-is-layout-flex\">\n<div class=\"wp-block-button has-custom-width wp-block-button__width-100\"><a class=\"wp-block-button__link wp-element-button\" href=\"https:\/\/erp-prod.somcomunitats.coop\/es\">Acceso administradoras<\/a><\/div>\n<\/div>\n\n\n\n<div style=\"height:0px\" aria-hidden=\"true\" class=\"wp-block-spacer wp-container-content-f7b87a2a\"><\/div>\n<\/div>\n\n\n\n<div style=\"height:0px\" aria-hidden=\"true\" class=\"wp-block-spacer wp-container-content-f7b87a2a\"><\/div>\n\n\n\n<div class=\"wp-block-group is-style-default has-white-background-color has-background wp-container-content-4c954563 is-vertical is-content-justification-center is-layout-flex wp-container-core-group-is-layout-ce155fab wp-block-group-is-layout-flex\">\n<div style=\"height:0px\" aria-hidden=\"true\" class=\"wp-block-spacer wp-container-content-f7b87a2a\"><\/div>\n\n\n\n<figure class=\"wp-block-image aligncenter size-large is-resized\"><img loading=\"lazy\" decoding=\"async\" width=\"1024\" height=\"998\" src=\"https:\/\/somcomunitats.coop\/wp-content\/uploads\/2024\/06\/icona-app-1024x998.png\" alt=\"\" class=\"wp-image-6595\" style=\"object-fit:cover;width:100px;height:100px\" srcset=\"https:\/\/somcomunitats.coop\/wp-content\/uploads\/2024\/06\/icona-app-1024x998.png 1024w, https:\/\/somcomunitats.coop\/wp-content\/uploads\/2024\/06\/icona-app-300x292.png 300w, https:\/\/somcomunitats.coop\/wp-content\/uploads\/2024\/06\/icona-app-768x748.png 768w, https:\/\/somcomunitats.coop\/wp-content\/uploads\/2024\/06\/icona-app.png 1082w\" sizes=\"auto, (max-width: 1024px) 100vw, 1024px\" \/><\/figure>\n\n\n\n<div style=\"height:0px\" aria-hidden=\"true\" class=\"wp-block-spacer wp-container-content-f7b87a2a\"><\/div>\n\n\n\n<div class=\"wp-block-group wp-container-content-9cfa9a5a is-layout-constrained wp-block-group-is-layout-constrained\">\n<h5 class=\"wp-block-heading has-text-align-center has-main-color has-text-color\">APP Somos Comunidades<\/h5>\n\n\n\n<h6 class=\"wp-block-heading has-text-align-center has-main-color has-text-color\">Visualizaci\u00f3n y gesti\u00f3n por las socias<\/h6>\n\n\n\n<ul class=\"wp-block-list\">\n<li>Ved y gestionad vuestros servicios energ\u00e9ticos<\/li>\n\n\n\n<li>Visualizad vuestro impacto, el impacto de vuestra Comunidad y el impacto de la Red de Comunidades<\/li>\n\n\n\n<li>Acceded a las facturas y documentaci\u00f3n contractual<\/li>\n\n\n\n<li>Conectad con el Foro<\/li>\n<\/ul>\n\n\n\n<hr class=\"wp-block-separator has-alpha-channel-opacity is-style-wide\"\/>\n\n\n\n<ul class=\"wp-block-list\">\n<li>Aplicaci\u00f3n para m\u00f3viles Android e iPhone.<\/li>\n<\/ul>\n<\/div>\n\n\n\n<div style=\"height:0px\" aria-hidden=\"true\" class=\"wp-block-spacer wp-container-content-f7b87a2a\"><\/div>\n\n\n\n<div class=\"wp-block-buttons is-content-justification-center is-layout-flex wp-container-core-buttons-is-layout-a89b3969 wp-block-buttons-is-layout-flex\">\n<div class=\"wp-block-button is-style-fill\"><a class=\"wp-block-button__link wp-element-button\" href=\"https:\/\/somcomunitats.coop\/es\/app\/\">Acceso a la app<\/a><\/div>\n<\/div>\n\n\n\n<div style=\"height:0px\" aria-hidden=\"true\" class=\"wp-block-spacer wp-container-content-f7b87a2a\"><\/div>\n<\/div>\n\n\n\n<div style=\"height:0px\" aria-hidden=\"true\" class=\"wp-block-spacer wp-container-content-f7b87a2a\"><\/div>\n<\/div>\n<\/div>\n\n\n\n<div class=\"wp-block-group alignfull is-style-show-desktop is-layout-flow wp-block-group-is-layout-flow\">\n<div style=\"height:6rem\" aria-hidden=\"true\" class=\"wp-block-spacer is-style-show-tablet-desktop\"><\/div>\n\n\n\n<div style=\"height:3rem\" aria-hidden=\"true\" class=\"wp-block-spacer is-style-show-mobile\"><\/div>\n\n\n\n<h3 class=\"wp-block-heading has-text-align-center has-main-color has-text-color\">Resumen de las herramientas de la Plataforma<\/h3>\n\n\n\n<div style=\"height:2rem\" aria-hidden=\"true\" class=\"wp-block-spacer\"><\/div>\n\n\n\n<div id=\"four-columns-row\" class=\"wp-block-group is-content-justification-space-between is-layout-flex wp-container-core-group-is-layout-9366075c wp-block-group-is-layout-flex\">\n<div class=\"wp-block-group is-content-justification-space-between is-nowrap is-layout-flex wp-container-core-group-is-layout-fbce6640 wp-block-group-is-layout-flex\">\n<div class=\"wp-block-group is-style-horizontal-padded has-white-background-color has-background wp-container-content-4c954563 is-vertical is-content-justification-center is-layout-flex wp-container-core-group-is-layout-f9a93ed8 wp-block-group-is-layout-flex\">\n<div style=\"height:0px\" aria-hidden=\"true\" class=\"wp-block-spacer wp-container-content-f7b87a2a\"><\/div>\n\n\n\n<div class=\"wp-block-group is-content-justification-center is-nowrap is-layout-flex wp-container-core-group-is-layout-23441af8 wp-block-group-is-layout-flex\">\n<figure class=\"wp-block-image aligncenter size-medium is-resized size-full\"><img loading=\"lazy\" decoding=\"async\" width=\"300\" height=\"292\" src=\"https:\/\/somcomunitats.coop\/wp-content\/uploads\/2024\/06\/icona-web-mapa-300x292.png\" alt=\"\" class=\"wp-image-6601\" style=\"object-fit:cover;width:100px;height:100px\" srcset=\"https:\/\/somcomunitats.coop\/wp-content\/uploads\/2024\/06\/icona-web-mapa-300x292.png 300w, https:\/\/somcomunitats.coop\/wp-content\/uploads\/2024\/06\/icona-web-mapa-1024x998.png 1024w, https:\/\/somcomunitats.coop\/wp-content\/uploads\/2024\/06\/icona-web-mapa-768x748.png 768w, https:\/\/somcomunitats.coop\/wp-content\/uploads\/2024\/06\/icona-web-mapa.png 1082w\" sizes=\"auto, (max-width: 300px) 100vw, 300px\" \/><\/figure>\n<\/div>\n\n\n\n<div style=\"height:0px\" aria-hidden=\"true\" class=\"wp-block-spacer wp-container-content-f7b87a2a\"><\/div>\n\n\n\n<div class=\"wp-block-group wp-container-content-9cfa9a5a is-layout-constrained wp-block-group-is-layout-constrained\">\n<h5 class=\"wp-block-heading has-text-align-center has-main-color has-text-color\">Web y Difusi\u00f3n<\/h5>\n\n\n\n<h6 class=\"wp-block-heading has-text-align-center has-main-color has-text-color\">Visibilidad, difusi\u00f3n y alta de socias<\/h6>\n\n\n\n<ul class=\"wp-block-list\">\n<li>P\u00e1gina web para su Comunidad<\/li>\n\n\n\n<li>Compartid f\u00e1cilmente la web de la Comunidad en redes sociales<\/li>\n\n\n\n<li>Recursos, gu\u00edas y respuesta de preguntas frecuentes<\/li>\n\n\n\n<li>Contactad con las personas de su Comunidad<\/li>\n\n\n\n<li>Formad parte de la Red de Comunidades<\/li>\n<\/ul>\n<\/div>\n\n\n\n<div style=\"height:0px\" aria-hidden=\"true\" class=\"wp-block-spacer wp-container-content-f7b87a2a\"><\/div>\n\n\n\n<div class=\"wp-block-buttons is-layout-flex wp-container-core-buttons-is-layout-9bedd9bf wp-block-buttons-is-layout-flex\">\n<div class=\"wp-block-button\"><a class=\"wp-block-button__link wp-element-button\" href=\"https:\/\/somcomunitats.coop\/es\/#troba-la-teva-comunitat\">Acceded a Som Comunitats<\/a><\/div>\n<\/div>\n\n\n\n<div style=\"height:0px\" aria-hidden=\"true\" class=\"wp-block-spacer wp-container-content-f7b87a2a\"><\/div>\n<\/div>\n\n\n\n<div class=\"wp-block-group has-white-background-color has-background wp-container-content-4c954563 is-vertical is-content-justification-center is-layout-flex wp-container-core-group-is-layout-ce155fab wp-block-group-is-layout-flex\">\n<div style=\"height:0px\" aria-hidden=\"true\" class=\"wp-block-spacer wp-container-content-f7b87a2a\"><\/div>\n\n\n\n<figure class=\"wp-block-image aligncenter size-medium is-resized size-full\"><img loading=\"lazy\" decoding=\"async\" width=\"300\" height=\"292\" src=\"https:\/\/somcomunitats.coop\/wp-content\/uploads\/2024\/06\/icona-forum-300x292.png\" alt=\"\" class=\"wp-image-6599\" style=\"object-fit:cover;width:100px;height:100px\" srcset=\"https:\/\/somcomunitats.coop\/wp-content\/uploads\/2024\/06\/icona-forum-300x292.png 300w, https:\/\/somcomunitats.coop\/wp-content\/uploads\/2024\/06\/icona-forum-1024x998.png 1024w, https:\/\/somcomunitats.coop\/wp-content\/uploads\/2024\/06\/icona-forum-768x748.png 768w, https:\/\/somcomunitats.coop\/wp-content\/uploads\/2024\/06\/icona-forum.png 1082w\" sizes=\"auto, (max-width: 300px) 100vw, 300px\" \/><\/figure>\n\n\n\n<div style=\"height:0px;width:0px\" aria-hidden=\"true\" class=\"wp-block-spacer wp-container-content-f7b87a2a\"><\/div>\n\n\n\n<div class=\"wp-block-group wp-container-content-9cfa9a5a is-layout-constrained wp-block-group-is-layout-constrained\">\n<h5 class=\"wp-block-heading has-text-align-center has-main-color has-text-color\">Foro<\/h5>\n\n\n\n<h6 class=\"wp-block-heading has-text-align-center has-main-color has-text-color\">Recursos y enredamiento<\/h6>\n\n\n\n<ul class=\"wp-block-list\">\n<li>Descubrid recursos y experiencias del ecosistema<\/li>\n\n\n\n<li>Compartid conocimiento y solucione dudas de forma colectiva<\/li>\n\n\n\n<li>Adquirid conocimiento tanto en el \u00e1mbito comunitario como energ\u00e9tico<\/li>\n\n\n\n<li>Poneos en contacto con otras personas y Comunidades<\/li>\n\n\n\n<li>Celebrad con la red cada peque\u00f1o paso hacia la transici\u00f3n energ\u00e9tica<\/li>\n<\/ul>\n<\/div>\n\n\n\n<div style=\"height:0px\" aria-hidden=\"true\" class=\"wp-block-spacer wp-container-content-f7b87a2a\"><\/div>\n\n\n\n<div class=\"wp-block-buttons is-content-justification-center is-layout-flex wp-container-core-buttons-is-layout-a89b3969 wp-block-buttons-is-layout-flex\">\n<div class=\"wp-block-button\"><a class=\"wp-block-button__link wp-element-button\" href=\"https:\/\/forum.somcomunitats.coop\">Accede al Foro<\/a><\/div>\n<\/div>\n\n\n\n<div style=\"height:0px\" aria-hidden=\"true\" class=\"wp-block-spacer wp-container-content-f7b87a2a\"><\/div>\n<\/div>\n\n\n\n<div class=\"wp-block-group has-base-background-color has-background wp-container-content-4c954563 is-vertical is-content-justification-center is-layout-flex wp-container-core-group-is-layout-ce155fab wp-block-group-is-layout-flex\">\n<div style=\"height:0px\" aria-hidden=\"true\" class=\"wp-block-spacer wp-container-content-f7b87a2a\"><\/div>\n\n\n\n<figure class=\"wp-block-image aligncenter size-medium is-resized\"><img loading=\"lazy\" decoding=\"async\" width=\"300\" height=\"292\" src=\"https:\/\/somcomunitats.coop\/wp-content\/uploads\/2024\/06\/icona-area-gestio-300x292.png\" alt=\"\" class=\"wp-image-6597\" style=\"object-fit:cover;width:100px;height:100px\" srcset=\"https:\/\/somcomunitats.coop\/wp-content\/uploads\/2024\/06\/icona-area-gestio-300x292.png 300w, https:\/\/somcomunitats.coop\/wp-content\/uploads\/2024\/06\/icona-area-gestio-1024x998.png 1024w, https:\/\/somcomunitats.coop\/wp-content\/uploads\/2024\/06\/icona-area-gestio-768x748.png 768w, https:\/\/somcomunitats.coop\/wp-content\/uploads\/2024\/06\/icona-area-gestio.png 1082w\" sizes=\"auto, (max-width: 300px) 100vw, 300px\" \/><\/figure>\n\n\n\n<div style=\"height:0px\" aria-hidden=\"true\" class=\"wp-block-spacer wp-container-content-f7b87a2a\"><\/div>\n\n\n\n<div class=\"wp-block-group wp-container-content-9cfa9a5a is-layout-constrained wp-block-group-is-layout-constrained\">\n<h5 class=\"wp-block-heading has-text-align-center has-main-color has-text-color\">\u00c1rea de Gesti\u00f3n<\/h5>\n\n\n\n<h6 class=\"wp-block-heading has-text-align-center has-main-color has-text-color\">Oficina gesti\u00f3n por administradores<\/h6>\n\n\n\n<ul class=\"wp-block-list\">\n<li>Gestionad las altas y cambios de socias de la Comunidad<\/li>\n\n\n\n<li>Coordinad las aportaciones de capital de forma integral<\/li>\n\n\n\n<li>Enviad mensajes a vuestra Comunidad de forma sencilla<\/li>\n\n\n\n<li>Gestionad las facturas y pagos de los servicios de la Comunidad<\/li>\n\n\n\n<li>Gestionad los autoconsumos colectivos<\/li>\n\n\n\n<li>Gestionad la movilidad el\u00e9ctrica compartida ( <em>pr\u00f3ximamente<\/em> )<\/li>\n\n\n\n<li>Incorporad otros servicios a gestionar de forma integral en una \u00fanica plataforma ( <em>pr\u00f3ximamente<\/em> )<\/li>\n<\/ul>\n<\/div>\n\n\n\n<div style=\"height:0px\" aria-hidden=\"true\" class=\"wp-block-spacer wp-container-content-f7b87a2a\"><\/div>\n\n\n\n<div class=\"wp-block-group is-layout-constrained wp-block-group-is-layout-constrained\">\n<div class=\"wp-block-buttons is-content-justification-center is-nowrap is-layout-flex wp-container-core-buttons-is-layout-12a27398 wp-block-buttons-is-layout-flex\">\n<div class=\"wp-block-button has-custom-width wp-block-button__width-100\"><a class=\"wp-block-button__link wp-element-button\" href=\"https:\/\/erp-prod.somcomunitats.coop\/es\">Acceso administradoras<\/a><\/div>\n<\/div>\n<\/div>\n\n\n\n<div style=\"height:0px\" aria-hidden=\"true\" class=\"wp-block-spacer wp-container-content-f7b87a2a\"><\/div>\n<\/div>\n\n\n\n<div class=\"wp-block-group is-style-default has-white-background-color has-background wp-container-content-4c954563 is-vertical is-content-justification-center is-layout-flex wp-container-core-group-is-layout-ce155fab wp-block-group-is-layout-flex\">\n<div style=\"height:0px\" aria-hidden=\"true\" class=\"wp-block-spacer wp-container-content-f7b87a2a\"><\/div>\n\n\n\n<figure class=\"wp-block-image aligncenter size-large is-resized\"><img loading=\"lazy\" decoding=\"async\" width=\"1024\" height=\"998\" src=\"https:\/\/somcomunitats.coop\/wp-content\/uploads\/2024\/06\/icona-app-1024x998.png\" alt=\"\" class=\"wp-image-6595\" style=\"object-fit:cover;width:100px;height:100px\" srcset=\"https:\/\/somcomunitats.coop\/wp-content\/uploads\/2024\/06\/icona-app-1024x998.png 1024w, https:\/\/somcomunitats.coop\/wp-content\/uploads\/2024\/06\/icona-app-300x292.png 300w, https:\/\/somcomunitats.coop\/wp-content\/uploads\/2024\/06\/icona-app-768x748.png 768w, https:\/\/somcomunitats.coop\/wp-content\/uploads\/2024\/06\/icona-app.png 1082w\" sizes=\"auto, (max-width: 1024px) 100vw, 1024px\" \/><\/figure>\n\n\n\n<div style=\"height:0px\" aria-hidden=\"true\" class=\"wp-block-spacer wp-container-content-f7b87a2a\"><\/div>\n\n\n\n<div class=\"wp-block-group wp-container-content-9cfa9a5a is-layout-constrained wp-block-group-is-layout-constrained\">\n<h5 class=\"wp-block-heading has-text-align-center has-main-color has-text-color\">APP Somos Comunidades<\/h5>\n\n\n\n<h6 class=\"wp-block-heading has-text-align-center has-main-color has-text-color\">Visualizaci\u00f3n y gesti\u00f3n por las socias<\/h6>\n\n\n\n<ul class=\"wp-block-list\">\n<li>Ved y gestionad vuestros servicios energ\u00e9ticos<\/li>\n\n\n\n<li>Visualizad vuestro impacto, el impacto de vuestra Comunidad y el impacto de la Red de Comunidades<\/li>\n\n\n\n<li>Acceded a las facturas y documentaci\u00f3n contractual<\/li>\n\n\n\n<li>Conectad con el Foro<\/li>\n<\/ul>\n\n\n\n<hr class=\"wp-block-separator has-alpha-channel-opacity is-style-wide\"\/>\n\n\n\n<ul class=\"wp-block-list\">\n<li>Aplicaci\u00f3n para m\u00f3viles Android e iPhone<\/li>\n<\/ul>\n<\/div>\n\n\n\n<div style=\"height:0px\" aria-hidden=\"true\" class=\"wp-block-spacer wp-container-content-f7b87a2a\"><\/div>\n\n\n\n<div class=\"wp-block-buttons is-layout-flex wp-block-buttons-is-layout-flex\">\n<div class=\"wp-block-button is-style-fill\"><a class=\"wp-block-button__link wp-element-button\" href=\"https:\/\/somcomunitats.coop\/es\/app\/\">Accede a la app<\/a><\/div>\n<\/div>\n\n\n\n<div style=\"height:0px\" aria-hidden=\"true\" class=\"wp-block-spacer wp-container-content-f7b87a2a\"><\/div>\n<\/div>\n<\/div>\n<\/div>\n\n\n\n<div style=\"height:4rem\" aria-hidden=\"true\" class=\"wp-block-spacer\"><\/div>\n<\/div>\n<\/section>\n\n\n\n<div class=\"wp-block-group alignfull is-style-no-padding is-layout-flow wp-block-group-is-layout-flow\">\n<div class=\"wp-block-group is-style-show-tablet-desktop is-nowrap is-layout-flex wp-container-core-group-is-layout-6c531013 wp-block-group-is-layout-flex\">\n<div class=\"wp-block-group is-style-no-padding wp-container-content-9e2f13cb is-content-justification-space-between is-nowrap is-layout-flex wp-container-core-group-is-layout-d63c796e wp-block-group-is-layout-flex\">\n<div class=\"wp-block-group is-style-horizontal-padded wp-container-content-958eb9dc is-layout-flow wp-block-group-is-layout-flow\">\n<div style=\"height:6rem\" aria-hidden=\"true\" class=\"wp-block-spacer is-style-show-tablet-desktop\"><\/div>\n\n\n\n<div style=\"height:3rem\" aria-hidden=\"true\" class=\"wp-block-spacer is-style-show-mobile\"><\/div>\n\n\n\n<h3 class=\"wp-block-heading has-text-align-left has-main-color has-text-color\">Valores de la Plataforma<\/h3>\n\n\n\n<div style=\"height:40px;width:0px\" aria-hidden=\"true\" class=\"wp-block-spacer\"><\/div>\n\n\n\n<div class=\"wp-block-columns is-not-stacked-on-mobile is-layout-flex wp-container-core-columns-is-layout-28f84493 wp-block-columns-is-layout-flex\">\n<div class=\"wp-block-column is-vertically-aligned-center is-layout-flow wp-block-column-is-layout-flow\" style=\"flex-basis:150px\">\n<figure class=\"wp-block-image size-large is-resized\"><img loading=\"lazy\" decoding=\"async\" width=\"1024\" height=\"1019\" src=\"https:\/\/somcomunitats.coop\/wp-content\/uploads\/2024\/06\/solucio-integral-icona-1024x1019.png\" alt=\"\" class=\"wp-image-6634\" style=\"object-fit:contain;width:100px;height:100px\" srcset=\"https:\/\/somcomunitats.coop\/wp-content\/uploads\/2024\/06\/solucio-integral-icona-1024x1019.png 1024w, https:\/\/somcomunitats.coop\/wp-content\/uploads\/2024\/06\/solucio-integral-icona-300x298.png 300w, https:\/\/somcomunitats.coop\/wp-content\/uploads\/2024\/06\/solucio-integral-icona-150x150.png 150w, https:\/\/somcomunitats.coop\/wp-content\/uploads\/2024\/06\/solucio-integral-icona-768x764.png 768w, https:\/\/somcomunitats.coop\/wp-content\/uploads\/2024\/06\/solucio-integral-icona-1536x1528.png 1536w, https:\/\/somcomunitats.coop\/wp-content\/uploads\/2024\/06\/solucio-integral-icona-2048x2037.png 2048w\" sizes=\"auto, (max-width: 1024px) 100vw, 1024px\" \/><\/figure>\n<\/div>\n\n\n\n<div class=\"wp-block-column is-layout-flow wp-block-column-is-layout-flow\" style=\"flex-basis:100%\">\n<div class=\"wp-block-group is-vertical is-layout-flex wp-container-core-group-is-layout-fe9cc265 wp-block-group-is-layout-flex\">\n<h5 class=\"wp-block-heading has-main-color has-text-color\">Soluci\u00f3n integral<\/h5>\n\n\n\n<p class=\"has-small-font-size\">Plataforma pensada para dar respuesta a las m\u00faltiples esferas y dimensiones de las comunidades: tanto la energ\u00e9tica, la comunitaria como la econ\u00f3mica o tributaria.<\/p>\n<\/div>\n<\/div>\n<\/div>\n\n\n\n<div style=\"height:34px;width:0px\" aria-hidden=\"true\" class=\"wp-block-spacer\"><\/div>\n\n\n\n<div class=\"wp-block-columns is-not-stacked-on-mobile is-layout-flex wp-container-core-columns-is-layout-28f84493 wp-block-columns-is-layout-flex\">\n<div class=\"wp-block-column is-vertically-aligned-center is-layout-flow wp-block-column-is-layout-flow\" style=\"flex-basis:150px\">\n<figure class=\"wp-block-image size-large is-resized is-style-image-center\"><img loading=\"lazy\" decoding=\"async\" width=\"1024\" height=\"1019\" src=\"https:\/\/somcomunitats.coop\/wp-content\/uploads\/2024\/06\/nous-proveidors-icona-1024x1019.png\" alt=\"\" class=\"wp-image-6632\" style=\"object-fit:contain;width:100px;height:100px\" srcset=\"https:\/\/somcomunitats.coop\/wp-content\/uploads\/2024\/06\/nous-proveidors-icona-1024x1019.png 1024w, https:\/\/somcomunitats.coop\/wp-content\/uploads\/2024\/06\/nous-proveidors-icona-300x298.png 300w, https:\/\/somcomunitats.coop\/wp-content\/uploads\/2024\/06\/nous-proveidors-icona-150x150.png 150w, https:\/\/somcomunitats.coop\/wp-content\/uploads\/2024\/06\/nous-proveidors-icona-768x764.png 768w, https:\/\/somcomunitats.coop\/wp-content\/uploads\/2024\/06\/nous-proveidors-icona-1536x1528.png 1536w, https:\/\/somcomunitats.coop\/wp-content\/uploads\/2024\/06\/nous-proveidors-icona-2048x2037.png 2048w\" sizes=\"auto, (max-width: 1024px) 100vw, 1024px\" \/><\/figure>\n<\/div>\n\n\n\n<div class=\"wp-block-column is-layout-flow wp-block-column-is-layout-flow\" style=\"flex-basis:100%\">\n<div class=\"wp-block-group is-vertical is-layout-flex wp-container-core-group-is-layout-fe9cc265 wp-block-group-is-layout-flex\">\n<h5 class=\"wp-block-heading has-main-color has-text-color\">Abierta a nuevos servicios y proveedores<\/h5>\n\n\n\n<p class=\"has-small-font-size\">Plataforma conectable y con capacidad de adaptaci\u00f3n a otras aplicaciones de servicios diversos.<\/p>\n<\/div>\n<\/div>\n<\/div>\n\n\n\n<div style=\"height:2em;width:0px\" aria-hidden=\"true\" class=\"wp-block-spacer\"><\/div>\n\n\n\n<div class=\"wp-block-columns is-not-stacked-on-mobile is-layout-flex wp-container-core-columns-is-layout-28f84493 wp-block-columns-is-layout-flex\">\n<div class=\"wp-block-column is-vertically-aligned-center is-layout-flow wp-block-column-is-layout-flow\" style=\"flex-basis:150px\">\n<figure class=\"wp-block-image size-full is-resized\"><img loading=\"lazy\" decoding=\"async\" width=\"339\" height=\"337\" src=\"https:\/\/somcomunitats.coop\/wp-content\/uploads\/2024\/08\/intercoperacio-icona.png\" alt=\"\" class=\"wp-image-6932\" style=\"object-fit:contain;width:100px;height:100px\" srcset=\"https:\/\/somcomunitats.coop\/wp-content\/uploads\/2024\/08\/intercoperacio-icona.png 339w, https:\/\/somcomunitats.coop\/wp-content\/uploads\/2024\/08\/intercoperacio-icona-300x298.png 300w, https:\/\/somcomunitats.coop\/wp-content\/uploads\/2024\/08\/intercoperacio-icona-150x150.png 150w\" sizes=\"auto, (max-width: 339px) 100vw, 339px\" \/><\/figure>\n<\/div>\n\n\n\n<div class=\"wp-block-column is-layout-flow wp-block-column-is-layout-flow\" style=\"flex-basis:100%\">\n<div class=\"wp-block-group is-vertical is-layout-flex wp-container-core-group-is-layout-fe9cc265 wp-block-group-is-layout-flex\">\n<h5 class=\"wp-block-heading has-main-color has-text-color\">Intercoperaci\u00f3n a nivel europeo<\/h5>\n\n\n\n<p class=\"has-small-font-size\">Construimos las herramientas colaborativamente con otros actores referentes en la transici\u00f3n energ\u00e9tica en sus territorios.<\/p>\n<\/div>\n<\/div>\n<\/div>\n\n\n\n<div style=\"height:2em;width:0px\" aria-hidden=\"true\" class=\"wp-block-spacer\"><\/div>\n\n\n\n<div class=\"wp-block-columns is-not-stacked-on-mobile is-layout-flex wp-container-core-columns-is-layout-28f84493 wp-block-columns-is-layout-flex\">\n<div class=\"wp-block-column is-vertically-aligned-center is-layout-flow wp-block-column-is-layout-flow\" style=\"flex-basis:150px\">\n<figure class=\"wp-block-image size-large is-resized\"><img loading=\"lazy\" decoding=\"async\" width=\"1024\" height=\"1019\" src=\"https:\/\/somcomunitats.coop\/wp-content\/uploads\/2024\/06\/ess-icona-1024x1019.png\" alt=\"\" class=\"wp-image-6628\" style=\"object-fit:contain;width:100px;height:100px\" srcset=\"https:\/\/somcomunitats.coop\/wp-content\/uploads\/2024\/06\/ess-icona-1024x1019.png 1024w, https:\/\/somcomunitats.coop\/wp-content\/uploads\/2024\/06\/ess-icona-300x298.png 300w, https:\/\/somcomunitats.coop\/wp-content\/uploads\/2024\/06\/ess-icona-150x150.png 150w, https:\/\/somcomunitats.coop\/wp-content\/uploads\/2024\/06\/ess-icona-768x764.png 768w, https:\/\/somcomunitats.coop\/wp-content\/uploads\/2024\/06\/ess-icona-1536x1528.png 1536w, https:\/\/somcomunitats.coop\/wp-content\/uploads\/2024\/06\/ess-icona-2048x2037.png 2048w\" sizes=\"auto, (max-width: 1024px) 100vw, 1024px\" \/><\/figure>\n<\/div>\n\n\n\n<div class=\"wp-block-column is-layout-flow wp-block-column-is-layout-flow\" style=\"flex-basis:100%\">\n<div class=\"wp-block-group is-vertical is-layout-flex wp-container-core-group-is-layout-fe9cc265 wp-block-group-is-layout-flex\">\n<h5 class=\"wp-block-heading has-main-color has-text-color\">Desde la econom\u00eda social<\/h5>\n\n\n\n<p>Iniciativas socioecon\u00f3micas que trabajan por el cambio de paradigma basado en el trabajo colaborativo y la propiedad colectiva para un bien com\u00fan.<\/p>\n<\/div>\n<\/div>\n<\/div>\n\n\n\n<div style=\"height:2em;width:0px\" aria-hidden=\"true\" class=\"wp-block-spacer\"><\/div>\n\n\n\n<div class=\"wp-block-columns is-not-stacked-on-mobile is-layout-flex wp-container-core-columns-is-layout-28f84493 wp-block-columns-is-layout-flex\">\n<div class=\"wp-block-column is-vertically-aligned-center is-layout-flow wp-block-column-is-layout-flow\" style=\"flex-basis:150px\">\n<figure class=\"wp-block-image size-large is-resized\"><img loading=\"lazy\" decoding=\"async\" width=\"1024\" height=\"1019\" src=\"https:\/\/somcomunitats.coop\/wp-content\/uploads\/2024\/06\/governanc\u0327a-democratica-icona-1024x1019.png\" alt=\"\" class=\"wp-image-6630\" style=\"object-fit:contain;width:100px;height:100px\" srcset=\"https:\/\/somcomunitats.coop\/wp-content\/uploads\/2024\/06\/governanc\u0327a-democratica-icona-1024x1019.png 1024w, https:\/\/somcomunitats.coop\/wp-content\/uploads\/2024\/06\/governanc\u0327a-democratica-icona-300x298.png 300w, https:\/\/somcomunitats.coop\/wp-content\/uploads\/2024\/06\/governanc\u0327a-democratica-icona-150x150.png 150w, https:\/\/somcomunitats.coop\/wp-content\/uploads\/2024\/06\/governanc\u0327a-democratica-icona-768x764.png 768w, https:\/\/somcomunitats.coop\/wp-content\/uploads\/2024\/06\/governanc\u0327a-democratica-icona-1536x1528.png 1536w, https:\/\/somcomunitats.coop\/wp-content\/uploads\/2024\/06\/governanc\u0327a-democratica-icona-2048x2037.png 2048w\" sizes=\"auto, (max-width: 1024px) 100vw, 1024px\" \/><\/figure>\n<\/div>\n\n\n\n<div class=\"wp-block-column is-layout-flow wp-block-column-is-layout-flow\" style=\"flex-basis:100%\">\n<div class=\"wp-block-group is-vertical is-layout-flex wp-container-core-group-is-layout-fe9cc265 wp-block-group-is-layout-flex\">\n<h5 class=\"wp-block-heading has-main-color has-text-color\">Gobernanza democr\u00e1tica<\/h5>\n\n\n\n<p>Los diferentes actores implicados toman partido y son activos en el rumbo y en la toma de decisiones.<\/p>\n<\/div>\n<\/div>\n<\/div>\n\n\n\n<div style=\"height:2em;width:0px\" aria-hidden=\"true\" class=\"wp-block-spacer\"><\/div>\n\n\n\n<div class=\"wp-block-columns is-not-stacked-on-mobile is-layout-flex wp-container-core-columns-is-layout-28f84493 wp-block-columns-is-layout-flex\">\n<div class=\"wp-block-column is-vertically-aligned-center is-layout-flow wp-block-column-is-layout-flow\" style=\"flex-basis:150px\">\n<figure class=\"wp-block-image size-large is-resized\"><img loading=\"lazy\" decoding=\"async\" width=\"1024\" height=\"1019\" src=\"https:\/\/somcomunitats.coop\/wp-content\/uploads\/2024\/06\/desenvolupament-colectiu-1024x1019.png\" alt=\"\" class=\"wp-image-6626\" style=\"object-fit:contain;width:100px;height:100px\" srcset=\"https:\/\/somcomunitats.coop\/wp-content\/uploads\/2024\/06\/desenvolupament-colectiu-1024x1019.png 1024w, https:\/\/somcomunitats.coop\/wp-content\/uploads\/2024\/06\/desenvolupament-colectiu-300x298.png 300w, https:\/\/somcomunitats.coop\/wp-content\/uploads\/2024\/06\/desenvolupament-colectiu-150x150.png 150w, https:\/\/somcomunitats.coop\/wp-content\/uploads\/2024\/06\/desenvolupament-colectiu-768x764.png 768w, https:\/\/somcomunitats.coop\/wp-content\/uploads\/2024\/06\/desenvolupament-colectiu-1536x1528.png 1536w, https:\/\/somcomunitats.coop\/wp-content\/uploads\/2024\/06\/desenvolupament-colectiu-2048x2037.png 2048w\" sizes=\"auto, (max-width: 1024px) 100vw, 1024px\" \/><\/figure>\n<\/div>\n\n\n\n<div class=\"wp-block-column is-layout-flow wp-block-column-is-layout-flow\" style=\"flex-basis:100%\">\n<div class=\"wp-block-group is-vertical is-layout-flex wp-container-core-group-is-layout-fe9cc265 wp-block-group-is-layout-flex\">\n<h5 class=\"wp-block-heading has-main-color has-text-color\">Desarrollo colaborativo<\/h5>\n\n\n\n<p>Arquitectura digital pensada para que diferentes equipos de desarrollo puedan trabajar de forma paralela para construir nuevo valor colectivizable.<\/p>\n<\/div>\n<\/div>\n<\/div>\n<\/div>\n<\/div>\n\n\n\n<div class=\"wp-block-cover is-style-image-center wp-container-content-dc435e0d\" style=\"min-height:1400px;aspect-ratio:unset;\"><img loading=\"lazy\" decoding=\"async\" width=\"2048\" height=\"1365\" class=\"wp-block-cover__image-background wp-image-6620\" alt=\"\" src=\"https:\/\/somcomunitats.coop\/wp-content\/uploads\/2024\/06\/52927205238_63a51212e9_k.jpg\" data-object-fit=\"cover\" srcset=\"https:\/\/somcomunitats.coop\/wp-content\/uploads\/2024\/06\/52927205238_63a51212e9_k.jpg 2048w, https:\/\/somcomunitats.coop\/wp-content\/uploads\/2024\/06\/52927205238_63a51212e9_k-300x200.jpg 300w, https:\/\/somcomunitats.coop\/wp-content\/uploads\/2024\/06\/52927205238_63a51212e9_k-1024x683.jpg 1024w, https:\/\/somcomunitats.coop\/wp-content\/uploads\/2024\/06\/52927205238_63a51212e9_k-768x512.jpg 768w, https:\/\/somcomunitats.coop\/wp-content\/uploads\/2024\/06\/52927205238_63a51212e9_k-1536x1024.jpg 1536w\" sizes=\"auto, (max-width: 2048px) 100vw, 2048px\" \/><span aria-hidden=\"true\" class=\"wp-block-cover__background has-background-dim-0 has-background-dim\"><\/span><div class=\"wp-block-cover__inner-container is-layout-flow wp-block-cover-is-layout-flow\">\n<p class=\"has-text-align-center has-large-font-size\"><\/p>\n<\/div><\/div>\n<\/div>\n\n\n\n<div class=\"wp-block-group is-style-show-mobile is-vertical is-layout-flex wp-container-core-group-is-layout-fe9cc265 wp-block-group-is-layout-flex\">\n<div class=\"wp-block-group is-style-no-padding wp-container-content-9e2f13cb is-content-justification-space-between is-nowrap is-layout-flex wp-container-core-group-is-layout-d63c796e wp-block-group-is-layout-flex\">\n<div class=\"wp-block-group is-style-horizontal-padded wp-container-content-958eb9dc is-layout-flow wp-block-group-is-layout-flow\">\n<div style=\"height:6rem\" aria-hidden=\"true\" class=\"wp-block-spacer is-style-show-tablet-desktop\"><\/div>\n\n\n\n<div style=\"height:3rem\" aria-hidden=\"true\" class=\"wp-block-spacer is-style-show-mobile\"><\/div>\n\n\n\n<h3 class=\"wp-block-heading has-text-align-left has-main-color has-text-color\">Valores de la Plataforma<\/h3>\n\n\n\n<div style=\"height:40px;width:0px\" aria-hidden=\"true\" class=\"wp-block-spacer\"><\/div>\n\n\n\n<div class=\"wp-block-columns is-not-stacked-on-mobile is-layout-flex wp-container-core-columns-is-layout-28f84493 wp-block-columns-is-layout-flex\">\n<div class=\"wp-block-column is-vertically-aligned-center is-layout-flow wp-block-column-is-layout-flow\" style=\"flex-basis:150px\">\n<figure class=\"wp-block-image size-large is-resized\"><img loading=\"lazy\" decoding=\"async\" width=\"1024\" height=\"1019\" src=\"https:\/\/somcomunitats.coop\/wp-content\/uploads\/2024\/06\/solucio-integral-icona-1024x1019.png\" alt=\"\" class=\"wp-image-6634\" style=\"object-fit:contain;width:100px;height:100px\" srcset=\"https:\/\/somcomunitats.coop\/wp-content\/uploads\/2024\/06\/solucio-integral-icona-1024x1019.png 1024w, https:\/\/somcomunitats.coop\/wp-content\/uploads\/2024\/06\/solucio-integral-icona-300x298.png 300w, https:\/\/somcomunitats.coop\/wp-content\/uploads\/2024\/06\/solucio-integral-icona-150x150.png 150w, https:\/\/somcomunitats.coop\/wp-content\/uploads\/2024\/06\/solucio-integral-icona-768x764.png 768w, https:\/\/somcomunitats.coop\/wp-content\/uploads\/2024\/06\/solucio-integral-icona-1536x1528.png 1536w, https:\/\/somcomunitats.coop\/wp-content\/uploads\/2024\/06\/solucio-integral-icona-2048x2037.png 2048w\" sizes=\"auto, (max-width: 1024px) 100vw, 1024px\" \/><\/figure>\n<\/div>\n\n\n\n<div class=\"wp-block-column is-layout-flow wp-block-column-is-layout-flow\" style=\"flex-basis:100%\">\n<div class=\"wp-block-group is-vertical is-layout-flex wp-container-core-group-is-layout-fe9cc265 wp-block-group-is-layout-flex\">\n<h5 class=\"wp-block-heading has-main-color has-text-color\">Soluci\u00f3n integral<\/h5>\n\n\n\n<p class=\"has-small-font-size\">Plataforma pensada para dar respuesta a las m\u00faltiples esferas y dimensiones de las comunidades: tanto la energ\u00e9tica, la comunitaria como la econ\u00f3mica o tributaria.<\/p>\n<\/div>\n<\/div>\n<\/div>\n\n\n\n<div style=\"height:34px;width:0px\" aria-hidden=\"true\" class=\"wp-block-spacer\"><\/div>\n\n\n\n<div class=\"wp-block-columns is-not-stacked-on-mobile is-layout-flex wp-container-core-columns-is-layout-28f84493 wp-block-columns-is-layout-flex\">\n<div class=\"wp-block-column is-vertically-aligned-center is-layout-flow wp-block-column-is-layout-flow\" style=\"flex-basis:150px\">\n<figure class=\"wp-block-image size-large is-resized is-style-image-center\"><img loading=\"lazy\" decoding=\"async\" width=\"1024\" height=\"1019\" src=\"https:\/\/somcomunitats.coop\/wp-content\/uploads\/2024\/06\/nous-proveidors-icona-1024x1019.png\" alt=\"\" class=\"wp-image-6632\" style=\"object-fit:contain;width:100px;height:100px\" srcset=\"https:\/\/somcomunitats.coop\/wp-content\/uploads\/2024\/06\/nous-proveidors-icona-1024x1019.png 1024w, https:\/\/somcomunitats.coop\/wp-content\/uploads\/2024\/06\/nous-proveidors-icona-300x298.png 300w, https:\/\/somcomunitats.coop\/wp-content\/uploads\/2024\/06\/nous-proveidors-icona-150x150.png 150w, https:\/\/somcomunitats.coop\/wp-content\/uploads\/2024\/06\/nous-proveidors-icona-768x764.png 768w, https:\/\/somcomunitats.coop\/wp-content\/uploads\/2024\/06\/nous-proveidors-icona-1536x1528.png 1536w, https:\/\/somcomunitats.coop\/wp-content\/uploads\/2024\/06\/nous-proveidors-icona-2048x2037.png 2048w\" sizes=\"auto, (max-width: 1024px) 100vw, 1024px\" \/><\/figure>\n<\/div>\n\n\n\n<div class=\"wp-block-column is-layout-flow wp-block-column-is-layout-flow\" style=\"flex-basis:100%\">\n<div class=\"wp-block-group is-vertical is-layout-flex wp-container-core-group-is-layout-fe9cc265 wp-block-group-is-layout-flex\">\n<h5 class=\"wp-block-heading has-main-color has-text-color\">Abierta a nuevos servicios y proveedores<\/h5>\n\n\n\n<p class=\"has-small-font-size\">Plataforma conectable y con capacidad de adaptaci\u00f3n a otras<br> aplicaciones de servicios diversos.<\/p>\n<\/div>\n<\/div>\n<\/div>\n\n\n\n<div style=\"height:2em;width:0px\" aria-hidden=\"true\" class=\"wp-block-spacer\"><\/div>\n\n\n\n<div class=\"wp-block-columns is-not-stacked-on-mobile is-layout-flex wp-container-core-columns-is-layout-28f84493 wp-block-columns-is-layout-flex\">\n<div class=\"wp-block-column is-vertically-aligned-center is-layout-flow wp-block-column-is-layout-flow\" style=\"flex-basis:150px\">\n<figure class=\"wp-block-image size-full is-resized\"><img loading=\"lazy\" decoding=\"async\" width=\"339\" height=\"337\" src=\"https:\/\/somcomunitats.coop\/wp-content\/uploads\/2024\/08\/intercoperacio-icona.png\" alt=\"\" class=\"wp-image-6932\" style=\"object-fit:contain;width:100px;height:100px\" srcset=\"https:\/\/somcomunitats.coop\/wp-content\/uploads\/2024\/08\/intercoperacio-icona.png 339w, https:\/\/somcomunitats.coop\/wp-content\/uploads\/2024\/08\/intercoperacio-icona-300x298.png 300w, https:\/\/somcomunitats.coop\/wp-content\/uploads\/2024\/08\/intercoperacio-icona-150x150.png 150w\" sizes=\"auto, (max-width: 339px) 100vw, 339px\" \/><\/figure>\n<\/div>\n\n\n\n<div class=\"wp-block-column is-layout-flow wp-block-column-is-layout-flow\" style=\"flex-basis:100%\">\n<div class=\"wp-block-group is-vertical is-layout-flex wp-container-core-group-is-layout-fe9cc265 wp-block-group-is-layout-flex\">\n<h5 class=\"wp-block-heading has-main-color has-text-color\">Intercoperaci\u00f3n a nivel europeo<\/h5>\n\n\n\n<p class=\"has-small-font-size\">Construimos las herramientas colaborativamente con otros actores de referencia en la transici\u00f3n energ\u00e9tica en sus territorios.<\/p>\n<\/div>\n<\/div>\n<\/div>\n\n\n\n<div style=\"height:2em;width:0px\" aria-hidden=\"true\" class=\"wp-block-spacer\"><\/div>\n\n\n\n<div class=\"wp-block-columns is-not-stacked-on-mobile is-layout-flex wp-container-core-columns-is-layout-28f84493 wp-block-columns-is-layout-flex\">\n<div class=\"wp-block-column is-vertically-aligned-center is-layout-flow wp-block-column-is-layout-flow\" style=\"flex-basis:150px\">\n<figure class=\"wp-block-image size-large is-resized\"><img loading=\"lazy\" decoding=\"async\" width=\"1024\" height=\"1019\" src=\"https:\/\/somcomunitats.coop\/wp-content\/uploads\/2024\/06\/ess-icona-1024x1019.png\" alt=\"\" class=\"wp-image-6628\" style=\"object-fit:contain;width:100px;height:100px\" srcset=\"https:\/\/somcomunitats.coop\/wp-content\/uploads\/2024\/06\/ess-icona-1024x1019.png 1024w, https:\/\/somcomunitats.coop\/wp-content\/uploads\/2024\/06\/ess-icona-300x298.png 300w, https:\/\/somcomunitats.coop\/wp-content\/uploads\/2024\/06\/ess-icona-150x150.png 150w, https:\/\/somcomunitats.coop\/wp-content\/uploads\/2024\/06\/ess-icona-768x764.png 768w, https:\/\/somcomunitats.coop\/wp-content\/uploads\/2024\/06\/ess-icona-1536x1528.png 1536w, https:\/\/somcomunitats.coop\/wp-content\/uploads\/2024\/06\/ess-icona-2048x2037.png 2048w\" sizes=\"auto, (max-width: 1024px) 100vw, 1024px\" \/><\/figure>\n<\/div>\n\n\n\n<div class=\"wp-block-column is-layout-flow wp-block-column-is-layout-flow\" style=\"flex-basis:100%\">\n<div class=\"wp-block-group is-vertical is-layout-flex wp-container-core-group-is-layout-fe9cc265 wp-block-group-is-layout-flex\">\n<h5 class=\"wp-block-heading has-main-color has-text-color\">Desde la econom\u00eda social<\/h5>\n\n\n\n<p>Iniciativas socioecon\u00f3micas que trabajan por el cambio de paradigma basado en el trabajo colaborativo y la propiedad colectiva para un bien com\u00fan.<\/p>\n<\/div>\n<\/div>\n<\/div>\n\n\n\n<div style=\"height:2em;width:0px\" aria-hidden=\"true\" class=\"wp-block-spacer\"><\/div>\n\n\n\n<div class=\"wp-block-columns is-not-stacked-on-mobile is-layout-flex wp-container-core-columns-is-layout-28f84493 wp-block-columns-is-layout-flex\">\n<div class=\"wp-block-column is-vertically-aligned-center is-layout-flow wp-block-column-is-layout-flow\" style=\"flex-basis:150px\">\n<figure class=\"wp-block-image size-large is-resized\"><img loading=\"lazy\" decoding=\"async\" width=\"1024\" height=\"1019\" src=\"https:\/\/somcomunitats.coop\/wp-content\/uploads\/2024\/06\/governanc\u0327a-democratica-icona-1024x1019.png\" alt=\"\" class=\"wp-image-6630\" style=\"object-fit:contain;width:100px;height:100px\" srcset=\"https:\/\/somcomunitats.coop\/wp-content\/uploads\/2024\/06\/governanc\u0327a-democratica-icona-1024x1019.png 1024w, https:\/\/somcomunitats.coop\/wp-content\/uploads\/2024\/06\/governanc\u0327a-democratica-icona-300x298.png 300w, https:\/\/somcomunitats.coop\/wp-content\/uploads\/2024\/06\/governanc\u0327a-democratica-icona-150x150.png 150w, https:\/\/somcomunitats.coop\/wp-content\/uploads\/2024\/06\/governanc\u0327a-democratica-icona-768x764.png 768w, https:\/\/somcomunitats.coop\/wp-content\/uploads\/2024\/06\/governanc\u0327a-democratica-icona-1536x1528.png 1536w, https:\/\/somcomunitats.coop\/wp-content\/uploads\/2024\/06\/governanc\u0327a-democratica-icona-2048x2037.png 2048w\" sizes=\"auto, (max-width: 1024px) 100vw, 1024px\" \/><\/figure>\n<\/div>\n\n\n\n<div class=\"wp-block-column is-layout-flow wp-block-column-is-layout-flow\" style=\"flex-basis:100%\">\n<div class=\"wp-block-group is-vertical is-layout-flex wp-container-core-group-is-layout-fe9cc265 wp-block-group-is-layout-flex\">\n<h5 class=\"wp-block-heading has-main-color has-text-color\">Gobernanza democr\u00e1tica<\/h5>\n\n\n\n<p>Los diferentes actores implicados toman partido y son activos en el rumbo y toma de decisiones.<\/p>\n<\/div>\n<\/div>\n<\/div>\n\n\n\n<div style=\"height:2em;width:0px\" aria-hidden=\"true\" class=\"wp-block-spacer\"><\/div>\n\n\n\n<div class=\"wp-block-columns is-not-stacked-on-mobile is-layout-flex wp-container-core-columns-is-layout-28f84493 wp-block-columns-is-layout-flex\">\n<div class=\"wp-block-column is-vertically-aligned-center is-layout-flow wp-block-column-is-layout-flow\" style=\"flex-basis:150px\">\n<figure class=\"wp-block-image size-large is-resized\"><img loading=\"lazy\" decoding=\"async\" width=\"1024\" height=\"1019\" src=\"https:\/\/somcomunitats.coop\/wp-content\/uploads\/2024\/06\/desenvolupament-colectiu-1024x1019.png\" alt=\"\" class=\"wp-image-6626\" style=\"object-fit:contain;width:100px;height:100px\" srcset=\"https:\/\/somcomunitats.coop\/wp-content\/uploads\/2024\/06\/desenvolupament-colectiu-1024x1019.png 1024w, https:\/\/somcomunitats.coop\/wp-content\/uploads\/2024\/06\/desenvolupament-colectiu-300x298.png 300w, https:\/\/somcomunitats.coop\/wp-content\/uploads\/2024\/06\/desenvolupament-colectiu-150x150.png 150w, https:\/\/somcomunitats.coop\/wp-content\/uploads\/2024\/06\/desenvolupament-colectiu-768x764.png 768w, https:\/\/somcomunitats.coop\/wp-content\/uploads\/2024\/06\/desenvolupament-colectiu-1536x1528.png 1536w, https:\/\/somcomunitats.coop\/wp-content\/uploads\/2024\/06\/desenvolupament-colectiu-2048x2037.png 2048w\" sizes=\"auto, (max-width: 1024px) 100vw, 1024px\" \/><\/figure>\n<\/div>\n\n\n\n<div class=\"wp-block-column is-layout-flow wp-block-column-is-layout-flow\" style=\"flex-basis:100%\">\n<div class=\"wp-block-group is-vertical is-layout-flex wp-container-core-group-is-layout-fe9cc265 wp-block-group-is-layout-flex\">\n<h5 class=\"wp-block-heading has-main-color has-text-color\">Desarrollo colaborativo<\/h5>\n\n\n\n<p>Arquitectura digital pensada para que diferentes equipos de<br> desarrollo puedan trabajar de forma paralela para construir un nuevo valor colectivizable.<\/p>\n<\/div>\n<\/div>\n<\/div>\n<\/div>\n<\/div>\n\n\n\n<div style=\"height:0px\" aria-hidden=\"true\" class=\"wp-block-spacer wp-container-content-b30579f5\"><\/div>\n\n\n\n<figure class=\"wp-block-image size-full\"><img loading=\"lazy\" decoding=\"async\" width=\"2048\" height=\"1365\" src=\"https:\/\/somcomunitats.coop\/wp-content\/uploads\/2024\/06\/52927205238_63a51212e9_k.jpg\" alt=\"\" class=\"wp-image-6620\" srcset=\"https:\/\/somcomunitats.coop\/wp-content\/uploads\/2024\/06\/52927205238_63a51212e9_k.jpg 2048w, https:\/\/somcomunitats.coop\/wp-content\/uploads\/2024\/06\/52927205238_63a51212e9_k-300x200.jpg 300w, https:\/\/somcomunitats.coop\/wp-content\/uploads\/2024\/06\/52927205238_63a51212e9_k-1024x683.jpg 1024w, https:\/\/somcomunitats.coop\/wp-content\/uploads\/2024\/06\/52927205238_63a51212e9_k-768x512.jpg 768w, https:\/\/somcomunitats.coop\/wp-content\/uploads\/2024\/06\/52927205238_63a51212e9_k-1536x1024.jpg 1536w\" sizes=\"auto, (max-width: 2048px) 100vw, 2048px\" \/><\/figure>\n<\/div>\n<\/div>\n\n\n\n<section class=\"wp-block-group alignfull is-style-no-padding has-main-background-color has-background is-layout-constrained wp-block-group-is-layout-constrained\">\n<div class=\"wp-block-group is-style-horizontal-padded is-layout-flow wp-block-group-is-layout-flow\">\n<div style=\"height:130px\" aria-hidden=\"true\" class=\"wp-block-spacer is-style-show-tablet-desktop\"><\/div>\n\n\n\n<div style=\"height:65px\" aria-hidden=\"true\" class=\"wp-block-spacer is-style-show-mobile\"><\/div>\n\n\n\n<div class=\"wp-block-group is-layout-constrained wp-container-core-group-is-layout-9e0a24c1 wp-block-group-is-layout-constrained\">\n<h3 class=\"wp-block-heading has-text-align-center has-base-color has-text-color\">Ecosistema Somos Comunidades<\/h3>\n\n\n\n<p class=\"has-text-align-center has-base-color has-text-color has-section-texts-font-size\">Construimos las herramientas digitales conjuntamente con el ecosistema para conectarnos con distintos actores y ofrecer a las Comunidades Energ\u00e9ticas la posibilidad de ampliar servicios y encontrar eficiencias y reducci\u00f3n de costes en su gesti\u00f3n.<\/p>\n\n\n\n<div style=\"height:1rem\" aria-hidden=\"true\" class=\"wp-block-spacer\"><\/div>\n<\/div>\n\n\n\n<div style=\"height:65px\" aria-hidden=\"true\" class=\"wp-block-spacer\"><\/div>\n<\/div>\n<\/section>\n\n\n\n<section class=\"wp-block-group alignfull is-style-no-padding has-second-base-ultra-light-background-color has-background is-layout-flow wp-block-group-is-layout-flow\">\n<div class=\"wp-block-group is-style-show-mobile is-layout-constrained wp-block-group-is-layout-constrained\">\n<div class=\"wp-block-group is-style-no-padding wp-container-content-9e2f13cb is-layout-flow wp-block-group-is-layout-flow\">\n<div class=\"wp-block-cover is-light\" style=\"min-height:400px;aspect-ratio:unset;\"><img loading=\"lazy\" decoding=\"async\" width=\"1365\" height=\"2048\" class=\"wp-block-cover__image-background wp-image-6646\" alt=\"\" src=\"https:\/\/somcomunitats.coop\/wp-content\/uploads\/2024\/06\/SOM_DSC06826.jpg\" style=\"object-position:49% 31%\" data-object-fit=\"cover\" data-object-position=\"49% 31%\" srcset=\"https:\/\/somcomunitats.coop\/wp-content\/uploads\/2024\/06\/SOM_DSC06826.jpg 1365w, https:\/\/somcomunitats.coop\/wp-content\/uploads\/2024\/06\/SOM_DSC06826-200x300.jpg 200w, https:\/\/somcomunitats.coop\/wp-content\/uploads\/2024\/06\/SOM_DSC06826-683x1024.jpg 683w, https:\/\/somcomunitats.coop\/wp-content\/uploads\/2024\/06\/SOM_DSC06826-768x1152.jpg 768w, https:\/\/somcomunitats.coop\/wp-content\/uploads\/2024\/06\/SOM_DSC06826-1024x1536.jpg 1024w\" sizes=\"auto, (max-width: 1365px) 100vw, 1365px\" \/><span aria-hidden=\"true\" class=\"wp-block-cover__background has-background-dim-0 has-background-dim\"><\/span><div class=\"wp-block-cover__inner-container is-layout-constrained wp-block-cover-is-layout-constrained\">\n<p class=\"has-text-align-center has-large-font-size\"><\/p>\n<\/div><\/div>\n<\/div>\n\n\n\n<div class=\"wp-block-group is-style-horizontal-padded has-base-background-color has-background wp-container-content-0733e5d0 is-layout-flow wp-block-group-is-layout-flow\">\n<div style=\"height:3rem\" aria-hidden=\"true\" class=\"wp-block-spacer\"><\/div>\n\n\n\n<h3 class=\"wp-block-heading has-main-color has-text-color\">Coordinadoras<\/h3>\n\n\n\n<p class=\"has-section-texts-font-size\">Formadas por entidades de la Econom\u00eda Social, las Coordinadoras apoyan la creaci\u00f3n, gesti\u00f3n y coordinaci\u00f3n de un conjunto de Comunidades Energ\u00e9ticas.<\/p>\n\n\n\n<div style=\"height:1rem\" aria-hidden=\"true\" class=\"wp-block-spacer\"><\/div>\n\n\n\n<div class=\"wp-block-buttons is-layout-flex wp-block-buttons-is-layout-flex\">\n<div class=\"wp-block-button is-style-rounded\"><a class=\"wp-block-button__link has-small-font-size has-custom-font-size wp-element-button\" href=\"https:\/\/somcomunitats.coop\/es\/que-son-las-coordinadoras\/\">M\u00e1s informaci\u00f3n  <\/a><\/div>\n<\/div>\n\n\n\n<div style=\"height:24px\" aria-hidden=\"true\" class=\"wp-block-spacer\"><\/div>\n\n\n\n<div class=\"wp-block-buttons is-layout-flex wp-block-buttons-is-layout-flex\"><\/div>\n\n\n\n<div style=\"height:4rem\" aria-hidden=\"true\" class=\"wp-block-spacer\"><\/div>\n<\/div>\n<\/div>\n\n\n\n<div class=\"wp-block-group is-style-show-mobile is-layout-constrained wp-block-group-is-layout-constrained\">\n<div class=\"wp-block-group is-style-no-padding wp-container-content-9e2f13cb is-layout-flow wp-block-group-is-layout-flow\">\n<div class=\"wp-block-cover is-light\" style=\"min-height:400px;aspect-ratio:unset;\"><img loading=\"lazy\" decoding=\"async\" width=\"2048\" height=\"1152\" class=\"wp-block-cover__image-background wp-image-6639\" alt=\"\" src=\"https:\/\/somcomunitats.coop\/wp-content\/uploads\/2024\/06\/53220434167_f8b5928ffe_k-1.jpg\" data-object-fit=\"cover\" srcset=\"https:\/\/somcomunitats.coop\/wp-content\/uploads\/2024\/06\/53220434167_f8b5928ffe_k-1.jpg 2048w, https:\/\/somcomunitats.coop\/wp-content\/uploads\/2024\/06\/53220434167_f8b5928ffe_k-1-300x169.jpg 300w, https:\/\/somcomunitats.coop\/wp-content\/uploads\/2024\/06\/53220434167_f8b5928ffe_k-1-1024x576.jpg 1024w, https:\/\/somcomunitats.coop\/wp-content\/uploads\/2024\/06\/53220434167_f8b5928ffe_k-1-768x432.jpg 768w, https:\/\/somcomunitats.coop\/wp-content\/uploads\/2024\/06\/53220434167_f8b5928ffe_k-1-1536x864.jpg 1536w\" sizes=\"auto, (max-width: 2048px) 100vw, 2048px\" \/><span aria-hidden=\"true\" class=\"wp-block-cover__background has-background-dim-0 has-background-dim\"><\/span><div class=\"wp-block-cover__inner-container is-layout-constrained wp-block-cover-is-layout-constrained\">\n<p class=\"has-text-align-center has-large-font-size\"><\/p>\n<\/div><\/div>\n<\/div>\n\n\n\n<div class=\"wp-block-group is-style-horizontal-padded wp-container-content-0733e5d0 is-layout-flow wp-block-group-is-layout-flow\">\n<div style=\"height:3rem\" aria-hidden=\"true\" class=\"wp-block-spacer\"><\/div>\n\n\n\n<h3 class=\"wp-block-heading has-main-color has-text-color\">Proveedoras<\/h3>\n\n\n\n<p class=\"has-section-texts-font-size\">Facilitamos la contrataci\u00f3n y gesti\u00f3n de los distintos proveedores de servicios necesarios para el funcionamiento de las Comunidades Energ\u00e9ticas con los valores de la Econom\u00eda Social desde la Plataforma.<\/p>\n\n\n\n<div style=\"height:1rem\" aria-hidden=\"true\" class=\"wp-block-spacer\"><\/div>\n\n\n\n<div class=\"wp-block-buttons is-layout-flex wp-block-buttons-is-layout-flex\">\n<div class=\"wp-block-button is-style-rounded\"><a class=\"wp-block-button__link has-second-base-background-color has-background has-small-font-size has-custom-font-size wp-element-button\">Pr\u00f3ximamente<\/a><\/div>\n<\/div>\n\n\n\n<div style=\"height:24px\" aria-hidden=\"true\" class=\"wp-block-spacer\"><\/div>\n\n\n\n<div class=\"wp-block-buttons is-layout-flex wp-block-buttons-is-layout-flex\"><\/div>\n\n\n\n<div style=\"height:4rem\" aria-hidden=\"true\" class=\"wp-block-spacer\"><\/div>\n<\/div>\n<\/div>\n\n\n\n<div class=\"wp-block-group is-style-show-mobile is-layout-constrained wp-block-group-is-layout-constrained\">\n<div class=\"wp-block-group is-style-no-padding wp-container-content-9e2f13cb is-layout-flow wp-block-group-is-layout-flow\">\n<div class=\"wp-block-cover\" style=\"min-height:400px;aspect-ratio:unset;\"><img loading=\"lazy\" decoding=\"async\" width=\"2047\" height=\"1152\" class=\"wp-block-cover__image-background wp-image-6641\" alt=\"\" src=\"https:\/\/somcomunitats.coop\/wp-content\/uploads\/2024\/06\/prescriptores-plataforma.jpg\" data-object-fit=\"cover\" srcset=\"https:\/\/somcomunitats.coop\/wp-content\/uploads\/2024\/06\/prescriptores-plataforma.jpg 2047w, https:\/\/somcomunitats.coop\/wp-content\/uploads\/2024\/06\/prescriptores-plataforma-300x169.jpg 300w, https:\/\/somcomunitats.coop\/wp-content\/uploads\/2024\/06\/prescriptores-plataforma-1024x576.jpg 1024w, https:\/\/somcomunitats.coop\/wp-content\/uploads\/2024\/06\/prescriptores-plataforma-768x432.jpg 768w, https:\/\/somcomunitats.coop\/wp-content\/uploads\/2024\/06\/prescriptores-plataforma-1536x864.jpg 1536w\" sizes=\"auto, (max-width: 2047px) 100vw, 2047px\" \/><span aria-hidden=\"true\" class=\"wp-block-cover__background has-background-dim-0 has-background-dim\"><\/span><div class=\"wp-block-cover__inner-container is-layout-constrained wp-block-cover-is-layout-constrained\">\n<p class=\"has-text-align-center has-large-font-size\"><\/p>\n<\/div><\/div>\n<\/div>\n\n\n\n<div class=\"wp-block-group is-style-horizontal-padded has-base-background-color has-background wp-container-content-0733e5d0 is-layout-flow wp-block-group-is-layout-flow\">\n<div style=\"height:3rem\" aria-hidden=\"true\" class=\"wp-block-spacer\"><\/div>\n\n\n\n<h3 class=\"wp-block-heading has-main-color has-text-color\">Prescriptoras<\/h3>\n\n\n\n<p class=\"has-section-texts-font-size\">Estamos tejiendo alianzas estrat\u00e9gicas con diferentes entidades y administraciones p\u00fablicas que en sus l\u00edneas de acci\u00f3n contemplan el impulso de las Comunidades Energ\u00e9ticas como elemento clave para la transici\u00f3n energ\u00e9tica.<\/p>\n\n\n\n<div style=\"height:1rem\" aria-hidden=\"true\" class=\"wp-block-spacer\"><\/div>\n\n\n\n<div class=\"wp-block-buttons is-layout-flex wp-block-buttons-is-layout-flex\">\n<div class=\"wp-block-button is-style-rounded\"><a class=\"wp-block-button__link has-second-base-background-color has-background has-small-font-size has-custom-font-size wp-element-button\">Pr\u00f3ximamente<\/a><\/div>\n<\/div>\n\n\n\n<div style=\"height:24px\" aria-hidden=\"true\" class=\"wp-block-spacer\"><\/div>\n\n\n\n<div style=\"height:4rem\" aria-hidden=\"true\" class=\"wp-block-spacer\"><\/div>\n<\/div>\n<\/div>\n<\/section>\n\n\n\n<section class=\"wp-block-group alignfull is-style-no-padding has-base-background-color has-background is-layout-flow wp-block-group-is-layout-flow\">\n<div class=\"wp-block-group is-style-show-desktop is-nowrap is-layout-flex wp-container-core-group-is-layout-6c531013 wp-block-group-is-layout-flex\">\n<div class=\"wp-block-group is-style-no-padding wp-container-content-dc435e0d is-layout-flow wp-block-group-is-layout-flow\">\n<div class=\"wp-block-cover is-light\" style=\"min-height:540px;aspect-ratio:unset;\"><img loading=\"lazy\" decoding=\"async\" width=\"1365\" height=\"2048\" class=\"wp-block-cover__image-background wp-image-6646\" alt=\"\" src=\"https:\/\/somcomunitats.coop\/wp-content\/uploads\/2024\/06\/SOM_DSC06826.jpg\" data-object-fit=\"cover\" srcset=\"https:\/\/somcomunitats.coop\/wp-content\/uploads\/2024\/06\/SOM_DSC06826.jpg 1365w, https:\/\/somcomunitats.coop\/wp-content\/uploads\/2024\/06\/SOM_DSC06826-200x300.jpg 200w, https:\/\/somcomunitats.coop\/wp-content\/uploads\/2024\/06\/SOM_DSC06826-683x1024.jpg 683w, https:\/\/somcomunitats.coop\/wp-content\/uploads\/2024\/06\/SOM_DSC06826-768x1152.jpg 768w, https:\/\/somcomunitats.coop\/wp-content\/uploads\/2024\/06\/SOM_DSC06826-1024x1536.jpg 1024w\" sizes=\"auto, (max-width: 1365px) 100vw, 1365px\" \/><span aria-hidden=\"true\" class=\"wp-block-cover__background has-background-dim-0 has-background-dim\"><\/span><div class=\"wp-block-cover__inner-container is-layout-constrained wp-block-cover-is-layout-constrained\">\n<p class=\"has-text-align-center has-large-font-size\"><\/p>\n<\/div><\/div>\n<\/div>\n\n\n\n<div class=\"wp-block-group is-style-horizontal-padded wp-container-content-9e2f13cb is-layout-flow wp-block-group-is-layout-flow\">\n<div style=\"height:3rem\" aria-hidden=\"true\" class=\"wp-block-spacer\"><\/div>\n\n\n\n<h3 class=\"wp-block-heading has-main-color has-text-color\">Coordinadoras<\/h3>\n\n\n\n<p class=\"has-section-texts-font-size\">Formadas por entidades de la Econom\u00eda Social, las Coordinadoras apoyan la creaci\u00f3n, gesti\u00f3n y coordinaci\u00f3n de un conjunto de Comunidades Energ\u00e9ticas.<\/p>\n\n\n\n<div style=\"height:1rem\" aria-hidden=\"true\" class=\"wp-block-spacer\"><\/div>\n\n\n\n<div class=\"wp-block-buttons is-style-default is-layout-flex wp-block-buttons-is-layout-flex\">\n<div class=\"wp-block-button is-style-fill\"><a class=\"wp-block-button__link has-main-color has-luminous-vivid-amber-background-color has-text-color has-background has-small-font-size has-custom-font-size wp-element-button\" href=\"https:\/\/somcomunitats.coop\/es\/que-son-las-coordinadoras\/\" target=\"_blank\" rel=\"noreferrer noopener\">M\u00e1s informaci\u00f3n<\/a><\/div>\n<\/div>\n\n\n\n<div style=\"height:48px\" aria-hidden=\"true\" class=\"wp-block-spacer\"><\/div>\n<\/div>\n<\/div>\n\n\n\n<div class=\"wp-block-group is-style-no-padding is-style-show-desktop has-second-base-ultra-light-background-color has-background is-content-justification-space-between is-nowrap is-layout-flex wp-container-core-group-is-layout-cb46ffcb wp-block-group-is-layout-flex\">\n<div class=\"wp-block-group is-style-horizontal-padded wp-container-content-9e2f13cb is-layout-flow wp-block-group-is-layout-flow\">\n<div style=\"height:3rem\" aria-hidden=\"true\" class=\"wp-block-spacer\"><\/div>\n\n\n\n<h3 class=\"wp-block-heading has-main-color has-text-color\">Proveedoras<\/h3>\n\n\n\n<p class=\"has-section-texts-font-size\">Facilitamos la contrataci\u00f3n y gesti\u00f3n de los distintos proveedores de servicios necesarios para el funcionamiento de las Comunidades Energ\u00e9ticas con los valores de la Econom\u00eda Social desde la Plataforma.<\/p>\n\n\n\n<div style=\"height:1rem\" aria-hidden=\"true\" class=\"wp-block-spacer\"><\/div>\n\n\n\n<div class=\"wp-block-buttons is-style-default is-layout-flex wp-block-buttons-is-layout-flex\">\n<div class=\"wp-block-button is-style-fill\"><a class=\"wp-block-button__link has-main-color has-second-base-background-color has-text-color has-background has-small-font-size has-custom-font-size wp-element-button\">Pr\u00f3ximamente<\/a><\/div>\n<\/div>\n\n\n\n<div style=\"height:48px\" aria-hidden=\"true\" class=\"wp-block-spacer\"><\/div>\n<\/div>\n\n\n\n<div class=\"wp-block-group is-style-no-padding wp-container-content-dc435e0d is-layout-flow wp-block-group-is-layout-flow\">\n<div class=\"wp-block-cover is-light\" style=\"min-height:540px;aspect-ratio:unset;\"><img loading=\"lazy\" decoding=\"async\" width=\"2048\" height=\"1152\" class=\"wp-block-cover__image-background wp-image-6639\" alt=\"\" src=\"https:\/\/somcomunitats.coop\/wp-content\/uploads\/2024\/06\/53220434167_f8b5928ffe_k-1.jpg\" data-object-fit=\"cover\" srcset=\"https:\/\/somcomunitats.coop\/wp-content\/uploads\/2024\/06\/53220434167_f8b5928ffe_k-1.jpg 2048w, https:\/\/somcomunitats.coop\/wp-content\/uploads\/2024\/06\/53220434167_f8b5928ffe_k-1-300x169.jpg 300w, https:\/\/somcomunitats.coop\/wp-content\/uploads\/2024\/06\/53220434167_f8b5928ffe_k-1-1024x576.jpg 1024w, https:\/\/somcomunitats.coop\/wp-content\/uploads\/2024\/06\/53220434167_f8b5928ffe_k-1-768x432.jpg 768w, https:\/\/somcomunitats.coop\/wp-content\/uploads\/2024\/06\/53220434167_f8b5928ffe_k-1-1536x864.jpg 1536w\" sizes=\"auto, (max-width: 2048px) 100vw, 2048px\" \/><span aria-hidden=\"true\" class=\"wp-block-cover__background has-background-dim-0 has-background-dim\"><\/span><div class=\"wp-block-cover__inner-container is-layout-constrained wp-block-cover-is-layout-constrained\">\n<p class=\"has-text-align-center has-large-font-size\"><\/p>\n<\/div><\/div>\n<\/div>\n<\/div>\n\n\n\n<div class=\"wp-block-group is-style-show-desktop is-nowrap is-layout-flex wp-container-core-group-is-layout-6c531013 wp-block-group-is-layout-flex\">\n<div class=\"wp-block-group is-style-no-padding wp-container-content-dc435e0d is-layout-flow wp-block-group-is-layout-flow\">\n<div class=\"wp-block-cover\" style=\"min-height:540px;aspect-ratio:unset;\"><img loading=\"lazy\" decoding=\"async\" width=\"2047\" height=\"1152\" class=\"wp-block-cover__image-background wp-image-6641\" alt=\"\" src=\"https:\/\/somcomunitats.coop\/wp-content\/uploads\/2024\/06\/prescriptores-plataforma.jpg\" data-object-fit=\"cover\" srcset=\"https:\/\/somcomunitats.coop\/wp-content\/uploads\/2024\/06\/prescriptores-plataforma.jpg 2047w, https:\/\/somcomunitats.coop\/wp-content\/uploads\/2024\/06\/prescriptores-plataforma-300x169.jpg 300w, https:\/\/somcomunitats.coop\/wp-content\/uploads\/2024\/06\/prescriptores-plataforma-1024x576.jpg 1024w, https:\/\/somcomunitats.coop\/wp-content\/uploads\/2024\/06\/prescriptores-plataforma-768x432.jpg 768w, https:\/\/somcomunitats.coop\/wp-content\/uploads\/2024\/06\/prescriptores-plataforma-1536x864.jpg 1536w\" sizes=\"auto, (max-width: 2047px) 100vw, 2047px\" \/><span aria-hidden=\"true\" class=\"wp-block-cover__background has-background-dim-0 has-background-dim\"><\/span><div class=\"wp-block-cover__inner-container is-layout-constrained wp-block-cover-is-layout-constrained\">\n<p class=\"has-text-align-center has-large-font-size\"><\/p>\n<\/div><\/div>\n<\/div>\n\n\n\n<div class=\"wp-block-group is-style-horizontal-padded wp-container-content-9e2f13cb is-layout-flow wp-block-group-is-layout-flow\">\n<div style=\"height:3rem\" aria-hidden=\"true\" class=\"wp-block-spacer\"><\/div>\n\n\n\n<h3 class=\"wp-block-heading has-main-color has-text-color\">Prescriptoras<\/h3>\n\n\n\n<p class=\"has-section-texts-font-size\">Estamos tejiendo alianzas estrat\u00e9gicas con diferentes entidades y administraciones p\u00fablicas que en sus l\u00edneas de acci\u00f3n contemplan el impulso de las Comunidades Energ\u00e9ticas como elemento clave para la transici\u00f3n energ\u00e9tica.<\/p>\n\n\n\n<div style=\"height:1rem\" aria-hidden=\"true\" class=\"wp-block-spacer\"><\/div>\n\n\n\n<div class=\"wp-block-buttons is-style-default is-layout-flex wp-block-buttons-is-layout-flex\">\n<div class=\"wp-block-button is-style-fill\"><a class=\"wp-block-button__link has-main-color has-second-base-background-color has-text-color has-background has-small-font-size has-custom-font-size wp-element-button\">Pr\u00f3ximamente<\/a><\/div>\n<\/div>\n\n\n\n<div style=\"height:48px\" aria-hidden=\"true\" class=\"wp-block-spacer\"><\/div>\n<\/div>\n<\/div>\n<\/section>\n\n\n\n<div class=\"wp-block-group alignfull has-brand-background-color has-background is-layout-constrained wp-block-group-is-layout-constrained\" id=\"contacte\">\n<div style=\"height:5rem\" aria-hidden=\"true\" class=\"wp-block-spacer is-style-show-tablet-desktop\"><\/div>\n\n\n\n<div class=\"wp-block-columns is-layout-flex wp-container-core-columns-is-layout-28f84493 wp-block-columns-is-layout-flex\">\n<div class=\"wp-block-column is-layout-flow wp-block-column-is-layout-flow\" style=\"flex-basis:47%\">\n<div class=\"wp-block-group has-base-color has-text-color wp-container-content-0733e5d0 is-layout-flow wp-block-group-is-layout-flow\">\n<div style=\"height:0px;width:0px\" aria-hidden=\"true\" class=\"wp-block-spacer is-style-show-tablet-desktop\"><\/div>\n\n\n\n<h2 class=\"wp-block-heading has-base-color has-text-color has-xxx-large-font-size\">Cont\u00e1ctanos<\/h2>\n\n\n\n<div class=\"wp-block-group is-style-show-tablet-desktop is-layout-constrained wp-block-group-is-layout-constrained\">\n<p style=\"font-size:clamp(18.959px, 1.185rem + ((1vw - 3.2px) * 0.863), 30px);\">Si quieres m\u00e1s informaci\u00f3n sobre cualquiera de los servicios que desde Som Comunitats ofrecemos a las Comunidades Energ\u00e9ticas de la econom\u00eda social, ponte en contacto a trav\u00e9s de este formulario y te responderemos tan pronto como nos sea posible.<\/p>\n<\/div>\n\n\n\n<div class=\"wp-block-group is-style-show-mobile is-layout-constrained wp-block-group-is-layout-constrained\">\n<p class=\"has-medium-font-size\">De momento en Somos Comunidades no disponemos de atenci\u00f3n telef\u00f3nica ni puntos de atenci\u00f3n directa al p\u00fablico. Nuestra atenci\u00f3n preferente es v\u00eda correo electr\u00f3nico.<\/p>\n<\/div>\n\n\n\n<div class=\"wp-block-group is-style-show-tablet-desktop is-layout-constrained wp-block-group-is-layout-constrained\">\n<p class=\"has-section-texts-font-size\" style=\"text-decoration:none\"><br><\/p>\n<\/div>\n\n\n\n<div class=\"wp-block-group is-style-show-mobile is-layout-constrained wp-block-group-is-layout-constrained\">\n<p class=\"has-small-font-size\" style=\"text-decoration:none\">Revisa las respuestas a las <a href=\"https:\/\/somcomunitats.coop\/es\/recursos\/#faqs\"><mark class=\"has-inline-color has-primary-color\">Preguntas m\u00e1s frecuentes<\/mark><\/a> y las <a href=\"https:\/\/somcomunitats.coop\/es\/recursos\/\"><mark class=\"has-inline-color has-primary-color\">gu\u00edas disponibles<\/mark><\/a> antes de realizar una consulta, as\u00ed nos ayudas a ser m\u00e1s \u00e1giles y eficientes.<br><\/p>\n<\/div>\n<\/div>\n<\/div>\n\n\n\n<div class=\"wp-block-column is-layout-flow wp-block-column-is-layout-flow\" style=\"flex-basis:6%\"><\/div>\n\n\n\n<div class=\"wp-block-column is-layout-flow wp-block-column-is-layout-flow\" style=\"flex-basis:47%\">\n<div id=\"ce-form\" class=\"wp-block-group is-layout-flow wp-block-group-is-layout-flow\">\n<div style=\"height:2rem\" aria-hidden=\"true\" class=\"wp-block-spacer is-style-show-mobile\"><\/div>\n\n\n<script>\nvar gform;gform||(document.addEventListener(\"gform_main_scripts_loaded\",function(){gform.scriptsLoaded=!0}),document.addEventListener(\"gform\/theme\/scripts_loaded\",function(){gform.themeScriptsLoaded=!0}),window.addEventListener(\"DOMContentLoaded\",function(){gform.domLoaded=!0}),gform={domLoaded:!1,scriptsLoaded:!1,themeScriptsLoaded:!1,isFormEditor:()=>\"function\"==typeof InitializeEditor,callIfLoaded:function(o){return!(!gform.domLoaded||!gform.scriptsLoaded||!gform.themeScriptsLoaded&&!gform.isFormEditor()||(gform.isFormEditor()&&console.warn(\"The use of gform.initializeOnLoaded() is deprecated in the form editor context and will be removed in Gravity Forms 3.1.\"),o(),0))},initializeOnLoaded:function(o){gform.callIfLoaded(o)||(document.addEventListener(\"gform_main_scripts_loaded\",()=>{gform.scriptsLoaded=!0,gform.callIfLoaded(o)}),document.addEventListener(\"gform\/theme\/scripts_loaded\",()=>{gform.themeScriptsLoaded=!0,gform.callIfLoaded(o)}),window.addEventListener(\"DOMContentLoaded\",()=>{gform.domLoaded=!0,gform.callIfLoaded(o)}))},hooks:{action:{},filter:{}},addAction:function(o,r,e,t){gform.addHook(\"action\",o,r,e,t)},addFilter:function(o,r,e,t){gform.addHook(\"filter\",o,r,e,t)},doAction:function(o){gform.doHook(\"action\",o,arguments)},applyFilters:function(o){return gform.doHook(\"filter\",o,arguments)},removeAction:function(o,r){gform.removeHook(\"action\",o,r)},removeFilter:function(o,r,e){gform.removeHook(\"filter\",o,r,e)},addHook:function(o,r,e,t,n){null==gform.hooks[o][r]&&(gform.hooks[o][r]=[]);var d=gform.hooks[o][r];null==n&&(n=r+\"_\"+d.length),gform.hooks[o][r].push({tag:n,callable:e,priority:t=null==t?10:t})},doHook:function(r,o,e){var t;if(e=Array.prototype.slice.call(e,1),null!=gform.hooks[r][o]&&((o=gform.hooks[r][o]).sort(function(o,r){return o.priority-r.priority}),o.forEach(function(o){\"function\"!=typeof(t=o.callable)&&(t=window[t]),\"action\"==r?t.apply(null,e):e[0]=t.apply(null,e)})),\"filter\"==r)return e[0]},removeHook:function(o,r,t,n){var e;null!=gform.hooks[o][r]&&(e=(e=gform.hooks[o][r]).filter(function(o,r,e){return!!(null!=n&&n!=o.tag||null!=t&&t!=o.priority)}),gform.hooks[o][r]=e)}});\n<\/script>\n\n                <div class='gf_browser_gecko gform_wrapper gravity-theme gform-theme--no-framework' data-form-theme='gravity-theme' data-form-index='0' id='gform_wrapper_8' ><div id='gf_8' class='gform_anchor' tabindex='-1'><\/div>\n                        <div class='gform_heading'>\n\t\t\t\t\t\t\t<p class='gform_required_legend'>&quot;<span class=\"gfield_required gfield_required_asterisk\">*<\/span>&quot; se\u00f1ala los campos obligatorios<\/p>\n                        <\/div><form method='post' enctype='multipart\/form-data' target='gform_ajax_frame_8' id='gform_8'  action='\/es\/wp-json\/wp\/v2\/pages\/7777#gf_8' data-formid='8' novalidate>\n                        <div class='gform-body gform_body'><div id='gform_fields_8' class='gform_fields top_label form_sublabel_below description_below validation_below'><div id=\"field_8_31\" class=\"gfield gfield--type-honeypot gform_validation_container field_sublabel_below gfield--has-description field_description_below field_validation_below gfield_visibility_visible\"  ><label class='gfield_label gform-field-label' for='input_8_31'>Email<\/label><div class='ginput_container'><input name='input_31' id='input_8_31' type='text' value='' autocomplete='new-password'\/><\/div><div class='gfield_description' id='gfield_description_8_31'>Este campo es un campo de validaci\u00f3n y debe quedar sin cambios.<\/div><\/div><div id=\"field_8_22\" class=\"gfield gfield--type-hidden gfield--input-type-hidden gfield--width-full gform_hidden field_sublabel_below gfield--no-description field_description_below field_validation_below gfield_visibility_visible\"  ><div class='ginput_container ginput_container_text'><input name='input_22' id='input_8_22' type='hidden' class='gform_hidden'  aria-invalid=\"false\" value='ce_source_general_contact' \/><\/div><\/div><div id=\"field_8_18\" class=\"gfield gfield--type-hidden gfield--input-type-hidden gfield--width-full gform_hidden field_sublabel_below gfield--no-description field_description_below field_validation_below gfield_visibility_visible\"  ><div class='ginput_container ginput_container_text'><input name='input_18' id='input_8_18' type='hidden' class='gform_hidden'  aria-invalid=\"false\" value='' \/><\/div><\/div><div id=\"field_8_16\" class=\"gfield gfield--type-hidden gfield--input-type-hidden gfield--width-full gform_hidden field_sublabel_below gfield--no-description field_description_below field_validation_below gfield_visibility_visible\"  ><div class='ginput_container ginput_container_text'><input name='input_16' id='input_8_16' type='hidden' class='gform_hidden'  aria-invalid=\"false\" value='' \/><\/div><\/div><div id=\"field_8_26\" class=\"gfield gfield--type-text gfield--input-type-text gfield--width-half gfield_contains_required field_sublabel_below gfield--no-description field_description_below hidden_label field_validation_below gfield_visibility_visible\"  ><label class='gfield_label gform-field-label' for='input_8_26'>Nombre<span class=\"gfield_required\"><span class=\"gfield_required gfield_required_asterisk\">*<\/span><\/span><\/label><div class='ginput_container ginput_container_text'><input name='input_26' id='input_8_26' type='text' value='' class='large'    placeholder='Nombre' aria-required=\"true\" aria-invalid=\"false\"  autocomplete=\"name\" \/><\/div><\/div><div id=\"field_8_27\" class=\"gfield gfield--type-email gfield--input-type-email gfield--width-half gfield_contains_required field_sublabel_below gfield--no-description field_description_below hidden_label field_validation_below gfield_visibility_visible\"  ><label class='gfield_label gform-field-label' for='input_8_27'>Correo electr\u00f3nico<span class=\"gfield_required\"><span class=\"gfield_required gfield_required_asterisk\">*<\/span><\/span><\/label><div class='ginput_container ginput_container_email'>\n                            <input name='input_27' id='input_8_27' type='email' value='' class='large'   placeholder='Correo electr\u00f3nico' aria-required=\"true\" aria-invalid=\"false\"  autocomplete=\"email\"\/>\n                        <\/div><\/div><div id=\"field_8_24\" class=\"gfield gfield--type-phone gfield--input-type-phone gfield--width-half gfield_contains_required field_sublabel_below gfield--no-description field_description_below hidden_label field_validation_below gfield_visibility_visible\"  ><label class='gfield_label gform-field-label' for='input_8_24'>Tel\u00e9fono<span class=\"gfield_required\"><span class=\"gfield_required gfield_required_asterisk\">*<\/span><\/span><\/label><div class='ginput_container ginput_container_phone'><input name='input_24' id='input_8_24' type='tel' value='' class='large'  placeholder='Tel\u00e9fono' aria-required=\"true\" aria-invalid=\"false\"  autocomplete=\"tel\" \/><\/div><\/div><div id=\"field_8_28\" class=\"gfield gfield--type-text gfield--input-type-text gfield--width-half gfield_contains_required field_sublabel_below gfield--no-description field_description_below hidden_label field_validation_below gfield_visibility_visible\"  ><label class='gfield_label gform-field-label' for='input_8_28'>Municipio<span class=\"gfield_required\"><span class=\"gfield_required gfield_required_asterisk\">*<\/span><\/span><\/label><div class='ginput_container ginput_container_text'><input name='input_28' id='input_8_28' type='text' value='' class='large'    placeholder='Municipio' aria-required=\"true\" aria-invalid=\"false\"  autocomplete=\"address-level2\" \/><\/div><\/div><div id=\"field_8_25\" class=\"gfield gfield--type-select gfield--input-type-select gfield--width-full gfield_contains_required field_sublabel_below gfield--no-description field_description_below hidden_label field_validation_below gfield_visibility_visible\"  ><label class='gfield_label gform-field-label' for='input_8_25'>Motivo del contacto<span class=\"gfield_required\"><span class=\"gfield_required gfield_required_asterisk\">*<\/span><\/span><\/label><div class='ginput_container ginput_container_select'><select name='input_25' id='input_8_25' class='large gfield_select'    aria-required=\"true\" aria-invalid=\"false\" ><option value='' selected='selected' class='gf_placeholder'>Motivo del contacto<\/option><option value='Queremos dar de alta una comunidad energ\u00e9tica' >Queremos dar de alta una comunidad energ\u00e9tica<\/option><option value='Queremos crear una comunidad energ\u00e9tica' >Queremos crear una comunidad energ\u00e9tica<\/option><option value='Quiero sumarme a una comunidad energ\u00e9tica' >Quiero sumarme a una comunidad energ\u00e9tica<\/option><option value='Quiero contratar servicios de Somos Comunidades' >Quiero contratar servicios de Somos Comunidades<\/option><option value='Ofrezco servicios a comunidades energ\u00e9ticas' >Ofrezco servicios a comunidades energ\u00e9ticas<\/option><option value='Soy un medio de comunicaci\u00f3n' >Soy un medio de comunicaci\u00f3n<\/option><option value='Quiero informaci\u00f3n general' >Quiero informaci\u00f3n general<\/option><option value='Otros' >Otros<\/option><\/select><\/div><\/div><div id=\"field_8_7\" class=\"gfield gfield--type-textarea gfield--input-type-textarea gfield_contains_required field_sublabel_below gfield--no-description field_description_below hidden_label field_validation_below gfield_visibility_visible\"  ><label class='gfield_label gform-field-label' for='input_8_7'>Mensaje<span class=\"gfield_required\"><span class=\"gfield_required gfield_required_asterisk\">*<\/span><\/span><\/label><div class='ginput_container ginput_container_textarea'><textarea name='input_7' id='input_8_7' class='textarea large'   maxlength='1000' placeholder='Mensaje' aria-required=\"true\" aria-invalid=\"false\"   rows='10' cols='50'><\/textarea><\/div><\/div><fieldset id=\"field_8_14\" class=\"gfield gfield--type-consent gfield--type-choice gfield--input-type-consent gfield--width-full gfield_contains_required field_sublabel_below gfield--has-description field_description_above hidden_label field_validation_below gfield_visibility_visible\"  ><legend class='gfield_label gform-field-label gfield_label_before_complex' >Consiento<span class=\"gfield_required\"><span class=\"gfield_required gfield_required_asterisk\">*<\/span><\/span><\/legend><div class='gfield_description gfield_consent_description' id='gfield_consent_description_8_14' tabindex='0'>INFORMACI\u00d3N PROTECCI\u00d3N DE DATOS DE SOM COMUNITATS<br \/>\nFinalidades: Responder a sus solicitudes de informaci\u00f3n, as\u00ed como enviarle comunicaciones sobre nuestros servicios y actividades, incluso por medios electr\u00f3nicos, si marca la casilla de aceptaci\u00f3n. Derechos: Puede retirar su consentimiento en cualquier momento, as\u00ed como ejercer su derecho de acceso, rectificaci\u00f3n, supresi\u00f3n, oposici\u00f3n, limitaci\u00f3n y portabilidad de sus datos a info@somcomunitats.coop. Info. adicional: <a href=\"https:\/\/somcomunitats.coop\/es\/politica-de-privacidad\/\" target=\"_blank\">Pol\u00edtica de privacidad<\/a> .   <\/div><div class='ginput_container ginput_container_consent'><input name='input_14.1' id='input_8_14_1' type='checkbox' value='1'  aria-describedby=\"gfield_consent_description_8_14\" aria-required=\"true\" aria-invalid=\"false\"   \/> <label class=\"gform-field-label gform-field-label--type-inline gfield_consent_label\" for='input_8_14_1' >He le\u00eddo y acepto la <a href=\"https:\/\/somcomunitats.coop\/es\/politica-de-privacidad\/\" target=\"_blank\">pol\u00edtica de privacidad<\/a>.<span class=\"gfield_required gfield_required_asterisk\">*<\/span><\/label><input type='hidden' name='input_14.2' value='He le\u00eddo y acepto la &lt;a href=&quot;https:\/\/somcomunitats.coop\/es\/politica-de-privacidad\/&quot; target=&quot;_blank&quot;&gt;pol\u00edtica de privacidad&lt;\/a&gt;.' class='gform_hidden' \/><input type='hidden' name='input_14.3' value='34' class='gform_hidden' \/><\/div><\/fieldset><fieldset id=\"field_8_30\" class=\"gfield gfield--type-consent gfield--type-choice gfield--input-type-consent gfield--width-full gfield_contains_required field_sublabel_below gfield--no-description field_description_above hidden_label field_validation_below gfield_visibility_visible\"  ><legend class='gfield_label gform-field-label gfield_label_before_complex' >Consiento<span class=\"gfield_required\"><span class=\"gfield_required gfield_required_asterisk\">*<\/span><\/span><\/legend><div class='ginput_container ginput_container_consent'><input name='input_30.1' id='input_8_30_1' type='checkbox' value='1'   aria-required=\"true\" aria-invalid=\"false\"   \/> <label class=\"gform-field-label gform-field-label--type-inline gfield_consent_label\" for='input_8_30_1' >Acepto recibir informaci\u00f3n sobre los servicios de SOMOS COMUNIDADES por medios electr\u00f3nicos.<span class=\"gfield_required gfield_required_asterisk\">*<\/span><\/label><input type='hidden' name='input_30.2' value='Acepto recibir informaci\u00f3n sobre los servicios de SOMOS COMUNIDADES por medios electr\u00f3nicos.' class='gform_hidden' \/><input type='hidden' name='input_30.3' value='34' class='gform_hidden' \/><\/div><\/fieldset><div id=\"field_8_29\" class=\"gfield gfield--type-altcha gfield--input-type-altcha field_sublabel_below gfield--no-description field_description_below hidden_label field_validation_below gfield_visibility_visible\"  ><label class='gfield_label gform-field-label' for='input_8_29'>captcha<\/label><div class=\"ginput_container ginput_container_altcha gfield--type-html\"><div style=\"flex-basis:100%\"><altcha-widget challengeurl=\"https:\/\/somcomunitats.coop\/es\/wp-json\/altcha\/v1\/challenge?params.plugin=gravityforms&amp;params.form_id=8\" customfetch=\"altchaCustomFetch\"><\/altcha-widget><noscript><div class=\"altcha-no-javascript\">This page requires JavaScript!<\/div><\/noscript><\/div><\/div><\/div><\/div><\/div>\n        <div class='gform-footer gform_footer top_label'> <input type='submit' id='gform_submit_button_8' class='gform_button button' onclick='gform.submission.handleButtonClick(this);' data-submission-type='submit' value='Enviar'  \/> <input type='hidden' name='gform_ajax' value='form_id=8&amp;title=&amp;description=&amp;tabindex=0&amp;theme=gravity-theme&amp;styles={&quot;inputPrimaryColor&quot;:&quot;#204ce5&quot;}&amp;hash=64ca89d0c4444fe76bb7f5b1b882aed7' \/>\n            <input type='hidden' class='gform_hidden' name='gform_submission_method' data-js='gform_submission_method_8' value='iframe' \/>\n            <input type='hidden' class='gform_hidden' name='gform_theme' data-js='gform_theme_8' id='gform_theme_8' value='gravity-theme' \/>\n            <input type='hidden' class='gform_hidden' name='gform_style_settings' data-js='gform_style_settings_8' id='gform_style_settings_8' value='{&quot;inputPrimaryColor&quot;:&quot;#204ce5&quot;}' \/>\n            <input type='hidden' class='gform_hidden' name='is_submit_8' value='1' \/>\n            <input type='hidden' class='gform_hidden' name='gform_submit' value='8' \/>\n            \n            <input type='hidden' class='gform_hidden' name='gform_currency' data-currency='EUR' value='O8ipmYqXzasNLhPhuCjah+qhbG4QvJlWAvgakQ5Ejtba4GQdwHPToL4Hy1\/RJwbgb1Vms2zVPDYV94hjk6yIbRgxnL87oLzURKllSjJ92eA5rWY=' \/>\n            <input type='hidden' class='gform_hidden' name='gform_unique_id' value='' \/>\n            <input type='hidden' class='gform_hidden' name='state_8' value='WyJ7XCIxNC4xXCI6XCJiODU1YmIxY2VhZjM3NGZlNDQxMzAxMzEyNzQwNGM3ZFwiLFwiMTQuMlwiOlwiODRkZTNkMDliY2U0NGUxY2Y2ZTFlOTJkYzkzNzQ4MzlcIixcIjE0LjNcIjpcImJiNjc2NGQwZTMwNTQ0ZWZiNWRkZGFkMTI1MmFkMjg2XCIsXCIzMC4xXCI6XCJiODU1YmIxY2VhZjM3NGZlNDQxMzAxMzEyNzQwNGM3ZFwiLFwiMzAuMlwiOlwiNTliOTE0YjAwYjY4NmViNGVhNmExN2I2ZWZmYTAxM2FcIixcIjMwLjNcIjpcImJiNjc2NGQwZTMwNTQ0ZWZiNWRkZGFkMTI1MmFkMjg2XCJ9IiwiNGQ2N2Y5NTI5NWYwYThhNmFkZTg1MDkyNDM2ZDFkYTEiXQ==' \/>\n            <input type='hidden' autocomplete='off' class='gform_hidden' name='gform_target_page_number_8' id='gform_target_page_number_8' value='0' \/>\n            <input type='hidden' autocomplete='off' class='gform_hidden' name='gform_source_page_number_8' id='gform_source_page_number_8' value='1' \/>\n            <input type='hidden' name='gform_field_values' value='' \/>\n            \n        <\/div>\n                        <\/form>\n                        <\/div>\n\t\t                <iframe style='display:none;width:0px;height:0px;' src='about:blank' name='gform_ajax_frame_8' id='gform_ajax_frame_8' title='Este iframe contiene la l\u00f3gica necesaria para gestionar formularios con ajax activado.'><\/iframe>\n\t\t                <script>\ngform.initializeOnLoaded( function() {gformInitSpinner( 8, 'https:\/\/somcomunitats.coop\/wp-content\/plugins\/gravityforms\/images\/spinner.svg', true );jQuery('#gform_ajax_frame_8').on('load',function(){var contents = jQuery(this).contents().find('*').html();var is_postback = contents.indexOf('GF_AJAX_POSTBACK') >= 0;if(!is_postback){return;}var form_content = jQuery(this).contents().find('#gform_wrapper_8');var is_confirmation = jQuery(this).contents().find('#gform_confirmation_wrapper_8').length > 0;var is_redirect = contents.indexOf('gformRedirect(){') >= 0;var is_form = form_content.length > 0 && ! is_redirect && ! is_confirmation;var mt = parseInt(jQuery('html').css('margin-top'), 10) + parseInt(jQuery('body').css('margin-top'), 10) + 100;if(is_form){jQuery('#gform_wrapper_8').html(form_content.html());if(form_content.hasClass('gform_validation_error')){jQuery('#gform_wrapper_8').addClass('gform_validation_error');} else {jQuery('#gform_wrapper_8').removeClass('gform_validation_error');}setTimeout( function() { \/* delay the scroll by 50 milliseconds to fix a bug in chrome *\/ jQuery(document).scrollTop(jQuery('#gform_wrapper_8').offset().top - mt); }, 50 );if(window['gformInitDatepicker']) {gformInitDatepicker();}if(window['gformInitPriceFields']) {gformInitPriceFields();}var current_page = jQuery('#gform_source_page_number_8').val();gformInitSpinner( 8, 'https:\/\/somcomunitats.coop\/wp-content\/plugins\/gravityforms\/images\/spinner.svg', true );jQuery(document).trigger('gform_page_loaded', [8, current_page]);window['gf_submitting_8'] = false;}else if(!is_redirect){var confirmation_content = jQuery(this).contents().find('.GF_AJAX_POSTBACK').html();if(!confirmation_content){confirmation_content = contents;}jQuery('#gform_wrapper_8').replaceWith(confirmation_content);jQuery(document).scrollTop(jQuery('#gf_8').offset().top - mt);jQuery(document).trigger('gform_confirmation_loaded', [8]);window['gf_submitting_8'] = false;wp.a11y.speak(jQuery('#gform_confirmation_message_8').text());}else{jQuery('#gform_8').append(contents);if(window['gformRedirect']) {gformRedirect();}}jQuery(document).trigger(\"gform_pre_post_render\", [{ formId: \"8\", currentPage: \"current_page\", abort: function() { this.preventDefault(); } }]);        if (event && event.defaultPrevented) {                return;        }        const gformWrapperDiv = document.getElementById( \"gform_wrapper_8\" );        if ( gformWrapperDiv ) {            const visibilitySpan = document.createElement( \"span\" );            visibilitySpan.id = \"gform_visibility_test_8\";            gformWrapperDiv.insertAdjacentElement( \"afterend\", visibilitySpan );        }        const visibilityTestDiv = document.getElementById( \"gform_visibility_test_8\" );        let postRenderFired = false;        function triggerPostRender() {            if ( postRenderFired ) {                return;            }            postRenderFired = true;            gform.core.triggerPostRenderEvents( 8, current_page );            if ( visibilityTestDiv ) {                visibilityTestDiv.parentNode.removeChild( visibilityTestDiv );            }        }        function debounce( func, wait, immediate ) {            var timeout;            return function() {                var context = this, args = arguments;                var later = function() {                    timeout = null;                    if ( !immediate ) func.apply( context, args );                };                var callNow = immediate && !timeout;                clearTimeout( timeout );                timeout = setTimeout( later, wait );                if ( callNow ) func.apply( context, args );            };        }        const debouncedTriggerPostRender = debounce( function() {            triggerPostRender();        }, 200 );        if ( visibilityTestDiv && visibilityTestDiv.offsetParent === null ) {            const observer = new MutationObserver( ( mutations ) => {                mutations.forEach( ( mutation ) => {                    if ( mutation.type === 'attributes' && visibilityTestDiv.offsetParent !== null ) {                        debouncedTriggerPostRender();                        observer.disconnect();                    }                });            });            observer.observe( document.body, {                attributes: true,                childList: false,                subtree: true,                attributeFilter: [ 'style', 'class' ],            });        } else {            triggerPostRender();        }    } );} );\n<\/script>\n\n\n\n<div style=\"height:2rem\" aria-hidden=\"true\" class=\"wp-block-spacer is-style-show-mobile\"><\/div>\n<\/div>\n<\/div>\n<\/div>\n\n\n\n<div style=\"height:5rem\" aria-hidden=\"true\" class=\"wp-block-spacer is-style-show-tablet-desktop\"><\/div>\n<\/div>\n","protected":false},"excerpt":{"rendered":"<p>Plataforma para Comunidades Energ\u00e9ticas Cread y gestionad m\u00e1s f\u00e1cilmente vuestra Comunidad. Plataforma para Comunidades Energ\u00e9ticas Cread y gestionad m\u00e1s f\u00e1cilmente vuestra Comunidad. Herramientas de la plataforma App \u00c1rea de gesti\u00f3n Web y difusi\u00f3n Forum Herramientas de la Plataforma App Mapa y Web Forum \u00c1rea de gesti\u00f3n La Plataforma de Som Comunitats hace que el trabajo [&hellip;]<\/p>\n","protected":false},"author":3,"featured_media":0,"parent":0,"menu_order":9,"comment_status":"closed","ping_status":"closed","template":"","meta":{"footnotes":""},"class_list":["post-7777","page","type-page","status-publish","hentry"],"_links":{"self":[{"href":"https:\/\/somcomunitats.coop\/es\/wp-json\/wp\/v2\/pages\/7777","targetHints":{"allow":["GET"]}}],"collection":[{"href":"https:\/\/somcomunitats.coop\/es\/wp-json\/wp\/v2\/pages"}],"about":[{"href":"https:\/\/somcomunitats.coop\/es\/wp-json\/wp\/v2\/types\/page"}],"author":[{"embeddable":true,"href":"https:\/\/somcomunitats.coop\/es\/wp-json\/wp\/v2\/users\/3"}],"replies":[{"embeddable":true,"href":"https:\/\/somcomunitats.coop\/es\/wp-json\/wp\/v2\/comments?post=7777"}],"version-history":[{"count":105,"href":"https:\/\/somcomunitats.coop\/es\/wp-json\/wp\/v2\/pages\/7777\/revisions"}],"predecessor-version":[{"id":12336,"href":"https:\/\/somcomunitats.coop\/es\/wp-json\/wp\/v2\/pages\/7777\/revisions\/12336"}],"wp:attachment":[{"href":"https:\/\/somcomunitats.coop\/es\/wp-json\/wp\/v2\/media?parent=7777"}],"curies":[{"name":"wp","href":"https:\/\/api.w.org\/{rel}","templated":true}]}}