  {"id":9678,"date":"2023-09-12T10:40:18","date_gmt":"2023-09-12T10:40:18","guid":{"rendered":"https:\/\/somcomunitats.coop\/orri-nagusia\/"},"modified":"2026-04-01T09:02:03","modified_gmt":"2026-04-01T09:02:03","slug":"orri-nagusia","status":"publish","type":"page","link":"https:\/\/somcomunitats.coop\/eu\/","title":{"rendered":"Orri nagusia"},"content":{"rendered":"\n<section class=\"wp-block-group alignfull is-style-no-padding is-layout-flow wp-block-group-is-layout-flow\">\n<div class=\"wp-block-group alignfull is-style-show-tablet-desktop is-nowrap is-layout-flex wp-container-core-group-is-layout-ecba6b92 wp-block-group-is-layout-flex\" style=\"margin-top:0;margin-bottom:0\">\n<div class=\"wp-block-group is-style-horizontal-padded wp-container-content-b99e70a5 is-layout-constrained wp-block-group-is-layout-constrained\">\n<div style=\"height:144px;width:0px\" aria-hidden=\"true\" class=\"wp-block-spacer\"><\/div>\n\n\n\n<div class=\"wp-block-group is-style-default is-content-justification-space-between is-nowrap is-layout-flex wp-container-core-group-is-layout-cb46ffcb wp-block-group-is-layout-flex\">\n<h1 class=\"wp-block-heading has-main-color has-text-color\">Bat egin zure udalerriko energia-komunitatearekin<\/h1>\n<\/div>\n\n\n\n<div style=\"height:27px;width:0px\" aria-hidden=\"true\" class=\"wp-block-spacer\"><\/div>\n\n\n\n<div class=\"wp-block-buttons is-layout-flex wp-block-buttons-is-layout-flex\">\n<div class=\"wp-block-button is-style-rounded\"><a class=\"wp-block-button__link has-main-color has-primary-background-color has-text-color has-background has-buttons-font-size has-custom-font-size wp-element-button\" href=\"#encuentra-tu-comunidad\">Aurkitu zure energia-komunitatea<\/a><\/div>\n<\/div>\n\n\n\n<div style=\"height:71px;width:0px\" aria-hidden=\"true\" class=\"wp-block-spacer\"><\/div>\n\n\n\n<h4 class=\"wp-block-heading has-main-color has-text-color\" style=\"font-size:clamp(14px, 0.875rem + ((1vw - 3.2px) * 0.469), 20px);\">Dagoeneko ari zarete komunitate bat sustatzen?<\/h4>\n\n\n\n<div class=\"wp-block-buttons is-layout-flex wp-block-buttons-is-layout-flex\">\n<div class=\"wp-block-button is-style-rounded\"><a class=\"wp-block-button__link has-main-color has-primary-background-color has-text-color has-background has-buttons-font-size has-custom-font-size wp-element-button\" href=\"\/eu\/plataforma\/\">Kontsultatu zer tresna eskaintzen dizkizuegun<\/a><\/div>\n<\/div>\n\n\n\n<div style=\"height:7rem;width:0px\" aria-hidden=\"true\" class=\"wp-block-spacer\"><\/div>\n<\/div>\n\n\n\n<div style=\"height:100px;width:0px\" aria-hidden=\"true\" class=\"wp-block-spacer wp-container-content-16d1eb73\"><\/div>\n\n\n\n<div id=\"video-popup-ce\" class=\"wp-block-group is-style-no-padding wp-container-content-a5fc19f1 is-layout-constrained wp-block-group-is-layout-constrained\">\n<div class=\"wp-block-getwid-video-popup has-image has-foreground-0 alignfull\"><a class=\"wp-block-getwid-video-popup__link\" href=\"https:\/\/www.youtube.com\/watch?v=wDAJjRMANoI\" target=\"_blank\" rel=\"noopener\"><div class=\"wp-block-getwid-video-popup__wrapper\"><img loading=\"lazy\" decoding=\"async\" width=\"1400\" height=\"737\" src=\"https:\/\/somcomunitats.coop\/wp-content\/uploads\/2025\/09\/Spot2025.jpg\" alt=\"\" class=\"wp-block-getwid-video-popup__image wp-block-getwid-video-popup__source wp-image-11511\" srcset=\"https:\/\/somcomunitats.coop\/wp-content\/uploads\/2025\/09\/Spot2025.jpg 1400w, https:\/\/somcomunitats.coop\/wp-content\/uploads\/2025\/09\/Spot2025-300x158.jpg 300w, https:\/\/somcomunitats.coop\/wp-content\/uploads\/2025\/09\/Spot2025-1024x539.jpg 1024w, https:\/\/somcomunitats.coop\/wp-content\/uploads\/2025\/09\/Spot2025-768x404.jpg 768w\" sizes=\"auto, (max-width: 1400px) 100vw, 1400px\" \/><div class=\"wp-block-getwid-video-popup__button is-style-default\" style=\"border-color:#51AB50\"><div class=\"wp-block-getwid-video-popup__icon has-text-color has-base-color has-background has-brand-background-color\" style=\"border-color:#51AB50\"><i class=\"fas fa-play\" aria-hidden=\"true\"><\/i><\/div><\/div><\/div><\/a><div class=\"wp-block-getwid-video-popup__caption\"><\/div><\/div>\n<\/div>\n<\/div>\n\n\n\n<div class=\"wp-block-group alignfull is-style-show-mobile is-vertical is-layout-flex wp-container-core-group-is-layout-05b43539 wp-block-group-is-layout-flex\" style=\"margin-top:0;margin-bottom:0\">\n<div id=\"video-popup-ce\" class=\"wp-block-group is-style-no-padding wp-container-content-9cfa9a5a is-content-justification-center is-layout-constrained wp-block-group-is-layout-constrained\">\n<div class=\"wp-block-getwid-video-popup has-image has-foreground-0 alignfull\"><a class=\"wp-block-getwid-video-popup__link\" href=\"https:\/\/youtu.be\/g0kBYaZxJiY?si=kJGdPXVbxfIgTB0Q\" target=\"_blank\" rel=\"noopener\"><div class=\"wp-block-getwid-video-popup__wrapper\"><img loading=\"lazy\" decoding=\"async\" width=\"1400\" height=\"933\" src=\"https:\/\/somcomunitats.coop\/wp-content\/uploads\/2024\/07\/video-som.jpg\" alt=\"\" class=\"wp-block-getwid-video-popup__image wp-block-getwid-video-popup__source wp-image-6901\" srcset=\"https:\/\/somcomunitats.coop\/wp-content\/uploads\/2024\/07\/video-som.jpg 1400w, https:\/\/somcomunitats.coop\/wp-content\/uploads\/2024\/07\/video-som-300x200.jpg 300w, https:\/\/somcomunitats.coop\/wp-content\/uploads\/2024\/07\/video-som-1024x682.jpg 1024w, https:\/\/somcomunitats.coop\/wp-content\/uploads\/2024\/07\/video-som-768x512.jpg 768w\" sizes=\"auto, (max-width: 1400px) 100vw, 1400px\" \/><div class=\"wp-block-getwid-video-popup__button is-style-default\" style=\"border-color:#51AB50\"><div class=\"wp-block-getwid-video-popup__icon has-text-color has-base-color has-background has-brand-background-color\" style=\"border-color:#51AB50\"><i class=\"fas fa-play\" aria-hidden=\"true\"><\/i><\/div><\/div><\/div><\/a><div class=\"wp-block-getwid-video-popup__caption\"><\/div><\/div>\n<\/div>\n\n\n\n<div class=\"wp-block-group is-style-horizontal-padded wp-container-content-b99e70a5 is-layout-constrained wp-block-group-is-layout-constrained\">\n<div style=\"height:78px;width:0px\" aria-hidden=\"true\" class=\"wp-block-spacer\"><\/div>\n\n\n\n<h1 class=\"wp-block-heading has-text-align-left has-main-color has-text-color has-x-large-font-size\">Bat egin zure udalerriko energia-komunitatearekin<\/h1>\n\n\n\n<div style=\"height:var(--wp--preset--spacing--20);width:0px\" aria-hidden=\"true\" class=\"wp-block-spacer\"><\/div>\n\n\n\n<div class=\"wp-block-buttons is-content-justification-center is-layout-flex wp-container-core-buttons-is-layout-a89b3969 wp-block-buttons-is-layout-flex\">\n<div class=\"wp-block-button is-style-rounded\"><a class=\"wp-block-button__link has-main-color has-primary-background-color has-text-color has-background has-buttons-font-size has-custom-font-size wp-element-button\" href=\"#encuentra-tu-comunidad\">Aurkitu zure energia-<br>komunitatea<\/a><\/div>\n<\/div>\n\n\n\n<div style=\"height:77px;width:0px\" aria-hidden=\"true\" class=\"wp-block-spacer\"><\/div>\n\n\n\n<h4 class=\"wp-block-heading has-main-color has-text-color\" style=\"font-size:clamp(14px, 0.875rem + ((1vw - 3.2px) * 0.156), 16px);\">Dagoeneko ari zarete komunitate bat sustatzen?<\/h4>\n\n\n\n<div class=\"wp-block-buttons is-content-justification-center is-layout-flex wp-container-core-buttons-is-layout-a89b3969 wp-block-buttons-is-layout-flex\">\n<div class=\"wp-block-button is-style-rounded\"><a class=\"wp-block-button__link has-main-color has-primary-background-color has-text-color has-background has-buttons-font-size has-custom-font-size wp-element-button\" href=\"\/eu\/plataforma\">Kontsultatu zer tresna eskaintzen dizkizuegun<\/a><\/div>\n<\/div>\n\n\n\n<div style=\"height:77px;width:0px\" aria-hidden=\"true\" class=\"wp-block-spacer\"><\/div>\n<\/div>\n<\/div>\n<\/section>\n\n\n\n<section class=\"wp-block-group alignfull is-style-no-padding find-your-community has-background is-layout-constrained wp-block-group-is-layout-constrained\" id=\"encuentra-tu-comunidad\" style=\"background-color:#c5e2d040\">\n<div style=\"height:6rem\" aria-hidden=\"true\" class=\"wp-block-spacer is-style-show-tablet-desktop\"><\/div>\n\n\n\n<div style=\"height:3rem\" aria-hidden=\"true\" class=\"wp-block-spacer is-style-show-mobile\"><\/div>\n\n\n\n<div class=\"wp-block-group is-style-horizontal-padded is-style-show-tablet-desktop is-layout-flow wp-block-group-is-layout-flow\">\n<h2 class=\"wp-block-heading has-text-align-center has-main-color has-text-color\">Lagun diezaiegun hazten energia-komunitateei<\/h2>\n\n\n\n<p class=\"has-text-align-center has-medium-font-size\" id=\"more-info\">Komunitate aktibo bat baduzu, <a href=\"\/eu\/plataforma\">begiratu eskaintzen ditugun<\/a> zerbitzuak eta <a href=\"\/eu\/komunitate-berriaren-alta\">eman alta zure komunitateari<\/a>. Oraindik komunitaterik ez baduzu, urrats hauek egin ditzakezu:<\/p>\n\n\n\n<div style=\"height:5rem\" aria-hidden=\"true\" class=\"wp-block-spacer\"><\/div>\n\n\n\n<div class=\"wp-block-group is-nowrap is-layout-flex wp-container-core-group-is-layout-bd3f9bef wp-block-group-is-layout-flex\">\n<div class=\"wp-block-group wp-container-content-8e193808 is-nowrap is-layout-flex wp-container-core-group-is-layout-bd3f9bef wp-block-group-is-layout-flex\">\n<div class=\"wp-block-group wp-container-content-0733e5d0 is-layout-constrained wp-block-group-is-layout-constrained\">\n<div class=\"wp-block-group alignwide is-layout-constrained wp-block-group-is-layout-constrained\" id=\"step1\">\n<p class=\"has-main-color has-base-background-color has-text-color has-background has-medium-font-size\" id=\"step-number\">1<\/p>\n<\/div>\n\n\n\n<div style=\"margin-top:0;margin-bottom:0;height:50px\" aria-hidden=\"true\" class=\"wp-block-spacer\"><\/div>\n\n\n\n<h4 class=\"wp-block-heading has-text-align-center has-main-color has-text-color\">Bilatu zure eremua<\/h4>\n\n\n\n<p class=\"has-text-align-center\">Erabili bilatzailea zure udalerria edo interesatzen zaizun tokia aurkitzeko<\/p>\n<\/div>\n\n\n\n<div id=\"step-arrow\" class=\"wp-block-group is-style-no-padding wp-container-content-0733e5d0 is-vertical is-content-justification-center is-layout-flex wp-container-core-group-is-layout-b6c1f246 wp-block-group-is-layout-flex\"><\/div>\n<\/div>\n\n\n\n<div class=\"wp-block-group wp-container-content-8e193808 is-nowrap is-layout-flex wp-container-core-group-is-layout-bd3f9bef wp-block-group-is-layout-flex\">\n<div class=\"wp-block-group wp-container-content-0733e5d0 is-layout-constrained wp-block-group-is-layout-constrained\">\n<div class=\"wp-block-group alignwide is-layout-constrained wp-block-group-is-layout-constrained\" id=\"step2\">\n<p class=\"has-main-color has-base-background-color has-text-color has-background has-medium-font-size\" id=\"step-number\">2<\/p>\n<\/div>\n\n\n\n<div style=\"height:50px\" aria-hidden=\"true\" class=\"wp-block-spacer\"><\/div>\n\n\n\n<h4 class=\"wp-block-heading has-text-align-center has-main-color has-text-color\">Begiratu egoera<\/h4>\n\n\n\n<p class=\"has-text-align-center\">Begiratu zein egoeratan dagoen energia-komunitatea. Iragazkiak erabil ditzakezu<\/p>\n<\/div>\n\n\n\n<div id=\"step-arrow\" class=\"wp-block-group is-style-no-padding wp-container-content-0733e5d0 is-vertical is-content-justification-center is-layout-flex wp-container-core-group-is-layout-b6c1f246 wp-block-group-is-layout-flex\"><\/div>\n<\/div>\n\n\n\n<div class=\"wp-block-group wp-container-content-8e193808 is-nowrap is-layout-flex wp-container-core-group-is-layout-bd3f9bef wp-block-group-is-layout-flex\">\n<div class=\"wp-block-group wp-container-content-0733e5d0 is-layout-constrained wp-block-group-is-layout-constrained\">\n<div class=\"wp-block-group alignwide is-layout-constrained wp-block-group-is-layout-constrained\" id=\"step3\">\n<p class=\"has-main-color has-base-background-color has-text-color has-background has-medium-font-size\" id=\"step-number\">3<\/p>\n<\/div>\n\n\n\n<div style=\"height:50px\" aria-hidden=\"true\" class=\"wp-block-spacer\"><\/div>\n\n\n\n<h4 class=\"wp-block-heading has-text-align-center has-main-color has-text-color\">Bete datuak<\/h4>\n\n\n\n<p class=\"has-text-align-center\">Bat egin dagoeneko martxan dauden energia-komunitateekin, edo lagundu iezaiezu gauzatzen<\/p>\n<\/div>\n\n\n\n<div id=\"step-arrow\" class=\"wp-block-group is-style-no-padding wp-container-content-0733e5d0 is-vertical is-content-justification-center is-layout-flex wp-container-core-group-is-layout-b6c1f246 wp-block-group-is-layout-flex\"><\/div>\n<\/div>\n\n\n\n<div class=\"wp-block-group wp-container-content-156af0f6 is-nowrap is-layout-flex wp-container-core-group-is-layout-f66f9956 wp-block-group-is-layout-flex\">\n<div class=\"wp-block-group wp-container-content-9cfa9a5a is-layout-constrained wp-block-group-is-layout-constrained\">\n<div class=\"wp-block-group alignwide is-layout-constrained wp-block-group-is-layout-constrained\" id=\"step4\">\n<p class=\"has-main-color has-base-background-color has-text-color has-background has-medium-font-size\" id=\"step-number\">4<\/p>\n<\/div>\n\n\n\n<div style=\"height:50px\" aria-hidden=\"true\" class=\"wp-block-spacer\"><\/div>\n\n\n\n<h4 class=\"wp-block-heading has-text-align-center has-main-color has-text-color\">Prest duzu!<\/h4>\n\n\n\n<p class=\"has-text-align-center new-line\" id=\"more-info\">Elkarrekin, energia-komunitateak gauzatzen lagunduko dugu<\/p>\n<\/div>\n<\/div>\n<\/div>\n<\/div>\n\n\n\n<div class=\"wp-block-group is-style-show-mobile is-style-horizontal-padded is-layout-flow wp-block-group-is-layout-flow\">\n<div class=\"wp-block-group is-layout-flow wp-block-group-is-layout-flow\">\n<h3 class=\"wp-block-heading has-text-align-center has-main-color has-text-color\">Lagun diezaiegun hazten energia-komunitateei<\/h3>\n\n\n\n<p class=\"has-text-align-center has-section-texts-font-size\" id=\"more-info\">Dagoeneko komunitate bat aktibo baduzu, <a href=\"\/eu\/plataforma\"><strong>kontsultatu eskaintzen ditugun zerbitzuak<\/strong><\/a> eta <a href=\"https:\/\/somcomunitats.coop\/eu\/komunitate-berriaren-alta\/\"><strong>eman iezaiozu alta<\/strong><\/a>. <br>Oraindik komunitaterik ez baduzu, argibide hauei jarraitu diezaiekezu:<\/p>\n<\/div>\n\n\n\n<div style=\"height:1rem\" aria-hidden=\"true\" class=\"wp-block-spacer\"><\/div>\n\n\n\n<div class=\"wp-block-group is-layout-flow wp-block-group-is-layout-flow\">\n<div class=\"wp-block-ce-block-slider\" infinite=\"false\" centermode=\"false\" slidestoshow=\"1\" slidestoscroll=\"1\" initialslide=\"0\" showdots=\"false\" showarrows=\"true\" autoplay>\n<div class=\"wp-block-group ce-block-slider-wrapper is-horizontal is-layout-flex wp-block-group-is-layout-flex\">\n<div class=\"wp-block-group is-layout-constrained wp-block-group-is-layout-constrained\">\n<div class=\"wp-block-group alignwide is-layout-constrained wp-block-group-is-layout-constrained\" id=\"step1\">\n<p class=\"has-main-color has-base-background-color has-text-color has-background has-medium-font-size\" id=\"step-number\">1<\/p>\n<\/div>\n\n\n\n<div style=\"margin-top:0;margin-bottom:0;height:30px\" aria-hidden=\"true\" class=\"wp-block-spacer\"><\/div>\n\n\n\n<h5 class=\"wp-block-heading has-text-align-center has-main-color has-text-color\">Bilatu zure eremua<\/h5>\n\n\n\n<p class=\"has-text-align-center\">Erabili bilatzailea zure udalerria edo interesatzen zaizun tokia aurkitzeko<\/p>\n<\/div>\n\n\n\n<div class=\"wp-block-group is-layout-constrained wp-block-group-is-layout-constrained\">\n<div class=\"wp-block-group alignwide is-layout-constrained wp-block-group-is-layout-constrained\" id=\"step2\">\n<p class=\"has-main-color has-base-background-color has-text-color has-background has-medium-font-size\" id=\"step-number\">2<\/p>\n<\/div>\n\n\n\n<div style=\"height:30px\" aria-hidden=\"true\" class=\"wp-block-spacer\"><\/div>\n\n\n\n<h5 class=\"wp-block-heading has-text-align-center has-main-color has-text-color\">Begiratu egoera<\/h5>\n\n\n\n<p class=\"has-text-align-center\">Begiratu zein egoeratan dagoen energia-komunitatea. Iragazkiak erabil ditzakezu<\/p>\n<\/div>\n\n\n\n<div class=\"wp-block-group is-layout-constrained wp-block-group-is-layout-constrained\">\n<div class=\"wp-block-group alignwide is-layout-constrained wp-block-group-is-layout-constrained\" id=\"step3\">\n<p class=\"has-main-color has-base-background-color has-text-color has-background has-medium-font-size\" id=\"step-number\">3<\/p>\n<\/div>\n\n\n\n<div style=\"height:30px\" aria-hidden=\"true\" class=\"wp-block-spacer\"><\/div>\n\n\n\n<h5 class=\"wp-block-heading has-text-align-center has-main-color has-text-color\">Bete datuak<\/h5>\n\n\n\n<p class=\"has-text-align-center\">Bat egin dagoeneko martxan dauden energia-komunitateekin, edo lagundu iezaiezu gauzatzen<\/p>\n<\/div>\n\n\n\n<div class=\"wp-block-group is-layout-constrained wp-block-group-is-layout-constrained\">\n<div class=\"wp-block-group alignwide is-layout-constrained wp-block-group-is-layout-constrained\" id=\"step4\">\n<p class=\"has-main-color has-base-background-color has-text-color has-background has-medium-font-size\" id=\"step-number\">4<\/p>\n<\/div>\n\n\n\n<div style=\"height:30px\" aria-hidden=\"true\" class=\"wp-block-spacer\"><\/div>\n\n\n\n<h5 class=\"wp-block-heading has-text-align-center has-main-color has-text-color\">Prest duzu!<\/h5>\n\n\n\n<p class=\"has-text-align-center new-line\" id=\"more-info\">Elkarrekin, energia-komunitateak gauzatzen lagunduko dugu<\/p>\n<\/div>\n<\/div>\n<\/div>\n<\/div>\n<\/div>\n\n\n\n<div class=\"wp-block-group is-style-no-padding is-content-justification-center is-nowrap is-layout-flex wp-container-core-group-is-layout-23441af8 wp-block-group-is-layout-flex\">\n<div style=\"height:100px;width:0px\" aria-hidden=\"true\" class=\"wp-block-spacer is-style-show-tablet-desktop wp-container-content-95b39f08\"><\/div>\n\n\n\n<div id=\"mapa\" class=\"wp-block-group wp-container-content-9cfa9a5a is-layout-flow wp-block-group-is-layout-flow\">\n<section class=\"wp-block-group alignfull is-style-horizontal-padded has-background is-layout-constrained wp-block-group-is-layout-constrained\" id=\"ce-services\" style=\"background-color:#f0f7f4\">\n<div class=\"wp-block-group is-layout-flow wp-block-group-is-layout-flow\">\n<div style=\"height:3rem\" aria-hidden=\"true\" class=\"wp-block-spacer is-style-show-mobile\"><\/div>\n\n\n\n<div style=\"height:20px\" aria-hidden=\"true\" class=\"wp-block-spacer\"><\/div>\n\n\n\n<div class=\"wp-block-group is-layout-constrained wp-container-core-group-is-layout-9e0a24c1 wp-block-group-is-layout-constrained\">\n<p class=\"has-text-align-left has-typography-color has-text-color has-section-texts-font-size\">Gaur egun, autonomia-erkidego berriak bilatzen ari dira lurralde horietan:<\/p>\n<\/div>\n\n\n\n<div style=\"height:20px\" aria-hidden=\"true\" class=\"wp-block-spacer\"><\/div>\n\n\n\n<div class=\"wp-block-columns is-layout-flex wp-container-core-columns-is-layout-28f84493 wp-block-columns-is-layout-flex\">\n<div class=\"wp-block-column is-layout-flow wp-block-column-is-layout-flow\">\n<div id=\"more-info-group\" class=\"wp-block-group is-layout-constrained wp-block-group-is-layout-constrained\">\n<figure class=\"wp-block-image aligncenter size-large is-resized\"><a href=\"https:\/\/somcomunitats.coop\/es\/noticies\/castilla-leon\/\"><img loading=\"lazy\" decoding=\"async\" width=\"1024\" height=\"1024\" src=\"https:\/\/somcomunitats.coop\/wp-content\/uploads\/2025\/09\/Campanya-Spot-2025-CCEE-16-1024x1024.jpg\" alt=\"\" class=\"wp-image-11519\" style=\"object-fit:contain;width:undefinedpx;height:250px\" srcset=\"https:\/\/somcomunitats.coop\/wp-content\/uploads\/2025\/09\/Campanya-Spot-2025-CCEE-16-1024x1024.jpg 1024w, https:\/\/somcomunitats.coop\/wp-content\/uploads\/2025\/09\/Campanya-Spot-2025-CCEE-16-300x300.jpg 300w, https:\/\/somcomunitats.coop\/wp-content\/uploads\/2025\/09\/Campanya-Spot-2025-CCEE-16-150x150.jpg 150w, https:\/\/somcomunitats.coop\/wp-content\/uploads\/2025\/09\/Campanya-Spot-2025-CCEE-16-768x768.jpg 768w, https:\/\/somcomunitats.coop\/wp-content\/uploads\/2025\/09\/Campanya-Spot-2025-CCEE-16-1536x1536.jpg 1536w, https:\/\/somcomunitats.coop\/wp-content\/uploads\/2025\/09\/Campanya-Spot-2025-CCEE-16.jpg 1876w\" sizes=\"auto, (max-width: 1024px) 100vw, 1024px\" \/><\/a><\/figure>\n\n\n\n<div style=\"height:2rem\" aria-hidden=\"true\" class=\"wp-block-spacer\"><\/div>\n\n\n\n<div class=\"wp-block-buttons is-content-justification-center is-layout-flex wp-container-core-buttons-is-layout-a89b3969 wp-block-buttons-is-layout-flex\">\n<div class=\"wp-block-button\"><a class=\"wp-block-button__link has-text-align-center wp-element-button\" href=\"https:\/\/somcomunitats.coop\/es\/noticies\/castilla-leon\/\">Castilla y Le\u00f3n<\/a><\/div>\n<\/div>\n<\/div>\n<\/div>\n\n\n\n<div class=\"wp-block-column is-layout-flow wp-block-column-is-layout-flow\">\n<div class=\"wp-block-group is-layout-constrained wp-block-group-is-layout-constrained\">\n<figure class=\"wp-block-image aligncenter size-large is-resized\"><a href=\"https:\/\/somcomunitats.coop\/es\/noticies\/madrid\/\"><img loading=\"lazy\" decoding=\"async\" width=\"1024\" height=\"1024\" src=\"https:\/\/somcomunitats.coop\/wp-content\/uploads\/2025\/09\/Campanya-Spot-2025-CCEE-15-1024x1024.jpg\" alt=\"\" class=\"wp-image-11522\" style=\"object-fit:contain;width:undefinedpx;height:250px\" srcset=\"https:\/\/somcomunitats.coop\/wp-content\/uploads\/2025\/09\/Campanya-Spot-2025-CCEE-15-1024x1024.jpg 1024w, https:\/\/somcomunitats.coop\/wp-content\/uploads\/2025\/09\/Campanya-Spot-2025-CCEE-15-300x300.jpg 300w, https:\/\/somcomunitats.coop\/wp-content\/uploads\/2025\/09\/Campanya-Spot-2025-CCEE-15-150x150.jpg 150w, https:\/\/somcomunitats.coop\/wp-content\/uploads\/2025\/09\/Campanya-Spot-2025-CCEE-15-768x768.jpg 768w, https:\/\/somcomunitats.coop\/wp-content\/uploads\/2025\/09\/Campanya-Spot-2025-CCEE-15-1536x1536.jpg 1536w, https:\/\/somcomunitats.coop\/wp-content\/uploads\/2025\/09\/Campanya-Spot-2025-CCEE-15.jpg 1876w\" sizes=\"auto, (max-width: 1024px) 100vw, 1024px\" \/><\/a><\/figure>\n\n\n\n<div style=\"height:2rem\" aria-hidden=\"true\" class=\"wp-block-spacer\"><\/div>\n\n\n\n<div class=\"wp-block-buttons is-content-justification-center is-layout-flex wp-container-core-buttons-is-layout-a89b3969 wp-block-buttons-is-layout-flex\">\n<div class=\"wp-block-button\"><a class=\"wp-block-button__link has-text-align-center wp-element-button\" href=\"https:\/\/somcomunitats.coop\/es\/noticies\/madrid\/\">Madrid<\/a><\/div>\n<\/div>\n<\/div>\n<\/div>\n\n\n\n<div class=\"wp-block-column is-layout-flow wp-block-column-is-layout-flow\">\n<div class=\"wp-block-group is-layout-constrained wp-block-group-is-layout-constrained\">\n<figure class=\"wp-block-image aligncenter size-large is-resized\"><a href=\"https:\/\/community-maps.somenergia.coop\/eu\/somcomunitats\/maps\/campanya\" target=\"_blank\" rel=\" noreferrer noopener\"><img loading=\"lazy\" decoding=\"async\" width=\"1024\" height=\"1024\" src=\"https:\/\/somcomunitats.coop\/wp-content\/uploads\/2025\/09\/Campanya-Spot-2025-CCEE-13-1024x1024.jpg\" alt=\"\" class=\"wp-image-11528\" style=\"object-fit:contain;width:undefinedpx;height:250px\" srcset=\"https:\/\/somcomunitats.coop\/wp-content\/uploads\/2025\/09\/Campanya-Spot-2025-CCEE-13-1024x1024.jpg 1024w, https:\/\/somcomunitats.coop\/wp-content\/uploads\/2025\/09\/Campanya-Spot-2025-CCEE-13-300x300.jpg 300w, https:\/\/somcomunitats.coop\/wp-content\/uploads\/2025\/09\/Campanya-Spot-2025-CCEE-13-150x150.jpg 150w, https:\/\/somcomunitats.coop\/wp-content\/uploads\/2025\/09\/Campanya-Spot-2025-CCEE-13-768x768.jpg 768w, https:\/\/somcomunitats.coop\/wp-content\/uploads\/2025\/09\/Campanya-Spot-2025-CCEE-13-1536x1536.jpg 1536w, https:\/\/somcomunitats.coop\/wp-content\/uploads\/2025\/09\/Campanya-Spot-2025-CCEE-13.jpg 1876w\" sizes=\"auto, (max-width: 1024px) 100vw, 1024px\" \/><\/a><\/figure>\n\n\n\n<div style=\"height:2rem\" aria-hidden=\"true\" class=\"wp-block-spacer\"><\/div>\n\n\n\n<div class=\"wp-block-buttons is-content-justification-center is-layout-flex wp-container-core-buttons-is-layout-a89b3969 wp-block-buttons-is-layout-flex\">\n<div class=\"wp-block-button\"><a class=\"wp-block-button__link wp-element-button\" href=\"https:\/\/community-maps.somenergia.coop\/eu\/somcomunitats\/maps\/campanya\" target=\"_blank\" rel=\"noreferrer noopener\">Catalunya<\/a><\/div>\n<\/div>\n<\/div>\n<\/div>\n\n\n\n<div class=\"wp-block-column is-layout-flow wp-block-column-is-layout-flow\">\n<div id=\"more-info-group\" class=\"wp-block-group is-layout-constrained wp-block-group-is-layout-constrained\">\n<figure class=\"wp-block-image aligncenter size-large is-resized\"><a href=\"https:\/\/somcomunitats.coop\/es\/noticies\/euskal-herria\/\"><img loading=\"lazy\" decoding=\"async\" width=\"1024\" height=\"1024\" src=\"https:\/\/somcomunitats.coop\/wp-content\/uploads\/2025\/09\/Campanya-Spot-2025-CCEE-14-1024x1024.jpg\" alt=\"\" class=\"wp-image-11525\" style=\"object-fit:contain;width:undefinedpx;height:250px\" srcset=\"https:\/\/somcomunitats.coop\/wp-content\/uploads\/2025\/09\/Campanya-Spot-2025-CCEE-14-1024x1024.jpg 1024w, https:\/\/somcomunitats.coop\/wp-content\/uploads\/2025\/09\/Campanya-Spot-2025-CCEE-14-300x300.jpg 300w, https:\/\/somcomunitats.coop\/wp-content\/uploads\/2025\/09\/Campanya-Spot-2025-CCEE-14-150x150.jpg 150w, https:\/\/somcomunitats.coop\/wp-content\/uploads\/2025\/09\/Campanya-Spot-2025-CCEE-14-768x768.jpg 768w, https:\/\/somcomunitats.coop\/wp-content\/uploads\/2025\/09\/Campanya-Spot-2025-CCEE-14-1536x1536.jpg 1536w, https:\/\/somcomunitats.coop\/wp-content\/uploads\/2025\/09\/Campanya-Spot-2025-CCEE-14.jpg 1876w\" sizes=\"auto, (max-width: 1024px) 100vw, 1024px\" \/><\/a><\/figure>\n\n\n\n<div style=\"height:2rem\" aria-hidden=\"true\" class=\"wp-block-spacer\"><\/div>\n\n\n\n<div class=\"wp-block-buttons is-content-justification-center is-layout-flex wp-container-core-buttons-is-layout-a89b3969 wp-block-buttons-is-layout-flex\">\n<div class=\"wp-block-button\"><a class=\"wp-block-button__link has-text-align-center wp-element-button\" href=\"https:\/\/somcomunitats.coop\/es\/noticies\/euskal-herria\/\">Euskal Herria <\/a><\/div>\n<\/div>\n<\/div>\n<\/div>\n<\/div>\n\n\n\n<div style=\"height:57px\" aria-hidden=\"true\" class=\"wp-block-spacer is-style-show-tablet-desktop\"><\/div>\n\n\n\n<p class=\"has-text-align-left has-typography-color has-text-color has-section-texts-font-size\">Euskal Herrian bizi bazara, mapa honetan aurkituko duzu zure Komunitate Energetikoa:<\/p>\n<\/div>\n<\/section>\n\n\n\n<iframe loading=\"lazy\" allowfullscreen=\"\" allow=\"clipboard-write\" id=\"map\" class=\"h-full w-full\" src=\"https:\/\/community-maps.somenergia.coop\/eu\/somcomunitats\/maps\/sumate-goiener\" width=\"100%\" height=\"850px\" frameborder=\"0\"><\/iframe><script type=\"text\/javascript\" id=\"community-maps-builder\" data-iframe-id=\"map\" src=\"https:\/\/community-maps.somenergia.coop\/iframe-integration.js\"><\/script>\n\n\n\n<div style=\"height:70px;width:0px\" aria-hidden=\"true\" class=\"wp-block-spacer is-style-show-tablet-desktop\"><\/div>\n<\/div>\n\n\n\n<div style=\"height:100px;width:0px\" aria-hidden=\"true\" class=\"wp-block-spacer is-style-show-tablet-desktop wp-container-content-95b39f08\"><\/div>\n<\/div>\n\n\n\n<div style=\"height:40px\" aria-hidden=\"true\" class=\"wp-block-spacer is-style-show-tablet-desktop\"><\/div>\n<\/section>\n\n\n\n<section class=\"wp-block-group alignfull is-style-show-mobile is-style-no-padding is-layout-flow wp-block-group-is-layout-flow\">\n<div class=\"wp-block-group is-style-show-mobile is-style-no-padding is-layout-constrained wp-block-group-is-layout-constrained\">\n<div class=\"wp-block-cover aligncenter is-style-default\" style=\"margin-top:0;margin-bottom:0;min-height:450px;aspect-ratio:unset;\"><img loading=\"lazy\" decoding=\"async\" width=\"1365\" height=\"2048\" class=\"wp-block-cover__image-background wp-image-3551\" alt=\"\" src=\"https:\/\/web-testing.somcomunitats.coop\/wp-content\/uploads\/2023\/09\/Foto-motius.jpg\" data-object-fit=\"cover\" srcset=\"https:\/\/somcomunitats.coop\/wp-content\/uploads\/2023\/09\/Foto-motius.jpg 1365w, https:\/\/somcomunitats.coop\/wp-content\/uploads\/2023\/09\/Foto-motius-200x300.jpg 200w, https:\/\/somcomunitats.coop\/wp-content\/uploads\/2023\/09\/Foto-motius-683x1024.jpg 683w, https:\/\/somcomunitats.coop\/wp-content\/uploads\/2023\/09\/Foto-motius-768x1152.jpg 768w, https:\/\/somcomunitats.coop\/wp-content\/uploads\/2023\/09\/Foto-motius-1024x1536.jpg 1024w\" sizes=\"auto, (max-width: 1365px) 100vw, 1365px\" \/><span aria-hidden=\"true\" class=\"wp-block-cover__background has-background-dim-0 has-background-dim\"><\/span><div class=\"wp-block-cover__inner-container is-layout-constrained wp-block-cover-is-layout-constrained\">\n<p class=\"has-text-align-center has-large-font-size\"><\/p>\n<\/div><\/div>\n<\/div>\n\n\n\n<div class=\"wp-block-group is-style-no-padding is-vertical is-content-justification-center is-layout-flex wp-container-core-group-is-layout-ce155fab wp-block-group-is-layout-flex\">\n<div class=\"wp-block-group is-style-horizontal-padded wp-container-content-958eb9dc is-layout-flow wp-block-group-is-layout-flow\">\n<div style=\"height:6rem\" aria-hidden=\"true\" class=\"wp-block-spacer is-style-show-tablet-desktop\"><\/div>\n\n\n\n<div style=\"height:3rem\" aria-hidden=\"true\" class=\"wp-block-spacer is-style-show-mobile\"><\/div>\n\n\n\n<h3 class=\"wp-block-heading has-main-color has-text-color\">Energia-komunitate bateko partaide izateko arrazoiak<\/h3>\n\n\n\n<p class=\"has-section-texts-font-size\">Klima-aldaketaren egungo egoera ikusita, nahitaezkoa da udalerri bakoitzeko pertsonak antolatzea eta neurriak hartzea.<\/p>\n\n\n\n<div style=\"height:2em;width:0px\" aria-hidden=\"true\" class=\"wp-block-spacer\"><\/div>\n\n\n\n<div class=\"wp-block-group is-vertical is-content-justification-center is-layout-flex wp-container-core-group-is-layout-ce155fab wp-block-group-is-layout-flex\">\n<div class=\"wp-block-group is-style-default is-vertical is-content-justification-center is-layout-flex wp-container-core-group-is-layout-ce155fab wp-block-group-is-layout-flex\">\n<figure class=\"wp-block-image size-large is-resized\"><img loading=\"lazy\" decoding=\"async\" width=\"1024\" height=\"1024\" src=\"https:\/\/web-testing.somcomunitats.coop\/wp-content\/uploads\/2023\/09\/Motius4-e1696852860809-1024x1024.png\" alt=\"comunitats-energ&amp;egrave;tiques\" class=\"wp-image-3564\" style=\"object-fit:contain;width:100px;height:100px\" srcset=\"https:\/\/somcomunitats.coop\/wp-content\/uploads\/2023\/09\/Motius4-e1696852860809-1024x1024.png 1024w, https:\/\/somcomunitats.coop\/wp-content\/uploads\/2023\/09\/Motius4-e1696852860809-300x300.png 300w, https:\/\/somcomunitats.coop\/wp-content\/uploads\/2023\/09\/Motius4-e1696852860809-150x150.png 150w, https:\/\/somcomunitats.coop\/wp-content\/uploads\/2023\/09\/Motius4-e1696852860809-768x768.png 768w, https:\/\/somcomunitats.coop\/wp-content\/uploads\/2023\/09\/Motius4-e1696852860809.png 1080w\" sizes=\"auto, (max-width: 1024px) 100vw, 1024px\" \/><\/figure>\n<\/div>\n\n\n\n<div style=\"height:0px\" aria-hidden=\"true\" class=\"wp-block-spacer wp-container-content-42fb7c7f\"><\/div>\n\n\n\n<div class=\"wp-block-group is-vertical is-content-justification-center is-layout-flex wp-container-core-group-is-layout-ce155fab wp-block-group-is-layout-flex\">\n<h5 class=\"wp-block-heading has-text-align-center has-main-color has-text-color\">Klima-aldaketaren ondorioak murriztea<\/h5>\n\n\n\n<p class=\"has-text-align-center has-small-font-size\">Gure kontsumoa murrizten dugu, eta erregai fosilak kontsumitzeari uzten diogu, herritarren esku dauden energia berriztagarri eta deszentralizatuen alde eginez.<\/p>\n<\/div>\n<\/div>\n\n\n\n<div style=\"height:2em;width:0px\" aria-hidden=\"true\" class=\"wp-block-spacer\"><\/div>\n\n\n\n<div class=\"wp-block-group is-vertical is-content-justification-center is-layout-flex wp-container-core-group-is-layout-ce155fab wp-block-group-is-layout-flex\">\n<div class=\"wp-block-group is-style-default is-vertical is-content-justification-center is-layout-flex wp-container-core-group-is-layout-ce155fab wp-block-group-is-layout-flex\">\n<figure class=\"wp-block-image size-large is-resized is-style-image-center\"><img loading=\"lazy\" decoding=\"async\" width=\"1024\" height=\"1024\" src=\"https:\/\/web-testing.somcomunitats.coop\/wp-content\/uploads\/2023\/09\/Motius3-1024x1024.png\" alt=\"\" class=\"wp-image-3562\" style=\"object-fit:contain;width:100px;height:100px\" srcset=\"https:\/\/somcomunitats.coop\/wp-content\/uploads\/2023\/09\/Motius3-1024x1024.png 1024w, https:\/\/somcomunitats.coop\/wp-content\/uploads\/2023\/09\/Motius3-300x300.png 300w, https:\/\/somcomunitats.coop\/wp-content\/uploads\/2023\/09\/Motius3-150x150.png 150w, https:\/\/somcomunitats.coop\/wp-content\/uploads\/2023\/09\/Motius3-768x768.png 768w, https:\/\/somcomunitats.coop\/wp-content\/uploads\/2023\/09\/Motius3.png 1080w\" sizes=\"auto, (max-width: 1024px) 100vw, 1024px\" \/><\/figure>\n<\/div>\n\n\n\n<div style=\"height:0px\" aria-hidden=\"true\" class=\"wp-block-spacer wp-container-content-cf2db169\"><\/div>\n\n\n\n<div class=\"wp-block-group is-vertical is-content-justification-center is-layout-flex wp-container-core-group-is-layout-ce155fab wp-block-group-is-layout-flex\">\n<h5 class=\"wp-block-heading has-text-align-center has-main-color has-text-color\">Gizarte-mugimenduetan parte hartzea<\/h5>\n\n\n\n<p class=\"has-text-align-center has-small-font-size\">Ez jardun bakarrik; talde bateko kidea bazara, urrunago iritsiko zara, eta eragin handiagoa izango duzu.<\/p>\n<\/div>\n<\/div>\n\n\n\n<div style=\"height:2em;width:0px\" aria-hidden=\"true\" class=\"wp-block-spacer\"><\/div>\n\n\n\n<div class=\"wp-block-group is-vertical is-content-justification-center is-layout-flex wp-container-core-group-is-layout-ce155fab wp-block-group-is-layout-flex\">\n<div class=\"wp-block-group is-style-default is-vertical is-content-justification-center is-layout-flex wp-container-core-group-is-layout-ce155fab wp-block-group-is-layout-flex\">\n<figure class=\"wp-block-image size-large is-resized\"><img loading=\"lazy\" decoding=\"async\" width=\"1024\" height=\"1024\" src=\"https:\/\/web-testing.somcomunitats.coop\/wp-content\/uploads\/2023\/09\/Motius2-e1696320717379-1024x1024.png\" alt=\"comunitats-energ&amp;egrave;tiques\" class=\"wp-image-3560\" style=\"object-fit:cover;width:100px;height:100px\" srcset=\"https:\/\/somcomunitats.coop\/wp-content\/uploads\/2023\/09\/Motius2-e1696320717379-1024x1024.png 1024w, https:\/\/somcomunitats.coop\/wp-content\/uploads\/2023\/09\/Motius2-e1696320717379-300x300.png 300w, https:\/\/somcomunitats.coop\/wp-content\/uploads\/2023\/09\/Motius2-e1696320717379-150x150.png 150w, https:\/\/somcomunitats.coop\/wp-content\/uploads\/2023\/09\/Motius2-e1696320717379-768x768.png 768w, https:\/\/somcomunitats.coop\/wp-content\/uploads\/2023\/09\/Motius2-e1696320717379.png 1080w\" sizes=\"auto, (max-width: 1024px) 100vw, 1024px\" \/><\/figure>\n<\/div>\n\n\n\n<div style=\"height:0px\" aria-hidden=\"true\" class=\"wp-block-spacer wp-container-content-cf2db169\"><\/div>\n\n\n\n<div class=\"wp-block-group is-vertical is-content-justification-center is-layout-flex wp-container-core-group-is-layout-ce155fab wp-block-group-is-layout-flex\">\n<h5 class=\"wp-block-heading has-text-align-center has-main-color has-text-color\">Energia-trantsizioa bultzatu eta gure bizitza deskarbonizatzea<\/h5>\n\n\n\n<p class=\"has-text-align-center has-small-font-size\">Askotariko energia-ekintzak aktibatzea; esaterako, eguzki-plakak partekatzea, ibilgailu elektrikoa partekatzea, etxebizitzen energia-eraginkortasuna hobetzea, etab.<\/p>\n<\/div>\n<\/div>\n\n\n\n<div style=\"height:2em;width:0px\" aria-hidden=\"true\" class=\"wp-block-spacer\"><\/div>\n\n\n\n<div class=\"wp-block-group is-vertical is-content-justification-center is-layout-flex wp-container-core-group-is-layout-ce155fab wp-block-group-is-layout-flex\">\n<div class=\"wp-block-group is-style-default is-vertical is-content-justification-center is-layout-flex wp-container-core-group-is-layout-ce155fab wp-block-group-is-layout-flex\">\n<figure class=\"wp-block-image size-large is-resized\"><img loading=\"lazy\" decoding=\"async\" width=\"1024\" height=\"1024\" src=\"https:\/\/web-testing.somcomunitats.coop\/wp-content\/uploads\/2023\/10\/Som-Comunitats_Motiu-4-1024x1024.png\" alt=\"\" class=\"wp-image-4588\" style=\"object-fit:contain;width:100px;height:100px\" srcset=\"https:\/\/somcomunitats.coop\/wp-content\/uploads\/2023\/10\/Som-Comunitats_Motiu-4-1024x1024.png 1024w, https:\/\/somcomunitats.coop\/wp-content\/uploads\/2023\/10\/Som-Comunitats_Motiu-4-300x300.png 300w, https:\/\/somcomunitats.coop\/wp-content\/uploads\/2023\/10\/Som-Comunitats_Motiu-4-150x150.png 150w, https:\/\/somcomunitats.coop\/wp-content\/uploads\/2023\/10\/Som-Comunitats_Motiu-4-768x768.png 768w, https:\/\/somcomunitats.coop\/wp-content\/uploads\/2023\/10\/Som-Comunitats_Motiu-4-1536x1536.png 1536w, https:\/\/somcomunitats.coop\/wp-content\/uploads\/2023\/10\/Som-Comunitats_Motiu-4.png 1710w\" sizes=\"auto, (max-width: 1024px) 100vw, 1024px\" \/><\/figure>\n<\/div>\n\n\n\n<div style=\"height:0px\" aria-hidden=\"true\" class=\"wp-block-spacer wp-container-content-cf2db169\"><\/div>\n\n\n\n<div class=\"wp-block-group is-vertical is-content-justification-center is-layout-flex wp-container-core-group-is-layout-ce155fab wp-block-group-is-layout-flex\">\n<h5 class=\"wp-block-heading has-text-align-center has-main-color has-text-color\">Dirua aurreztea eta energia-autonomia lortzea<\/h5>\n\n\n\n<p class=\"has-text-align-center\">Energia-zerbitzuak aktibatzearen alde eginez, dirua aurreztu ahal izango dugu, eta energetikoki independenteagoak izan.<\/p>\n<\/div>\n<\/div>\n\n\n\n<div style=\"height:2em;width:0px\" aria-hidden=\"true\" class=\"wp-block-spacer\"><\/div>\n\n\n\n<div class=\"wp-block-group is-vertical is-content-justification-center is-layout-flex wp-container-core-group-is-layout-ce155fab wp-block-group-is-layout-flex\">\n<div class=\"wp-block-group is-style-default is-vertical is-content-justification-center is-layout-flex wp-container-core-group-is-layout-ce155fab wp-block-group-is-layout-flex\">\n<figure class=\"wp-block-image size-large is-resized\"><img loading=\"lazy\" decoding=\"async\" width=\"1024\" height=\"1024\" src=\"https:\/\/web-testing.somcomunitats.coop\/wp-content\/uploads\/2023\/09\/Motius6-1024x1024.png\" alt=\"comunitats-energ&amp;egrave;tiques\" class=\"wp-image-3557\" style=\"object-fit:contain;width:100px;height:100px\" srcset=\"https:\/\/somcomunitats.coop\/wp-content\/uploads\/2023\/09\/Motius6-1024x1024.png 1024w, https:\/\/somcomunitats.coop\/wp-content\/uploads\/2023\/09\/Motius6-300x300.png 300w, https:\/\/somcomunitats.coop\/wp-content\/uploads\/2023\/09\/Motius6-150x150.png 150w, https:\/\/somcomunitats.coop\/wp-content\/uploads\/2023\/09\/Motius6-768x768.png 768w, https:\/\/somcomunitats.coop\/wp-content\/uploads\/2023\/09\/Motius6.png 1080w\" sizes=\"auto, (max-width: 1024px) 100vw, 1024px\" \/><\/figure>\n<\/div>\n\n\n\n<div style=\"height:0px\" aria-hidden=\"true\" class=\"wp-block-spacer wp-container-content-cf2db169\"><\/div>\n\n\n\n<div class=\"wp-block-group is-vertical is-content-justification-center is-layout-flex wp-container-core-group-is-layout-ce155fab wp-block-group-is-layout-flex\">\n<h5 class=\"wp-block-heading has-text-align-center has-main-color has-text-color\">Energiarako irispidea demokratizatzea<\/h5>\n\n\n\n<p class=\"has-text-align-center\">Udalerri bakoitzean kooperatiba bat sortzea energia ekoizteko eta kudeatzeko, egungo energia-oligopolioa apurtuko dugu, eta deszentralizazioaren alde egingo dugu.<\/p>\n<\/div>\n<\/div>\n\n\n\n<div style=\"height:2em;width:0px\" aria-hidden=\"true\" class=\"wp-block-spacer\"><\/div>\n\n\n\n<div class=\"wp-block-group is-vertical is-content-justification-center is-layout-flex wp-container-core-group-is-layout-ce155fab wp-block-group-is-layout-flex\">\n<div class=\"wp-block-group is-style-default is-vertical is-content-justification-center is-layout-flex wp-container-core-group-is-layout-ce155fab wp-block-group-is-layout-flex\">\n<figure class=\"wp-block-image size-large is-resized\"><img loading=\"lazy\" decoding=\"async\" width=\"1024\" height=\"1024\" src=\"https:\/\/web-testing.somcomunitats.coop\/wp-content\/uploads\/2023\/09\/Motius1-1024x1024.png\" alt=\"comunitats-energ&amp;egrave;tiques\" class=\"wp-image-3566\" style=\"object-fit:contain;width:100px;height:100px\" srcset=\"https:\/\/somcomunitats.coop\/wp-content\/uploads\/2023\/09\/Motius1-1024x1024.png 1024w, https:\/\/somcomunitats.coop\/wp-content\/uploads\/2023\/09\/Motius1-300x300.png 300w, https:\/\/somcomunitats.coop\/wp-content\/uploads\/2023\/09\/Motius1-150x150.png 150w, https:\/\/somcomunitats.coop\/wp-content\/uploads\/2023\/09\/Motius1-768x768.png 768w, https:\/\/somcomunitats.coop\/wp-content\/uploads\/2023\/09\/Motius1.png 1080w\" sizes=\"auto, (max-width: 1024px) 100vw, 1024px\" \/><\/figure>\n<\/div>\n\n\n\n<div style=\"height:0px\" aria-hidden=\"true\" class=\"wp-block-spacer wp-container-content-cf2db169\"><\/div>\n\n\n\n<div class=\"wp-block-group is-vertical is-content-justification-center is-layout-flex wp-container-core-group-is-layout-ce155fab wp-block-group-is-layout-flex\">\n<h5 class=\"wp-block-heading has-text-align-center has-main-color has-text-color\">Tokiko ekonomia eta ekonomia soziala sendotzea<\/h5>\n\n\n\n<p class=\"has-text-align-center\">Ingurumenaren, gizartearen eta ekonomiaren ikuspegitik erresilienteagoa eta jasangarriagoa bihurtzeko.<\/p>\n<\/div>\n<\/div>\n\n\n\n<div style=\"height:4em;width:0px\" aria-hidden=\"true\" class=\"wp-block-spacer\"><\/div>\n\n\n\n<div class=\"wp-block-buttons is-content-justification-center is-layout-flex wp-container-core-buttons-is-layout-a89b3969 wp-block-buttons-is-layout-flex\">\n<div class=\"wp-block-button is-style-rounded\"><a class=\"wp-block-button__link has-main-color has-primary-background-color has-text-color has-background has-buttons-font-size has-custom-font-size wp-element-button\" href=\"\/eu\/energia-komunitateak\">Zer dira energia-komunitateak?<\/a><\/div>\n<\/div>\n\n\n\n<div style=\"height:7rem\" aria-hidden=\"true\" class=\"wp-block-spacer is-style-show-tablet-desktop\"><\/div>\n\n\n\n<div style=\"height:4rem\" aria-hidden=\"true\" class=\"wp-block-spacer is-style-show-mobile\"><\/div>\n<\/div>\n<\/div>\n<\/section>\n\n\n\n<section class=\"wp-block-group alignfull is-style-show-tablet-desktop is-style-no-padding is-layout-flow wp-block-group-is-layout-flow\">\n<div class=\"wp-block-group is-nowrap is-layout-flex wp-container-core-group-is-layout-bd3f9bef wp-block-group-is-layout-flex\">\n<div class=\"wp-block-group is-style-show-desktop wp-container-content-663c14dd is-layout-flow wp-block-group-is-layout-flow\">\n<div class=\"wp-block-cover is-style-default\" style=\"margin-top:0;margin-bottom:0;min-height:100%;aspect-ratio:unset;\"><img loading=\"lazy\" decoding=\"async\" width=\"1365\" height=\"2048\" class=\"wp-block-cover__image-background wp-image-3551\" alt=\"\" src=\"https:\/\/web-testing.somcomunitats.coop\/wp-content\/uploads\/2023\/09\/Foto-motius.jpg\" data-object-fit=\"cover\" srcset=\"https:\/\/somcomunitats.coop\/wp-content\/uploads\/2023\/09\/Foto-motius.jpg 1365w, https:\/\/somcomunitats.coop\/wp-content\/uploads\/2023\/09\/Foto-motius-200x300.jpg 200w, https:\/\/somcomunitats.coop\/wp-content\/uploads\/2023\/09\/Foto-motius-683x1024.jpg 683w, https:\/\/somcomunitats.coop\/wp-content\/uploads\/2023\/09\/Foto-motius-768x1152.jpg 768w, https:\/\/somcomunitats.coop\/wp-content\/uploads\/2023\/09\/Foto-motius-1024x1536.jpg 1024w\" sizes=\"auto, (max-width: 1365px) 100vw, 1365px\" \/><span aria-hidden=\"true\" class=\"wp-block-cover__background has-background-dim-0 has-background-dim\"><\/span><div class=\"wp-block-cover__inner-container is-layout-flow wp-block-cover-is-layout-flow\">\n<p class=\"has-text-align-center has-large-font-size\"><\/p>\n<\/div><\/div>\n<\/div>\n\n\n\n<div class=\"wp-block-group is-style-horizontal-padded wp-container-content-958eb9dc is-layout-flow wp-block-group-is-layout-flow\">\n<div style=\"height:6rem\" aria-hidden=\"true\" class=\"wp-block-spacer is-style-show-tablet-desktop\"><\/div>\n\n\n\n<div style=\"height:3rem\" aria-hidden=\"true\" class=\"wp-block-spacer is-style-show-mobile\"><\/div>\n\n\n\n<h2 class=\"wp-block-heading has-main-color has-text-color\">Energia-komunitate bateko partaide izateko arrazoiak<\/h2>\n\n\n\n<p class=\"has-medium-font-size\">Klima-aldaketaren egungo egoera ikusita, nahitaezkoa da udalerri bakoitzeko pertsonak antolatzea eta neurriak hartzea.<\/p>\n\n\n\n<div style=\"height:2em;width:0px\" aria-hidden=\"true\" class=\"wp-block-spacer\"><\/div>\n\n\n\n<div class=\"wp-block-columns is-not-stacked-on-mobile is-layout-flex wp-container-core-columns-is-layout-28f84493 wp-block-columns-is-layout-flex\">\n<div class=\"wp-block-column is-vertically-aligned-center is-layout-flow wp-block-column-is-layout-flow\" style=\"flex-basis:150px\">\n<figure class=\"wp-block-image size-large is-resized\"><img loading=\"lazy\" decoding=\"async\" width=\"1024\" height=\"1024\" src=\"https:\/\/web-testing.somcomunitats.coop\/wp-content\/uploads\/2023\/09\/Motius4-e1696852860809-1024x1024.png\" alt=\"comunitats-energ\u00e8tiques\" class=\"wp-image-3564\" style=\"object-fit:contain;width:100px;height:100px\" srcset=\"https:\/\/somcomunitats.coop\/wp-content\/uploads\/2023\/09\/Motius4-e1696852860809-1024x1024.png 1024w, https:\/\/somcomunitats.coop\/wp-content\/uploads\/2023\/09\/Motius4-e1696852860809-300x300.png 300w, https:\/\/somcomunitats.coop\/wp-content\/uploads\/2023\/09\/Motius4-e1696852860809-150x150.png 150w, https:\/\/somcomunitats.coop\/wp-content\/uploads\/2023\/09\/Motius4-e1696852860809-768x768.png 768w, https:\/\/somcomunitats.coop\/wp-content\/uploads\/2023\/09\/Motius4-e1696852860809.png 1080w\" sizes=\"auto, (max-width: 1024px) 100vw, 1024px\" \/><\/figure>\n<\/div>\n\n\n\n<div class=\"wp-block-column is-layout-flow wp-block-column-is-layout-flow\" style=\"flex-basis:100%\">\n<div class=\"wp-block-group is-vertical is-layout-flex wp-container-core-group-is-layout-fe9cc265 wp-block-group-is-layout-flex\">\n<h4 class=\"wp-block-heading has-main-color has-text-color\">Klima-aldaketaren ondorioak murriztea<\/h4>\n\n\n\n<p>Gure kontsumoa murrizten dugu, eta erregai fosilak kontsumitzeari uzten diogu, herritarren esku dauden energia berriztagarri eta deszentralizatuen alde eginez.<\/p>\n<\/div>\n<\/div>\n<\/div>\n\n\n\n<div style=\"height:34px;width:0px\" aria-hidden=\"true\" class=\"wp-block-spacer\"><\/div>\n\n\n\n<div class=\"wp-block-columns is-not-stacked-on-mobile is-layout-flex wp-container-core-columns-is-layout-28f84493 wp-block-columns-is-layout-flex\">\n<div class=\"wp-block-column is-vertically-aligned-center is-layout-flow wp-block-column-is-layout-flow\" style=\"flex-basis:150px\">\n<figure class=\"wp-block-image size-large is-resized is-style-image-center\"><img loading=\"lazy\" decoding=\"async\" width=\"1024\" height=\"1024\" src=\"https:\/\/web-testing.somcomunitats.coop\/wp-content\/uploads\/2023\/09\/Motius3-1024x1024.png\" alt=\"\" class=\"wp-image-3562\" style=\"object-fit:contain;width:100px;height:100px\" srcset=\"https:\/\/somcomunitats.coop\/wp-content\/uploads\/2023\/09\/Motius3-1024x1024.png 1024w, https:\/\/somcomunitats.coop\/wp-content\/uploads\/2023\/09\/Motius3-300x300.png 300w, https:\/\/somcomunitats.coop\/wp-content\/uploads\/2023\/09\/Motius3-150x150.png 150w, https:\/\/somcomunitats.coop\/wp-content\/uploads\/2023\/09\/Motius3-768x768.png 768w, https:\/\/somcomunitats.coop\/wp-content\/uploads\/2023\/09\/Motius3.png 1080w\" sizes=\"auto, (max-width: 1024px) 100vw, 1024px\" \/><\/figure>\n<\/div>\n\n\n\n<div class=\"wp-block-column is-layout-flow wp-block-column-is-layout-flow\" style=\"flex-basis:100%\">\n<div class=\"wp-block-group is-vertical is-layout-flex wp-container-core-group-is-layout-fe9cc265 wp-block-group-is-layout-flex\">\n<h4 class=\"wp-block-heading has-main-color has-text-color\">Gizarte-mugimenduetan parte hartzea<\/h4>\n\n\n\n<p>Ez jardun bakarrik; talde bateko kidea bazara, urrunago iritsiko zara, eta eragin handiagoa izango duzu.<\/p>\n<\/div>\n<\/div>\n<\/div>\n\n\n\n<div style=\"height:2em;width:0px\" aria-hidden=\"true\" class=\"wp-block-spacer\"><\/div>\n\n\n\n<div class=\"wp-block-columns is-not-stacked-on-mobile is-layout-flex wp-container-core-columns-is-layout-28f84493 wp-block-columns-is-layout-flex\">\n<div class=\"wp-block-column is-vertically-aligned-center is-layout-flow wp-block-column-is-layout-flow\" style=\"flex-basis:150px\">\n<figure class=\"wp-block-image size-large is-resized\"><img loading=\"lazy\" decoding=\"async\" width=\"1024\" height=\"1024\" src=\"https:\/\/web-testing.somcomunitats.coop\/wp-content\/uploads\/2023\/09\/Motius2-e1696320717379-1024x1024.png\" alt=\"comunitats-energ\u00e8tiques\" class=\"wp-image-3560\" style=\"object-fit:cover;width:100px;height:100px\" srcset=\"https:\/\/somcomunitats.coop\/wp-content\/uploads\/2023\/09\/Motius2-e1696320717379-1024x1024.png 1024w, https:\/\/somcomunitats.coop\/wp-content\/uploads\/2023\/09\/Motius2-e1696320717379-300x300.png 300w, https:\/\/somcomunitats.coop\/wp-content\/uploads\/2023\/09\/Motius2-e1696320717379-150x150.png 150w, https:\/\/somcomunitats.coop\/wp-content\/uploads\/2023\/09\/Motius2-e1696320717379-768x768.png 768w, https:\/\/somcomunitats.coop\/wp-content\/uploads\/2023\/09\/Motius2-e1696320717379.png 1080w\" sizes=\"auto, (max-width: 1024px) 100vw, 1024px\" \/><\/figure>\n<\/div>\n\n\n\n<div class=\"wp-block-column is-layout-flow wp-block-column-is-layout-flow\" style=\"flex-basis:100%\">\n<div class=\"wp-block-group is-vertical is-layout-flex wp-container-core-group-is-layout-fe9cc265 wp-block-group-is-layout-flex\">\n<h4 class=\"wp-block-heading has-main-color has-text-color\">Energia-trantsizioa bultzatu eta gure bizitza deskarbonizatzea<\/h4>\n\n\n\n<p>Askotariko energia-ekintzak aktibatzea; esaterako, eguzki-plakak partekatzea, ibilgailu elektrikoa partekatzea, etxebizitzen energia-eraginkortasuna hobetzea, etab.<\/p>\n<\/div>\n<\/div>\n<\/div>\n\n\n\n<div style=\"height:2em;width:0px\" aria-hidden=\"true\" class=\"wp-block-spacer\"><\/div>\n\n\n\n<div class=\"wp-block-columns is-not-stacked-on-mobile is-layout-flex wp-container-core-columns-is-layout-28f84493 wp-block-columns-is-layout-flex\">\n<div class=\"wp-block-column is-vertically-aligned-center is-layout-flow wp-block-column-is-layout-flow\" style=\"flex-basis:150px\">\n<figure class=\"wp-block-image size-large is-resized\"><img loading=\"lazy\" decoding=\"async\" width=\"1024\" height=\"1024\" src=\"https:\/\/web-testing.somcomunitats.coop\/wp-content\/uploads\/2023\/10\/Som-Comunitats_Motiu-4-1024x1024.png\" alt=\"\" class=\"wp-image-4588\" style=\"object-fit:contain;width:100px;height:100px\" srcset=\"https:\/\/somcomunitats.coop\/wp-content\/uploads\/2023\/10\/Som-Comunitats_Motiu-4-1024x1024.png 1024w, https:\/\/somcomunitats.coop\/wp-content\/uploads\/2023\/10\/Som-Comunitats_Motiu-4-300x300.png 300w, https:\/\/somcomunitats.coop\/wp-content\/uploads\/2023\/10\/Som-Comunitats_Motiu-4-150x150.png 150w, https:\/\/somcomunitats.coop\/wp-content\/uploads\/2023\/10\/Som-Comunitats_Motiu-4-768x768.png 768w, https:\/\/somcomunitats.coop\/wp-content\/uploads\/2023\/10\/Som-Comunitats_Motiu-4-1536x1536.png 1536w, https:\/\/somcomunitats.coop\/wp-content\/uploads\/2023\/10\/Som-Comunitats_Motiu-4.png 1710w\" sizes=\"auto, (max-width: 1024px) 100vw, 1024px\" \/><\/figure>\n<\/div>\n\n\n\n<div class=\"wp-block-column is-layout-flow wp-block-column-is-layout-flow\" style=\"flex-basis:100%\">\n<div class=\"wp-block-group is-vertical is-layout-flex wp-container-core-group-is-layout-fe9cc265 wp-block-group-is-layout-flex\">\n<h4 class=\"wp-block-heading has-main-color has-text-color\">Dirua aurreztea eta energia-autonomia lortzea<\/h4>\n\n\n\n<p>Energia-zerbitzuak aktibatzearen alde eginez, dirua aurreztu ahal izango dugu, eta energetikoki independenteagoak izan.<\/p>\n<\/div>\n<\/div>\n<\/div>\n\n\n\n<div style=\"height:2em;width:0px\" aria-hidden=\"true\" class=\"wp-block-spacer\"><\/div>\n\n\n\n<div class=\"wp-block-columns is-not-stacked-on-mobile is-layout-flex wp-container-core-columns-is-layout-28f84493 wp-block-columns-is-layout-flex\">\n<div class=\"wp-block-column is-vertically-aligned-center is-layout-flow wp-block-column-is-layout-flow\" style=\"flex-basis:150px\">\n<figure class=\"wp-block-image size-large is-resized\"><img loading=\"lazy\" decoding=\"async\" width=\"1024\" height=\"1024\" src=\"https:\/\/web-testing.somcomunitats.coop\/wp-content\/uploads\/2023\/09\/Motius6-1024x1024.png\" alt=\"comunitats-energ\u00e8tiques\" class=\"wp-image-3557\" style=\"object-fit:contain;width:100px;height:100px\" srcset=\"https:\/\/somcomunitats.coop\/wp-content\/uploads\/2023\/09\/Motius6-1024x1024.png 1024w, https:\/\/somcomunitats.coop\/wp-content\/uploads\/2023\/09\/Motius6-300x300.png 300w, https:\/\/somcomunitats.coop\/wp-content\/uploads\/2023\/09\/Motius6-150x150.png 150w, https:\/\/somcomunitats.coop\/wp-content\/uploads\/2023\/09\/Motius6-768x768.png 768w, https:\/\/somcomunitats.coop\/wp-content\/uploads\/2023\/09\/Motius6.png 1080w\" sizes=\"auto, (max-width: 1024px) 100vw, 1024px\" \/><\/figure>\n<\/div>\n\n\n\n<div class=\"wp-block-column is-layout-flow wp-block-column-is-layout-flow\" style=\"flex-basis:100%\">\n<div class=\"wp-block-group is-vertical is-layout-flex wp-container-core-group-is-layout-fe9cc265 wp-block-group-is-layout-flex\">\n<h4 class=\"wp-block-heading has-main-color has-text-color\">Energiarako irispidea demokratizatzea<\/h4>\n\n\n\n<p>Udalerri bakoitzean kooperatiba bat sortzea energia ekoizteko eta kudeatzeko, egungo energia-oligopolioa apurtuko dugu, eta deszentralizazioaren alde egingo dugu.<\/p>\n<\/div>\n<\/div>\n<\/div>\n\n\n\n<div style=\"height:2em;width:0px\" aria-hidden=\"true\" class=\"wp-block-spacer\"><\/div>\n\n\n\n<div class=\"wp-block-columns is-not-stacked-on-mobile is-layout-flex wp-container-core-columns-is-layout-28f84493 wp-block-columns-is-layout-flex\">\n<div class=\"wp-block-column is-vertically-aligned-center is-layout-flow wp-block-column-is-layout-flow\" style=\"flex-basis:150px\">\n<figure class=\"wp-block-image size-large is-resized\"><img loading=\"lazy\" decoding=\"async\" width=\"1024\" height=\"1024\" src=\"https:\/\/web-testing.somcomunitats.coop\/wp-content\/uploads\/2023\/09\/Motius1-1024x1024.png\" alt=\"comunitats-energ\u00e8tiques\" class=\"wp-image-3566\" style=\"object-fit:contain;width:100px;height:100px\" srcset=\"https:\/\/somcomunitats.coop\/wp-content\/uploads\/2023\/09\/Motius1-1024x1024.png 1024w, https:\/\/somcomunitats.coop\/wp-content\/uploads\/2023\/09\/Motius1-300x300.png 300w, https:\/\/somcomunitats.coop\/wp-content\/uploads\/2023\/09\/Motius1-150x150.png 150w, https:\/\/somcomunitats.coop\/wp-content\/uploads\/2023\/09\/Motius1-768x768.png 768w, https:\/\/somcomunitats.coop\/wp-content\/uploads\/2023\/09\/Motius1.png 1080w\" sizes=\"auto, (max-width: 1024px) 100vw, 1024px\" \/><\/figure>\n<\/div>\n\n\n\n<div class=\"wp-block-column is-layout-flow wp-block-column-is-layout-flow\" style=\"flex-basis:100%\">\n<div class=\"wp-block-group is-vertical is-layout-flex wp-container-core-group-is-layout-fe9cc265 wp-block-group-is-layout-flex\">\n<h4 class=\"wp-block-heading has-main-color has-text-color\">Tokiko ekonomia eta ekonomia soziala sendotzea<\/h4>\n\n\n\n<p>Ingurumenaren, gizartearen eta ekonomiaren ikuspegitik erresilienteagoa eta jasangarriagoa bihurtzeko.<\/p>\n<\/div>\n<\/div>\n<\/div>\n\n\n\n<div style=\"height:3em;width:0px\" aria-hidden=\"true\" class=\"wp-block-spacer\"><\/div>\n\n\n\n<div class=\"wp-block-buttons is-layout-flex wp-block-buttons-is-layout-flex\">\n<div class=\"wp-block-button is-style-rounded\"><a class=\"wp-block-button__link has-main-color has-primary-background-color has-text-color has-background has-buttons-font-size has-custom-font-size wp-element-button\" href=\"\/eu\/energia-komunitateak\">Zer dira energia-komunitateak?<\/a><\/div>\n<\/div>\n\n\n\n<div style=\"height:7rem\" aria-hidden=\"true\" class=\"wp-block-spacer is-style-show-tablet-desktop\"><\/div>\n\n\n\n<div style=\"height:4rem\" aria-hidden=\"true\" class=\"wp-block-spacer is-style-show-mobile\"><\/div>\n<\/div>\n<\/div>\n<\/section>\n\n\n\n<section class=\"wp-block-group alignfull is-style-no-padding has-background is-layout-flow wp-block-group-is-layout-flow\" style=\"background-color:#c5e2d040\">\n<div class=\"wp-block-group is-style-show-tablet-desktop is-style-no-padding is-layout-flow wp-block-group-is-layout-flow\">\n<div style=\"height:6rem\" aria-hidden=\"true\" class=\"wp-block-spacer\"><\/div>\n\n\n\n<div class=\"wp-block-group is-style-default is-layout-constrained wp-container-core-group-is-layout-bdbfdc43 wp-block-group-is-layout-constrained\">\n<h2 class=\"wp-block-heading has-text-align-center has-main-color has-text-color\">Nola hartu nahi duzu parte energia-komunitatean?<\/h2>\n<\/div>\n\n\n\n<div style=\"height:4rem\" aria-hidden=\"true\" class=\"wp-block-spacer\"><\/div>\n\n\n\n<div class=\"wp-block-group alignfull is-nowrap is-layout-flex wp-container-core-group-is-layout-bd3f9bef wp-block-group-is-layout-flex\">\n<div class=\"wp-block-group has-background wp-container-content-9cfa9a5a is-layout-flow wp-block-group-is-layout-flow\" style=\"background-color:#c5e2d0\"><\/div>\n\n\n\n<div style=\"height:100px;width:0px\" aria-hidden=\"true\" class=\"wp-block-spacer wp-container-content-b30579f5\"><\/div>\n\n\n\n<div class=\"wp-block-group is-style-no-padding has-main-background-color has-background wp-container-content-29dca9c1 is-layout-flow wp-block-group-is-layout-flow\">\n<div class=\"wp-block-cover aligncenter is-light\" style=\"margin-top:0;margin-bottom:0;min-height:230px;aspect-ratio:unset;\"><span aria-hidden=\"true\" class=\"wp-block-cover__background has-background-dim-0 has-background-dim\"><\/span><img loading=\"lazy\" decoding=\"async\" width=\"1080\" height=\"1080\" class=\"wp-block-cover__image-background wp-image-3598\" alt=\"\" src=\"https:\/\/web-testing.somcomunitats.coop\/wp-content\/uploads\/2023\/09\/Ciutadania.jpg\" data-object-fit=\"cover\" srcset=\"https:\/\/somcomunitats.coop\/wp-content\/uploads\/2023\/09\/Ciutadania.jpg 1080w, https:\/\/somcomunitats.coop\/wp-content\/uploads\/2023\/09\/Ciutadania-300x300.jpg 300w, https:\/\/somcomunitats.coop\/wp-content\/uploads\/2023\/09\/Ciutadania-1024x1024.jpg 1024w, https:\/\/somcomunitats.coop\/wp-content\/uploads\/2023\/09\/Ciutadania-150x150.jpg 150w, https:\/\/somcomunitats.coop\/wp-content\/uploads\/2023\/09\/Ciutadania-768x768.jpg 768w\" sizes=\"auto, (max-width: 1080px) 100vw, 1080px\" \/><div class=\"wp-block-cover__inner-container is-layout-flow wp-block-cover-is-layout-flow\">\n<p class=\"has-text-align-center has-large-font-size\"><\/p>\n<\/div><\/div>\n\n\n\n<div style=\"height:3em\" aria-hidden=\"true\" class=\"wp-block-spacer\"><\/div>\n\n\n\n<h5 class=\"wp-block-heading has-text-align-center has-base-color has-text-color has-medium-font-size\">Herritarrak<\/h5>\n\n\n\n<div style=\"height:1em\" aria-hidden=\"true\" class=\"wp-block-spacer\"><\/div>\n\n\n\n<div class=\"wp-block-buttons is-content-justification-center is-layout-flex wp-container-core-buttons-is-layout-a89b3969 wp-block-buttons-is-layout-flex\">\n<div class=\"wp-block-button has-custom-font-size is-style-rounded has-buttons-font-size\"><a class=\"wp-block-button__link has-base-background-color has-background wp-element-button\" href=\"\/eu\/herritarrak\">Informazio gehiago<\/a><\/div>\n<\/div>\n\n\n\n<div style=\"height:3em\" aria-hidden=\"true\" class=\"wp-block-spacer\"><\/div>\n<\/div>\n\n\n\n<div style=\"height:100px;width:0px\" aria-hidden=\"true\" class=\"wp-block-spacer wp-container-content-b30579f5\"><\/div>\n\n\n\n<div class=\"wp-block-group is-style-no-padding has-main-background-color has-background wp-container-content-29dca9c1 is-layout-flow wp-block-group-is-layout-flow\">\n<div class=\"wp-block-cover aligncenter is-light\" style=\"margin-top:0;margin-bottom:0;min-height:230px;aspect-ratio:unset;\"><span aria-hidden=\"true\" class=\"wp-block-cover__background has-background-dim-0 has-background-dim\"><\/span><img loading=\"lazy\" decoding=\"async\" width=\"1080\" height=\"1080\" class=\"wp-block-cover__image-background wp-image-3601\" alt=\"\" src=\"https:\/\/web-testing.somcomunitats.coop\/wp-content\/uploads\/2023\/09\/Empresa.jpg\" data-object-fit=\"cover\" srcset=\"https:\/\/somcomunitats.coop\/wp-content\/uploads\/2023\/09\/Empresa.jpg 1080w, https:\/\/somcomunitats.coop\/wp-content\/uploads\/2023\/09\/Empresa-300x300.jpg 300w, https:\/\/somcomunitats.coop\/wp-content\/uploads\/2023\/09\/Empresa-1024x1024.jpg 1024w, https:\/\/somcomunitats.coop\/wp-content\/uploads\/2023\/09\/Empresa-150x150.jpg 150w, https:\/\/somcomunitats.coop\/wp-content\/uploads\/2023\/09\/Empresa-768x768.jpg 768w\" sizes=\"auto, (max-width: 1080px) 100vw, 1080px\" \/><div class=\"wp-block-cover__inner-container is-layout-flow wp-block-cover-is-layout-flow\">\n<p class=\"has-text-align-center has-large-font-size\"><\/p>\n<\/div><\/div>\n\n\n\n<div style=\"height:3em\" aria-hidden=\"true\" class=\"wp-block-spacer\"><\/div>\n\n\n\n<h5 class=\"wp-block-heading has-text-align-center has-base-color has-text-color has-medium-font-size\">Enpresa edo industria<\/h5>\n\n\n\n<div style=\"height:1em\" aria-hidden=\"true\" class=\"wp-block-spacer\"><\/div>\n\n\n\n<div class=\"wp-block-buttons is-content-justification-center is-layout-flex wp-container-core-buttons-is-layout-a89b3969 wp-block-buttons-is-layout-flex\">\n<div class=\"wp-block-button has-custom-font-size is-style-rounded has-buttons-font-size\"><a class=\"wp-block-button__link has-base-background-color has-background wp-element-button\" href=\"\/eu\/empresa-e-industria\">Informazio gehiago<\/a><\/div>\n<\/div>\n\n\n\n<div style=\"height:3em\" aria-hidden=\"true\" class=\"wp-block-spacer\"><\/div>\n<\/div>\n\n\n\n<div style=\"height:100px;width:0px\" aria-hidden=\"true\" class=\"wp-block-spacer wp-container-content-b30579f5\"><\/div>\n\n\n\n<div class=\"wp-block-group is-style-no-padding has-main-background-color has-background wp-container-content-29dca9c1 is-layout-flow wp-block-group-is-layout-flow\">\n<div class=\"wp-block-cover aligncenter is-light\" style=\"margin-top:0;margin-bottom:0;min-height:230px;aspect-ratio:unset;\"><span aria-hidden=\"true\" class=\"wp-block-cover__background has-background-dim-0 has-background-dim\"><\/span><img loading=\"lazy\" decoding=\"async\" width=\"1080\" height=\"1080\" class=\"wp-block-cover__image-background wp-image-3603\" alt=\"\" src=\"https:\/\/web-testing.somcomunitats.coop\/wp-content\/uploads\/2023\/09\/Administracio-publica.jpg\" data-object-fit=\"cover\" srcset=\"https:\/\/somcomunitats.coop\/wp-content\/uploads\/2023\/09\/Administracio-publica.jpg 1080w, https:\/\/somcomunitats.coop\/wp-content\/uploads\/2023\/09\/Administracio-publica-300x300.jpg 300w, https:\/\/somcomunitats.coop\/wp-content\/uploads\/2023\/09\/Administracio-publica-1024x1024.jpg 1024w, https:\/\/somcomunitats.coop\/wp-content\/uploads\/2023\/09\/Administracio-publica-150x150.jpg 150w, https:\/\/somcomunitats.coop\/wp-content\/uploads\/2023\/09\/Administracio-publica-768x768.jpg 768w\" sizes=\"auto, (max-width: 1080px) 100vw, 1080px\" \/><div class=\"wp-block-cover__inner-container is-layout-flow wp-block-cover-is-layout-flow\">\n<p class=\"has-text-align-center has-large-font-size\"><\/p>\n<\/div><\/div>\n\n\n\n<div style=\"height:3em\" aria-hidden=\"true\" class=\"wp-block-spacer\"><\/div>\n\n\n\n<h5 class=\"wp-block-heading has-text-align-center has-base-color has-text-color has-medium-font-size\">Administrazio publikoa<\/h5>\n\n\n\n<div style=\"height:1em\" aria-hidden=\"true\" class=\"wp-block-spacer\"><\/div>\n\n\n\n<div class=\"wp-block-buttons is-content-justification-center is-layout-flex wp-container-core-buttons-is-layout-a89b3969 wp-block-buttons-is-layout-flex\">\n<div class=\"wp-block-button has-custom-font-size is-style-rounded has-buttons-font-size\"><a class=\"wp-block-button__link has-base-background-color has-background wp-element-button\" href=\"\/eu\/administrazio-publikoa\">Informazio gehiago<\/a><\/div>\n<\/div>\n\n\n\n<div style=\"height:3em\" aria-hidden=\"true\" class=\"wp-block-spacer\"><\/div>\n<\/div>\n\n\n\n<div style=\"height:50px;width:0px\" aria-hidden=\"true\" class=\"wp-block-spacer wp-container-content-b30579f5\"><\/div>\n\n\n\n<div class=\"wp-block-group has-second-base-background-color has-background wp-container-content-9cfa9a5a is-layout-constrained wp-block-group-is-layout-constrained\"><\/div>\n<\/div>\n\n\n\n<div style=\"height:7rem\" aria-hidden=\"true\" class=\"wp-block-spacer\"><\/div>\n<\/div>\n\n\n\n<div class=\"wp-block-group is-style-show-mobile is-style-horizontal-padded is-layout-constrained wp-block-group-is-layout-constrained\">\n<div style=\"height:3rem\" aria-hidden=\"true\" class=\"wp-block-spacer\"><\/div>\n\n\n\n<h3 class=\"wp-block-heading has-text-align-center\">Nola hartu nahi duzu parte energia-komunitatean?<\/h3>\n\n\n\n<div style=\"height:2rem\" aria-hidden=\"true\" class=\"wp-block-spacer\"><\/div>\n\n\n\n<div class=\"wp-block-ce-block-slider\" infinite=\"true\" centermode=\"false\" slidestoshow=\"1\" slidestoscroll=\"1\" initialslide=\"0\" showdots=\"false\" showarrows=\"true\" autoplay>\n<div class=\"wp-block-group ce-block-slider-wrapper is-horizontal is-layout-flex wp-block-group-is-layout-flex\">\n<div class=\"wp-block-group is-style-no-padding has-main-background-color has-background wp-container-content-29dca9c1 is-layout-flow wp-block-group-is-layout-flow\">\n<div class=\"wp-block-cover aligncenter is-light\" style=\"margin-top:0;margin-bottom:0;min-height:230px;aspect-ratio:unset;\"><span aria-hidden=\"true\" class=\"wp-block-cover__background has-background-dim-0 has-background-dim\"><\/span><img loading=\"lazy\" decoding=\"async\" width=\"1080\" height=\"1080\" class=\"wp-block-cover__image-background wp-image-3598\" alt=\"\" src=\"https:\/\/web-testing.somcomunitats.coop\/wp-content\/uploads\/2023\/09\/Ciutadania.jpg\" data-object-fit=\"cover\" srcset=\"https:\/\/somcomunitats.coop\/wp-content\/uploads\/2023\/09\/Ciutadania.jpg 1080w, https:\/\/somcomunitats.coop\/wp-content\/uploads\/2023\/09\/Ciutadania-300x300.jpg 300w, https:\/\/somcomunitats.coop\/wp-content\/uploads\/2023\/09\/Ciutadania-1024x1024.jpg 1024w, https:\/\/somcomunitats.coop\/wp-content\/uploads\/2023\/09\/Ciutadania-150x150.jpg 150w, https:\/\/somcomunitats.coop\/wp-content\/uploads\/2023\/09\/Ciutadania-768x768.jpg 768w\" sizes=\"auto, (max-width: 1080px) 100vw, 1080px\" \/><div class=\"wp-block-cover__inner-container is-layout-flow wp-block-cover-is-layout-flow\">\n<p class=\"has-text-align-center has-large-font-size\"><\/p>\n<\/div><\/div>\n\n\n\n<div style=\"height:3em\" aria-hidden=\"true\" class=\"wp-block-spacer\"><\/div>\n\n\n\n<h5 class=\"wp-block-heading has-text-align-center has-base-color has-text-color has-medium-font-size\">Herritarrak<\/h5>\n\n\n\n<div style=\"height:2em\" aria-hidden=\"true\" class=\"wp-block-spacer\"><\/div>\n\n\n\n<div class=\"wp-block-buttons is-content-justification-center is-layout-flex wp-container-core-buttons-is-layout-a89b3969 wp-block-buttons-is-layout-flex\">\n<div class=\"wp-block-button has-custom-font-size is-style-rounded has-buttons-font-size\"><a class=\"wp-block-button__link has-base-background-color has-background wp-element-button\" href=\"\/?page_id=9682\">Informazio gehiago<\/a><\/div>\n<\/div>\n\n\n\n<div style=\"height:3em\" aria-hidden=\"true\" class=\"wp-block-spacer\"><\/div>\n<\/div>\n\n\n\n<div class=\"wp-block-group is-style-no-padding has-main-background-color has-background wp-container-content-29dca9c1 is-layout-flow wp-block-group-is-layout-flow\">\n<div class=\"wp-block-cover aligncenter is-light\" style=\"margin-top:0;margin-bottom:0;min-height:230px;aspect-ratio:unset;\"><span aria-hidden=\"true\" class=\"wp-block-cover__background has-background-dim-0 has-background-dim\"><\/span><img loading=\"lazy\" decoding=\"async\" width=\"1080\" height=\"1080\" class=\"wp-block-cover__image-background wp-image-3601\" alt=\"\" src=\"https:\/\/web-testing.somcomunitats.coop\/wp-content\/uploads\/2023\/09\/Empresa.jpg\" data-object-fit=\"cover\" srcset=\"https:\/\/somcomunitats.coop\/wp-content\/uploads\/2023\/09\/Empresa.jpg 1080w, https:\/\/somcomunitats.coop\/wp-content\/uploads\/2023\/09\/Empresa-300x300.jpg 300w, https:\/\/somcomunitats.coop\/wp-content\/uploads\/2023\/09\/Empresa-1024x1024.jpg 1024w, https:\/\/somcomunitats.coop\/wp-content\/uploads\/2023\/09\/Empresa-150x150.jpg 150w, https:\/\/somcomunitats.coop\/wp-content\/uploads\/2023\/09\/Empresa-768x768.jpg 768w\" sizes=\"auto, (max-width: 1080px) 100vw, 1080px\" \/><div class=\"wp-block-cover__inner-container is-layout-flow wp-block-cover-is-layout-flow\">\n<p class=\"has-text-align-center has-large-font-size\"><\/p>\n<\/div><\/div>\n\n\n\n<div style=\"height:3em\" aria-hidden=\"true\" class=\"wp-block-spacer\"><\/div>\n\n\n\n<h5 class=\"wp-block-heading has-text-align-center has-base-color has-text-color has-medium-font-size\">Enpresa edo industria<\/h5>\n\n\n\n<div style=\"height:2em\" aria-hidden=\"true\" class=\"wp-block-spacer\"><\/div>\n\n\n\n<div class=\"wp-block-buttons is-content-justification-center is-layout-flex wp-container-core-buttons-is-layout-a89b3969 wp-block-buttons-is-layout-flex\">\n<div class=\"wp-block-button is-style-rounded\" id=\"small\"><a class=\"wp-block-button__link has-base-background-color has-background wp-element-button\" href=\"\/?page_id=9670\">Informazio gehiago<\/a><\/div>\n<\/div>\n\n\n\n<div style=\"height:3em\" aria-hidden=\"true\" class=\"wp-block-spacer\"><\/div>\n<\/div>\n\n\n\n<div class=\"wp-block-group is-style-no-padding has-main-background-color has-background wp-container-content-29dca9c1 is-layout-flow wp-block-group-is-layout-flow\">\n<div class=\"wp-block-cover aligncenter is-light\" style=\"margin-top:0;margin-bottom:0;min-height:230px;aspect-ratio:unset;\"><span aria-hidden=\"true\" class=\"wp-block-cover__background has-background-dim-0 has-background-dim\"><\/span><img loading=\"lazy\" decoding=\"async\" width=\"1080\" height=\"1080\" class=\"wp-block-cover__image-background wp-image-3603\" alt=\"\" src=\"https:\/\/web-testing.somcomunitats.coop\/wp-content\/uploads\/2023\/09\/Administracio-publica.jpg\" data-object-fit=\"cover\" srcset=\"https:\/\/somcomunitats.coop\/wp-content\/uploads\/2023\/09\/Administracio-publica.jpg 1080w, https:\/\/somcomunitats.coop\/wp-content\/uploads\/2023\/09\/Administracio-publica-300x300.jpg 300w, https:\/\/somcomunitats.coop\/wp-content\/uploads\/2023\/09\/Administracio-publica-1024x1024.jpg 1024w, https:\/\/somcomunitats.coop\/wp-content\/uploads\/2023\/09\/Administracio-publica-150x150.jpg 150w, https:\/\/somcomunitats.coop\/wp-content\/uploads\/2023\/09\/Administracio-publica-768x768.jpg 768w\" sizes=\"auto, (max-width: 1080px) 100vw, 1080px\" \/><div class=\"wp-block-cover__inner-container is-layout-flow wp-block-cover-is-layout-flow\">\n<p class=\"has-text-align-center has-large-font-size\"><\/p>\n<\/div><\/div>\n\n\n\n<div style=\"height:3em\" aria-hidden=\"true\" class=\"wp-block-spacer\"><\/div>\n\n\n\n<h5 class=\"wp-block-heading has-text-align-center has-base-color has-text-color has-medium-font-size\">Administraci\u00f3n p\u00fablica<\/h5>\n\n\n\n<div style=\"height:2em\" aria-hidden=\"true\" class=\"wp-block-spacer\"><\/div>\n\n\n\n<div class=\"wp-block-buttons is-content-justification-center is-layout-flex wp-container-core-buttons-is-layout-a89b3969 wp-block-buttons-is-layout-flex\">\n<div class=\"wp-block-button is-style-rounded\" id=\"small\"><a class=\"wp-block-button__link has-base-background-color has-background wp-element-button\" href=\"\/?page_id=9684\">Informazio gehiago<\/a><\/div>\n<\/div>\n\n\n\n<div style=\"height:3em\" aria-hidden=\"true\" class=\"wp-block-spacer\"><\/div>\n<\/div>\n<\/div>\n<\/div>\n\n\n\n<div style=\"height:4rem\" aria-hidden=\"true\" class=\"wp-block-spacer\"><\/div>\n<\/div>\n<\/section>\n\n\n\n<section class=\"wp-block-group alignfull is-style-no-padding has-primary-background-color has-background is-layout-constrained wp-block-group-is-layout-constrained\" id=\"comunities\">\n<div class=\"wp-block-group is-style-horizontal-padded is-layout-flow wp-block-group-is-layout-flow\">\n<div style=\"height:6rem\" aria-hidden=\"true\" class=\"wp-block-spacer is-style-show-tablet-desktop\"><\/div>\n\n\n\n<div style=\"height:3rem\" aria-hidden=\"true\" class=\"wp-block-spacer is-style-show-mobile\"><\/div>\n\n\n\n<div class=\"wp-block-group is-style-horizontal-padded is-layout-constrained wp-container-core-group-is-layout-bdbfdc43 wp-block-group-is-layout-constrained\">\n<h2 class=\"wp-block-heading has-text-align-center has-main-color has-text-color\">Ezagutu martxan dauden <br>energia-komunitateak<\/h2>\n<\/div>\n\n\n\n<div style=\"height:37px\" aria-hidden=\"true\" class=\"wp-block-spacer\"><\/div>\n\n\n\n<div class=\"wp-block-group is-style-no-padding is-style-default is-layout-flow wp-block-group-is-layout-flow\">\n<div class=\"wp-block-wpct-block-slider-loop wpct-block-slider wpct-block-slider-loop wp-block-group is-layout-constrained wp-block-wpct-block-slider-loop-is-layout-constrained\" data-adaptiveheight=\"false\" data-arrows=\"true\" data-autoplay=\"false\" data-autoplayspeed=\"5\" data-centermode=\"false\" data-custompaging=\"false\" data-dots=\"false\" data-fade=\"false\" data-infinite=\"true\" data-initialslide=\"0\" data-rtl=\"false\" data-slidestoscrolldesktop=\"1\" data-slidestoscrolltablet=\"1\" data-slidestoscrollmobile=\"1\" data-slidestoshowdesktop=\"3\" data-slidestoshowtablet=\"2\" data-slidestoshowmobile=\"1\" data-speed=\"300\" data-swipe=\"true\" data-variablewidth=\"false\">\n<div class=\"wp-block-query is-layout-constrained wp-block-query-is-layout-constrained\"><ul class=\"wp-block-post-template is-layout-constrained wp-block-post-template-is-layout-constrained\"><li class=\"wp-block-post post-12384 rest-ce-landing type-rest-ce-landing status-publish has-post-thumbnail hentry\">\n\n<div class=\"wp-block-group wpct-block-slider-slide is-layout-constrained wp-block-group-is-layout-constrained\">\n\n<article class=\"wp-block-group is-style-no-padding has-base-background-color has-background ce-card ce-post-card ce-landing-card is-layout-constrained wp-block-group-is-layout-constrained\">\n  <img decoding=\"async\" src=\"https:\/\/somcomunitats.coop\/wp-content\/uploads\/2026\/04\/192-primary_image_file.jpeg\">\n\n\n  \n\n  \n  <div style=\"height:40px\" aria-hidden=\"true\" class=\"wp-block-spacer\"><\/div>\n  \n\n  \n  <div class=\"wp-block-group ce-card-body is-layout-flow wp-block-group-is-layout-flow\">\n    \n    <div class=\"wp-block-group is-style-show-desktop ce-card-terms is-layout-flow wp-block-group-is-layout-flow\">\n      \n    <\/div>\n    \n\n    \n    <div class=\"wp-block-group is-style-show-tablet ce-card-terms is-layout-flow wp-block-group-is-layout-flow\">\n      \n    <\/div>\n    \n\n    \n    <div class=\"wp-block-group is-style-show-mobile ce-card-terms is-layout-flow wp-block-group-is-layout-flow\">\n      \n    <\/div>\n    \n\n    \n    <div style=\"height:1em;width:0px\" aria-hidden=\"true\" class=\"wp-block-spacer\"><\/div>\n    \n\n    <h4 class=\"wp-block-heading wp-block-post-title\"><a href=\"https:\/\/somcomunitats.coop\/eu\/landing\/energia-de-rupia\/\" target=\"_self\">Energia de Rupi\u00e0<\/a><\/h4>\n\n    <div class=\"wp-block-post-excerpt\">\n      <div class=\"wp-block-post-excerpt__excerpt\">L&#8217;objectiu inicial \u00e9s crear una cooperativa, que \u00e9s una estructura jur\u00eddica oberta i democr\u00e0tica que ens permetr\u00e0 compartir la producci\u00f3 i l&#8217;\u00fas d\u2019energia renovable, per exemple, a trav\u00e9s de l\u2019autoconsum col\u00b7lectiu i la mobilitat el\u00e8ctrica compartida. M\u00e9s enll\u00e0 de la dimensi\u00f3 energ\u00e8tica, a la comunitat energ\u00e8tica volem posar al centre les persones, fomentant la participaci\u00f3 i la formaci\u00f3 activa, la presa de decisions conjunta i l\u2019arrelament al territori.<\/div>\n    <\/div>\n\n    \n    <hr class=\"wp-block-separator has-alpha-channel-opacity\" \/>\n    \n    <p>Rupi\u00e0<\/p>\n\n    <p class=\"wp-block-post-excerpt__more-text\">\n      <a class=\"wp-block-post-excerpt__more-link\" href=\"https:\/\/somcomunitats.coop\/eu\/landing\/energia-de-rupia\/\" tabindex=\"0\">M\u00e9s informaci\u00f3<\/a>\n    <\/p>\n  <\/div>\n  \n\n  \n  <div style=\"height:3rem\" aria-hidden=\"true\" class=\"wp-block-spacer\"><\/div>\n  \n<\/article>\n\n\n<\/div>\n\n<\/li><li class=\"wp-block-post post-12379 rest-ce-landing type-rest-ce-landing status-publish has-post-thumbnail hentry\">\n\n<div class=\"wp-block-group wpct-block-slider-slide is-layout-constrained wp-block-group-is-layout-constrained\">\n\n<article class=\"wp-block-group is-style-no-padding has-base-background-color has-background ce-card ce-post-card ce-landing-card is-layout-constrained wp-block-group-is-layout-constrained\">\n  <img decoding=\"async\" src=\"https:\/\/somcomunitats.coop\/wp-content\/uploads\/2026\/04\/190-primary_image_file.png\">\n\n\n  \n\n  \n  <div style=\"height:40px\" aria-hidden=\"true\" class=\"wp-block-spacer\"><\/div>\n  \n\n  \n  <div class=\"wp-block-group ce-card-body is-layout-flow wp-block-group-is-layout-flow\">\n    \n    <div class=\"wp-block-group is-style-show-desktop ce-card-terms is-layout-flow wp-block-group-is-layout-flow\">\n      \n    <\/div>\n    \n\n    \n    <div class=\"wp-block-group is-style-show-tablet ce-card-terms is-layout-flow wp-block-group-is-layout-flow\">\n      \n    <\/div>\n    \n\n    \n    <div class=\"wp-block-group is-style-show-mobile ce-card-terms is-layout-flow wp-block-group-is-layout-flow\">\n      \n    <\/div>\n    \n\n    \n    <div style=\"height:1em;width:0px\" aria-hidden=\"true\" class=\"wp-block-spacer\"><\/div>\n    \n\n    <h4 class=\"wp-block-heading wp-block-post-title\"><a href=\"https:\/\/somcomunitats.coop\/eu\/landing\/castellbisbal-inspira-sccl\/\" target=\"_self\">Castellbisbal Inspira SCCL<\/a><\/h4>\n\n    <div class=\"wp-block-post-excerpt\">\n      <div class=\"wp-block-post-excerpt__excerpt\">Castellbisbal Inspira SCCL \u00e9s una comunitat energ\u00e8tica empresarial creada al municipi de Castellbisbal amb l\u2019objectiu d\u2019impulsar un model energ\u00e8tic m\u00e9s sostenible. El projecte reuneix empreses dels pol\u00edgons industrials que col\u00b7laboren per produir, gestionar i compartir energia renovable, principalment energia fotovoltaica. Mitjan\u00e7ant aquesta cooperaci\u00f3, les empreses busquen reduir els costos energ\u00e8tics, disminuir les emissions de CO\u2082 i millorar l\u2019efici\u00e8ncia energ\u00e8tica. A m\u00e9s, la iniciativa tamb\u00e9 promou accions com l\u2019autoconsum compartit, la compra conjunta d\u2019energia i incentiva la mobilitat el\u00e8ctrica. En general, Castellbisbal Inspira pret\u00e9n avan\u00e7ar cap a una transici\u00f3 energ\u00e8tica m\u00e9s sostenible i col\u00b7laborativa entre les empreses del municipi.<\/div>\n    <\/div>\n\n    \n    <hr class=\"wp-block-separator has-alpha-channel-opacity\" \/>\n    \n    <p>Castellbisbal<\/p>\n\n    <p class=\"wp-block-post-excerpt__more-text\">\n      <a class=\"wp-block-post-excerpt__more-link\" href=\"https:\/\/somcomunitats.coop\/eu\/landing\/castellbisbal-inspira-sccl\/\" tabindex=\"0\">M\u00e9s informaci\u00f3<\/a>\n    <\/p>\n  <\/div>\n  \n\n  \n  <div style=\"height:3rem\" aria-hidden=\"true\" class=\"wp-block-spacer\"><\/div>\n  \n<\/article>\n\n\n<\/div>\n\n<\/li><li class=\"wp-block-post post-12374 rest-ce-landing type-rest-ce-landing status-publish has-post-thumbnail hentry rest-ce-type-citizen-eu rest-ce-assoc-type-cooperative-eu rest-ce-status-open-eu rest-ce-service-eficiencia-energetica-eu rest-ce-service-generacio-renovable-eu\">\n\n<div class=\"wp-block-group wpct-block-slider-slide is-layout-constrained wp-block-group-is-layout-constrained\">\n\n<article class=\"wp-block-group is-style-no-padding has-base-background-color has-background ce-card ce-post-card ce-landing-card is-layout-constrained wp-block-group-is-layout-constrained\">\n  <img decoding=\"async\" src=\"https:\/\/somcomunitats.coop\/wp-content\/uploads\/2026\/04\/191-primary_image_file.png\">\n\n\n  <div class=\"taxonomy-rest-ce-status wp-block-post-terms\"><a href=\"https:\/\/somcomunitats.coop\/eu\/rest-ce-status\/open-eu\/\" rel=\"tag\">Ireki<\/a><\/div>\n\n  \n  <div style=\"height:40px\" aria-hidden=\"true\" class=\"wp-block-spacer\"><\/div>\n  \n\n  \n  <div class=\"wp-block-group ce-card-body is-layout-flow wp-block-group-is-layout-flow\">\n    \n    <div class=\"wp-block-group is-style-show-desktop ce-card-terms is-layout-flow wp-block-group-is-layout-flow\">\n      <div class=\"taxonomy-rest-ce-service wp-block-post-terms\"><a href=\"https:\/\/somcomunitats.coop\/eu\/rest-ce-service\/eficiencia-energetica-eu\/\" rel=\"tag\">Energia-eraginkortasuna<\/a><span class=\"wp-block-post-terms__separator\"> <\/span><a href=\"https:\/\/somcomunitats.coop\/eu\/rest-ce-service\/generacio-renovable-eu\/\" rel=\"tag\">Komunitatearen sorkuntza berriztagarria<\/a><\/div>\n    <\/div>\n    \n\n    \n    <div class=\"wp-block-group is-style-show-tablet ce-card-terms is-layout-flow wp-block-group-is-layout-flow\">\n      <div class=\"taxonomy-rest-ce-service wp-block-post-terms\"><a href=\"https:\/\/somcomunitats.coop\/eu\/rest-ce-service\/eficiencia-energetica-eu\/\" rel=\"tag\">Energia-eraginkortasuna<\/a><span class=\"wp-block-post-terms__separator\"> <\/span><a href=\"https:\/\/somcomunitats.coop\/eu\/rest-ce-service\/generacio-renovable-eu\/\" rel=\"tag\">Komunitatearen sorkuntza berriztagarria<\/a><\/div>\n    <\/div>\n    \n\n    \n    <div class=\"wp-block-group is-style-show-mobile ce-card-terms is-layout-flow wp-block-group-is-layout-flow\">\n      <div class=\"taxonomy-rest-ce-service wp-block-post-terms\"><a href=\"https:\/\/somcomunitats.coop\/eu\/rest-ce-service\/eficiencia-energetica-eu\/\" rel=\"tag\">Energia-eraginkortasuna<\/a><span class=\"wp-block-post-terms__separator\"> <\/span><a href=\"https:\/\/somcomunitats.coop\/eu\/rest-ce-service\/generacio-renovable-eu\/\" rel=\"tag\">Komunitatearen sorkuntza berriztagarria<\/a><\/div>\n    <\/div>\n    \n\n    \n    <div style=\"height:1em;width:0px\" aria-hidden=\"true\" class=\"wp-block-spacer\"><\/div>\n    \n\n    <h4 class=\"wp-block-heading wp-block-post-title\"><a href=\"https:\/\/somcomunitats.coop\/eu\/landing\/la-vall-sostenible\/\" target=\"_self\">La Vall Sostenible<\/a><\/h4>\n\n    <div class=\"wp-block-post-excerpt\">\n      <div class=\"wp-block-post-excerpt__excerpt\">La Vall Sostenible \u00e9s una cooperativa de consum constitu\u00efda el 22 d\u2019abril de 2025 que actua als municipis de L\u2019Aleixar, Maspujols i Vilaplana, amb \u00e0mbit a Catalunya. El seu objectiu principal \u00e9s impulsar un projecte d\u2019autoconsum col\u00b7lectiu mitjan\u00e7ant instal\u00b7lacions fotovoltaiques per promoure una energia renovable, local i compartida i un model energ\u00e8tic m\u00e9s sostenible, participatiu i arrelat al territori. Actualment compta amb 34 s\u00f2cies, principalment ciutadania dels tres municipis, amb la voluntat d\u2019obrir-se progressivament tamb\u00e9 a empreses, comer\u00e7os i altres agents del territori.<\/div>\n    <\/div>\n\n    \n    <hr class=\"wp-block-separator has-alpha-channel-opacity\" \/>\n    \n    <p>L\u2019Aleixar<\/p>\n\n    <p class=\"wp-block-post-excerpt__more-text\">\n      <a class=\"wp-block-post-excerpt__more-link\" href=\"https:\/\/somcomunitats.coop\/eu\/landing\/la-vall-sostenible\/\" tabindex=\"0\">M\u00e9s informaci\u00f3<\/a>\n    <\/p>\n  <\/div>\n  \n\n  \n  <div style=\"height:3rem\" aria-hidden=\"true\" class=\"wp-block-spacer\"><\/div>\n  \n<\/article>\n\n\n<\/div>\n\n<\/li><li class=\"wp-block-post post-11948 rest-ce-landing type-rest-ce-landing status-publish has-post-thumbnail hentry rest-ce-type-citizen-eu rest-ce-assoc-type-cooperative-eu rest-ce-status-open-eu rest-ce-service-subministrament-renovable-eu rest-ce-service-generacio-renovable-eu\">\n\n<div class=\"wp-block-group wpct-block-slider-slide is-layout-constrained wp-block-group-is-layout-constrained\">\n\n<article class=\"wp-block-group is-style-no-padding has-base-background-color has-background ce-card ce-post-card ce-landing-card is-layout-constrained wp-block-group-is-layout-constrained\">\n  <img decoding=\"async\" src=\"https:\/\/somcomunitats.coop\/wp-content\/uploads\/2025\/12\/188-primary_image_file.jpeg\">\n\n\n  <div class=\"taxonomy-rest-ce-status wp-block-post-terms\"><a href=\"https:\/\/somcomunitats.coop\/eu\/rest-ce-status\/open-eu\/\" rel=\"tag\">Ireki<\/a><\/div>\n\n  \n  <div style=\"height:40px\" aria-hidden=\"true\" class=\"wp-block-spacer\"><\/div>\n  \n\n  \n  <div class=\"wp-block-group ce-card-body is-layout-flow wp-block-group-is-layout-flow\">\n    \n    <div class=\"wp-block-group is-style-show-desktop ce-card-terms is-layout-flow wp-block-group-is-layout-flow\">\n      <div class=\"taxonomy-rest-ce-service wp-block-post-terms\"><a href=\"https:\/\/somcomunitats.coop\/eu\/rest-ce-service\/subministrament-renovable-eu\/\" rel=\"tag\">0eko energia berriztagarrien hornidura<\/a><span class=\"wp-block-post-terms__separator\"> <\/span><a href=\"https:\/\/somcomunitats.coop\/eu\/rest-ce-service\/generacio-renovable-eu\/\" rel=\"tag\">Komunitatearen sorkuntza berriztagarria<\/a><\/div>\n    <\/div>\n    \n\n    \n    <div class=\"wp-block-group is-style-show-tablet ce-card-terms is-layout-flow wp-block-group-is-layout-flow\">\n      <div class=\"taxonomy-rest-ce-service wp-block-post-terms\"><a href=\"https:\/\/somcomunitats.coop\/eu\/rest-ce-service\/subministrament-renovable-eu\/\" rel=\"tag\">0eko energia berriztagarrien hornidura<\/a><span class=\"wp-block-post-terms__separator\"> <\/span><a href=\"https:\/\/somcomunitats.coop\/eu\/rest-ce-service\/generacio-renovable-eu\/\" rel=\"tag\">Komunitatearen sorkuntza berriztagarria<\/a><\/div>\n    <\/div>\n    \n\n    \n    <div class=\"wp-block-group is-style-show-mobile ce-card-terms is-layout-flow wp-block-group-is-layout-flow\">\n      <div class=\"taxonomy-rest-ce-service wp-block-post-terms\"><a href=\"https:\/\/somcomunitats.coop\/eu\/rest-ce-service\/subministrament-renovable-eu\/\" rel=\"tag\">0eko energia berriztagarrien hornidura<\/a><span class=\"wp-block-post-terms__separator\"> <\/span><a href=\"https:\/\/somcomunitats.coop\/eu\/rest-ce-service\/generacio-renovable-eu\/\" rel=\"tag\">Komunitatearen sorkuntza berriztagarria<\/a><\/div>\n    <\/div>\n    \n\n    \n    <div style=\"height:1em;width:0px\" aria-hidden=\"true\" class=\"wp-block-spacer\"><\/div>\n    \n\n    <h4 class=\"wp-block-heading wp-block-post-title\"><a href=\"https:\/\/somcomunitats.coop\/eu\/landing\/cer-llucmajor\/\" target=\"_self\">CER Llucmajor<\/a><\/h4>\n\n    <div class=\"wp-block-post-excerpt\">\n      <div class=\"wp-block-post-excerpt__excerpt\">CER Llucmajor \u00e9s una Comunitat d&#8217;Energies Renovables local  impulsada per la cooperativa Agr\u00edcola i ramadera de Llucmajor i activa des del maig 2023.\nReuneix a persones o entitats que produeixen i consumeixen energia conjuntament. Promou l\u2019\u00fas d&#8217;energia sostenible per a reduir la penjada ecol\u00f2gica del seu socis. \u00c9s oberta a tothom: administracions, empreses i ciutadans de Llucmajor.\nEls seus objectius principal s\u00f3n: \n&#8211; Producci\u00f3, consum, emmagatzematge i venda d\u2019energia renovable i gesti\u00f3 de l&#8217;energia generada a les instal\u00b7lacions de la cooperativa i\/o dels seus socis.\n&#8211; Contribuir a la sostenibilitat energ\u00e8tica.\n&#8211; Atorgar un paper actiu a les s\u00f2cies i a la poblaci\u00f3 agr\u00e0ria encaminada a la promoci\u00f3 i la millora de la qualitat de vida de la poblaci\u00f3 agr\u00e0ria i del medi rural en general.\n&#8211; Promoure la implantaci\u00f3 d\u2019instal\u00b7lacions fotovoltaiques per la cooperativa i per les s\u00f2cies que puguin beneficiar les persones s\u00f2cies de la cooperativa.<\/div>\n    <\/div>\n\n    \n    <hr class=\"wp-block-separator has-alpha-channel-opacity\" \/>\n    \n    <p>Llucmajor<\/p>\n\n    <p class=\"wp-block-post-excerpt__more-text\">\n      <a class=\"wp-block-post-excerpt__more-link\" href=\"https:\/\/somcomunitats.coop\/eu\/landing\/cer-llucmajor\/\" tabindex=\"0\">M\u00e9s informaci\u00f3<\/a>\n    <\/p>\n  <\/div>\n  \n\n  \n  <div style=\"height:3rem\" aria-hidden=\"true\" class=\"wp-block-spacer\"><\/div>\n  \n<\/article>\n\n\n<\/div>\n\n<\/li><li class=\"wp-block-post post-11941 rest-ce-landing type-rest-ce-landing status-publish has-post-thumbnail hentry rest-ce-type-citizen-eu rest-ce-assoc-type-non_profit-eu rest-ce-status-open-eu rest-ce-service-eficiencia-energetica-eu rest-ce-service-generacio-renovable-eu\">\n\n<div class=\"wp-block-group wpct-block-slider-slide is-layout-constrained wp-block-group-is-layout-constrained\">\n\n<article class=\"wp-block-group is-style-no-padding has-base-background-color has-background ce-card ce-post-card ce-landing-card is-layout-constrained wp-block-group-is-layout-constrained\">\n  <img decoding=\"async\" src=\"https:\/\/somcomunitats.coop\/wp-content\/uploads\/2025\/12\/186-primary_image_file.jpeg\">\n\n\n  <div class=\"taxonomy-rest-ce-status wp-block-post-terms\"><a href=\"https:\/\/somcomunitats.coop\/eu\/rest-ce-status\/open-eu\/\" rel=\"tag\">Ireki<\/a><\/div>\n\n  \n  <div style=\"height:40px\" aria-hidden=\"true\" class=\"wp-block-spacer\"><\/div>\n  \n\n  \n  <div class=\"wp-block-group ce-card-body is-layout-flow wp-block-group-is-layout-flow\">\n    \n    <div class=\"wp-block-group is-style-show-desktop ce-card-terms is-layout-flow wp-block-group-is-layout-flow\">\n      <div class=\"taxonomy-rest-ce-service wp-block-post-terms\"><a href=\"https:\/\/somcomunitats.coop\/eu\/rest-ce-service\/eficiencia-energetica-eu\/\" rel=\"tag\">Energia-eraginkortasuna<\/a><span class=\"wp-block-post-terms__separator\"> <\/span><a href=\"https:\/\/somcomunitats.coop\/eu\/rest-ce-service\/generacio-renovable-eu\/\" rel=\"tag\">Komunitatearen sorkuntza berriztagarria<\/a><\/div>\n    <\/div>\n    \n\n    \n    <div class=\"wp-block-group is-style-show-tablet ce-card-terms is-layout-flow wp-block-group-is-layout-flow\">\n      <div class=\"taxonomy-rest-ce-service wp-block-post-terms\"><a href=\"https:\/\/somcomunitats.coop\/eu\/rest-ce-service\/eficiencia-energetica-eu\/\" rel=\"tag\">Energia-eraginkortasuna<\/a><span class=\"wp-block-post-terms__separator\"> <\/span><a href=\"https:\/\/somcomunitats.coop\/eu\/rest-ce-service\/generacio-renovable-eu\/\" rel=\"tag\">Komunitatearen sorkuntza berriztagarria<\/a><\/div>\n    <\/div>\n    \n\n    \n    <div class=\"wp-block-group is-style-show-mobile ce-card-terms is-layout-flow wp-block-group-is-layout-flow\">\n      <div class=\"taxonomy-rest-ce-service wp-block-post-terms\"><a href=\"https:\/\/somcomunitats.coop\/eu\/rest-ce-service\/eficiencia-energetica-eu\/\" rel=\"tag\">Energia-eraginkortasuna<\/a><span class=\"wp-block-post-terms__separator\"> <\/span><a href=\"https:\/\/somcomunitats.coop\/eu\/rest-ce-service\/generacio-renovable-eu\/\" rel=\"tag\">Komunitatearen sorkuntza berriztagarria<\/a><\/div>\n    <\/div>\n    \n\n    \n    <div style=\"height:1em;width:0px\" aria-hidden=\"true\" class=\"wp-block-spacer\"><\/div>\n    \n\n    <h4 class=\"wp-block-heading wp-block-post-title\"><a href=\"https:\/\/somcomunitats.coop\/eu\/landing\/errektrizitatea\/\" target=\"_self\">Errektrizitatea<\/a><\/h4>\n\n    <div class=\"wp-block-post-excerpt\">\n      <div class=\"wp-block-post-excerpt__excerpt\">Si quieres avanzar hacia un modelo de transici\u00f3n energ\u00e9tica en Bilbao, conoce Errektrizitatea. Nacemos en Rekalde pero con Bilbao como \u00e1mbito de trabajo, la asociaci\u00f3n Errektrizitatea ha sido creada para crear grupo y gestionar una Comunidad Energ\u00e9tica.\r\nEn Errektrizitatea vamos a trabajar para avanzar en la soberan\u00eda energ\u00e9tica, para conseguir ahorros en tu factura, para avanzar hacia una econom\u00eda verde, circular y sostenible y para promover sistemas alternativos y renovables de producci\u00f3n de energ\u00eda local.\r\nQueremos afrontar el futuro inmediato construyendo y materializando alternativas con herramientas que nos permitan colocarnos en situaci\u00f3n de autosuficiencia, de resilencia y de adaptaci\u00f3n medioambiental y social.\r\nConoce  Errektrizitatea con el objetivo de mejorar Rekalde y Bilbao.\r\n<\/div>\n    <\/div>\n\n    \n    <hr class=\"wp-block-separator has-alpha-channel-opacity\" \/>\n    \n    <p>Bilbao<\/p>\n\n    <p class=\"wp-block-post-excerpt__more-text\">\n      <a class=\"wp-block-post-excerpt__more-link\" href=\"https:\/\/somcomunitats.coop\/eu\/landing\/errektrizitatea\/\" tabindex=\"0\">M\u00e9s informaci\u00f3<\/a>\n    <\/p>\n  <\/div>\n  \n\n  \n  <div style=\"height:3rem\" aria-hidden=\"true\" class=\"wp-block-spacer\"><\/div>\n  \n<\/article>\n\n\n<\/div>\n\n<\/li><li class=\"wp-block-post post-11881 rest-ce-landing type-rest-ce-landing status-publish has-post-thumbnail hentry rest-ce-type-citizen-eu rest-ce-assoc-type-non_profit-eu rest-ce-status-closed-eu rest-ce-service-formacio-ciutadana-eu rest-ce-service-generacio-renovable-eu\">\n\n<div class=\"wp-block-group wpct-block-slider-slide is-layout-constrained wp-block-group-is-layout-constrained\">\n\n<article class=\"wp-block-group is-style-no-padding has-base-background-color has-background ce-card ce-post-card ce-landing-card is-layout-constrained wp-block-group-is-layout-constrained\">\n  <img decoding=\"async\" src=\"https:\/\/somcomunitats.coop\/wp-content\/uploads\/2025\/12\/185-primary_image_file.jpeg\">\n\n\n  <div class=\"taxonomy-rest-ce-status wp-block-post-terms\"><a href=\"https:\/\/somcomunitats.coop\/eu\/rest-ce-status\/closed-eu\/\" rel=\"tag\">itxita<\/a><\/div>\n\n  \n  <div style=\"height:40px\" aria-hidden=\"true\" class=\"wp-block-spacer\"><\/div>\n  \n\n  \n  <div class=\"wp-block-group ce-card-body is-layout-flow wp-block-group-is-layout-flow\">\n    \n    <div class=\"wp-block-group is-style-show-desktop ce-card-terms is-layout-flow wp-block-group-is-layout-flow\">\n      <div class=\"taxonomy-rest-ce-service wp-block-post-terms\"><a href=\"https:\/\/somcomunitats.coop\/eu\/rest-ce-service\/formacio-ciutadana-eu\/\" rel=\"tag\">Herritarren trebakuntza<\/a><span class=\"wp-block-post-terms__separator\"> <\/span><a href=\"https:\/\/somcomunitats.coop\/eu\/rest-ce-service\/generacio-renovable-eu\/\" rel=\"tag\">Komunitatearen sorkuntza berriztagarria<\/a><\/div>\n    <\/div>\n    \n\n    \n    <div class=\"wp-block-group is-style-show-tablet ce-card-terms is-layout-flow wp-block-group-is-layout-flow\">\n      <div class=\"taxonomy-rest-ce-service wp-block-post-terms\"><a href=\"https:\/\/somcomunitats.coop\/eu\/rest-ce-service\/formacio-ciutadana-eu\/\" rel=\"tag\">Herritarren trebakuntza<\/a><span class=\"wp-block-post-terms__separator\"> <\/span><a href=\"https:\/\/somcomunitats.coop\/eu\/rest-ce-service\/generacio-renovable-eu\/\" rel=\"tag\">Komunitatearen sorkuntza berriztagarria<\/a><\/div>\n    <\/div>\n    \n\n    \n    <div class=\"wp-block-group is-style-show-mobile ce-card-terms is-layout-flow wp-block-group-is-layout-flow\">\n      <div class=\"taxonomy-rest-ce-service wp-block-post-terms\"><a href=\"https:\/\/somcomunitats.coop\/eu\/rest-ce-service\/formacio-ciutadana-eu\/\" rel=\"tag\">Herritarren trebakuntza<\/a><span class=\"wp-block-post-terms__separator\"> <\/span><a href=\"https:\/\/somcomunitats.coop\/eu\/rest-ce-service\/generacio-renovable-eu\/\" rel=\"tag\">Komunitatearen sorkuntza berriztagarria<\/a><\/div>\n    <\/div>\n    \n\n    \n    <div style=\"height:1em;width:0px\" aria-hidden=\"true\" class=\"wp-block-spacer\"><\/div>\n    \n\n    <h4 class=\"wp-block-heading wp-block-post-title\"><a href=\"https:\/\/somcomunitats.coop\/eu\/landing\/comunidad-energetica-local-de-quintanilla-de-arriba\/\" target=\"_self\">Comunidad Energ\u00e9tica Local de Quintanilla de Arriba<\/a><\/h4>\n\n    <div class=\"wp-block-post-excerpt\">\n      <div class=\"wp-block-post-excerpt__excerpt\">Despr\u00e9s d&#8217;unes jornades sobre Comunitats Energ\u00e8tiques, la gent es va adonar que al nostre poble tamb\u00e9 podr\u00edem crear una comunitat que prove\u00eds d&#8217;energia renovable la gent del nostre poble.<\/div>\n    <\/div>\n\n    \n    <hr class=\"wp-block-separator has-alpha-channel-opacity\" \/>\n    \n    <p>Quintanilla de Arriba<\/p>\n\n    <p class=\"wp-block-post-excerpt__more-text\">\n      <a class=\"wp-block-post-excerpt__more-link\" href=\"https:\/\/somcomunitats.coop\/eu\/landing\/comunidad-energetica-local-de-quintanilla-de-arriba\/\" tabindex=\"0\">M\u00e9s informaci\u00f3<\/a>\n    <\/p>\n  <\/div>\n  \n\n  \n  <div style=\"height:3rem\" aria-hidden=\"true\" class=\"wp-block-spacer\"><\/div>\n  \n<\/article>\n\n\n<\/div>\n\n<\/li><li class=\"wp-block-post post-11795 rest-ce-landing type-rest-ce-landing status-publish has-post-thumbnail hentry rest-ce-type-citizen-eu rest-ce-assoc-type-cooperative-eu rest-ce-status-closed-eu rest-ce-service-subministrament-renovable-eu rest-ce-service-formacio-ciutadana-eu rest-ce-service-generacio-renovable-eu\">\n\n<div class=\"wp-block-group wpct-block-slider-slide is-layout-constrained wp-block-group-is-layout-constrained\">\n\n<article class=\"wp-block-group is-style-no-padding has-base-background-color has-background ce-card ce-post-card ce-landing-card is-layout-constrained wp-block-group-is-layout-constrained\">\n  <img decoding=\"async\" src=\"https:\/\/somcomunitats.coop\/wp-content\/uploads\/2025\/11\/184-primary_image_file.jpeg\">\n\n\n  <div class=\"taxonomy-rest-ce-status wp-block-post-terms\"><a href=\"https:\/\/somcomunitats.coop\/eu\/rest-ce-status\/closed-eu\/\" rel=\"tag\">itxita<\/a><\/div>\n\n  \n  <div style=\"height:40px\" aria-hidden=\"true\" class=\"wp-block-spacer\"><\/div>\n  \n\n  \n  <div class=\"wp-block-group ce-card-body is-layout-flow wp-block-group-is-layout-flow\">\n    \n    <div class=\"wp-block-group is-style-show-desktop ce-card-terms is-layout-flow wp-block-group-is-layout-flow\">\n      <div class=\"taxonomy-rest-ce-service wp-block-post-terms\"><a href=\"https:\/\/somcomunitats.coop\/eu\/rest-ce-service\/subministrament-renovable-eu\/\" rel=\"tag\">0eko energia berriztagarrien hornidura<\/a><span class=\"wp-block-post-terms__separator\"> <\/span><a href=\"https:\/\/somcomunitats.coop\/eu\/rest-ce-service\/formacio-ciutadana-eu\/\" rel=\"tag\">Herritarren trebakuntza<\/a><span class=\"wp-block-post-terms__separator\"> <\/span><a href=\"https:\/\/somcomunitats.coop\/eu\/rest-ce-service\/generacio-renovable-eu\/\" rel=\"tag\">Komunitatearen sorkuntza berriztagarria<\/a><\/div>\n    <\/div>\n    \n\n    \n    <div class=\"wp-block-group is-style-show-tablet ce-card-terms is-layout-flow wp-block-group-is-layout-flow\">\n      <div class=\"taxonomy-rest-ce-service wp-block-post-terms\"><a href=\"https:\/\/somcomunitats.coop\/eu\/rest-ce-service\/subministrament-renovable-eu\/\" rel=\"tag\">0eko energia berriztagarrien hornidura<\/a><span class=\"wp-block-post-terms__separator\"> <\/span><a href=\"https:\/\/somcomunitats.coop\/eu\/rest-ce-service\/formacio-ciutadana-eu\/\" rel=\"tag\">Herritarren trebakuntza<\/a><span class=\"wp-block-post-terms__separator\"> <\/span><a href=\"https:\/\/somcomunitats.coop\/eu\/rest-ce-service\/generacio-renovable-eu\/\" rel=\"tag\">Komunitatearen sorkuntza berriztagarria<\/a><\/div>\n    <\/div>\n    \n\n    \n    <div class=\"wp-block-group is-style-show-mobile ce-card-terms is-layout-flow wp-block-group-is-layout-flow\">\n      <div class=\"taxonomy-rest-ce-service wp-block-post-terms\"><a href=\"https:\/\/somcomunitats.coop\/eu\/rest-ce-service\/subministrament-renovable-eu\/\" rel=\"tag\">0eko energia berriztagarrien hornidura<\/a><span class=\"wp-block-post-terms__separator\"> <\/span><a href=\"https:\/\/somcomunitats.coop\/eu\/rest-ce-service\/formacio-ciutadana-eu\/\" rel=\"tag\">Herritarren trebakuntza<\/a><span class=\"wp-block-post-terms__separator\"> <\/span><a href=\"https:\/\/somcomunitats.coop\/eu\/rest-ce-service\/generacio-renovable-eu\/\" rel=\"tag\">Komunitatearen sorkuntza berriztagarria<\/a><\/div>\n    <\/div>\n    \n\n    \n    <div style=\"height:1em;width:0px\" aria-hidden=\"true\" class=\"wp-block-spacer\"><\/div>\n    \n\n    <h4 class=\"wp-block-heading wp-block-post-title\"><a href=\"https:\/\/somcomunitats.coop\/eu\/landing\/klik-mutriku-energia-komunitatea\/\" target=\"_self\">KLIK Mutriku Energia Komunitatea<\/a><\/h4>\n\n    <div class=\"wp-block-post-excerpt\">\n      <div class=\"wp-block-post-excerpt__excerpt\">Klik Mutriku S.Koop. \u00e9s una cooperativa ciutadana sense \u00e0nim de lucre, basada en la participaci\u00f3 volunt\u00e0ria. El que pot aportar la ciutadania i els agents locals, com a ajuntaments, associacions culturals i esportives, centres escolars, comerciants, hostalers, empreses o aut\u00f2noms.\n\n\nEntre els nostres objectius estan:\n&#8211; Foment de les energies renovables.\n&#8211; Augmentar l&#8217;autoconsum, \u00e9s a dir, l&#8217;energia orientada al consum propi\nProducci\u00f3.\n&#8211; Educaci\u00f3 i apoderament de la ciutadania en mat\u00e8ria energ\u00e8tica.\n&#8211; Millorar la comprensi\u00f3 de les factures energ\u00e8tiques i contribuir a la reducci\u00f3 de la despesa.\n&#8211; Ajudar a les persones en situaci\u00f3 de pobresa energ\u00e8tica.<\/div>\n    <\/div>\n\n    \n    <hr class=\"wp-block-separator has-alpha-channel-opacity\" \/>\n    \n    <p>Mutriku<\/p>\n\n    <p class=\"wp-block-post-excerpt__more-text\">\n      <a class=\"wp-block-post-excerpt__more-link\" href=\"https:\/\/somcomunitats.coop\/eu\/landing\/klik-mutriku-energia-komunitatea\/\" tabindex=\"0\">M\u00e9s informaci\u00f3<\/a>\n    <\/p>\n  <\/div>\n  \n\n  \n  <div style=\"height:3rem\" aria-hidden=\"true\" class=\"wp-block-spacer\"><\/div>\n  \n<\/article>\n\n\n<\/div>\n\n<\/li><li class=\"wp-block-post post-11789 rest-ce-landing type-rest-ce-landing status-publish has-post-thumbnail hentry rest-ce-type-citizen-eu rest-ce-assoc-type-cooperative-eu rest-ce-status-open-eu rest-ce-service-energia-termica-eu rest-ce-service-eficiencia-energetica-eu rest-ce-service-formacio-ciutadana-eu rest-ce-service-generacio-renovable-eu rest-ce-service-mobilitat-sostenible-eu\">\n\n<div class=\"wp-block-group wpct-block-slider-slide is-layout-constrained wp-block-group-is-layout-constrained\">\n\n<article class=\"wp-block-group is-style-no-padding has-base-background-color has-background ce-card ce-post-card ce-landing-card is-layout-constrained wp-block-group-is-layout-constrained\">\n  <img decoding=\"async\" src=\"https:\/\/somcomunitats.coop\/wp-content\/uploads\/2025\/11\/181-primary_image_file.jpeg\">\n\n\n  <div class=\"taxonomy-rest-ce-status wp-block-post-terms\"><a href=\"https:\/\/somcomunitats.coop\/eu\/rest-ce-status\/open-eu\/\" rel=\"tag\">Ireki<\/a><\/div>\n\n  \n  <div style=\"height:40px\" aria-hidden=\"true\" class=\"wp-block-spacer\"><\/div>\n  \n\n  \n  <div class=\"wp-block-group ce-card-body is-layout-flow wp-block-group-is-layout-flow\">\n    \n    <div class=\"wp-block-group is-style-show-desktop ce-card-terms is-layout-flow wp-block-group-is-layout-flow\">\n      <div class=\"taxonomy-rest-ce-service wp-block-post-terms\"><a href=\"https:\/\/somcomunitats.coop\/eu\/rest-ce-service\/energia-termica-eu\/\" rel=\"tag\">Energia termikoa eta aire girotua<\/a><span class=\"wp-block-post-terms__separator\"> <\/span><a href=\"https:\/\/somcomunitats.coop\/eu\/rest-ce-service\/eficiencia-energetica-eu\/\" rel=\"tag\">Energia-eraginkortasuna<\/a><span class=\"wp-block-post-terms__separator\"> <\/span><a href=\"https:\/\/somcomunitats.coop\/eu\/rest-ce-service\/formacio-ciutadana-eu\/\" rel=\"tag\">Herritarren trebakuntza<\/a><span class=\"wp-block-post-terms__separator\"> <\/span><a href=\"https:\/\/somcomunitats.coop\/eu\/rest-ce-service\/generacio-renovable-eu\/\" rel=\"tag\">Komunitatearen sorkuntza berriztagarria<\/a><span class=\"wp-block-post-terms__separator\"> <\/span><a href=\"https:\/\/somcomunitats.coop\/eu\/rest-ce-service\/mobilitat-sostenible-eu\/\" rel=\"tag\">Mugikortasun jasangarria<\/a><\/div>\n    <\/div>\n    \n\n    \n    <div class=\"wp-block-group is-style-show-tablet ce-card-terms is-layout-flow wp-block-group-is-layout-flow\">\n      <div class=\"taxonomy-rest-ce-service wp-block-post-terms\"><a href=\"https:\/\/somcomunitats.coop\/eu\/rest-ce-service\/energia-termica-eu\/\" rel=\"tag\">Energia termikoa eta aire girotua<\/a><span class=\"wp-block-post-terms__separator\"> <\/span><a href=\"https:\/\/somcomunitats.coop\/eu\/rest-ce-service\/eficiencia-energetica-eu\/\" rel=\"tag\">Energia-eraginkortasuna<\/a><span class=\"wp-block-post-terms__separator\"> <\/span><a href=\"https:\/\/somcomunitats.coop\/eu\/rest-ce-service\/formacio-ciutadana-eu\/\" rel=\"tag\">Herritarren trebakuntza<\/a><span class=\"wp-block-post-terms__separator\"> <\/span><a href=\"https:\/\/somcomunitats.coop\/eu\/rest-ce-service\/generacio-renovable-eu\/\" rel=\"tag\">Komunitatearen sorkuntza berriztagarria<\/a><span class=\"wp-block-post-terms__separator\"> <\/span><a href=\"https:\/\/somcomunitats.coop\/eu\/rest-ce-service\/mobilitat-sostenible-eu\/\" rel=\"tag\">Mugikortasun jasangarria<\/a><\/div>\n    <\/div>\n    \n\n    \n    <div class=\"wp-block-group is-style-show-mobile ce-card-terms is-layout-flow wp-block-group-is-layout-flow\">\n      <div class=\"taxonomy-rest-ce-service wp-block-post-terms\"><a href=\"https:\/\/somcomunitats.coop\/eu\/rest-ce-service\/energia-termica-eu\/\" rel=\"tag\">Energia termikoa eta aire girotua<\/a><span class=\"wp-block-post-terms__separator\"> <\/span><a href=\"https:\/\/somcomunitats.coop\/eu\/rest-ce-service\/eficiencia-energetica-eu\/\" rel=\"tag\">Energia-eraginkortasuna<\/a><span class=\"wp-block-post-terms__separator\"> <\/span><a href=\"https:\/\/somcomunitats.coop\/eu\/rest-ce-service\/formacio-ciutadana-eu\/\" rel=\"tag\">Herritarren trebakuntza<\/a><span class=\"wp-block-post-terms__separator\"> <\/span><a href=\"https:\/\/somcomunitats.coop\/eu\/rest-ce-service\/generacio-renovable-eu\/\" rel=\"tag\">Komunitatearen sorkuntza berriztagarria<\/a><span class=\"wp-block-post-terms__separator\"> <\/span><a href=\"https:\/\/somcomunitats.coop\/eu\/rest-ce-service\/mobilitat-sostenible-eu\/\" rel=\"tag\">Mugikortasun jasangarria<\/a><\/div>\n    <\/div>\n    \n\n    \n    <div style=\"height:1em;width:0px\" aria-hidden=\"true\" class=\"wp-block-spacer\"><\/div>\n    \n\n    <h4 class=\"wp-block-heading wp-block-post-title\"><a href=\"https:\/\/somcomunitats.coop\/eu\/landing\/les-solius-cooperativa-energetica-de-begues\/\" target=\"_self\">Les Solius &#8211; Cooperativa Energ\u00e8tica de Begues<\/a><\/h4>\n\n    <div class=\"wp-block-post-excerpt\">\n      <div class=\"wp-block-post-excerpt__excerpt\">La Comunitat Energ\u00e8tica va sorgir del Grup de Treball d&#8217;Energia de la Taula Ciutadana pel Clima de Begues. Des de juliol de 2021, moment en el qual vam comen\u00e7ar organitzant una sessi\u00f3 virtual en plena pand\u00e8mia que no hem parat d&#8217;organitzar actes, reunions i fins i tot vam visitar Comunitats Energ\u00e8tiques de refer\u00e8ncia. Despr\u00e9s de tots aquests difonent la proposta, reunint-nos amb l&#8217;ajuntament i ampliant els nostres coneixements per entendre qu\u00e8 i com ho podem fer, acabem el 2025 constituint les Solius, la Cooperativa Energ\u00e8tica de Begues.<\/div>\n    <\/div>\n\n    \n    <hr class=\"wp-block-separator has-alpha-channel-opacity\" \/>\n    \n    <p>Begues<\/p>\n\n    <p class=\"wp-block-post-excerpt__more-text\">\n      <a class=\"wp-block-post-excerpt__more-link\" href=\"https:\/\/somcomunitats.coop\/eu\/landing\/les-solius-cooperativa-energetica-de-begues\/\" tabindex=\"0\">M\u00e9s informaci\u00f3<\/a>\n    <\/p>\n  <\/div>\n  \n\n  \n  <div style=\"height:3rem\" aria-hidden=\"true\" class=\"wp-block-spacer\"><\/div>\n  \n<\/article>\n\n\n<\/div>\n\n<\/li><li class=\"wp-block-post post-11784 rest-ce-landing type-rest-ce-landing status-publish has-post-thumbnail hentry rest-ce-type-citizen-eu rest-ce-assoc-type-non_profit-eu rest-ce-status-open-eu rest-ce-service-eficiencia-energetica-eu rest-ce-service-formacio-ciutadana-eu rest-ce-service-generacio-renovable-eu\">\n\n<div class=\"wp-block-group wpct-block-slider-slide is-layout-constrained wp-block-group-is-layout-constrained\">\n\n<article class=\"wp-block-group is-style-no-padding has-base-background-color has-background ce-card ce-post-card ce-landing-card is-layout-constrained wp-block-group-is-layout-constrained\">\n  <img decoding=\"async\" src=\"https:\/\/somcomunitats.coop\/wp-content\/uploads\/2025\/11\/176-primary_image_file.jpeg\">\n\n\n  <div class=\"taxonomy-rest-ce-status wp-block-post-terms\"><a href=\"https:\/\/somcomunitats.coop\/eu\/rest-ce-status\/open-eu\/\" rel=\"tag\">Ireki<\/a><\/div>\n\n  \n  <div style=\"height:40px\" aria-hidden=\"true\" class=\"wp-block-spacer\"><\/div>\n  \n\n  \n  <div class=\"wp-block-group ce-card-body is-layout-flow wp-block-group-is-layout-flow\">\n    \n    <div class=\"wp-block-group is-style-show-desktop ce-card-terms is-layout-flow wp-block-group-is-layout-flow\">\n      <div class=\"taxonomy-rest-ce-service wp-block-post-terms\"><a href=\"https:\/\/somcomunitats.coop\/eu\/rest-ce-service\/eficiencia-energetica-eu\/\" rel=\"tag\">Energia-eraginkortasuna<\/a><span class=\"wp-block-post-terms__separator\"> <\/span><a href=\"https:\/\/somcomunitats.coop\/eu\/rest-ce-service\/formacio-ciutadana-eu\/\" rel=\"tag\">Herritarren trebakuntza<\/a><span class=\"wp-block-post-terms__separator\"> <\/span><a href=\"https:\/\/somcomunitats.coop\/eu\/rest-ce-service\/generacio-renovable-eu\/\" rel=\"tag\">Komunitatearen sorkuntza berriztagarria<\/a><\/div>\n    <\/div>\n    \n\n    \n    <div class=\"wp-block-group is-style-show-tablet ce-card-terms is-layout-flow wp-block-group-is-layout-flow\">\n      <div class=\"taxonomy-rest-ce-service wp-block-post-terms\"><a href=\"https:\/\/somcomunitats.coop\/eu\/rest-ce-service\/eficiencia-energetica-eu\/\" rel=\"tag\">Energia-eraginkortasuna<\/a><span class=\"wp-block-post-terms__separator\"> <\/span><a href=\"https:\/\/somcomunitats.coop\/eu\/rest-ce-service\/formacio-ciutadana-eu\/\" rel=\"tag\">Herritarren trebakuntza<\/a><span class=\"wp-block-post-terms__separator\"> <\/span><a href=\"https:\/\/somcomunitats.coop\/eu\/rest-ce-service\/generacio-renovable-eu\/\" rel=\"tag\">Komunitatearen sorkuntza berriztagarria<\/a><\/div>\n    <\/div>\n    \n\n    \n    <div class=\"wp-block-group is-style-show-mobile ce-card-terms is-layout-flow wp-block-group-is-layout-flow\">\n      <div class=\"taxonomy-rest-ce-service wp-block-post-terms\"><a href=\"https:\/\/somcomunitats.coop\/eu\/rest-ce-service\/eficiencia-energetica-eu\/\" rel=\"tag\">Energia-eraginkortasuna<\/a><span class=\"wp-block-post-terms__separator\"> <\/span><a href=\"https:\/\/somcomunitats.coop\/eu\/rest-ce-service\/formacio-ciutadana-eu\/\" rel=\"tag\">Herritarren trebakuntza<\/a><span class=\"wp-block-post-terms__separator\"> <\/span><a href=\"https:\/\/somcomunitats.coop\/eu\/rest-ce-service\/generacio-renovable-eu\/\" rel=\"tag\">Komunitatearen sorkuntza berriztagarria<\/a><\/div>\n    <\/div>\n    \n\n    \n    <div style=\"height:1em;width:0px\" aria-hidden=\"true\" class=\"wp-block-spacer\"><\/div>\n    \n\n    <h4 class=\"wp-block-heading wp-block-post-title\"><a href=\"https:\/\/somcomunitats.coop\/eu\/landing\/comunidad-energetica-local-de-la-raiosa\/\" target=\"_self\">Comunidad Energ\u00e9tica Local de La Ra\u00efosa<\/a><\/h4>\n\n    <div class=\"wp-block-post-excerpt\">\n      <div class=\"wp-block-post-excerpt__excerpt\">Som una associaci\u00f3 sense \u00e0nim de lucre que aposta per un model d&#8217;energia verda, col\u00b7laborativa, sostenible i social.\r\nEl nostre objectiu \u00e9s consumir la nostra pr\u00f2pia energia neta, de baix cost i generada localment, promovent la col\u00b7laboraci\u00f3 i el teixit social. Aconseguim aix\u00ed un barri m\u00e9s sostenible i amb menys emissions de CO2.\r\nCreiem que el poder de canviar el m\u00f3n comen\u00e7a en el nostre barri: en comunitat generem m\u00e9s que energia local, justa i renovable: creem futur.<\/div>\n    <\/div>\n\n    \n    <hr class=\"wp-block-separator has-alpha-channel-opacity\" \/>\n    \n    <p>Val\u00e8ncia<\/p>\n\n    <p class=\"wp-block-post-excerpt__more-text\">\n      <a class=\"wp-block-post-excerpt__more-link\" href=\"https:\/\/somcomunitats.coop\/eu\/landing\/comunidad-energetica-local-de-la-raiosa\/\" tabindex=\"0\">M\u00e9s informaci\u00f3<\/a>\n    <\/p>\n  <\/div>\n  \n\n  \n  <div style=\"height:3rem\" aria-hidden=\"true\" class=\"wp-block-spacer\"><\/div>\n  \n<\/article>\n\n\n<\/div>\n\n<\/li><li class=\"wp-block-post post-11779 rest-ce-landing type-rest-ce-landing status-publish has-post-thumbnail hentry rest-ce-type-citizen-eu rest-ce-assoc-type-non_profit-eu rest-ce-status-open-eu rest-ce-service-subministrament-renovable-eu rest-ce-service-energia-termica-eu rest-ce-service-agregacio-demanda-eu rest-ce-service-formacio-ciutadana-eu rest-ce-service-compres-colectives-eu\">\n\n<div class=\"wp-block-group wpct-block-slider-slide is-layout-constrained wp-block-group-is-layout-constrained\">\n\n<article class=\"wp-block-group is-style-no-padding has-base-background-color has-background ce-card ce-post-card ce-landing-card is-layout-constrained wp-block-group-is-layout-constrained\">\n  <img decoding=\"async\" src=\"https:\/\/somcomunitats.coop\/wp-content\/uploads\/2025\/11\/183-primary_image_file.png\">\n\n\n  <div class=\"taxonomy-rest-ce-status wp-block-post-terms\"><a href=\"https:\/\/somcomunitats.coop\/eu\/rest-ce-status\/open-eu\/\" rel=\"tag\">Ireki<\/a><\/div>\n\n  \n  <div style=\"height:40px\" aria-hidden=\"true\" class=\"wp-block-spacer\"><\/div>\n  \n\n  \n  <div class=\"wp-block-group ce-card-body is-layout-flow wp-block-group-is-layout-flow\">\n    \n    <div class=\"wp-block-group is-style-show-desktop ce-card-terms is-layout-flow wp-block-group-is-layout-flow\">\n      <div class=\"taxonomy-rest-ce-service wp-block-post-terms\"><a href=\"https:\/\/somcomunitats.coop\/eu\/rest-ce-service\/subministrament-renovable-eu\/\" rel=\"tag\">0eko energia berriztagarrien hornidura<\/a><span class=\"wp-block-post-terms__separator\"> <\/span><a href=\"https:\/\/somcomunitats.coop\/eu\/rest-ce-service\/energia-termica-eu\/\" rel=\"tag\">Energia termikoa eta aire girotua<\/a><span class=\"wp-block-post-terms__separator\"> <\/span><a href=\"https:\/\/somcomunitats.coop\/eu\/rest-ce-service\/agregacio-demanda-eu\/\" rel=\"tag\">Eskaria elkartzea eta malgutzea<\/a><span class=\"wp-block-post-terms__separator\"> <\/span><a href=\"https:\/\/somcomunitats.coop\/eu\/rest-ce-service\/formacio-ciutadana-eu\/\" rel=\"tag\">Herritarren trebakuntza<\/a><span class=\"wp-block-post-terms__separator\"> <\/span><a href=\"https:\/\/somcomunitats.coop\/eu\/rest-ce-service\/compres-colectives-eu\/\" rel=\"tag\">Taldeko erosketak<\/a><\/div>\n    <\/div>\n    \n\n    \n    <div class=\"wp-block-group is-style-show-tablet ce-card-terms is-layout-flow wp-block-group-is-layout-flow\">\n      <div class=\"taxonomy-rest-ce-service wp-block-post-terms\"><a href=\"https:\/\/somcomunitats.coop\/eu\/rest-ce-service\/subministrament-renovable-eu\/\" rel=\"tag\">0eko energia berriztagarrien hornidura<\/a><span class=\"wp-block-post-terms__separator\"> <\/span><a href=\"https:\/\/somcomunitats.coop\/eu\/rest-ce-service\/energia-termica-eu\/\" rel=\"tag\">Energia termikoa eta aire girotua<\/a><span class=\"wp-block-post-terms__separator\"> <\/span><a href=\"https:\/\/somcomunitats.coop\/eu\/rest-ce-service\/agregacio-demanda-eu\/\" rel=\"tag\">Eskaria elkartzea eta malgutzea<\/a><span class=\"wp-block-post-terms__separator\"> <\/span><a href=\"https:\/\/somcomunitats.coop\/eu\/rest-ce-service\/formacio-ciutadana-eu\/\" rel=\"tag\">Herritarren trebakuntza<\/a><span class=\"wp-block-post-terms__separator\"> <\/span><a href=\"https:\/\/somcomunitats.coop\/eu\/rest-ce-service\/compres-colectives-eu\/\" rel=\"tag\">Taldeko erosketak<\/a><\/div>\n    <\/div>\n    \n\n    \n    <div class=\"wp-block-group is-style-show-mobile ce-card-terms is-layout-flow wp-block-group-is-layout-flow\">\n      <div class=\"taxonomy-rest-ce-service wp-block-post-terms\"><a href=\"https:\/\/somcomunitats.coop\/eu\/rest-ce-service\/subministrament-renovable-eu\/\" rel=\"tag\">0eko energia berriztagarrien hornidura<\/a><span class=\"wp-block-post-terms__separator\"> <\/span><a href=\"https:\/\/somcomunitats.coop\/eu\/rest-ce-service\/energia-termica-eu\/\" rel=\"tag\">Energia termikoa eta aire girotua<\/a><span class=\"wp-block-post-terms__separator\"> <\/span><a href=\"https:\/\/somcomunitats.coop\/eu\/rest-ce-service\/agregacio-demanda-eu\/\" rel=\"tag\">Eskaria elkartzea eta malgutzea<\/a><span class=\"wp-block-post-terms__separator\"> <\/span><a href=\"https:\/\/somcomunitats.coop\/eu\/rest-ce-service\/formacio-ciutadana-eu\/\" rel=\"tag\">Herritarren trebakuntza<\/a><span class=\"wp-block-post-terms__separator\"> <\/span><a href=\"https:\/\/somcomunitats.coop\/eu\/rest-ce-service\/compres-colectives-eu\/\" rel=\"tag\">Taldeko erosketak<\/a><\/div>\n    <\/div>\n    \n\n    \n    <div style=\"height:1em;width:0px\" aria-hidden=\"true\" class=\"wp-block-spacer\"><\/div>\n    \n\n    <h4 class=\"wp-block-heading wp-block-post-title\"><a href=\"https:\/\/somcomunitats.coop\/eu\/landing\/comunidad-energetica-tamaran-educa-centro\/\" target=\"_self\">COMUNIDAD ENERG\u00c9TICA TAMAR\u00c1N EDUCA CENTRO<\/a><\/h4>\n\n    <div class=\"wp-block-post-excerpt\">\n      <div class=\"wp-block-post-excerpt__excerpt\">La nostra comunitat energ\u00e8tica neix amb el somni de continuar avan\u00e7ant cap a un model 100% renovable just i democr\u00e0tic on l&#8217;energia no sigui un privilegi, sin\u00f3 un dret compartit.\nEstem presents a molts racons de Gran Can\u00e0ria \u2014Sant Mateu, Santa Br\u00edgida, Valsequillo, Valleseco, Tejeda, Artenara, Teror, Mogan, Sant Bartomeu de Tirajana, Santa Ll\u00facia, Ag\u00fcimes, Enginy i Telde\u2014 perqu\u00e8 volem que la transformaci\u00f3 arribi a tots els municipis i barris, sense de.\nLa nostra preocupaci\u00f3 m\u00e9s gran \u00e9s la pobresa energ\u00e8tica, aquesta realitat silenciosa que impedeix a moltes fam\u00edlies viure amb dignitat. Per aix\u00f2 posem en marxa accions col\u00b7lectives i solid\u00e0ries, no nom\u00e9s per produir energia neta, sin\u00f3 tamb\u00e9 per acompanyar i formar les persones, desenvolupant la seva dimensi\u00f3 intel\u00b7lectual, emocional, f\u00edsica i \u00e8tica.\nCreiem que la transici\u00f3 energ\u00e8tica no \u00e9s nom\u00e9s instal\u00b7lar plaques solars: \u00e9s tamb\u00e9 crear comunitat, compartir coneixements, tenir cura de l&#8217;altre i de l&#8217;entorn que ens sost\u00e9.\nEn ess\u00e8ncia una comunitat de vida i energia<\/div>\n    <\/div>\n\n    \n    <hr class=\"wp-block-separator has-alpha-channel-opacity\" \/>\n    \n    <p>AG\u00dcIMES<\/p>\n\n    <p class=\"wp-block-post-excerpt__more-text\">\n      <a class=\"wp-block-post-excerpt__more-link\" href=\"https:\/\/somcomunitats.coop\/eu\/landing\/comunidad-energetica-tamaran-educa-centro\/\" tabindex=\"0\">M\u00e9s informaci\u00f3<\/a>\n    <\/p>\n  <\/div>\n  \n\n  \n  <div style=\"height:3rem\" aria-hidden=\"true\" class=\"wp-block-spacer\"><\/div>\n  \n<\/article>\n\n\n<\/div>\n\n<\/li><li class=\"wp-block-post post-11751 rest-ce-landing type-rest-ce-landing status-publish has-post-thumbnail hentry rest-ce-type-citizen-eu rest-ce-assoc-type-non_profit-eu rest-ce-status-open-eu rest-ce-service-subministrament-renovable-eu rest-ce-service-energia-termica-eu rest-ce-service-agregacio-demanda-eu rest-ce-service-formacio-ciutadana-eu rest-ce-service-compres-colectives-eu\">\n\n<div class=\"wp-block-group wpct-block-slider-slide is-layout-constrained wp-block-group-is-layout-constrained\">\n\n<article class=\"wp-block-group is-style-no-padding has-base-background-color has-background ce-card ce-post-card ce-landing-card is-layout-constrained wp-block-group-is-layout-constrained\">\n  <img decoding=\"async\" src=\"https:\/\/somcomunitats.coop\/wp-content\/uploads\/2025\/11\/182-primary_image_file.jpeg\">\n\n\n  <div class=\"taxonomy-rest-ce-status wp-block-post-terms\"><a href=\"https:\/\/somcomunitats.coop\/eu\/rest-ce-status\/open-eu\/\" rel=\"tag\">Ireki<\/a><\/div>\n\n  \n  <div style=\"height:40px\" aria-hidden=\"true\" class=\"wp-block-spacer\"><\/div>\n  \n\n  \n  <div class=\"wp-block-group ce-card-body is-layout-flow wp-block-group-is-layout-flow\">\n    \n    <div class=\"wp-block-group is-style-show-desktop ce-card-terms is-layout-flow wp-block-group-is-layout-flow\">\n      <div class=\"taxonomy-rest-ce-service wp-block-post-terms\"><a href=\"https:\/\/somcomunitats.coop\/eu\/rest-ce-service\/subministrament-renovable-eu\/\" rel=\"tag\">0eko energia berriztagarrien hornidura<\/a><span class=\"wp-block-post-terms__separator\"> <\/span><a href=\"https:\/\/somcomunitats.coop\/eu\/rest-ce-service\/energia-termica-eu\/\" rel=\"tag\">Energia termikoa eta aire girotua<\/a><span class=\"wp-block-post-terms__separator\"> <\/span><a href=\"https:\/\/somcomunitats.coop\/eu\/rest-ce-service\/agregacio-demanda-eu\/\" rel=\"tag\">Eskaria elkartzea eta malgutzea<\/a><span class=\"wp-block-post-terms__separator\"> <\/span><a href=\"https:\/\/somcomunitats.coop\/eu\/rest-ce-service\/formacio-ciutadana-eu\/\" rel=\"tag\">Herritarren trebakuntza<\/a><span class=\"wp-block-post-terms__separator\"> <\/span><a href=\"https:\/\/somcomunitats.coop\/eu\/rest-ce-service\/compres-colectives-eu\/\" rel=\"tag\">Taldeko erosketak<\/a><\/div>\n    <\/div>\n    \n\n    \n    <div class=\"wp-block-group is-style-show-tablet ce-card-terms is-layout-flow wp-block-group-is-layout-flow\">\n      <div class=\"taxonomy-rest-ce-service wp-block-post-terms\"><a href=\"https:\/\/somcomunitats.coop\/eu\/rest-ce-service\/subministrament-renovable-eu\/\" rel=\"tag\">0eko energia berriztagarrien hornidura<\/a><span class=\"wp-block-post-terms__separator\"> <\/span><a href=\"https:\/\/somcomunitats.coop\/eu\/rest-ce-service\/energia-termica-eu\/\" rel=\"tag\">Energia termikoa eta aire girotua<\/a><span class=\"wp-block-post-terms__separator\"> <\/span><a href=\"https:\/\/somcomunitats.coop\/eu\/rest-ce-service\/agregacio-demanda-eu\/\" rel=\"tag\">Eskaria elkartzea eta malgutzea<\/a><span class=\"wp-block-post-terms__separator\"> <\/span><a href=\"https:\/\/somcomunitats.coop\/eu\/rest-ce-service\/formacio-ciutadana-eu\/\" rel=\"tag\">Herritarren trebakuntza<\/a><span class=\"wp-block-post-terms__separator\"> <\/span><a href=\"https:\/\/somcomunitats.coop\/eu\/rest-ce-service\/compres-colectives-eu\/\" rel=\"tag\">Taldeko erosketak<\/a><\/div>\n    <\/div>\n    \n\n    \n    <div class=\"wp-block-group is-style-show-mobile ce-card-terms is-layout-flow wp-block-group-is-layout-flow\">\n      <div class=\"taxonomy-rest-ce-service wp-block-post-terms\"><a href=\"https:\/\/somcomunitats.coop\/eu\/rest-ce-service\/subministrament-renovable-eu\/\" rel=\"tag\">0eko energia berriztagarrien hornidura<\/a><span class=\"wp-block-post-terms__separator\"> <\/span><a href=\"https:\/\/somcomunitats.coop\/eu\/rest-ce-service\/energia-termica-eu\/\" rel=\"tag\">Energia termikoa eta aire girotua<\/a><span class=\"wp-block-post-terms__separator\"> <\/span><a href=\"https:\/\/somcomunitats.coop\/eu\/rest-ce-service\/agregacio-demanda-eu\/\" rel=\"tag\">Eskaria elkartzea eta malgutzea<\/a><span class=\"wp-block-post-terms__separator\"> <\/span><a href=\"https:\/\/somcomunitats.coop\/eu\/rest-ce-service\/formacio-ciutadana-eu\/\" rel=\"tag\">Herritarren trebakuntza<\/a><span class=\"wp-block-post-terms__separator\"> <\/span><a href=\"https:\/\/somcomunitats.coop\/eu\/rest-ce-service\/compres-colectives-eu\/\" rel=\"tag\">Taldeko erosketak<\/a><\/div>\n    <\/div>\n    \n\n    \n    <div style=\"height:1em;width:0px\" aria-hidden=\"true\" class=\"wp-block-spacer\"><\/div>\n    \n\n    <h4 class=\"wp-block-heading wp-block-post-title\"><a href=\"https:\/\/somcomunitats.coop\/eu\/landing\/comunidad-energetica-cete-valverde\/\" target=\"_self\">Comunidad Energ\u00e9tica CETE Valverde<\/a><\/h4>\n\n    <div class=\"wp-block-post-excerpt\">\n      <div class=\"wp-block-post-excerpt__excerpt\">La nostra Comunitat t\u00e9 el pensament que l&#8217;energia pot ser molt m\u00e9s que quilovats. Es pot convertir en uni\u00f3, en just\u00edcia i en un futur compartit. Des d&#8217;aquesta convicci\u00f3 neix la nostra comunitat energ\u00e8tica, un projecte obert a tot Can\u00e0ries amb especial comprom\u00eds als municipis de Valverde, el Pinar del Ferro i la Frontera.\nEl nostre prop\u00f2sit \u00e9s senzill i alhora transformador. Volem que l&#8217;energia renovable arribi a totes les persones, que es gestioni de manera justa, democr\u00e0tica i solid\u00e0ria i que cap fam\u00edlia no quedi enrere per motius econ\u00f2mics o socials.\nLa pobresa energ\u00e8tica no \u00e9s pas per a nosaltres una xifra en un informe. \u00c9s la realitat de llars que passen fred a l&#8217;hivern, o una calor excessiva a l&#8217;estiu, que temen encendre la llum o que viuen amb l&#8217;angoixa constant de la factura. Davant d&#8217;aquesta situaci\u00f3 proposem actuar de manera col\u00b7lectiva, generar i compartir energia neta i acompanyar les persones en un canvi que il\u00b7lumini les cases i tamb\u00e9 les vides.\nEntenem que aquesta transici\u00f3 no s&#8217;aconsegueix nom\u00e9s amb plaques solars. Es construeix des de la formaci\u00f3 integral de cada persona, cultivant-ne les dimensions intel\u00b7lectual, emocional, f\u00edsica i \u00e8tica. Creiem que la veritable sostenibilitat neix d&#8217;\u00e9ssers humans conscients, capa\u00e7os i solidaris.\nSom una comunitat que converteix l&#8217;energia en dignitat, en participaci\u00f3 i en esperan\u00e7a compartida, amb la certesa que El Ferro i les Can\u00e0ries poden ser un far d&#8217;un model renovable, just i profundament hum\u00e0.<\/div>\n    <\/div>\n\n    \n    <hr class=\"wp-block-separator has-alpha-channel-opacity\" \/>\n    \n    <p>VALVERDE<\/p>\n\n    <p class=\"wp-block-post-excerpt__more-text\">\n      <a class=\"wp-block-post-excerpt__more-link\" href=\"https:\/\/somcomunitats.coop\/eu\/landing\/comunidad-energetica-cete-valverde\/\" tabindex=\"0\">M\u00e9s informaci\u00f3<\/a>\n    <\/p>\n  <\/div>\n  \n\n  \n  <div style=\"height:3rem\" aria-hidden=\"true\" class=\"wp-block-spacer\"><\/div>\n  \n<\/article>\n\n\n<\/div>\n\n<\/li><li class=\"wp-block-post post-11797 rest-ce-landing type-rest-ce-landing status-publish has-post-thumbnail hentry rest-ce-type-citizen-eu rest-ce-assoc-type-undefined-eu rest-ce-status-open-eu rest-ce-service-subministrament-renovable-eu rest-ce-service-energia-termica-eu rest-ce-service-agregacio-demanda-eu rest-ce-service-formacio-ciutadana-eu rest-ce-service-compres-colectives-eu\">\n\n<div class=\"wp-block-group wpct-block-slider-slide is-layout-constrained wp-block-group-is-layout-constrained\">\n\n<article class=\"wp-block-group is-style-no-padding has-base-background-color has-background ce-card ce-post-card ce-landing-card is-layout-constrained wp-block-group-is-layout-constrained\">\n  <img decoding=\"async\" src=\"https:\/\/somcomunitats.coop\/wp-content\/uploads\/2025\/11\/177-primary_image_file.jpeg\">\n\n\n  <div class=\"taxonomy-rest-ce-status wp-block-post-terms\"><a href=\"https:\/\/somcomunitats.coop\/eu\/rest-ce-status\/open-eu\/\" rel=\"tag\">Ireki<\/a><\/div>\n\n  \n  <div style=\"height:40px\" aria-hidden=\"true\" class=\"wp-block-spacer\"><\/div>\n  \n\n  \n  <div class=\"wp-block-group ce-card-body is-layout-flow wp-block-group-is-layout-flow\">\n    \n    <div class=\"wp-block-group is-style-show-desktop ce-card-terms is-layout-flow wp-block-group-is-layout-flow\">\n      <div class=\"taxonomy-rest-ce-service wp-block-post-terms\"><a href=\"https:\/\/somcomunitats.coop\/eu\/rest-ce-service\/subministrament-renovable-eu\/\" rel=\"tag\">0eko energia berriztagarrien hornidura<\/a><span class=\"wp-block-post-terms__separator\"> <\/span><a href=\"https:\/\/somcomunitats.coop\/eu\/rest-ce-service\/energia-termica-eu\/\" rel=\"tag\">Energia termikoa eta aire girotua<\/a><span class=\"wp-block-post-terms__separator\"> <\/span><a href=\"https:\/\/somcomunitats.coop\/eu\/rest-ce-service\/agregacio-demanda-eu\/\" rel=\"tag\">Eskaria elkartzea eta malgutzea<\/a><span class=\"wp-block-post-terms__separator\"> <\/span><a href=\"https:\/\/somcomunitats.coop\/eu\/rest-ce-service\/formacio-ciutadana-eu\/\" rel=\"tag\">Herritarren trebakuntza<\/a><span class=\"wp-block-post-terms__separator\"> <\/span><a href=\"https:\/\/somcomunitats.coop\/eu\/rest-ce-service\/compres-colectives-eu\/\" rel=\"tag\">Taldeko erosketak<\/a><\/div>\n    <\/div>\n    \n\n    \n    <div class=\"wp-block-group is-style-show-tablet ce-card-terms is-layout-flow wp-block-group-is-layout-flow\">\n      <div class=\"taxonomy-rest-ce-service wp-block-post-terms\"><a href=\"https:\/\/somcomunitats.coop\/eu\/rest-ce-service\/subministrament-renovable-eu\/\" rel=\"tag\">0eko energia berriztagarrien hornidura<\/a><span class=\"wp-block-post-terms__separator\"> <\/span><a href=\"https:\/\/somcomunitats.coop\/eu\/rest-ce-service\/energia-termica-eu\/\" rel=\"tag\">Energia termikoa eta aire girotua<\/a><span class=\"wp-block-post-terms__separator\"> <\/span><a href=\"https:\/\/somcomunitats.coop\/eu\/rest-ce-service\/agregacio-demanda-eu\/\" rel=\"tag\">Eskaria elkartzea eta malgutzea<\/a><span class=\"wp-block-post-terms__separator\"> <\/span><a href=\"https:\/\/somcomunitats.coop\/eu\/rest-ce-service\/formacio-ciutadana-eu\/\" rel=\"tag\">Herritarren trebakuntza<\/a><span class=\"wp-block-post-terms__separator\"> <\/span><a href=\"https:\/\/somcomunitats.coop\/eu\/rest-ce-service\/compres-colectives-eu\/\" rel=\"tag\">Taldeko erosketak<\/a><\/div>\n    <\/div>\n    \n\n    \n    <div class=\"wp-block-group is-style-show-mobile ce-card-terms is-layout-flow wp-block-group-is-layout-flow\">\n      <div class=\"taxonomy-rest-ce-service wp-block-post-terms\"><a href=\"https:\/\/somcomunitats.coop\/eu\/rest-ce-service\/subministrament-renovable-eu\/\" rel=\"tag\">0eko energia berriztagarrien hornidura<\/a><span class=\"wp-block-post-terms__separator\"> <\/span><a href=\"https:\/\/somcomunitats.coop\/eu\/rest-ce-service\/energia-termica-eu\/\" rel=\"tag\">Energia termikoa eta aire girotua<\/a><span class=\"wp-block-post-terms__separator\"> <\/span><a href=\"https:\/\/somcomunitats.coop\/eu\/rest-ce-service\/agregacio-demanda-eu\/\" rel=\"tag\">Eskaria elkartzea eta malgutzea<\/a><span class=\"wp-block-post-terms__separator\"> <\/span><a href=\"https:\/\/somcomunitats.coop\/eu\/rest-ce-service\/formacio-ciutadana-eu\/\" rel=\"tag\">Herritarren trebakuntza<\/a><span class=\"wp-block-post-terms__separator\"> <\/span><a href=\"https:\/\/somcomunitats.coop\/eu\/rest-ce-service\/compres-colectives-eu\/\" rel=\"tag\">Taldeko erosketak<\/a><\/div>\n    <\/div>\n    \n\n    \n    <div style=\"height:1em;width:0px\" aria-hidden=\"true\" class=\"wp-block-spacer\"><\/div>\n    \n\n    <h4 class=\"wp-block-heading wp-block-post-title\"><a href=\"https:\/\/somcomunitats.coop\/eu\/landing\/comunidad-energetica-tamaran-educa-norte\/\" target=\"_self\">COMUNIDAD ENERG\u00c9TICA TAMAR\u00c1N EDUCA NORTE<\/a><\/h4>\n\n    <div class=\"wp-block-post-excerpt\">\n      <div class=\"wp-block-post-excerpt__excerpt\">Som una Comunitat Energ\u00e8tica Insular ubicada a Gran Canaria, amb especial pres\u00e8ncia als municipis del nord de l&#8217;illa: Las Palmas de Gran Canaria, Arucas, Firgas, Moya, Santa Mar\u00eda de Gu\u00eda, G\u00e1ldar, Agaete y La Aldea de San Nicol\u00e1s.\nEl nostre prop\u00f2sit \u00e9s impulsar una transici\u00f3 energ\u00e8tica 100% renovable, justa i democr\u00e0tica on l&#8217;energia sigui un b\u00e9 com\u00fa al servei de les persones.\nVolem que cada ciutad\u00e0 i ciutadana formi part activa d&#8217;aquest canvi, prenent decisions informades, lliures i compromeses, mitjan\u00e7ant una formaci\u00f3 integral que abasti totes les dimensions de la persona i d&#8217;accions col\u00b7lectives que ens acostin a un model energ\u00e8tic sostenible, solidari i participatiu.\nCreiem que l&#8217;energia no pot \u00e9sser un privilegi: ha de ser un dret universal. Per aix\u00f2 treballem per combatre la pobresa energ\u00e8tica, garantint que ning\u00fa quedi enrere en aquest proc\u00e9s i que la transici\u00f3 benefici\u00ef totes les fam\u00edlies, especialment les m\u00e9s vulnerables.\nEl nostre somni \u00e9s construir una comunitat m\u00e9s justa, resilient i unida, on cada raig de sol es converteixi en oportunitats per millorar la vida de la nostra gent i per assegurar un futur net, digne i compartit.<\/div>\n    <\/div>\n\n    \n    <hr class=\"wp-block-separator has-alpha-channel-opacity\" \/>\n    \n    <p>G\u00c1LDAR<\/p>\n\n    <p class=\"wp-block-post-excerpt__more-text\">\n      <a class=\"wp-block-post-excerpt__more-link\" href=\"https:\/\/somcomunitats.coop\/eu\/landing\/comunidad-energetica-tamaran-educa-norte\/\" tabindex=\"0\">M\u00e9s informaci\u00f3<\/a>\n    <\/p>\n  <\/div>\n  \n\n  \n  <div style=\"height:3rem\" aria-hidden=\"true\" class=\"wp-block-spacer\"><\/div>\n  \n<\/article>\n\n\n<\/div>\n\n<\/li><li class=\"wp-block-post post-11654 rest-ce-landing type-rest-ce-landing status-publish has-post-thumbnail hentry rest-ce-type-citizen-eu rest-ce-assoc-type-non_profit-eu rest-ce-status-open-eu rest-ce-service-subministrament-renovable-eu rest-ce-service-energia-termica-eu rest-ce-service-eficiencia-energetica-eu rest-ce-service-generacio-renovable-eu rest-ce-service-compres-colectives-eu\">\n\n<div class=\"wp-block-group wpct-block-slider-slide is-layout-constrained wp-block-group-is-layout-constrained\">\n\n<article class=\"wp-block-group is-style-no-padding has-base-background-color has-background ce-card ce-post-card ce-landing-card is-layout-constrained wp-block-group-is-layout-constrained\">\n  <img decoding=\"async\" src=\"https:\/\/somcomunitats.coop\/wp-content\/uploads\/2025\/10\/174-primary_image_file.jpeg\">\n\n\n  <div class=\"taxonomy-rest-ce-status wp-block-post-terms\"><a href=\"https:\/\/somcomunitats.coop\/eu\/rest-ce-status\/open-eu\/\" rel=\"tag\">Ireki<\/a><\/div>\n\n  \n  <div style=\"height:40px\" aria-hidden=\"true\" class=\"wp-block-spacer\"><\/div>\n  \n\n  \n  <div class=\"wp-block-group ce-card-body is-layout-flow wp-block-group-is-layout-flow\">\n    \n    <div class=\"wp-block-group is-style-show-desktop ce-card-terms is-layout-flow wp-block-group-is-layout-flow\">\n      <div class=\"taxonomy-rest-ce-service wp-block-post-terms\"><a href=\"https:\/\/somcomunitats.coop\/eu\/rest-ce-service\/subministrament-renovable-eu\/\" rel=\"tag\">0eko energia berriztagarrien hornidura<\/a><span class=\"wp-block-post-terms__separator\"> <\/span><a href=\"https:\/\/somcomunitats.coop\/eu\/rest-ce-service\/energia-termica-eu\/\" rel=\"tag\">Energia termikoa eta aire girotua<\/a><span class=\"wp-block-post-terms__separator\"> <\/span><a href=\"https:\/\/somcomunitats.coop\/eu\/rest-ce-service\/eficiencia-energetica-eu\/\" rel=\"tag\">Energia-eraginkortasuna<\/a><span class=\"wp-block-post-terms__separator\"> <\/span><a href=\"https:\/\/somcomunitats.coop\/eu\/rest-ce-service\/generacio-renovable-eu\/\" rel=\"tag\">Komunitatearen sorkuntza berriztagarria<\/a><span class=\"wp-block-post-terms__separator\"> <\/span><a href=\"https:\/\/somcomunitats.coop\/eu\/rest-ce-service\/compres-colectives-eu\/\" rel=\"tag\">Taldeko erosketak<\/a><\/div>\n    <\/div>\n    \n\n    \n    <div class=\"wp-block-group is-style-show-tablet ce-card-terms is-layout-flow wp-block-group-is-layout-flow\">\n      <div class=\"taxonomy-rest-ce-service wp-block-post-terms\"><a href=\"https:\/\/somcomunitats.coop\/eu\/rest-ce-service\/subministrament-renovable-eu\/\" rel=\"tag\">0eko energia berriztagarrien hornidura<\/a><span class=\"wp-block-post-terms__separator\"> <\/span><a href=\"https:\/\/somcomunitats.coop\/eu\/rest-ce-service\/energia-termica-eu\/\" rel=\"tag\">Energia termikoa eta aire girotua<\/a><span class=\"wp-block-post-terms__separator\"> <\/span><a href=\"https:\/\/somcomunitats.coop\/eu\/rest-ce-service\/eficiencia-energetica-eu\/\" rel=\"tag\">Energia-eraginkortasuna<\/a><span class=\"wp-block-post-terms__separator\"> <\/span><a href=\"https:\/\/somcomunitats.coop\/eu\/rest-ce-service\/generacio-renovable-eu\/\" rel=\"tag\">Komunitatearen sorkuntza berriztagarria<\/a><span class=\"wp-block-post-terms__separator\"> <\/span><a href=\"https:\/\/somcomunitats.coop\/eu\/rest-ce-service\/compres-colectives-eu\/\" rel=\"tag\">Taldeko erosketak<\/a><\/div>\n    <\/div>\n    \n\n    \n    <div class=\"wp-block-group is-style-show-mobile ce-card-terms is-layout-flow wp-block-group-is-layout-flow\">\n      <div class=\"taxonomy-rest-ce-service wp-block-post-terms\"><a href=\"https:\/\/somcomunitats.coop\/eu\/rest-ce-service\/subministrament-renovable-eu\/\" rel=\"tag\">0eko energia berriztagarrien hornidura<\/a><span class=\"wp-block-post-terms__separator\"> <\/span><a href=\"https:\/\/somcomunitats.coop\/eu\/rest-ce-service\/energia-termica-eu\/\" rel=\"tag\">Energia termikoa eta aire girotua<\/a><span class=\"wp-block-post-terms__separator\"> <\/span><a href=\"https:\/\/somcomunitats.coop\/eu\/rest-ce-service\/eficiencia-energetica-eu\/\" rel=\"tag\">Energia-eraginkortasuna<\/a><span class=\"wp-block-post-terms__separator\"> <\/span><a href=\"https:\/\/somcomunitats.coop\/eu\/rest-ce-service\/generacio-renovable-eu\/\" rel=\"tag\">Komunitatearen sorkuntza berriztagarria<\/a><span class=\"wp-block-post-terms__separator\"> <\/span><a href=\"https:\/\/somcomunitats.coop\/eu\/rest-ce-service\/compres-colectives-eu\/\" rel=\"tag\">Taldeko erosketak<\/a><\/div>\n    <\/div>\n    \n\n    \n    <div style=\"height:1em;width:0px\" aria-hidden=\"true\" class=\"wp-block-spacer\"><\/div>\n    \n\n    <h4 class=\"wp-block-heading wp-block-post-title\"><a href=\"https:\/\/somcomunitats.coop\/eu\/landing\/comunidad-energetica-del-rio-monachil-cerm\/\" target=\"_self\">Comunidad Energ\u00e9tica del R\u00edo Monachil (CERM)<\/a><\/h4>\n\n    <div class=\"wp-block-post-excerpt\">\n      <div class=\"wp-block-post-excerpt__excerpt\">La CERM se constituye en diciembre de 2020 como una de las primeras comunidades energ\u00e9ticas a nivel nacional gracias al desarrollo de la Oficina Municipal de la Energ\u00eda y al premio del Germinador Social de Som Energ\u00eda que permite desarrollar un proceso participativo y constituir la CE.\r\n\r\nEn abril de 2021 se firma uno de los primeros convenios de cesi\u00f3n de cubiertas con un Ayuntamiento. Desde 2023 la CERM comparte energ\u00eda a trav\u00e9s de una primera instalaci\u00f3n en el Pabell\u00f3n Miraflores.\r\n\r\nEn 2025 realizar una nueva instalaci\u00f3n y ampliar la base social. Ha auspiciado 2 Foros de Iniciativas de Transici\u00f3n Energ\u00e9tica desde la Econom\u00eda Social (nov-2021 y oct-2023).<\/div>\n    <\/div>\n\n    \n    <hr class=\"wp-block-separator has-alpha-channel-opacity\" \/>\n    \n    <p>Monachil<\/p>\n\n    <p class=\"wp-block-post-excerpt__more-text\">\n      <a class=\"wp-block-post-excerpt__more-link\" href=\"https:\/\/somcomunitats.coop\/eu\/landing\/comunidad-energetica-del-rio-monachil-cerm\/\" tabindex=\"0\">M\u00e9s informaci\u00f3<\/a>\n    <\/p>\n  <\/div>\n  \n\n  \n  <div style=\"height:3rem\" aria-hidden=\"true\" class=\"wp-block-spacer\"><\/div>\n  \n<\/article>\n\n\n<\/div>\n\n<\/li><li class=\"wp-block-post post-11605 rest-ce-landing type-rest-ce-landing status-publish has-post-thumbnail hentry rest-ce-type-citizen-eu rest-ce-assoc-type-undefined-eu rest-ce-status-open-eu rest-ce-service-eficiencia-energetica-eu rest-ce-service-formacio-ciutadana-eu rest-ce-service-generacio-renovable-eu rest-ce-service-mobilitat-sostenible-eu\">\n\n<div class=\"wp-block-group wpct-block-slider-slide is-layout-constrained wp-block-group-is-layout-constrained\">\n\n<article class=\"wp-block-group is-style-no-padding has-base-background-color has-background ce-card ce-post-card ce-landing-card is-layout-constrained wp-block-group-is-layout-constrained\">\n  <img decoding=\"async\" src=\"https:\/\/somcomunitats.coop\/wp-content\/uploads\/2025\/10\/173-primary_image_file.jpeg\">\n\n\n  <div class=\"taxonomy-rest-ce-status wp-block-post-terms\"><a href=\"https:\/\/somcomunitats.coop\/eu\/rest-ce-status\/open-eu\/\" rel=\"tag\">Ireki<\/a><\/div>\n\n  \n  <div style=\"height:40px\" aria-hidden=\"true\" class=\"wp-block-spacer\"><\/div>\n  \n\n  \n  <div class=\"wp-block-group ce-card-body is-layout-flow wp-block-group-is-layout-flow\">\n    \n    <div class=\"wp-block-group is-style-show-desktop ce-card-terms is-layout-flow wp-block-group-is-layout-flow\">\n      <div class=\"taxonomy-rest-ce-service wp-block-post-terms\"><a href=\"https:\/\/somcomunitats.coop\/eu\/rest-ce-service\/eficiencia-energetica-eu\/\" rel=\"tag\">Energia-eraginkortasuna<\/a><span class=\"wp-block-post-terms__separator\"> <\/span><a href=\"https:\/\/somcomunitats.coop\/eu\/rest-ce-service\/formacio-ciutadana-eu\/\" rel=\"tag\">Herritarren trebakuntza<\/a><span class=\"wp-block-post-terms__separator\"> <\/span><a href=\"https:\/\/somcomunitats.coop\/eu\/rest-ce-service\/generacio-renovable-eu\/\" rel=\"tag\">Komunitatearen sorkuntza berriztagarria<\/a><span class=\"wp-block-post-terms__separator\"> <\/span><a href=\"https:\/\/somcomunitats.coop\/eu\/rest-ce-service\/mobilitat-sostenible-eu\/\" rel=\"tag\">Mugikortasun jasangarria<\/a><\/div>\n    <\/div>\n    \n\n    \n    <div class=\"wp-block-group is-style-show-tablet ce-card-terms is-layout-flow wp-block-group-is-layout-flow\">\n      <div class=\"taxonomy-rest-ce-service wp-block-post-terms\"><a href=\"https:\/\/somcomunitats.coop\/eu\/rest-ce-service\/eficiencia-energetica-eu\/\" rel=\"tag\">Energia-eraginkortasuna<\/a><span class=\"wp-block-post-terms__separator\"> <\/span><a href=\"https:\/\/somcomunitats.coop\/eu\/rest-ce-service\/formacio-ciutadana-eu\/\" rel=\"tag\">Herritarren trebakuntza<\/a><span class=\"wp-block-post-terms__separator\"> <\/span><a href=\"https:\/\/somcomunitats.coop\/eu\/rest-ce-service\/generacio-renovable-eu\/\" rel=\"tag\">Komunitatearen sorkuntza berriztagarria<\/a><span class=\"wp-block-post-terms__separator\"> <\/span><a href=\"https:\/\/somcomunitats.coop\/eu\/rest-ce-service\/mobilitat-sostenible-eu\/\" rel=\"tag\">Mugikortasun jasangarria<\/a><\/div>\n    <\/div>\n    \n\n    \n    <div class=\"wp-block-group is-style-show-mobile ce-card-terms is-layout-flow wp-block-group-is-layout-flow\">\n      <div class=\"taxonomy-rest-ce-service wp-block-post-terms\"><a href=\"https:\/\/somcomunitats.coop\/eu\/rest-ce-service\/eficiencia-energetica-eu\/\" rel=\"tag\">Energia-eraginkortasuna<\/a><span class=\"wp-block-post-terms__separator\"> <\/span><a href=\"https:\/\/somcomunitats.coop\/eu\/rest-ce-service\/formacio-ciutadana-eu\/\" rel=\"tag\">Herritarren trebakuntza<\/a><span class=\"wp-block-post-terms__separator\"> <\/span><a href=\"https:\/\/somcomunitats.coop\/eu\/rest-ce-service\/generacio-renovable-eu\/\" rel=\"tag\">Komunitatearen sorkuntza berriztagarria<\/a><span class=\"wp-block-post-terms__separator\"> <\/span><a href=\"https:\/\/somcomunitats.coop\/eu\/rest-ce-service\/mobilitat-sostenible-eu\/\" rel=\"tag\">Mugikortasun jasangarria<\/a><\/div>\n    <\/div>\n    \n\n    \n    <div style=\"height:1em;width:0px\" aria-hidden=\"true\" class=\"wp-block-spacer\"><\/div>\n    \n\n    <h4 class=\"wp-block-heading wp-block-post-title\"><a href=\"https:\/\/somcomunitats.coop\/eu\/landing\/comunitat-energetica-d-arenys\/\" target=\"_self\">Comunitat Energ\u00e8tica d&#8217;Arenys<\/a><\/h4>\n\n    <div class=\"wp-block-post-excerpt\">\n      <div class=\"wp-block-post-excerpt__excerpt\"><p>La nostra comunitat energ\u00e8tica neix de la uni\u00f3 dels grups motors de tots dos Arenys.<\/p>\n\n<strong>La nostra missi\u00f3 es fonamenta en els seg\u00fcents pilars:<\/strong>\n<ol>\n    <li><strong>Reducci\u00f3 de l\u2019impacte ambiental:<\/strong> disminuir la petjada dels combustibles f\u00f2ssils.<\/li>\n    <li><strong>Sobirania energ\u00e8tica:<\/strong> entenent l\u2019energia com un dret i no un negoci. La ciutadania promou i decideix.<\/li>\n    <li><strong>Accessibilitat de l\u2019energia:<\/strong> garantir un servei p\u00fablic i de qualitat.<\/li>\n    <li><strong>Consci\u00e8ncia ecosocial:<\/strong> consum responsable i foment de la xarxa social.<\/li>\n<\/ol>\n\n<br>\n<strong>Serveis de la nostra comunitat:<\/strong>\n<ul>\n    <li><strong>Producci\u00f3 fotovoltaica compartida:<\/strong> instal\u00b7lacions en teulades per subministrar energia a llars i comer\u00e7os.<\/li>\n    <li><strong>Mobilitat compartida:<\/strong> \u00fas de vehicle el\u00e8ctric amb diferents modalitats d\u2019usuari.<\/li>\n    <li><strong>Programes d\u2019efici\u00e8ncia energ\u00e8tica<\/strong> a les llars i empreses.<\/li>\n    <li><strong>Programes educatius.<\/strong><\/li>\n<\/ul>\n\n<br>\n<p><strong>Fase actual:<\/strong> cerca de teulada p\u00fablica a Arenys de Munt i privada a Arenys de Mar.<\/p><\/div>\n    <\/div>\n\n    \n    <hr class=\"wp-block-separator has-alpha-channel-opacity\" \/>\n    \n    <p>Arenys de Mar<\/p>\n\n    <p class=\"wp-block-post-excerpt__more-text\">\n      <a class=\"wp-block-post-excerpt__more-link\" href=\"https:\/\/somcomunitats.coop\/eu\/landing\/comunitat-energetica-d-arenys\/\" tabindex=\"0\">M\u00e9s informaci\u00f3<\/a>\n    <\/p>\n  <\/div>\n  \n\n  \n  <div style=\"height:3rem\" aria-hidden=\"true\" class=\"wp-block-spacer\"><\/div>\n  \n<\/article>\n\n\n<\/div>\n\n<\/li><li class=\"wp-block-post post-11721 rest-ce-landing type-rest-ce-landing status-publish has-post-thumbnail hentry rest-ce-type-citizen-eu rest-ce-assoc-type-cooperative-eu rest-ce-status-open-eu rest-ce-service-subministrament-renovable-eu rest-ce-service-energia-termica-eu rest-ce-service-eficiencia-energetica-eu rest-ce-service-agregacio-demanda-eu rest-ce-service-formacio-ciutadana-eu rest-ce-service-generacio-renovable-eu rest-ce-service-mobilitat-sostenible-eu rest-ce-service-compres-colectives-eu\">\n\n<div class=\"wp-block-group wpct-block-slider-slide is-layout-constrained wp-block-group-is-layout-constrained\">\n\n<article class=\"wp-block-group is-style-no-padding has-base-background-color has-background ce-card ce-post-card ce-landing-card is-layout-constrained wp-block-group-is-layout-constrained\">\n  <img decoding=\"async\" src=\"https:\/\/somcomunitats.coop\/wp-content\/uploads\/2025\/09\/172-primary_image_file.jpeg\">\n\n\n  <div class=\"taxonomy-rest-ce-status wp-block-post-terms\"><a href=\"https:\/\/somcomunitats.coop\/eu\/rest-ce-status\/open-eu\/\" rel=\"tag\">Ireki<\/a><\/div>\n\n  \n  <div style=\"height:40px\" aria-hidden=\"true\" class=\"wp-block-spacer\"><\/div>\n  \n\n  \n  <div class=\"wp-block-group ce-card-body is-layout-flow wp-block-group-is-layout-flow\">\n    \n    <div class=\"wp-block-group is-style-show-desktop ce-card-terms is-layout-flow wp-block-group-is-layout-flow\">\n      <div class=\"taxonomy-rest-ce-service wp-block-post-terms\"><a href=\"https:\/\/somcomunitats.coop\/eu\/rest-ce-service\/subministrament-renovable-eu\/\" rel=\"tag\">0eko energia berriztagarrien hornidura<\/a><span class=\"wp-block-post-terms__separator\"> <\/span><a href=\"https:\/\/somcomunitats.coop\/eu\/rest-ce-service\/energia-termica-eu\/\" rel=\"tag\">Energia termikoa eta aire girotua<\/a><span class=\"wp-block-post-terms__separator\"> <\/span><a href=\"https:\/\/somcomunitats.coop\/eu\/rest-ce-service\/eficiencia-energetica-eu\/\" rel=\"tag\">Energia-eraginkortasuna<\/a><span class=\"wp-block-post-terms__separator\"> <\/span><a href=\"https:\/\/somcomunitats.coop\/eu\/rest-ce-service\/agregacio-demanda-eu\/\" rel=\"tag\">Eskaria elkartzea eta malgutzea<\/a><span class=\"wp-block-post-terms__separator\"> <\/span><a href=\"https:\/\/somcomunitats.coop\/eu\/rest-ce-service\/formacio-ciutadana-eu\/\" rel=\"tag\">Herritarren trebakuntza<\/a><span class=\"wp-block-post-terms__separator\"> <\/span><a href=\"https:\/\/somcomunitats.coop\/eu\/rest-ce-service\/generacio-renovable-eu\/\" rel=\"tag\">Komunitatearen sorkuntza berriztagarria<\/a><span class=\"wp-block-post-terms__separator\"> <\/span><a href=\"https:\/\/somcomunitats.coop\/eu\/rest-ce-service\/mobilitat-sostenible-eu\/\" rel=\"tag\">Mugikortasun jasangarria<\/a><span class=\"wp-block-post-terms__separator\"> <\/span><a href=\"https:\/\/somcomunitats.coop\/eu\/rest-ce-service\/compres-colectives-eu\/\" rel=\"tag\">Taldeko erosketak<\/a><\/div>\n    <\/div>\n    \n\n    \n    <div class=\"wp-block-group is-style-show-tablet ce-card-terms is-layout-flow wp-block-group-is-layout-flow\">\n      <div class=\"taxonomy-rest-ce-service wp-block-post-terms\"><a href=\"https:\/\/somcomunitats.coop\/eu\/rest-ce-service\/subministrament-renovable-eu\/\" rel=\"tag\">0eko energia berriztagarrien hornidura<\/a><span class=\"wp-block-post-terms__separator\"> <\/span><a href=\"https:\/\/somcomunitats.coop\/eu\/rest-ce-service\/energia-termica-eu\/\" rel=\"tag\">Energia termikoa eta aire girotua<\/a><span class=\"wp-block-post-terms__separator\"> <\/span><a href=\"https:\/\/somcomunitats.coop\/eu\/rest-ce-service\/eficiencia-energetica-eu\/\" rel=\"tag\">Energia-eraginkortasuna<\/a><span class=\"wp-block-post-terms__separator\"> <\/span><a href=\"https:\/\/somcomunitats.coop\/eu\/rest-ce-service\/agregacio-demanda-eu\/\" rel=\"tag\">Eskaria elkartzea eta malgutzea<\/a><span class=\"wp-block-post-terms__separator\"> <\/span><a href=\"https:\/\/somcomunitats.coop\/eu\/rest-ce-service\/formacio-ciutadana-eu\/\" rel=\"tag\">Herritarren trebakuntza<\/a><span class=\"wp-block-post-terms__separator\"> <\/span><a href=\"https:\/\/somcomunitats.coop\/eu\/rest-ce-service\/generacio-renovable-eu\/\" rel=\"tag\">Komunitatearen sorkuntza berriztagarria<\/a><span class=\"wp-block-post-terms__separator\"> <\/span><a href=\"https:\/\/somcomunitats.coop\/eu\/rest-ce-service\/mobilitat-sostenible-eu\/\" rel=\"tag\">Mugikortasun jasangarria<\/a><span class=\"wp-block-post-terms__separator\"> <\/span><a href=\"https:\/\/somcomunitats.coop\/eu\/rest-ce-service\/compres-colectives-eu\/\" rel=\"tag\">Taldeko erosketak<\/a><\/div>\n    <\/div>\n    \n\n    \n    <div class=\"wp-block-group is-style-show-mobile ce-card-terms is-layout-flow wp-block-group-is-layout-flow\">\n      <div class=\"taxonomy-rest-ce-service wp-block-post-terms\"><a href=\"https:\/\/somcomunitats.coop\/eu\/rest-ce-service\/subministrament-renovable-eu\/\" rel=\"tag\">0eko energia berriztagarrien hornidura<\/a><span class=\"wp-block-post-terms__separator\"> <\/span><a href=\"https:\/\/somcomunitats.coop\/eu\/rest-ce-service\/energia-termica-eu\/\" rel=\"tag\">Energia termikoa eta aire girotua<\/a><span class=\"wp-block-post-terms__separator\"> <\/span><a href=\"https:\/\/somcomunitats.coop\/eu\/rest-ce-service\/eficiencia-energetica-eu\/\" rel=\"tag\">Energia-eraginkortasuna<\/a><span class=\"wp-block-post-terms__separator\"> <\/span><a href=\"https:\/\/somcomunitats.coop\/eu\/rest-ce-service\/agregacio-demanda-eu\/\" rel=\"tag\">Eskaria elkartzea eta malgutzea<\/a><span class=\"wp-block-post-terms__separator\"> <\/span><a href=\"https:\/\/somcomunitats.coop\/eu\/rest-ce-service\/formacio-ciutadana-eu\/\" rel=\"tag\">Herritarren trebakuntza<\/a><span class=\"wp-block-post-terms__separator\"> <\/span><a href=\"https:\/\/somcomunitats.coop\/eu\/rest-ce-service\/generacio-renovable-eu\/\" rel=\"tag\">Komunitatearen sorkuntza berriztagarria<\/a><span class=\"wp-block-post-terms__separator\"> <\/span><a href=\"https:\/\/somcomunitats.coop\/eu\/rest-ce-service\/mobilitat-sostenible-eu\/\" rel=\"tag\">Mugikortasun jasangarria<\/a><span class=\"wp-block-post-terms__separator\"> <\/span><a href=\"https:\/\/somcomunitats.coop\/eu\/rest-ce-service\/compres-colectives-eu\/\" rel=\"tag\">Taldeko erosketak<\/a><\/div>\n    <\/div>\n    \n\n    \n    <div style=\"height:1em;width:0px\" aria-hidden=\"true\" class=\"wp-block-spacer\"><\/div>\n    \n\n    <h4 class=\"wp-block-heading wp-block-post-title\"><a href=\"https:\/\/somcomunitats.coop\/eu\/landing\/ike-igeldoko-komunitate-energetikoa\/\" target=\"_self\">IKE (IGELDOKO KOMUNITATE ENERGETIKOA)<\/a><\/h4>\n\n    <div class=\"wp-block-post-excerpt\">\n      <div class=\"wp-block-post-excerpt__excerpt\">La Comunidad Energ\u00e9tica de Igeldo (IKE Koop. S.) es una cooperativa sin \u00e1nimo de lucro cuyo objetivo es el consumo de energ\u00eda verde. Nos hemos comprometido a cambiar el modelo energ\u00e9tico actual, paso a paso, para conseguir un modelo 100% renovable tambi\u00e9n en Igeldo.\r\n\r\nNuestros principales objetivos son: profundizar en la soberan\u00eda energ\u00e9tica, promover la transici\u00f3n socioecol\u00f3gica, reducir costes y ahorrar en la factura el\u00e9ctrica a trav\u00e9s del trabajo en grupo (auzolan) tan arraigado entre los igeldotarras, promover la inclusi\u00f3n de nuestras vecinas y vecinos que viven en la pobreza energ\u00e9tica y favorecer la cohesi\u00f3n social entre todas y todos.\r\n\r\nLa diferencia entre la cooperativa IKE Koop. S. y las grandes empresas energ\u00e9ticas es que nos basamos en el modelo cooperativo que regula el principio de que cada persona tenga un voto y, en consecuencia, tendremos en nuestras manos el control de la energ\u00eda que consumimos.<\/div>\n    <\/div>\n\n    \n    <hr class=\"wp-block-separator has-alpha-channel-opacity\" \/>\n    \n    <p>Igeldo. Donostia<\/p>\n\n    <p class=\"wp-block-post-excerpt__more-text\">\n      <a class=\"wp-block-post-excerpt__more-link\" href=\"https:\/\/somcomunitats.coop\/eu\/landing\/ike-igeldoko-komunitate-energetikoa\/\" tabindex=\"0\">M\u00e9s informaci\u00f3<\/a>\n    <\/p>\n  <\/div>\n  \n\n  \n  <div style=\"height:3rem\" aria-hidden=\"true\" class=\"wp-block-spacer\"><\/div>\n  \n<\/article>\n\n\n<\/div>\n\n<\/li><li class=\"wp-block-post post-11556 rest-ce-landing type-rest-ce-landing status-publish hentry rest-ce-type-citizen-eu rest-ce-assoc-type-non_profit-eu rest-ce-status-open-eu rest-ce-service-energia-termica-eu rest-ce-service-eficiencia-energetica-eu rest-ce-service-formacio-ciutadana-eu rest-ce-service-generacio-renovable-eu rest-ce-service-mobilitat-sostenible-eu\">\n\n<div class=\"wp-block-group wpct-block-slider-slide is-layout-constrained wp-block-group-is-layout-constrained\">\n\n<article class=\"wp-block-group is-style-no-padding has-base-background-color has-background ce-card ce-post-card ce-landing-card is-layout-constrained wp-block-group-is-layout-constrained\">\n  <img decoding=\"async\" src=\"https:\/\/somcomunitats.coop\/wp-content\/themes\/wp-coop-ce-theme-v2\/img\/ce-landing-default.jpeg\">\n\n\n  <div class=\"taxonomy-rest-ce-status wp-block-post-terms\"><a href=\"https:\/\/somcomunitats.coop\/eu\/rest-ce-status\/open-eu\/\" rel=\"tag\">Ireki<\/a><\/div>\n\n  \n  <div style=\"height:40px\" aria-hidden=\"true\" class=\"wp-block-spacer\"><\/div>\n  \n\n  \n  <div class=\"wp-block-group ce-card-body is-layout-flow wp-block-group-is-layout-flow\">\n    \n    <div class=\"wp-block-group is-style-show-desktop ce-card-terms is-layout-flow wp-block-group-is-layout-flow\">\n      <div class=\"taxonomy-rest-ce-service wp-block-post-terms\"><a href=\"https:\/\/somcomunitats.coop\/eu\/rest-ce-service\/energia-termica-eu\/\" rel=\"tag\">Energia termikoa eta aire girotua<\/a><span class=\"wp-block-post-terms__separator\"> <\/span><a href=\"https:\/\/somcomunitats.coop\/eu\/rest-ce-service\/eficiencia-energetica-eu\/\" rel=\"tag\">Energia-eraginkortasuna<\/a><span class=\"wp-block-post-terms__separator\"> <\/span><a href=\"https:\/\/somcomunitats.coop\/eu\/rest-ce-service\/formacio-ciutadana-eu\/\" rel=\"tag\">Herritarren trebakuntza<\/a><span class=\"wp-block-post-terms__separator\"> <\/span><a href=\"https:\/\/somcomunitats.coop\/eu\/rest-ce-service\/generacio-renovable-eu\/\" rel=\"tag\">Komunitatearen sorkuntza berriztagarria<\/a><span class=\"wp-block-post-terms__separator\"> <\/span><a href=\"https:\/\/somcomunitats.coop\/eu\/rest-ce-service\/mobilitat-sostenible-eu\/\" rel=\"tag\">Mugikortasun jasangarria<\/a><\/div>\n    <\/div>\n    \n\n    \n    <div class=\"wp-block-group is-style-show-tablet ce-card-terms is-layout-flow wp-block-group-is-layout-flow\">\n      <div class=\"taxonomy-rest-ce-service wp-block-post-terms\"><a href=\"https:\/\/somcomunitats.coop\/eu\/rest-ce-service\/energia-termica-eu\/\" rel=\"tag\">Energia termikoa eta aire girotua<\/a><span class=\"wp-block-post-terms__separator\"> <\/span><a href=\"https:\/\/somcomunitats.coop\/eu\/rest-ce-service\/eficiencia-energetica-eu\/\" rel=\"tag\">Energia-eraginkortasuna<\/a><span class=\"wp-block-post-terms__separator\"> <\/span><a href=\"https:\/\/somcomunitats.coop\/eu\/rest-ce-service\/formacio-ciutadana-eu\/\" rel=\"tag\">Herritarren trebakuntza<\/a><span class=\"wp-block-post-terms__separator\"> <\/span><a href=\"https:\/\/somcomunitats.coop\/eu\/rest-ce-service\/generacio-renovable-eu\/\" rel=\"tag\">Komunitatearen sorkuntza berriztagarria<\/a><span class=\"wp-block-post-terms__separator\"> <\/span><a href=\"https:\/\/somcomunitats.coop\/eu\/rest-ce-service\/mobilitat-sostenible-eu\/\" rel=\"tag\">Mugikortasun jasangarria<\/a><\/div>\n    <\/div>\n    \n\n    \n    <div class=\"wp-block-group is-style-show-mobile ce-card-terms is-layout-flow wp-block-group-is-layout-flow\">\n      <div class=\"taxonomy-rest-ce-service wp-block-post-terms\"><a href=\"https:\/\/somcomunitats.coop\/eu\/rest-ce-service\/energia-termica-eu\/\" rel=\"tag\">Energia termikoa eta aire girotua<\/a><span class=\"wp-block-post-terms__separator\"> <\/span><a href=\"https:\/\/somcomunitats.coop\/eu\/rest-ce-service\/eficiencia-energetica-eu\/\" rel=\"tag\">Energia-eraginkortasuna<\/a><span class=\"wp-block-post-terms__separator\"> <\/span><a href=\"https:\/\/somcomunitats.coop\/eu\/rest-ce-service\/formacio-ciutadana-eu\/\" rel=\"tag\">Herritarren trebakuntza<\/a><span class=\"wp-block-post-terms__separator\"> <\/span><a href=\"https:\/\/somcomunitats.coop\/eu\/rest-ce-service\/generacio-renovable-eu\/\" rel=\"tag\">Komunitatearen sorkuntza berriztagarria<\/a><span class=\"wp-block-post-terms__separator\"> <\/span><a href=\"https:\/\/somcomunitats.coop\/eu\/rest-ce-service\/mobilitat-sostenible-eu\/\" rel=\"tag\">Mugikortasun jasangarria<\/a><\/div>\n    <\/div>\n    \n\n    \n    <div style=\"height:1em;width:0px\" aria-hidden=\"true\" class=\"wp-block-spacer\"><\/div>\n    \n\n    <h4 class=\"wp-block-heading wp-block-post-title\"><a href=\"https:\/\/somcomunitats.coop\/eu\/landing\/comunidad-energetica-tamaran-educa-1\/\" target=\"_self\">COMUNIDAD ENERG\u00c9TICA TAMAR\u00c1N EDUCA<\/a><\/h4>\n\n    <div class=\"wp-block-post-excerpt\">\n      <div class=\"wp-block-post-excerpt__excerpt\">Som una Coordinadora de Comunitats Energ\u00e8tiques ubicada a Gran Can\u00e0ria. Advoquem per la transici\u00f3 energ\u00e8tica 100% renovable democr\u00e0tica i justa, col\u00b7locant el Ciutad\u00e0 al Centre, duent a terme accions col\u00b7lectives d&#8217;energia encaminades, no nom\u00e9s a reduir costos i emissions, sin\u00f3 tamb\u00e9 a pal\u00b7liar la pobresa energ\u00e8tica dels nostres municipis, fomentant la formaci\u00f3 integral de l&#8217;individu.<\/div>\n    <\/div>\n\n    \n    <hr class=\"wp-block-separator has-alpha-channel-opacity\" \/>\n    \n    <p>Ag\u00fcimes<\/p>\n\n    <p class=\"wp-block-post-excerpt__more-text\">\n      <a class=\"wp-block-post-excerpt__more-link\" href=\"https:\/\/somcomunitats.coop\/eu\/landing\/comunidad-energetica-tamaran-educa-1\/\" tabindex=\"0\">M\u00e9s informaci\u00f3<\/a>\n    <\/p>\n  <\/div>\n  \n\n  \n  <div style=\"height:3rem\" aria-hidden=\"true\" class=\"wp-block-spacer\"><\/div>\n  \n<\/article>\n\n\n<\/div>\n\n<\/li><li class=\"wp-block-post post-11385 rest-ce-landing type-rest-ce-landing status-publish has-post-thumbnail hentry rest-ce-type-citizen-eu rest-ce-assoc-type-cooperative-eu rest-ce-status-open-eu rest-ce-service-subministrament-renovable-eu rest-ce-service-energia-termica-eu rest-ce-service-eficiencia-energetica-eu rest-ce-service-mobilitat-sostenible-eu rest-ce-service-compres-colectives-eu\">\n\n<div class=\"wp-block-group wpct-block-slider-slide is-layout-constrained wp-block-group-is-layout-constrained\">\n\n<article class=\"wp-block-group is-style-no-padding has-base-background-color has-background ce-card ce-post-card ce-landing-card is-layout-constrained wp-block-group-is-layout-constrained\">\n  <img decoding=\"async\" src=\"https:\/\/somcomunitats.coop\/wp-content\/uploads\/2025\/08\/170-primary_image_file.jpeg\">\n\n\n  <div class=\"taxonomy-rest-ce-status wp-block-post-terms\"><a href=\"https:\/\/somcomunitats.coop\/eu\/rest-ce-status\/open-eu\/\" rel=\"tag\">Ireki<\/a><\/div>\n\n  \n  <div style=\"height:40px\" aria-hidden=\"true\" class=\"wp-block-spacer\"><\/div>\n  \n\n  \n  <div class=\"wp-block-group ce-card-body is-layout-flow wp-block-group-is-layout-flow\">\n    \n    <div class=\"wp-block-group is-style-show-desktop ce-card-terms is-layout-flow wp-block-group-is-layout-flow\">\n      <div class=\"taxonomy-rest-ce-service wp-block-post-terms\"><a href=\"https:\/\/somcomunitats.coop\/eu\/rest-ce-service\/subministrament-renovable-eu\/\" rel=\"tag\">0eko energia berriztagarrien hornidura<\/a><span class=\"wp-block-post-terms__separator\"> <\/span><a href=\"https:\/\/somcomunitats.coop\/eu\/rest-ce-service\/energia-termica-eu\/\" rel=\"tag\">Energia termikoa eta aire girotua<\/a><span class=\"wp-block-post-terms__separator\"> <\/span><a href=\"https:\/\/somcomunitats.coop\/eu\/rest-ce-service\/eficiencia-energetica-eu\/\" rel=\"tag\">Energia-eraginkortasuna<\/a><span class=\"wp-block-post-terms__separator\"> <\/span><a href=\"https:\/\/somcomunitats.coop\/eu\/rest-ce-service\/mobilitat-sostenible-eu\/\" rel=\"tag\">Mugikortasun jasangarria<\/a><span class=\"wp-block-post-terms__separator\"> <\/span><a href=\"https:\/\/somcomunitats.coop\/eu\/rest-ce-service\/compres-colectives-eu\/\" rel=\"tag\">Taldeko erosketak<\/a><\/div>\n    <\/div>\n    \n\n    \n    <div class=\"wp-block-group is-style-show-tablet ce-card-terms is-layout-flow wp-block-group-is-layout-flow\">\n      <div class=\"taxonomy-rest-ce-service wp-block-post-terms\"><a href=\"https:\/\/somcomunitats.coop\/eu\/rest-ce-service\/subministrament-renovable-eu\/\" rel=\"tag\">0eko energia berriztagarrien hornidura<\/a><span class=\"wp-block-post-terms__separator\"> <\/span><a href=\"https:\/\/somcomunitats.coop\/eu\/rest-ce-service\/energia-termica-eu\/\" rel=\"tag\">Energia termikoa eta aire girotua<\/a><span class=\"wp-block-post-terms__separator\"> <\/span><a href=\"https:\/\/somcomunitats.coop\/eu\/rest-ce-service\/eficiencia-energetica-eu\/\" rel=\"tag\">Energia-eraginkortasuna<\/a><span class=\"wp-block-post-terms__separator\"> <\/span><a href=\"https:\/\/somcomunitats.coop\/eu\/rest-ce-service\/mobilitat-sostenible-eu\/\" rel=\"tag\">Mugikortasun jasangarria<\/a><span class=\"wp-block-post-terms__separator\"> <\/span><a href=\"https:\/\/somcomunitats.coop\/eu\/rest-ce-service\/compres-colectives-eu\/\" rel=\"tag\">Taldeko erosketak<\/a><\/div>\n    <\/div>\n    \n\n    \n    <div class=\"wp-block-group is-style-show-mobile ce-card-terms is-layout-flow wp-block-group-is-layout-flow\">\n      <div class=\"taxonomy-rest-ce-service wp-block-post-terms\"><a href=\"https:\/\/somcomunitats.coop\/eu\/rest-ce-service\/subministrament-renovable-eu\/\" rel=\"tag\">0eko energia berriztagarrien hornidura<\/a><span class=\"wp-block-post-terms__separator\"> <\/span><a href=\"https:\/\/somcomunitats.coop\/eu\/rest-ce-service\/energia-termica-eu\/\" rel=\"tag\">Energia termikoa eta aire girotua<\/a><span class=\"wp-block-post-terms__separator\"> <\/span><a href=\"https:\/\/somcomunitats.coop\/eu\/rest-ce-service\/eficiencia-energetica-eu\/\" rel=\"tag\">Energia-eraginkortasuna<\/a><span class=\"wp-block-post-terms__separator\"> <\/span><a href=\"https:\/\/somcomunitats.coop\/eu\/rest-ce-service\/mobilitat-sostenible-eu\/\" rel=\"tag\">Mugikortasun jasangarria<\/a><span class=\"wp-block-post-terms__separator\"> <\/span><a href=\"https:\/\/somcomunitats.coop\/eu\/rest-ce-service\/compres-colectives-eu\/\" rel=\"tag\">Taldeko erosketak<\/a><\/div>\n    <\/div>\n    \n\n    \n    <div style=\"height:1em;width:0px\" aria-hidden=\"true\" class=\"wp-block-spacer\"><\/div>\n    \n\n    <h4 class=\"wp-block-heading wp-block-post-title\"><a href=\"https:\/\/somcomunitats.coop\/eu\/landing\/comunitat-energetica-mataro-1\/\" target=\"_self\">Comunitat Energ\u00e8tica Matar\u00f3<\/a><\/h4>\n\n    <div class=\"wp-block-post-excerpt\">\n      <div class=\"wp-block-post-excerpt__excerpt\">El nostre objectiu \u00e9s crear una comunitat energ\u00e8tica local a Matar\u00f3, capa\u00e7 d\u2019oferir productes i serveis energ\u00e8tics renovables i comunitaris que promoguin la sobirania energ\u00e8tica i la participaci\u00f3 ciutadana.\r\nVolem ser una entitat referent a Matar\u00f3 que treballa per aconseguir la transici\u00f3 energ\u00e8tica en mans de la ciutadania.\r\n<\/div>\n    <\/div>\n\n    \n    <hr class=\"wp-block-separator has-alpha-channel-opacity\" \/>\n    \n    <p>Matar\u00f3<\/p>\n\n    <p class=\"wp-block-post-excerpt__more-text\">\n      <a class=\"wp-block-post-excerpt__more-link\" href=\"https:\/\/somcomunitats.coop\/eu\/landing\/comunitat-energetica-mataro-1\/\" tabindex=\"0\">M\u00e9s informaci\u00f3<\/a>\n    <\/p>\n  <\/div>\n  \n\n  \n  <div style=\"height:3rem\" aria-hidden=\"true\" class=\"wp-block-spacer\"><\/div>\n  \n<\/article>\n\n\n<\/div>\n\n<\/li><li class=\"wp-block-post post-11377 rest-ce-landing type-rest-ce-landing status-publish has-post-thumbnail hentry rest-ce-type-citizen-eu rest-ce-assoc-type-non_profit-eu rest-ce-status-closed-eu rest-ce-service-generacio-renovable-eu\">\n\n<div class=\"wp-block-group wpct-block-slider-slide is-layout-constrained wp-block-group-is-layout-constrained\">\n\n<article class=\"wp-block-group is-style-no-padding has-base-background-color has-background ce-card ce-post-card ce-landing-card is-layout-constrained wp-block-group-is-layout-constrained\">\n  <img decoding=\"async\" src=\"https:\/\/somcomunitats.coop\/wp-content\/uploads\/2025\/09\/169-primary_image_file_copy.png\">\n\n\n  <div class=\"taxonomy-rest-ce-status wp-block-post-terms\"><a href=\"https:\/\/somcomunitats.coop\/eu\/rest-ce-status\/closed-eu\/\" rel=\"tag\">itxita<\/a><\/div>\n\n  \n  <div style=\"height:40px\" aria-hidden=\"true\" class=\"wp-block-spacer\"><\/div>\n  \n\n  \n  <div class=\"wp-block-group ce-card-body is-layout-flow wp-block-group-is-layout-flow\">\n    \n    <div class=\"wp-block-group is-style-show-desktop ce-card-terms is-layout-flow wp-block-group-is-layout-flow\">\n      <div class=\"taxonomy-rest-ce-service wp-block-post-terms\"><a href=\"https:\/\/somcomunitats.coop\/eu\/rest-ce-service\/generacio-renovable-eu\/\" rel=\"tag\">Komunitatearen sorkuntza berriztagarria<\/a><\/div>\n    <\/div>\n    \n\n    \n    <div class=\"wp-block-group is-style-show-tablet ce-card-terms is-layout-flow wp-block-group-is-layout-flow\">\n      <div class=\"taxonomy-rest-ce-service wp-block-post-terms\"><a href=\"https:\/\/somcomunitats.coop\/eu\/rest-ce-service\/generacio-renovable-eu\/\" rel=\"tag\">Komunitatearen sorkuntza berriztagarria<\/a><\/div>\n    <\/div>\n    \n\n    \n    <div class=\"wp-block-group is-style-show-mobile ce-card-terms is-layout-flow wp-block-group-is-layout-flow\">\n      <div class=\"taxonomy-rest-ce-service wp-block-post-terms\"><a href=\"https:\/\/somcomunitats.coop\/eu\/rest-ce-service\/generacio-renovable-eu\/\" rel=\"tag\">Komunitatearen sorkuntza berriztagarria<\/a><\/div>\n    <\/div>\n    \n\n    \n    <div style=\"height:1em;width:0px\" aria-hidden=\"true\" class=\"wp-block-spacer\"><\/div>\n    \n\n    <h4 class=\"wp-block-heading wp-block-post-title\"><a href=\"https:\/\/somcomunitats.coop\/eu\/landing\/comunidad-energetica-local-valverde-de-burguillos\/\" target=\"_self\">Comunidad Energ\u00e9tica Local Valverde de Burguillos<\/a><\/h4>\n\n    <div class=\"wp-block-post-excerpt\">\n      <div class=\"wp-block-post-excerpt__excerpt\">Som una iniciativa conjunta de l&#8217;Ajuntament, ve\u00efns i petites empreses del municipi, que busca fomentar l&#8217;autoconsum col\u00b7lectiu a trav\u00e9s d&#8217;energia solar. La instal\u00b7laci\u00f3 fotovoltaica, situada en un edifici p\u00fablic, subministrar\u00e0 energia a llars, negocis i edificis municipals promovent aix\u00ed una transici\u00f3 energ\u00e8tica justa i sostenible.\n\nAquest model comunitari permet als participants beneficiar-se d&#8217;estalvis energ\u00e8tics i una major autonomia, al mateix temps que s&#8217;enforteix la consci\u00e8ncia ambiental i la cohesi\u00f3 social.<\/div>\n    <\/div>\n\n    \n    <hr class=\"wp-block-separator has-alpha-channel-opacity\" \/>\n    \n    <p>Valverde de Burguillos<\/p>\n\n    <p class=\"wp-block-post-excerpt__more-text\">\n      <a class=\"wp-block-post-excerpt__more-link\" href=\"https:\/\/somcomunitats.coop\/eu\/landing\/comunidad-energetica-local-valverde-de-burguillos\/\" tabindex=\"0\">M\u00e9s informaci\u00f3<\/a>\n    <\/p>\n  <\/div>\n  \n\n  \n  <div style=\"height:3rem\" aria-hidden=\"true\" class=\"wp-block-spacer\"><\/div>\n  \n<\/article>\n\n\n<\/div>\n\n<\/li><li class=\"wp-block-post post-11358 rest-ce-landing type-rest-ce-landing status-publish has-post-thumbnail hentry rest-ce-type-citizen-eu rest-ce-assoc-type-cooperative-eu rest-ce-status-closed-eu rest-ce-service-generacio-renovable-eu\">\n\n<div class=\"wp-block-group wpct-block-slider-slide is-layout-constrained wp-block-group-is-layout-constrained\">\n\n<article class=\"wp-block-group is-style-no-padding has-base-background-color has-background ce-card ce-post-card ce-landing-card is-layout-constrained wp-block-group-is-layout-constrained\">\n  <img decoding=\"async\" src=\"https:\/\/somcomunitats.coop\/wp-content\/uploads\/2025\/09\/167-primary_image_file.jpeg\">\n\n\n  <div class=\"taxonomy-rest-ce-status wp-block-post-terms\"><a href=\"https:\/\/somcomunitats.coop\/eu\/rest-ce-status\/closed-eu\/\" rel=\"tag\">itxita<\/a><\/div>\n\n  \n  <div style=\"height:40px\" aria-hidden=\"true\" class=\"wp-block-spacer\"><\/div>\n  \n\n  \n  <div class=\"wp-block-group ce-card-body is-layout-flow wp-block-group-is-layout-flow\">\n    \n    <div class=\"wp-block-group is-style-show-desktop ce-card-terms is-layout-flow wp-block-group-is-layout-flow\">\n      <div class=\"taxonomy-rest-ce-service wp-block-post-terms\"><a href=\"https:\/\/somcomunitats.coop\/eu\/rest-ce-service\/generacio-renovable-eu\/\" rel=\"tag\">Komunitatearen sorkuntza berriztagarria<\/a><\/div>\n    <\/div>\n    \n\n    \n    <div class=\"wp-block-group is-style-show-tablet ce-card-terms is-layout-flow wp-block-group-is-layout-flow\">\n      <div class=\"taxonomy-rest-ce-service wp-block-post-terms\"><a href=\"https:\/\/somcomunitats.coop\/eu\/rest-ce-service\/generacio-renovable-eu\/\" rel=\"tag\">Komunitatearen sorkuntza berriztagarria<\/a><\/div>\n    <\/div>\n    \n\n    \n    <div class=\"wp-block-group is-style-show-mobile ce-card-terms is-layout-flow wp-block-group-is-layout-flow\">\n      <div class=\"taxonomy-rest-ce-service wp-block-post-terms\"><a href=\"https:\/\/somcomunitats.coop\/eu\/rest-ce-service\/generacio-renovable-eu\/\" rel=\"tag\">Komunitatearen sorkuntza berriztagarria<\/a><\/div>\n    <\/div>\n    \n\n    \n    <div style=\"height:1em;width:0px\" aria-hidden=\"true\" class=\"wp-block-spacer\"><\/div>\n    \n\n    <h4 class=\"wp-block-heading wp-block-post-title\"><a href=\"https:\/\/somcomunitats.coop\/eu\/landing\/cer-merida-enverde\/\" target=\"_self\">CER M\u00e9rida EnVerde<\/a><\/h4>\n\n    <div class=\"wp-block-post-excerpt\">\n      <div class=\"wp-block-post-excerpt__excerpt\">70 familias y empresas de M\u00e9rida nos hemos unido para producir nuestra propia energ\u00eda. \u00bfA qu\u00e9 esperas de formar parte de nuestra comunidad?\r\n\r\nLa iniciativa surgi\u00f3 de un grupo importante de personas socias de la cooperativa EnVerde que viven en M\u00e9rida tomaron la decisi\u00f3n de crear, bajo el paraguas de la cooperativa, la Comunidad Energ\u00e9tica de M\u00e9rida EnVerde.\r\n\r\nMuchas de ellas se acercaron al proyecto porque ten\u00edan dificultades para poder acceder a una instalaci\u00f3n de autoconsumo al no disponer de una cubierta \u00fatil o, simplemente, porque prefer\u00edan compartir el proyecto de autoconsumo con otras personas, disminuyendo los costes y tejiendo v\u00ednculos comunitarios alrededor de la energ\u00eda.\r\n\r\nActualmente tenemos 3 instalaciones en funcionamiento con una potencial total de 238,86 Kwp<\/div>\n    <\/div>\n\n    \n    <hr class=\"wp-block-separator has-alpha-channel-opacity\" \/>\n    \n    <p>M\u00e9rida<\/p>\n\n    <p class=\"wp-block-post-excerpt__more-text\">\n      <a class=\"wp-block-post-excerpt__more-link\" href=\"https:\/\/somcomunitats.coop\/eu\/landing\/cer-merida-enverde\/\" tabindex=\"0\">M\u00e9s informaci\u00f3<\/a>\n    <\/p>\n  <\/div>\n  \n\n  \n  <div style=\"height:3rem\" aria-hidden=\"true\" class=\"wp-block-spacer\"><\/div>\n  \n<\/article>\n\n\n<\/div>\n\n<\/li><li class=\"wp-block-post post-11249 rest-ce-landing type-rest-ce-landing status-publish has-post-thumbnail hentry rest-ce-type-citizen-eu rest-ce-assoc-type-cooperative-eu rest-ce-status-open-eu rest-ce-service-generacio-renovable-eu\">\n\n<div class=\"wp-block-group wpct-block-slider-slide is-layout-constrained wp-block-group-is-layout-constrained\">\n\n<article class=\"wp-block-group is-style-no-padding has-base-background-color has-background ce-card ce-post-card ce-landing-card is-layout-constrained wp-block-group-is-layout-constrained\">\n  <img decoding=\"async\" src=\"https:\/\/somcomunitats.coop\/wp-content\/uploads\/2025\/07\/166-primary_image_file.jpeg\">\n\n\n  <div class=\"taxonomy-rest-ce-status wp-block-post-terms\"><a href=\"https:\/\/somcomunitats.coop\/eu\/rest-ce-status\/open-eu\/\" rel=\"tag\">Ireki<\/a><\/div>\n\n  \n  <div style=\"height:40px\" aria-hidden=\"true\" class=\"wp-block-spacer\"><\/div>\n  \n\n  \n  <div class=\"wp-block-group ce-card-body is-layout-flow wp-block-group-is-layout-flow\">\n    \n    <div class=\"wp-block-group is-style-show-desktop ce-card-terms is-layout-flow wp-block-group-is-layout-flow\">\n      <div class=\"taxonomy-rest-ce-service wp-block-post-terms\"><a href=\"https:\/\/somcomunitats.coop\/eu\/rest-ce-service\/generacio-renovable-eu\/\" rel=\"tag\">Komunitatearen sorkuntza berriztagarria<\/a><\/div>\n    <\/div>\n    \n\n    \n    <div class=\"wp-block-group is-style-show-tablet ce-card-terms is-layout-flow wp-block-group-is-layout-flow\">\n      <div class=\"taxonomy-rest-ce-service wp-block-post-terms\"><a href=\"https:\/\/somcomunitats.coop\/eu\/rest-ce-service\/generacio-renovable-eu\/\" rel=\"tag\">Komunitatearen sorkuntza berriztagarria<\/a><\/div>\n    <\/div>\n    \n\n    \n    <div class=\"wp-block-group is-style-show-mobile ce-card-terms is-layout-flow wp-block-group-is-layout-flow\">\n      <div class=\"taxonomy-rest-ce-service wp-block-post-terms\"><a href=\"https:\/\/somcomunitats.coop\/eu\/rest-ce-service\/generacio-renovable-eu\/\" rel=\"tag\">Komunitatearen sorkuntza berriztagarria<\/a><\/div>\n    <\/div>\n    \n\n    \n    <div style=\"height:1em;width:0px\" aria-hidden=\"true\" class=\"wp-block-spacer\"><\/div>\n    \n\n    <h4 class=\"wp-block-heading wp-block-post-title\"><a href=\"https:\/\/somcomunitats.coop\/eu\/landing\/cer-caceres\/\" target=\"_self\">CER C\u00e1ceres<\/a><\/h4>\n\n    <div class=\"wp-block-post-excerpt\">\n      <div class=\"wp-block-post-excerpt__excerpt\"><p>Forma part del canvi! Uneix-te a l&#8217;Associaci\u00f3 Comunitat Energ\u00e8tica de C\u00e0ceres.<\/p>\n\n<p>El nostre objectiu \u00e9s facilitar a totes les persones, entitats i empreses de C\u00e0ceres que puguin produir la seva pr\u00f2pia llum conjuntament. Especialment per a aquells habitatges i negocis que no poden posar plaques per la protecci\u00f3 patrimonial que t\u00e9 a algunes zones C\u00e0ceres.<\/p>\n\n<p>Tu tens el poder de construir una ciutat millor i m\u00e9s autosuficient<\/p><\/div>\n    <\/div>\n\n    \n    <hr class=\"wp-block-separator has-alpha-channel-opacity\" \/>\n    \n    <p>C\u00e1ceres<\/p>\n\n    <p class=\"wp-block-post-excerpt__more-text\">\n      <a class=\"wp-block-post-excerpt__more-link\" href=\"https:\/\/somcomunitats.coop\/eu\/landing\/cer-caceres\/\" tabindex=\"0\">M\u00e9s informaci\u00f3<\/a>\n    <\/p>\n  <\/div>\n  \n\n  \n  <div style=\"height:3rem\" aria-hidden=\"true\" class=\"wp-block-spacer\"><\/div>\n  \n<\/article>\n\n\n<\/div>\n\n<\/li><li class=\"wp-block-post post-11238 rest-ce-landing type-rest-ce-landing status-publish has-post-thumbnail hentry rest-ce-type-citizen-eu rest-ce-assoc-type-non_profit-eu rest-ce-status-closed-eu rest-ce-service-generacio-renovable-eu\">\n\n<div class=\"wp-block-group wpct-block-slider-slide is-layout-constrained wp-block-group-is-layout-constrained\">\n\n<article class=\"wp-block-group is-style-no-padding has-base-background-color has-background ce-card ce-post-card ce-landing-card is-layout-constrained wp-block-group-is-layout-constrained\">\n  <img decoding=\"async\" src=\"https:\/\/somcomunitats.coop\/wp-content\/uploads\/2025\/07\/165-primary_image_file.jpeg\">\n\n\n  <div class=\"taxonomy-rest-ce-status wp-block-post-terms\"><a href=\"https:\/\/somcomunitats.coop\/eu\/rest-ce-status\/closed-eu\/\" rel=\"tag\">itxita<\/a><\/div>\n\n  \n  <div style=\"height:40px\" aria-hidden=\"true\" class=\"wp-block-spacer\"><\/div>\n  \n\n  \n  <div class=\"wp-block-group ce-card-body is-layout-flow wp-block-group-is-layout-flow\">\n    \n    <div class=\"wp-block-group is-style-show-desktop ce-card-terms is-layout-flow wp-block-group-is-layout-flow\">\n      <div class=\"taxonomy-rest-ce-service wp-block-post-terms\"><a href=\"https:\/\/somcomunitats.coop\/eu\/rest-ce-service\/generacio-renovable-eu\/\" rel=\"tag\">Komunitatearen sorkuntza berriztagarria<\/a><\/div>\n    <\/div>\n    \n\n    \n    <div class=\"wp-block-group is-style-show-tablet ce-card-terms is-layout-flow wp-block-group-is-layout-flow\">\n      <div class=\"taxonomy-rest-ce-service wp-block-post-terms\"><a href=\"https:\/\/somcomunitats.coop\/eu\/rest-ce-service\/generacio-renovable-eu\/\" rel=\"tag\">Komunitatearen sorkuntza berriztagarria<\/a><\/div>\n    <\/div>\n    \n\n    \n    <div class=\"wp-block-group is-style-show-mobile ce-card-terms is-layout-flow wp-block-group-is-layout-flow\">\n      <div class=\"taxonomy-rest-ce-service wp-block-post-terms\"><a href=\"https:\/\/somcomunitats.coop\/eu\/rest-ce-service\/generacio-renovable-eu\/\" rel=\"tag\">Komunitatearen sorkuntza berriztagarria<\/a><\/div>\n    <\/div>\n    \n\n    \n    <div style=\"height:1em;width:0px\" aria-hidden=\"true\" class=\"wp-block-spacer\"><\/div>\n    \n\n    <h4 class=\"wp-block-heading wp-block-post-title\"><a href=\"https:\/\/somcomunitats.coop\/eu\/landing\/comunidad-energetica-local-de-la-lapa\/\" target=\"_self\">COMUNIDAD ENERG\u00c9TICA LOCAL DE LA LAPA<\/a><\/h4>\n\n    <div class=\"wp-block-post-excerpt\">\n      <div class=\"wp-block-post-excerpt__excerpt\">La Lapa bizilagunak, Udalaren bultzadarekin, lanean ari gara 2024ko ekaineko des energia-komunitate bat sortzeko.Udalaren teilatu batean instalazio fotovoltaiko bat jartzeko diru-laguntza eskatzear gaude. Edozein zalantza izanez gero, jar zaitez gurekin harremanetan edo eskatu informazioa Udalari. Badajozeko Diputazioaren eta EnVerde Kooperatibaren laguntza jasotzen ari gara<\/div>\n    <\/div>\n\n    \n    <hr class=\"wp-block-separator has-alpha-channel-opacity\" \/>\n    \n    <p>La Lapa<\/p>\n\n    <p class=\"wp-block-post-excerpt__more-text\">\n      <a class=\"wp-block-post-excerpt__more-link\" href=\"https:\/\/somcomunitats.coop\/eu\/landing\/comunidad-energetica-local-de-la-lapa\/\" tabindex=\"0\">M\u00e9s informaci\u00f3<\/a>\n    <\/p>\n  <\/div>\n  \n\n  \n  <div style=\"height:3rem\" aria-hidden=\"true\" class=\"wp-block-spacer\"><\/div>\n  \n<\/article>\n\n\n<\/div>\n\n<\/li><li class=\"wp-block-post post-11076 rest-ce-landing type-rest-ce-landing status-publish has-post-thumbnail hentry rest-ce-type-citizen-eu rest-ce-assoc-type-cooperative-eu rest-ce-status-closed-eu rest-ce-service-subministrament-renovable-eu rest-ce-service-generacio-renovable-eu\">\n\n<div class=\"wp-block-group wpct-block-slider-slide is-layout-constrained wp-block-group-is-layout-constrained\">\n\n<article class=\"wp-block-group is-style-no-padding has-base-background-color has-background ce-card ce-post-card ce-landing-card is-layout-constrained wp-block-group-is-layout-constrained\">\n  <img decoding=\"async\" src=\"https:\/\/somcomunitats.coop\/wp-content\/uploads\/2025\/07\/164-primary_image_file.jpeg\">\n\n\n  <div class=\"taxonomy-rest-ce-status wp-block-post-terms\"><a href=\"https:\/\/somcomunitats.coop\/eu\/rest-ce-status\/closed-eu\/\" rel=\"tag\">itxita<\/a><\/div>\n\n  \n  <div style=\"height:40px\" aria-hidden=\"true\" class=\"wp-block-spacer\"><\/div>\n  \n\n  \n  <div class=\"wp-block-group ce-card-body is-layout-flow wp-block-group-is-layout-flow\">\n    \n    <div class=\"wp-block-group is-style-show-desktop ce-card-terms is-layout-flow wp-block-group-is-layout-flow\">\n      <div class=\"taxonomy-rest-ce-service wp-block-post-terms\"><a href=\"https:\/\/somcomunitats.coop\/eu\/rest-ce-service\/subministrament-renovable-eu\/\" rel=\"tag\">0eko energia berriztagarrien hornidura<\/a><span class=\"wp-block-post-terms__separator\"> <\/span><a href=\"https:\/\/somcomunitats.coop\/eu\/rest-ce-service\/generacio-renovable-eu\/\" rel=\"tag\">Komunitatearen sorkuntza berriztagarria<\/a><\/div>\n    <\/div>\n    \n\n    \n    <div class=\"wp-block-group is-style-show-tablet ce-card-terms is-layout-flow wp-block-group-is-layout-flow\">\n      <div class=\"taxonomy-rest-ce-service wp-block-post-terms\"><a href=\"https:\/\/somcomunitats.coop\/eu\/rest-ce-service\/subministrament-renovable-eu\/\" rel=\"tag\">0eko energia berriztagarrien hornidura<\/a><span class=\"wp-block-post-terms__separator\"> <\/span><a href=\"https:\/\/somcomunitats.coop\/eu\/rest-ce-service\/generacio-renovable-eu\/\" rel=\"tag\">Komunitatearen sorkuntza berriztagarria<\/a><\/div>\n    <\/div>\n    \n\n    \n    <div class=\"wp-block-group is-style-show-mobile ce-card-terms is-layout-flow wp-block-group-is-layout-flow\">\n      <div class=\"taxonomy-rest-ce-service wp-block-post-terms\"><a href=\"https:\/\/somcomunitats.coop\/eu\/rest-ce-service\/subministrament-renovable-eu\/\" rel=\"tag\">0eko energia berriztagarrien hornidura<\/a><span class=\"wp-block-post-terms__separator\"> <\/span><a href=\"https:\/\/somcomunitats.coop\/eu\/rest-ce-service\/generacio-renovable-eu\/\" rel=\"tag\">Komunitatearen sorkuntza berriztagarria<\/a><\/div>\n    <\/div>\n    \n\n    \n    <div style=\"height:1em;width:0px\" aria-hidden=\"true\" class=\"wp-block-spacer\"><\/div>\n    \n\n    <h4 class=\"wp-block-heading wp-block-post-title\"><a href=\"https:\/\/somcomunitats.coop\/eu\/landing\/electrocerros-1\/\" target=\"_self\">Electrocerros<\/a><\/h4>\n\n    <div class=\"wp-block-post-excerpt\">\n      <div class=\"wp-block-post-excerpt__excerpt\">Autokontsumo fotovoltaiko partekatuaren instalazioa, 135 kWp-ko soberakinen konpentsazioarekin. Energetika koop-ek sustatu eta finantzatua. sortutako elektrizitateaz gozatzen duten inguruko bazkideentzat, urteko kuota baten truke. Los Cerros udal kiroldegiko estalkian dago, eta Udalak lehiaketara atera zuen ekoizpen elektrikoaren zati baten truke.<\/div>\n    <\/div>\n\n    \n    <hr class=\"wp-block-separator has-alpha-channel-opacity\" \/>\n    \n    <p>Valladolid<\/p>\n\n    <p class=\"wp-block-post-excerpt__more-text\">\n      <a class=\"wp-block-post-excerpt__more-link\" href=\"https:\/\/somcomunitats.coop\/eu\/landing\/electrocerros-1\/\" tabindex=\"0\">M\u00e9s informaci\u00f3<\/a>\n    <\/p>\n  <\/div>\n  \n\n  \n  <div style=\"height:3rem\" aria-hidden=\"true\" class=\"wp-block-spacer\"><\/div>\n  \n<\/article>\n\n\n<\/div>\n\n<\/li><li class=\"wp-block-post post-11060 rest-ce-landing type-rest-ce-landing status-publish has-post-thumbnail hentry rest-ce-type-citizen-eu rest-ce-assoc-type-cooperative-eu rest-ce-status-closed-eu rest-ce-service-subministrament-renovable-eu rest-ce-service-generacio-renovable-eu\">\n\n<div class=\"wp-block-group wpct-block-slider-slide is-layout-constrained wp-block-group-is-layout-constrained\">\n\n<article class=\"wp-block-group is-style-no-padding has-base-background-color has-background ce-card ce-post-card ce-landing-card is-layout-constrained wp-block-group-is-layout-constrained\">\n  <img decoding=\"async\" src=\"https:\/\/somcomunitats.coop\/wp-content\/uploads\/2025\/07\/163-primary_image_file.jpeg\">\n\n\n  <div class=\"taxonomy-rest-ce-status wp-block-post-terms\"><a href=\"https:\/\/somcomunitats.coop\/eu\/rest-ce-status\/closed-eu\/\" rel=\"tag\">itxita<\/a><\/div>\n\n  \n  <div style=\"height:40px\" aria-hidden=\"true\" class=\"wp-block-spacer\"><\/div>\n  \n\n  \n  <div class=\"wp-block-group ce-card-body is-layout-flow wp-block-group-is-layout-flow\">\n    \n    <div class=\"wp-block-group is-style-show-desktop ce-card-terms is-layout-flow wp-block-group-is-layout-flow\">\n      <div class=\"taxonomy-rest-ce-service wp-block-post-terms\"><a href=\"https:\/\/somcomunitats.coop\/eu\/rest-ce-service\/subministrament-renovable-eu\/\" rel=\"tag\">0eko energia berriztagarrien hornidura<\/a><span class=\"wp-block-post-terms__separator\"> <\/span><a href=\"https:\/\/somcomunitats.coop\/eu\/rest-ce-service\/generacio-renovable-eu\/\" rel=\"tag\">Komunitatearen sorkuntza berriztagarria<\/a><\/div>\n    <\/div>\n    \n\n    \n    <div class=\"wp-block-group is-style-show-tablet ce-card-terms is-layout-flow wp-block-group-is-layout-flow\">\n      <div class=\"taxonomy-rest-ce-service wp-block-post-terms\"><a href=\"https:\/\/somcomunitats.coop\/eu\/rest-ce-service\/subministrament-renovable-eu\/\" rel=\"tag\">0eko energia berriztagarrien hornidura<\/a><span class=\"wp-block-post-terms__separator\"> <\/span><a href=\"https:\/\/somcomunitats.coop\/eu\/rest-ce-service\/generacio-renovable-eu\/\" rel=\"tag\">Komunitatearen sorkuntza berriztagarria<\/a><\/div>\n    <\/div>\n    \n\n    \n    <div class=\"wp-block-group is-style-show-mobile ce-card-terms is-layout-flow wp-block-group-is-layout-flow\">\n      <div class=\"taxonomy-rest-ce-service wp-block-post-terms\"><a href=\"https:\/\/somcomunitats.coop\/eu\/rest-ce-service\/subministrament-renovable-eu\/\" rel=\"tag\">0eko energia berriztagarrien hornidura<\/a><span class=\"wp-block-post-terms__separator\"> <\/span><a href=\"https:\/\/somcomunitats.coop\/eu\/rest-ce-service\/generacio-renovable-eu\/\" rel=\"tag\">Komunitatearen sorkuntza berriztagarria<\/a><\/div>\n    <\/div>\n    \n\n    \n    <div style=\"height:1em;width:0px\" aria-hidden=\"true\" class=\"wp-block-spacer\"><\/div>\n    \n\n    <h4 class=\"wp-block-heading wp-block-post-title\"><a href=\"https:\/\/somcomunitats.coop\/eu\/landing\/estaciones\/\" target=\"_self\">Estaciones<\/a><\/h4>\n\n    <div class=\"wp-block-post-excerpt\">\n      <div class=\"wp-block-post-excerpt__excerpt\">Autokontsumo fotovoltaiko partekatuaren instalazioa, 124 kWp-ko soberakinen konpentsazioarekin. Energetika koop-ek sustatu eta finantzatua. sortutako elektrizitateaz gozatzen duten inguruko bazkideentzat, urteko kuota baten truke. Gregorio Fern&#8217;ndez udal kiroldegiko estalkian dago, eta Udalak lehiaketara atera zuen ekoizpen elektrikoaren zati baten truke.<\/div>\n    <\/div>\n\n    \n    <hr class=\"wp-block-separator has-alpha-channel-opacity\" \/>\n    \n    <p>Valladolid<\/p>\n\n    <p class=\"wp-block-post-excerpt__more-text\">\n      <a class=\"wp-block-post-excerpt__more-link\" href=\"https:\/\/somcomunitats.coop\/eu\/landing\/estaciones\/\" tabindex=\"0\">M\u00e9s informaci\u00f3<\/a>\n    <\/p>\n  <\/div>\n  \n\n  \n  <div style=\"height:3rem\" aria-hidden=\"true\" class=\"wp-block-spacer\"><\/div>\n  \n<\/article>\n\n\n<\/div>\n\n<\/li><li class=\"wp-block-post post-11049 rest-ce-landing type-rest-ce-landing status-publish has-post-thumbnail hentry rest-ce-type-citizen-eu rest-ce-assoc-type-cooperative-eu rest-ce-status-closed-eu rest-ce-service-subministrament-renovable-eu rest-ce-service-generacio-renovable-eu\">\n\n<div class=\"wp-block-group wpct-block-slider-slide is-layout-constrained wp-block-group-is-layout-constrained\">\n\n<article class=\"wp-block-group is-style-no-padding has-base-background-color has-background ce-card ce-post-card ce-landing-card is-layout-constrained wp-block-group-is-layout-constrained\">\n  <img decoding=\"async\" src=\"https:\/\/somcomunitats.coop\/wp-content\/uploads\/2025\/07\/161-primary_image_file.jpeg\">\n\n\n  <div class=\"taxonomy-rest-ce-status wp-block-post-terms\"><a href=\"https:\/\/somcomunitats.coop\/eu\/rest-ce-status\/closed-eu\/\" rel=\"tag\">itxita<\/a><\/div>\n\n  \n  <div style=\"height:40px\" aria-hidden=\"true\" class=\"wp-block-spacer\"><\/div>\n  \n\n  \n  <div class=\"wp-block-group ce-card-body is-layout-flow wp-block-group-is-layout-flow\">\n    \n    <div class=\"wp-block-group is-style-show-desktop ce-card-terms is-layout-flow wp-block-group-is-layout-flow\">\n      <div class=\"taxonomy-rest-ce-service wp-block-post-terms\"><a href=\"https:\/\/somcomunitats.coop\/eu\/rest-ce-service\/subministrament-renovable-eu\/\" rel=\"tag\">0eko energia berriztagarrien hornidura<\/a><span class=\"wp-block-post-terms__separator\"> <\/span><a href=\"https:\/\/somcomunitats.coop\/eu\/rest-ce-service\/generacio-renovable-eu\/\" rel=\"tag\">Komunitatearen sorkuntza berriztagarria<\/a><\/div>\n    <\/div>\n    \n\n    \n    <div class=\"wp-block-group is-style-show-tablet ce-card-terms is-layout-flow wp-block-group-is-layout-flow\">\n      <div class=\"taxonomy-rest-ce-service wp-block-post-terms\"><a href=\"https:\/\/somcomunitats.coop\/eu\/rest-ce-service\/subministrament-renovable-eu\/\" rel=\"tag\">0eko energia berriztagarrien hornidura<\/a><span class=\"wp-block-post-terms__separator\"> <\/span><a href=\"https:\/\/somcomunitats.coop\/eu\/rest-ce-service\/generacio-renovable-eu\/\" rel=\"tag\">Komunitatearen sorkuntza berriztagarria<\/a><\/div>\n    <\/div>\n    \n\n    \n    <div class=\"wp-block-group is-style-show-mobile ce-card-terms is-layout-flow wp-block-group-is-layout-flow\">\n      <div class=\"taxonomy-rest-ce-service wp-block-post-terms\"><a href=\"https:\/\/somcomunitats.coop\/eu\/rest-ce-service\/subministrament-renovable-eu\/\" rel=\"tag\">0eko energia berriztagarrien hornidura<\/a><span class=\"wp-block-post-terms__separator\"> <\/span><a href=\"https:\/\/somcomunitats.coop\/eu\/rest-ce-service\/generacio-renovable-eu\/\" rel=\"tag\">Komunitatearen sorkuntza berriztagarria<\/a><\/div>\n    <\/div>\n    \n\n    \n    <div style=\"height:1em;width:0px\" aria-hidden=\"true\" class=\"wp-block-spacer\"><\/div>\n    \n\n    <h4 class=\"wp-block-heading wp-block-post-title\"><a href=\"https:\/\/somcomunitats.coop\/eu\/landing\/la-victoria-del-sol\/\" target=\"_self\">La Victoria del Sol<\/a><\/h4>\n\n    <div class=\"wp-block-post-excerpt\">\n      <div class=\"wp-block-post-excerpt__excerpt\">Partekatutako autokontsumo fotovoltaikoaren instalazioa, 100,70 kWp-ko soberakinen konpentsazioarekin. Energetika koop-ek sustatu eta finantzatua. sortutako elektrizitateaz gozatzen duten inguruko bazkideentzat, urteko kuota baten truke. La Victoria auzoko udal kiroldegiko estalkian dago, eta Udalak lehiaketara atera zuen, ekoizpen elektrikoaren zati baten truke.<\/div>\n    <\/div>\n\n    \n    <hr class=\"wp-block-separator has-alpha-channel-opacity\" \/>\n    \n    <p>Valladolid<\/p>\n\n    <p class=\"wp-block-post-excerpt__more-text\">\n      <a class=\"wp-block-post-excerpt__more-link\" href=\"https:\/\/somcomunitats.coop\/eu\/landing\/la-victoria-del-sol\/\" tabindex=\"0\">M\u00e9s informaci\u00f3<\/a>\n    <\/p>\n  <\/div>\n  \n\n  \n  <div style=\"height:3rem\" aria-hidden=\"true\" class=\"wp-block-spacer\"><\/div>\n  \n<\/article>\n\n\n<\/div>\n\n<\/li><li class=\"wp-block-post post-11039 rest-ce-landing type-rest-ce-landing status-publish has-post-thumbnail hentry rest-ce-type-citizen-eu rest-ce-assoc-type-cooperative-eu rest-ce-status-open-eu rest-ce-service-subministrament-renovable-eu rest-ce-service-generacio-renovable-eu\">\n\n<div class=\"wp-block-group wpct-block-slider-slide is-layout-constrained wp-block-group-is-layout-constrained\">\n\n<article class=\"wp-block-group is-style-no-padding has-base-background-color has-background ce-card ce-post-card ce-landing-card is-layout-constrained wp-block-group-is-layout-constrained\">\n  <img decoding=\"async\" src=\"https:\/\/somcomunitats.coop\/wp-content\/uploads\/2025\/07\/160-primary_image_file.jpeg\">\n\n\n  <div class=\"taxonomy-rest-ce-status wp-block-post-terms\"><a href=\"https:\/\/somcomunitats.coop\/eu\/rest-ce-status\/open-eu\/\" rel=\"tag\">Ireki<\/a><\/div>\n\n  \n  <div style=\"height:40px\" aria-hidden=\"true\" class=\"wp-block-spacer\"><\/div>\n  \n\n  \n  <div class=\"wp-block-group ce-card-body is-layout-flow wp-block-group-is-layout-flow\">\n    \n    <div class=\"wp-block-group is-style-show-desktop ce-card-terms is-layout-flow wp-block-group-is-layout-flow\">\n      <div class=\"taxonomy-rest-ce-service wp-block-post-terms\"><a href=\"https:\/\/somcomunitats.coop\/eu\/rest-ce-service\/subministrament-renovable-eu\/\" rel=\"tag\">0eko energia berriztagarrien hornidura<\/a><span class=\"wp-block-post-terms__separator\"> <\/span><a href=\"https:\/\/somcomunitats.coop\/eu\/rest-ce-service\/generacio-renovable-eu\/\" rel=\"tag\">Komunitatearen sorkuntza berriztagarria<\/a><\/div>\n    <\/div>\n    \n\n    \n    <div class=\"wp-block-group is-style-show-tablet ce-card-terms is-layout-flow wp-block-group-is-layout-flow\">\n      <div class=\"taxonomy-rest-ce-service wp-block-post-terms\"><a href=\"https:\/\/somcomunitats.coop\/eu\/rest-ce-service\/subministrament-renovable-eu\/\" rel=\"tag\">0eko energia berriztagarrien hornidura<\/a><span class=\"wp-block-post-terms__separator\"> <\/span><a href=\"https:\/\/somcomunitats.coop\/eu\/rest-ce-service\/generacio-renovable-eu\/\" rel=\"tag\">Komunitatearen sorkuntza berriztagarria<\/a><\/div>\n    <\/div>\n    \n\n    \n    <div class=\"wp-block-group is-style-show-mobile ce-card-terms is-layout-flow wp-block-group-is-layout-flow\">\n      <div class=\"taxonomy-rest-ce-service wp-block-post-terms\"><a href=\"https:\/\/somcomunitats.coop\/eu\/rest-ce-service\/subministrament-renovable-eu\/\" rel=\"tag\">0eko energia berriztagarrien hornidura<\/a><span class=\"wp-block-post-terms__separator\"> <\/span><a href=\"https:\/\/somcomunitats.coop\/eu\/rest-ce-service\/generacio-renovable-eu\/\" rel=\"tag\">Komunitatearen sorkuntza berriztagarria<\/a><\/div>\n    <\/div>\n    \n\n    \n    <div style=\"height:1em;width:0px\" aria-hidden=\"true\" class=\"wp-block-spacer\"><\/div>\n    \n\n    <h4 class=\"wp-block-heading wp-block-post-title\"><a href=\"https:\/\/somcomunitats.coop\/eu\/landing\/sol-regalado\/\" target=\"_self\">Sol Regalado<\/a><\/h4>\n\n    <div class=\"wp-block-post-excerpt\">\n      <div class=\"wp-block-post-excerpt__excerpt\">Autokontsumo fotovoltaiko partekatuaren instalazioa, 89,04 kWp-ko soberakinen konpentsazioarekin. Energetika koop-ek sustatu eta finantzatua. sortutako elektrizitateaz gozatzen duten inguruko bazkideentzat, urteko kuota baten truke. San Pedro Regalado udal kiroldegiko estalkian dago, eta Udalak lehiaketara atera zuen, ekoizpen elektrikoaren zati baten truke.<\/div>\n    <\/div>\n\n    \n    <hr class=\"wp-block-separator has-alpha-channel-opacity\" \/>\n    \n    <p>Valladolid<\/p>\n\n    <p class=\"wp-block-post-excerpt__more-text\">\n      <a class=\"wp-block-post-excerpt__more-link\" href=\"https:\/\/somcomunitats.coop\/eu\/landing\/sol-regalado\/\" tabindex=\"0\">M\u00e9s informaci\u00f3<\/a>\n    <\/p>\n  <\/div>\n  \n\n  \n  <div style=\"height:3rem\" aria-hidden=\"true\" class=\"wp-block-spacer\"><\/div>\n  \n<\/article>\n\n\n<\/div>\n\n<\/li><li class=\"wp-block-post post-10983 rest-ce-landing type-rest-ce-landing status-publish has-post-thumbnail hentry rest-ce-type-citizen-eu rest-ce-assoc-type-non_profit-eu rest-ce-status-open-eu\">\n\n<div class=\"wp-block-group wpct-block-slider-slide is-layout-constrained wp-block-group-is-layout-constrained\">\n\n<article class=\"wp-block-group is-style-no-padding has-base-background-color has-background ce-card ce-post-card ce-landing-card is-layout-constrained wp-block-group-is-layout-constrained\">\n  <img decoding=\"async\" src=\"https:\/\/somcomunitats.coop\/wp-content\/uploads\/2025\/07\/159-primary_image_file_copy.jpeg\">\n\n\n  <div class=\"taxonomy-rest-ce-status wp-block-post-terms\"><a href=\"https:\/\/somcomunitats.coop\/eu\/rest-ce-status\/open-eu\/\" rel=\"tag\">Ireki<\/a><\/div>\n\n  \n  <div style=\"height:40px\" aria-hidden=\"true\" class=\"wp-block-spacer\"><\/div>\n  \n\n  \n  <div class=\"wp-block-group ce-card-body is-layout-flow wp-block-group-is-layout-flow\">\n    \n    <div class=\"wp-block-group is-style-show-desktop ce-card-terms is-layout-flow wp-block-group-is-layout-flow\">\n      \n    <\/div>\n    \n\n    \n    <div class=\"wp-block-group is-style-show-tablet ce-card-terms is-layout-flow wp-block-group-is-layout-flow\">\n      \n    <\/div>\n    \n\n    \n    <div class=\"wp-block-group is-style-show-mobile ce-card-terms is-layout-flow wp-block-group-is-layout-flow\">\n      \n    <\/div>\n    \n\n    \n    <div style=\"height:1em;width:0px\" aria-hidden=\"true\" class=\"wp-block-spacer\"><\/div>\n    \n\n    <h4 class=\"wp-block-heading wp-block-post-title\"><a href=\"https:\/\/somcomunitats.coop\/eu\/landing\/sotogenera\/\" target=\"_self\">Sotogenera<\/a><\/h4>\n\n    <div class=\"wp-block-post-excerpt\">\n      <div class=\"wp-block-post-excerpt__excerpt\">\nEnergia etorkizuneko gai garrantzitsua da eta Soto del Realeko Udalak bere burua posizionatu nahi izan du, udalerrian bertan sortzen diren energia berriztagarrien garapenaren aldeko apustua egingo duen Energia Komunitatea sortzearen aldeko apustu garbia eginez. Soto Genera Soto del Realeko Komunitate Energetikoa da, eta ikuspegi komunitario batetik, nahi duten udalerriko herritar guztien parte-hartzera irekita dago. Ekimen honen helburu nagusia da udal eraikinetan eta espazio pribatuetan eguzki-plakak instalatuz energia sortzea, baita beste energia-iturri berriztagarri batzuk ere, gero partekatzeko eta onura argiak lortzeko, bai gizarte-mailan, bai ingurumen-mailan, bai udalerri osorako aurrezki ekonomiko garrantzitsu gisa.<\/div>\n    <\/div>\n\n    \n    <hr class=\"wp-block-separator has-alpha-channel-opacity\" \/>\n    \n    <p>Soto del Real<\/p>\n\n    <p class=\"wp-block-post-excerpt__more-text\">\n      <a class=\"wp-block-post-excerpt__more-link\" href=\"https:\/\/somcomunitats.coop\/eu\/landing\/sotogenera\/\" tabindex=\"0\">M\u00e9s informaci\u00f3<\/a>\n    <\/p>\n  <\/div>\n  \n\n  \n  <div style=\"height:3rem\" aria-hidden=\"true\" class=\"wp-block-spacer\"><\/div>\n  \n<\/article>\n\n\n<\/div>\n\n<\/li><li class=\"wp-block-post post-10892 rest-ce-landing type-rest-ce-landing status-publish has-post-thumbnail hentry rest-ce-type-citizen-eu rest-ce-assoc-type-non_profit-eu rest-ce-status-closed-eu rest-ce-service-generacio-renovable-eu\">\n\n<div class=\"wp-block-group wpct-block-slider-slide is-layout-constrained wp-block-group-is-layout-constrained\">\n\n<article class=\"wp-block-group is-style-no-padding has-base-background-color has-background ce-card ce-post-card ce-landing-card is-layout-constrained wp-block-group-is-layout-constrained\">\n  <img decoding=\"async\" src=\"https:\/\/somcomunitats.coop\/wp-content\/uploads\/2025\/06\/158-primary_image_file.png\">\n\n\n  <div class=\"taxonomy-rest-ce-status wp-block-post-terms\"><a href=\"https:\/\/somcomunitats.coop\/eu\/rest-ce-status\/closed-eu\/\" rel=\"tag\">itxita<\/a><\/div>\n\n  \n  <div style=\"height:40px\" aria-hidden=\"true\" class=\"wp-block-spacer\"><\/div>\n  \n\n  \n  <div class=\"wp-block-group ce-card-body is-layout-flow wp-block-group-is-layout-flow\">\n    \n    <div class=\"wp-block-group is-style-show-desktop ce-card-terms is-layout-flow wp-block-group-is-layout-flow\">\n      <div class=\"taxonomy-rest-ce-service wp-block-post-terms\"><a href=\"https:\/\/somcomunitats.coop\/eu\/rest-ce-service\/generacio-renovable-eu\/\" rel=\"tag\">Komunitatearen sorkuntza berriztagarria<\/a><\/div>\n    <\/div>\n    \n\n    \n    <div class=\"wp-block-group is-style-show-tablet ce-card-terms is-layout-flow wp-block-group-is-layout-flow\">\n      <div class=\"taxonomy-rest-ce-service wp-block-post-terms\"><a href=\"https:\/\/somcomunitats.coop\/eu\/rest-ce-service\/generacio-renovable-eu\/\" rel=\"tag\">Komunitatearen sorkuntza berriztagarria<\/a><\/div>\n    <\/div>\n    \n\n    \n    <div class=\"wp-block-group is-style-show-mobile ce-card-terms is-layout-flow wp-block-group-is-layout-flow\">\n      <div class=\"taxonomy-rest-ce-service wp-block-post-terms\"><a href=\"https:\/\/somcomunitats.coop\/eu\/rest-ce-service\/generacio-renovable-eu\/\" rel=\"tag\">Komunitatearen sorkuntza berriztagarria<\/a><\/div>\n    <\/div>\n    \n\n    \n    <div style=\"height:1em;width:0px\" aria-hidden=\"true\" class=\"wp-block-spacer\"><\/div>\n    \n\n    <h4 class=\"wp-block-heading wp-block-post-title\"><a href=\"https:\/\/somcomunitats.coop\/eu\/landing\/comunidad-energetica-madriguera\/\" target=\"_self\">Comunidad Energ\u00e9tica de Madriguera<\/a><\/h4>\n\n    <div class=\"wp-block-post-excerpt\">\n      <div class=\"wp-block-post-excerpt__excerpt\">Madriguera Riazako pedania txiki bat da. Gure komunitate energetikoa osatu dugu Madriguerako bizilagunen artean energia garbia sortu eta partekatu ahal izateko. Riazako Udalak lursail txiki bat utzi du lur gainean, autokontsumo kolektiboko instalazio bat kokatzeko, gure etxeak eta herriak hain leku ederra izaten jarrai dezaten.<\/div>\n    <\/div>\n\n    \n    <hr class=\"wp-block-separator has-alpha-channel-opacity\" \/>\n    \n    <p>Madriguera, Riaza<\/p>\n\n    <p class=\"wp-block-post-excerpt__more-text\">\n      <a class=\"wp-block-post-excerpt__more-link\" href=\"https:\/\/somcomunitats.coop\/eu\/landing\/comunidad-energetica-madriguera\/\" tabindex=\"0\">M\u00e9s informaci\u00f3<\/a>\n    <\/p>\n  <\/div>\n  \n\n  \n  <div style=\"height:3rem\" aria-hidden=\"true\" class=\"wp-block-spacer\"><\/div>\n  \n<\/article>\n\n\n<\/div>\n\n<\/li><li class=\"wp-block-post post-10861 rest-ce-landing type-rest-ce-landing status-publish has-post-thumbnail hentry rest-ce-type-industrial-eu rest-ce-assoc-type-non_profit-eu rest-ce-status-open-eu rest-ce-service-generacio-renovable-eu rest-ce-service-compres-colectives-eu\">\n\n<div class=\"wp-block-group wpct-block-slider-slide is-layout-constrained wp-block-group-is-layout-constrained\">\n\n<article class=\"wp-block-group is-style-no-padding has-base-background-color has-background ce-card ce-post-card ce-landing-card is-layout-constrained wp-block-group-is-layout-constrained\">\n  <img decoding=\"async\" src=\"https:\/\/somcomunitats.coop\/wp-content\/uploads\/2025\/06\/157-primary_image_file.jpeg\">\n\n\n  <div class=\"taxonomy-rest-ce-status wp-block-post-terms\"><a href=\"https:\/\/somcomunitats.coop\/eu\/rest-ce-status\/open-eu\/\" rel=\"tag\">Ireki<\/a><\/div>\n\n  \n  <div style=\"height:40px\" aria-hidden=\"true\" class=\"wp-block-spacer\"><\/div>\n  \n\n  \n  <div class=\"wp-block-group ce-card-body is-layout-flow wp-block-group-is-layout-flow\">\n    \n    <div class=\"wp-block-group is-style-show-desktop ce-card-terms is-layout-flow wp-block-group-is-layout-flow\">\n      <div class=\"taxonomy-rest-ce-service wp-block-post-terms\"><a href=\"https:\/\/somcomunitats.coop\/eu\/rest-ce-service\/generacio-renovable-eu\/\" rel=\"tag\">Komunitatearen sorkuntza berriztagarria<\/a><span class=\"wp-block-post-terms__separator\"> <\/span><a href=\"https:\/\/somcomunitats.coop\/eu\/rest-ce-service\/compres-colectives-eu\/\" rel=\"tag\">Taldeko erosketak<\/a><\/div>\n    <\/div>\n    \n\n    \n    <div class=\"wp-block-group is-style-show-tablet ce-card-terms is-layout-flow wp-block-group-is-layout-flow\">\n      <div class=\"taxonomy-rest-ce-service wp-block-post-terms\"><a href=\"https:\/\/somcomunitats.coop\/eu\/rest-ce-service\/generacio-renovable-eu\/\" rel=\"tag\">Komunitatearen sorkuntza berriztagarria<\/a><span class=\"wp-block-post-terms__separator\"> <\/span><a href=\"https:\/\/somcomunitats.coop\/eu\/rest-ce-service\/compres-colectives-eu\/\" rel=\"tag\">Taldeko erosketak<\/a><\/div>\n    <\/div>\n    \n\n    \n    <div class=\"wp-block-group is-style-show-mobile ce-card-terms is-layout-flow wp-block-group-is-layout-flow\">\n      <div class=\"taxonomy-rest-ce-service wp-block-post-terms\"><a href=\"https:\/\/somcomunitats.coop\/eu\/rest-ce-service\/generacio-renovable-eu\/\" rel=\"tag\">Komunitatearen sorkuntza berriztagarria<\/a><span class=\"wp-block-post-terms__separator\"> <\/span><a href=\"https:\/\/somcomunitats.coop\/eu\/rest-ce-service\/compres-colectives-eu\/\" rel=\"tag\">Taldeko erosketak<\/a><\/div>\n    <\/div>\n    \n\n    \n    <div style=\"height:1em;width:0px\" aria-hidden=\"true\" class=\"wp-block-spacer\"><\/div>\n    \n\n    <h4 class=\"wp-block-heading wp-block-post-title\"><a href=\"https:\/\/somcomunitats.coop\/eu\/landing\/getafe-genera\/\" target=\"_self\">Getafe Genera<\/a><\/h4>\n\n    <div class=\"wp-block-post-excerpt\">\n      <div class=\"wp-block-post-excerpt__excerpt\">Comunidad Energ\u00e9tica Industrial de autoconsumo colectivo.\r\nConformada inicialmente por 6 empresas ubicadas en diferentes \u00e1reas industriales de Getafe.\r\nNuestros objetivos, entre otros, son el autoconsumo colectivo, la movilidad el\u00e9ctrica, compra colectiva de energ\u00eda, y otro tipo de proyectos relacionados.<\/div>\n    <\/div>\n\n    \n    <hr class=\"wp-block-separator has-alpha-channel-opacity\" \/>\n    \n    <p>Getafe<\/p>\n\n    <p class=\"wp-block-post-excerpt__more-text\">\n      <a class=\"wp-block-post-excerpt__more-link\" href=\"https:\/\/somcomunitats.coop\/eu\/landing\/getafe-genera\/\" tabindex=\"0\">M\u00e9s informaci\u00f3<\/a>\n    <\/p>\n  <\/div>\n  \n\n  \n  <div style=\"height:3rem\" aria-hidden=\"true\" class=\"wp-block-spacer\"><\/div>\n  \n<\/article>\n\n\n<\/div>\n\n<\/li><\/ul><\/div>\n<\/div>\n<\/div>\n\n\n\n<div style=\"height:7rem\" aria-hidden=\"true\" class=\"wp-block-spacer is-style-show-tablet-desktop\"><\/div>\n\n\n\n<div style=\"height:4rem\" aria-hidden=\"true\" class=\"wp-block-spacer is-style-show-mobile\"><\/div>\n<\/div>\n<\/section>\n\n\n\n<section class=\"wp-block-group alignfull is-style-no-padding has-main-background-color has-background is-layout-constrained wp-block-group-is-layout-constrained\">\n<div class=\"wp-block-group alignwide is-style-show-tablet-desktop is-content-justification-center is-nowrap is-layout-flex wp-container-core-group-is-layout-df27bb41 wp-block-group-is-layout-flex\">\n<div class=\"wp-block-group is-style-horizontal-padded has-main-background-color has-background wp-container-content-9e2f13cb is-layout-constrained wp-block-group-is-layout-constrained\" style=\"margin-top:0;margin-bottom:0\">\n<div style=\"height:9rem\" aria-hidden=\"true\" class=\"wp-block-spacer\"><\/div>\n\n\n\n<h2 class=\"wp-block-heading has-base-color has-text-color\">Hartu parte foroan!<\/h2>\n\n\n\n<p class=\"has-base-color has-text-color has-medium-font-size\">Guztion eskura dagoen ezagutza<\/p>\n\n\n\n<p class=\"has-base-color has-text-color has-link-color wp-elements-9fa6f98e1a7e0a59b5f7d662dba2a936\">Galdetu, partekatu eta argitu zalantzak taldean. Elkarrekin, urrunago eta hobeto egingo dugu bidea.<\/p>\n\n\n\n<div style=\"height:1rem\" aria-hidden=\"true\" class=\"wp-block-spacer\"><\/div>\n\n\n\n<div class=\"wp-block-buttons is-layout-flex wp-block-buttons-is-layout-flex\">\n<div class=\"wp-block-button\"><a class=\"wp-block-button__link wp-element-button\" href=\"https:\/\/forum.somcomunitats.coop\/\">Sartu<\/a><\/div>\n<\/div>\n\n\n\n<div style=\"height:9rem\" aria-hidden=\"true\" class=\"wp-block-spacer\"><\/div>\n<\/div>\n\n\n\n<div class=\"wp-block-group is-style-no-padding wp-container-content-dc435e0d is-layout-constrained wp-block-group-is-layout-constrained\">\n<div class=\"wp-block-cover is-light is-style-default\" style=\"min-height:100%;aspect-ratio:unset;\"><img loading=\"lazy\" decoding=\"async\" width=\"1500\" height=\"1500\" class=\"wp-block-cover__image-background wp-image-6705\" alt=\"\" src=\"https:\/\/somcomunitats.coop\/wp-content\/uploads\/2024\/07\/Imatge-Forum.jpg\" data-object-fit=\"cover\" srcset=\"https:\/\/somcomunitats.coop\/wp-content\/uploads\/2024\/07\/Imatge-Forum.jpg 1500w, https:\/\/somcomunitats.coop\/wp-content\/uploads\/2024\/07\/Imatge-Forum-300x300.jpg 300w, https:\/\/somcomunitats.coop\/wp-content\/uploads\/2024\/07\/Imatge-Forum-1024x1024.jpg 1024w, https:\/\/somcomunitats.coop\/wp-content\/uploads\/2024\/07\/Imatge-Forum-150x150.jpg 150w, https:\/\/somcomunitats.coop\/wp-content\/uploads\/2024\/07\/Imatge-Forum-768x768.jpg 768w\" sizes=\"auto, (max-width: 1500px) 100vw, 1500px\" \/><span aria-hidden=\"true\" class=\"wp-block-cover__background has-background-dim-0 has-background-dim\"><\/span><div class=\"wp-block-cover__inner-container is-layout-constrained wp-block-cover-is-layout-constrained\">\n<p class=\"has-text-align-center has-large-font-size\"><\/p>\n<\/div><\/div>\n<\/div>\n<\/div>\n\n\n\n<div class=\"wp-block-group alignfull is-style-show-mobile is-vertical is-content-justification-center is-layout-flex wp-container-core-group-is-layout-ce155fab wp-block-group-is-layout-flex\">\n<div class=\"wp-block-group is-style-no-padding wp-container-content-9cfa9a5a is-layout-constrained wp-block-group-is-layout-constrained\">\n<figure class=\"wp-block-image alignfull size-large is-style-no-margin\"><img loading=\"lazy\" decoding=\"async\" width=\"1024\" height=\"1024\" src=\"https:\/\/somcomunitats.coop\/wp-content\/uploads\/2024\/07\/Imatge-Forum-1024x1024.jpg\" alt=\"\" class=\"wp-image-6705\" srcset=\"https:\/\/somcomunitats.coop\/wp-content\/uploads\/2024\/07\/Imatge-Forum-1024x1024.jpg 1024w, https:\/\/somcomunitats.coop\/wp-content\/uploads\/2024\/07\/Imatge-Forum-300x300.jpg 300w, https:\/\/somcomunitats.coop\/wp-content\/uploads\/2024\/07\/Imatge-Forum-150x150.jpg 150w, https:\/\/somcomunitats.coop\/wp-content\/uploads\/2024\/07\/Imatge-Forum-768x768.jpg 768w, https:\/\/somcomunitats.coop\/wp-content\/uploads\/2024\/07\/Imatge-Forum.jpg 1500w\" sizes=\"auto, (max-width: 1024px) 100vw, 1024px\" \/><\/figure>\n<\/div>\n\n\n\n<div class=\"wp-block-group is-style-horizontal-padded has-main-background-color has-background wp-container-content-9cfa9a5a is-layout-constrained wp-block-group-is-layout-constrained\" style=\"margin-top:0;margin-bottom:0\">\n<div style=\"height:4rem\" aria-hidden=\"true\" class=\"wp-block-spacer\"><\/div>\n\n\n\n<h2 class=\"wp-block-heading has-text-align-center has-base-color has-text-color\">Hartu parte foroan!<\/h2>\n\n\n\n<p class=\"has-text-align-center has-base-color has-text-color has-medium-font-size\">Guztion eskura dagoen ezagutza<\/p>\n\n\n\n<p class=\"has-text-align-center has-base-color has-text-color has-link-color wp-elements-2c2af8b318068059e37549003edb255b\">Galdetu, partekatu eta argitu zalantzak taldean. Elkarrekin, urrunago eta hobeto egingo dugu bidea.<\/p>\n\n\n\n<div style=\"height:1rem\" aria-hidden=\"true\" class=\"wp-block-spacer\"><\/div>\n\n\n\n<div class=\"wp-block-buttons is-content-justification-center is-layout-flex wp-container-core-buttons-is-layout-a89b3969 wp-block-buttons-is-layout-flex\">\n<div class=\"wp-block-button\"><a class=\"wp-block-button__link wp-element-button\" href=\"https:\/\/forum.somcomunitats.coop\/\">Sartu<\/a><\/div>\n<\/div>\n\n\n\n<div style=\"height:9rem\" aria-hidden=\"true\" class=\"wp-block-spacer\"><\/div>\n<\/div>\n<\/div>\n<\/section>\n\n\n\n<section class=\"wp-block-group alignfull is-style-no-padding has-background is-layout-constrained wp-block-group-is-layout-constrained\" id=\"home-news\" style=\"background-color:#c5e2d040\">\n<div style=\"height:6rem\" aria-hidden=\"true\" class=\"wp-block-spacer is-style-show-tablet-desktop\"><\/div>\n\n\n\n<div style=\"height:3rem\" aria-hidden=\"true\" class=\"wp-block-spacer is-style-show-mobile\"><\/div>\n\n\n\n<div class=\"wp-block-group alignwide is-style-horizontal-padded is-layout-constrained wp-block-group-is-layout-constrained\">\n<h2 class=\"wp-block-heading has-text-align-center has-main-color has-text-color\">Albiste aipagarriak<\/h2>\n\n\n\n<p class=\"has-text-align-center has-medium-font-size\">Som Comunitats egiten ari den guztia azalduko dizugu. Aurrera!<\/p>\n\n\n\n<div style=\"height:2rem\" aria-hidden=\"true\" class=\"wp-block-spacer is-style-show-tablet-desktop\"><\/div>\n\n\n\n<div class=\"wp-block-group alignfull  is-style-default is-layout-flow wp-block-group-is-layout-flow\">\n<div class=\"wp-block-group is-layout-constrained wp-block-group-is-layout-constrained\">\n<div class=\"wp-block-wpct-block-slider-loop wpct-block-slider wpct-block-slider-loop wp-block-group is-layout-constrained wp-block-wpct-block-slider-loop-is-layout-constrained\" data-adaptiveheight=\"false\" data-arrows=\"false\" data-autoplay=\"false\" data-autoplayspeed=\"5\" data-centermode=\"false\" data-custompaging=\"false\" data-dots=\"false\" data-fade=\"false\" data-infinite=\"true\" data-initialslide=\"0\" data-rtl=\"false\" data-slidestoscrolldesktop=\"1\" data-slidestoscrolltablet=\"1\" data-slidestoscrollmobile=\"1\" data-slidestoshowdesktop=\"3\" data-slidestoshowtablet=\"3\" data-slidestoshowmobile=\"1\" data-speed=\"300\" data-swipe=\"true\" data-variablewidth=\"false\">\n<div class=\"wp-block-query is-layout-constrained wp-block-query-is-layout-constrained\"><ul class=\"wp-block-post-template is-layout-constrained wp-block-post-template-is-layout-constrained\"><li class=\"wp-block-post post-11464 ce-news type-ce-news status-publish has-post-thumbnail hentry category-slider-eu tag-boletin-2 tag-plataforma-2\">\n\n<div class=\"wp-block-group wpct-block-slider-slide is-layout-constrained wp-block-group-is-layout-constrained\">\n<article class=\"wp-block-group is-style-no-padding ce-card ce-post-card has-base-background-color has-background is-layout-constrained wp-container-core-group-is-layout-e0082cf6 wp-block-group-is-layout-constrained\"><figure class=\"alignwide wp-block-post-featured-image\"><a href=\"https:\/\/somcomunitats.coop\/eu\/noticies\/boletin4\/\" target=\"_self\"><img loading=\"lazy\" decoding=\"async\" width=\"2560\" height=\"562\" src=\"https:\/\/somcomunitats.coop\/wp-content\/uploads\/2024\/11\/butlleti-somcomunitats-scaled.jpg\" class=\"attachment-post-thumbnail size-post-thumbnail wp-post-image\" alt=\"Bolet\u00edn de Som Comunitats #4\" style=\"object-fit:cover;\" srcset=\"https:\/\/somcomunitats.coop\/wp-content\/uploads\/2024\/11\/butlleti-somcomunitats-scaled.jpg 2560w, https:\/\/somcomunitats.coop\/wp-content\/uploads\/2024\/11\/butlleti-somcomunitats-300x66.jpg 300w, https:\/\/somcomunitats.coop\/wp-content\/uploads\/2024\/11\/butlleti-somcomunitats-1024x225.jpg 1024w, https:\/\/somcomunitats.coop\/wp-content\/uploads\/2024\/11\/butlleti-somcomunitats-768x169.jpg 768w, https:\/\/somcomunitats.coop\/wp-content\/uploads\/2024\/11\/butlleti-somcomunitats-1536x337.jpg 1536w, https:\/\/somcomunitats.coop\/wp-content\/uploads\/2024\/11\/butlleti-somcomunitats-2048x450.jpg 2048w\" sizes=\"auto, (max-width: 2560px) 100vw, 2560px\" \/><\/a><\/figure>\n\n\n<div style=\"height:40px\" aria-hidden=\"true\" class=\"wp-block-spacer\"><\/div>\n\n\n\n<div class=\"wp-block-group ce-card-body is-layout-flow wp-block-group-is-layout-flow\">\n<div class=\"wp-block-group is-style-show-desktop ce-card-terms is-layout-flow wp-block-group-is-layout-flow\"><div class=\"taxonomy-post_tag wp-block-post-terms\"><a href=\"https:\/\/somcomunitats.coop\/eu\/tag\/boletin-2\/\" rel=\"tag\">Bolet\u00edn<\/a><span class=\"wp-block-post-terms__separator\"> <\/span><a href=\"https:\/\/somcomunitats.coop\/eu\/tag\/plataforma-2\/\" rel=\"tag\">Plataforma<\/a><\/div><\/div>\n\n\n\n<div class=\"wp-block-group is-style-show-tablet ce-card-terms is-layout-flow wp-block-group-is-layout-flow\"><div class=\"taxonomy-post_tag wp-block-post-terms\"><a href=\"https:\/\/somcomunitats.coop\/eu\/tag\/boletin-2\/\" rel=\"tag\">Bolet\u00edn<\/a><span class=\"wp-block-post-terms__separator\"> <\/span><a href=\"https:\/\/somcomunitats.coop\/eu\/tag\/plataforma-2\/\" rel=\"tag\">Plataforma<\/a><\/div><\/div>\n\n\n\n<div class=\"wp-block-group is-style-show-mobile ce-card-terms is-layout-flow wp-block-group-is-layout-flow\"><div class=\"taxonomy-post_tag wp-block-post-terms\"><a href=\"https:\/\/somcomunitats.coop\/eu\/tag\/boletin-2\/\" rel=\"tag\">Bolet\u00edn<\/a><span class=\"wp-block-post-terms__separator\"> <\/span><a href=\"https:\/\/somcomunitats.coop\/eu\/tag\/plataforma-2\/\" rel=\"tag\">Plataforma<\/a><\/div><\/div>\n\n\n\n<div style=\"height:1em;width:0px\" aria-hidden=\"true\" class=\"wp-block-spacer\"><\/div>\n\n\n<h4 class=\"wp-block-heading wp-block-post-title\"><a href=\"https:\/\/somcomunitats.coop\/eu\/noticies\/boletin4\/\" target=\"_self\">Bolet\u00edn de Som Comunitats #4<\/a><\/h4>\n\n<div class=\"wp-block-post-excerpt has-buttons-font-size\"><p class=\"wp-block-post-excerpt__excerpt\">Hola, Compartimos las \u00faltimas novedades y recursos que hemos puesto en marcha para que, juntas, sigamos impulsando Comunidades Energ\u00e9ticas en todo el territorio: Queremos activar 1.800 nuevas Comunidades A trav\u00e9s de la alianza con las cooperativas Goiener, Ecooo i Energ\u00e9tica las personas, entidades y administraciones p\u00fablicas de Euskal Herria, Madrid y Castilla y Le\u00f3n ya<\/p><p class=\"wp-block-post-excerpt__more-text\"><a class=\"wp-block-post-excerpt__more-link\" href=\"https:\/\/somcomunitats.coop\/eu\/noticies\/boletin4\/\">M\u00e9s informaci\u00f3<\/a><\/p><\/div><\/div>\n\n\n\n<div style=\"height:3rem\" aria-hidden=\"true\" class=\"wp-block-spacer\"><\/div>\n<\/article>\n<\/div>\n\n<\/li><li class=\"wp-block-post post-11404 ce-news type-ce-news status-publish has-post-thumbnail hentry category-slider-eu tag-sumate-eu\">\n\n<div class=\"wp-block-group wpct-block-slider-slide is-layout-constrained wp-block-group-is-layout-constrained\">\n<article class=\"wp-block-group is-style-no-padding ce-card ce-post-card has-base-background-color has-background is-layout-constrained wp-container-core-group-is-layout-e0082cf6 wp-block-group-is-layout-constrained\"><figure class=\"alignwide wp-block-post-featured-image\"><a href=\"https:\/\/somcomunitats.coop\/eu\/noticies\/800-comunidades-energeticas-en-euskal-herria-madrid-y-castilla-y-leon\/\" target=\"_self\"><img loading=\"lazy\" decoding=\"async\" width=\"2560\" height=\"1080\" src=\"https:\/\/somcomunitats.coop\/wp-content\/uploads\/2025\/09\/CA_grafica-mapa-ESTATAL_medio-scaled.jpg\" class=\"attachment-post-thumbnail size-post-thumbnail wp-post-image\" alt=\"Nueva campa\u00f1a para activar 800 Comunidades Energ\u00e9ticas en Euskal Herria, Madrid y Castilla y Le\u00f3n\" style=\"object-fit:cover;\" srcset=\"https:\/\/somcomunitats.coop\/wp-content\/uploads\/2025\/09\/CA_grafica-mapa-ESTATAL_medio-scaled.jpg 2560w, https:\/\/somcomunitats.coop\/wp-content\/uploads\/2025\/09\/CA_grafica-mapa-ESTATAL_medio-300x127.jpg 300w, https:\/\/somcomunitats.coop\/wp-content\/uploads\/2025\/09\/CA_grafica-mapa-ESTATAL_medio-1024x432.jpg 1024w, https:\/\/somcomunitats.coop\/wp-content\/uploads\/2025\/09\/CA_grafica-mapa-ESTATAL_medio-768x324.jpg 768w, https:\/\/somcomunitats.coop\/wp-content\/uploads\/2025\/09\/CA_grafica-mapa-ESTATAL_medio-1536x648.jpg 1536w, https:\/\/somcomunitats.coop\/wp-content\/uploads\/2025\/09\/CA_grafica-mapa-ESTATAL_medio-2048x864.jpg 2048w\" sizes=\"auto, (max-width: 2560px) 100vw, 2560px\" \/><\/a><\/figure>\n\n\n<div style=\"height:40px\" aria-hidden=\"true\" class=\"wp-block-spacer\"><\/div>\n\n\n\n<div class=\"wp-block-group ce-card-body is-layout-flow wp-block-group-is-layout-flow\">\n<div class=\"wp-block-group is-style-show-desktop ce-card-terms is-layout-flow wp-block-group-is-layout-flow\"><div class=\"taxonomy-post_tag wp-block-post-terms\"><a href=\"https:\/\/somcomunitats.coop\/eu\/tag\/sumate-eu\/\" rel=\"tag\">sumate<\/a><\/div><\/div>\n\n\n\n<div class=\"wp-block-group is-style-show-tablet ce-card-terms is-layout-flow wp-block-group-is-layout-flow\"><div class=\"taxonomy-post_tag wp-block-post-terms\"><a href=\"https:\/\/somcomunitats.coop\/eu\/tag\/sumate-eu\/\" rel=\"tag\">sumate<\/a><\/div><\/div>\n\n\n\n<div class=\"wp-block-group is-style-show-mobile ce-card-terms is-layout-flow wp-block-group-is-layout-flow\"><div class=\"taxonomy-post_tag wp-block-post-terms\"><a href=\"https:\/\/somcomunitats.coop\/eu\/tag\/sumate-eu\/\" rel=\"tag\">sumate<\/a><\/div><\/div>\n\n\n\n<div style=\"height:1em;width:0px\" aria-hidden=\"true\" class=\"wp-block-spacer\"><\/div>\n\n\n<h4 class=\"wp-block-heading wp-block-post-title\"><a href=\"https:\/\/somcomunitats.coop\/eu\/noticies\/800-comunidades-energeticas-en-euskal-herria-madrid-y-castilla-y-leon\/\" target=\"_self\">Nueva campa\u00f1a para activar 800 Comunidades Energ\u00e9ticas en Euskal Herria, Madrid y Castilla y Le\u00f3n<\/a><\/h4>\n\n<div class=\"wp-block-post-excerpt has-buttons-font-size\"><p class=\"wp-block-post-excerpt__excerpt\">Nota de Prensa La alianza de cooperativas para impulsar Comunidades Energ\u00e9ticas a nivel estatal lanza una campa\u00f1a en Euskal Herria, Madrid y Castilla y Le\u00f3n con el objetivo de que todas las personas, entidades y administraciones p\u00fablicas que quieran se puedan sumar a activar m\u00e1s de 800 nuevas Comunidades Energ\u00e9ticas de la Econom\u00eda Social.&nbsp; Esta<\/p><p class=\"wp-block-post-excerpt__more-text\"><a class=\"wp-block-post-excerpt__more-link\" href=\"https:\/\/somcomunitats.coop\/eu\/noticies\/800-comunidades-energeticas-en-euskal-herria-madrid-y-castilla-y-leon\/\">M\u00e9s informaci\u00f3<\/a><\/p><\/div><\/div>\n\n\n\n<div style=\"height:3rem\" aria-hidden=\"true\" class=\"wp-block-spacer\"><\/div>\n<\/article>\n<\/div>\n\n<\/li><li class=\"wp-block-post post-11323 ce-news type-ce-news status-publish has-post-thumbnail hentry\">\n\n<div class=\"wp-block-group wpct-block-slider-slide is-layout-constrained wp-block-group-is-layout-constrained\">\n<article class=\"wp-block-group is-style-no-padding ce-card ce-post-card has-base-background-color has-background is-layout-constrained wp-container-core-group-is-layout-e0082cf6 wp-block-group-is-layout-constrained\"><figure class=\"alignwide wp-block-post-featured-image\"><a href=\"https:\/\/somcomunitats.coop\/eu\/noticies\/castilla-leon\/\" target=\"_self\"><img loading=\"lazy\" decoding=\"async\" width=\"2560\" height=\"1081\" src=\"https:\/\/somcomunitats.coop\/wp-content\/uploads\/2025\/08\/ES_comunidades-energeticas-mapa-castilla-y-leon-scaled.jpg\" class=\"attachment-post-thumbnail size-post-thumbnail wp-post-image\" alt=\"Empieza la campa\u00f1a para activar 300 nuevas Comunidades Energ\u00e9ticas en Castilla y Le\u00f3n\" style=\"object-fit:cover;\" srcset=\"https:\/\/somcomunitats.coop\/wp-content\/uploads\/2025\/08\/ES_comunidades-energeticas-mapa-castilla-y-leon-scaled.jpg 2560w, https:\/\/somcomunitats.coop\/wp-content\/uploads\/2025\/08\/ES_comunidades-energeticas-mapa-castilla-y-leon-300x127.jpg 300w, https:\/\/somcomunitats.coop\/wp-content\/uploads\/2025\/08\/ES_comunidades-energeticas-mapa-castilla-y-leon-1024x432.jpg 1024w, https:\/\/somcomunitats.coop\/wp-content\/uploads\/2025\/08\/ES_comunidades-energeticas-mapa-castilla-y-leon-768x324.jpg 768w, https:\/\/somcomunitats.coop\/wp-content\/uploads\/2025\/08\/ES_comunidades-energeticas-mapa-castilla-y-leon-1536x648.jpg 1536w, https:\/\/somcomunitats.coop\/wp-content\/uploads\/2025\/08\/ES_comunidades-energeticas-mapa-castilla-y-leon-2048x864.jpg 2048w\" sizes=\"auto, (max-width: 2560px) 100vw, 2560px\" \/><\/a><\/figure>\n\n\n<div style=\"height:40px\" aria-hidden=\"true\" class=\"wp-block-spacer\"><\/div>\n\n\n\n<div class=\"wp-block-group ce-card-body is-layout-flow wp-block-group-is-layout-flow\">\n<div class=\"wp-block-group is-style-show-desktop ce-card-terms is-layout-flow wp-block-group-is-layout-flow\"><\/div>\n\n\n\n<div class=\"wp-block-group is-style-show-tablet ce-card-terms is-layout-flow wp-block-group-is-layout-flow\"><\/div>\n\n\n\n<div class=\"wp-block-group is-style-show-mobile ce-card-terms is-layout-flow wp-block-group-is-layout-flow\"><\/div>\n\n\n\n<div style=\"height:1em;width:0px\" aria-hidden=\"true\" class=\"wp-block-spacer\"><\/div>\n\n\n<h4 class=\"wp-block-heading wp-block-post-title\"><a href=\"https:\/\/somcomunitats.coop\/eu\/noticies\/castilla-leon\/\" target=\"_self\">Empieza la campa\u00f1a para activar 300 nuevas Comunidades Energ\u00e9ticas en Castilla y Le\u00f3n<\/a><\/h4>\n\n<div class=\"wp-block-post-excerpt has-buttons-font-size\"><p class=\"wp-block-post-excerpt__excerpt\">Las personas y entidades que quieran ya pueden sumarse para impulsar la creaci\u00f3n de nuevas Comunidades Energ\u00e9ticas de la Econom\u00eda Social en 324 municipios de Castilla y Le\u00f3n para dar un salto adelante en la cada vez m\u00e1s necesaria transici\u00f3n energ\u00e9tica. Para ello, desde el proyecto Som Comunitats del cual Energ\u00e9tica forma parte, animamos a<\/p><p class=\"wp-block-post-excerpt__more-text\"><a class=\"wp-block-post-excerpt__more-link\" href=\"https:\/\/somcomunitats.coop\/eu\/noticies\/castilla-leon\/\">M\u00e9s informaci\u00f3<\/a><\/p><\/div><\/div>\n\n\n\n<div style=\"height:3rem\" aria-hidden=\"true\" class=\"wp-block-spacer\"><\/div>\n<\/article>\n<\/div>\n\n<\/li><\/ul><\/div>\n<\/div>\n<\/div>\n<\/div>\n\n\n\n<div style=\"height:2rem\" aria-hidden=\"true\" class=\"wp-block-spacer\"><\/div>\n\n\n\n<div class=\"wp-block-buttons is-content-justification-center is-layout-flex wp-container-core-buttons-is-layout-a89b3969 wp-block-buttons-is-layout-flex\">\n<div class=\"wp-block-button is-style-rounded\"><a class=\"wp-block-button__link has-buttons-font-size has-custom-font-size wp-element-button\" href=\"\/es\/noticias\">Ikusi albiste guztiak<\/a><\/div>\n<\/div>\n<\/div>\n\n\n\n<div style=\"height:4rem\" aria-hidden=\"true\" class=\"wp-block-spacer is-style-show-mobile\"><\/div>\n\n\n\n<div style=\"height:7rem\" aria-hidden=\"true\" class=\"wp-block-spacer is-style-show-tablet-desktop\"><\/div>\n<\/section>\n\n\n\n<section class=\"wp-block-group alignfull is-style-no-padding has-main-background-color has-background is-layout-constrained wp-block-group-is-layout-constrained\">\n<div class=\"wp-block-group is-style-horizontal-padded is-layout-flow wp-block-group-is-layout-flow\">\n<div style=\"height:4rem\" aria-hidden=\"true\" class=\"wp-block-spacer is-style-show-tablet-desktop\"><\/div>\n\n\n\n<div style=\"height:3rem\" aria-hidden=\"true\" class=\"wp-block-spacer is-style-show-mobile\"><\/div>\n\n\n\n<div class=\"wp-block-group is-style-padded is-layout-constrained wp-block-group-is-layout-constrained\">\n<figure class=\"wp-block-image aligncenter size-full\"><img loading=\"lazy\" decoding=\"async\" width=\"479\" height=\"69\" src=\"\/wp-content\/uploads\/2023\/07\/partners-cover.png\" alt=\"\" class=\"wp-image-2128\" srcset=\"https:\/\/somcomunitats.coop\/wp-content\/uploads\/2023\/07\/partners-cover.png 479w, https:\/\/somcomunitats.coop\/wp-content\/uploads\/2023\/07\/partners-cover-300x43.png 300w\" sizes=\"auto, (max-width: 479px) 100vw, 479px\" \/><\/figure>\n<\/div>\n\n\n\n<div class=\"wp-block-group is-style-horizontal-padded is-layout-constrained wp-block-group-is-layout-constrained\">\n<h2 class=\"wp-block-heading has-text-align-center has-base-color has-text-color\">Elkarlanean dihardugu, ezagutzak batzeko eta energia-komunitateak ugaritzeko<\/h2>\n\n\n\n<p class=\"has-text-align-center has-base-color has-text-color has-medium-font-size\">Som Comunitatsek ezagutza eta esperientzia uztartzen ditu, ekonomia sozialean eta solidarioan oinarrituta energia-komunitateak ugaritzeko<\/p>\n<\/div>\n\n\n\n<div style=\"height:1rem\" aria-hidden=\"true\" class=\"wp-block-spacer\"><\/div>\n\n\n\n<div class=\"wp-block-buttons is-content-justification-center is-layout-flex wp-container-core-buttons-is-layout-a89b3969 wp-block-buttons-is-layout-flex\">\n<div class=\"wp-block-button is-style-rounded\"><a class=\"wp-block-button__link has-buttons-font-size has-custom-font-size wp-element-button\" href=\"\/eu\/nor-gara\">Nor gara?<\/a><\/div>\n<\/div>\n\n\n\n<div style=\"height:7rem\" aria-hidden=\"true\" class=\"wp-block-spacer is-style-show-tablet-desktop\"><\/div>\n\n\n\n<div style=\"height:4rem\" aria-hidden=\"true\" class=\"wp-block-spacer is-style-show-mobile\"><\/div>\n<\/div>\n<\/section>\n\n\n\n<section class=\"wp-block-group alignfull is-style-no-padding is-layout-flow wp-block-group-is-layout-flow\">\n<div class=\"wp-block-group alignfull is-style-show-tablet-desktop is-nowrap is-layout-flex wp-container-core-group-is-layout-bd3f9bef wp-block-group-is-layout-flex\">\n<div class=\"wp-block-group wp-container-content-dc435e0d is-layout-flow wp-block-group-is-layout-flow\">\n<div class=\"wp-block-cover is-light\" style=\"min-height:100%;aspect-ratio:unset;\"><img loading=\"lazy\" decoding=\"async\" width=\"1400\" height=\"943\" class=\"wp-block-cover__image-background wp-image-4103\" alt=\"\" src=\"https:\/\/web-testing.somcomunitats.coop\/wp-content\/uploads\/2023\/09\/Trobadamanresa.jpg\" data-object-fit=\"cover\" srcset=\"https:\/\/somcomunitats.coop\/wp-content\/uploads\/2023\/09\/Trobadamanresa.jpg 1400w, https:\/\/somcomunitats.coop\/wp-content\/uploads\/2023\/09\/Trobadamanresa-300x202.jpg 300w, https:\/\/somcomunitats.coop\/wp-content\/uploads\/2023\/09\/Trobadamanresa-1024x690.jpg 1024w, https:\/\/somcomunitats.coop\/wp-content\/uploads\/2023\/09\/Trobadamanresa-768x517.jpg 768w\" sizes=\"auto, (max-width: 1400px) 100vw, 1400px\" \/><span aria-hidden=\"true\" class=\"wp-block-cover__background has-background-dim-0 has-background-dim\"><\/span><div class=\"wp-block-cover__inner-container is-layout-constrained wp-block-cover-is-layout-constrained\">\n<p class=\"has-text-align-center has-large-font-size\"><\/p>\n<\/div><\/div>\n<\/div>\n\n\n\n<div class=\"wp-block-group is-style-horizontal-padded wp-container-content-9e2f13cb is-layout-flow wp-block-group-is-layout-flow\">\n<div style=\"height:6rem\" aria-hidden=\"true\" class=\"wp-block-spacer\"><\/div>\n\n\n\n<h2 class=\"wp-block-heading has-main-color has-text-color\">Ekonomia sozialeko energia-komunitateen lehenengo sareari laguntzen diogu<\/h2>\n\n\n\n<p class=\"has-medium-font-size\">Energia-komunitateak sustatzeko eta energia-trantsizio eraldatzailean aurrera egiten jarraitzeko egiten dugu lan.<\/p>\n\n\n\n<div style=\"height:1rem\" aria-hidden=\"true\" class=\"wp-block-spacer\"><\/div>\n\n\n\n<div class=\"wp-block-buttons is-layout-flex wp-block-buttons-is-layout-flex\">\n<div class=\"wp-block-button is-style-rounded\"><a class=\"wp-block-button__link has-buttons-font-size has-custom-font-size wp-element-button\" href=\"https:\/\/somcomunitats.coop\/es\/tag\/red\/\">Ezagutu sarea<\/a><\/div>\n<\/div>\n\n\n\n<div style=\"height:7rem\" aria-hidden=\"true\" class=\"wp-block-spacer\"><\/div>\n<\/div>\n<\/div>\n\n\n\n<div class=\"wp-block-group alignfull is-style-show-mobile is-vertical is-content-justification-stretch is-layout-flex wp-container-core-group-is-layout-353c4f5a wp-block-group-is-layout-flex\">\n<div class=\"wp-block-group wp-container-content-dc435e0d is-layout-flow wp-block-group-is-layout-flow\">\n<div class=\"wp-block-cover is-light\" style=\"min-height:430px;aspect-ratio:unset;\"><img loading=\"lazy\" decoding=\"async\" width=\"599\" height=\"599\" class=\"wp-block-cover__image-background wp-image-2130\" alt=\"\" src=\"\/wp-content\/uploads\/2023\/07\/xarxa-comunitats.png\" data-object-fit=\"cover\" srcset=\"https:\/\/somcomunitats.coop\/wp-content\/uploads\/2023\/07\/xarxa-comunitats.png 599w, https:\/\/somcomunitats.coop\/wp-content\/uploads\/2023\/07\/xarxa-comunitats-300x300.png 300w, https:\/\/somcomunitats.coop\/wp-content\/uploads\/2023\/07\/xarxa-comunitats-150x150.png 150w\" sizes=\"auto, (max-width: 599px) 100vw, 599px\" \/><span aria-hidden=\"true\" class=\"wp-block-cover__background has-background-dim-0 has-background-dim\"><\/span><div class=\"wp-block-cover__inner-container is-layout-constrained wp-block-cover-is-layout-constrained\">\n<p class=\"has-text-align-center has-large-font-size\"><\/p>\n<\/div><\/div>\n<\/div>\n\n\n\n<div class=\"wp-block-group is-style-horizontal-padded wp-container-content-9e2f13cb is-layout-flow wp-block-group-is-layout-flow\">\n<div style=\"height:3rem\" aria-hidden=\"true\" class=\"wp-block-spacer\"><\/div>\n\n\n\n<h3 class=\"wp-block-heading has-main-color has-text-color\">Ekonomia sozialeko energia-komunitateen lehenengo sareari laguntzen diogu<\/h3>\n\n\n\n<p class=\"has-section-texts-font-size\">Energia-komunitateak sustatzeko eta energia-trantsizio eraldatzailean aurrera egiten jarraitzeko egiten dugu lan.<\/p>\n\n\n\n<div class=\"wp-block-buttons is-layout-flex wp-block-buttons-is-layout-flex\">\n<div class=\"wp-block-button is-style-rounded\"><a class=\"wp-block-button__link has-buttons-font-size has-custom-font-size wp-element-button\" href=\"\/es\/tag\/red\/\">Ezagutu sarea<\/a><\/div>\n<\/div>\n\n\n\n<div style=\"height:4rem\" aria-hidden=\"true\" class=\"wp-block-spacer\"><\/div>\n<\/div>\n<\/div>\n<\/section>\n\n\n\n<section class=\"wp-block-group alignfull is-style-no-padding has-primary-background-color has-background is-layout-flow wp-block-group-is-layout-flow\" style=\"margin-top:0;margin-bottom:0\">\n<div class=\"wp-block-group alignfull is-style-show-tablet-desktop is-nowrap is-layout-flex wp-container-core-group-is-layout-bd3f9bef wp-block-group-is-layout-flex\">\n<div class=\"wp-block-group is-style-horizontal-padded wp-container-content-9e2f13cb is-layout-constrained wp-block-group-is-layout-constrained\" style=\"margin-top:0;margin-bottom:0\">\n<div style=\"height:6rem\" aria-hidden=\"true\" class=\"wp-block-spacer\"><\/div>\n\n\n\n<h2 class=\"wp-block-heading has-main-color has-text-color\">Energia-komunitateei buruzko gidak eta baliabideak<\/h2>\n\n\n\n<p class=\"has-typography-color has-text-color has-medium-font-size\">Kontsultatu gure gida tematikoak, eta ezagutu hobeto zer diren energia-komunitateak, haien helburuak eta funtzionamendua, zerbitzu nagusiak eta benetako kasu inspiratzaileak.<\/p>\n\n\n\n<div style=\"height:1rem\" aria-hidden=\"true\" class=\"wp-block-spacer\"><\/div>\n\n\n\n<div class=\"wp-block-buttons is-layout-flex wp-block-buttons-is-layout-flex\">\n<div class=\"wp-block-button is-style-rounded\"><a class=\"wp-block-button__link has-primary-color has-main-background-color has-text-color has-background has-buttons-font-size has-custom-font-size wp-element-button\" href=\"\/eu\/baliabideak\">Kontsultatu gidak<\/a><\/div>\n<\/div>\n\n\n\n<div style=\"height:7rem\" aria-hidden=\"true\" class=\"wp-block-spacer\"><\/div>\n<\/div>\n\n\n\n<div class=\"wp-block-group is-style-no-padding wp-container-content-dc435e0d is-layout-constrained wp-block-group-is-layout-constrained\">\n<div class=\"wp-block-cover is-light is-style-default\" style=\"min-height:100%;aspect-ratio:unset;\"><img loading=\"lazy\" decoding=\"async\" width=\"702\" height=\"675\" class=\"wp-block-cover__image-background wp-image-2132\" alt=\"\" src=\"\/wp-content\/uploads\/2023\/07\/guies-section-image.png\" data-object-fit=\"cover\" srcset=\"https:\/\/somcomunitats.coop\/wp-content\/uploads\/2023\/07\/guies-section-image.png 702w, https:\/\/somcomunitats.coop\/wp-content\/uploads\/2023\/07\/guies-section-image-300x288.png 300w\" sizes=\"auto, (max-width: 702px) 100vw, 702px\" \/><span aria-hidden=\"true\" class=\"wp-block-cover__background has-background-dim-0 has-background-dim\"><\/span><div class=\"wp-block-cover__inner-container is-layout-flow wp-block-cover-is-layout-flow\">\n<p class=\"has-text-align-center has-large-font-size\"><\/p>\n<\/div><\/div>\n<\/div>\n<\/div>\n\n\n\n<div class=\"wp-block-group alignfull is-style-show-mobile is-vertical is-content-justification-stretch is-layout-flex wp-container-core-group-is-layout-353c4f5a wp-block-group-is-layout-flex\">\n<div class=\"wp-block-group is-style-no-padding wp-container-content-dc435e0d is-layout-flow wp-block-group-is-layout-flow\">\n<div class=\"wp-block-cover is-light is-style-default\" style=\"min-height:430px;aspect-ratio:unset;\"><img loading=\"lazy\" decoding=\"async\" width=\"702\" height=\"675\" class=\"wp-block-cover__image-background wp-image-2132\" alt=\"\" src=\"\/wp-content\/uploads\/2023\/07\/guies-section-image.png\" data-object-fit=\"cover\" srcset=\"https:\/\/somcomunitats.coop\/wp-content\/uploads\/2023\/07\/guies-section-image.png 702w, https:\/\/somcomunitats.coop\/wp-content\/uploads\/2023\/07\/guies-section-image-300x288.png 300w\" sizes=\"auto, (max-width: 702px) 100vw, 702px\" \/><span aria-hidden=\"true\" class=\"wp-block-cover__background has-background-dim-0 has-background-dim\"><\/span><div class=\"wp-block-cover__inner-container is-layout-flow wp-block-cover-is-layout-flow\">\n<p class=\"has-text-align-center has-large-font-size\"><\/p>\n<\/div><\/div>\n<\/div>\n\n\n\n<div class=\"wp-block-group is-style-horizontal-padded wp-container-content-9e2f13cb is-layout-flow wp-block-group-is-layout-flow\" style=\"margin-top:0;margin-bottom:0\">\n<div style=\"height:3rem\" aria-hidden=\"true\" class=\"wp-block-spacer\"><\/div>\n\n\n\n<h3 class=\"wp-block-heading has-main-color has-text-color\">Energia-komunitateei buruzko gidak eta baliabideak<\/h3>\n\n\n\n<p class=\"has-typography-color has-text-color has-section-texts-font-size\">Kontsultatu gure gida tematikoak, eta ezagutu hobeto zer diren energia-komunitateak, haien helburuak eta funtzionamendua, zerbitzu nagusiak eta benetako kasu inspiratzaileak.<\/p>\n\n\n\n<div class=\"wp-block-buttons is-layout-flex wp-block-buttons-is-layout-flex\">\n<div class=\"wp-block-button is-style-rounded\"><a class=\"wp-block-button__link has-primary-color has-main-background-color has-text-color has-background has-buttons-font-size has-custom-font-size wp-element-button\" href=\"\/eu\/baliabideak\">Kontsultatu gidak<\/a><\/div>\n<\/div>\n\n\n\n<div style=\"height:4rem\" aria-hidden=\"true\" class=\"wp-block-spacer\"><\/div>\n<\/div>\n<\/div>\n<\/section>\n","protected":false},"excerpt":{"rendered":"<p>Bat egin zure udalerriko energia-komunitatearekin Dagoeneko ari zarete komunitate bat sustatzen? Bat egin zure udalerriko energia-komunitatearekin Dagoeneko ari zarete komunitate bat sustatzen? Lagun diezaiegun hazten energia-komunitateei Komunitate aktibo bat baduzu, begiratu eskaintzen ditugun zerbitzuak eta eman alta zure komunitateari. Oraindik komunitaterik ez baduzu, urrats hauek egin ditzakezu: 1 Bilatu zure eremua Erabili bilatzailea zure udalerria [&hellip;]<\/p>\n","protected":false},"author":5,"featured_media":8962,"parent":0,"menu_order":1,"comment_status":"closed","ping_status":"closed","template":"","meta":{"footnotes":""},"class_list":["post-9678","page","type-page","status-publish","has-post-thumbnail","hentry"],"_links":{"self":[{"href":"https:\/\/somcomunitats.coop\/eu\/wp-json\/wp\/v2\/pages\/9678","targetHints":{"allow":["GET"]}}],"collection":[{"href":"https:\/\/somcomunitats.coop\/eu\/wp-json\/wp\/v2\/pages"}],"about":[{"href":"https:\/\/somcomunitats.coop\/eu\/wp-json\/wp\/v2\/types\/page"}],"author":[{"embeddable":true,"href":"https:\/\/somcomunitats.coop\/eu\/wp-json\/wp\/v2\/users\/5"}],"replies":[{"embeddable":true,"href":"https:\/\/somcomunitats.coop\/eu\/wp-json\/wp\/v2\/comments?post=9678"}],"version-history":[{"count":29,"href":"https:\/\/somcomunitats.coop\/eu\/wp-json\/wp\/v2\/pages\/9678\/revisions"}],"predecessor-version":[{"id":12135,"href":"https:\/\/somcomunitats.coop\/eu\/wp-json\/wp\/v2\/pages\/9678\/revisions\/12135"}],"wp:featuredmedia":[{"embeddable":true,"href":"https:\/\/somcomunitats.coop\/eu\/wp-json\/wp\/v2\/media\/8962"}],"wp:attachment":[{"href":"https:\/\/somcomunitats.coop\/eu\/wp-json\/wp\/v2\/media?parent=9678"}],"curies":[{"name":"wp","href":"https:\/\/api.w.org\/{rel}","templated":true}]}}